
{"id":194452,"date":"2026-04-30T15:02:48","date_gmt":"2026-04-30T15:02:48","guid":{"rendered":"https:\/\/www.santanyi.net\/property\/xalet-a-primera-linia-de-mar-a-prop-de-mondrago-amb-llicencia-dampliacio-i-vistes-panoramiques\/"},"modified":"2026-04-30T16:49:10","modified_gmt":"2026-04-30T16:49:10","slug":"xalet-a-primera-linia-de-mar-a-prop-de-mondrago-amb-llicencia-dampliacio-i-vistes-panoramiques-2","status":"publish","type":"property","link":"https:\/\/www.santanyi.net\/ca\/property\/xalet-a-primera-linia-de-mar-a-prop-de-mondrago-amb-llicencia-dampliacio-i-vistes-panoramiques-2\/","title":{"rendered":"Xalet a Primera L\u00ednia de Mar a prop de Mondrag\u00f3 amb Llic\u00e8ncia d&#8217;Ampliaci\u00f3 i Vistes Panor\u00e0miques."},"content":{"rendered":"<p>Una visi\u00f3 a primera l\u00ednia de mar:<\/p>\n<p>Aquesta extraordin\u00e0ria propietat al sud-est de Mallorca ofereix la rara oportunitat de transformar una construcci\u00f3 existent en un refugi modern directament davant la mar. El fet m\u00e9s destacat d&#8217;aquesta oferta \u00e9s que el preu de venda ja inclou un projecte arquitect\u00f2nic integral i la llic\u00e8ncia d&#8217;obra en vigor. Aix\u00f2 proporciona al comprador seguretat jur\u00eddica immediata i un avantatge temporal incalculable. L&#8217;adquisici\u00f3 de la propietat compr\u00e8n tant el projecte com la llic\u00e8ncia; no obstant aix\u00f2, els costos de l&#8217;execuci\u00f3 material de la renovaci\u00f3 i ampliaci\u00f3 s&#8217;han d&#8217;assumir de forma independent.<\/p>\n<p>El valor afegit excepcional d&#8217;aquest projecte resideix en l&#8217;autoritzaci\u00f3 per afegir una planta completa. Mentre que la planta baixa servir\u00e0 en el futur com un refugi privat amb tres dormitoris i dos banys, la nova primera planta donar\u00e0 lloc a un espectacular centre social de l&#8217;habitatge.<\/p>\n<p>Aquesta zona oberta de sal\u00f3-menjador amb cuina integrada comunica directament amb una \u00e0mplia terrassa orientada al sud. Gr\u00e0cies a la nova al\u00e7\u00e0ria guanyada, aquesta planta permet gaudir d&#8217;unes vistes panor\u00e0miques ininterrompudes sobre la Mediterr\u00e0nia fins a l&#8217;emblem\u00e0tic far de Cala Figuera. La parcel\u00b7la de 412 m\u00b2, amb la seva piscina existent i una orientaci\u00f3 sud-est ideal, es converteix aix\u00ed en un oasi de luxe distribu\u00eft en dos nivells.<\/p>\n<p>Estem a la seva sencera disposici\u00f3 per mostrar-los el projecte complet en qualsevol moment.<\/p>\n","protected":false},"excerpt":{"rendered":"<p>Una visi\u00f3 a primera l\u00ednia de mar: Aquesta extraordin\u00e0ria propietat al sud-est de Mallorca ofereix la rara oportunitat de transformar una construcci\u00f3 existent en un refugi modern directament davant la mar. El fet m\u00e9s destacat d&#8217;aquesta oferta \u00e9s que el preu de venda ja inclou un projecte arquitect\u00f2nic integral i la llic\u00e8ncia d&#8217;obra en vigor. [&hellip;]<\/p>\n","protected":false},"author":1,"featured_media":194447,"parent":0,"menu_order":0,"template":"","property_type":[2161],"property_status":[2103,2096],"property_feature":[1799,1765,1971,1981,1800,1801,1867,1802,1982,1975,1803,1983,1972,1871,1929,1805,1806,1974,1984,1810,1895,1969,1811,1973,1985,1897,1954,1934,1898],"property_label":[],"property_country":[],"property_state":[],"property_city":[635],"property_area":[637],"class_list":["post-194452","property","type-property","status-publish","has-post-thumbnail","hentry","property_type-chalet-ca","property_status-venta-ca","property_status-venta","property_feature-aire_con-ca","property_feature-aire_con","property_feature-alarma","property_feature-alarma-ca","property_feature-alarmarobo-ca","property_feature-arboles-ca","property_feature-arma_empo-ca","property_feature-barbacoa-ca","property_feature-bombafriocalor-ca","property_feature-bombafriocalor","property_feature-calefaccion-ca","property_feature-chimenea-ca","property_feature-chimenea","property_feature-cocina_inde-ca","property_feature-costa-ca","property_feature-electro-ca","property_feature-jardin-ca","property_feature-mirador","property_feature-mirador-ca","property_feature-parking-ca","property_feature-patio-ca","property_feature-piscina_com-ca","property_feature-piscina_prop-ca","property_feature-solarium","property_feature-solarium-ca","property_feature-terraza-ca","property_feature-trastero-ca","property_feature-urbanizacion-ca","property_feature-vistasalmar-ca","property_city-santanyi","property_area-cala-figuera"],"acf":[],"property_meta":{"_apg_property_user_edited":["1"],"fave_property_id":["DRAC-CV1524DB"],"fave_property_location":["39.336219857771,3.183281541037,15"],"houzez_geolocation_lat":["39.336219857771"],"houzez_geolocation_long":["3.183281541037"],"fave_property_price":["895000"],"fave_property_rent_or_sale":["sale"],"fave_property_year":[null],"fave_property_size_prefix":["m2"],"fave_property_land_postfix":["m2"],"fave_property_size":["155"],"fave_property_land":["412"],"fave_property_bedrooms":["3"],"fave_property_bathrooms":["2"],"fave_property_garage":["2"],"fave_property_map_address":["Cala Figuera, 07690 Santany\u00ed"],"fave_property_address":[" , Santany\u00ed 07690"],"fave_property_zip":["07690"],"fave_property_postal_code":["07690"],"fave_property_map":["1"],"apg_is_using_remote_image_url":["1"],"apg_using_remote_image_urls":["[{\"multimedia_type\":\"Picture\",\"picture_url\":\"https:\/\/fotos15.inmovilla.com\/12732\/24620990\/15-1.jpg\",\"position\":1,\"picture_id\":1,\"media_id\":143870,\"post_id\":194446,\"id\":1,\"attachment_id\":0,\"url\":\"https:\/\/fotos15.inmovilla.com\/12732\/24620990\/15-1.jpg\",\"basename\":\"15-1.jpg\",\"created_date\":\"2026-04-30 15:02:48\",\"is_downloaded\":0,\"is_using_remote\":0},{\"multimedia_type\":\"Picture\",\"picture_url\":\"https:\/\/fotos15.inmovilla.com\/12732\/24620990\/15-2.jpg\",\"position\":2,\"picture_id\":2,\"media_id\":143871,\"post_id\":194446,\"id\":2,\"attachment_id\":0,\"url\":\"https:\/\/fotos15.inmovilla.com\/12732\/24620990\/15-2.jpg\",\"basename\":\"15-2.jpg\",\"created_date\":\"2026-04-30 15:02:48\",\"is_downloaded\":0,\"is_using_remote\":1},{\"multimedia_type\":\"Picture\",\"picture_url\":\"https:\/\/fotos15.inmovilla.com\/12732\/24620990\/15-3.jpg\",\"position\":3,\"picture_id\":3,\"media_id\":143872,\"post_id\":194446,\"id\":3,\"attachment_id\":0,\"url\":\"https:\/\/fotos15.inmovilla.com\/12732\/24620990\/15-3.jpg\",\"basename\":\"15-3.jpg\",\"created_date\":\"2026-04-30 15:02:48\",\"is_downloaded\":0,\"is_using_remote\":1},{\"multimedia_type\":\"Picture\",\"picture_url\":\"https:\/\/fotos15.inmovilla.com\/12732\/24620990\/15-4.jpg\",\"position\":4,\"picture_id\":4,\"media_id\":143873,\"post_id\":194446,\"id\":4,\"attachment_id\":0,\"url\":\"https:\/\/fotos15.inmovilla.com\/12732\/24620990\/15-4.jpg\",\"basename\":\"15-4.jpg\",\"created_date\":\"2026-04-30 15:02:48\",\"is_downloaded\":0,\"is_using_remote\":1},{\"multimedia_type\":\"Picture\",\"picture_url\":\"https:\/\/fotos15.inmovilla.com\/12732\/24620990\/15-5.jpg\",\"position\":5,\"picture_id\":5,\"media_id\":143874,\"post_id\":194446,\"id\":5,\"attachment_id\":0,\"url\":\"https:\/\/fotos15.inmovilla.com\/12732\/24620990\/15-5.jpg\",\"basename\":\"15-5.jpg\",\"created_date\":\"2026-04-30 15:02:48\",\"is_downloaded\":0,\"is_using_remote\":1},{\"multimedia_type\":\"Picture\",\"picture_url\":\"https:\/\/fotos15.inmovilla.com\/12732\/24620990\/15-6.jpg\",\"position\":6,\"picture_id\":6,\"media_id\":143875,\"post_id\":194446,\"id\":6,\"attachment_id\":0,\"url\":\"https:\/\/fotos15.inmovilla.com\/12732\/24620990\/15-6.jpg\",\"basename\":\"15-6.jpg\",\"created_date\":\"2026-04-30 15:02:48\",\"is_downloaded\":0,\"is_using_remote\":1},{\"multimedia_type\":\"Picture\",\"picture_url\":\"https:\/\/fotos15.inmovilla.com\/12732\/24620990\/15-7.jpg\",\"position\":7,\"picture_id\":7,\"media_id\":143876,\"post_id\":194446,\"id\":7,\"attachment_id\":0,\"url\":\"https:\/\/fotos15.inmovilla.com\/12732\/24620990\/15-7.jpg\",\"basename\":\"15-7.jpg\",\"created_date\":\"2026-04-30 15:02:48\",\"is_downloaded\":0,\"is_using_remote\":1},{\"multimedia_type\":\"Picture\",\"picture_url\":\"https:\/\/fotos15.inmovilla.com\/12732\/24620990\/15-8.jpg\",\"position\":8,\"picture_id\":8,\"media_id\":143877,\"post_id\":194446,\"id\":8,\"attachment_id\":0,\"url\":\"https:\/\/fotos15.inmovilla.com\/12732\/24620990\/15-8.jpg\",\"basename\":\"15-8.jpg\",\"created_date\":\"2026-04-30 15:02:48\",\"is_downloaded\":0,\"is_using_remote\":1},{\"multimedia_type\":\"Picture\",\"picture_url\":\"https:\/\/fotos15.inmovilla.com\/12732\/24620990\/15-9.jpg\",\"position\":9,\"picture_id\":9,\"media_id\":143878,\"post_id\":194446,\"id\":9,\"attachment_id\":0,\"url\":\"https:\/\/fotos15.inmovilla.com\/12732\/24620990\/15-9.jpg\",\"basename\":\"15-9.jpg\",\"created_date\":\"2026-04-30 15:02:48\",\"is_downloaded\":0,\"is_using_remote\":1},{\"multimedia_type\":\"Picture\",\"picture_url\":\"https:\/\/fotos15.inmovilla.com\/12732\/24620990\/15-10.jpg\",\"position\":10,\"picture_id\":10,\"media_id\":143879,\"post_id\":194446,\"id\":10,\"attachment_id\":0,\"url\":\"https:\/\/fotos15.inmovilla.com\/12732\/24620990\/15-10.jpg\",\"basename\":\"15-10.jpg\",\"created_date\":\"2026-04-30 15:02:48\",\"is_downloaded\":0,\"is_using_remote\":1},{\"multimedia_type\":\"Picture\",\"picture_url\":\"https:\/\/fotos15.inmovilla.com\/12732\/24620990\/15-11.jpg\",\"position\":11,\"picture_id\":11,\"media_id\":143880,\"post_id\":194446,\"id\":11,\"attachment_id\":0,\"url\":\"https:\/\/fotos15.inmovilla.com\/12732\/24620990\/15-11.jpg\",\"basename\":\"15-11.jpg\",\"created_date\":\"2026-04-30 15:02:48\",\"is_downloaded\":0,\"is_using_remote\":1},{\"multimedia_type\":\"Picture\",\"picture_url\":\"https:\/\/fotos15.inmovilla.com\/12732\/24620990\/15-12.jpg\",\"position\":12,\"picture_id\":12,\"media_id\":143881,\"post_id\":194446,\"id\":12,\"attachment_id\":0,\"url\":\"https:\/\/fotos15.inmovilla.com\/12732\/24620990\/15-12.jpg\",\"basename\":\"15-12.jpg\",\"created_date\":\"2026-04-30 15:02:48\",\"is_downloaded\":0,\"is_using_remote\":1},{\"multimedia_type\":\"Picture\",\"picture_url\":\"https:\/\/fotos15.inmovilla.com\/12732\/24620990\/15-13.jpg\",\"position\":13,\"picture_id\":13,\"media_id\":143882,\"post_id\":194446,\"id\":13,\"attachment_id\":0,\"url\":\"https:\/\/fotos15.inmovilla.com\/12732\/24620990\/15-13.jpg\",\"basename\":\"15-13.jpg\",\"created_date\":\"2026-04-30 15:02:48\",\"is_downloaded\":0,\"is_using_remote\":1},{\"multimedia_type\":\"Picture\",\"picture_url\":\"https:\/\/fotos15.inmovilla.com\/12732\/24620990\/15-14.jpg\",\"position\":14,\"picture_id\":14,\"media_id\":143883,\"post_id\":194446,\"id\":14,\"attachment_id\":0,\"url\":\"https:\/\/fotos15.inmovilla.com\/12732\/24620990\/15-14.jpg\",\"basename\":\"15-14.jpg\",\"created_date\":\"2026-04-30 15:02:48\",\"is_downloaded\":0,\"is_using_remote\":1},{\"multimedia_type\":\"Picture\",\"picture_url\":\"https:\/\/fotos15.inmovilla.com\/12732\/24620990\/15-15.jpg\",\"position\":15,\"picture_id\":15,\"media_id\":143884,\"post_id\":194446,\"id\":15,\"attachment_id\":0,\"url\":\"https:\/\/fotos15.inmovilla.com\/12732\/24620990\/15-15.jpg\",\"basename\":\"15-15.jpg\",\"created_date\":\"2026-04-30 15:02:48\",\"is_downloaded\":0,\"is_using_remote\":1},{\"multimedia_type\":\"Picture\",\"picture_url\":\"https:\/\/fotos15.inmovilla.com\/12732\/24620990\/15-16.jpg\",\"position\":16,\"picture_id\":16,\"media_id\":143885,\"post_id\":194446,\"id\":16,\"attachment_id\":0,\"url\":\"https:\/\/fotos15.inmovilla.com\/12732\/24620990\/15-16.jpg\",\"basename\":\"15-16.jpg\",\"created_date\":\"2026-04-30 15:02:48\",\"is_downloaded\":0,\"is_using_remote\":1},{\"multimedia_type\":\"Picture\",\"picture_url\":\"https:\/\/fotos15.inmovilla.com\/12732\/24620990\/15-17.jpg\",\"position\":17,\"picture_id\":17,\"media_id\":143886,\"post_id\":194446,\"id\":17,\"attachment_id\":0,\"url\":\"https:\/\/fotos15.inmovilla.com\/12732\/24620990\/15-17.jpg\",\"basename\":\"15-17.jpg\",\"created_date\":\"2026-04-30 15:02:48\",\"is_downloaded\":0,\"is_using_remote\":1},{\"multimedia_type\":\"Picture\",\"picture_url\":\"https:\/\/fotos15.inmovilla.com\/12732\/24620990\/15-18.jpg\",\"position\":18,\"picture_id\":18,\"media_id\":143887,\"post_id\":194446,\"id\":18,\"attachment_id\":0,\"url\":\"https:\/\/fotos15.inmovilla.com\/12732\/24620990\/15-18.jpg\",\"basename\":\"15-18.jpg\",\"created_date\":\"2026-04-30 15:02:48\",\"is_downloaded\":0,\"is_using_remote\":1},{\"multimedia_type\":\"Picture\",\"picture_url\":\"https:\/\/fotos15.inmovilla.com\/12732\/24620990\/15-19.jpg\",\"position\":19,\"picture_id\":19,\"media_id\":143888,\"post_id\":194446,\"id\":19,\"attachment_id\":0,\"url\":\"https:\/\/fotos15.inmovilla.com\/12732\/24620990\/15-19.jpg\",\"basename\":\"15-19.jpg\",\"created_date\":\"2026-04-30 15:02:48\",\"is_downloaded\":0,\"is_using_remote\":1},{\"multimedia_type\":\"Picture\",\"picture_url\":\"https:\/\/fotos15.inmovilla.com\/12732\/24620990\/15-20.jpg\",\"position\":20,\"picture_id\":20,\"media_id\":143889,\"post_id\":194446,\"id\":20,\"attachment_id\":0,\"url\":\"https:\/\/fotos15.inmovilla.com\/12732\/24620990\/15-20.jpg\",\"basename\":\"15-20.jpg\",\"created_date\":\"2026-04-30 15:02:48\",\"is_downloaded\":0,\"is_using_remote\":1},{\"multimedia_type\":\"Picture\",\"picture_url\":\"https:\/\/fotos15.inmovilla.com\/12732\/24620990\/15-21.jpg\",\"position\":21,\"picture_id\":21,\"media_id\":143890,\"post_id\":194446,\"id\":21,\"attachment_id\":0,\"url\":\"https:\/\/fotos15.inmovilla.com\/12732\/24620990\/15-21.jpg\",\"basename\":\"15-21.jpg\",\"created_date\":\"2026-04-30 15:02:48\",\"is_downloaded\":0,\"is_using_remote\":1},{\"multimedia_type\":\"Picture\",\"picture_url\":\"https:\/\/fotos15.inmovilla.com\/12732\/24620990\/15-22.jpg\",\"position\":22,\"picture_id\":22,\"media_id\":143891,\"post_id\":194446,\"id\":22,\"attachment_id\":0,\"url\":\"https:\/\/fotos15.inmovilla.com\/12732\/24620990\/15-22.jpg\",\"basename\":\"15-22.jpg\",\"created_date\":\"2026-04-30 15:02:48\",\"is_downloaded\":0,\"is_using_remote\":1}]"],"_thumbnail_id":["194447"],"fave_property_images":["194447"],"fave_property_sec_price":["995000"],"apg_property_id":["24620990"],"_wpml_word_count":["269"],"_eael_post_view_count":["2"],"houzez_total_property_views":["2"],"houzez_views_by_date":["a:1:{s:10:\"04-30-2026\";i:2;}"],"houzez_recently_viewed":["2026-04-30 22:22:04"],"_elementor_page_assets":["a:0:{}"]},"yoast_head":"<!-- This site is optimized with the Yoast SEO plugin v27.5 - https:\/\/yoast.com\/product\/yoast-seo-wordpress\/ -->\n<title>Xalet a Primera L\u00ednia de Mar a prop de Mondrag\u00f3 amb Llic\u00e8ncia d&#039;Ampliaci\u00f3 i Vistes Panor\u00e0miques. - RE\/MAX Drac<\/title>\n<meta name=\"robots\" content=\"index, follow, max-snippet:-1, max-image-preview:large, max-video-preview:-1\" \/>\n<link rel=\"canonical\" href=\"https:\/\/www.santanyi.net\/ca\/property\/xalet-a-primera-linia-de-mar-a-prop-de-mondrago-amb-llicencia-dampliacio-i-vistes-panoramiques-2\/\" \/>\n<meta property=\"og:locale\" content=\"ca_ES\" \/>\n<meta property=\"og:type\" content=\"article\" \/>\n<meta property=\"og:title\" content=\"Xalet a Primera L\u00ednia de Mar a prop de Mondrag\u00f3 amb Llic\u00e8ncia d&#039;Ampliaci\u00f3 i Vistes Panor\u00e0miques. - RE\/MAX Drac\" \/>\n<meta property=\"og:description\" content=\"Una visi\u00f3 a primera l\u00ednia de mar: Aquesta extraordin\u00e0ria propietat al sud-est de Mallorca ofereix la rara oportunitat de transformar una construcci\u00f3 existent en un refugi modern directament davant la mar. El fet m\u00e9s destacat d&#8217;aquesta oferta \u00e9s que el preu de venda ja inclou un projecte arquitect\u00f2nic integral i la llic\u00e8ncia d&#8217;obra en vigor. [&hellip;]\" \/>\n<meta property=\"og:url\" content=\"https:\/\/www.santanyi.net\/ca\/property\/xalet-a-primera-linia-de-mar-a-prop-de-mondrago-amb-llicencia-dampliacio-i-vistes-panoramiques-2\/\" \/>\n<meta property=\"og:site_name\" content=\"RE\/MAX Drac\" \/>\n<meta property=\"article:modified_time\" content=\"2026-04-30T16:49:10+00:00\" \/>\n<meta property=\"og:image\" content=\"https:\/\/www.santanyi.net\/wp-content\/uploads\/anaconda_property_media\/24620990-194446\/15-1.jpg\" \/>\n\t<meta property=\"og:image:width\" content=\"1920\" \/>\n\t<meta property=\"og:image:height\" content=\"1295\" \/>\n\t<meta property=\"og:image:type\" content=\"image\/jpeg\" \/>\n<meta name=\"twitter:card\" content=\"summary_large_image\" \/>\n<meta name=\"twitter:label1\" content=\"Temps estimat de lectura\" \/>\n\t<meta name=\"twitter:data1\" content=\"1 minut\" \/>\n<script type=\"application\/ld+json\" class=\"yoast-schema-graph\">{\"@context\":\"https:\\\/\\\/schema.org\",\"@graph\":[{\"@type\":\"WebPage\",\"@id\":\"https:\\\/\\\/www.santanyi.net\\\/ca\\\/property\\\/xalet-a-primera-linia-de-mar-a-prop-de-mondrago-amb-llicencia-dampliacio-i-vistes-panoramiques-2\\\/\",\"url\":\"https:\\\/\\\/www.santanyi.net\\\/ca\\\/property\\\/xalet-a-primera-linia-de-mar-a-prop-de-mondrago-amb-llicencia-dampliacio-i-vistes-panoramiques-2\\\/\",\"name\":\"Xalet a Primera L\u00ednia de Mar a prop de Mondrag\u00f3 amb Llic\u00e8ncia d'Ampliaci\u00f3 i Vistes Panor\u00e0miques. - RE\\\/MAX Drac\",\"isPartOf\":{\"@id\":\"https:\\\/\\\/www.santanyi.net\\\/ca\\\/#website\"},\"primaryImageOfPage\":{\"@id\":\"https:\\\/\\\/www.santanyi.net\\\/ca\\\/property\\\/xalet-a-primera-linia-de-mar-a-prop-de-mondrago-amb-llicencia-dampliacio-i-vistes-panoramiques-2\\\/#primaryimage\"},\"image\":{\"@id\":\"https:\\\/\\\/www.santanyi.net\\\/ca\\\/property\\\/xalet-a-primera-linia-de-mar-a-prop-de-mondrago-amb-llicencia-dampliacio-i-vistes-panoramiques-2\\\/#primaryimage\"},\"thumbnailUrl\":\"https:\\\/\\\/www.santanyi.net\\\/wp-content\\\/uploads\\\/anaconda_property_media\\\/24620990-194446\\\/15-1.jpg\",\"datePublished\":\"2026-04-30T15:02:48+00:00\",\"dateModified\":\"2026-04-30T16:49:10+00:00\",\"breadcrumb\":{\"@id\":\"https:\\\/\\\/www.santanyi.net\\\/ca\\\/property\\\/xalet-a-primera-linia-de-mar-a-prop-de-mondrago-amb-llicencia-dampliacio-i-vistes-panoramiques-2\\\/#breadcrumb\"},\"inLanguage\":\"ca\",\"potentialAction\":[{\"@type\":\"ReadAction\",\"target\":[\"https:\\\/\\\/www.santanyi.net\\\/ca\\\/property\\\/xalet-a-primera-linia-de-mar-a-prop-de-mondrago-amb-llicencia-dampliacio-i-vistes-panoramiques-2\\\/\"]}]},{\"@type\":\"ImageObject\",\"inLanguage\":\"ca\",\"@id\":\"https:\\\/\\\/www.santanyi.net\\\/ca\\\/property\\\/xalet-a-primera-linia-de-mar-a-prop-de-mondrago-amb-llicencia-dampliacio-i-vistes-panoramiques-2\\\/#primaryimage\",\"url\":\"https:\\\/\\\/www.santanyi.net\\\/wp-content\\\/uploads\\\/anaconda_property_media\\\/24620990-194446\\\/15-1.jpg\",\"contentUrl\":\"https:\\\/\\\/www.santanyi.net\\\/wp-content\\\/uploads\\\/anaconda_property_media\\\/24620990-194446\\\/15-1.jpg\",\"width\":1920,\"height\":1295},{\"@type\":\"BreadcrumbList\",\"@id\":\"https:\\\/\\\/www.santanyi.net\\\/ca\\\/property\\\/xalet-a-primera-linia-de-mar-a-prop-de-mondrago-amb-llicencia-dampliacio-i-vistes-panoramiques-2\\\/#breadcrumb\",\"itemListElement\":[{\"@type\":\"ListItem\",\"position\":1,\"name\":\"Home\",\"item\":\"https:\\\/\\\/www.santanyi.net\\\/ca\\\/\"},{\"@type\":\"ListItem\",\"position\":2,\"name\":\"Properties\",\"item\":\"https:\\\/\\\/www.santanyi.net\\\/ca\\\/property\\\/\"},{\"@type\":\"ListItem\",\"position\":3,\"name\":\"Xalet a Primera L\u00ednia de Mar a prop de Mondrag\u00f3 amb Llic\u00e8ncia d&#8217;Ampliaci\u00f3 i Vistes Panor\u00e0miques.\"}]},{\"@type\":\"WebSite\",\"@id\":\"https:\\\/\\\/www.santanyi.net\\\/ca\\\/#website\",\"url\":\"https:\\\/\\\/www.santanyi.net\\\/ca\\\/\",\"name\":\"RE\\\/MAX Drac\",\"description\":\"\",\"publisher\":{\"@id\":\"https:\\\/\\\/www.santanyi.net\\\/ca\\\/#organization\"},\"potentialAction\":[{\"@type\":\"SearchAction\",\"target\":{\"@type\":\"EntryPoint\",\"urlTemplate\":\"https:\\\/\\\/www.santanyi.net\\\/ca\\\/?s={search_term_string}\"},\"query-input\":{\"@type\":\"PropertyValueSpecification\",\"valueRequired\":true,\"valueName\":\"search_term_string\"}}],\"inLanguage\":\"ca\"},{\"@type\":\"Organization\",\"@id\":\"https:\\\/\\\/www.santanyi.net\\\/ca\\\/#organization\",\"name\":\"RE\\\/MAX Drac\",\"url\":\"https:\\\/\\\/www.santanyi.net\\\/ca\\\/\",\"logo\":{\"@type\":\"ImageObject\",\"inLanguage\":\"ca\",\"@id\":\"https:\\\/\\\/www.santanyi.net\\\/ca\\\/#\\\/schema\\\/logo\\\/image\\\/\",\"url\":\"https:\\\/\\\/www.santanyi.net\\\/wp-content\\\/uploads\\\/2025\\\/07\\\/logo-nuevo.png\",\"contentUrl\":\"https:\\\/\\\/www.santanyi.net\\\/wp-content\\\/uploads\\\/2025\\\/07\\\/logo-nuevo.png\",\"width\":295,\"height\":165,\"caption\":\"RE\\\/MAX Drac\"},\"image\":{\"@id\":\"https:\\\/\\\/www.santanyi.net\\\/ca\\\/#\\\/schema\\\/logo\\\/image\\\/\"}}]}<\/script>\n<!-- \/ Yoast SEO plugin. -->","yoast_head_json":{"title":"Xalet a Primera L\u00ednia de Mar a prop de Mondrag\u00f3 amb Llic\u00e8ncia d'Ampliaci\u00f3 i Vistes Panor\u00e0miques. - RE\/MAX Drac","robots":{"index":"index","follow":"follow","max-snippet":"max-snippet:-1","max-image-preview":"max-image-preview:large","max-video-preview":"max-video-preview:-1"},"canonical":"https:\/\/www.santanyi.net\/ca\/property\/xalet-a-primera-linia-de-mar-a-prop-de-mondrago-amb-llicencia-dampliacio-i-vistes-panoramiques-2\/","og_locale":"ca_ES","og_type":"article","og_title":"Xalet a Primera L\u00ednia de Mar a prop de Mondrag\u00f3 amb Llic\u00e8ncia d'Ampliaci\u00f3 i Vistes Panor\u00e0miques. - RE\/MAX Drac","og_description":"Una visi\u00f3 a primera l\u00ednia de mar: Aquesta extraordin\u00e0ria propietat al sud-est de Mallorca ofereix la rara oportunitat de transformar una construcci\u00f3 existent en un refugi modern directament davant la mar. El fet m\u00e9s destacat d&#8217;aquesta oferta \u00e9s que el preu de venda ja inclou un projecte arquitect\u00f2nic integral i la llic\u00e8ncia d&#8217;obra en vigor. [&hellip;]","og_url":"https:\/\/www.santanyi.net\/ca\/property\/xalet-a-primera-linia-de-mar-a-prop-de-mondrago-amb-llicencia-dampliacio-i-vistes-panoramiques-2\/","og_site_name":"RE\/MAX Drac","article_modified_time":"2026-04-30T16:49:10+00:00","og_image":[{"width":1920,"height":1295,"url":"https:\/\/www.santanyi.net\/wp-content\/uploads\/anaconda_property_media\/24620990-194446\/15-1.jpg","type":"image\/jpeg"}],"twitter_card":"summary_large_image","twitter_misc":{"Temps estimat de lectura":"1 minut"},"schema":{"@context":"https:\/\/schema.org","@graph":[{"@type":"WebPage","@id":"https:\/\/www.santanyi.net\/ca\/property\/xalet-a-primera-linia-de-mar-a-prop-de-mondrago-amb-llicencia-dampliacio-i-vistes-panoramiques-2\/","url":"https:\/\/www.santanyi.net\/ca\/property\/xalet-a-primera-linia-de-mar-a-prop-de-mondrago-amb-llicencia-dampliacio-i-vistes-panoramiques-2\/","name":"Xalet a Primera L\u00ednia de Mar a prop de Mondrag\u00f3 amb Llic\u00e8ncia d'Ampliaci\u00f3 i Vistes Panor\u00e0miques. - RE\/MAX Drac","isPartOf":{"@id":"https:\/\/www.santanyi.net\/ca\/#website"},"primaryImageOfPage":{"@id":"https:\/\/www.santanyi.net\/ca\/property\/xalet-a-primera-linia-de-mar-a-prop-de-mondrago-amb-llicencia-dampliacio-i-vistes-panoramiques-2\/#primaryimage"},"image":{"@id":"https:\/\/www.santanyi.net\/ca\/property\/xalet-a-primera-linia-de-mar-a-prop-de-mondrago-amb-llicencia-dampliacio-i-vistes-panoramiques-2\/#primaryimage"},"thumbnailUrl":"https:\/\/www.santanyi.net\/wp-content\/uploads\/anaconda_property_media\/24620990-194446\/15-1.jpg","datePublished":"2026-04-30T15:02:48+00:00","dateModified":"2026-04-30T16:49:10+00:00","breadcrumb":{"@id":"https:\/\/www.santanyi.net\/ca\/property\/xalet-a-primera-linia-de-mar-a-prop-de-mondrago-amb-llicencia-dampliacio-i-vistes-panoramiques-2\/#breadcrumb"},"inLanguage":"ca","potentialAction":[{"@type":"ReadAction","target":["https:\/\/www.santanyi.net\/ca\/property\/xalet-a-primera-linia-de-mar-a-prop-de-mondrago-amb-llicencia-dampliacio-i-vistes-panoramiques-2\/"]}]},{"@type":"ImageObject","inLanguage":"ca","@id":"https:\/\/www.santanyi.net\/ca\/property\/xalet-a-primera-linia-de-mar-a-prop-de-mondrago-amb-llicencia-dampliacio-i-vistes-panoramiques-2\/#primaryimage","url":"https:\/\/www.santanyi.net\/wp-content\/uploads\/anaconda_property_media\/24620990-194446\/15-1.jpg","contentUrl":"https:\/\/www.santanyi.net\/wp-content\/uploads\/anaconda_property_media\/24620990-194446\/15-1.jpg","width":1920,"height":1295},{"@type":"BreadcrumbList","@id":"https:\/\/www.santanyi.net\/ca\/property\/xalet-a-primera-linia-de-mar-a-prop-de-mondrago-amb-llicencia-dampliacio-i-vistes-panoramiques-2\/#breadcrumb","itemListElement":[{"@type":"ListItem","position":1,"name":"Home","item":"https:\/\/www.santanyi.net\/ca\/"},{"@type":"ListItem","position":2,"name":"Properties","item":"https:\/\/www.santanyi.net\/ca\/property\/"},{"@type":"ListItem","position":3,"name":"Xalet a Primera L\u00ednia de Mar a prop de Mondrag\u00f3 amb Llic\u00e8ncia d&#8217;Ampliaci\u00f3 i Vistes Panor\u00e0miques."}]},{"@type":"WebSite","@id":"https:\/\/www.santanyi.net\/ca\/#website","url":"https:\/\/www.santanyi.net\/ca\/","name":"RE\/MAX Drac","description":"","publisher":{"@id":"https:\/\/www.santanyi.net\/ca\/#organization"},"potentialAction":[{"@type":"SearchAction","target":{"@type":"EntryPoint","urlTemplate":"https:\/\/www.santanyi.net\/ca\/?s={search_term_string}"},"query-input":{"@type":"PropertyValueSpecification","valueRequired":true,"valueName":"search_term_string"}}],"inLanguage":"ca"},{"@type":"Organization","@id":"https:\/\/www.santanyi.net\/ca\/#organization","name":"RE\/MAX Drac","url":"https:\/\/www.santanyi.net\/ca\/","logo":{"@type":"ImageObject","inLanguage":"ca","@id":"https:\/\/www.santanyi.net\/ca\/#\/schema\/logo\/image\/","url":"https:\/\/www.santanyi.net\/wp-content\/uploads\/2025\/07\/logo-nuevo.png","contentUrl":"https:\/\/www.santanyi.net\/wp-content\/uploads\/2025\/07\/logo-nuevo.png","width":295,"height":165,"caption":"RE\/MAX Drac"},"image":{"@id":"https:\/\/www.santanyi.net\/ca\/#\/schema\/logo\/image\/"}}]}},"_links":{"self":[{"href":"https:\/\/www.santanyi.net\/ca\/wp-json\/wp\/v2\/properties\/194452","targetHints":{"allow":["GET"]}}],"collection":[{"href":"https:\/\/www.santanyi.net\/ca\/wp-json\/wp\/v2\/properties"}],"about":[{"href":"https:\/\/www.santanyi.net\/ca\/wp-json\/wp\/v2\/types\/property"}],"author":[{"embeddable":true,"href":"https:\/\/www.santanyi.net\/ca\/wp-json\/wp\/v2\/users\/1"}],"version-history":[{"count":1,"href":"https:\/\/www.santanyi.net\/ca\/wp-json\/wp\/v2\/properties\/194452\/revisions"}],"predecessor-version":[{"id":195352,"href":"https:\/\/www.santanyi.net\/ca\/wp-json\/wp\/v2\/properties\/194452\/revisions\/195352"}],"wp:featuredmedia":[{"embeddable":true,"href":"https:\/\/www.santanyi.net\/ca\/wp-json\/wp\/v2\/media\/194447"}],"wp:attachment":[{"href":"https:\/\/www.santanyi.net\/ca\/wp-json\/wp\/v2\/media?parent=194452"}],"wp:term":[{"taxonomy":"property_type","embeddable":true,"href":"https:\/\/www.santanyi.net\/ca\/wp-json\/wp\/v2\/property_type?post=194452"},{"taxonomy":"property_status","embeddable":true,"href":"https:\/\/www.santanyi.net\/ca\/wp-json\/wp\/v2\/property_status?post=194452"},{"taxonomy":"property_feature","embeddable":true,"href":"https:\/\/www.santanyi.net\/ca\/wp-json\/wp\/v2\/property_feature?post=194452"},{"taxonomy":"property_label","embeddable":true,"href":"https:\/\/www.santanyi.net\/ca\/wp-json\/wp\/v2\/property_label?post=194452"},{"taxonomy":"property_country","embeddable":true,"href":"https:\/\/www.santanyi.net\/ca\/wp-json\/wp\/v2\/property_country?post=194452"},{"taxonomy":"property_state","embeddable":true,"href":"https:\/\/www.santanyi.net\/ca\/wp-json\/wp\/v2\/property_state?post=194452"},{"taxonomy":"property_city","embeddable":true,"href":"https:\/\/www.santanyi.net\/ca\/wp-json\/wp\/v2\/property_city?post=194452"},{"taxonomy":"property_area","embeddable":true,"href":"https:\/\/www.santanyi.net\/ca\/wp-json\/wp\/v2\/property_area?post=194452"}],"curies":[{"name":"wp","href":"https:\/\/api.w.org\/{rel}","templated":true}]}}