
{"id":194436,"date":"2026-04-30T15:02:40","date_gmt":"2026-04-30T15:02:40","guid":{"rendered":"https:\/\/www.santanyi.net\/property\/xalet-amb-vistes-espectaculars-a-cala-llombards\/"},"modified":"2026-04-30T16:49:05","modified_gmt":"2026-04-30T16:49:05","slug":"xalet-amb-vistes-espectaculars-a-cala-llombards-3","status":"publish","type":"property","link":"https:\/\/www.santanyi.net\/ca\/property\/xalet-amb-vistes-espectaculars-a-cala-llombards-3\/","title":{"rendered":"XALET AMB VISTES ESPECTACULARS A CALA LLOMBARDS"},"content":{"rendered":"<p>Si somies viure en un lloc on la pau, la bellesa natural i el confort es troben, aquest xalet \u00e9s per a tu. Situat en una de les zones m\u00e9s encantadores de Cala Llombards, aquest magn\u00edfic xalet ofereix unes vistes impressionants que t\u2019enamoraran des del primer moment. Entorn privilegiat:En una zona tranquil\u00b7la i residencial, ideal per desconnectar del ritme diari i gaudir de l\u2019aut\u00e8ntica ess\u00e8ncia mediterr\u00e0nia. La vivenda disposa de:Espais amplis i lluminososUna espectacular piscina privada amb zona de sol\u00e0riumVistes obertes a l&#8217;entorn natural i mar properJard\u00ed cuidat, perfecte per relaxar-se o rebre convidatsGaratge privat amb espai per a diversos vehiclesTerrasses amb orientaci\u00f3 ideal per gaudir de cada capvespre Tant com a resid\u00e8ncia habitual o com a segona resid\u00e8ncia, aquest xalet ofereix la combinaci\u00f3 perfecta de privacitat, comoditat i bellesa.<\/p>\n","protected":false},"excerpt":{"rendered":"<p>Si somies viure en un lloc on la pau, la bellesa natural i el confort es troben, aquest xalet \u00e9s per a tu. Situat en una de les zones m\u00e9s encantadores de Cala Llombards, aquest magn\u00edfic xalet ofereix unes vistes impressionants que t\u2019enamoraran des del primer moment. Entorn privilegiat:En una zona tranquil\u00b7la i residencial, ideal [&hellip;]<\/p>\n","protected":false},"author":1,"featured_media":194431,"parent":0,"menu_order":0,"template":"","property_type":[2161],"property_status":[2096,2103],"property_feature":[1867,1851,1929,1903,1905,1806,1931,1913,1973,1985,1954,1898],"property_label":[],"property_country":[],"property_state":[],"property_city":[635],"property_area":[675],"class_list":["post-194436","property","type-property","status-publish","has-post-thumbnail","hentry","property_type-chalet-ca","property_status-venta","property_status-venta-ca","property_feature-arma_empo-ca","property_feature-arma_empo","property_feature-costa-ca","property_feature-despensa","property_feature-despensa-ca","property_feature-jardin-ca","property_feature-puerta_blin-ca","property_feature-puerta_blin","property_feature-solarium","property_feature-solarium-ca","property_feature-trastero-ca","property_feature-vistasalmar-ca","property_city-santanyi","property_area-cala-llombars"],"acf":[],"property_meta":{"_apg_property_user_edited":["1"],"fave_property_id":["DRAC-CV1544VT"],"fave_property_location":["39.32252351,3.14066295,15"],"houzez_geolocation_lat":["39.32252351"],"houzez_geolocation_long":["3.14066295"],"fave_property_price":["1125000"],"fave_property_rent_or_sale":["sale"],"fave_property_year":[null],"fave_property_size_prefix":["m2"],"fave_property_land_postfix":["m2"],"fave_property_size":["235"],"fave_property_land":["433"],"fave_property_bedrooms":["5"],"fave_property_bathrooms":["2"],"fave_property_garage":["2"],"fave_property_map_address":["Cala Llombars, 07690 Santany\u00ed"],"fave_property_address":[" , Santany\u00ed 07690"],"fave_property_zip":["07690"],"fave_property_postal_code":["07690"],"fave_property_map":["1"],"apg_is_using_remote_image_url":["1"],"apg_using_remote_image_urls":["[{\"multimedia_type\":\"Picture\",\"picture_url\":\"https:\/\/fotos15.inmovilla.com\/12732\/24621103\/10-1.jpg\",\"position\":1,\"picture_id\":1,\"media_id\":143843,\"post_id\":194430,\"id\":1,\"attachment_id\":0,\"url\":\"https:\/\/fotos15.inmovilla.com\/12732\/24621103\/10-1.jpg\",\"basename\":\"10-1.jpg\",\"created_date\":\"2026-04-30 15:02:41\",\"is_downloaded\":0,\"is_using_remote\":0},{\"multimedia_type\":\"Picture\",\"picture_url\":\"https:\/\/fotos15.inmovilla.com\/12732\/24621103\/10-2.jpg\",\"position\":2,\"picture_id\":2,\"media_id\":143844,\"post_id\":194430,\"id\":2,\"attachment_id\":0,\"url\":\"https:\/\/fotos15.inmovilla.com\/12732\/24621103\/10-2.jpg\",\"basename\":\"10-2.jpg\",\"created_date\":\"2026-04-30 15:02:41\",\"is_downloaded\":0,\"is_using_remote\":1},{\"multimedia_type\":\"Picture\",\"picture_url\":\"https:\/\/fotos15.inmovilla.com\/12732\/24621103\/10-3.jpg\",\"position\":3,\"picture_id\":3,\"media_id\":143845,\"post_id\":194430,\"id\":3,\"attachment_id\":0,\"url\":\"https:\/\/fotos15.inmovilla.com\/12732\/24621103\/10-3.jpg\",\"basename\":\"10-3.jpg\",\"created_date\":\"2026-04-30 15:02:41\",\"is_downloaded\":0,\"is_using_remote\":1},{\"multimedia_type\":\"Picture\",\"picture_url\":\"https:\/\/fotos15.inmovilla.com\/12732\/24621103\/10-4.jpg\",\"position\":4,\"picture_id\":4,\"media_id\":143846,\"post_id\":194430,\"id\":4,\"attachment_id\":0,\"url\":\"https:\/\/fotos15.inmovilla.com\/12732\/24621103\/10-4.jpg\",\"basename\":\"10-4.jpg\",\"created_date\":\"2026-04-30 15:02:41\",\"is_downloaded\":0,\"is_using_remote\":1},{\"multimedia_type\":\"Picture\",\"picture_url\":\"https:\/\/fotos15.inmovilla.com\/12732\/24621103\/10-5.jpg\",\"position\":5,\"picture_id\":5,\"media_id\":143847,\"post_id\":194430,\"id\":5,\"attachment_id\":0,\"url\":\"https:\/\/fotos15.inmovilla.com\/12732\/24621103\/10-5.jpg\",\"basename\":\"10-5.jpg\",\"created_date\":\"2026-04-30 15:02:41\",\"is_downloaded\":0,\"is_using_remote\":1},{\"multimedia_type\":\"Picture\",\"picture_url\":\"https:\/\/fotos15.inmovilla.com\/12732\/24621103\/10-6.jpg\",\"position\":6,\"picture_id\":6,\"media_id\":143848,\"post_id\":194430,\"id\":6,\"attachment_id\":0,\"url\":\"https:\/\/fotos15.inmovilla.com\/12732\/24621103\/10-6.jpg\",\"basename\":\"10-6.jpg\",\"created_date\":\"2026-04-30 15:02:41\",\"is_downloaded\":0,\"is_using_remote\":1}]"],"_thumbnail_id":["194431"],"fave_property_images":["194431"],"fave_property_sec_price":["1300000"],"apg_property_id":["24621103"],"_wpml_word_count":["157"],"_eael_post_view_count":["1"],"houzez_total_property_views":["1"],"houzez_views_by_date":["a:1:{s:10:\"04-30-2026\";i:1;}"],"houzez_recently_viewed":["2026-04-30 20:35:41"],"_elementor_page_assets":["a:0:{}"]},"yoast_head":"<!-- This site is optimized with the Yoast SEO plugin v27.5 - https:\/\/yoast.com\/product\/yoast-seo-wordpress\/ -->\n<title>XALET AMB VISTES ESPECTACULARS A CALA LLOMBARDS - RE\/MAX Drac<\/title>\n<meta name=\"robots\" content=\"index, follow, max-snippet:-1, max-image-preview:large, max-video-preview:-1\" \/>\n<link rel=\"canonical\" href=\"https:\/\/www.santanyi.net\/ca\/property\/xalet-amb-vistes-espectaculars-a-cala-llombards-3\/\" \/>\n<meta property=\"og:locale\" content=\"ca_ES\" \/>\n<meta property=\"og:type\" content=\"article\" \/>\n<meta property=\"og:title\" content=\"XALET AMB VISTES ESPECTACULARS A CALA LLOMBARDS - RE\/MAX Drac\" \/>\n<meta property=\"og:description\" content=\"Si somies viure en un lloc on la pau, la bellesa natural i el confort es troben, aquest xalet \u00e9s per a tu. Situat en una de les zones m\u00e9s encantadores de Cala Llombards, aquest magn\u00edfic xalet ofereix unes vistes impressionants que t\u2019enamoraran des del primer moment. Entorn privilegiat:En una zona tranquil\u00b7la i residencial, ideal [&hellip;]\" \/>\n<meta property=\"og:url\" content=\"https:\/\/www.santanyi.net\/ca\/property\/xalet-amb-vistes-espectaculars-a-cala-llombards-3\/\" \/>\n<meta property=\"og:site_name\" content=\"RE\/MAX Drac\" \/>\n<meta property=\"article:modified_time\" content=\"2026-04-30T16:49:05+00:00\" \/>\n<meta property=\"og:image\" content=\"https:\/\/www.santanyi.net\/wp-content\/uploads\/anaconda_property_media\/24621103-194430\/10-1.jpg\" \/>\n\t<meta property=\"og:image:width\" content=\"1920\" \/>\n\t<meta property=\"og:image:height\" content=\"1440\" \/>\n\t<meta property=\"og:image:type\" content=\"image\/jpeg\" \/>\n<meta name=\"twitter:card\" content=\"summary_large_image\" \/>\n<meta name=\"twitter:label1\" content=\"Temps estimat de lectura\" \/>\n\t<meta name=\"twitter:data1\" content=\"1 minut\" \/>\n<script type=\"application\/ld+json\" class=\"yoast-schema-graph\">{\"@context\":\"https:\\\/\\\/schema.org\",\"@graph\":[{\"@type\":\"WebPage\",\"@id\":\"https:\\\/\\\/www.santanyi.net\\\/ca\\\/property\\\/xalet-amb-vistes-espectaculars-a-cala-llombards-3\\\/\",\"url\":\"https:\\\/\\\/www.santanyi.net\\\/ca\\\/property\\\/xalet-amb-vistes-espectaculars-a-cala-llombards-3\\\/\",\"name\":\"XALET AMB VISTES ESPECTACULARS A CALA LLOMBARDS - RE\\\/MAX Drac\",\"isPartOf\":{\"@id\":\"https:\\\/\\\/www.santanyi.net\\\/ca\\\/#website\"},\"primaryImageOfPage\":{\"@id\":\"https:\\\/\\\/www.santanyi.net\\\/ca\\\/property\\\/xalet-amb-vistes-espectaculars-a-cala-llombards-3\\\/#primaryimage\"},\"image\":{\"@id\":\"https:\\\/\\\/www.santanyi.net\\\/ca\\\/property\\\/xalet-amb-vistes-espectaculars-a-cala-llombards-3\\\/#primaryimage\"},\"thumbnailUrl\":\"https:\\\/\\\/www.santanyi.net\\\/wp-content\\\/uploads\\\/anaconda_property_media\\\/24621103-194430\\\/10-1.jpg\",\"datePublished\":\"2026-04-30T15:02:40+00:00\",\"dateModified\":\"2026-04-30T16:49:05+00:00\",\"breadcrumb\":{\"@id\":\"https:\\\/\\\/www.santanyi.net\\\/ca\\\/property\\\/xalet-amb-vistes-espectaculars-a-cala-llombards-3\\\/#breadcrumb\"},\"inLanguage\":\"ca\",\"potentialAction\":[{\"@type\":\"ReadAction\",\"target\":[\"https:\\\/\\\/www.santanyi.net\\\/ca\\\/property\\\/xalet-amb-vistes-espectaculars-a-cala-llombards-3\\\/\"]}]},{\"@type\":\"ImageObject\",\"inLanguage\":\"ca\",\"@id\":\"https:\\\/\\\/www.santanyi.net\\\/ca\\\/property\\\/xalet-amb-vistes-espectaculars-a-cala-llombards-3\\\/#primaryimage\",\"url\":\"https:\\\/\\\/www.santanyi.net\\\/wp-content\\\/uploads\\\/anaconda_property_media\\\/24621103-194430\\\/10-1.jpg\",\"contentUrl\":\"https:\\\/\\\/www.santanyi.net\\\/wp-content\\\/uploads\\\/anaconda_property_media\\\/24621103-194430\\\/10-1.jpg\",\"width\":1920,\"height\":1440},{\"@type\":\"BreadcrumbList\",\"@id\":\"https:\\\/\\\/www.santanyi.net\\\/ca\\\/property\\\/xalet-amb-vistes-espectaculars-a-cala-llombards-3\\\/#breadcrumb\",\"itemListElement\":[{\"@type\":\"ListItem\",\"position\":1,\"name\":\"Home\",\"item\":\"https:\\\/\\\/www.santanyi.net\\\/ca\\\/\"},{\"@type\":\"ListItem\",\"position\":2,\"name\":\"Properties\",\"item\":\"https:\\\/\\\/www.santanyi.net\\\/ca\\\/property\\\/\"},{\"@type\":\"ListItem\",\"position\":3,\"name\":\"XALET AMB VISTES ESPECTACULARS A CALA LLOMBARDS\"}]},{\"@type\":\"WebSite\",\"@id\":\"https:\\\/\\\/www.santanyi.net\\\/ca\\\/#website\",\"url\":\"https:\\\/\\\/www.santanyi.net\\\/ca\\\/\",\"name\":\"RE\\\/MAX Drac\",\"description\":\"\",\"publisher\":{\"@id\":\"https:\\\/\\\/www.santanyi.net\\\/ca\\\/#organization\"},\"potentialAction\":[{\"@type\":\"SearchAction\",\"target\":{\"@type\":\"EntryPoint\",\"urlTemplate\":\"https:\\\/\\\/www.santanyi.net\\\/ca\\\/?s={search_term_string}\"},\"query-input\":{\"@type\":\"PropertyValueSpecification\",\"valueRequired\":true,\"valueName\":\"search_term_string\"}}],\"inLanguage\":\"ca\"},{\"@type\":\"Organization\",\"@id\":\"https:\\\/\\\/www.santanyi.net\\\/ca\\\/#organization\",\"name\":\"RE\\\/MAX Drac\",\"url\":\"https:\\\/\\\/www.santanyi.net\\\/ca\\\/\",\"logo\":{\"@type\":\"ImageObject\",\"inLanguage\":\"ca\",\"@id\":\"https:\\\/\\\/www.santanyi.net\\\/ca\\\/#\\\/schema\\\/logo\\\/image\\\/\",\"url\":\"https:\\\/\\\/www.santanyi.net\\\/wp-content\\\/uploads\\\/2025\\\/07\\\/logo-nuevo.png\",\"contentUrl\":\"https:\\\/\\\/www.santanyi.net\\\/wp-content\\\/uploads\\\/2025\\\/07\\\/logo-nuevo.png\",\"width\":295,\"height\":165,\"caption\":\"RE\\\/MAX Drac\"},\"image\":{\"@id\":\"https:\\\/\\\/www.santanyi.net\\\/ca\\\/#\\\/schema\\\/logo\\\/image\\\/\"}}]}<\/script>\n<!-- \/ Yoast SEO plugin. -->","yoast_head_json":{"title":"XALET AMB VISTES ESPECTACULARS A CALA LLOMBARDS - RE\/MAX Drac","robots":{"index":"index","follow":"follow","max-snippet":"max-snippet:-1","max-image-preview":"max-image-preview:large","max-video-preview":"max-video-preview:-1"},"canonical":"https:\/\/www.santanyi.net\/ca\/property\/xalet-amb-vistes-espectaculars-a-cala-llombards-3\/","og_locale":"ca_ES","og_type":"article","og_title":"XALET AMB VISTES ESPECTACULARS A CALA LLOMBARDS - RE\/MAX Drac","og_description":"Si somies viure en un lloc on la pau, la bellesa natural i el confort es troben, aquest xalet \u00e9s per a tu. Situat en una de les zones m\u00e9s encantadores de Cala Llombards, aquest magn\u00edfic xalet ofereix unes vistes impressionants que t\u2019enamoraran des del primer moment. Entorn privilegiat:En una zona tranquil\u00b7la i residencial, ideal [&hellip;]","og_url":"https:\/\/www.santanyi.net\/ca\/property\/xalet-amb-vistes-espectaculars-a-cala-llombards-3\/","og_site_name":"RE\/MAX Drac","article_modified_time":"2026-04-30T16:49:05+00:00","og_image":[{"width":1920,"height":1440,"url":"https:\/\/www.santanyi.net\/wp-content\/uploads\/anaconda_property_media\/24621103-194430\/10-1.jpg","type":"image\/jpeg"}],"twitter_card":"summary_large_image","twitter_misc":{"Temps estimat de lectura":"1 minut"},"schema":{"@context":"https:\/\/schema.org","@graph":[{"@type":"WebPage","@id":"https:\/\/www.santanyi.net\/ca\/property\/xalet-amb-vistes-espectaculars-a-cala-llombards-3\/","url":"https:\/\/www.santanyi.net\/ca\/property\/xalet-amb-vistes-espectaculars-a-cala-llombards-3\/","name":"XALET AMB VISTES ESPECTACULARS A CALA LLOMBARDS - RE\/MAX Drac","isPartOf":{"@id":"https:\/\/www.santanyi.net\/ca\/#website"},"primaryImageOfPage":{"@id":"https:\/\/www.santanyi.net\/ca\/property\/xalet-amb-vistes-espectaculars-a-cala-llombards-3\/#primaryimage"},"image":{"@id":"https:\/\/www.santanyi.net\/ca\/property\/xalet-amb-vistes-espectaculars-a-cala-llombards-3\/#primaryimage"},"thumbnailUrl":"https:\/\/www.santanyi.net\/wp-content\/uploads\/anaconda_property_media\/24621103-194430\/10-1.jpg","datePublished":"2026-04-30T15:02:40+00:00","dateModified":"2026-04-30T16:49:05+00:00","breadcrumb":{"@id":"https:\/\/www.santanyi.net\/ca\/property\/xalet-amb-vistes-espectaculars-a-cala-llombards-3\/#breadcrumb"},"inLanguage":"ca","potentialAction":[{"@type":"ReadAction","target":["https:\/\/www.santanyi.net\/ca\/property\/xalet-amb-vistes-espectaculars-a-cala-llombards-3\/"]}]},{"@type":"ImageObject","inLanguage":"ca","@id":"https:\/\/www.santanyi.net\/ca\/property\/xalet-amb-vistes-espectaculars-a-cala-llombards-3\/#primaryimage","url":"https:\/\/www.santanyi.net\/wp-content\/uploads\/anaconda_property_media\/24621103-194430\/10-1.jpg","contentUrl":"https:\/\/www.santanyi.net\/wp-content\/uploads\/anaconda_property_media\/24621103-194430\/10-1.jpg","width":1920,"height":1440},{"@type":"BreadcrumbList","@id":"https:\/\/www.santanyi.net\/ca\/property\/xalet-amb-vistes-espectaculars-a-cala-llombards-3\/#breadcrumb","itemListElement":[{"@type":"ListItem","position":1,"name":"Home","item":"https:\/\/www.santanyi.net\/ca\/"},{"@type":"ListItem","position":2,"name":"Properties","item":"https:\/\/www.santanyi.net\/ca\/property\/"},{"@type":"ListItem","position":3,"name":"XALET AMB VISTES ESPECTACULARS A CALA LLOMBARDS"}]},{"@type":"WebSite","@id":"https:\/\/www.santanyi.net\/ca\/#website","url":"https:\/\/www.santanyi.net\/ca\/","name":"RE\/MAX Drac","description":"","publisher":{"@id":"https:\/\/www.santanyi.net\/ca\/#organization"},"potentialAction":[{"@type":"SearchAction","target":{"@type":"EntryPoint","urlTemplate":"https:\/\/www.santanyi.net\/ca\/?s={search_term_string}"},"query-input":{"@type":"PropertyValueSpecification","valueRequired":true,"valueName":"search_term_string"}}],"inLanguage":"ca"},{"@type":"Organization","@id":"https:\/\/www.santanyi.net\/ca\/#organization","name":"RE\/MAX Drac","url":"https:\/\/www.santanyi.net\/ca\/","logo":{"@type":"ImageObject","inLanguage":"ca","@id":"https:\/\/www.santanyi.net\/ca\/#\/schema\/logo\/image\/","url":"https:\/\/www.santanyi.net\/wp-content\/uploads\/2025\/07\/logo-nuevo.png","contentUrl":"https:\/\/www.santanyi.net\/wp-content\/uploads\/2025\/07\/logo-nuevo.png","width":295,"height":165,"caption":"RE\/MAX Drac"},"image":{"@id":"https:\/\/www.santanyi.net\/ca\/#\/schema\/logo\/image\/"}}]}},"_links":{"self":[{"href":"https:\/\/www.santanyi.net\/ca\/wp-json\/wp\/v2\/properties\/194436","targetHints":{"allow":["GET"]}}],"collection":[{"href":"https:\/\/www.santanyi.net\/ca\/wp-json\/wp\/v2\/properties"}],"about":[{"href":"https:\/\/www.santanyi.net\/ca\/wp-json\/wp\/v2\/types\/property"}],"author":[{"embeddable":true,"href":"https:\/\/www.santanyi.net\/ca\/wp-json\/wp\/v2\/users\/1"}],"version-history":[{"count":1,"href":"https:\/\/www.santanyi.net\/ca\/wp-json\/wp\/v2\/properties\/194436\/revisions"}],"predecessor-version":[{"id":195344,"href":"https:\/\/www.santanyi.net\/ca\/wp-json\/wp\/v2\/properties\/194436\/revisions\/195344"}],"wp:featuredmedia":[{"embeddable":true,"href":"https:\/\/www.santanyi.net\/ca\/wp-json\/wp\/v2\/media\/194431"}],"wp:attachment":[{"href":"https:\/\/www.santanyi.net\/ca\/wp-json\/wp\/v2\/media?parent=194436"}],"wp:term":[{"taxonomy":"property_type","embeddable":true,"href":"https:\/\/www.santanyi.net\/ca\/wp-json\/wp\/v2\/property_type?post=194436"},{"taxonomy":"property_status","embeddable":true,"href":"https:\/\/www.santanyi.net\/ca\/wp-json\/wp\/v2\/property_status?post=194436"},{"taxonomy":"property_feature","embeddable":true,"href":"https:\/\/www.santanyi.net\/ca\/wp-json\/wp\/v2\/property_feature?post=194436"},{"taxonomy":"property_label","embeddable":true,"href":"https:\/\/www.santanyi.net\/ca\/wp-json\/wp\/v2\/property_label?post=194436"},{"taxonomy":"property_country","embeddable":true,"href":"https:\/\/www.santanyi.net\/ca\/wp-json\/wp\/v2\/property_country?post=194436"},{"taxonomy":"property_state","embeddable":true,"href":"https:\/\/www.santanyi.net\/ca\/wp-json\/wp\/v2\/property_state?post=194436"},{"taxonomy":"property_city","embeddable":true,"href":"https:\/\/www.santanyi.net\/ca\/wp-json\/wp\/v2\/property_city?post=194436"},{"taxonomy":"property_area","embeddable":true,"href":"https:\/\/www.santanyi.net\/ca\/wp-json\/wp\/v2\/property_area?post=194436"}],"curies":[{"name":"wp","href":"https:\/\/api.w.org\/{rel}","templated":true}]}}