
{"id":194420,"date":"2026-04-30T15:02:35","date_gmt":"2026-04-30T15:02:35","guid":{"rendered":"https:\/\/www.santanyi.net\/property\/exclusiva-apartament-de-somni-a-cala-santanyi-amb-vistes-al-mar\/"},"modified":"2026-04-30T16:49:00","modified_gmt":"2026-04-30T16:49:00","slug":"exclusiva-apartament-de-somni-a-cala-santanyi-amb-vistes-al-mar-2","status":"publish","type":"property","link":"https:\/\/www.santanyi.net\/ca\/property\/exclusiva-apartament-de-somni-a-cala-santanyi-amb-vistes-al-mar-2\/","title":{"rendered":"EXCLUSIVA: Apartament de somni a Cala Santany\u00ed amb vistes al mar"},"content":{"rendered":"<p>Aquest magn\u00edfic apartament sense moblar, idealment situat, ofereix unes vistes espectaculars al mar. Imagineu-vos despertar cada mat\u00ed amb el so de la brisa marina i admirar postes de sol inoblidables des de la vostra terrassa privada.<\/p>\n<p>Aquest encantador apartament inclou:<\/p>\n<p>Vistes panor\u00e0miques al mar sense obstacles.<\/p>\n<p>Una terrassa perfecta per relaxar-se, sopar a l&#8217;aire lliure o simplement gaudir de les vistes.<\/p>\n<p>Un apartament moblat amb gust i llest per entrar a viure.<\/p>\n<p>P\u00e0rquing incl\u00f2s.<\/p>\n<p>Un traster per a m\u00e9s espai.<\/p>\n<p>Una magn\u00edfica piscina comunit\u00e0ria per refrescar-se els dies assolellats.<\/p>\n<p>I el millor de tot: a nom\u00e9s 200 metres de la bonica platja de Cala Santany\u00ed! El mar i la sorra s\u00f3n a pocs minuts.<\/p>\n<p>Aquest apartament \u00e9s ideal per viure-hi tot l&#8217;any o per a les vostres vacances. No us perdeu aquesta oportunitat \u00fanica!<\/p>\n<p>Poseu-vos en contacte amb nosaltres avui mateix per obtenir m\u00e9s informaci\u00f3 i concertar una visita.<\/p>\n","protected":false},"excerpt":{"rendered":"<p>Aquest magn\u00edfic apartament sense moblar, idealment situat, ofereix unes vistes espectaculars al mar. Imagineu-vos despertar cada mat\u00ed amb el so de la brisa marina i admirar postes de sol inoblidables des de la vostra terrassa privada. Aquest encantador apartament inclou: Vistes panor\u00e0miques al mar sense obstacles. Una terrassa perfecta per relaxar-se, sopar a l&#8217;aire lliure [&hellip;]<\/p>\n","protected":false},"author":1,"featured_media":194415,"parent":0,"menu_order":0,"template":"","property_type":[2139],"property_status":[2096,2103],"property_feature":[1765,1799,1801,1867,1851,1870,1853,1803,1871,1929,1905,1903,1805,1806,1974,1984,1809,1969,1967,1897,1954,2000,2004,1934,1898],"property_label":[],"property_country":[],"property_state":[],"property_city":[635],"property_area":[641],"class_list":["post-194420","property","type-property","status-publish","has-post-thumbnail","hentry","property_type-apartamento-ca","property_status-venta","property_status-venta-ca","property_feature-aire_con","property_feature-aire_con-ca","property_feature-arboles-ca","property_feature-arma_empo-ca","property_feature-arma_empo","property_feature-balcon-ca","property_feature-balcon","property_feature-calefaccion-ca","property_feature-cocina_inde-ca","property_feature-costa-ca","property_feature-despensa-ca","property_feature-despensa","property_feature-electro-ca","property_feature-jardin-ca","property_feature-mirador","property_feature-mirador-ca","property_feature-muebles-ca","property_feature-piscina_com-ca","property_feature-piscina_com","property_feature-terraza-ca","property_feature-trastero-ca","property_feature-tv","property_feature-tv-ca","property_feature-urbanizacion-ca","property_feature-vistasalmar-ca","property_city-santanyi","property_area-cala-santanyi"],"acf":[],"property_meta":{"_apg_property_user_edited":["1"],"fave_property_id":["DRAC-AP1286SB"],"fave_property_location":["39.329381873,3.145244355,15"],"houzez_geolocation_lat":["39.329381873"],"houzez_geolocation_long":["3.145244355"],"fave_property_price":["689750"],"fave_property_rent_or_sale":["sale"],"fave_property_year":[null],"fave_property_size_prefix":["m2"],"fave_property_land_postfix":["m2"],"fave_property_size":["112"],"fave_property_land":["1"],"fave_property_bedrooms":["2"],"fave_property_bathrooms":["1"],"fave_property_garage":["2"],"fave_property_map_address":["Cala Santany\u00ed, 07659 Santany\u00ed"],"fave_property_address":[" , Santany\u00ed 07659"],"fave_property_zip":["07659"],"fave_property_postal_code":["07659"],"fave_property_map":["1"],"apg_is_using_remote_image_url":["1"],"apg_using_remote_image_urls":["[{\"multimedia_type\":\"Picture\",\"picture_url\":\"https:\/\/fotos15.inmovilla.com\/12732\/24911838\/6-1.jpg\",\"position\":1,\"picture_id\":1,\"media_id\":143808,\"post_id\":194414,\"id\":1,\"attachment_id\":0,\"url\":\"https:\/\/fotos15.inmovilla.com\/12732\/24911838\/6-1.jpg\",\"basename\":\"6-1.jpg\",\"created_date\":\"2026-04-30 15:02:35\",\"is_downloaded\":0,\"is_using_remote\":0},{\"multimedia_type\":\"Picture\",\"picture_url\":\"https:\/\/fotos15.inmovilla.com\/12732\/24911838\/6-2.jpg\",\"position\":2,\"picture_id\":2,\"media_id\":143809,\"post_id\":194414,\"id\":2,\"attachment_id\":0,\"url\":\"https:\/\/fotos15.inmovilla.com\/12732\/24911838\/6-2.jpg\",\"basename\":\"6-2.jpg\",\"created_date\":\"2026-04-30 15:02:35\",\"is_downloaded\":0,\"is_using_remote\":1},{\"multimedia_type\":\"Picture\",\"picture_url\":\"https:\/\/fotos15.inmovilla.com\/12732\/24911838\/6-3.jpg\",\"position\":3,\"picture_id\":3,\"media_id\":143810,\"post_id\":194414,\"id\":3,\"attachment_id\":0,\"url\":\"https:\/\/fotos15.inmovilla.com\/12732\/24911838\/6-3.jpg\",\"basename\":\"6-3.jpg\",\"created_date\":\"2026-04-30 15:02:35\",\"is_downloaded\":0,\"is_using_remote\":1},{\"multimedia_type\":\"Picture\",\"picture_url\":\"https:\/\/fotos15.inmovilla.com\/12732\/24911838\/6-4.jpg\",\"position\":4,\"picture_id\":4,\"media_id\":143811,\"post_id\":194414,\"id\":4,\"attachment_id\":0,\"url\":\"https:\/\/fotos15.inmovilla.com\/12732\/24911838\/6-4.jpg\",\"basename\":\"6-4.jpg\",\"created_date\":\"2026-04-30 15:02:35\",\"is_downloaded\":0,\"is_using_remote\":1},{\"multimedia_type\":\"Picture\",\"picture_url\":\"https:\/\/fotos15.inmovilla.com\/12732\/24911838\/6-5.jpg\",\"position\":5,\"picture_id\":5,\"media_id\":143812,\"post_id\":194414,\"id\":5,\"attachment_id\":0,\"url\":\"https:\/\/fotos15.inmovilla.com\/12732\/24911838\/6-5.jpg\",\"basename\":\"6-5.jpg\",\"created_date\":\"2026-04-30 15:02:35\",\"is_downloaded\":0,\"is_using_remote\":1},{\"multimedia_type\":\"Picture\",\"picture_url\":\"https:\/\/fotos15.inmovilla.com\/12732\/24911838\/6-6.jpg\",\"position\":6,\"picture_id\":6,\"media_id\":143813,\"post_id\":194414,\"id\":6,\"attachment_id\":0,\"url\":\"https:\/\/fotos15.inmovilla.com\/12732\/24911838\/6-6.jpg\",\"basename\":\"6-6.jpg\",\"created_date\":\"2026-04-30 15:02:35\",\"is_downloaded\":0,\"is_using_remote\":1},{\"multimedia_type\":\"Picture\",\"picture_url\":\"https:\/\/fotos15.inmovilla.com\/12732\/24911838\/6-7.jpg\",\"position\":7,\"picture_id\":7,\"media_id\":143814,\"post_id\":194414,\"id\":7,\"attachment_id\":0,\"url\":\"https:\/\/fotos15.inmovilla.com\/12732\/24911838\/6-7.jpg\",\"basename\":\"6-7.jpg\",\"created_date\":\"2026-04-30 15:02:35\",\"is_downloaded\":0,\"is_using_remote\":1},{\"multimedia_type\":\"Picture\",\"picture_url\":\"https:\/\/fotos15.inmovilla.com\/12732\/24911838\/6-8.jpg\",\"position\":8,\"picture_id\":8,\"media_id\":143815,\"post_id\":194414,\"id\":8,\"attachment_id\":0,\"url\":\"https:\/\/fotos15.inmovilla.com\/12732\/24911838\/6-8.jpg\",\"basename\":\"6-8.jpg\",\"created_date\":\"2026-04-30 15:02:35\",\"is_downloaded\":0,\"is_using_remote\":1},{\"multimedia_type\":\"Picture\",\"picture_url\":\"https:\/\/fotos15.inmovilla.com\/12732\/24911838\/6-9.jpg\",\"position\":9,\"picture_id\":9,\"media_id\":143816,\"post_id\":194414,\"id\":9,\"attachment_id\":0,\"url\":\"https:\/\/fotos15.inmovilla.com\/12732\/24911838\/6-9.jpg\",\"basename\":\"6-9.jpg\",\"created_date\":\"2026-04-30 15:02:35\",\"is_downloaded\":0,\"is_using_remote\":1},{\"multimedia_type\":\"Picture\",\"picture_url\":\"https:\/\/fotos15.inmovilla.com\/12732\/24911838\/6-10.jpg\",\"position\":10,\"picture_id\":10,\"media_id\":143817,\"post_id\":194414,\"id\":10,\"attachment_id\":0,\"url\":\"https:\/\/fotos15.inmovilla.com\/12732\/24911838\/6-10.jpg\",\"basename\":\"6-10.jpg\",\"created_date\":\"2026-04-30 15:02:35\",\"is_downloaded\":0,\"is_using_remote\":1},{\"multimedia_type\":\"Picture\",\"picture_url\":\"https:\/\/fotos15.inmovilla.com\/12732\/24911838\/6-11.jpg\",\"position\":11,\"picture_id\":11,\"media_id\":143818,\"post_id\":194414,\"id\":11,\"attachment_id\":0,\"url\":\"https:\/\/fotos15.inmovilla.com\/12732\/24911838\/6-11.jpg\",\"basename\":\"6-11.jpg\",\"created_date\":\"2026-04-30 15:02:35\",\"is_downloaded\":0,\"is_using_remote\":1},{\"multimedia_type\":\"Picture\",\"picture_url\":\"https:\/\/fotos15.inmovilla.com\/12732\/24911838\/6-12.jpg\",\"position\":12,\"picture_id\":12,\"media_id\":143819,\"post_id\":194414,\"id\":12,\"attachment_id\":0,\"url\":\"https:\/\/fotos15.inmovilla.com\/12732\/24911838\/6-12.jpg\",\"basename\":\"6-12.jpg\",\"created_date\":\"2026-04-30 15:02:35\",\"is_downloaded\":0,\"is_using_remote\":1},{\"multimedia_type\":\"Picture\",\"picture_url\":\"https:\/\/fotos15.inmovilla.com\/12732\/24911838\/6-13.jpg\",\"position\":13,\"picture_id\":13,\"media_id\":143820,\"post_id\":194414,\"id\":13,\"attachment_id\":0,\"url\":\"https:\/\/fotos15.inmovilla.com\/12732\/24911838\/6-13.jpg\",\"basename\":\"6-13.jpg\",\"created_date\":\"2026-04-30 15:02:35\",\"is_downloaded\":0,\"is_using_remote\":1}]"],"_thumbnail_id":["194415"],"fave_property_images":["194415"],"fave_featured":["1"],"apg_property_id":["24911838"],"_wpml_word_count":["168"],"houzez_featured_listing_date":["2026-04-30 16:48:59"],"_eael_post_view_count":["2"],"houzez_total_property_views":["2"],"houzez_views_by_date":["a:1:{s:10:\"04-30-2026\";i:2;}"],"houzez_recently_viewed":["2026-04-30 21:51:57"],"_elementor_page_assets":["a:0:{}"]},"yoast_head":"<!-- This site is optimized with the Yoast SEO plugin v27.5 - https:\/\/yoast.com\/product\/yoast-seo-wordpress\/ -->\n<title>EXCLUSIVA: Apartament de somni a Cala Santany\u00ed amb vistes al mar - RE\/MAX Drac<\/title>\n<meta name=\"robots\" content=\"index, follow, max-snippet:-1, max-image-preview:large, max-video-preview:-1\" \/>\n<link rel=\"canonical\" href=\"https:\/\/www.santanyi.net\/ca\/property\/exclusiva-apartament-de-somni-a-cala-santanyi-amb-vistes-al-mar-2\/\" \/>\n<meta property=\"og:locale\" content=\"ca_ES\" \/>\n<meta property=\"og:type\" content=\"article\" \/>\n<meta property=\"og:title\" content=\"EXCLUSIVA: Apartament de somni a Cala Santany\u00ed amb vistes al mar - RE\/MAX Drac\" \/>\n<meta property=\"og:description\" content=\"Aquest magn\u00edfic apartament sense moblar, idealment situat, ofereix unes vistes espectaculars al mar. Imagineu-vos despertar cada mat\u00ed amb el so de la brisa marina i admirar postes de sol inoblidables des de la vostra terrassa privada. Aquest encantador apartament inclou: Vistes panor\u00e0miques al mar sense obstacles. Una terrassa perfecta per relaxar-se, sopar a l&#8217;aire lliure [&hellip;]\" \/>\n<meta property=\"og:url\" content=\"https:\/\/www.santanyi.net\/ca\/property\/exclusiva-apartament-de-somni-a-cala-santanyi-amb-vistes-al-mar-2\/\" \/>\n<meta property=\"og:site_name\" content=\"RE\/MAX Drac\" \/>\n<meta property=\"article:modified_time\" content=\"2026-04-30T16:49:00+00:00\" \/>\n<meta property=\"og:image\" content=\"https:\/\/www.santanyi.net\/wp-content\/uploads\/anaconda_property_media\/24911838-194414\/6-1.jpg\" \/>\n\t<meta property=\"og:image:width\" content=\"800\" \/>\n\t<meta property=\"og:image:height\" content=\"600\" \/>\n\t<meta property=\"og:image:type\" content=\"image\/jpeg\" \/>\n<meta name=\"twitter:card\" content=\"summary_large_image\" \/>\n<meta name=\"twitter:label1\" content=\"Temps estimat de lectura\" \/>\n\t<meta name=\"twitter:data1\" content=\"1 minut\" \/>\n<script type=\"application\/ld+json\" class=\"yoast-schema-graph\">{\"@context\":\"https:\\\/\\\/schema.org\",\"@graph\":[{\"@type\":\"WebPage\",\"@id\":\"https:\\\/\\\/www.santanyi.net\\\/ca\\\/property\\\/exclusiva-apartament-de-somni-a-cala-santanyi-amb-vistes-al-mar-2\\\/\",\"url\":\"https:\\\/\\\/www.santanyi.net\\\/ca\\\/property\\\/exclusiva-apartament-de-somni-a-cala-santanyi-amb-vistes-al-mar-2\\\/\",\"name\":\"EXCLUSIVA: Apartament de somni a Cala Santany\u00ed amb vistes al mar - RE\\\/MAX Drac\",\"isPartOf\":{\"@id\":\"https:\\\/\\\/www.santanyi.net\\\/ca\\\/#website\"},\"primaryImageOfPage\":{\"@id\":\"https:\\\/\\\/www.santanyi.net\\\/ca\\\/property\\\/exclusiva-apartament-de-somni-a-cala-santanyi-amb-vistes-al-mar-2\\\/#primaryimage\"},\"image\":{\"@id\":\"https:\\\/\\\/www.santanyi.net\\\/ca\\\/property\\\/exclusiva-apartament-de-somni-a-cala-santanyi-amb-vistes-al-mar-2\\\/#primaryimage\"},\"thumbnailUrl\":\"https:\\\/\\\/www.santanyi.net\\\/wp-content\\\/uploads\\\/anaconda_property_media\\\/24911838-194414\\\/6-1.jpg\",\"datePublished\":\"2026-04-30T15:02:35+00:00\",\"dateModified\":\"2026-04-30T16:49:00+00:00\",\"breadcrumb\":{\"@id\":\"https:\\\/\\\/www.santanyi.net\\\/ca\\\/property\\\/exclusiva-apartament-de-somni-a-cala-santanyi-amb-vistes-al-mar-2\\\/#breadcrumb\"},\"inLanguage\":\"ca\",\"potentialAction\":[{\"@type\":\"ReadAction\",\"target\":[\"https:\\\/\\\/www.santanyi.net\\\/ca\\\/property\\\/exclusiva-apartament-de-somni-a-cala-santanyi-amb-vistes-al-mar-2\\\/\"]}]},{\"@type\":\"ImageObject\",\"inLanguage\":\"ca\",\"@id\":\"https:\\\/\\\/www.santanyi.net\\\/ca\\\/property\\\/exclusiva-apartament-de-somni-a-cala-santanyi-amb-vistes-al-mar-2\\\/#primaryimage\",\"url\":\"https:\\\/\\\/www.santanyi.net\\\/wp-content\\\/uploads\\\/anaconda_property_media\\\/24911838-194414\\\/6-1.jpg\",\"contentUrl\":\"https:\\\/\\\/www.santanyi.net\\\/wp-content\\\/uploads\\\/anaconda_property_media\\\/24911838-194414\\\/6-1.jpg\",\"width\":800,\"height\":600},{\"@type\":\"BreadcrumbList\",\"@id\":\"https:\\\/\\\/www.santanyi.net\\\/ca\\\/property\\\/exclusiva-apartament-de-somni-a-cala-santanyi-amb-vistes-al-mar-2\\\/#breadcrumb\",\"itemListElement\":[{\"@type\":\"ListItem\",\"position\":1,\"name\":\"Home\",\"item\":\"https:\\\/\\\/www.santanyi.net\\\/ca\\\/\"},{\"@type\":\"ListItem\",\"position\":2,\"name\":\"Properties\",\"item\":\"https:\\\/\\\/www.santanyi.net\\\/ca\\\/property\\\/\"},{\"@type\":\"ListItem\",\"position\":3,\"name\":\"EXCLUSIVA: Apartament de somni a Cala Santany\u00ed amb vistes al mar\"}]},{\"@type\":\"WebSite\",\"@id\":\"https:\\\/\\\/www.santanyi.net\\\/ca\\\/#website\",\"url\":\"https:\\\/\\\/www.santanyi.net\\\/ca\\\/\",\"name\":\"RE\\\/MAX Drac\",\"description\":\"\",\"publisher\":{\"@id\":\"https:\\\/\\\/www.santanyi.net\\\/ca\\\/#organization\"},\"potentialAction\":[{\"@type\":\"SearchAction\",\"target\":{\"@type\":\"EntryPoint\",\"urlTemplate\":\"https:\\\/\\\/www.santanyi.net\\\/ca\\\/?s={search_term_string}\"},\"query-input\":{\"@type\":\"PropertyValueSpecification\",\"valueRequired\":true,\"valueName\":\"search_term_string\"}}],\"inLanguage\":\"ca\"},{\"@type\":\"Organization\",\"@id\":\"https:\\\/\\\/www.santanyi.net\\\/ca\\\/#organization\",\"name\":\"RE\\\/MAX Drac\",\"url\":\"https:\\\/\\\/www.santanyi.net\\\/ca\\\/\",\"logo\":{\"@type\":\"ImageObject\",\"inLanguage\":\"ca\",\"@id\":\"https:\\\/\\\/www.santanyi.net\\\/ca\\\/#\\\/schema\\\/logo\\\/image\\\/\",\"url\":\"https:\\\/\\\/www.santanyi.net\\\/wp-content\\\/uploads\\\/2025\\\/07\\\/logo-nuevo.png\",\"contentUrl\":\"https:\\\/\\\/www.santanyi.net\\\/wp-content\\\/uploads\\\/2025\\\/07\\\/logo-nuevo.png\",\"width\":295,\"height\":165,\"caption\":\"RE\\\/MAX Drac\"},\"image\":{\"@id\":\"https:\\\/\\\/www.santanyi.net\\\/ca\\\/#\\\/schema\\\/logo\\\/image\\\/\"}}]}<\/script>\n<!-- \/ Yoast SEO plugin. -->","yoast_head_json":{"title":"EXCLUSIVA: Apartament de somni a Cala Santany\u00ed amb vistes al mar - RE\/MAX Drac","robots":{"index":"index","follow":"follow","max-snippet":"max-snippet:-1","max-image-preview":"max-image-preview:large","max-video-preview":"max-video-preview:-1"},"canonical":"https:\/\/www.santanyi.net\/ca\/property\/exclusiva-apartament-de-somni-a-cala-santanyi-amb-vistes-al-mar-2\/","og_locale":"ca_ES","og_type":"article","og_title":"EXCLUSIVA: Apartament de somni a Cala Santany\u00ed amb vistes al mar - RE\/MAX Drac","og_description":"Aquest magn\u00edfic apartament sense moblar, idealment situat, ofereix unes vistes espectaculars al mar. Imagineu-vos despertar cada mat\u00ed amb el so de la brisa marina i admirar postes de sol inoblidables des de la vostra terrassa privada. Aquest encantador apartament inclou: Vistes panor\u00e0miques al mar sense obstacles. Una terrassa perfecta per relaxar-se, sopar a l&#8217;aire lliure [&hellip;]","og_url":"https:\/\/www.santanyi.net\/ca\/property\/exclusiva-apartament-de-somni-a-cala-santanyi-amb-vistes-al-mar-2\/","og_site_name":"RE\/MAX Drac","article_modified_time":"2026-04-30T16:49:00+00:00","og_image":[{"width":800,"height":600,"url":"https:\/\/www.santanyi.net\/wp-content\/uploads\/anaconda_property_media\/24911838-194414\/6-1.jpg","type":"image\/jpeg"}],"twitter_card":"summary_large_image","twitter_misc":{"Temps estimat de lectura":"1 minut"},"schema":{"@context":"https:\/\/schema.org","@graph":[{"@type":"WebPage","@id":"https:\/\/www.santanyi.net\/ca\/property\/exclusiva-apartament-de-somni-a-cala-santanyi-amb-vistes-al-mar-2\/","url":"https:\/\/www.santanyi.net\/ca\/property\/exclusiva-apartament-de-somni-a-cala-santanyi-amb-vistes-al-mar-2\/","name":"EXCLUSIVA: Apartament de somni a Cala Santany\u00ed amb vistes al mar - RE\/MAX Drac","isPartOf":{"@id":"https:\/\/www.santanyi.net\/ca\/#website"},"primaryImageOfPage":{"@id":"https:\/\/www.santanyi.net\/ca\/property\/exclusiva-apartament-de-somni-a-cala-santanyi-amb-vistes-al-mar-2\/#primaryimage"},"image":{"@id":"https:\/\/www.santanyi.net\/ca\/property\/exclusiva-apartament-de-somni-a-cala-santanyi-amb-vistes-al-mar-2\/#primaryimage"},"thumbnailUrl":"https:\/\/www.santanyi.net\/wp-content\/uploads\/anaconda_property_media\/24911838-194414\/6-1.jpg","datePublished":"2026-04-30T15:02:35+00:00","dateModified":"2026-04-30T16:49:00+00:00","breadcrumb":{"@id":"https:\/\/www.santanyi.net\/ca\/property\/exclusiva-apartament-de-somni-a-cala-santanyi-amb-vistes-al-mar-2\/#breadcrumb"},"inLanguage":"ca","potentialAction":[{"@type":"ReadAction","target":["https:\/\/www.santanyi.net\/ca\/property\/exclusiva-apartament-de-somni-a-cala-santanyi-amb-vistes-al-mar-2\/"]}]},{"@type":"ImageObject","inLanguage":"ca","@id":"https:\/\/www.santanyi.net\/ca\/property\/exclusiva-apartament-de-somni-a-cala-santanyi-amb-vistes-al-mar-2\/#primaryimage","url":"https:\/\/www.santanyi.net\/wp-content\/uploads\/anaconda_property_media\/24911838-194414\/6-1.jpg","contentUrl":"https:\/\/www.santanyi.net\/wp-content\/uploads\/anaconda_property_media\/24911838-194414\/6-1.jpg","width":800,"height":600},{"@type":"BreadcrumbList","@id":"https:\/\/www.santanyi.net\/ca\/property\/exclusiva-apartament-de-somni-a-cala-santanyi-amb-vistes-al-mar-2\/#breadcrumb","itemListElement":[{"@type":"ListItem","position":1,"name":"Home","item":"https:\/\/www.santanyi.net\/ca\/"},{"@type":"ListItem","position":2,"name":"Properties","item":"https:\/\/www.santanyi.net\/ca\/property\/"},{"@type":"ListItem","position":3,"name":"EXCLUSIVA: Apartament de somni a Cala Santany\u00ed amb vistes al mar"}]},{"@type":"WebSite","@id":"https:\/\/www.santanyi.net\/ca\/#website","url":"https:\/\/www.santanyi.net\/ca\/","name":"RE\/MAX Drac","description":"","publisher":{"@id":"https:\/\/www.santanyi.net\/ca\/#organization"},"potentialAction":[{"@type":"SearchAction","target":{"@type":"EntryPoint","urlTemplate":"https:\/\/www.santanyi.net\/ca\/?s={search_term_string}"},"query-input":{"@type":"PropertyValueSpecification","valueRequired":true,"valueName":"search_term_string"}}],"inLanguage":"ca"},{"@type":"Organization","@id":"https:\/\/www.santanyi.net\/ca\/#organization","name":"RE\/MAX Drac","url":"https:\/\/www.santanyi.net\/ca\/","logo":{"@type":"ImageObject","inLanguage":"ca","@id":"https:\/\/www.santanyi.net\/ca\/#\/schema\/logo\/image\/","url":"https:\/\/www.santanyi.net\/wp-content\/uploads\/2025\/07\/logo-nuevo.png","contentUrl":"https:\/\/www.santanyi.net\/wp-content\/uploads\/2025\/07\/logo-nuevo.png","width":295,"height":165,"caption":"RE\/MAX Drac"},"image":{"@id":"https:\/\/www.santanyi.net\/ca\/#\/schema\/logo\/image\/"}}]}},"_links":{"self":[{"href":"https:\/\/www.santanyi.net\/ca\/wp-json\/wp\/v2\/properties\/194420","targetHints":{"allow":["GET"]}}],"collection":[{"href":"https:\/\/www.santanyi.net\/ca\/wp-json\/wp\/v2\/properties"}],"about":[{"href":"https:\/\/www.santanyi.net\/ca\/wp-json\/wp\/v2\/types\/property"}],"author":[{"embeddable":true,"href":"https:\/\/www.santanyi.net\/ca\/wp-json\/wp\/v2\/users\/1"}],"version-history":[{"count":1,"href":"https:\/\/www.santanyi.net\/ca\/wp-json\/wp\/v2\/properties\/194420\/revisions"}],"predecessor-version":[{"id":195336,"href":"https:\/\/www.santanyi.net\/ca\/wp-json\/wp\/v2\/properties\/194420\/revisions\/195336"}],"wp:featuredmedia":[{"embeddable":true,"href":"https:\/\/www.santanyi.net\/ca\/wp-json\/wp\/v2\/media\/194415"}],"wp:attachment":[{"href":"https:\/\/www.santanyi.net\/ca\/wp-json\/wp\/v2\/media?parent=194420"}],"wp:term":[{"taxonomy":"property_type","embeddable":true,"href":"https:\/\/www.santanyi.net\/ca\/wp-json\/wp\/v2\/property_type?post=194420"},{"taxonomy":"property_status","embeddable":true,"href":"https:\/\/www.santanyi.net\/ca\/wp-json\/wp\/v2\/property_status?post=194420"},{"taxonomy":"property_feature","embeddable":true,"href":"https:\/\/www.santanyi.net\/ca\/wp-json\/wp\/v2\/property_feature?post=194420"},{"taxonomy":"property_label","embeddable":true,"href":"https:\/\/www.santanyi.net\/ca\/wp-json\/wp\/v2\/property_label?post=194420"},{"taxonomy":"property_country","embeddable":true,"href":"https:\/\/www.santanyi.net\/ca\/wp-json\/wp\/v2\/property_country?post=194420"},{"taxonomy":"property_state","embeddable":true,"href":"https:\/\/www.santanyi.net\/ca\/wp-json\/wp\/v2\/property_state?post=194420"},{"taxonomy":"property_city","embeddable":true,"href":"https:\/\/www.santanyi.net\/ca\/wp-json\/wp\/v2\/property_city?post=194420"},{"taxonomy":"property_area","embeddable":true,"href":"https:\/\/www.santanyi.net\/ca\/wp-json\/wp\/v2\/property_area?post=194420"}],"curies":[{"name":"wp","href":"https:\/\/api.w.org\/{rel}","templated":true}]}}