
{"id":194384,"date":"2026-04-30T15:02:13","date_gmt":"2026-04-30T15:02:13","guid":{"rendered":"https:\/\/www.santanyi.net\/property\/complex-de-10-apartaments-amb-piscina-i-local-comercial-al-costat-del-mar-a-cala-serena\/"},"modified":"2026-05-01T06:04:38","modified_gmt":"2026-05-01T06:04:38","slug":"complex-de-10-apartaments-amb-piscina-i-local-comercial-al-costat-del-mar-a-cala-serena-2","status":"publish","type":"property","link":"https:\/\/www.santanyi.net\/ca\/property\/complex-de-10-apartaments-amb-piscina-i-local-comercial-al-costat-del-mar-a-cala-serena-2\/","title":{"rendered":"Complex de 10 apartaments amb piscina i local comercial al costat del mar a Cala Serena"},"content":{"rendered":"<p>Descobriu aquesta joia en una localitzacions d&#8217;alta demanda a Mallorca.<br \/>Aquest complex amb 1.100 m\u00b2 de superf\u00edcie total a primera l\u00ednia de mar representa una inversi\u00f3 estrat\u00e8gica i amb un potencial de revaloraci\u00f3 inigualable.<\/p>\n<p>El complex consta de 10 apartaments (650 m\u00b2 constru\u00efts) que actualment estan llogats.<br \/>Tots els contractes de lloguer inclouen una cl\u00e0usula de desocupaci\u00f3 davant de la venda.<br \/>Els interiors dels apartaments requereixen una reforma dactualitzaci\u00f3.<\/p>\n<p>El complex compta amb 450 m\u00b2 de piscina i terrasses que han estat totalment reformades, oferint un espai exterior d\u02bbalt standing i llest per ser gaudit.<\/p>\n<p>La combinaci\u00f3 d&#8217;una ubicaci\u00f3 prime, una rendibilitat provada i el marge per maximitzar el valor amb una reforma interior converteix aquesta propietat en un actiu imprescindible per a l&#8217;inversor sofisticat que cerca l&#8217;excel\u00b7l\u00e8ncia a Mallorca.<\/p>\n<p>No deixeu passar l&#8217;oportunitat d&#8217;adquirir un actiu amb flexibilitat i projecci\u00f3!<br \/>Contacti&#8217;ns per rebre el dossier complet.<\/p>\n","protected":false},"excerpt":{"rendered":"<p>Descobriu aquesta joia en una localitzacions d&#8217;alta demanda a Mallorca.Aquest complex amb 1.100 m\u00b2 de superf\u00edcie total a primera l\u00ednia de mar representa una inversi\u00f3 estrat\u00e8gica i amb un potencial de revaloraci\u00f3 inigualable. El complex consta de 10 apartaments (650 m\u00b2 constru\u00efts) que actualment estan llogats.Tots els contractes de lloguer inclouen una cl\u00e0usula de desocupaci\u00f3 [&hellip;]<\/p>\n","protected":false},"author":1,"featured_media":194379,"parent":0,"menu_order":0,"template":"","property_type":[],"property_status":[2103,2096],"property_feature":[],"property_label":[],"property_country":[],"property_state":[],"property_city":[653],"property_area":[676],"class_list":["post-194384","property","type-property","status-publish","has-post-thumbnail","hentry","property_status-venta-ca","property_status-venta","property_city-felanitx","property_area-cala-ferrera-cala-serena"],"acf":[],"property_meta":{"_apg_property_user_edited":["1"],"fave_property_id":["DRAC-LC09AS"],"fave_property_location":["39.38039712,3.24444531,15"],"houzez_geolocation_lat":["39.38039712"],"houzez_geolocation_long":["3.24444531"],"fave_property_price":["2850000"],"fave_property_rent_or_sale":["sale"],"fave_property_year":[null],"fave_property_size_prefix":["m2"],"fave_property_land_postfix":["m2"],"fave_property_size":["650"],"fave_property_map_address":["Cala Ferrera - Cala Serena, 07669 Felanitx"],"fave_property_address":[" , Felanitx 07669"],"fave_property_zip":["07669"],"fave_property_postal_code":["07669"],"fave_property_map":["1"],"apg_is_using_remote_image_url":["1"],"apg_using_remote_image_urls":["[{\"multimedia_type\":\"Picture\",\"picture_url\":\"https:\/\/fotos15.inmovilla.com\/12732\/24621095\/31-1.jpg\",\"position\":1,\"picture_id\":1,\"media_id\":143778,\"post_id\":194378,\"id\":1,\"attachment_id\":0,\"url\":\"https:\/\/fotos15.inmovilla.com\/12732\/24621095\/31-1.jpg\",\"basename\":\"31-1.jpg\",\"created_date\":\"2026-04-30 15:02:14\",\"is_downloaded\":0,\"is_using_remote\":0},{\"multimedia_type\":\"Picture\",\"picture_url\":\"https:\/\/fotos15.inmovilla.com\/12732\/24621095\/31-2.jpg\",\"position\":2,\"picture_id\":2,\"media_id\":143779,\"post_id\":194378,\"id\":2,\"attachment_id\":0,\"url\":\"https:\/\/fotos15.inmovilla.com\/12732\/24621095\/31-2.jpg\",\"basename\":\"31-2.jpg\",\"created_date\":\"2026-04-30 15:02:14\",\"is_downloaded\":0,\"is_using_remote\":1},{\"multimedia_type\":\"Picture\",\"picture_url\":\"https:\/\/fotos15.inmovilla.com\/12732\/24621095\/31-3.jpg\",\"position\":3,\"picture_id\":3,\"media_id\":143780,\"post_id\":194378,\"id\":3,\"attachment_id\":0,\"url\":\"https:\/\/fotos15.inmovilla.com\/12732\/24621095\/31-3.jpg\",\"basename\":\"31-3.jpg\",\"created_date\":\"2026-04-30 15:02:14\",\"is_downloaded\":0,\"is_using_remote\":1},{\"multimedia_type\":\"Picture\",\"picture_url\":\"https:\/\/fotos15.inmovilla.com\/12732\/24621095\/31-4.jpg\",\"position\":4,\"picture_id\":4,\"media_id\":143781,\"post_id\":194378,\"id\":4,\"attachment_id\":0,\"url\":\"https:\/\/fotos15.inmovilla.com\/12732\/24621095\/31-4.jpg\",\"basename\":\"31-4.jpg\",\"created_date\":\"2026-04-30 15:02:14\",\"is_downloaded\":0,\"is_using_remote\":1},{\"multimedia_type\":\"Picture\",\"picture_url\":\"https:\/\/fotos15.inmovilla.com\/12732\/24621095\/31-5.jpg\",\"position\":5,\"picture_id\":5,\"media_id\":143782,\"post_id\":194378,\"id\":5,\"attachment_id\":0,\"url\":\"https:\/\/fotos15.inmovilla.com\/12732\/24621095\/31-5.jpg\",\"basename\":\"31-5.jpg\",\"created_date\":\"2026-04-30 15:02:14\",\"is_downloaded\":0,\"is_using_remote\":1},{\"multimedia_type\":\"Picture\",\"picture_url\":\"https:\/\/fotos15.inmovilla.com\/12732\/24621095\/31-6.jpg\",\"position\":6,\"picture_id\":6,\"media_id\":143783,\"post_id\":194378,\"id\":6,\"attachment_id\":0,\"url\":\"https:\/\/fotos15.inmovilla.com\/12732\/24621095\/31-6.jpg\",\"basename\":\"31-6.jpg\",\"created_date\":\"2026-04-30 15:02:14\",\"is_downloaded\":0,\"is_using_remote\":1},{\"multimedia_type\":\"Picture\",\"picture_url\":\"https:\/\/fotos15.inmovilla.com\/12732\/24621095\/31-7.jpg\",\"position\":7,\"picture_id\":7,\"media_id\":143784,\"post_id\":194378,\"id\":7,\"attachment_id\":0,\"url\":\"https:\/\/fotos15.inmovilla.com\/12732\/24621095\/31-7.jpg\",\"basename\":\"31-7.jpg\",\"created_date\":\"2026-04-30 15:02:14\",\"is_downloaded\":0,\"is_using_remote\":1},{\"multimedia_type\":\"Picture\",\"picture_url\":\"https:\/\/fotos15.inmovilla.com\/12732\/24621095\/31-8.jpg\",\"position\":8,\"picture_id\":8,\"media_id\":143785,\"post_id\":194378,\"id\":8,\"attachment_id\":0,\"url\":\"https:\/\/fotos15.inmovilla.com\/12732\/24621095\/31-8.jpg\",\"basename\":\"31-8.jpg\",\"created_date\":\"2026-04-30 15:02:14\",\"is_downloaded\":0,\"is_using_remote\":1},{\"multimedia_type\":\"Picture\",\"picture_url\":\"https:\/\/fotos15.inmovilla.com\/12732\/24621095\/31-9.jpg\",\"position\":9,\"picture_id\":9,\"media_id\":143786,\"post_id\":194378,\"id\":9,\"attachment_id\":0,\"url\":\"https:\/\/fotos15.inmovilla.com\/12732\/24621095\/31-9.jpg\",\"basename\":\"31-9.jpg\",\"created_date\":\"2026-04-30 15:02:14\",\"is_downloaded\":0,\"is_using_remote\":1}]"],"_thumbnail_id":["194379"],"fave_property_images":["194379"],"apg_property_id":["24621095"],"_wpml_word_count":["184"],"houzez_recently_viewed":["2026-05-01 12:01:20"],"houzez_total_property_views":["3"],"houzez_views_by_date":["a:1:{s:10:\"05-01-2026\";i:3;}"],"_eael_post_view_count":["3"],"_elementor_page_assets":["a:0:{}"]},"yoast_head":"<!-- This site is optimized with the Yoast SEO plugin v27.5 - https:\/\/yoast.com\/product\/yoast-seo-wordpress\/ -->\n<title>Complex de 10 apartaments amb piscina i local comercial al costat del mar a Cala Serena - RE\/MAX Drac<\/title>\n<meta name=\"robots\" content=\"index, follow, max-snippet:-1, max-image-preview:large, max-video-preview:-1\" \/>\n<link rel=\"canonical\" href=\"https:\/\/www.santanyi.net\/ca\/property\/complex-de-10-apartaments-amb-piscina-i-local-comercial-al-costat-del-mar-a-cala-serena-2\/\" \/>\n<meta property=\"og:locale\" content=\"ca_ES\" \/>\n<meta property=\"og:type\" content=\"article\" \/>\n<meta property=\"og:title\" content=\"Complex de 10 apartaments amb piscina i local comercial al costat del mar a Cala Serena - RE\/MAX Drac\" \/>\n<meta property=\"og:description\" content=\"Descobriu aquesta joia en una localitzacions d&#8217;alta demanda a Mallorca.Aquest complex amb 1.100 m\u00b2 de superf\u00edcie total a primera l\u00ednia de mar representa una inversi\u00f3 estrat\u00e8gica i amb un potencial de revaloraci\u00f3 inigualable. El complex consta de 10 apartaments (650 m\u00b2 constru\u00efts) que actualment estan llogats.Tots els contractes de lloguer inclouen una cl\u00e0usula de desocupaci\u00f3 [&hellip;]\" \/>\n<meta property=\"og:url\" content=\"https:\/\/www.santanyi.net\/ca\/property\/complex-de-10-apartaments-amb-piscina-i-local-comercial-al-costat-del-mar-a-cala-serena-2\/\" \/>\n<meta property=\"og:site_name\" content=\"RE\/MAX Drac\" \/>\n<meta property=\"article:modified_time\" content=\"2026-05-01T06:04:38+00:00\" \/>\n<meta property=\"og:image\" content=\"https:\/\/www.santanyi.net\/wp-content\/uploads\/anaconda_property_media\/24621095-194378\/31-1.jpg\" \/>\n\t<meta property=\"og:image:width\" content=\"1920\" \/>\n\t<meta property=\"og:image:height\" content=\"1066\" \/>\n\t<meta property=\"og:image:type\" content=\"image\/jpeg\" \/>\n<meta name=\"twitter:card\" content=\"summary_large_image\" \/>\n<meta name=\"twitter:label1\" content=\"Temps estimat de lectura\" \/>\n\t<meta name=\"twitter:data1\" content=\"1 minut\" \/>\n<script type=\"application\/ld+json\" class=\"yoast-schema-graph\">{\"@context\":\"https:\\\/\\\/schema.org\",\"@graph\":[{\"@type\":\"WebPage\",\"@id\":\"https:\\\/\\\/www.santanyi.net\\\/ca\\\/property\\\/complex-de-10-apartaments-amb-piscina-i-local-comercial-al-costat-del-mar-a-cala-serena-2\\\/\",\"url\":\"https:\\\/\\\/www.santanyi.net\\\/ca\\\/property\\\/complex-de-10-apartaments-amb-piscina-i-local-comercial-al-costat-del-mar-a-cala-serena-2\\\/\",\"name\":\"Complex de 10 apartaments amb piscina i local comercial al costat del mar a Cala Serena - RE\\\/MAX Drac\",\"isPartOf\":{\"@id\":\"https:\\\/\\\/www.santanyi.net\\\/ca\\\/#website\"},\"primaryImageOfPage\":{\"@id\":\"https:\\\/\\\/www.santanyi.net\\\/ca\\\/property\\\/complex-de-10-apartaments-amb-piscina-i-local-comercial-al-costat-del-mar-a-cala-serena-2\\\/#primaryimage\"},\"image\":{\"@id\":\"https:\\\/\\\/www.santanyi.net\\\/ca\\\/property\\\/complex-de-10-apartaments-amb-piscina-i-local-comercial-al-costat-del-mar-a-cala-serena-2\\\/#primaryimage\"},\"thumbnailUrl\":\"https:\\\/\\\/www.santanyi.net\\\/wp-content\\\/uploads\\\/anaconda_property_media\\\/24621095-194378\\\/31-1.jpg\",\"datePublished\":\"2026-04-30T15:02:13+00:00\",\"dateModified\":\"2026-05-01T06:04:38+00:00\",\"breadcrumb\":{\"@id\":\"https:\\\/\\\/www.santanyi.net\\\/ca\\\/property\\\/complex-de-10-apartaments-amb-piscina-i-local-comercial-al-costat-del-mar-a-cala-serena-2\\\/#breadcrumb\"},\"inLanguage\":\"ca\",\"potentialAction\":[{\"@type\":\"ReadAction\",\"target\":[\"https:\\\/\\\/www.santanyi.net\\\/ca\\\/property\\\/complex-de-10-apartaments-amb-piscina-i-local-comercial-al-costat-del-mar-a-cala-serena-2\\\/\"]}]},{\"@type\":\"ImageObject\",\"inLanguage\":\"ca\",\"@id\":\"https:\\\/\\\/www.santanyi.net\\\/ca\\\/property\\\/complex-de-10-apartaments-amb-piscina-i-local-comercial-al-costat-del-mar-a-cala-serena-2\\\/#primaryimage\",\"url\":\"https:\\\/\\\/www.santanyi.net\\\/wp-content\\\/uploads\\\/anaconda_property_media\\\/24621095-194378\\\/31-1.jpg\",\"contentUrl\":\"https:\\\/\\\/www.santanyi.net\\\/wp-content\\\/uploads\\\/anaconda_property_media\\\/24621095-194378\\\/31-1.jpg\",\"width\":1920,\"height\":1066},{\"@type\":\"BreadcrumbList\",\"@id\":\"https:\\\/\\\/www.santanyi.net\\\/ca\\\/property\\\/complex-de-10-apartaments-amb-piscina-i-local-comercial-al-costat-del-mar-a-cala-serena-2\\\/#breadcrumb\",\"itemListElement\":[{\"@type\":\"ListItem\",\"position\":1,\"name\":\"Home\",\"item\":\"https:\\\/\\\/www.santanyi.net\\\/ca\\\/\"},{\"@type\":\"ListItem\",\"position\":2,\"name\":\"Properties\",\"item\":\"https:\\\/\\\/www.santanyi.net\\\/ca\\\/property\\\/\"},{\"@type\":\"ListItem\",\"position\":3,\"name\":\"Complex de 10 apartaments amb piscina i local comercial al costat del mar a Cala Serena\"}]},{\"@type\":\"WebSite\",\"@id\":\"https:\\\/\\\/www.santanyi.net\\\/ca\\\/#website\",\"url\":\"https:\\\/\\\/www.santanyi.net\\\/ca\\\/\",\"name\":\"RE\\\/MAX Drac\",\"description\":\"\",\"publisher\":{\"@id\":\"https:\\\/\\\/www.santanyi.net\\\/ca\\\/#organization\"},\"potentialAction\":[{\"@type\":\"SearchAction\",\"target\":{\"@type\":\"EntryPoint\",\"urlTemplate\":\"https:\\\/\\\/www.santanyi.net\\\/ca\\\/?s={search_term_string}\"},\"query-input\":{\"@type\":\"PropertyValueSpecification\",\"valueRequired\":true,\"valueName\":\"search_term_string\"}}],\"inLanguage\":\"ca\"},{\"@type\":\"Organization\",\"@id\":\"https:\\\/\\\/www.santanyi.net\\\/ca\\\/#organization\",\"name\":\"RE\\\/MAX Drac\",\"url\":\"https:\\\/\\\/www.santanyi.net\\\/ca\\\/\",\"logo\":{\"@type\":\"ImageObject\",\"inLanguage\":\"ca\",\"@id\":\"https:\\\/\\\/www.santanyi.net\\\/ca\\\/#\\\/schema\\\/logo\\\/image\\\/\",\"url\":\"https:\\\/\\\/www.santanyi.net\\\/wp-content\\\/uploads\\\/2025\\\/07\\\/logo-nuevo.png\",\"contentUrl\":\"https:\\\/\\\/www.santanyi.net\\\/wp-content\\\/uploads\\\/2025\\\/07\\\/logo-nuevo.png\",\"width\":295,\"height\":165,\"caption\":\"RE\\\/MAX Drac\"},\"image\":{\"@id\":\"https:\\\/\\\/www.santanyi.net\\\/ca\\\/#\\\/schema\\\/logo\\\/image\\\/\"}}]}<\/script>\n<!-- \/ Yoast SEO plugin. -->","yoast_head_json":{"title":"Complex de 10 apartaments amb piscina i local comercial al costat del mar a Cala Serena - RE\/MAX Drac","robots":{"index":"index","follow":"follow","max-snippet":"max-snippet:-1","max-image-preview":"max-image-preview:large","max-video-preview":"max-video-preview:-1"},"canonical":"https:\/\/www.santanyi.net\/ca\/property\/complex-de-10-apartaments-amb-piscina-i-local-comercial-al-costat-del-mar-a-cala-serena-2\/","og_locale":"ca_ES","og_type":"article","og_title":"Complex de 10 apartaments amb piscina i local comercial al costat del mar a Cala Serena - RE\/MAX Drac","og_description":"Descobriu aquesta joia en una localitzacions d&#8217;alta demanda a Mallorca.Aquest complex amb 1.100 m\u00b2 de superf\u00edcie total a primera l\u00ednia de mar representa una inversi\u00f3 estrat\u00e8gica i amb un potencial de revaloraci\u00f3 inigualable. El complex consta de 10 apartaments (650 m\u00b2 constru\u00efts) que actualment estan llogats.Tots els contractes de lloguer inclouen una cl\u00e0usula de desocupaci\u00f3 [&hellip;]","og_url":"https:\/\/www.santanyi.net\/ca\/property\/complex-de-10-apartaments-amb-piscina-i-local-comercial-al-costat-del-mar-a-cala-serena-2\/","og_site_name":"RE\/MAX Drac","article_modified_time":"2026-05-01T06:04:38+00:00","og_image":[{"width":1920,"height":1066,"url":"https:\/\/www.santanyi.net\/wp-content\/uploads\/anaconda_property_media\/24621095-194378\/31-1.jpg","type":"image\/jpeg"}],"twitter_card":"summary_large_image","twitter_misc":{"Temps estimat de lectura":"1 minut"},"schema":{"@context":"https:\/\/schema.org","@graph":[{"@type":"WebPage","@id":"https:\/\/www.santanyi.net\/ca\/property\/complex-de-10-apartaments-amb-piscina-i-local-comercial-al-costat-del-mar-a-cala-serena-2\/","url":"https:\/\/www.santanyi.net\/ca\/property\/complex-de-10-apartaments-amb-piscina-i-local-comercial-al-costat-del-mar-a-cala-serena-2\/","name":"Complex de 10 apartaments amb piscina i local comercial al costat del mar a Cala Serena - RE\/MAX Drac","isPartOf":{"@id":"https:\/\/www.santanyi.net\/ca\/#website"},"primaryImageOfPage":{"@id":"https:\/\/www.santanyi.net\/ca\/property\/complex-de-10-apartaments-amb-piscina-i-local-comercial-al-costat-del-mar-a-cala-serena-2\/#primaryimage"},"image":{"@id":"https:\/\/www.santanyi.net\/ca\/property\/complex-de-10-apartaments-amb-piscina-i-local-comercial-al-costat-del-mar-a-cala-serena-2\/#primaryimage"},"thumbnailUrl":"https:\/\/www.santanyi.net\/wp-content\/uploads\/anaconda_property_media\/24621095-194378\/31-1.jpg","datePublished":"2026-04-30T15:02:13+00:00","dateModified":"2026-05-01T06:04:38+00:00","breadcrumb":{"@id":"https:\/\/www.santanyi.net\/ca\/property\/complex-de-10-apartaments-amb-piscina-i-local-comercial-al-costat-del-mar-a-cala-serena-2\/#breadcrumb"},"inLanguage":"ca","potentialAction":[{"@type":"ReadAction","target":["https:\/\/www.santanyi.net\/ca\/property\/complex-de-10-apartaments-amb-piscina-i-local-comercial-al-costat-del-mar-a-cala-serena-2\/"]}]},{"@type":"ImageObject","inLanguage":"ca","@id":"https:\/\/www.santanyi.net\/ca\/property\/complex-de-10-apartaments-amb-piscina-i-local-comercial-al-costat-del-mar-a-cala-serena-2\/#primaryimage","url":"https:\/\/www.santanyi.net\/wp-content\/uploads\/anaconda_property_media\/24621095-194378\/31-1.jpg","contentUrl":"https:\/\/www.santanyi.net\/wp-content\/uploads\/anaconda_property_media\/24621095-194378\/31-1.jpg","width":1920,"height":1066},{"@type":"BreadcrumbList","@id":"https:\/\/www.santanyi.net\/ca\/property\/complex-de-10-apartaments-amb-piscina-i-local-comercial-al-costat-del-mar-a-cala-serena-2\/#breadcrumb","itemListElement":[{"@type":"ListItem","position":1,"name":"Home","item":"https:\/\/www.santanyi.net\/ca\/"},{"@type":"ListItem","position":2,"name":"Properties","item":"https:\/\/www.santanyi.net\/ca\/property\/"},{"@type":"ListItem","position":3,"name":"Complex de 10 apartaments amb piscina i local comercial al costat del mar a Cala Serena"}]},{"@type":"WebSite","@id":"https:\/\/www.santanyi.net\/ca\/#website","url":"https:\/\/www.santanyi.net\/ca\/","name":"RE\/MAX Drac","description":"","publisher":{"@id":"https:\/\/www.santanyi.net\/ca\/#organization"},"potentialAction":[{"@type":"SearchAction","target":{"@type":"EntryPoint","urlTemplate":"https:\/\/www.santanyi.net\/ca\/?s={search_term_string}"},"query-input":{"@type":"PropertyValueSpecification","valueRequired":true,"valueName":"search_term_string"}}],"inLanguage":"ca"},{"@type":"Organization","@id":"https:\/\/www.santanyi.net\/ca\/#organization","name":"RE\/MAX Drac","url":"https:\/\/www.santanyi.net\/ca\/","logo":{"@type":"ImageObject","inLanguage":"ca","@id":"https:\/\/www.santanyi.net\/ca\/#\/schema\/logo\/image\/","url":"https:\/\/www.santanyi.net\/wp-content\/uploads\/2025\/07\/logo-nuevo.png","contentUrl":"https:\/\/www.santanyi.net\/wp-content\/uploads\/2025\/07\/logo-nuevo.png","width":295,"height":165,"caption":"RE\/MAX Drac"},"image":{"@id":"https:\/\/www.santanyi.net\/ca\/#\/schema\/logo\/image\/"}}]}},"_links":{"self":[{"href":"https:\/\/www.santanyi.net\/ca\/wp-json\/wp\/v2\/properties\/194384","targetHints":{"allow":["GET"]}}],"collection":[{"href":"https:\/\/www.santanyi.net\/ca\/wp-json\/wp\/v2\/properties"}],"about":[{"href":"https:\/\/www.santanyi.net\/ca\/wp-json\/wp\/v2\/types\/property"}],"author":[{"embeddable":true,"href":"https:\/\/www.santanyi.net\/ca\/wp-json\/wp\/v2\/users\/1"}],"version-history":[{"count":2,"href":"https:\/\/www.santanyi.net\/ca\/wp-json\/wp\/v2\/properties\/194384\/revisions"}],"predecessor-version":[{"id":195834,"href":"https:\/\/www.santanyi.net\/ca\/wp-json\/wp\/v2\/properties\/194384\/revisions\/195834"}],"wp:featuredmedia":[{"embeddable":true,"href":"https:\/\/www.santanyi.net\/ca\/wp-json\/wp\/v2\/media\/194379"}],"wp:attachment":[{"href":"https:\/\/www.santanyi.net\/ca\/wp-json\/wp\/v2\/media?parent=194384"}],"wp:term":[{"taxonomy":"property_type","embeddable":true,"href":"https:\/\/www.santanyi.net\/ca\/wp-json\/wp\/v2\/property_type?post=194384"},{"taxonomy":"property_status","embeddable":true,"href":"https:\/\/www.santanyi.net\/ca\/wp-json\/wp\/v2\/property_status?post=194384"},{"taxonomy":"property_feature","embeddable":true,"href":"https:\/\/www.santanyi.net\/ca\/wp-json\/wp\/v2\/property_feature?post=194384"},{"taxonomy":"property_label","embeddable":true,"href":"https:\/\/www.santanyi.net\/ca\/wp-json\/wp\/v2\/property_label?post=194384"},{"taxonomy":"property_country","embeddable":true,"href":"https:\/\/www.santanyi.net\/ca\/wp-json\/wp\/v2\/property_country?post=194384"},{"taxonomy":"property_state","embeddable":true,"href":"https:\/\/www.santanyi.net\/ca\/wp-json\/wp\/v2\/property_state?post=194384"},{"taxonomy":"property_city","embeddable":true,"href":"https:\/\/www.santanyi.net\/ca\/wp-json\/wp\/v2\/property_city?post=194384"},{"taxonomy":"property_area","embeddable":true,"href":"https:\/\/www.santanyi.net\/ca\/wp-json\/wp\/v2\/property_area?post=194384"}],"curies":[{"name":"wp","href":"https:\/\/api.w.org\/{rel}","templated":true}]}}