
{"id":194368,"date":"2026-04-30T15:02:03","date_gmt":"2026-04-30T15:02:03","guid":{"rendered":"https:\/\/www.santanyi.net\/property\/encantadora-finca-mallorquina-a-zona-tranquil%c2%b7la-amb-llicencia-turistica-a-prop-de-cala-dor\/"},"modified":"2026-05-01T06:04:34","modified_gmt":"2026-05-01T06:04:34","slug":"encantadora-finca-mallorquina-a-zona-tranquil%c2%b7la-amb-llicencia-turistica-a-prop-de-cala-dor-3","status":"publish","type":"property","link":"https:\/\/www.santanyi.net\/ca\/property\/encantadora-finca-mallorquina-a-zona-tranquil%c2%b7la-amb-llicencia-turistica-a-prop-de-cala-dor-3\/","title":{"rendered":"Encantadora finca mallorquina a zona tranquil\u00b7la, amb llic\u00e8ncia tur\u00edstica a prop de Cala D&#8217;Or"},"content":{"rendered":"<p>Aquesta magn\u00edfica finca mallorquina es troba en una ubicaci\u00f3 extremadament tranquil\u00b7la, a poca dist\u00e0ncia del mar i del poble de Cala d&#8217;Or, i envoltada per un exuberant jard\u00ed mediterrani.<\/p>\n<p>Amb una superf\u00edcie habitable aproximada de 450 m\u00b2, l\u00b4habitatge ofereix espais lluminosos i acollidors, real\u00e7ats per l\u00b4\u00fas de materials naturals i acabats elegants. Les parets de pedra, els terres en tons sorres i els sostres alts aporten a la casa una atmosfera c\u00e0lida i aut\u00e8nticament mediterr\u00e0nia.<br \/>El jard\u00ed, acuradament dissenyat i enriquit amb palmeres, arbres i plantes aut\u00f2ctones de l&#8217;illa, garanteix privadesa i serenitat. Nombroses zones de descans i \u00e0rees de menjador exterior conviden a gaudir plenament de la tranquil\u00b7litat de l&#8217;entorn.<\/p>\n<p>La casa principal disposa de cinc dormitoris, cadascun amb bany en suite, aix\u00ed com una terrassa espl\u00e8ndida parcialment coberta des de la qual es pot contemplar una encantadora vista panor\u00e0mica.<br \/>A m\u00e9s, una petita finca independent permet allotjar convidats o familiars, oferint-los el mateix nivell de confort en un entorn ple d\u00b4encant.<br \/>La piscina de 12 x 5 metres, envoltada per una terrassa sol\u00e0rium \u00e0mplia, constitueix l&#8217;espai ideal per relaxar-se i refrescar-se durant els dies d&#8217;estiu.<br \/>La propietat compta amb un ampli garatge que permet aparcar amb tota comoditat i disposa de llic\u00e8ncia tur\u00edstica vigent.<\/p>\n<p>Equipada amb calefacci\u00f3 central i aire condicionat, aquesta propietat combina a la perfecci\u00f3 eleg\u00e0ncia, confort i autenticitat. Un aut\u00e8ntic refugi mallorqu\u00ed on gaudir de la pau i el benestar, immers en la bellesa natural del sud-est de Mallorca.<\/p>\n","protected":false},"excerpt":{"rendered":"<p>Aquesta magn\u00edfica finca mallorquina es troba en una ubicaci\u00f3 extremadament tranquil\u00b7la, a poca dist\u00e0ncia del mar i del poble de Cala d&#8217;Or, i envoltada per un exuberant jard\u00ed mediterrani. Amb una superf\u00edcie habitable aproximada de 450 m\u00b2, l\u00b4habitatge ofereix espais lluminosos i acollidors, real\u00e7ats per l\u00b4\u00fas de materials naturals i acabats elegants. Les parets de [&hellip;]<\/p>\n","protected":false},"author":1,"featured_media":194363,"parent":0,"menu_order":0,"template":"","property_type":[2250],"property_status":[2096,2103],"property_feature":[1803,1769,1767,1806,1811,1775],"property_label":[],"property_country":[],"property_state":[],"property_city":[635],"property_area":[645],"class_list":["post-194368","property","type-property","status-publish","has-post-thumbnail","hentry","property_type-villa-ca","property_status-venta","property_status-venta-ca","property_feature-calefaccion-ca","property_feature-calefaccion","property_feature-jardin","property_feature-jardin-ca","property_feature-piscina_prop-ca","property_feature-piscina_prop","property_city-santanyi","property_area-cala-dor"],"acf":[],"property_meta":{"_apg_property_user_edited":["1"],"fave_property_id":["DRAC-CV1564CR"],"fave_property_location":["39.389749174316,3.2072482186987,15"],"houzez_geolocation_lat":["39.389749174316"],"houzez_geolocation_long":["3.2072482186987"],"fave_property_price":["2800000"],"fave_property_rent_or_sale":["sale"],"fave_property_year":[null],"fave_property_size_prefix":["m2"],"fave_property_land_postfix":["m2"],"fave_property_size":["444"],"fave_property_land":["9500"],"fave_property_bedrooms":["5"],"fave_property_bathrooms":["5"],"fave_property_garage":["2"],"fave_property_map_address":["Cala dOr, 07669 Santany\u00ed"],"fave_property_address":[" , Santany\u00ed 07669"],"fave_property_zip":["07669"],"fave_property_postal_code":["07669"],"fave_property_map":["1"],"apg_is_using_remote_image_url":["1"],"apg_using_remote_image_urls":["[{\"multimedia_type\":\"Picture\",\"picture_url\":\"https:\/\/fotos15.inmovilla.com\/12732\/27675910\/6-1.jpg\",\"position\":1,\"picture_id\":1,\"media_id\":143705,\"post_id\":194362,\"id\":1,\"attachment_id\":0,\"url\":\"https:\/\/fotos15.inmovilla.com\/12732\/27675910\/6-1.jpg\",\"basename\":\"6-1.jpg\",\"created_date\":\"2026-04-30 15:02:03\",\"is_downloaded\":0,\"is_using_remote\":0},{\"multimedia_type\":\"Picture\",\"picture_url\":\"https:\/\/fotos15.inmovilla.com\/12732\/27675910\/6-2.jpg\",\"position\":2,\"picture_id\":2,\"media_id\":143706,\"post_id\":194362,\"id\":2,\"attachment_id\":0,\"url\":\"https:\/\/fotos15.inmovilla.com\/12732\/27675910\/6-2.jpg\",\"basename\":\"6-2.jpg\",\"created_date\":\"2026-04-30 15:02:03\",\"is_downloaded\":0,\"is_using_remote\":1},{\"multimedia_type\":\"Picture\",\"picture_url\":\"https:\/\/fotos15.inmovilla.com\/12732\/27675910\/6-3.jpg\",\"position\":3,\"picture_id\":3,\"media_id\":143707,\"post_id\":194362,\"id\":3,\"attachment_id\":0,\"url\":\"https:\/\/fotos15.inmovilla.com\/12732\/27675910\/6-3.jpg\",\"basename\":\"6-3.jpg\",\"created_date\":\"2026-04-30 15:02:03\",\"is_downloaded\":0,\"is_using_remote\":1},{\"multimedia_type\":\"Picture\",\"picture_url\":\"https:\/\/fotos15.inmovilla.com\/12732\/27675910\/6-4.jpg\",\"position\":4,\"picture_id\":4,\"media_id\":143708,\"post_id\":194362,\"id\":4,\"attachment_id\":0,\"url\":\"https:\/\/fotos15.inmovilla.com\/12732\/27675910\/6-4.jpg\",\"basename\":\"6-4.jpg\",\"created_date\":\"2026-04-30 15:02:03\",\"is_downloaded\":0,\"is_using_remote\":1},{\"multimedia_type\":\"Picture\",\"picture_url\":\"https:\/\/fotos15.inmovilla.com\/12732\/27675910\/6-5.jpg\",\"position\":5,\"picture_id\":5,\"media_id\":143709,\"post_id\":194362,\"id\":5,\"attachment_id\":0,\"url\":\"https:\/\/fotos15.inmovilla.com\/12732\/27675910\/6-5.jpg\",\"basename\":\"6-5.jpg\",\"created_date\":\"2026-04-30 15:02:03\",\"is_downloaded\":0,\"is_using_remote\":1},{\"multimedia_type\":\"Picture\",\"picture_url\":\"https:\/\/fotos15.inmovilla.com\/12732\/27675910\/6-6.jpg\",\"position\":6,\"picture_id\":6,\"media_id\":143710,\"post_id\":194362,\"id\":6,\"attachment_id\":0,\"url\":\"https:\/\/fotos15.inmovilla.com\/12732\/27675910\/6-6.jpg\",\"basename\":\"6-6.jpg\",\"created_date\":\"2026-04-30 15:02:03\",\"is_downloaded\":0,\"is_using_remote\":1},{\"multimedia_type\":\"Picture\",\"picture_url\":\"https:\/\/fotos15.inmovilla.com\/12732\/27675910\/6-7.jpg\",\"position\":7,\"picture_id\":7,\"media_id\":143711,\"post_id\":194362,\"id\":7,\"attachment_id\":0,\"url\":\"https:\/\/fotos15.inmovilla.com\/12732\/27675910\/6-7.jpg\",\"basename\":\"6-7.jpg\",\"created_date\":\"2026-04-30 15:02:03\",\"is_downloaded\":0,\"is_using_remote\":1},{\"multimedia_type\":\"Picture\",\"picture_url\":\"https:\/\/fotos15.inmovilla.com\/12732\/27675910\/6-8.jpg\",\"position\":8,\"picture_id\":8,\"media_id\":143712,\"post_id\":194362,\"id\":8,\"attachment_id\":0,\"url\":\"https:\/\/fotos15.inmovilla.com\/12732\/27675910\/6-8.jpg\",\"basename\":\"6-8.jpg\",\"created_date\":\"2026-04-30 15:02:03\",\"is_downloaded\":0,\"is_using_remote\":1},{\"multimedia_type\":\"Picture\",\"picture_url\":\"https:\/\/fotos15.inmovilla.com\/12732\/27675910\/6-9.jpg\",\"position\":9,\"picture_id\":9,\"media_id\":143713,\"post_id\":194362,\"id\":9,\"attachment_id\":0,\"url\":\"https:\/\/fotos15.inmovilla.com\/12732\/27675910\/6-9.jpg\",\"basename\":\"6-9.jpg\",\"created_date\":\"2026-04-30 15:02:03\",\"is_downloaded\":0,\"is_using_remote\":1},{\"multimedia_type\":\"Picture\",\"picture_url\":\"https:\/\/fotos15.inmovilla.com\/12732\/27675910\/6-10.jpg\",\"position\":10,\"picture_id\":10,\"media_id\":143714,\"post_id\":194362,\"id\":10,\"attachment_id\":0,\"url\":\"https:\/\/fotos15.inmovilla.com\/12732\/27675910\/6-10.jpg\",\"basename\":\"6-10.jpg\",\"created_date\":\"2026-04-30 15:02:03\",\"is_downloaded\":0,\"is_using_remote\":1},{\"multimedia_type\":\"Picture\",\"picture_url\":\"https:\/\/fotos15.inmovilla.com\/12732\/27675910\/6-11.jpg\",\"position\":11,\"picture_id\":11,\"media_id\":143715,\"post_id\":194362,\"id\":11,\"attachment_id\":0,\"url\":\"https:\/\/fotos15.inmovilla.com\/12732\/27675910\/6-11.jpg\",\"basename\":\"6-11.jpg\",\"created_date\":\"2026-04-30 15:02:03\",\"is_downloaded\":0,\"is_using_remote\":1},{\"multimedia_type\":\"Picture\",\"picture_url\":\"https:\/\/fotos15.inmovilla.com\/12732\/27675910\/6-12.jpg\",\"position\":12,\"picture_id\":12,\"media_id\":143716,\"post_id\":194362,\"id\":12,\"attachment_id\":0,\"url\":\"https:\/\/fotos15.inmovilla.com\/12732\/27675910\/6-12.jpg\",\"basename\":\"6-12.jpg\",\"created_date\":\"2026-04-30 15:02:03\",\"is_downloaded\":0,\"is_using_remote\":1},{\"multimedia_type\":\"Picture\",\"picture_url\":\"https:\/\/fotos15.inmovilla.com\/12732\/27675910\/6-13.jpg\",\"position\":13,\"picture_id\":13,\"media_id\":143717,\"post_id\":194362,\"id\":13,\"attachment_id\":0,\"url\":\"https:\/\/fotos15.inmovilla.com\/12732\/27675910\/6-13.jpg\",\"basename\":\"6-13.jpg\",\"created_date\":\"2026-04-30 15:02:03\",\"is_downloaded\":0,\"is_using_remote\":1},{\"multimedia_type\":\"Picture\",\"picture_url\":\"https:\/\/fotos15.inmovilla.com\/12732\/27675910\/6-14.jpg\",\"position\":14,\"picture_id\":14,\"media_id\":143718,\"post_id\":194362,\"id\":14,\"attachment_id\":0,\"url\":\"https:\/\/fotos15.inmovilla.com\/12732\/27675910\/6-14.jpg\",\"basename\":\"6-14.jpg\",\"created_date\":\"2026-04-30 15:02:03\",\"is_downloaded\":0,\"is_using_remote\":1},{\"multimedia_type\":\"Picture\",\"picture_url\":\"https:\/\/fotos15.inmovilla.com\/12732\/27675910\/6-15.jpg\",\"position\":15,\"picture_id\":15,\"media_id\":143719,\"post_id\":194362,\"id\":15,\"attachment_id\":0,\"url\":\"https:\/\/fotos15.inmovilla.com\/12732\/27675910\/6-15.jpg\",\"basename\":\"6-15.jpg\",\"created_date\":\"2026-04-30 15:02:03\",\"is_downloaded\":0,\"is_using_remote\":1},{\"multimedia_type\":\"Picture\",\"picture_url\":\"https:\/\/fotos15.inmovilla.com\/12732\/27675910\/6-16.jpg\",\"position\":16,\"picture_id\":16,\"media_id\":143720,\"post_id\":194362,\"id\":16,\"attachment_id\":0,\"url\":\"https:\/\/fotos15.inmovilla.com\/12732\/27675910\/6-16.jpg\",\"basename\":\"6-16.jpg\",\"created_date\":\"2026-04-30 15:02:03\",\"is_downloaded\":0,\"is_using_remote\":1},{\"multimedia_type\":\"Picture\",\"picture_url\":\"https:\/\/fotos15.inmovilla.com\/12732\/27675910\/6-17.jpg\",\"position\":17,\"picture_id\":17,\"media_id\":143721,\"post_id\":194362,\"id\":17,\"attachment_id\":0,\"url\":\"https:\/\/fotos15.inmovilla.com\/12732\/27675910\/6-17.jpg\",\"basename\":\"6-17.jpg\",\"created_date\":\"2026-04-30 15:02:03\",\"is_downloaded\":0,\"is_using_remote\":1},{\"multimedia_type\":\"Picture\",\"picture_url\":\"https:\/\/fotos15.inmovilla.com\/12732\/27675910\/6-18.jpg\",\"position\":18,\"picture_id\":18,\"media_id\":143722,\"post_id\":194362,\"id\":18,\"attachment_id\":0,\"url\":\"https:\/\/fotos15.inmovilla.com\/12732\/27675910\/6-18.jpg\",\"basename\":\"6-18.jpg\",\"created_date\":\"2026-04-30 15:02:03\",\"is_downloaded\":0,\"is_using_remote\":1},{\"multimedia_type\":\"Picture\",\"picture_url\":\"https:\/\/fotos15.inmovilla.com\/12732\/27675910\/6-19.jpg\",\"position\":19,\"picture_id\":19,\"media_id\":143723,\"post_id\":194362,\"id\":19,\"attachment_id\":0,\"url\":\"https:\/\/fotos15.inmovilla.com\/12732\/27675910\/6-19.jpg\",\"basename\":\"6-19.jpg\",\"created_date\":\"2026-04-30 15:02:03\",\"is_downloaded\":0,\"is_using_remote\":1},{\"multimedia_type\":\"Picture\",\"picture_url\":\"https:\/\/fotos15.inmovilla.com\/12732\/27675910\/6-20.jpg\",\"position\":20,\"picture_id\":20,\"media_id\":143724,\"post_id\":194362,\"id\":20,\"attachment_id\":0,\"url\":\"https:\/\/fotos15.inmovilla.com\/12732\/27675910\/6-20.jpg\",\"basename\":\"6-20.jpg\",\"created_date\":\"2026-04-30 15:02:03\",\"is_downloaded\":0,\"is_using_remote\":1},{\"multimedia_type\":\"Picture\",\"picture_url\":\"https:\/\/fotos15.inmovilla.com\/12732\/27675910\/6-21.jpg\",\"position\":21,\"picture_id\":21,\"media_id\":143725,\"post_id\":194362,\"id\":21,\"attachment_id\":0,\"url\":\"https:\/\/fotos15.inmovilla.com\/12732\/27675910\/6-21.jpg\",\"basename\":\"6-21.jpg\",\"created_date\":\"2026-04-30 15:02:03\",\"is_downloaded\":0,\"is_using_remote\":1},{\"multimedia_type\":\"Picture\",\"picture_url\":\"https:\/\/fotos15.inmovilla.com\/12732\/27675910\/6-22.jpg\",\"position\":22,\"picture_id\":22,\"media_id\":143726,\"post_id\":194362,\"id\":22,\"attachment_id\":0,\"url\":\"https:\/\/fotos15.inmovilla.com\/12732\/27675910\/6-22.jpg\",\"basename\":\"6-22.jpg\",\"created_date\":\"2026-04-30 15:02:03\",\"is_downloaded\":0,\"is_using_remote\":1},{\"multimedia_type\":\"Picture\",\"picture_url\":\"https:\/\/fotos15.inmovilla.com\/12732\/27675910\/6-23.jpg\",\"position\":23,\"picture_id\":23,\"media_id\":143727,\"post_id\":194362,\"id\":23,\"attachment_id\":0,\"url\":\"https:\/\/fotos15.inmovilla.com\/12732\/27675910\/6-23.jpg\",\"basename\":\"6-23.jpg\",\"created_date\":\"2026-04-30 15:02:03\",\"is_downloaded\":0,\"is_using_remote\":1},{\"multimedia_type\":\"Picture\",\"picture_url\":\"https:\/\/fotos15.inmovilla.com\/12732\/27675910\/6-24.jpg\",\"position\":24,\"picture_id\":24,\"media_id\":143728,\"post_id\":194362,\"id\":24,\"attachment_id\":0,\"url\":\"https:\/\/fotos15.inmovilla.com\/12732\/27675910\/6-24.jpg\",\"basename\":\"6-24.jpg\",\"created_date\":\"2026-04-30 15:02:03\",\"is_downloaded\":0,\"is_using_remote\":1},{\"multimedia_type\":\"Picture\",\"picture_url\":\"https:\/\/fotos15.inmovilla.com\/12732\/27675910\/6-25.jpg\",\"position\":25,\"picture_id\":25,\"media_id\":143729,\"post_id\":194362,\"id\":25,\"attachment_id\":0,\"url\":\"https:\/\/fotos15.inmovilla.com\/12732\/27675910\/6-25.jpg\",\"basename\":\"6-25.jpg\",\"created_date\":\"2026-04-30 15:02:03\",\"is_downloaded\":0,\"is_using_remote\":1},{\"multimedia_type\":\"Picture\",\"picture_url\":\"https:\/\/fotos15.inmovilla.com\/12732\/27675910\/6-26.jpg\",\"position\":26,\"picture_id\":26,\"media_id\":143730,\"post_id\":194362,\"id\":26,\"attachment_id\":0,\"url\":\"https:\/\/fotos15.inmovilla.com\/12732\/27675910\/6-26.jpg\",\"basename\":\"6-26.jpg\",\"created_date\":\"2026-04-30 15:02:03\",\"is_downloaded\":0,\"is_using_remote\":1},{\"multimedia_type\":\"Picture\",\"picture_url\":\"https:\/\/fotos15.inmovilla.com\/12732\/27675910\/6-27.jpg\",\"position\":27,\"picture_id\":27,\"media_id\":143731,\"post_id\":194362,\"id\":27,\"attachment_id\":0,\"url\":\"https:\/\/fotos15.inmovilla.com\/12732\/27675910\/6-27.jpg\",\"basename\":\"6-27.jpg\",\"created_date\":\"2026-04-30 15:02:03\",\"is_downloaded\":0,\"is_using_remote\":1},{\"multimedia_type\":\"Picture\",\"picture_url\":\"https:\/\/fotos15.inmovilla.com\/12732\/27675910\/6-28.jpg\",\"position\":28,\"picture_id\":28,\"media_id\":143732,\"post_id\":194362,\"id\":28,\"attachment_id\":0,\"url\":\"https:\/\/fotos15.inmovilla.com\/12732\/27675910\/6-28.jpg\",\"basename\":\"6-28.jpg\",\"created_date\":\"2026-04-30 15:02:03\",\"is_downloaded\":0,\"is_using_remote\":1},{\"multimedia_type\":\"Picture\",\"picture_url\":\"https:\/\/fotos15.inmovilla.com\/12732\/27675910\/6-29.jpg\",\"position\":29,\"picture_id\":29,\"media_id\":143733,\"post_id\":194362,\"id\":29,\"attachment_id\":0,\"url\":\"https:\/\/fotos15.inmovilla.com\/12732\/27675910\/6-29.jpg\",\"basename\":\"6-29.jpg\",\"created_date\":\"2026-04-30 15:02:03\",\"is_downloaded\":0,\"is_using_remote\":1},{\"multimedia_type\":\"Picture\",\"picture_url\":\"https:\/\/fotos15.inmovilla.com\/12732\/27675910\/6-30.jpg\",\"position\":30,\"picture_id\":30,\"media_id\":143734,\"post_id\":194362,\"id\":30,\"attachment_id\":0,\"url\":\"https:\/\/fotos15.inmovilla.com\/12732\/27675910\/6-30.jpg\",\"basename\":\"6-30.jpg\",\"created_date\":\"2026-04-30 15:02:03\",\"is_downloaded\":0,\"is_using_remote\":1},{\"multimedia_type\":\"Picture\",\"picture_url\":\"https:\/\/fotos15.inmovilla.com\/12732\/27675910\/6-31.jpg\",\"position\":31,\"picture_id\":31,\"media_id\":143735,\"post_id\":194362,\"id\":31,\"attachment_id\":0,\"url\":\"https:\/\/fotos15.inmovilla.com\/12732\/27675910\/6-31.jpg\",\"basename\":\"6-31.jpg\",\"created_date\":\"2026-04-30 15:02:03\",\"is_downloaded\":0,\"is_using_remote\":1},{\"multimedia_type\":\"Picture\",\"picture_url\":\"https:\/\/fotos15.inmovilla.com\/12732\/27675910\/6-32.jpg\",\"position\":32,\"picture_id\":32,\"media_id\":143736,\"post_id\":194362,\"id\":32,\"attachment_id\":0,\"url\":\"https:\/\/fotos15.inmovilla.com\/12732\/27675910\/6-32.jpg\",\"basename\":\"6-32.jpg\",\"created_date\":\"2026-04-30 15:02:03\",\"is_downloaded\":0,\"is_using_remote\":1},{\"multimedia_type\":\"Picture\",\"picture_url\":\"https:\/\/fotos15.inmovilla.com\/12732\/27675910\/6-33.jpg\",\"position\":33,\"picture_id\":33,\"media_id\":143737,\"post_id\":194362,\"id\":33,\"attachment_id\":0,\"url\":\"https:\/\/fotos15.inmovilla.com\/12732\/27675910\/6-33.jpg\",\"basename\":\"6-33.jpg\",\"created_date\":\"2026-04-30 15:02:03\",\"is_downloaded\":0,\"is_using_remote\":1},{\"multimedia_type\":\"Picture\",\"picture_url\":\"https:\/\/fotos15.inmovilla.com\/12732\/27675910\/6-34.jpg\",\"position\":34,\"picture_id\":34,\"media_id\":143738,\"post_id\":194362,\"id\":34,\"attachment_id\":0,\"url\":\"https:\/\/fotos15.inmovilla.com\/12732\/27675910\/6-34.jpg\",\"basename\":\"6-34.jpg\",\"created_date\":\"2026-04-30 15:02:03\",\"is_downloaded\":0,\"is_using_remote\":1},{\"multimedia_type\":\"Picture\",\"picture_url\":\"https:\/\/fotos15.inmovilla.com\/12732\/27675910\/6-35.jpg\",\"position\":35,\"picture_id\":35,\"media_id\":143739,\"post_id\":194362,\"id\":35,\"attachment_id\":0,\"url\":\"https:\/\/fotos15.inmovilla.com\/12732\/27675910\/6-35.jpg\",\"basename\":\"6-35.jpg\",\"created_date\":\"2026-04-30 15:02:03\",\"is_downloaded\":0,\"is_using_remote\":1},{\"multimedia_type\":\"Picture\",\"picture_url\":\"https:\/\/fotos15.inmovilla.com\/12732\/27675910\/6-36.jpg\",\"position\":36,\"picture_id\":36,\"media_id\":143740,\"post_id\":194362,\"id\":36,\"attachment_id\":0,\"url\":\"https:\/\/fotos15.inmovilla.com\/12732\/27675910\/6-36.jpg\",\"basename\":\"6-36.jpg\",\"created_date\":\"2026-04-30 15:02:03\",\"is_downloaded\":0,\"is_using_remote\":1},{\"multimedia_type\":\"Picture\",\"picture_url\":\"https:\/\/fotos15.inmovilla.com\/12732\/27675910\/6-37.jpg\",\"position\":37,\"picture_id\":37,\"media_id\":143741,\"post_id\":194362,\"id\":37,\"attachment_id\":0,\"url\":\"https:\/\/fotos15.inmovilla.com\/12732\/27675910\/6-37.jpg\",\"basename\":\"6-37.jpg\",\"created_date\":\"2026-04-30 15:02:03\",\"is_downloaded\":0,\"is_using_remote\":1},{\"multimedia_type\":\"Picture\",\"picture_url\":\"https:\/\/fotos15.inmovilla.com\/12732\/27675910\/6-38.jpg\",\"position\":38,\"picture_id\":38,\"media_id\":143742,\"post_id\":194362,\"id\":38,\"attachment_id\":0,\"url\":\"https:\/\/fotos15.inmovilla.com\/12732\/27675910\/6-38.jpg\",\"basename\":\"6-38.jpg\",\"created_date\":\"2026-04-30 15:02:03\",\"is_downloaded\":0,\"is_using_remote\":1},{\"multimedia_type\":\"Picture\",\"picture_url\":\"https:\/\/fotos15.inmovilla.com\/12732\/27675910\/6-39.jpg\",\"position\":39,\"picture_id\":39,\"media_id\":143743,\"post_id\":194362,\"id\":39,\"attachment_id\":0,\"url\":\"https:\/\/fotos15.inmovilla.com\/12732\/27675910\/6-39.jpg\",\"basename\":\"6-39.jpg\",\"created_date\":\"2026-04-30 15:02:03\",\"is_downloaded\":0,\"is_using_remote\":1},{\"multimedia_type\":\"Picture\",\"picture_url\":\"https:\/\/fotos15.inmovilla.com\/12732\/27675910\/6-40.jpg\",\"position\":40,\"picture_id\":40,\"media_id\":143744,\"post_id\":194362,\"id\":40,\"attachment_id\":0,\"url\":\"https:\/\/fotos15.inmovilla.com\/12732\/27675910\/6-40.jpg\",\"basename\":\"6-40.jpg\",\"created_date\":\"2026-04-30 15:02:03\",\"is_downloaded\":0,\"is_using_remote\":1},{\"multimedia_type\":\"Picture\",\"picture_url\":\"https:\/\/fotos15.inmovilla.com\/12732\/27675910\/6-41.jpg\",\"position\":41,\"picture_id\":41,\"media_id\":143745,\"post_id\":194362,\"id\":41,\"attachment_id\":0,\"url\":\"https:\/\/fotos15.inmovilla.com\/12732\/27675910\/6-41.jpg\",\"basename\":\"6-41.jpg\",\"created_date\":\"2026-04-30 15:02:03\",\"is_downloaded\":0,\"is_using_remote\":1},{\"multimedia_type\":\"Picture\",\"picture_url\":\"https:\/\/fotos15.inmovilla.com\/12732\/27675910\/6-42.jpg\",\"position\":42,\"picture_id\":42,\"media_id\":143746,\"post_id\":194362,\"id\":42,\"attachment_id\":0,\"url\":\"https:\/\/fotos15.inmovilla.com\/12732\/27675910\/6-42.jpg\",\"basename\":\"6-42.jpg\",\"created_date\":\"2026-04-30 15:02:03\",\"is_downloaded\":0,\"is_using_remote\":1},{\"multimedia_type\":\"Picture\",\"picture_url\":\"https:\/\/fotos15.inmovilla.com\/12732\/27675910\/6-43.jpg\",\"position\":43,\"picture_id\":43,\"media_id\":143747,\"post_id\":194362,\"id\":43,\"attachment_id\":0,\"url\":\"https:\/\/fotos15.inmovilla.com\/12732\/27675910\/6-43.jpg\",\"basename\":\"6-43.jpg\",\"created_date\":\"2026-04-30 15:02:03\",\"is_downloaded\":0,\"is_using_remote\":1},{\"multimedia_type\":\"Picture\",\"picture_url\":\"https:\/\/fotos15.inmovilla.com\/12732\/27675910\/6-44.jpg\",\"position\":44,\"picture_id\":44,\"media_id\":143748,\"post_id\":194362,\"id\":44,\"attachment_id\":0,\"url\":\"https:\/\/fotos15.inmovilla.com\/12732\/27675910\/6-44.jpg\",\"basename\":\"6-44.jpg\",\"created_date\":\"2026-04-30 15:02:03\",\"is_downloaded\":0,\"is_using_remote\":1},{\"multimedia_type\":\"Picture\",\"picture_url\":\"https:\/\/fotos15.inmovilla.com\/12732\/27675910\/6-45.jpg\",\"position\":45,\"picture_id\":45,\"media_id\":143749,\"post_id\":194362,\"id\":45,\"attachment_id\":0,\"url\":\"https:\/\/fotos15.inmovilla.com\/12732\/27675910\/6-45.jpg\",\"basename\":\"6-45.jpg\",\"created_date\":\"2026-04-30 15:02:03\",\"is_downloaded\":0,\"is_using_remote\":1},{\"multimedia_type\":\"Picture\",\"picture_url\":\"https:\/\/fotos15.inmovilla.com\/12732\/27675910\/6-46.jpg\",\"position\":46,\"picture_id\":46,\"media_id\":143750,\"post_id\":194362,\"id\":46,\"attachment_id\":0,\"url\":\"https:\/\/fotos15.inmovilla.com\/12732\/27675910\/6-46.jpg\",\"basename\":\"6-46.jpg\",\"created_date\":\"2026-04-30 15:02:03\",\"is_downloaded\":0,\"is_using_remote\":1},{\"multimedia_type\":\"Picture\",\"picture_url\":\"https:\/\/fotos15.inmovilla.com\/12732\/27675910\/6-47.jpg\",\"position\":47,\"picture_id\":47,\"media_id\":143751,\"post_id\":194362,\"id\":47,\"attachment_id\":0,\"url\":\"https:\/\/fotos15.inmovilla.com\/12732\/27675910\/6-47.jpg\",\"basename\":\"6-47.jpg\",\"created_date\":\"2026-04-30 15:02:03\",\"is_downloaded\":0,\"is_using_remote\":1},{\"multimedia_type\":\"Picture\",\"picture_url\":\"https:\/\/fotos15.inmovilla.com\/12732\/27675910\/6-48.jpg\",\"position\":48,\"picture_id\":48,\"media_id\":143752,\"post_id\":194362,\"id\":48,\"attachment_id\":0,\"url\":\"https:\/\/fotos15.inmovilla.com\/12732\/27675910\/6-48.jpg\",\"basename\":\"6-48.jpg\",\"created_date\":\"2026-04-30 15:02:03\",\"is_downloaded\":0,\"is_using_remote\":1},{\"multimedia_type\":\"Picture\",\"picture_url\":\"https:\/\/fotos15.inmovilla.com\/12732\/27675910\/6-49.jpg\",\"position\":49,\"picture_id\":49,\"media_id\":143753,\"post_id\":194362,\"id\":49,\"attachment_id\":0,\"url\":\"https:\/\/fotos15.inmovilla.com\/12732\/27675910\/6-49.jpg\",\"basename\":\"6-49.jpg\",\"created_date\":\"2026-04-30 15:02:03\",\"is_downloaded\":0,\"is_using_remote\":1},{\"multimedia_type\":\"Picture\",\"picture_url\":\"https:\/\/fotos15.inmovilla.com\/12732\/27675910\/6-50.jpg\",\"position\":50,\"picture_id\":50,\"media_id\":143754,\"post_id\":194362,\"id\":50,\"attachment_id\":0,\"url\":\"https:\/\/fotos15.inmovilla.com\/12732\/27675910\/6-50.jpg\",\"basename\":\"6-50.jpg\",\"created_date\":\"2026-04-30 15:02:03\",\"is_downloaded\":0,\"is_using_remote\":1},{\"multimedia_type\":\"Picture\",\"picture_url\":\"https:\/\/fotos15.inmovilla.com\/12732\/27675910\/6-51.jpg\",\"position\":51,\"picture_id\":51,\"media_id\":143755,\"post_id\":194362,\"id\":51,\"attachment_id\":0,\"url\":\"https:\/\/fotos15.inmovilla.com\/12732\/27675910\/6-51.jpg\",\"basename\":\"6-51.jpg\",\"created_date\":\"2026-04-30 15:02:03\",\"is_downloaded\":0,\"is_using_remote\":1},{\"multimedia_type\":\"Picture\",\"picture_url\":\"https:\/\/fotos15.inmovilla.com\/12732\/27675910\/6-52.jpg\",\"position\":52,\"picture_id\":52,\"media_id\":143756,\"post_id\":194362,\"id\":52,\"attachment_id\":0,\"url\":\"https:\/\/fotos15.inmovilla.com\/12732\/27675910\/6-52.jpg\",\"basename\":\"6-52.jpg\",\"created_date\":\"2026-04-30 15:02:03\",\"is_downloaded\":0,\"is_using_remote\":1},{\"multimedia_type\":\"Picture\",\"picture_url\":\"https:\/\/fotos15.inmovilla.com\/12732\/27675910\/6-53.jpg\",\"position\":53,\"picture_id\":53,\"media_id\":143757,\"post_id\":194362,\"id\":53,\"attachment_id\":0,\"url\":\"https:\/\/fotos15.inmovilla.com\/12732\/27675910\/6-53.jpg\",\"basename\":\"6-53.jpg\",\"created_date\":\"2026-04-30 15:02:03\",\"is_downloaded\":0,\"is_using_remote\":1},{\"multimedia_type\":\"Picture\",\"picture_url\":\"https:\/\/fotos15.inmovilla.com\/12732\/27675910\/6-54.jpg\",\"position\":54,\"picture_id\":54,\"media_id\":143758,\"post_id\":194362,\"id\":54,\"attachment_id\":0,\"url\":\"https:\/\/fotos15.inmovilla.com\/12732\/27675910\/6-54.jpg\",\"basename\":\"6-54.jpg\",\"created_date\":\"2026-04-30 15:02:03\",\"is_downloaded\":0,\"is_using_remote\":1},{\"multimedia_type\":\"Picture\",\"picture_url\":\"https:\/\/fotos15.inmovilla.com\/12732\/27675910\/6-55.jpg\",\"position\":55,\"picture_id\":55,\"media_id\":143759,\"post_id\":194362,\"id\":55,\"attachment_id\":0,\"url\":\"https:\/\/fotos15.inmovilla.com\/12732\/27675910\/6-55.jpg\",\"basename\":\"6-55.jpg\",\"created_date\":\"2026-04-30 15:02:03\",\"is_downloaded\":0,\"is_using_remote\":1},{\"multimedia_type\":\"Picture\",\"picture_url\":\"https:\/\/fotos15.inmovilla.com\/12732\/27675910\/6-56.jpg\",\"position\":56,\"picture_id\":56,\"media_id\":143760,\"post_id\":194362,\"id\":56,\"attachment_id\":0,\"url\":\"https:\/\/fotos15.inmovilla.com\/12732\/27675910\/6-56.jpg\",\"basename\":\"6-56.jpg\",\"created_date\":\"2026-04-30 15:02:03\",\"is_downloaded\":0,\"is_using_remote\":1},{\"multimedia_type\":\"Picture\",\"picture_url\":\"https:\/\/fotos15.inmovilla.com\/12732\/27675910\/6-57.jpg\",\"position\":57,\"picture_id\":57,\"media_id\":143761,\"post_id\":194362,\"id\":57,\"attachment_id\":0,\"url\":\"https:\/\/fotos15.inmovilla.com\/12732\/27675910\/6-57.jpg\",\"basename\":\"6-57.jpg\",\"created_date\":\"2026-04-30 15:02:03\",\"is_downloaded\":0,\"is_using_remote\":1}]"],"_thumbnail_id":["194363"],"fave_property_images":["194363"],"apg_property_id":["27675910"],"_wpml_word_count":["291"],"houzez_recently_viewed":["2026-05-01 11:29:23"],"houzez_total_property_views":["3"],"houzez_views_by_date":["a:1:{s:10:\"05-01-2026\";i:3;}"],"_eael_post_view_count":["3"],"_elementor_page_assets":["a:0:{}"]},"yoast_head":"<!-- This site is optimized with the Yoast SEO plugin v27.5 - https:\/\/yoast.com\/product\/yoast-seo-wordpress\/ -->\n<title>Encantadora finca mallorquina a zona tranquil\u00b7la, amb llic\u00e8ncia tur\u00edstica a prop de Cala D&#039;Or - RE\/MAX Drac<\/title>\n<meta name=\"robots\" content=\"index, follow, max-snippet:-1, max-image-preview:large, max-video-preview:-1\" \/>\n<link rel=\"canonical\" href=\"https:\/\/www.santanyi.net\/ca\/property\/encantadora-finca-mallorquina-a-zona-tranquil%c2%b7la-amb-llicencia-turistica-a-prop-de-cala-dor-3\/\" \/>\n<meta property=\"og:locale\" content=\"ca_ES\" \/>\n<meta property=\"og:type\" content=\"article\" \/>\n<meta property=\"og:title\" content=\"Encantadora finca mallorquina a zona tranquil\u00b7la, amb llic\u00e8ncia tur\u00edstica a prop de Cala D&#039;Or - RE\/MAX Drac\" \/>\n<meta property=\"og:description\" content=\"Aquesta magn\u00edfica finca mallorquina es troba en una ubicaci\u00f3 extremadament tranquil\u00b7la, a poca dist\u00e0ncia del mar i del poble de Cala d&#8217;Or, i envoltada per un exuberant jard\u00ed mediterrani. Amb una superf\u00edcie habitable aproximada de 450 m\u00b2, l\u00b4habitatge ofereix espais lluminosos i acollidors, real\u00e7ats per l\u00b4\u00fas de materials naturals i acabats elegants. Les parets de [&hellip;]\" \/>\n<meta property=\"og:url\" content=\"https:\/\/www.santanyi.net\/ca\/property\/encantadora-finca-mallorquina-a-zona-tranquil%c2%b7la-amb-llicencia-turistica-a-prop-de-cala-dor-3\/\" \/>\n<meta property=\"og:site_name\" content=\"RE\/MAX Drac\" \/>\n<meta property=\"article:modified_time\" content=\"2026-05-01T06:04:34+00:00\" \/>\n<meta property=\"og:image\" content=\"https:\/\/www.santanyi.net\/wp-content\/uploads\/anaconda_property_media\/27675910-194362\/6-1.jpg\" \/>\n\t<meta property=\"og:image:width\" content=\"1919\" \/>\n\t<meta property=\"og:image:height\" content=\"1279\" \/>\n\t<meta property=\"og:image:type\" content=\"image\/jpeg\" \/>\n<meta name=\"twitter:card\" content=\"summary_large_image\" \/>\n<meta name=\"twitter:label1\" content=\"Temps estimat de lectura\" \/>\n\t<meta name=\"twitter:data1\" content=\"1 minut\" \/>\n<script type=\"application\/ld+json\" class=\"yoast-schema-graph\">{\"@context\":\"https:\\\/\\\/schema.org\",\"@graph\":[{\"@type\":\"WebPage\",\"@id\":\"https:\\\/\\\/www.santanyi.net\\\/ca\\\/property\\\/encantadora-finca-mallorquina-a-zona-tranquil%c2%b7la-amb-llicencia-turistica-a-prop-de-cala-dor-3\\\/\",\"url\":\"https:\\\/\\\/www.santanyi.net\\\/ca\\\/property\\\/encantadora-finca-mallorquina-a-zona-tranquil%c2%b7la-amb-llicencia-turistica-a-prop-de-cala-dor-3\\\/\",\"name\":\"Encantadora finca mallorquina a zona tranquil\u00b7la, amb llic\u00e8ncia tur\u00edstica a prop de Cala D'Or - RE\\\/MAX Drac\",\"isPartOf\":{\"@id\":\"https:\\\/\\\/www.santanyi.net\\\/ca\\\/#website\"},\"primaryImageOfPage\":{\"@id\":\"https:\\\/\\\/www.santanyi.net\\\/ca\\\/property\\\/encantadora-finca-mallorquina-a-zona-tranquil%c2%b7la-amb-llicencia-turistica-a-prop-de-cala-dor-3\\\/#primaryimage\"},\"image\":{\"@id\":\"https:\\\/\\\/www.santanyi.net\\\/ca\\\/property\\\/encantadora-finca-mallorquina-a-zona-tranquil%c2%b7la-amb-llicencia-turistica-a-prop-de-cala-dor-3\\\/#primaryimage\"},\"thumbnailUrl\":\"https:\\\/\\\/www.santanyi.net\\\/wp-content\\\/uploads\\\/anaconda_property_media\\\/27675910-194362\\\/6-1.jpg\",\"datePublished\":\"2026-04-30T15:02:03+00:00\",\"dateModified\":\"2026-05-01T06:04:34+00:00\",\"breadcrumb\":{\"@id\":\"https:\\\/\\\/www.santanyi.net\\\/ca\\\/property\\\/encantadora-finca-mallorquina-a-zona-tranquil%c2%b7la-amb-llicencia-turistica-a-prop-de-cala-dor-3\\\/#breadcrumb\"},\"inLanguage\":\"ca\",\"potentialAction\":[{\"@type\":\"ReadAction\",\"target\":[\"https:\\\/\\\/www.santanyi.net\\\/ca\\\/property\\\/encantadora-finca-mallorquina-a-zona-tranquil%c2%b7la-amb-llicencia-turistica-a-prop-de-cala-dor-3\\\/\"]}]},{\"@type\":\"ImageObject\",\"inLanguage\":\"ca\",\"@id\":\"https:\\\/\\\/www.santanyi.net\\\/ca\\\/property\\\/encantadora-finca-mallorquina-a-zona-tranquil%c2%b7la-amb-llicencia-turistica-a-prop-de-cala-dor-3\\\/#primaryimage\",\"url\":\"https:\\\/\\\/www.santanyi.net\\\/wp-content\\\/uploads\\\/anaconda_property_media\\\/27675910-194362\\\/6-1.jpg\",\"contentUrl\":\"https:\\\/\\\/www.santanyi.net\\\/wp-content\\\/uploads\\\/anaconda_property_media\\\/27675910-194362\\\/6-1.jpg\",\"width\":1919,\"height\":1279},{\"@type\":\"BreadcrumbList\",\"@id\":\"https:\\\/\\\/www.santanyi.net\\\/ca\\\/property\\\/encantadora-finca-mallorquina-a-zona-tranquil%c2%b7la-amb-llicencia-turistica-a-prop-de-cala-dor-3\\\/#breadcrumb\",\"itemListElement\":[{\"@type\":\"ListItem\",\"position\":1,\"name\":\"Home\",\"item\":\"https:\\\/\\\/www.santanyi.net\\\/ca\\\/\"},{\"@type\":\"ListItem\",\"position\":2,\"name\":\"Properties\",\"item\":\"https:\\\/\\\/www.santanyi.net\\\/ca\\\/property\\\/\"},{\"@type\":\"ListItem\",\"position\":3,\"name\":\"Encantadora finca mallorquina a zona tranquil\u00b7la, amb llic\u00e8ncia tur\u00edstica a prop de Cala D&#8217;Or\"}]},{\"@type\":\"WebSite\",\"@id\":\"https:\\\/\\\/www.santanyi.net\\\/ca\\\/#website\",\"url\":\"https:\\\/\\\/www.santanyi.net\\\/ca\\\/\",\"name\":\"RE\\\/MAX Drac\",\"description\":\"\",\"publisher\":{\"@id\":\"https:\\\/\\\/www.santanyi.net\\\/ca\\\/#organization\"},\"potentialAction\":[{\"@type\":\"SearchAction\",\"target\":{\"@type\":\"EntryPoint\",\"urlTemplate\":\"https:\\\/\\\/www.santanyi.net\\\/ca\\\/?s={search_term_string}\"},\"query-input\":{\"@type\":\"PropertyValueSpecification\",\"valueRequired\":true,\"valueName\":\"search_term_string\"}}],\"inLanguage\":\"ca\"},{\"@type\":\"Organization\",\"@id\":\"https:\\\/\\\/www.santanyi.net\\\/ca\\\/#organization\",\"name\":\"RE\\\/MAX Drac\",\"url\":\"https:\\\/\\\/www.santanyi.net\\\/ca\\\/\",\"logo\":{\"@type\":\"ImageObject\",\"inLanguage\":\"ca\",\"@id\":\"https:\\\/\\\/www.santanyi.net\\\/ca\\\/#\\\/schema\\\/logo\\\/image\\\/\",\"url\":\"https:\\\/\\\/www.santanyi.net\\\/wp-content\\\/uploads\\\/2025\\\/07\\\/logo-nuevo.png\",\"contentUrl\":\"https:\\\/\\\/www.santanyi.net\\\/wp-content\\\/uploads\\\/2025\\\/07\\\/logo-nuevo.png\",\"width\":295,\"height\":165,\"caption\":\"RE\\\/MAX Drac\"},\"image\":{\"@id\":\"https:\\\/\\\/www.santanyi.net\\\/ca\\\/#\\\/schema\\\/logo\\\/image\\\/\"}}]}<\/script>\n<!-- \/ Yoast SEO plugin. -->","yoast_head_json":{"title":"Encantadora finca mallorquina a zona tranquil\u00b7la, amb llic\u00e8ncia tur\u00edstica a prop de Cala D'Or - RE\/MAX Drac","robots":{"index":"index","follow":"follow","max-snippet":"max-snippet:-1","max-image-preview":"max-image-preview:large","max-video-preview":"max-video-preview:-1"},"canonical":"https:\/\/www.santanyi.net\/ca\/property\/encantadora-finca-mallorquina-a-zona-tranquil%c2%b7la-amb-llicencia-turistica-a-prop-de-cala-dor-3\/","og_locale":"ca_ES","og_type":"article","og_title":"Encantadora finca mallorquina a zona tranquil\u00b7la, amb llic\u00e8ncia tur\u00edstica a prop de Cala D'Or - RE\/MAX Drac","og_description":"Aquesta magn\u00edfica finca mallorquina es troba en una ubicaci\u00f3 extremadament tranquil\u00b7la, a poca dist\u00e0ncia del mar i del poble de Cala d&#8217;Or, i envoltada per un exuberant jard\u00ed mediterrani. Amb una superf\u00edcie habitable aproximada de 450 m\u00b2, l\u00b4habitatge ofereix espais lluminosos i acollidors, real\u00e7ats per l\u00b4\u00fas de materials naturals i acabats elegants. Les parets de [&hellip;]","og_url":"https:\/\/www.santanyi.net\/ca\/property\/encantadora-finca-mallorquina-a-zona-tranquil%c2%b7la-amb-llicencia-turistica-a-prop-de-cala-dor-3\/","og_site_name":"RE\/MAX Drac","article_modified_time":"2026-05-01T06:04:34+00:00","og_image":[{"width":1919,"height":1279,"url":"https:\/\/www.santanyi.net\/wp-content\/uploads\/anaconda_property_media\/27675910-194362\/6-1.jpg","type":"image\/jpeg"}],"twitter_card":"summary_large_image","twitter_misc":{"Temps estimat de lectura":"1 minut"},"schema":{"@context":"https:\/\/schema.org","@graph":[{"@type":"WebPage","@id":"https:\/\/www.santanyi.net\/ca\/property\/encantadora-finca-mallorquina-a-zona-tranquil%c2%b7la-amb-llicencia-turistica-a-prop-de-cala-dor-3\/","url":"https:\/\/www.santanyi.net\/ca\/property\/encantadora-finca-mallorquina-a-zona-tranquil%c2%b7la-amb-llicencia-turistica-a-prop-de-cala-dor-3\/","name":"Encantadora finca mallorquina a zona tranquil\u00b7la, amb llic\u00e8ncia tur\u00edstica a prop de Cala D'Or - RE\/MAX Drac","isPartOf":{"@id":"https:\/\/www.santanyi.net\/ca\/#website"},"primaryImageOfPage":{"@id":"https:\/\/www.santanyi.net\/ca\/property\/encantadora-finca-mallorquina-a-zona-tranquil%c2%b7la-amb-llicencia-turistica-a-prop-de-cala-dor-3\/#primaryimage"},"image":{"@id":"https:\/\/www.santanyi.net\/ca\/property\/encantadora-finca-mallorquina-a-zona-tranquil%c2%b7la-amb-llicencia-turistica-a-prop-de-cala-dor-3\/#primaryimage"},"thumbnailUrl":"https:\/\/www.santanyi.net\/wp-content\/uploads\/anaconda_property_media\/27675910-194362\/6-1.jpg","datePublished":"2026-04-30T15:02:03+00:00","dateModified":"2026-05-01T06:04:34+00:00","breadcrumb":{"@id":"https:\/\/www.santanyi.net\/ca\/property\/encantadora-finca-mallorquina-a-zona-tranquil%c2%b7la-amb-llicencia-turistica-a-prop-de-cala-dor-3\/#breadcrumb"},"inLanguage":"ca","potentialAction":[{"@type":"ReadAction","target":["https:\/\/www.santanyi.net\/ca\/property\/encantadora-finca-mallorquina-a-zona-tranquil%c2%b7la-amb-llicencia-turistica-a-prop-de-cala-dor-3\/"]}]},{"@type":"ImageObject","inLanguage":"ca","@id":"https:\/\/www.santanyi.net\/ca\/property\/encantadora-finca-mallorquina-a-zona-tranquil%c2%b7la-amb-llicencia-turistica-a-prop-de-cala-dor-3\/#primaryimage","url":"https:\/\/www.santanyi.net\/wp-content\/uploads\/anaconda_property_media\/27675910-194362\/6-1.jpg","contentUrl":"https:\/\/www.santanyi.net\/wp-content\/uploads\/anaconda_property_media\/27675910-194362\/6-1.jpg","width":1919,"height":1279},{"@type":"BreadcrumbList","@id":"https:\/\/www.santanyi.net\/ca\/property\/encantadora-finca-mallorquina-a-zona-tranquil%c2%b7la-amb-llicencia-turistica-a-prop-de-cala-dor-3\/#breadcrumb","itemListElement":[{"@type":"ListItem","position":1,"name":"Home","item":"https:\/\/www.santanyi.net\/ca\/"},{"@type":"ListItem","position":2,"name":"Properties","item":"https:\/\/www.santanyi.net\/ca\/property\/"},{"@type":"ListItem","position":3,"name":"Encantadora finca mallorquina a zona tranquil\u00b7la, amb llic\u00e8ncia tur\u00edstica a prop de Cala D&#8217;Or"}]},{"@type":"WebSite","@id":"https:\/\/www.santanyi.net\/ca\/#website","url":"https:\/\/www.santanyi.net\/ca\/","name":"RE\/MAX Drac","description":"","publisher":{"@id":"https:\/\/www.santanyi.net\/ca\/#organization"},"potentialAction":[{"@type":"SearchAction","target":{"@type":"EntryPoint","urlTemplate":"https:\/\/www.santanyi.net\/ca\/?s={search_term_string}"},"query-input":{"@type":"PropertyValueSpecification","valueRequired":true,"valueName":"search_term_string"}}],"inLanguage":"ca"},{"@type":"Organization","@id":"https:\/\/www.santanyi.net\/ca\/#organization","name":"RE\/MAX Drac","url":"https:\/\/www.santanyi.net\/ca\/","logo":{"@type":"ImageObject","inLanguage":"ca","@id":"https:\/\/www.santanyi.net\/ca\/#\/schema\/logo\/image\/","url":"https:\/\/www.santanyi.net\/wp-content\/uploads\/2025\/07\/logo-nuevo.png","contentUrl":"https:\/\/www.santanyi.net\/wp-content\/uploads\/2025\/07\/logo-nuevo.png","width":295,"height":165,"caption":"RE\/MAX Drac"},"image":{"@id":"https:\/\/www.santanyi.net\/ca\/#\/schema\/logo\/image\/"}}]}},"_links":{"self":[{"href":"https:\/\/www.santanyi.net\/ca\/wp-json\/wp\/v2\/properties\/194368","targetHints":{"allow":["GET"]}}],"collection":[{"href":"https:\/\/www.santanyi.net\/ca\/wp-json\/wp\/v2\/properties"}],"about":[{"href":"https:\/\/www.santanyi.net\/ca\/wp-json\/wp\/v2\/types\/property"}],"author":[{"embeddable":true,"href":"https:\/\/www.santanyi.net\/ca\/wp-json\/wp\/v2\/users\/1"}],"version-history":[{"count":2,"href":"https:\/\/www.santanyi.net\/ca\/wp-json\/wp\/v2\/properties\/194368\/revisions"}],"predecessor-version":[{"id":195827,"href":"https:\/\/www.santanyi.net\/ca\/wp-json\/wp\/v2\/properties\/194368\/revisions\/195827"}],"wp:featuredmedia":[{"embeddable":true,"href":"https:\/\/www.santanyi.net\/ca\/wp-json\/wp\/v2\/media\/194363"}],"wp:attachment":[{"href":"https:\/\/www.santanyi.net\/ca\/wp-json\/wp\/v2\/media?parent=194368"}],"wp:term":[{"taxonomy":"property_type","embeddable":true,"href":"https:\/\/www.santanyi.net\/ca\/wp-json\/wp\/v2\/property_type?post=194368"},{"taxonomy":"property_status","embeddable":true,"href":"https:\/\/www.santanyi.net\/ca\/wp-json\/wp\/v2\/property_status?post=194368"},{"taxonomy":"property_feature","embeddable":true,"href":"https:\/\/www.santanyi.net\/ca\/wp-json\/wp\/v2\/property_feature?post=194368"},{"taxonomy":"property_label","embeddable":true,"href":"https:\/\/www.santanyi.net\/ca\/wp-json\/wp\/v2\/property_label?post=194368"},{"taxonomy":"property_country","embeddable":true,"href":"https:\/\/www.santanyi.net\/ca\/wp-json\/wp\/v2\/property_country?post=194368"},{"taxonomy":"property_state","embeddable":true,"href":"https:\/\/www.santanyi.net\/ca\/wp-json\/wp\/v2\/property_state?post=194368"},{"taxonomy":"property_city","embeddable":true,"href":"https:\/\/www.santanyi.net\/ca\/wp-json\/wp\/v2\/property_city?post=194368"},{"taxonomy":"property_area","embeddable":true,"href":"https:\/\/www.santanyi.net\/ca\/wp-json\/wp\/v2\/property_area?post=194368"}],"curies":[{"name":"wp","href":"https:\/\/api.w.org\/{rel}","templated":true}]}}