
{"id":194352,"date":"2026-04-30T15:01:57","date_gmt":"2026-04-30T15:01:57","guid":{"rendered":"https:\/\/www.santanyi.net\/property\/residencia-exclusiva-de-luxe-amb-vistes-al-mediterrani-a-son-moja-cala-santanyi\/"},"modified":"2026-05-01T06:04:30","modified_gmt":"2026-05-01T06:04:30","slug":"residencia-exclusiva-de-luxe-amb-vistes-al-mediterrani-a-son-moja-cala-santanyi-3","status":"publish","type":"property","link":"https:\/\/www.santanyi.net\/ca\/property\/residencia-exclusiva-de-luxe-amb-vistes-al-mediterrani-a-son-moja-cala-santanyi-3\/","title":{"rendered":"Resid\u00e8ncia Exclusiva de Luxe amb Vistes al Mediterrani a Son Moja, Cala Santany\u00ed"},"content":{"rendered":"<p>Presentem una vila independent amb un disseny d&#8217;avantguarda i acabats luxosos, situada en una ubicaci\u00f3 privilegiada a Son Moja, Cala Santany\u00ed. Aquesta propietat compta amb una parcel\u00b7la de 678 m\u00b2 amb l&#8217;avantatge estrat\u00e8gic de l&#8217;acc\u00e9s a dos carrers, maximitzant la privacitat i la funcionalitat.<br \/>L&#8217;edifici, amb una superf\u00edcie constru\u00efda de 271 m\u00b2 distribu\u00efts en dos nivells, reflecteix un comprom\u00eds amb la qualitat i l&#8217;excel\u00b7l\u00e8ncia en els seus acabats:<br \/>La planta baixa compta amb un ampli i llumin\u00f3s sal\u00f3-menjador, una cuina de disseny totalment equipada amb electrodom\u00e8stics d&#8217;alta gamma, un lavabo de cortesia i una suite principal que inclou vestidor i bany privat. Es complementa amb un porxo cobert de 16 m\u00b2.<br \/>La primera planta ofereix vistes parcials al mar i consta de dues habitacions dobles amb bany compartit, aix\u00ed com una segona suite de luxe equipada amb vestidor i bany complet amb banyera i dutxa.<br \/>La propietat compta amb un total de 200 m\u00b2 de terrasses que conviden a la vida a l&#8217;aire lliure, entre les quals destaca el sol\u00e0rium de 42 m\u00b2 a la teulada que ofereix vistes panor\u00e0miques al mar i a la Serra de Llevant. El jard\u00ed que envolta la casa real\u00e7a el seu atractiu est\u00e8tic, i la zona de la piscina inclou una moderna piscina de 10 x 3 metres amb un sistema de cloraci\u00f3 d&#8217;aigua salada (electr\u00f2lisi) i una c\u00f2moda zona de barbacoa adjacent.<\/p>\n<p>La resid\u00e8ncia garanteix el m\u00e0xim confort gr\u00e0cies a una gamma completa de serveis, com ara calefacci\u00f3 per terra radiant, aire condicionat a totes les habitacions, un sistema d&#8217;alarma de seguretat perimetral i interior i acc\u00e9s a internet. La comoditat s&#8217;est\u00e9n a l&#8217;exterior amb una zona d&#8217;aparcament privada per a dos vehicles amb porta autom\u00e0tica.<\/p>\n<p>Aquesta vila representa una s\u00f2lida oportunitat d&#8217;inversi\u00f3 i una resid\u00e8ncia ideal per a aquells que busquen exclusivitat, luxe i una ubicaci\u00f3 excepcional a la costa sud-est de Mallorca.<\/p>\n","protected":false},"excerpt":{"rendered":"<p>Presentem una vila independent amb un disseny d&#8217;avantguarda i acabats luxosos, situada en una ubicaci\u00f3 privilegiada a Son Moja, Cala Santany\u00ed. Aquesta propietat compta amb una parcel\u00b7la de 678 m\u00b2 amb l&#8217;avantatge estrat\u00e8gic de l&#8217;acc\u00e9s a dos carrers, maximitzant la privacitat i la funcionalitat.L&#8217;edifici, amb una superf\u00edcie constru\u00efda de 271 m\u00b2 distribu\u00efts en dos nivells, [&hellip;]<\/p>\n","protected":false},"author":1,"featured_media":194347,"parent":0,"menu_order":0,"template":"","property_type":[2161],"property_status":[2096,2103],"property_feature":[1911,1927,1803,1810],"property_label":[],"property_country":[],"property_state":[],"property_city":[635],"property_area":[2225],"class_list":["post-194352","property","type-property","status-publish","has-post-thumbnail","hentry","property_type-chalet-ca","property_status-venta","property_status-venta-ca","property_feature-airecentral","property_feature-airecentral-ca","property_feature-calefaccion-ca","property_feature-parking-ca","property_city-santanyi","property_area-son-moja"],"acf":[],"property_meta":{"_apg_property_user_edited":["1"],"fave_property_id":["DRAC-CV1562CR"],"fave_property_location":["39.335228039,3.141758892,15"],"houzez_geolocation_lat":["39.335228039"],"houzez_geolocation_long":["3.141758892"],"fave_property_price":["2100000"],"fave_property_rent_or_sale":["sale"],"fave_property_year":[null],"fave_property_size_prefix":["m2"],"fave_property_land_postfix":["m2"],"fave_property_size":["271"],"fave_property_land":["678"],"fave_property_bedrooms":["4"],"fave_property_bathrooms":["4"],"fave_property_map_address":["Son moja, 07650 Santany\u00ed"],"fave_property_address":[" , Santany\u00ed 07650"],"fave_property_zip":["07650"],"fave_property_postal_code":["07650"],"fave_property_map":["1"],"apg_is_using_remote_image_url":["1"],"apg_using_remote_image_urls":["[{\"multimedia_type\":\"Picture\",\"picture_url\":\"https:\/\/fotos15.inmovilla.com\/12732\/27048047\/4-1.jpg\",\"position\":1,\"picture_id\":1,\"media_id\":143640,\"post_id\":194346,\"id\":1,\"attachment_id\":0,\"url\":\"https:\/\/fotos15.inmovilla.com\/12732\/27048047\/4-1.jpg\",\"basename\":\"4-1.jpg\",\"created_date\":\"2026-04-30 15:01:58\",\"is_downloaded\":0,\"is_using_remote\":0},{\"multimedia_type\":\"Picture\",\"picture_url\":\"https:\/\/fotos15.inmovilla.com\/12732\/27048047\/4-2.jpg\",\"position\":2,\"picture_id\":2,\"media_id\":143641,\"post_id\":194346,\"id\":2,\"attachment_id\":0,\"url\":\"https:\/\/fotos15.inmovilla.com\/12732\/27048047\/4-2.jpg\",\"basename\":\"4-2.jpg\",\"created_date\":\"2026-04-30 15:01:58\",\"is_downloaded\":0,\"is_using_remote\":1},{\"multimedia_type\":\"Picture\",\"picture_url\":\"https:\/\/fotos15.inmovilla.com\/12732\/27048047\/4-3.jpg\",\"position\":3,\"picture_id\":3,\"media_id\":143642,\"post_id\":194346,\"id\":3,\"attachment_id\":0,\"url\":\"https:\/\/fotos15.inmovilla.com\/12732\/27048047\/4-3.jpg\",\"basename\":\"4-3.jpg\",\"created_date\":\"2026-04-30 15:01:58\",\"is_downloaded\":0,\"is_using_remote\":1},{\"multimedia_type\":\"Picture\",\"picture_url\":\"https:\/\/fotos15.inmovilla.com\/12732\/27048047\/4-4.jpg\",\"position\":4,\"picture_id\":4,\"media_id\":143643,\"post_id\":194346,\"id\":4,\"attachment_id\":0,\"url\":\"https:\/\/fotos15.inmovilla.com\/12732\/27048047\/4-4.jpg\",\"basename\":\"4-4.jpg\",\"created_date\":\"2026-04-30 15:01:58\",\"is_downloaded\":0,\"is_using_remote\":1},{\"multimedia_type\":\"Picture\",\"picture_url\":\"https:\/\/fotos15.inmovilla.com\/12732\/27048047\/4-5.jpg\",\"position\":5,\"picture_id\":5,\"media_id\":143644,\"post_id\":194346,\"id\":5,\"attachment_id\":0,\"url\":\"https:\/\/fotos15.inmovilla.com\/12732\/27048047\/4-5.jpg\",\"basename\":\"4-5.jpg\",\"created_date\":\"2026-04-30 15:01:58\",\"is_downloaded\":0,\"is_using_remote\":1},{\"multimedia_type\":\"Picture\",\"picture_url\":\"https:\/\/fotos15.inmovilla.com\/12732\/27048047\/4-6.jpg\",\"position\":6,\"picture_id\":6,\"media_id\":143645,\"post_id\":194346,\"id\":6,\"attachment_id\":0,\"url\":\"https:\/\/fotos15.inmovilla.com\/12732\/27048047\/4-6.jpg\",\"basename\":\"4-6.jpg\",\"created_date\":\"2026-04-30 15:01:58\",\"is_downloaded\":0,\"is_using_remote\":1},{\"multimedia_type\":\"Picture\",\"picture_url\":\"https:\/\/fotos15.inmovilla.com\/12732\/27048047\/4-7.jpg\",\"position\":7,\"picture_id\":7,\"media_id\":143646,\"post_id\":194346,\"id\":7,\"attachment_id\":0,\"url\":\"https:\/\/fotos15.inmovilla.com\/12732\/27048047\/4-7.jpg\",\"basename\":\"4-7.jpg\",\"created_date\":\"2026-04-30 15:01:58\",\"is_downloaded\":0,\"is_using_remote\":1},{\"multimedia_type\":\"Picture\",\"picture_url\":\"https:\/\/fotos15.inmovilla.com\/12732\/27048047\/4-8.jpg\",\"position\":8,\"picture_id\":8,\"media_id\":143647,\"post_id\":194346,\"id\":8,\"attachment_id\":0,\"url\":\"https:\/\/fotos15.inmovilla.com\/12732\/27048047\/4-8.jpg\",\"basename\":\"4-8.jpg\",\"created_date\":\"2026-04-30 15:01:58\",\"is_downloaded\":0,\"is_using_remote\":1},{\"multimedia_type\":\"Picture\",\"picture_url\":\"https:\/\/fotos15.inmovilla.com\/12732\/27048047\/4-9.jpg\",\"position\":9,\"picture_id\":9,\"media_id\":143648,\"post_id\":194346,\"id\":9,\"attachment_id\":0,\"url\":\"https:\/\/fotos15.inmovilla.com\/12732\/27048047\/4-9.jpg\",\"basename\":\"4-9.jpg\",\"created_date\":\"2026-04-30 15:01:58\",\"is_downloaded\":0,\"is_using_remote\":1},{\"multimedia_type\":\"Picture\",\"picture_url\":\"https:\/\/fotos15.inmovilla.com\/12732\/27048047\/4-10.jpg\",\"position\":10,\"picture_id\":10,\"media_id\":143649,\"post_id\":194346,\"id\":10,\"attachment_id\":0,\"url\":\"https:\/\/fotos15.inmovilla.com\/12732\/27048047\/4-10.jpg\",\"basename\":\"4-10.jpg\",\"created_date\":\"2026-04-30 15:01:58\",\"is_downloaded\":0,\"is_using_remote\":1},{\"multimedia_type\":\"Picture\",\"picture_url\":\"https:\/\/fotos15.inmovilla.com\/12732\/27048047\/4-11.jpg\",\"position\":11,\"picture_id\":11,\"media_id\":143650,\"post_id\":194346,\"id\":11,\"attachment_id\":0,\"url\":\"https:\/\/fotos15.inmovilla.com\/12732\/27048047\/4-11.jpg\",\"basename\":\"4-11.jpg\",\"created_date\":\"2026-04-30 15:01:58\",\"is_downloaded\":0,\"is_using_remote\":1},{\"multimedia_type\":\"Picture\",\"picture_url\":\"https:\/\/fotos15.inmovilla.com\/12732\/27048047\/4-12.jpg\",\"position\":12,\"picture_id\":12,\"media_id\":143651,\"post_id\":194346,\"id\":12,\"attachment_id\":0,\"url\":\"https:\/\/fotos15.inmovilla.com\/12732\/27048047\/4-12.jpg\",\"basename\":\"4-12.jpg\",\"created_date\":\"2026-04-30 15:01:58\",\"is_downloaded\":0,\"is_using_remote\":1},{\"multimedia_type\":\"Picture\",\"picture_url\":\"https:\/\/fotos15.inmovilla.com\/12732\/27048047\/4-13.jpg\",\"position\":13,\"picture_id\":13,\"media_id\":143652,\"post_id\":194346,\"id\":13,\"attachment_id\":0,\"url\":\"https:\/\/fotos15.inmovilla.com\/12732\/27048047\/4-13.jpg\",\"basename\":\"4-13.jpg\",\"created_date\":\"2026-04-30 15:01:58\",\"is_downloaded\":0,\"is_using_remote\":1},{\"multimedia_type\":\"Picture\",\"picture_url\":\"https:\/\/fotos15.inmovilla.com\/12732\/27048047\/4-14.jpg\",\"position\":14,\"picture_id\":14,\"media_id\":143653,\"post_id\":194346,\"id\":14,\"attachment_id\":0,\"url\":\"https:\/\/fotos15.inmovilla.com\/12732\/27048047\/4-14.jpg\",\"basename\":\"4-14.jpg\",\"created_date\":\"2026-04-30 15:01:58\",\"is_downloaded\":0,\"is_using_remote\":1},{\"multimedia_type\":\"Picture\",\"picture_url\":\"https:\/\/fotos15.inmovilla.com\/12732\/27048047\/4-15.jpg\",\"position\":15,\"picture_id\":15,\"media_id\":143654,\"post_id\":194346,\"id\":15,\"attachment_id\":0,\"url\":\"https:\/\/fotos15.inmovilla.com\/12732\/27048047\/4-15.jpg\",\"basename\":\"4-15.jpg\",\"created_date\":\"2026-04-30 15:01:58\",\"is_downloaded\":0,\"is_using_remote\":1},{\"multimedia_type\":\"Picture\",\"picture_url\":\"https:\/\/fotos15.inmovilla.com\/12732\/27048047\/4-16.jpg\",\"position\":16,\"picture_id\":16,\"media_id\":143655,\"post_id\":194346,\"id\":16,\"attachment_id\":0,\"url\":\"https:\/\/fotos15.inmovilla.com\/12732\/27048047\/4-16.jpg\",\"basename\":\"4-16.jpg\",\"created_date\":\"2026-04-30 15:01:58\",\"is_downloaded\":0,\"is_using_remote\":1},{\"multimedia_type\":\"Picture\",\"picture_url\":\"https:\/\/fotos15.inmovilla.com\/12732\/27048047\/4-17.jpg\",\"position\":17,\"picture_id\":17,\"media_id\":143656,\"post_id\":194346,\"id\":17,\"attachment_id\":0,\"url\":\"https:\/\/fotos15.inmovilla.com\/12732\/27048047\/4-17.jpg\",\"basename\":\"4-17.jpg\",\"created_date\":\"2026-04-30 15:01:58\",\"is_downloaded\":0,\"is_using_remote\":1},{\"multimedia_type\":\"Picture\",\"picture_url\":\"https:\/\/fotos15.inmovilla.com\/12732\/27048047\/4-18.jpg\",\"position\":18,\"picture_id\":18,\"media_id\":143657,\"post_id\":194346,\"id\":18,\"attachment_id\":0,\"url\":\"https:\/\/fotos15.inmovilla.com\/12732\/27048047\/4-18.jpg\",\"basename\":\"4-18.jpg\",\"created_date\":\"2026-04-30 15:01:58\",\"is_downloaded\":0,\"is_using_remote\":1},{\"multimedia_type\":\"Picture\",\"picture_url\":\"https:\/\/fotos15.inmovilla.com\/12732\/27048047\/4-19.jpg\",\"position\":19,\"picture_id\":19,\"media_id\":143658,\"post_id\":194346,\"id\":19,\"attachment_id\":0,\"url\":\"https:\/\/fotos15.inmovilla.com\/12732\/27048047\/4-19.jpg\",\"basename\":\"4-19.jpg\",\"created_date\":\"2026-04-30 15:01:58\",\"is_downloaded\":0,\"is_using_remote\":1},{\"multimedia_type\":\"Picture\",\"picture_url\":\"https:\/\/fotos15.inmovilla.com\/12732\/27048047\/4-20.jpg\",\"position\":20,\"picture_id\":20,\"media_id\":143659,\"post_id\":194346,\"id\":20,\"attachment_id\":0,\"url\":\"https:\/\/fotos15.inmovilla.com\/12732\/27048047\/4-20.jpg\",\"basename\":\"4-20.jpg\",\"created_date\":\"2026-04-30 15:01:58\",\"is_downloaded\":0,\"is_using_remote\":1},{\"multimedia_type\":\"Picture\",\"picture_url\":\"https:\/\/fotos15.inmovilla.com\/12732\/27048047\/4-21.jpg\",\"position\":21,\"picture_id\":21,\"media_id\":143660,\"post_id\":194346,\"id\":21,\"attachment_id\":0,\"url\":\"https:\/\/fotos15.inmovilla.com\/12732\/27048047\/4-21.jpg\",\"basename\":\"4-21.jpg\",\"created_date\":\"2026-04-30 15:01:58\",\"is_downloaded\":0,\"is_using_remote\":1},{\"multimedia_type\":\"Picture\",\"picture_url\":\"https:\/\/fotos15.inmovilla.com\/12732\/27048047\/4-22.jpg\",\"position\":22,\"picture_id\":22,\"media_id\":143661,\"post_id\":194346,\"id\":22,\"attachment_id\":0,\"url\":\"https:\/\/fotos15.inmovilla.com\/12732\/27048047\/4-22.jpg\",\"basename\":\"4-22.jpg\",\"created_date\":\"2026-04-30 15:01:58\",\"is_downloaded\":0,\"is_using_remote\":1},{\"multimedia_type\":\"Picture\",\"picture_url\":\"https:\/\/fotos15.inmovilla.com\/12732\/27048047\/4-23.jpg\",\"position\":23,\"picture_id\":23,\"media_id\":143662,\"post_id\":194346,\"id\":23,\"attachment_id\":0,\"url\":\"https:\/\/fotos15.inmovilla.com\/12732\/27048047\/4-23.jpg\",\"basename\":\"4-23.jpg\",\"created_date\":\"2026-04-30 15:01:58\",\"is_downloaded\":0,\"is_using_remote\":1},{\"multimedia_type\":\"Picture\",\"picture_url\":\"https:\/\/fotos15.inmovilla.com\/12732\/27048047\/4-24.jpg\",\"position\":24,\"picture_id\":24,\"media_id\":143663,\"post_id\":194346,\"id\":24,\"attachment_id\":0,\"url\":\"https:\/\/fotos15.inmovilla.com\/12732\/27048047\/4-24.jpg\",\"basename\":\"4-24.jpg\",\"created_date\":\"2026-04-30 15:01:58\",\"is_downloaded\":0,\"is_using_remote\":1},{\"multimedia_type\":\"Picture\",\"picture_url\":\"https:\/\/fotos15.inmovilla.com\/12732\/27048047\/4-25.jpg\",\"position\":25,\"picture_id\":25,\"media_id\":143664,\"post_id\":194346,\"id\":25,\"attachment_id\":0,\"url\":\"https:\/\/fotos15.inmovilla.com\/12732\/27048047\/4-25.jpg\",\"basename\":\"4-25.jpg\",\"created_date\":\"2026-04-30 15:01:58\",\"is_downloaded\":0,\"is_using_remote\":1},{\"multimedia_type\":\"Picture\",\"picture_url\":\"https:\/\/fotos15.inmovilla.com\/12732\/27048047\/4-26.jpg\",\"position\":26,\"picture_id\":26,\"media_id\":143665,\"post_id\":194346,\"id\":26,\"attachment_id\":0,\"url\":\"https:\/\/fotos15.inmovilla.com\/12732\/27048047\/4-26.jpg\",\"basename\":\"4-26.jpg\",\"created_date\":\"2026-04-30 15:01:58\",\"is_downloaded\":0,\"is_using_remote\":1},{\"multimedia_type\":\"Picture\",\"picture_url\":\"https:\/\/fotos15.inmovilla.com\/12732\/27048047\/4-27.jpg\",\"position\":27,\"picture_id\":27,\"media_id\":143666,\"post_id\":194346,\"id\":27,\"attachment_id\":0,\"url\":\"https:\/\/fotos15.inmovilla.com\/12732\/27048047\/4-27.jpg\",\"basename\":\"4-27.jpg\",\"created_date\":\"2026-04-30 15:01:58\",\"is_downloaded\":0,\"is_using_remote\":1},{\"multimedia_type\":\"Picture\",\"picture_url\":\"https:\/\/fotos15.inmovilla.com\/12732\/27048047\/4-28.jpg\",\"position\":28,\"picture_id\":28,\"media_id\":143667,\"post_id\":194346,\"id\":28,\"attachment_id\":0,\"url\":\"https:\/\/fotos15.inmovilla.com\/12732\/27048047\/4-28.jpg\",\"basename\":\"4-28.jpg\",\"created_date\":\"2026-04-30 15:01:58\",\"is_downloaded\":0,\"is_using_remote\":1},{\"multimedia_type\":\"Picture\",\"picture_url\":\"https:\/\/fotos15.inmovilla.com\/12732\/27048047\/4-29.jpg\",\"position\":29,\"picture_id\":29,\"media_id\":143668,\"post_id\":194346,\"id\":29,\"attachment_id\":0,\"url\":\"https:\/\/fotos15.inmovilla.com\/12732\/27048047\/4-29.jpg\",\"basename\":\"4-29.jpg\",\"created_date\":\"2026-04-30 15:01:58\",\"is_downloaded\":0,\"is_using_remote\":1},{\"multimedia_type\":\"Picture\",\"picture_url\":\"https:\/\/fotos15.inmovilla.com\/12732\/27048047\/4-30.jpg\",\"position\":30,\"picture_id\":30,\"media_id\":143669,\"post_id\":194346,\"id\":30,\"attachment_id\":0,\"url\":\"https:\/\/fotos15.inmovilla.com\/12732\/27048047\/4-30.jpg\",\"basename\":\"4-30.jpg\",\"created_date\":\"2026-04-30 15:01:58\",\"is_downloaded\":0,\"is_using_remote\":1},{\"multimedia_type\":\"Picture\",\"picture_url\":\"https:\/\/fotos15.inmovilla.com\/12732\/27048047\/4-31.jpg\",\"position\":31,\"picture_id\":31,\"media_id\":143670,\"post_id\":194346,\"id\":31,\"attachment_id\":0,\"url\":\"https:\/\/fotos15.inmovilla.com\/12732\/27048047\/4-31.jpg\",\"basename\":\"4-31.jpg\",\"created_date\":\"2026-04-30 15:01:58\",\"is_downloaded\":0,\"is_using_remote\":1},{\"multimedia_type\":\"Picture\",\"picture_url\":\"https:\/\/fotos15.inmovilla.com\/12732\/27048047\/4-32.jpg\",\"position\":32,\"picture_id\":32,\"media_id\":143671,\"post_id\":194346,\"id\":32,\"attachment_id\":0,\"url\":\"https:\/\/fotos15.inmovilla.com\/12732\/27048047\/4-32.jpg\",\"basename\":\"4-32.jpg\",\"created_date\":\"2026-04-30 15:01:58\",\"is_downloaded\":0,\"is_using_remote\":1},{\"multimedia_type\":\"Picture\",\"picture_url\":\"https:\/\/fotos15.inmovilla.com\/12732\/27048047\/4-33.jpg\",\"position\":33,\"picture_id\":33,\"media_id\":143672,\"post_id\":194346,\"id\":33,\"attachment_id\":0,\"url\":\"https:\/\/fotos15.inmovilla.com\/12732\/27048047\/4-33.jpg\",\"basename\":\"4-33.jpg\",\"created_date\":\"2026-04-30 15:01:58\",\"is_downloaded\":0,\"is_using_remote\":1},{\"multimedia_type\":\"Picture\",\"picture_url\":\"https:\/\/fotos15.inmovilla.com\/12732\/27048047\/4-34.jpg\",\"position\":34,\"picture_id\":34,\"media_id\":143673,\"post_id\":194346,\"id\":34,\"attachment_id\":0,\"url\":\"https:\/\/fotos15.inmovilla.com\/12732\/27048047\/4-34.jpg\",\"basename\":\"4-34.jpg\",\"created_date\":\"2026-04-30 15:01:58\",\"is_downloaded\":0,\"is_using_remote\":1},{\"multimedia_type\":\"Picture\",\"picture_url\":\"https:\/\/fotos15.inmovilla.com\/12732\/27048047\/4-35.jpg\",\"position\":35,\"picture_id\":35,\"media_id\":143674,\"post_id\":194346,\"id\":35,\"attachment_id\":0,\"url\":\"https:\/\/fotos15.inmovilla.com\/12732\/27048047\/4-35.jpg\",\"basename\":\"4-35.jpg\",\"created_date\":\"2026-04-30 15:01:58\",\"is_downloaded\":0,\"is_using_remote\":1},{\"multimedia_type\":\"Picture\",\"picture_url\":\"https:\/\/fotos15.inmovilla.com\/12732\/27048047\/4-36.jpg\",\"position\":36,\"picture_id\":36,\"media_id\":143675,\"post_id\":194346,\"id\":36,\"attachment_id\":0,\"url\":\"https:\/\/fotos15.inmovilla.com\/12732\/27048047\/4-36.jpg\",\"basename\":\"4-36.jpg\",\"created_date\":\"2026-04-30 15:01:58\",\"is_downloaded\":0,\"is_using_remote\":1},{\"multimedia_type\":\"Picture\",\"picture_url\":\"https:\/\/fotos15.inmovilla.com\/12732\/27048047\/4-37.jpg\",\"position\":37,\"picture_id\":37,\"media_id\":143676,\"post_id\":194346,\"id\":37,\"attachment_id\":0,\"url\":\"https:\/\/fotos15.inmovilla.com\/12732\/27048047\/4-37.jpg\",\"basename\":\"4-37.jpg\",\"created_date\":\"2026-04-30 15:01:58\",\"is_downloaded\":0,\"is_using_remote\":1},{\"multimedia_type\":\"Picture\",\"picture_url\":\"https:\/\/fotos15.inmovilla.com\/12732\/27048047\/4-38.jpg\",\"position\":38,\"picture_id\":38,\"media_id\":143677,\"post_id\":194346,\"id\":38,\"attachment_id\":0,\"url\":\"https:\/\/fotos15.inmovilla.com\/12732\/27048047\/4-38.jpg\",\"basename\":\"4-38.jpg\",\"created_date\":\"2026-04-30 15:01:58\",\"is_downloaded\":0,\"is_using_remote\":1},{\"multimedia_type\":\"Picture\",\"picture_url\":\"https:\/\/fotos15.inmovilla.com\/12732\/27048047\/4-39.jpg\",\"position\":39,\"picture_id\":39,\"media_id\":143678,\"post_id\":194346,\"id\":39,\"attachment_id\":0,\"url\":\"https:\/\/fotos15.inmovilla.com\/12732\/27048047\/4-39.jpg\",\"basename\":\"4-39.jpg\",\"created_date\":\"2026-04-30 15:01:58\",\"is_downloaded\":0,\"is_using_remote\":1},{\"multimedia_type\":\"Picture\",\"picture_url\":\"https:\/\/fotos15.inmovilla.com\/12732\/27048047\/4-40.jpg\",\"position\":40,\"picture_id\":40,\"media_id\":143679,\"post_id\":194346,\"id\":40,\"attachment_id\":0,\"url\":\"https:\/\/fotos15.inmovilla.com\/12732\/27048047\/4-40.jpg\",\"basename\":\"4-40.jpg\",\"created_date\":\"2026-04-30 15:01:58\",\"is_downloaded\":0,\"is_using_remote\":1},{\"multimedia_type\":\"Picture\",\"picture_url\":\"https:\/\/fotos15.inmovilla.com\/12732\/27048047\/4-41.jpg\",\"position\":41,\"picture_id\":41,\"media_id\":143680,\"post_id\":194346,\"id\":41,\"attachment_id\":0,\"url\":\"https:\/\/fotos15.inmovilla.com\/12732\/27048047\/4-41.jpg\",\"basename\":\"4-41.jpg\",\"created_date\":\"2026-04-30 15:01:58\",\"is_downloaded\":0,\"is_using_remote\":1},{\"multimedia_type\":\"Picture\",\"picture_url\":\"https:\/\/fotos15.inmovilla.com\/12732\/27048047\/4-42.jpg\",\"position\":42,\"picture_id\":42,\"media_id\":143681,\"post_id\":194346,\"id\":42,\"attachment_id\":0,\"url\":\"https:\/\/fotos15.inmovilla.com\/12732\/27048047\/4-42.jpg\",\"basename\":\"4-42.jpg\",\"created_date\":\"2026-04-30 15:01:58\",\"is_downloaded\":0,\"is_using_remote\":1},{\"multimedia_type\":\"Picture\",\"picture_url\":\"https:\/\/fotos15.inmovilla.com\/12732\/27048047\/4-43.jpg\",\"position\":43,\"picture_id\":43,\"media_id\":143682,\"post_id\":194346,\"id\":43,\"attachment_id\":0,\"url\":\"https:\/\/fotos15.inmovilla.com\/12732\/27048047\/4-43.jpg\",\"basename\":\"4-43.jpg\",\"created_date\":\"2026-04-30 15:01:58\",\"is_downloaded\":0,\"is_using_remote\":1},{\"multimedia_type\":\"Picture\",\"picture_url\":\"https:\/\/fotos15.inmovilla.com\/12732\/27048047\/4-44.jpg\",\"position\":44,\"picture_id\":44,\"media_id\":143683,\"post_id\":194346,\"id\":44,\"attachment_id\":0,\"url\":\"https:\/\/fotos15.inmovilla.com\/12732\/27048047\/4-44.jpg\",\"basename\":\"4-44.jpg\",\"created_date\":\"2026-04-30 15:01:58\",\"is_downloaded\":0,\"is_using_remote\":1},{\"multimedia_type\":\"Picture\",\"picture_url\":\"https:\/\/fotos15.inmovilla.com\/12732\/27048047\/4-45.jpg\",\"position\":45,\"picture_id\":45,\"media_id\":143684,\"post_id\":194346,\"id\":45,\"attachment_id\":0,\"url\":\"https:\/\/fotos15.inmovilla.com\/12732\/27048047\/4-45.jpg\",\"basename\":\"4-45.jpg\",\"created_date\":\"2026-04-30 15:01:58\",\"is_downloaded\":0,\"is_using_remote\":1},{\"multimedia_type\":\"Picture\",\"picture_url\":\"https:\/\/fotos15.inmovilla.com\/12732\/27048047\/4-46.jpg\",\"position\":46,\"picture_id\":46,\"media_id\":143685,\"post_id\":194346,\"id\":46,\"attachment_id\":0,\"url\":\"https:\/\/fotos15.inmovilla.com\/12732\/27048047\/4-46.jpg\",\"basename\":\"4-46.jpg\",\"created_date\":\"2026-04-30 15:01:58\",\"is_downloaded\":0,\"is_using_remote\":1},{\"multimedia_type\":\"Picture\",\"picture_url\":\"https:\/\/fotos15.inmovilla.com\/12732\/27048047\/4-47.jpg\",\"position\":47,\"picture_id\":47,\"media_id\":143686,\"post_id\":194346,\"id\":47,\"attachment_id\":0,\"url\":\"https:\/\/fotos15.inmovilla.com\/12732\/27048047\/4-47.jpg\",\"basename\":\"4-47.jpg\",\"created_date\":\"2026-04-30 15:01:58\",\"is_downloaded\":0,\"is_using_remote\":1},{\"multimedia_type\":\"Picture\",\"picture_url\":\"https:\/\/fotos15.inmovilla.com\/12732\/27048047\/4-48.jpg\",\"position\":48,\"picture_id\":48,\"media_id\":143687,\"post_id\":194346,\"id\":48,\"attachment_id\":0,\"url\":\"https:\/\/fotos15.inmovilla.com\/12732\/27048047\/4-48.jpg\",\"basename\":\"4-48.jpg\",\"created_date\":\"2026-04-30 15:01:58\",\"is_downloaded\":0,\"is_using_remote\":1}]"],"_thumbnail_id":["194347"],"fave_property_images":["194347"],"apg_property_id":["27048047"],"_wpml_word_count":["333"],"houzez_recently_viewed":["2026-05-01 10:52:20"],"houzez_total_property_views":["3"],"houzez_views_by_date":["a:1:{s:10:\"05-01-2026\";i:3;}"],"_eael_post_view_count":["3"],"_elementor_page_assets":["a:0:{}"]},"yoast_head":"<!-- This site is optimized with the Yoast SEO plugin v27.5 - https:\/\/yoast.com\/product\/yoast-seo-wordpress\/ -->\n<title>Resid\u00e8ncia Exclusiva de Luxe amb Vistes al Mediterrani a Son Moja, Cala Santany\u00ed - RE\/MAX Drac<\/title>\n<meta name=\"robots\" content=\"index, follow, max-snippet:-1, max-image-preview:large, max-video-preview:-1\" \/>\n<link rel=\"canonical\" href=\"https:\/\/www.santanyi.net\/ca\/property\/residencia-exclusiva-de-luxe-amb-vistes-al-mediterrani-a-son-moja-cala-santanyi-3\/\" \/>\n<meta property=\"og:locale\" content=\"ca_ES\" \/>\n<meta property=\"og:type\" content=\"article\" \/>\n<meta property=\"og:title\" content=\"Resid\u00e8ncia Exclusiva de Luxe amb Vistes al Mediterrani a Son Moja, Cala Santany\u00ed - RE\/MAX Drac\" \/>\n<meta property=\"og:description\" content=\"Presentem una vila independent amb un disseny d&#8217;avantguarda i acabats luxosos, situada en una ubicaci\u00f3 privilegiada a Son Moja, Cala Santany\u00ed. Aquesta propietat compta amb una parcel\u00b7la de 678 m\u00b2 amb l&#8217;avantatge estrat\u00e8gic de l&#8217;acc\u00e9s a dos carrers, maximitzant la privacitat i la funcionalitat.L&#8217;edifici, amb una superf\u00edcie constru\u00efda de 271 m\u00b2 distribu\u00efts en dos nivells, [&hellip;]\" \/>\n<meta property=\"og:url\" content=\"https:\/\/www.santanyi.net\/ca\/property\/residencia-exclusiva-de-luxe-amb-vistes-al-mediterrani-a-son-moja-cala-santanyi-3\/\" \/>\n<meta property=\"og:site_name\" content=\"RE\/MAX Drac\" \/>\n<meta property=\"article:modified_time\" content=\"2026-05-01T06:04:30+00:00\" \/>\n<meta property=\"og:image\" content=\"https:\/\/www.santanyi.net\/wp-content\/uploads\/anaconda_property_media\/27048047-194346\/4-1.jpg\" \/>\n\t<meta property=\"og:image:width\" content=\"1200\" \/>\n\t<meta property=\"og:image:height\" content=\"899\" \/>\n\t<meta property=\"og:image:type\" content=\"image\/jpeg\" \/>\n<meta name=\"twitter:card\" content=\"summary_large_image\" \/>\n<meta name=\"twitter:label1\" content=\"Temps estimat de lectura\" \/>\n\t<meta name=\"twitter:data1\" content=\"2 minuts\" \/>\n<script type=\"application\/ld+json\" class=\"yoast-schema-graph\">{\"@context\":\"https:\\\/\\\/schema.org\",\"@graph\":[{\"@type\":\"WebPage\",\"@id\":\"https:\\\/\\\/www.santanyi.net\\\/ca\\\/property\\\/residencia-exclusiva-de-luxe-amb-vistes-al-mediterrani-a-son-moja-cala-santanyi-3\\\/\",\"url\":\"https:\\\/\\\/www.santanyi.net\\\/ca\\\/property\\\/residencia-exclusiva-de-luxe-amb-vistes-al-mediterrani-a-son-moja-cala-santanyi-3\\\/\",\"name\":\"Resid\u00e8ncia Exclusiva de Luxe amb Vistes al Mediterrani a Son Moja, Cala Santany\u00ed - RE\\\/MAX Drac\",\"isPartOf\":{\"@id\":\"https:\\\/\\\/www.santanyi.net\\\/ca\\\/#website\"},\"primaryImageOfPage\":{\"@id\":\"https:\\\/\\\/www.santanyi.net\\\/ca\\\/property\\\/residencia-exclusiva-de-luxe-amb-vistes-al-mediterrani-a-son-moja-cala-santanyi-3\\\/#primaryimage\"},\"image\":{\"@id\":\"https:\\\/\\\/www.santanyi.net\\\/ca\\\/property\\\/residencia-exclusiva-de-luxe-amb-vistes-al-mediterrani-a-son-moja-cala-santanyi-3\\\/#primaryimage\"},\"thumbnailUrl\":\"https:\\\/\\\/www.santanyi.net\\\/wp-content\\\/uploads\\\/anaconda_property_media\\\/27048047-194346\\\/4-1.jpg\",\"datePublished\":\"2026-04-30T15:01:57+00:00\",\"dateModified\":\"2026-05-01T06:04:30+00:00\",\"breadcrumb\":{\"@id\":\"https:\\\/\\\/www.santanyi.net\\\/ca\\\/property\\\/residencia-exclusiva-de-luxe-amb-vistes-al-mediterrani-a-son-moja-cala-santanyi-3\\\/#breadcrumb\"},\"inLanguage\":\"ca\",\"potentialAction\":[{\"@type\":\"ReadAction\",\"target\":[\"https:\\\/\\\/www.santanyi.net\\\/ca\\\/property\\\/residencia-exclusiva-de-luxe-amb-vistes-al-mediterrani-a-son-moja-cala-santanyi-3\\\/\"]}]},{\"@type\":\"ImageObject\",\"inLanguage\":\"ca\",\"@id\":\"https:\\\/\\\/www.santanyi.net\\\/ca\\\/property\\\/residencia-exclusiva-de-luxe-amb-vistes-al-mediterrani-a-son-moja-cala-santanyi-3\\\/#primaryimage\",\"url\":\"https:\\\/\\\/www.santanyi.net\\\/wp-content\\\/uploads\\\/anaconda_property_media\\\/27048047-194346\\\/4-1.jpg\",\"contentUrl\":\"https:\\\/\\\/www.santanyi.net\\\/wp-content\\\/uploads\\\/anaconda_property_media\\\/27048047-194346\\\/4-1.jpg\",\"width\":1200,\"height\":899},{\"@type\":\"BreadcrumbList\",\"@id\":\"https:\\\/\\\/www.santanyi.net\\\/ca\\\/property\\\/residencia-exclusiva-de-luxe-amb-vistes-al-mediterrani-a-son-moja-cala-santanyi-3\\\/#breadcrumb\",\"itemListElement\":[{\"@type\":\"ListItem\",\"position\":1,\"name\":\"Home\",\"item\":\"https:\\\/\\\/www.santanyi.net\\\/ca\\\/\"},{\"@type\":\"ListItem\",\"position\":2,\"name\":\"Properties\",\"item\":\"https:\\\/\\\/www.santanyi.net\\\/ca\\\/property\\\/\"},{\"@type\":\"ListItem\",\"position\":3,\"name\":\"Resid\u00e8ncia Exclusiva de Luxe amb Vistes al Mediterrani a Son Moja, Cala Santany\u00ed\"}]},{\"@type\":\"WebSite\",\"@id\":\"https:\\\/\\\/www.santanyi.net\\\/ca\\\/#website\",\"url\":\"https:\\\/\\\/www.santanyi.net\\\/ca\\\/\",\"name\":\"RE\\\/MAX Drac\",\"description\":\"\",\"publisher\":{\"@id\":\"https:\\\/\\\/www.santanyi.net\\\/ca\\\/#organization\"},\"potentialAction\":[{\"@type\":\"SearchAction\",\"target\":{\"@type\":\"EntryPoint\",\"urlTemplate\":\"https:\\\/\\\/www.santanyi.net\\\/ca\\\/?s={search_term_string}\"},\"query-input\":{\"@type\":\"PropertyValueSpecification\",\"valueRequired\":true,\"valueName\":\"search_term_string\"}}],\"inLanguage\":\"ca\"},{\"@type\":\"Organization\",\"@id\":\"https:\\\/\\\/www.santanyi.net\\\/ca\\\/#organization\",\"name\":\"RE\\\/MAX Drac\",\"url\":\"https:\\\/\\\/www.santanyi.net\\\/ca\\\/\",\"logo\":{\"@type\":\"ImageObject\",\"inLanguage\":\"ca\",\"@id\":\"https:\\\/\\\/www.santanyi.net\\\/ca\\\/#\\\/schema\\\/logo\\\/image\\\/\",\"url\":\"https:\\\/\\\/www.santanyi.net\\\/wp-content\\\/uploads\\\/2025\\\/07\\\/logo-nuevo.png\",\"contentUrl\":\"https:\\\/\\\/www.santanyi.net\\\/wp-content\\\/uploads\\\/2025\\\/07\\\/logo-nuevo.png\",\"width\":295,\"height\":165,\"caption\":\"RE\\\/MAX Drac\"},\"image\":{\"@id\":\"https:\\\/\\\/www.santanyi.net\\\/ca\\\/#\\\/schema\\\/logo\\\/image\\\/\"}}]}<\/script>\n<!-- \/ Yoast SEO plugin. -->","yoast_head_json":{"title":"Resid\u00e8ncia Exclusiva de Luxe amb Vistes al Mediterrani a Son Moja, Cala Santany\u00ed - RE\/MAX Drac","robots":{"index":"index","follow":"follow","max-snippet":"max-snippet:-1","max-image-preview":"max-image-preview:large","max-video-preview":"max-video-preview:-1"},"canonical":"https:\/\/www.santanyi.net\/ca\/property\/residencia-exclusiva-de-luxe-amb-vistes-al-mediterrani-a-son-moja-cala-santanyi-3\/","og_locale":"ca_ES","og_type":"article","og_title":"Resid\u00e8ncia Exclusiva de Luxe amb Vistes al Mediterrani a Son Moja, Cala Santany\u00ed - RE\/MAX Drac","og_description":"Presentem una vila independent amb un disseny d&#8217;avantguarda i acabats luxosos, situada en una ubicaci\u00f3 privilegiada a Son Moja, Cala Santany\u00ed. Aquesta propietat compta amb una parcel\u00b7la de 678 m\u00b2 amb l&#8217;avantatge estrat\u00e8gic de l&#8217;acc\u00e9s a dos carrers, maximitzant la privacitat i la funcionalitat.L&#8217;edifici, amb una superf\u00edcie constru\u00efda de 271 m\u00b2 distribu\u00efts en dos nivells, [&hellip;]","og_url":"https:\/\/www.santanyi.net\/ca\/property\/residencia-exclusiva-de-luxe-amb-vistes-al-mediterrani-a-son-moja-cala-santanyi-3\/","og_site_name":"RE\/MAX Drac","article_modified_time":"2026-05-01T06:04:30+00:00","og_image":[{"width":1200,"height":899,"url":"https:\/\/www.santanyi.net\/wp-content\/uploads\/anaconda_property_media\/27048047-194346\/4-1.jpg","type":"image\/jpeg"}],"twitter_card":"summary_large_image","twitter_misc":{"Temps estimat de lectura":"2 minuts"},"schema":{"@context":"https:\/\/schema.org","@graph":[{"@type":"WebPage","@id":"https:\/\/www.santanyi.net\/ca\/property\/residencia-exclusiva-de-luxe-amb-vistes-al-mediterrani-a-son-moja-cala-santanyi-3\/","url":"https:\/\/www.santanyi.net\/ca\/property\/residencia-exclusiva-de-luxe-amb-vistes-al-mediterrani-a-son-moja-cala-santanyi-3\/","name":"Resid\u00e8ncia Exclusiva de Luxe amb Vistes al Mediterrani a Son Moja, Cala Santany\u00ed - RE\/MAX Drac","isPartOf":{"@id":"https:\/\/www.santanyi.net\/ca\/#website"},"primaryImageOfPage":{"@id":"https:\/\/www.santanyi.net\/ca\/property\/residencia-exclusiva-de-luxe-amb-vistes-al-mediterrani-a-son-moja-cala-santanyi-3\/#primaryimage"},"image":{"@id":"https:\/\/www.santanyi.net\/ca\/property\/residencia-exclusiva-de-luxe-amb-vistes-al-mediterrani-a-son-moja-cala-santanyi-3\/#primaryimage"},"thumbnailUrl":"https:\/\/www.santanyi.net\/wp-content\/uploads\/anaconda_property_media\/27048047-194346\/4-1.jpg","datePublished":"2026-04-30T15:01:57+00:00","dateModified":"2026-05-01T06:04:30+00:00","breadcrumb":{"@id":"https:\/\/www.santanyi.net\/ca\/property\/residencia-exclusiva-de-luxe-amb-vistes-al-mediterrani-a-son-moja-cala-santanyi-3\/#breadcrumb"},"inLanguage":"ca","potentialAction":[{"@type":"ReadAction","target":["https:\/\/www.santanyi.net\/ca\/property\/residencia-exclusiva-de-luxe-amb-vistes-al-mediterrani-a-son-moja-cala-santanyi-3\/"]}]},{"@type":"ImageObject","inLanguage":"ca","@id":"https:\/\/www.santanyi.net\/ca\/property\/residencia-exclusiva-de-luxe-amb-vistes-al-mediterrani-a-son-moja-cala-santanyi-3\/#primaryimage","url":"https:\/\/www.santanyi.net\/wp-content\/uploads\/anaconda_property_media\/27048047-194346\/4-1.jpg","contentUrl":"https:\/\/www.santanyi.net\/wp-content\/uploads\/anaconda_property_media\/27048047-194346\/4-1.jpg","width":1200,"height":899},{"@type":"BreadcrumbList","@id":"https:\/\/www.santanyi.net\/ca\/property\/residencia-exclusiva-de-luxe-amb-vistes-al-mediterrani-a-son-moja-cala-santanyi-3\/#breadcrumb","itemListElement":[{"@type":"ListItem","position":1,"name":"Home","item":"https:\/\/www.santanyi.net\/ca\/"},{"@type":"ListItem","position":2,"name":"Properties","item":"https:\/\/www.santanyi.net\/ca\/property\/"},{"@type":"ListItem","position":3,"name":"Resid\u00e8ncia Exclusiva de Luxe amb Vistes al Mediterrani a Son Moja, Cala Santany\u00ed"}]},{"@type":"WebSite","@id":"https:\/\/www.santanyi.net\/ca\/#website","url":"https:\/\/www.santanyi.net\/ca\/","name":"RE\/MAX Drac","description":"","publisher":{"@id":"https:\/\/www.santanyi.net\/ca\/#organization"},"potentialAction":[{"@type":"SearchAction","target":{"@type":"EntryPoint","urlTemplate":"https:\/\/www.santanyi.net\/ca\/?s={search_term_string}"},"query-input":{"@type":"PropertyValueSpecification","valueRequired":true,"valueName":"search_term_string"}}],"inLanguage":"ca"},{"@type":"Organization","@id":"https:\/\/www.santanyi.net\/ca\/#organization","name":"RE\/MAX Drac","url":"https:\/\/www.santanyi.net\/ca\/","logo":{"@type":"ImageObject","inLanguage":"ca","@id":"https:\/\/www.santanyi.net\/ca\/#\/schema\/logo\/image\/","url":"https:\/\/www.santanyi.net\/wp-content\/uploads\/2025\/07\/logo-nuevo.png","contentUrl":"https:\/\/www.santanyi.net\/wp-content\/uploads\/2025\/07\/logo-nuevo.png","width":295,"height":165,"caption":"RE\/MAX Drac"},"image":{"@id":"https:\/\/www.santanyi.net\/ca\/#\/schema\/logo\/image\/"}}]}},"_links":{"self":[{"href":"https:\/\/www.santanyi.net\/ca\/wp-json\/wp\/v2\/properties\/194352","targetHints":{"allow":["GET"]}}],"collection":[{"href":"https:\/\/www.santanyi.net\/ca\/wp-json\/wp\/v2\/properties"}],"about":[{"href":"https:\/\/www.santanyi.net\/ca\/wp-json\/wp\/v2\/types\/property"}],"author":[{"embeddable":true,"href":"https:\/\/www.santanyi.net\/ca\/wp-json\/wp\/v2\/users\/1"}],"version-history":[{"count":2,"href":"https:\/\/www.santanyi.net\/ca\/wp-json\/wp\/v2\/properties\/194352\/revisions"}],"predecessor-version":[{"id":195816,"href":"https:\/\/www.santanyi.net\/ca\/wp-json\/wp\/v2\/properties\/194352\/revisions\/195816"}],"wp:featuredmedia":[{"embeddable":true,"href":"https:\/\/www.santanyi.net\/ca\/wp-json\/wp\/v2\/media\/194347"}],"wp:attachment":[{"href":"https:\/\/www.santanyi.net\/ca\/wp-json\/wp\/v2\/media?parent=194352"}],"wp:term":[{"taxonomy":"property_type","embeddable":true,"href":"https:\/\/www.santanyi.net\/ca\/wp-json\/wp\/v2\/property_type?post=194352"},{"taxonomy":"property_status","embeddable":true,"href":"https:\/\/www.santanyi.net\/ca\/wp-json\/wp\/v2\/property_status?post=194352"},{"taxonomy":"property_feature","embeddable":true,"href":"https:\/\/www.santanyi.net\/ca\/wp-json\/wp\/v2\/property_feature?post=194352"},{"taxonomy":"property_label","embeddable":true,"href":"https:\/\/www.santanyi.net\/ca\/wp-json\/wp\/v2\/property_label?post=194352"},{"taxonomy":"property_country","embeddable":true,"href":"https:\/\/www.santanyi.net\/ca\/wp-json\/wp\/v2\/property_country?post=194352"},{"taxonomy":"property_state","embeddable":true,"href":"https:\/\/www.santanyi.net\/ca\/wp-json\/wp\/v2\/property_state?post=194352"},{"taxonomy":"property_city","embeddable":true,"href":"https:\/\/www.santanyi.net\/ca\/wp-json\/wp\/v2\/property_city?post=194352"},{"taxonomy":"property_area","embeddable":true,"href":"https:\/\/www.santanyi.net\/ca\/wp-json\/wp\/v2\/property_area?post=194352"}],"curies":[{"name":"wp","href":"https:\/\/api.w.org\/{rel}","templated":true}]}}