
{"id":194304,"date":"2026-04-30T15:01:39","date_gmt":"2026-04-30T15:01:39","guid":{"rendered":"https:\/\/www.santanyi.net\/property\/casa-o-xalet-independent-a-calle-cas-perets-ses-salines\/"},"modified":"2026-05-01T06:04:18","modified_gmt":"2026-05-01T06:04:18","slug":"casa-o-xalet-independent-a-calle-cas-perets-ses-salines-2","status":"publish","type":"property","link":"https:\/\/www.santanyi.net\/ca\/property\/casa-o-xalet-independent-a-calle-cas-perets-ses-salines-2\/","title":{"rendered":"Casa o xalet independent a Calle cas perets, Ses Salines"},"content":{"rendered":"<p>Descobriu aquesta exclusiva finca (Sa Vinya) de nova construcci\u00f3 a Ses Salines, una propietat que combina l&#8217;eleg\u00e0ncia de l&#8217;estil mediterrani amb un disseny modern. Ubicada estrat\u00e8gicament en una zona d&#8217;alt valor, es troba en una parcel\u00b7la plana de 15.013,5 m\u00b2 a 5 minuts de Santany\u00ed.<\/p>\n<p>El projecte es troba en una fase avan\u00e7ada de construcci\u00f3, amb una finalitzaci\u00f3 prevista en uns mesos. Us oferim un seguiment \u00fanic de l&#8217;evoluci\u00f3 de l&#8217;obra, amb fotografies que mostren el progr\u00e9s i la cura a cada detall de la construcci\u00f3.<\/p>\n<p>La finca ha estat dissenyada en una sola planta amb grans espais. A la planta baixa, la superf\u00edcie constru\u00efda \u00e9s de 235 m2, amb 206 m2 d&#8217;espai habitable i porxos de 60 m2. A m\u00e9s, t\u00e9 una piscina exterior de 48 m\u00b2. El soterrani, amb 145 m\u00b2 constru\u00efts, t\u00e9 una piscina coberta de 7 metres, un apartament per a convidats i un disseny arquitect\u00f2nic que maximitza la llum natural.<\/p>\n<p>Els acabats d&#8217;alta gamma inclouen calefacci\u00f3 per terra radiant, bomba de calor amb panells solars i aire condicionat. La cuina est\u00e0 equipada amb electrodom\u00e8stics Gaggenau i el sistema d&#8217;\u00e0udio Sonos est\u00e0 integrat a les zones principals de la casa i terrasses. La seguretat est\u00e0 garantida amb un sistema d&#8217;alarma i de videovigil\u00e0ncia, creant un ambient de luxe i confort.<\/p>\n<p>Aquesta finca \u00e9s un refugi exclusiu que ofereix privadesa, proximitat a les millors platges de l&#8217;illa i un estil de vida d&#8217;alta qualitat en una de les zones m\u00e9s demandades de Mallorca.<\/p>\n","protected":false},"excerpt":{"rendered":"<p>Descobriu aquesta exclusiva finca (Sa Vinya) de nova construcci\u00f3 a Ses Salines, una propietat que combina l&#8217;eleg\u00e0ncia de l&#8217;estil mediterrani amb un disseny modern. Ubicada estrat\u00e8gicament en una zona d&#8217;alt valor, es troba en una parcel\u00b7la plana de 15.013,5 m\u00b2 a 5 minuts de Santany\u00ed. El projecte es troba en una fase avan\u00e7ada de construcci\u00f3, [&hellip;]<\/p>\n","protected":false},"author":1,"featured_media":194299,"parent":0,"menu_order":0,"template":"","property_type":[2161],"property_status":[2103,2096],"property_feature":[1911,1927,1800,1801,1803,1944,1952,1806,1807,1809,1810,1811,1812,1933],"property_label":[],"property_country":[],"property_state":[],"property_city":[650],"property_area":[659],"class_list":["post-194304","property","type-property","status-publish","has-post-thumbnail","hentry","property_type-chalet-ca","property_status-venta-ca","property_status-venta","property_feature-airecentral","property_feature-airecentral-ca","property_feature-alarmarobo-ca","property_feature-arboles-ca","property_feature-calefaccion-ca","property_feature-jacuzzi","property_feature-jacuzzi-ca","property_feature-jardin-ca","property_feature-lavanderia-ca","property_feature-muebles-ca","property_feature-parking-ca","property_feature-piscina_prop-ca","property_feature-rural-ca","property_feature-sotano-ca","property_city-ses-salines","property_area-ses-salines-mallorca"],"acf":[],"property_meta":{"_apg_property_user_edited":["1"],"fave_property_id":["DRAC-CV1554JO"],"fave_property_location":["39.35835888456,3.0807311902827,15"],"houzez_geolocation_lat":["39.35835888456"],"houzez_geolocation_long":["3.0807311902827"],"fave_property_price":["3350000"],"fave_property_rent_or_sale":["sale"],"fave_property_year":[null],"fave_property_size_prefix":["m2"],"fave_property_land_postfix":["m2"],"fave_property_size":["350"],"fave_property_land":["15013"],"fave_property_bedrooms":["6"],"fave_property_bathrooms":["5"],"fave_property_garage":["2"],"fave_property_map_address":["Ses Salines (Mallorca), 07640 Ses Salines"],"fave_property_address":[" , Ses Salines 07640"],"fave_property_zip":["07640"],"fave_property_postal_code":["07640"],"fave_property_map":["1"],"apg_is_using_remote_image_url":["1"],"apg_using_remote_image_urls":["[{\"multimedia_type\":\"Picture\",\"picture_url\":\"https:\/\/fotos15.inmovilla.com\/12732\/26308527\/30-1.jpg\",\"position\":1,\"picture_id\":1,\"media_id\":143541,\"post_id\":194298,\"id\":1,\"attachment_id\":0,\"url\":\"https:\/\/fotos15.inmovilla.com\/12732\/26308527\/30-1.jpg\",\"basename\":\"30-1.jpg\",\"created_date\":\"2026-04-30 15:01:39\",\"is_downloaded\":0,\"is_using_remote\":0},{\"multimedia_type\":\"Picture\",\"picture_url\":\"https:\/\/fotos15.inmovilla.com\/12732\/26308527\/30-2.jpg\",\"position\":2,\"picture_id\":2,\"media_id\":143542,\"post_id\":194298,\"id\":2,\"attachment_id\":0,\"url\":\"https:\/\/fotos15.inmovilla.com\/12732\/26308527\/30-2.jpg\",\"basename\":\"30-2.jpg\",\"created_date\":\"2026-04-30 15:01:39\",\"is_downloaded\":0,\"is_using_remote\":1},{\"multimedia_type\":\"Picture\",\"picture_url\":\"https:\/\/fotos15.inmovilla.com\/12732\/26308527\/30-3.jpg\",\"position\":3,\"picture_id\":3,\"media_id\":143543,\"post_id\":194298,\"id\":3,\"attachment_id\":0,\"url\":\"https:\/\/fotos15.inmovilla.com\/12732\/26308527\/30-3.jpg\",\"basename\":\"30-3.jpg\",\"created_date\":\"2026-04-30 15:01:39\",\"is_downloaded\":0,\"is_using_remote\":1},{\"multimedia_type\":\"Picture\",\"picture_url\":\"https:\/\/fotos15.inmovilla.com\/12732\/26308527\/30-4.jpg\",\"position\":4,\"picture_id\":4,\"media_id\":143544,\"post_id\":194298,\"id\":4,\"attachment_id\":0,\"url\":\"https:\/\/fotos15.inmovilla.com\/12732\/26308527\/30-4.jpg\",\"basename\":\"30-4.jpg\",\"created_date\":\"2026-04-30 15:01:39\",\"is_downloaded\":0,\"is_using_remote\":1},{\"multimedia_type\":\"Picture\",\"picture_url\":\"https:\/\/fotos15.inmovilla.com\/12732\/26308527\/30-5.jpg\",\"position\":5,\"picture_id\":5,\"media_id\":143545,\"post_id\":194298,\"id\":5,\"attachment_id\":0,\"url\":\"https:\/\/fotos15.inmovilla.com\/12732\/26308527\/30-5.jpg\",\"basename\":\"30-5.jpg\",\"created_date\":\"2026-04-30 15:01:39\",\"is_downloaded\":0,\"is_using_remote\":1},{\"multimedia_type\":\"Picture\",\"picture_url\":\"https:\/\/fotos15.inmovilla.com\/12732\/26308527\/30-6.jpg\",\"position\":6,\"picture_id\":6,\"media_id\":143546,\"post_id\":194298,\"id\":6,\"attachment_id\":0,\"url\":\"https:\/\/fotos15.inmovilla.com\/12732\/26308527\/30-6.jpg\",\"basename\":\"30-6.jpg\",\"created_date\":\"2026-04-30 15:01:39\",\"is_downloaded\":0,\"is_using_remote\":1},{\"multimedia_type\":\"Picture\",\"picture_url\":\"https:\/\/fotos15.inmovilla.com\/12732\/26308527\/30-7.jpg\",\"position\":7,\"picture_id\":7,\"media_id\":143547,\"post_id\":194298,\"id\":7,\"attachment_id\":0,\"url\":\"https:\/\/fotos15.inmovilla.com\/12732\/26308527\/30-7.jpg\",\"basename\":\"30-7.jpg\",\"created_date\":\"2026-04-30 15:01:39\",\"is_downloaded\":0,\"is_using_remote\":1},{\"multimedia_type\":\"Picture\",\"picture_url\":\"https:\/\/fotos15.inmovilla.com\/12732\/26308527\/30-8.jpg\",\"position\":8,\"picture_id\":8,\"media_id\":143548,\"post_id\":194298,\"id\":8,\"attachment_id\":0,\"url\":\"https:\/\/fotos15.inmovilla.com\/12732\/26308527\/30-8.jpg\",\"basename\":\"30-8.jpg\",\"created_date\":\"2026-04-30 15:01:39\",\"is_downloaded\":0,\"is_using_remote\":1},{\"multimedia_type\":\"Picture\",\"picture_url\":\"https:\/\/fotos15.inmovilla.com\/12732\/26308527\/30-9.jpg\",\"position\":9,\"picture_id\":9,\"media_id\":143549,\"post_id\":194298,\"id\":9,\"attachment_id\":0,\"url\":\"https:\/\/fotos15.inmovilla.com\/12732\/26308527\/30-9.jpg\",\"basename\":\"30-9.jpg\",\"created_date\":\"2026-04-30 15:01:39\",\"is_downloaded\":0,\"is_using_remote\":1},{\"multimedia_type\":\"Picture\",\"picture_url\":\"https:\/\/fotos15.inmovilla.com\/12732\/26308527\/30-10.jpg\",\"position\":10,\"picture_id\":10,\"media_id\":143550,\"post_id\":194298,\"id\":10,\"attachment_id\":0,\"url\":\"https:\/\/fotos15.inmovilla.com\/12732\/26308527\/30-10.jpg\",\"basename\":\"30-10.jpg\",\"created_date\":\"2026-04-30 15:01:39\",\"is_downloaded\":0,\"is_using_remote\":1},{\"multimedia_type\":\"Picture\",\"picture_url\":\"https:\/\/fotos15.inmovilla.com\/12732\/26308527\/30-11.jpg\",\"position\":11,\"picture_id\":11,\"media_id\":143551,\"post_id\":194298,\"id\":11,\"attachment_id\":0,\"url\":\"https:\/\/fotos15.inmovilla.com\/12732\/26308527\/30-11.jpg\",\"basename\":\"30-11.jpg\",\"created_date\":\"2026-04-30 15:01:39\",\"is_downloaded\":0,\"is_using_remote\":1},{\"multimedia_type\":\"Picture\",\"picture_url\":\"https:\/\/fotos15.inmovilla.com\/12732\/26308527\/30-12.jpg\",\"position\":12,\"picture_id\":12,\"media_id\":143552,\"post_id\":194298,\"id\":12,\"attachment_id\":0,\"url\":\"https:\/\/fotos15.inmovilla.com\/12732\/26308527\/30-12.jpg\",\"basename\":\"30-12.jpg\",\"created_date\":\"2026-04-30 15:01:39\",\"is_downloaded\":0,\"is_using_remote\":1},{\"multimedia_type\":\"Picture\",\"picture_url\":\"https:\/\/fotos15.inmovilla.com\/12732\/26308527\/30-13.jpg\",\"position\":13,\"picture_id\":13,\"media_id\":143553,\"post_id\":194298,\"id\":13,\"attachment_id\":0,\"url\":\"https:\/\/fotos15.inmovilla.com\/12732\/26308527\/30-13.jpg\",\"basename\":\"30-13.jpg\",\"created_date\":\"2026-04-30 15:01:39\",\"is_downloaded\":0,\"is_using_remote\":1},{\"multimedia_type\":\"Picture\",\"picture_url\":\"https:\/\/fotos15.inmovilla.com\/12732\/26308527\/30-14.jpg\",\"position\":14,\"picture_id\":14,\"media_id\":143554,\"post_id\":194298,\"id\":14,\"attachment_id\":0,\"url\":\"https:\/\/fotos15.inmovilla.com\/12732\/26308527\/30-14.jpg\",\"basename\":\"30-14.jpg\",\"created_date\":\"2026-04-30 15:01:39\",\"is_downloaded\":0,\"is_using_remote\":1},{\"multimedia_type\":\"Picture\",\"picture_url\":\"https:\/\/fotos15.inmovilla.com\/12732\/26308527\/30-15.jpg\",\"position\":15,\"picture_id\":15,\"media_id\":143555,\"post_id\":194298,\"id\":15,\"attachment_id\":0,\"url\":\"https:\/\/fotos15.inmovilla.com\/12732\/26308527\/30-15.jpg\",\"basename\":\"30-15.jpg\",\"created_date\":\"2026-04-30 15:01:39\",\"is_downloaded\":0,\"is_using_remote\":1}]"],"_thumbnail_id":["194299"],"fave_property_images":["194299"],"apg_property_id":["26308527"],"_wpml_word_count":["252"],"_eael_post_view_count":["2"],"houzez_total_property_views":["2"],"houzez_views_by_date":["a:2:{s:10:\"04-30-2026\";i:1;s:10:\"05-01-2026\";i:1;}"],"houzez_recently_viewed":["2026-05-01 09:04:39"],"_elementor_page_assets":["a:0:{}"]},"yoast_head":"<!-- This site is optimized with the Yoast SEO plugin v27.5 - https:\/\/yoast.com\/product\/yoast-seo-wordpress\/ -->\n<title>Casa o xalet independent a Calle cas perets, Ses Salines - RE\/MAX Drac<\/title>\n<meta name=\"robots\" content=\"index, follow, max-snippet:-1, max-image-preview:large, max-video-preview:-1\" \/>\n<link rel=\"canonical\" href=\"https:\/\/www.santanyi.net\/ca\/property\/casa-o-xalet-independent-a-calle-cas-perets-ses-salines-2\/\" \/>\n<meta property=\"og:locale\" content=\"ca_ES\" \/>\n<meta property=\"og:type\" content=\"article\" \/>\n<meta property=\"og:title\" content=\"Casa o xalet independent a Calle cas perets, Ses Salines - RE\/MAX Drac\" \/>\n<meta property=\"og:description\" content=\"Descobriu aquesta exclusiva finca (Sa Vinya) de nova construcci\u00f3 a Ses Salines, una propietat que combina l&#8217;eleg\u00e0ncia de l&#8217;estil mediterrani amb un disseny modern. Ubicada estrat\u00e8gicament en una zona d&#8217;alt valor, es troba en una parcel\u00b7la plana de 15.013,5 m\u00b2 a 5 minuts de Santany\u00ed. El projecte es troba en una fase avan\u00e7ada de construcci\u00f3, [&hellip;]\" \/>\n<meta property=\"og:url\" content=\"https:\/\/www.santanyi.net\/ca\/property\/casa-o-xalet-independent-a-calle-cas-perets-ses-salines-2\/\" \/>\n<meta property=\"og:site_name\" content=\"RE\/MAX Drac\" \/>\n<meta property=\"article:modified_time\" content=\"2026-05-01T06:04:18+00:00\" \/>\n<meta property=\"og:image\" content=\"https:\/\/www.santanyi.net\/wp-content\/uploads\/anaconda_property_media\/26308527-194298\/30-1.jpg\" \/>\n\t<meta property=\"og:image:width\" content=\"1920\" \/>\n\t<meta property=\"og:image:height\" content=\"1063\" \/>\n\t<meta property=\"og:image:type\" content=\"image\/jpeg\" \/>\n<meta name=\"twitter:card\" content=\"summary_large_image\" \/>\n<meta name=\"twitter:label1\" content=\"Temps estimat de lectura\" \/>\n\t<meta name=\"twitter:data1\" content=\"1 minut\" \/>\n<script type=\"application\/ld+json\" class=\"yoast-schema-graph\">{\"@context\":\"https:\\\/\\\/schema.org\",\"@graph\":[{\"@type\":\"WebPage\",\"@id\":\"https:\\\/\\\/www.santanyi.net\\\/ca\\\/property\\\/casa-o-xalet-independent-a-calle-cas-perets-ses-salines-2\\\/\",\"url\":\"https:\\\/\\\/www.santanyi.net\\\/ca\\\/property\\\/casa-o-xalet-independent-a-calle-cas-perets-ses-salines-2\\\/\",\"name\":\"Casa o xalet independent a Calle cas perets, Ses Salines - RE\\\/MAX Drac\",\"isPartOf\":{\"@id\":\"https:\\\/\\\/www.santanyi.net\\\/ca\\\/#website\"},\"primaryImageOfPage\":{\"@id\":\"https:\\\/\\\/www.santanyi.net\\\/ca\\\/property\\\/casa-o-xalet-independent-a-calle-cas-perets-ses-salines-2\\\/#primaryimage\"},\"image\":{\"@id\":\"https:\\\/\\\/www.santanyi.net\\\/ca\\\/property\\\/casa-o-xalet-independent-a-calle-cas-perets-ses-salines-2\\\/#primaryimage\"},\"thumbnailUrl\":\"https:\\\/\\\/www.santanyi.net\\\/wp-content\\\/uploads\\\/anaconda_property_media\\\/26308527-194298\\\/30-1.jpg\",\"datePublished\":\"2026-04-30T15:01:39+00:00\",\"dateModified\":\"2026-05-01T06:04:18+00:00\",\"breadcrumb\":{\"@id\":\"https:\\\/\\\/www.santanyi.net\\\/ca\\\/property\\\/casa-o-xalet-independent-a-calle-cas-perets-ses-salines-2\\\/#breadcrumb\"},\"inLanguage\":\"ca\",\"potentialAction\":[{\"@type\":\"ReadAction\",\"target\":[\"https:\\\/\\\/www.santanyi.net\\\/ca\\\/property\\\/casa-o-xalet-independent-a-calle-cas-perets-ses-salines-2\\\/\"]}]},{\"@type\":\"ImageObject\",\"inLanguage\":\"ca\",\"@id\":\"https:\\\/\\\/www.santanyi.net\\\/ca\\\/property\\\/casa-o-xalet-independent-a-calle-cas-perets-ses-salines-2\\\/#primaryimage\",\"url\":\"https:\\\/\\\/www.santanyi.net\\\/wp-content\\\/uploads\\\/anaconda_property_media\\\/26308527-194298\\\/30-1.jpg\",\"contentUrl\":\"https:\\\/\\\/www.santanyi.net\\\/wp-content\\\/uploads\\\/anaconda_property_media\\\/26308527-194298\\\/30-1.jpg\",\"width\":1920,\"height\":1063},{\"@type\":\"BreadcrumbList\",\"@id\":\"https:\\\/\\\/www.santanyi.net\\\/ca\\\/property\\\/casa-o-xalet-independent-a-calle-cas-perets-ses-salines-2\\\/#breadcrumb\",\"itemListElement\":[{\"@type\":\"ListItem\",\"position\":1,\"name\":\"Home\",\"item\":\"https:\\\/\\\/www.santanyi.net\\\/ca\\\/\"},{\"@type\":\"ListItem\",\"position\":2,\"name\":\"Properties\",\"item\":\"https:\\\/\\\/www.santanyi.net\\\/ca\\\/property\\\/\"},{\"@type\":\"ListItem\",\"position\":3,\"name\":\"Casa o xalet independent a Calle cas perets, Ses Salines\"}]},{\"@type\":\"WebSite\",\"@id\":\"https:\\\/\\\/www.santanyi.net\\\/ca\\\/#website\",\"url\":\"https:\\\/\\\/www.santanyi.net\\\/ca\\\/\",\"name\":\"RE\\\/MAX Drac\",\"description\":\"\",\"publisher\":{\"@id\":\"https:\\\/\\\/www.santanyi.net\\\/ca\\\/#organization\"},\"potentialAction\":[{\"@type\":\"SearchAction\",\"target\":{\"@type\":\"EntryPoint\",\"urlTemplate\":\"https:\\\/\\\/www.santanyi.net\\\/ca\\\/?s={search_term_string}\"},\"query-input\":{\"@type\":\"PropertyValueSpecification\",\"valueRequired\":true,\"valueName\":\"search_term_string\"}}],\"inLanguage\":\"ca\"},{\"@type\":\"Organization\",\"@id\":\"https:\\\/\\\/www.santanyi.net\\\/ca\\\/#organization\",\"name\":\"RE\\\/MAX Drac\",\"url\":\"https:\\\/\\\/www.santanyi.net\\\/ca\\\/\",\"logo\":{\"@type\":\"ImageObject\",\"inLanguage\":\"ca\",\"@id\":\"https:\\\/\\\/www.santanyi.net\\\/ca\\\/#\\\/schema\\\/logo\\\/image\\\/\",\"url\":\"https:\\\/\\\/www.santanyi.net\\\/wp-content\\\/uploads\\\/2025\\\/07\\\/logo-nuevo.png\",\"contentUrl\":\"https:\\\/\\\/www.santanyi.net\\\/wp-content\\\/uploads\\\/2025\\\/07\\\/logo-nuevo.png\",\"width\":295,\"height\":165,\"caption\":\"RE\\\/MAX Drac\"},\"image\":{\"@id\":\"https:\\\/\\\/www.santanyi.net\\\/ca\\\/#\\\/schema\\\/logo\\\/image\\\/\"}}]}<\/script>\n<!-- \/ Yoast SEO plugin. -->","yoast_head_json":{"title":"Casa o xalet independent a Calle cas perets, Ses Salines - RE\/MAX Drac","robots":{"index":"index","follow":"follow","max-snippet":"max-snippet:-1","max-image-preview":"max-image-preview:large","max-video-preview":"max-video-preview:-1"},"canonical":"https:\/\/www.santanyi.net\/ca\/property\/casa-o-xalet-independent-a-calle-cas-perets-ses-salines-2\/","og_locale":"ca_ES","og_type":"article","og_title":"Casa o xalet independent a Calle cas perets, Ses Salines - RE\/MAX Drac","og_description":"Descobriu aquesta exclusiva finca (Sa Vinya) de nova construcci\u00f3 a Ses Salines, una propietat que combina l&#8217;eleg\u00e0ncia de l&#8217;estil mediterrani amb un disseny modern. Ubicada estrat\u00e8gicament en una zona d&#8217;alt valor, es troba en una parcel\u00b7la plana de 15.013,5 m\u00b2 a 5 minuts de Santany\u00ed. El projecte es troba en una fase avan\u00e7ada de construcci\u00f3, [&hellip;]","og_url":"https:\/\/www.santanyi.net\/ca\/property\/casa-o-xalet-independent-a-calle-cas-perets-ses-salines-2\/","og_site_name":"RE\/MAX Drac","article_modified_time":"2026-05-01T06:04:18+00:00","og_image":[{"width":1920,"height":1063,"url":"https:\/\/www.santanyi.net\/wp-content\/uploads\/anaconda_property_media\/26308527-194298\/30-1.jpg","type":"image\/jpeg"}],"twitter_card":"summary_large_image","twitter_misc":{"Temps estimat de lectura":"1 minut"},"schema":{"@context":"https:\/\/schema.org","@graph":[{"@type":"WebPage","@id":"https:\/\/www.santanyi.net\/ca\/property\/casa-o-xalet-independent-a-calle-cas-perets-ses-salines-2\/","url":"https:\/\/www.santanyi.net\/ca\/property\/casa-o-xalet-independent-a-calle-cas-perets-ses-salines-2\/","name":"Casa o xalet independent a Calle cas perets, Ses Salines - RE\/MAX Drac","isPartOf":{"@id":"https:\/\/www.santanyi.net\/ca\/#website"},"primaryImageOfPage":{"@id":"https:\/\/www.santanyi.net\/ca\/property\/casa-o-xalet-independent-a-calle-cas-perets-ses-salines-2\/#primaryimage"},"image":{"@id":"https:\/\/www.santanyi.net\/ca\/property\/casa-o-xalet-independent-a-calle-cas-perets-ses-salines-2\/#primaryimage"},"thumbnailUrl":"https:\/\/www.santanyi.net\/wp-content\/uploads\/anaconda_property_media\/26308527-194298\/30-1.jpg","datePublished":"2026-04-30T15:01:39+00:00","dateModified":"2026-05-01T06:04:18+00:00","breadcrumb":{"@id":"https:\/\/www.santanyi.net\/ca\/property\/casa-o-xalet-independent-a-calle-cas-perets-ses-salines-2\/#breadcrumb"},"inLanguage":"ca","potentialAction":[{"@type":"ReadAction","target":["https:\/\/www.santanyi.net\/ca\/property\/casa-o-xalet-independent-a-calle-cas-perets-ses-salines-2\/"]}]},{"@type":"ImageObject","inLanguage":"ca","@id":"https:\/\/www.santanyi.net\/ca\/property\/casa-o-xalet-independent-a-calle-cas-perets-ses-salines-2\/#primaryimage","url":"https:\/\/www.santanyi.net\/wp-content\/uploads\/anaconda_property_media\/26308527-194298\/30-1.jpg","contentUrl":"https:\/\/www.santanyi.net\/wp-content\/uploads\/anaconda_property_media\/26308527-194298\/30-1.jpg","width":1920,"height":1063},{"@type":"BreadcrumbList","@id":"https:\/\/www.santanyi.net\/ca\/property\/casa-o-xalet-independent-a-calle-cas-perets-ses-salines-2\/#breadcrumb","itemListElement":[{"@type":"ListItem","position":1,"name":"Home","item":"https:\/\/www.santanyi.net\/ca\/"},{"@type":"ListItem","position":2,"name":"Properties","item":"https:\/\/www.santanyi.net\/ca\/property\/"},{"@type":"ListItem","position":3,"name":"Casa o xalet independent a Calle cas perets, Ses Salines"}]},{"@type":"WebSite","@id":"https:\/\/www.santanyi.net\/ca\/#website","url":"https:\/\/www.santanyi.net\/ca\/","name":"RE\/MAX Drac","description":"","publisher":{"@id":"https:\/\/www.santanyi.net\/ca\/#organization"},"potentialAction":[{"@type":"SearchAction","target":{"@type":"EntryPoint","urlTemplate":"https:\/\/www.santanyi.net\/ca\/?s={search_term_string}"},"query-input":{"@type":"PropertyValueSpecification","valueRequired":true,"valueName":"search_term_string"}}],"inLanguage":"ca"},{"@type":"Organization","@id":"https:\/\/www.santanyi.net\/ca\/#organization","name":"RE\/MAX Drac","url":"https:\/\/www.santanyi.net\/ca\/","logo":{"@type":"ImageObject","inLanguage":"ca","@id":"https:\/\/www.santanyi.net\/ca\/#\/schema\/logo\/image\/","url":"https:\/\/www.santanyi.net\/wp-content\/uploads\/2025\/07\/logo-nuevo.png","contentUrl":"https:\/\/www.santanyi.net\/wp-content\/uploads\/2025\/07\/logo-nuevo.png","width":295,"height":165,"caption":"RE\/MAX Drac"},"image":{"@id":"https:\/\/www.santanyi.net\/ca\/#\/schema\/logo\/image\/"}}]}},"_links":{"self":[{"href":"https:\/\/www.santanyi.net\/ca\/wp-json\/wp\/v2\/properties\/194304","targetHints":{"allow":["GET"]}}],"collection":[{"href":"https:\/\/www.santanyi.net\/ca\/wp-json\/wp\/v2\/properties"}],"about":[{"href":"https:\/\/www.santanyi.net\/ca\/wp-json\/wp\/v2\/types\/property"}],"author":[{"embeddable":true,"href":"https:\/\/www.santanyi.net\/ca\/wp-json\/wp\/v2\/users\/1"}],"version-history":[{"count":2,"href":"https:\/\/www.santanyi.net\/ca\/wp-json\/wp\/v2\/properties\/194304\/revisions"}],"predecessor-version":[{"id":195783,"href":"https:\/\/www.santanyi.net\/ca\/wp-json\/wp\/v2\/properties\/194304\/revisions\/195783"}],"wp:featuredmedia":[{"embeddable":true,"href":"https:\/\/www.santanyi.net\/ca\/wp-json\/wp\/v2\/media\/194299"}],"wp:attachment":[{"href":"https:\/\/www.santanyi.net\/ca\/wp-json\/wp\/v2\/media?parent=194304"}],"wp:term":[{"taxonomy":"property_type","embeddable":true,"href":"https:\/\/www.santanyi.net\/ca\/wp-json\/wp\/v2\/property_type?post=194304"},{"taxonomy":"property_status","embeddable":true,"href":"https:\/\/www.santanyi.net\/ca\/wp-json\/wp\/v2\/property_status?post=194304"},{"taxonomy":"property_feature","embeddable":true,"href":"https:\/\/www.santanyi.net\/ca\/wp-json\/wp\/v2\/property_feature?post=194304"},{"taxonomy":"property_label","embeddable":true,"href":"https:\/\/www.santanyi.net\/ca\/wp-json\/wp\/v2\/property_label?post=194304"},{"taxonomy":"property_country","embeddable":true,"href":"https:\/\/www.santanyi.net\/ca\/wp-json\/wp\/v2\/property_country?post=194304"},{"taxonomy":"property_state","embeddable":true,"href":"https:\/\/www.santanyi.net\/ca\/wp-json\/wp\/v2\/property_state?post=194304"},{"taxonomy":"property_city","embeddable":true,"href":"https:\/\/www.santanyi.net\/ca\/wp-json\/wp\/v2\/property_city?post=194304"},{"taxonomy":"property_area","embeddable":true,"href":"https:\/\/www.santanyi.net\/ca\/wp-json\/wp\/v2\/property_area?post=194304"}],"curies":[{"name":"wp","href":"https:\/\/api.w.org\/{rel}","templated":true}]}}