
{"id":194288,"date":"2026-04-30T15:01:33","date_gmt":"2026-04-30T15:01:33","guid":{"rendered":"https:\/\/www.santanyi.net\/property\/casa-amb-llicencia-turistica-per-a-8-persones-a-santanyi\/"},"modified":"2026-05-01T06:04:14","modified_gmt":"2026-05-01T06:04:14","slug":"casa-amb-llicencia-turistica-per-a-8-persones-a-santanyi-2","status":"publish","type":"property","link":"https:\/\/www.santanyi.net\/ca\/property\/casa-amb-llicencia-turistica-per-a-8-persones-a-santanyi-2\/","title":{"rendered":"Casa amb llic\u00e8ncia tur\u00edstica per a 8 persones a Santany\u00ed"},"content":{"rendered":"<p>Casa de camp amb car\u00e0cter, d&#8217;estil mallorqu\u00ed a 8 minuts caminant del centre de Santany\u00ed amb llic\u00e8ncia de lloguer tur\u00edstic de 8 places.<\/p>\n<p>Santany\u00ed; en els darrers anys, la seva popularitat i merescuda fama han anat creixent, convertint-se en un dels pobles m\u00e9s visitats de l&#8217;illa. Famosa pels seus 2 mercats setmanals, la seva arquitectura tradicional i els seus esdeveniments culturals. A m\u00e9s, compta amb una l\u00ednia de costa amb unes platges paradis\u00edaques de sorra blanca i aigua transparent.<\/p>\n<p>La casa \u00e9s d&#8217;arquitectura tradicional mallorquina, est\u00e0 situada als afores del poble en un terreny de 26.618 m\u00b2. Consta d&#8217;una habitatge unifamiliar a\u00efllat amb piscina, amb una superf\u00edcie en dues plantes de 517 m\u00b2, piscina de 82 m\u00b2 de mirall d&#8217;aigua, 520 m\u00b2 de terrasses. Parets interiors i exteriors de pedra. La cuina i la sala menjador es troben a la planta baixa, disposa d&#8217;1 habitaci\u00f3 doble amb bany a la planta baixa i tres habitacions dobles, una amb bany en suite i les altres dues amb bany compartit, a la primera planta. A la planta baixa tamb\u00e9 t\u00e9 un bany extra per a convidats.<\/p>\n<p>Porxos 161 m\u00b2. Zona jard\u00ed amb 1.800 m\u00b2 de gespa. Sala de m\u00e0quines subterr\u00e0nia 55 m\u00b2. Reformada \u00edntegrament l&#8217;any 2000, t\u00e9 una llic\u00e8ncia per a una ampliaci\u00f3 d&#8217;uns 150 m\u00b2. Connexi\u00f3 el\u00e8ctrica. Pou d&#8217;aigua dol\u00e7a legalitzat. 1 aljub de gran capacitat per a reg jard\u00ed. 1 aljub per a emmagatzematge aigua llar. Calefacci\u00f3 central (radiadors) Gasoil. Piscina per hidr\u00f2lisi de sal.<\/p>\n","protected":false},"excerpt":{"rendered":"<p>Casa de camp amb car\u00e0cter, d&#8217;estil mallorqu\u00ed a 8 minuts caminant del centre de Santany\u00ed amb llic\u00e8ncia de lloguer tur\u00edstic de 8 places. Santany\u00ed; en els darrers anys, la seva popularitat i merescuda fama han anat creixent, convertint-se en un dels pobles m\u00e9s visitats de l&#8217;illa. Famosa pels seus 2 mercats setmanals, la seva arquitectura [&hellip;]<\/p>\n","protected":false},"author":1,"featured_media":194283,"parent":0,"menu_order":0,"template":"","property_type":[2131],"property_status":[2096,2103],"property_feature":[],"property_label":[],"property_country":[],"property_state":[],"property_city":[635],"property_area":[636],"class_list":["post-194288","property","type-property","status-publish","has-post-thumbnail","hentry","property_type-casa-ca","property_status-venta","property_status-venta-ca","property_city-santanyi","property_area-santanyi"],"acf":[],"property_meta":{"_apg_property_user_edited":["1"],"fave_property_id":["DRAC-CR1489SB"],"fave_property_location":["39.352916566084,3.1210338723552,15"],"houzez_geolocation_lat":["39.352916566084"],"houzez_geolocation_long":["3.1210338723552"],"fave_property_price":["3400000"],"fave_property_rent_or_sale":["sale"],"fave_property_year":[null],"fave_property_size_prefix":["m2"],"fave_property_land_postfix":["m2"],"fave_property_size":["517"],"fave_property_land":["26618"],"fave_property_bedrooms":["4"],"fave_property_bathrooms":["4"],"fave_property_map_address":["Santany\u00ed, 07650 Santany\u00ed"],"fave_property_address":[" , Santany\u00ed 07650"],"fave_property_zip":["07650"],"fave_property_postal_code":["07650"],"fave_property_map":["1"],"apg_is_using_remote_image_url":["1"],"apg_using_remote_image_urls":["[{\"multimedia_type\":\"Picture\",\"picture_url\":\"https:\/\/fotos15.inmovilla.com\/12732\/24620955\/22-1.jpg\",\"position\":1,\"picture_id\":1,\"media_id\":143479,\"post_id\":194282,\"id\":1,\"attachment_id\":0,\"url\":\"https:\/\/fotos15.inmovilla.com\/12732\/24620955\/22-1.jpg\",\"basename\":\"22-1.jpg\",\"created_date\":\"2026-04-30 15:01:33\",\"is_downloaded\":0,\"is_using_remote\":0},{\"multimedia_type\":\"Picture\",\"picture_url\":\"https:\/\/fotos15.inmovilla.com\/12732\/24620955\/22-2.jpg\",\"position\":2,\"picture_id\":2,\"media_id\":143480,\"post_id\":194282,\"id\":2,\"attachment_id\":0,\"url\":\"https:\/\/fotos15.inmovilla.com\/12732\/24620955\/22-2.jpg\",\"basename\":\"22-2.jpg\",\"created_date\":\"2026-04-30 15:01:33\",\"is_downloaded\":0,\"is_using_remote\":1},{\"multimedia_type\":\"Picture\",\"picture_url\":\"https:\/\/fotos15.inmovilla.com\/12732\/24620955\/22-3.jpg\",\"position\":3,\"picture_id\":3,\"media_id\":143481,\"post_id\":194282,\"id\":3,\"attachment_id\":0,\"url\":\"https:\/\/fotos15.inmovilla.com\/12732\/24620955\/22-3.jpg\",\"basename\":\"22-3.jpg\",\"created_date\":\"2026-04-30 15:01:33\",\"is_downloaded\":0,\"is_using_remote\":1},{\"multimedia_type\":\"Picture\",\"picture_url\":\"https:\/\/fotos15.inmovilla.com\/12732\/24620955\/22-4.jpg\",\"position\":4,\"picture_id\":4,\"media_id\":143482,\"post_id\":194282,\"id\":4,\"attachment_id\":0,\"url\":\"https:\/\/fotos15.inmovilla.com\/12732\/24620955\/22-4.jpg\",\"basename\":\"22-4.jpg\",\"created_date\":\"2026-04-30 15:01:33\",\"is_downloaded\":0,\"is_using_remote\":1},{\"multimedia_type\":\"Picture\",\"picture_url\":\"https:\/\/fotos15.inmovilla.com\/12732\/24620955\/22-5.jpg\",\"position\":5,\"picture_id\":5,\"media_id\":143483,\"post_id\":194282,\"id\":5,\"attachment_id\":0,\"url\":\"https:\/\/fotos15.inmovilla.com\/12732\/24620955\/22-5.jpg\",\"basename\":\"22-5.jpg\",\"created_date\":\"2026-04-30 15:01:33\",\"is_downloaded\":0,\"is_using_remote\":1},{\"multimedia_type\":\"Picture\",\"picture_url\":\"https:\/\/fotos15.inmovilla.com\/12732\/24620955\/22-6.jpg\",\"position\":6,\"picture_id\":6,\"media_id\":143484,\"post_id\":194282,\"id\":6,\"attachment_id\":0,\"url\":\"https:\/\/fotos15.inmovilla.com\/12732\/24620955\/22-6.jpg\",\"basename\":\"22-6.jpg\",\"created_date\":\"2026-04-30 15:01:33\",\"is_downloaded\":0,\"is_using_remote\":1},{\"multimedia_type\":\"Picture\",\"picture_url\":\"https:\/\/fotos15.inmovilla.com\/12732\/24620955\/22-7.jpg\",\"position\":7,\"picture_id\":7,\"media_id\":143485,\"post_id\":194282,\"id\":7,\"attachment_id\":0,\"url\":\"https:\/\/fotos15.inmovilla.com\/12732\/24620955\/22-7.jpg\",\"basename\":\"22-7.jpg\",\"created_date\":\"2026-04-30 15:01:33\",\"is_downloaded\":0,\"is_using_remote\":1},{\"multimedia_type\":\"Picture\",\"picture_url\":\"https:\/\/fotos15.inmovilla.com\/12732\/24620955\/22-8.jpg\",\"position\":8,\"picture_id\":8,\"media_id\":143486,\"post_id\":194282,\"id\":8,\"attachment_id\":0,\"url\":\"https:\/\/fotos15.inmovilla.com\/12732\/24620955\/22-8.jpg\",\"basename\":\"22-8.jpg\",\"created_date\":\"2026-04-30 15:01:33\",\"is_downloaded\":0,\"is_using_remote\":1},{\"multimedia_type\":\"Picture\",\"picture_url\":\"https:\/\/fotos15.inmovilla.com\/12732\/24620955\/22-9.jpg\",\"position\":9,\"picture_id\":9,\"media_id\":143487,\"post_id\":194282,\"id\":9,\"attachment_id\":0,\"url\":\"https:\/\/fotos15.inmovilla.com\/12732\/24620955\/22-9.jpg\",\"basename\":\"22-9.jpg\",\"created_date\":\"2026-04-30 15:01:33\",\"is_downloaded\":0,\"is_using_remote\":1},{\"multimedia_type\":\"Picture\",\"picture_url\":\"https:\/\/fotos15.inmovilla.com\/12732\/24620955\/22-10.jpg\",\"position\":10,\"picture_id\":10,\"media_id\":143488,\"post_id\":194282,\"id\":10,\"attachment_id\":0,\"url\":\"https:\/\/fotos15.inmovilla.com\/12732\/24620955\/22-10.jpg\",\"basename\":\"22-10.jpg\",\"created_date\":\"2026-04-30 15:01:33\",\"is_downloaded\":0,\"is_using_remote\":1},{\"multimedia_type\":\"Picture\",\"picture_url\":\"https:\/\/fotos15.inmovilla.com\/12732\/24620955\/22-11.jpg\",\"position\":11,\"picture_id\":11,\"media_id\":143489,\"post_id\":194282,\"id\":11,\"attachment_id\":0,\"url\":\"https:\/\/fotos15.inmovilla.com\/12732\/24620955\/22-11.jpg\",\"basename\":\"22-11.jpg\",\"created_date\":\"2026-04-30 15:01:33\",\"is_downloaded\":0,\"is_using_remote\":1},{\"multimedia_type\":\"Picture\",\"picture_url\":\"https:\/\/fotos15.inmovilla.com\/12732\/24620955\/22-12.jpg\",\"position\":12,\"picture_id\":12,\"media_id\":143490,\"post_id\":194282,\"id\":12,\"attachment_id\":0,\"url\":\"https:\/\/fotos15.inmovilla.com\/12732\/24620955\/22-12.jpg\",\"basename\":\"22-12.jpg\",\"created_date\":\"2026-04-30 15:01:33\",\"is_downloaded\":0,\"is_using_remote\":1},{\"multimedia_type\":\"Picture\",\"picture_url\":\"https:\/\/fotos15.inmovilla.com\/12732\/24620955\/22-13.jpg\",\"position\":13,\"picture_id\":13,\"media_id\":143491,\"post_id\":194282,\"id\":13,\"attachment_id\":0,\"url\":\"https:\/\/fotos15.inmovilla.com\/12732\/24620955\/22-13.jpg\",\"basename\":\"22-13.jpg\",\"created_date\":\"2026-04-30 15:01:33\",\"is_downloaded\":0,\"is_using_remote\":1},{\"multimedia_type\":\"Picture\",\"picture_url\":\"https:\/\/fotos15.inmovilla.com\/12732\/24620955\/22-14.jpg\",\"position\":14,\"picture_id\":14,\"media_id\":143492,\"post_id\":194282,\"id\":14,\"attachment_id\":0,\"url\":\"https:\/\/fotos15.inmovilla.com\/12732\/24620955\/22-14.jpg\",\"basename\":\"22-14.jpg\",\"created_date\":\"2026-04-30 15:01:33\",\"is_downloaded\":0,\"is_using_remote\":1},{\"multimedia_type\":\"Picture\",\"picture_url\":\"https:\/\/fotos15.inmovilla.com\/12732\/24620955\/22-15.jpg\",\"position\":15,\"picture_id\":15,\"media_id\":143493,\"post_id\":194282,\"id\":15,\"attachment_id\":0,\"url\":\"https:\/\/fotos15.inmovilla.com\/12732\/24620955\/22-15.jpg\",\"basename\":\"22-15.jpg\",\"created_date\":\"2026-04-30 15:01:33\",\"is_downloaded\":0,\"is_using_remote\":1},{\"multimedia_type\":\"Picture\",\"picture_url\":\"https:\/\/fotos15.inmovilla.com\/12732\/24620955\/22-16.jpg\",\"position\":16,\"picture_id\":16,\"media_id\":143494,\"post_id\":194282,\"id\":16,\"attachment_id\":0,\"url\":\"https:\/\/fotos15.inmovilla.com\/12732\/24620955\/22-16.jpg\",\"basename\":\"22-16.jpg\",\"created_date\":\"2026-04-30 15:01:33\",\"is_downloaded\":0,\"is_using_remote\":1},{\"multimedia_type\":\"Picture\",\"picture_url\":\"https:\/\/fotos15.inmovilla.com\/12732\/24620955\/22-17.jpg\",\"position\":17,\"picture_id\":17,\"media_id\":143495,\"post_id\":194282,\"id\":17,\"attachment_id\":0,\"url\":\"https:\/\/fotos15.inmovilla.com\/12732\/24620955\/22-17.jpg\",\"basename\":\"22-17.jpg\",\"created_date\":\"2026-04-30 15:01:33\",\"is_downloaded\":0,\"is_using_remote\":1},{\"multimedia_type\":\"Picture\",\"picture_url\":\"https:\/\/fotos15.inmovilla.com\/12732\/24620955\/22-18.jpg\",\"position\":18,\"picture_id\":18,\"media_id\":143496,\"post_id\":194282,\"id\":18,\"attachment_id\":0,\"url\":\"https:\/\/fotos15.inmovilla.com\/12732\/24620955\/22-18.jpg\",\"basename\":\"22-18.jpg\",\"created_date\":\"2026-04-30 15:01:33\",\"is_downloaded\":0,\"is_using_remote\":1},{\"multimedia_type\":\"Picture\",\"picture_url\":\"https:\/\/fotos15.inmovilla.com\/12732\/24620955\/22-19.jpg\",\"position\":19,\"picture_id\":19,\"media_id\":143497,\"post_id\":194282,\"id\":19,\"attachment_id\":0,\"url\":\"https:\/\/fotos15.inmovilla.com\/12732\/24620955\/22-19.jpg\",\"basename\":\"22-19.jpg\",\"created_date\":\"2026-04-30 15:01:33\",\"is_downloaded\":0,\"is_using_remote\":1},{\"multimedia_type\":\"Picture\",\"picture_url\":\"https:\/\/fotos15.inmovilla.com\/12732\/24620955\/22-20.jpg\",\"position\":20,\"picture_id\":20,\"media_id\":143498,\"post_id\":194282,\"id\":20,\"attachment_id\":0,\"url\":\"https:\/\/fotos15.inmovilla.com\/12732\/24620955\/22-20.jpg\",\"basename\":\"22-20.jpg\",\"created_date\":\"2026-04-30 15:01:33\",\"is_downloaded\":0,\"is_using_remote\":1},{\"multimedia_type\":\"Picture\",\"picture_url\":\"https:\/\/fotos15.inmovilla.com\/12732\/24620955\/22-21.jpg\",\"position\":21,\"picture_id\":21,\"media_id\":143499,\"post_id\":194282,\"id\":21,\"attachment_id\":0,\"url\":\"https:\/\/fotos15.inmovilla.com\/12732\/24620955\/22-21.jpg\",\"basename\":\"22-21.jpg\",\"created_date\":\"2026-04-30 15:01:33\",\"is_downloaded\":0,\"is_using_remote\":1},{\"multimedia_type\":\"Picture\",\"picture_url\":\"https:\/\/fotos15.inmovilla.com\/12732\/24620955\/22-22.jpg\",\"position\":22,\"picture_id\":22,\"media_id\":143500,\"post_id\":194282,\"id\":22,\"attachment_id\":0,\"url\":\"https:\/\/fotos15.inmovilla.com\/12732\/24620955\/22-22.jpg\",\"basename\":\"22-22.jpg\",\"created_date\":\"2026-04-30 15:01:33\",\"is_downloaded\":0,\"is_using_remote\":1},{\"multimedia_type\":\"Picture\",\"picture_url\":\"https:\/\/fotos15.inmovilla.com\/12732\/24620955\/22-23.jpg\",\"position\":23,\"picture_id\":23,\"media_id\":143501,\"post_id\":194282,\"id\":23,\"attachment_id\":0,\"url\":\"https:\/\/fotos15.inmovilla.com\/12732\/24620955\/22-23.jpg\",\"basename\":\"22-23.jpg\",\"created_date\":\"2026-04-30 15:01:33\",\"is_downloaded\":0,\"is_using_remote\":1},{\"multimedia_type\":\"Picture\",\"picture_url\":\"https:\/\/fotos15.inmovilla.com\/12732\/24620955\/22-24.jpg\",\"position\":24,\"picture_id\":24,\"media_id\":143502,\"post_id\":194282,\"id\":24,\"attachment_id\":0,\"url\":\"https:\/\/fotos15.inmovilla.com\/12732\/24620955\/22-24.jpg\",\"basename\":\"22-24.jpg\",\"created_date\":\"2026-04-30 15:01:33\",\"is_downloaded\":0,\"is_using_remote\":1},{\"multimedia_type\":\"Picture\",\"picture_url\":\"https:\/\/fotos15.inmovilla.com\/12732\/24620955\/22-25.jpg\",\"position\":25,\"picture_id\":25,\"media_id\":143503,\"post_id\":194282,\"id\":25,\"attachment_id\":0,\"url\":\"https:\/\/fotos15.inmovilla.com\/12732\/24620955\/22-25.jpg\",\"basename\":\"22-25.jpg\",\"created_date\":\"2026-04-30 15:01:33\",\"is_downloaded\":0,\"is_using_remote\":1},{\"multimedia_type\":\"Picture\",\"picture_url\":\"https:\/\/fotos15.inmovilla.com\/12732\/24620955\/22-26.jpg\",\"position\":26,\"picture_id\":26,\"media_id\":143504,\"post_id\":194282,\"id\":26,\"attachment_id\":0,\"url\":\"https:\/\/fotos15.inmovilla.com\/12732\/24620955\/22-26.jpg\",\"basename\":\"22-26.jpg\",\"created_date\":\"2026-04-30 15:01:33\",\"is_downloaded\":0,\"is_using_remote\":1},{\"multimedia_type\":\"Picture\",\"picture_url\":\"https:\/\/fotos15.inmovilla.com\/12732\/24620955\/22-27.jpg\",\"position\":27,\"picture_id\":27,\"media_id\":143505,\"post_id\":194282,\"id\":27,\"attachment_id\":0,\"url\":\"https:\/\/fotos15.inmovilla.com\/12732\/24620955\/22-27.jpg\",\"basename\":\"22-27.jpg\",\"created_date\":\"2026-04-30 15:01:33\",\"is_downloaded\":0,\"is_using_remote\":1},{\"multimedia_type\":\"Picture\",\"picture_url\":\"https:\/\/fotos15.inmovilla.com\/12732\/24620955\/22-28.jpg\",\"position\":28,\"picture_id\":28,\"media_id\":143506,\"post_id\":194282,\"id\":28,\"attachment_id\":0,\"url\":\"https:\/\/fotos15.inmovilla.com\/12732\/24620955\/22-28.jpg\",\"basename\":\"22-28.jpg\",\"created_date\":\"2026-04-30 15:01:33\",\"is_downloaded\":0,\"is_using_remote\":1},{\"multimedia_type\":\"Picture\",\"picture_url\":\"https:\/\/fotos15.inmovilla.com\/12732\/24620955\/22-29.jpg\",\"position\":29,\"picture_id\":29,\"media_id\":143507,\"post_id\":194282,\"id\":29,\"attachment_id\":0,\"url\":\"https:\/\/fotos15.inmovilla.com\/12732\/24620955\/22-29.jpg\",\"basename\":\"22-29.jpg\",\"created_date\":\"2026-04-30 15:01:33\",\"is_downloaded\":0,\"is_using_remote\":1},{\"multimedia_type\":\"Picture\",\"picture_url\":\"https:\/\/fotos15.inmovilla.com\/12732\/24620955\/22-30.jpg\",\"position\":30,\"picture_id\":30,\"media_id\":143508,\"post_id\":194282,\"id\":30,\"attachment_id\":0,\"url\":\"https:\/\/fotos15.inmovilla.com\/12732\/24620955\/22-30.jpg\",\"basename\":\"22-30.jpg\",\"created_date\":\"2026-04-30 15:01:33\",\"is_downloaded\":0,\"is_using_remote\":1},{\"multimedia_type\":\"Picture\",\"picture_url\":\"https:\/\/fotos15.inmovilla.com\/12732\/24620955\/22-31.jpg\",\"position\":31,\"picture_id\":31,\"media_id\":143509,\"post_id\":194282,\"id\":31,\"attachment_id\":0,\"url\":\"https:\/\/fotos15.inmovilla.com\/12732\/24620955\/22-31.jpg\",\"basename\":\"22-31.jpg\",\"created_date\":\"2026-04-30 15:01:33\",\"is_downloaded\":0,\"is_using_remote\":1},{\"multimedia_type\":\"Picture\",\"picture_url\":\"https:\/\/fotos15.inmovilla.com\/12732\/24620955\/22-32.jpg\",\"position\":32,\"picture_id\":32,\"media_id\":143510,\"post_id\":194282,\"id\":32,\"attachment_id\":0,\"url\":\"https:\/\/fotos15.inmovilla.com\/12732\/24620955\/22-32.jpg\",\"basename\":\"22-32.jpg\",\"created_date\":\"2026-04-30 15:01:33\",\"is_downloaded\":0,\"is_using_remote\":1},{\"multimedia_type\":\"Picture\",\"picture_url\":\"https:\/\/fotos15.inmovilla.com\/12732\/24620955\/22-33.jpg\",\"position\":33,\"picture_id\":33,\"media_id\":143511,\"post_id\":194282,\"id\":33,\"attachment_id\":0,\"url\":\"https:\/\/fotos15.inmovilla.com\/12732\/24620955\/22-33.jpg\",\"basename\":\"22-33.jpg\",\"created_date\":\"2026-04-30 15:01:33\",\"is_downloaded\":0,\"is_using_remote\":1},{\"multimedia_type\":\"Picture\",\"picture_url\":\"https:\/\/fotos15.inmovilla.com\/12732\/24620955\/22-34.jpg\",\"position\":34,\"picture_id\":34,\"media_id\":143512,\"post_id\":194282,\"id\":34,\"attachment_id\":0,\"url\":\"https:\/\/fotos15.inmovilla.com\/12732\/24620955\/22-34.jpg\",\"basename\":\"22-34.jpg\",\"created_date\":\"2026-04-30 15:01:33\",\"is_downloaded\":0,\"is_using_remote\":1},{\"multimedia_type\":\"Picture\",\"picture_url\":\"https:\/\/fotos15.inmovilla.com\/12732\/24620955\/22-35.jpg\",\"position\":35,\"picture_id\":35,\"media_id\":143513,\"post_id\":194282,\"id\":35,\"attachment_id\":0,\"url\":\"https:\/\/fotos15.inmovilla.com\/12732\/24620955\/22-35.jpg\",\"basename\":\"22-35.jpg\",\"created_date\":\"2026-04-30 15:01:33\",\"is_downloaded\":0,\"is_using_remote\":1},{\"multimedia_type\":\"Picture\",\"picture_url\":\"https:\/\/fotos15.inmovilla.com\/12732\/24620955\/22-36.jpg\",\"position\":36,\"picture_id\":36,\"media_id\":143514,\"post_id\":194282,\"id\":36,\"attachment_id\":0,\"url\":\"https:\/\/fotos15.inmovilla.com\/12732\/24620955\/22-36.jpg\",\"basename\":\"22-36.jpg\",\"created_date\":\"2026-04-30 15:01:33\",\"is_downloaded\":0,\"is_using_remote\":1},{\"multimedia_type\":\"Picture\",\"picture_url\":\"https:\/\/fotos15.inmovilla.com\/12732\/24620955\/22-37.jpg\",\"position\":37,\"picture_id\":37,\"media_id\":143515,\"post_id\":194282,\"id\":37,\"attachment_id\":0,\"url\":\"https:\/\/fotos15.inmovilla.com\/12732\/24620955\/22-37.jpg\",\"basename\":\"22-37.jpg\",\"created_date\":\"2026-04-30 15:01:33\",\"is_downloaded\":0,\"is_using_remote\":1},{\"multimedia_type\":\"Picture\",\"picture_url\":\"https:\/\/fotos15.inmovilla.com\/12732\/24620955\/22-38.jpg\",\"position\":38,\"picture_id\":38,\"media_id\":143516,\"post_id\":194282,\"id\":38,\"attachment_id\":0,\"url\":\"https:\/\/fotos15.inmovilla.com\/12732\/24620955\/22-38.jpg\",\"basename\":\"22-38.jpg\",\"created_date\":\"2026-04-30 15:01:33\",\"is_downloaded\":0,\"is_using_remote\":1},{\"multimedia_type\":\"Picture\",\"picture_url\":\"https:\/\/fotos15.inmovilla.com\/12732\/24620955\/22-39.jpg\",\"position\":39,\"picture_id\":39,\"media_id\":143517,\"post_id\":194282,\"id\":39,\"attachment_id\":0,\"url\":\"https:\/\/fotos15.inmovilla.com\/12732\/24620955\/22-39.jpg\",\"basename\":\"22-39.jpg\",\"created_date\":\"2026-04-30 15:01:33\",\"is_downloaded\":0,\"is_using_remote\":1},{\"multimedia_type\":\"Picture\",\"picture_url\":\"https:\/\/fotos15.inmovilla.com\/12732\/24620955\/22-40.jpg\",\"position\":40,\"picture_id\":40,\"media_id\":143518,\"post_id\":194282,\"id\":40,\"attachment_id\":0,\"url\":\"https:\/\/fotos15.inmovilla.com\/12732\/24620955\/22-40.jpg\",\"basename\":\"22-40.jpg\",\"created_date\":\"2026-04-30 15:01:33\",\"is_downloaded\":0,\"is_using_remote\":1},{\"multimedia_type\":\"Picture\",\"picture_url\":\"https:\/\/fotos15.inmovilla.com\/12732\/24620955\/22-41.jpg\",\"position\":41,\"picture_id\":41,\"media_id\":143519,\"post_id\":194282,\"id\":41,\"attachment_id\":0,\"url\":\"https:\/\/fotos15.inmovilla.com\/12732\/24620955\/22-41.jpg\",\"basename\":\"22-41.jpg\",\"created_date\":\"2026-04-30 15:01:33\",\"is_downloaded\":0,\"is_using_remote\":1},{\"multimedia_type\":\"Picture\",\"picture_url\":\"https:\/\/fotos15.inmovilla.com\/12732\/24620955\/22-42.jpg\",\"position\":42,\"picture_id\":42,\"media_id\":143520,\"post_id\":194282,\"id\":42,\"attachment_id\":0,\"url\":\"https:\/\/fotos15.inmovilla.com\/12732\/24620955\/22-42.jpg\",\"basename\":\"22-42.jpg\",\"created_date\":\"2026-04-30 15:01:33\",\"is_downloaded\":0,\"is_using_remote\":1},{\"multimedia_type\":\"Picture\",\"picture_url\":\"https:\/\/fotos15.inmovilla.com\/12732\/24620955\/22-43.jpg\",\"position\":43,\"picture_id\":43,\"media_id\":143521,\"post_id\":194282,\"id\":43,\"attachment_id\":0,\"url\":\"https:\/\/fotos15.inmovilla.com\/12732\/24620955\/22-43.jpg\",\"basename\":\"22-43.jpg\",\"created_date\":\"2026-04-30 15:01:33\",\"is_downloaded\":0,\"is_using_remote\":1},{\"multimedia_type\":\"Picture\",\"picture_url\":\"https:\/\/fotos15.inmovilla.com\/12732\/24620955\/22-44.jpg\",\"position\":44,\"picture_id\":44,\"media_id\":143522,\"post_id\":194282,\"id\":44,\"attachment_id\":0,\"url\":\"https:\/\/fotos15.inmovilla.com\/12732\/24620955\/22-44.jpg\",\"basename\":\"22-44.jpg\",\"created_date\":\"2026-04-30 15:01:33\",\"is_downloaded\":0,\"is_using_remote\":1},{\"multimedia_type\":\"Picture\",\"picture_url\":\"https:\/\/fotos15.inmovilla.com\/12732\/24620955\/22-45.jpg\",\"position\":45,\"picture_id\":45,\"media_id\":143523,\"post_id\":194282,\"id\":45,\"attachment_id\":0,\"url\":\"https:\/\/fotos15.inmovilla.com\/12732\/24620955\/22-45.jpg\",\"basename\":\"22-45.jpg\",\"created_date\":\"2026-04-30 15:01:33\",\"is_downloaded\":0,\"is_using_remote\":1},{\"multimedia_type\":\"Picture\",\"picture_url\":\"https:\/\/fotos15.inmovilla.com\/12732\/24620955\/22-46.jpg\",\"position\":46,\"picture_id\":46,\"media_id\":143524,\"post_id\":194282,\"id\":46,\"attachment_id\":0,\"url\":\"https:\/\/fotos15.inmovilla.com\/12732\/24620955\/22-46.jpg\",\"basename\":\"22-46.jpg\",\"created_date\":\"2026-04-30 15:01:33\",\"is_downloaded\":0,\"is_using_remote\":1},{\"multimedia_type\":\"Picture\",\"picture_url\":\"https:\/\/fotos15.inmovilla.com\/12732\/24620955\/22-47.jpg\",\"position\":47,\"picture_id\":47,\"media_id\":143525,\"post_id\":194282,\"id\":47,\"attachment_id\":0,\"url\":\"https:\/\/fotos15.inmovilla.com\/12732\/24620955\/22-47.jpg\",\"basename\":\"22-47.jpg\",\"created_date\":\"2026-04-30 15:01:33\",\"is_downloaded\":0,\"is_using_remote\":1},{\"multimedia_type\":\"Picture\",\"picture_url\":\"https:\/\/fotos15.inmovilla.com\/12732\/24620955\/22-48.jpg\",\"position\":48,\"picture_id\":48,\"media_id\":143526,\"post_id\":194282,\"id\":48,\"attachment_id\":0,\"url\":\"https:\/\/fotos15.inmovilla.com\/12732\/24620955\/22-48.jpg\",\"basename\":\"22-48.jpg\",\"created_date\":\"2026-04-30 15:01:33\",\"is_downloaded\":0,\"is_using_remote\":1},{\"multimedia_type\":\"Picture\",\"picture_url\":\"https:\/\/fotos15.inmovilla.com\/12732\/24620955\/22-49.jpg\",\"position\":49,\"picture_id\":49,\"media_id\":143527,\"post_id\":194282,\"id\":49,\"attachment_id\":0,\"url\":\"https:\/\/fotos15.inmovilla.com\/12732\/24620955\/22-49.jpg\",\"basename\":\"22-49.jpg\",\"created_date\":\"2026-04-30 15:01:33\",\"is_downloaded\":0,\"is_using_remote\":1},{\"multimedia_type\":\"Picture\",\"picture_url\":\"https:\/\/fotos15.inmovilla.com\/12732\/24620955\/22-50.jpg\",\"position\":50,\"picture_id\":50,\"media_id\":143528,\"post_id\":194282,\"id\":50,\"attachment_id\":0,\"url\":\"https:\/\/fotos15.inmovilla.com\/12732\/24620955\/22-50.jpg\",\"basename\":\"22-50.jpg\",\"created_date\":\"2026-04-30 15:01:33\",\"is_downloaded\":0,\"is_using_remote\":1},{\"multimedia_type\":\"Picture\",\"picture_url\":\"https:\/\/fotos15.inmovilla.com\/12732\/24620955\/22-51.jpg\",\"position\":51,\"picture_id\":51,\"media_id\":143529,\"post_id\":194282,\"id\":51,\"attachment_id\":0,\"url\":\"https:\/\/fotos15.inmovilla.com\/12732\/24620955\/22-51.jpg\",\"basename\":\"22-51.jpg\",\"created_date\":\"2026-04-30 15:01:33\",\"is_downloaded\":0,\"is_using_remote\":1},{\"multimedia_type\":\"Picture\",\"picture_url\":\"https:\/\/fotos15.inmovilla.com\/12732\/24620955\/22-52.jpg\",\"position\":52,\"picture_id\":52,\"media_id\":143530,\"post_id\":194282,\"id\":52,\"attachment_id\":0,\"url\":\"https:\/\/fotos15.inmovilla.com\/12732\/24620955\/22-52.jpg\",\"basename\":\"22-52.jpg\",\"created_date\":\"2026-04-30 15:01:33\",\"is_downloaded\":0,\"is_using_remote\":1}]"],"_thumbnail_id":["194283"],"fave_property_images":["194283"],"fave_property_sec_price":["3750000"],"apg_property_id":["24620955"],"_wpml_word_count":["252"],"houzez_recently_viewed":["2026-05-01 11:55:33"],"houzez_total_property_views":["3"],"houzez_views_by_date":["a:1:{s:10:\"05-01-2026\";i:3;}"],"_eael_post_view_count":["3"],"_elementor_page_assets":["a:0:{}"]},"yoast_head":"<!-- This site is optimized with the Yoast SEO plugin v27.5 - https:\/\/yoast.com\/product\/yoast-seo-wordpress\/ -->\n<title>Casa amb llic\u00e8ncia tur\u00edstica per a 8 persones a Santany\u00ed - RE\/MAX Drac<\/title>\n<meta name=\"robots\" content=\"index, follow, max-snippet:-1, max-image-preview:large, max-video-preview:-1\" \/>\n<link rel=\"canonical\" href=\"https:\/\/www.santanyi.net\/ca\/property\/casa-amb-llicencia-turistica-per-a-8-persones-a-santanyi-2\/\" \/>\n<meta property=\"og:locale\" content=\"ca_ES\" \/>\n<meta property=\"og:type\" content=\"article\" \/>\n<meta property=\"og:title\" content=\"Casa amb llic\u00e8ncia tur\u00edstica per a 8 persones a Santany\u00ed - RE\/MAX Drac\" \/>\n<meta property=\"og:description\" content=\"Casa de camp amb car\u00e0cter, d&#8217;estil mallorqu\u00ed a 8 minuts caminant del centre de Santany\u00ed amb llic\u00e8ncia de lloguer tur\u00edstic de 8 places. Santany\u00ed; en els darrers anys, la seva popularitat i merescuda fama han anat creixent, convertint-se en un dels pobles m\u00e9s visitats de l&#8217;illa. Famosa pels seus 2 mercats setmanals, la seva arquitectura [&hellip;]\" \/>\n<meta property=\"og:url\" content=\"https:\/\/www.santanyi.net\/ca\/property\/casa-amb-llicencia-turistica-per-a-8-persones-a-santanyi-2\/\" \/>\n<meta property=\"og:site_name\" content=\"RE\/MAX Drac\" \/>\n<meta property=\"article:modified_time\" content=\"2026-05-01T06:04:14+00:00\" \/>\n<meta property=\"og:image\" content=\"https:\/\/www.santanyi.net\/wp-content\/uploads\/anaconda_property_media\/24620955-194282\/22-1.jpg\" \/>\n\t<meta property=\"og:image:width\" content=\"1920\" \/>\n\t<meta property=\"og:image:height\" content=\"1280\" \/>\n\t<meta property=\"og:image:type\" content=\"image\/jpeg\" \/>\n<meta name=\"twitter:card\" content=\"summary_large_image\" \/>\n<meta name=\"twitter:label1\" content=\"Temps estimat de lectura\" \/>\n\t<meta name=\"twitter:data1\" content=\"1 minut\" \/>\n<script type=\"application\/ld+json\" class=\"yoast-schema-graph\">{\"@context\":\"https:\\\/\\\/schema.org\",\"@graph\":[{\"@type\":\"WebPage\",\"@id\":\"https:\\\/\\\/www.santanyi.net\\\/ca\\\/property\\\/casa-amb-llicencia-turistica-per-a-8-persones-a-santanyi-2\\\/\",\"url\":\"https:\\\/\\\/www.santanyi.net\\\/ca\\\/property\\\/casa-amb-llicencia-turistica-per-a-8-persones-a-santanyi-2\\\/\",\"name\":\"Casa amb llic\u00e8ncia tur\u00edstica per a 8 persones a Santany\u00ed - RE\\\/MAX Drac\",\"isPartOf\":{\"@id\":\"https:\\\/\\\/www.santanyi.net\\\/ca\\\/#website\"},\"primaryImageOfPage\":{\"@id\":\"https:\\\/\\\/www.santanyi.net\\\/ca\\\/property\\\/casa-amb-llicencia-turistica-per-a-8-persones-a-santanyi-2\\\/#primaryimage\"},\"image\":{\"@id\":\"https:\\\/\\\/www.santanyi.net\\\/ca\\\/property\\\/casa-amb-llicencia-turistica-per-a-8-persones-a-santanyi-2\\\/#primaryimage\"},\"thumbnailUrl\":\"https:\\\/\\\/www.santanyi.net\\\/wp-content\\\/uploads\\\/anaconda_property_media\\\/24620955-194282\\\/22-1.jpg\",\"datePublished\":\"2026-04-30T15:01:33+00:00\",\"dateModified\":\"2026-05-01T06:04:14+00:00\",\"breadcrumb\":{\"@id\":\"https:\\\/\\\/www.santanyi.net\\\/ca\\\/property\\\/casa-amb-llicencia-turistica-per-a-8-persones-a-santanyi-2\\\/#breadcrumb\"},\"inLanguage\":\"ca\",\"potentialAction\":[{\"@type\":\"ReadAction\",\"target\":[\"https:\\\/\\\/www.santanyi.net\\\/ca\\\/property\\\/casa-amb-llicencia-turistica-per-a-8-persones-a-santanyi-2\\\/\"]}]},{\"@type\":\"ImageObject\",\"inLanguage\":\"ca\",\"@id\":\"https:\\\/\\\/www.santanyi.net\\\/ca\\\/property\\\/casa-amb-llicencia-turistica-per-a-8-persones-a-santanyi-2\\\/#primaryimage\",\"url\":\"https:\\\/\\\/www.santanyi.net\\\/wp-content\\\/uploads\\\/anaconda_property_media\\\/24620955-194282\\\/22-1.jpg\",\"contentUrl\":\"https:\\\/\\\/www.santanyi.net\\\/wp-content\\\/uploads\\\/anaconda_property_media\\\/24620955-194282\\\/22-1.jpg\",\"width\":1920,\"height\":1280},{\"@type\":\"BreadcrumbList\",\"@id\":\"https:\\\/\\\/www.santanyi.net\\\/ca\\\/property\\\/casa-amb-llicencia-turistica-per-a-8-persones-a-santanyi-2\\\/#breadcrumb\",\"itemListElement\":[{\"@type\":\"ListItem\",\"position\":1,\"name\":\"Home\",\"item\":\"https:\\\/\\\/www.santanyi.net\\\/ca\\\/\"},{\"@type\":\"ListItem\",\"position\":2,\"name\":\"Properties\",\"item\":\"https:\\\/\\\/www.santanyi.net\\\/ca\\\/property\\\/\"},{\"@type\":\"ListItem\",\"position\":3,\"name\":\"Casa amb llic\u00e8ncia tur\u00edstica per a 8 persones a Santany\u00ed\"}]},{\"@type\":\"WebSite\",\"@id\":\"https:\\\/\\\/www.santanyi.net\\\/ca\\\/#website\",\"url\":\"https:\\\/\\\/www.santanyi.net\\\/ca\\\/\",\"name\":\"RE\\\/MAX Drac\",\"description\":\"\",\"publisher\":{\"@id\":\"https:\\\/\\\/www.santanyi.net\\\/ca\\\/#organization\"},\"potentialAction\":[{\"@type\":\"SearchAction\",\"target\":{\"@type\":\"EntryPoint\",\"urlTemplate\":\"https:\\\/\\\/www.santanyi.net\\\/ca\\\/?s={search_term_string}\"},\"query-input\":{\"@type\":\"PropertyValueSpecification\",\"valueRequired\":true,\"valueName\":\"search_term_string\"}}],\"inLanguage\":\"ca\"},{\"@type\":\"Organization\",\"@id\":\"https:\\\/\\\/www.santanyi.net\\\/ca\\\/#organization\",\"name\":\"RE\\\/MAX Drac\",\"url\":\"https:\\\/\\\/www.santanyi.net\\\/ca\\\/\",\"logo\":{\"@type\":\"ImageObject\",\"inLanguage\":\"ca\",\"@id\":\"https:\\\/\\\/www.santanyi.net\\\/ca\\\/#\\\/schema\\\/logo\\\/image\\\/\",\"url\":\"https:\\\/\\\/www.santanyi.net\\\/wp-content\\\/uploads\\\/2025\\\/07\\\/logo-nuevo.png\",\"contentUrl\":\"https:\\\/\\\/www.santanyi.net\\\/wp-content\\\/uploads\\\/2025\\\/07\\\/logo-nuevo.png\",\"width\":295,\"height\":165,\"caption\":\"RE\\\/MAX Drac\"},\"image\":{\"@id\":\"https:\\\/\\\/www.santanyi.net\\\/ca\\\/#\\\/schema\\\/logo\\\/image\\\/\"}}]}<\/script>\n<!-- \/ Yoast SEO plugin. -->","yoast_head_json":{"title":"Casa amb llic\u00e8ncia tur\u00edstica per a 8 persones a Santany\u00ed - RE\/MAX Drac","robots":{"index":"index","follow":"follow","max-snippet":"max-snippet:-1","max-image-preview":"max-image-preview:large","max-video-preview":"max-video-preview:-1"},"canonical":"https:\/\/www.santanyi.net\/ca\/property\/casa-amb-llicencia-turistica-per-a-8-persones-a-santanyi-2\/","og_locale":"ca_ES","og_type":"article","og_title":"Casa amb llic\u00e8ncia tur\u00edstica per a 8 persones a Santany\u00ed - RE\/MAX Drac","og_description":"Casa de camp amb car\u00e0cter, d&#8217;estil mallorqu\u00ed a 8 minuts caminant del centre de Santany\u00ed amb llic\u00e8ncia de lloguer tur\u00edstic de 8 places. Santany\u00ed; en els darrers anys, la seva popularitat i merescuda fama han anat creixent, convertint-se en un dels pobles m\u00e9s visitats de l&#8217;illa. Famosa pels seus 2 mercats setmanals, la seva arquitectura [&hellip;]","og_url":"https:\/\/www.santanyi.net\/ca\/property\/casa-amb-llicencia-turistica-per-a-8-persones-a-santanyi-2\/","og_site_name":"RE\/MAX Drac","article_modified_time":"2026-05-01T06:04:14+00:00","og_image":[{"width":1920,"height":1280,"url":"https:\/\/www.santanyi.net\/wp-content\/uploads\/anaconda_property_media\/24620955-194282\/22-1.jpg","type":"image\/jpeg"}],"twitter_card":"summary_large_image","twitter_misc":{"Temps estimat de lectura":"1 minut"},"schema":{"@context":"https:\/\/schema.org","@graph":[{"@type":"WebPage","@id":"https:\/\/www.santanyi.net\/ca\/property\/casa-amb-llicencia-turistica-per-a-8-persones-a-santanyi-2\/","url":"https:\/\/www.santanyi.net\/ca\/property\/casa-amb-llicencia-turistica-per-a-8-persones-a-santanyi-2\/","name":"Casa amb llic\u00e8ncia tur\u00edstica per a 8 persones a Santany\u00ed - RE\/MAX Drac","isPartOf":{"@id":"https:\/\/www.santanyi.net\/ca\/#website"},"primaryImageOfPage":{"@id":"https:\/\/www.santanyi.net\/ca\/property\/casa-amb-llicencia-turistica-per-a-8-persones-a-santanyi-2\/#primaryimage"},"image":{"@id":"https:\/\/www.santanyi.net\/ca\/property\/casa-amb-llicencia-turistica-per-a-8-persones-a-santanyi-2\/#primaryimage"},"thumbnailUrl":"https:\/\/www.santanyi.net\/wp-content\/uploads\/anaconda_property_media\/24620955-194282\/22-1.jpg","datePublished":"2026-04-30T15:01:33+00:00","dateModified":"2026-05-01T06:04:14+00:00","breadcrumb":{"@id":"https:\/\/www.santanyi.net\/ca\/property\/casa-amb-llicencia-turistica-per-a-8-persones-a-santanyi-2\/#breadcrumb"},"inLanguage":"ca","potentialAction":[{"@type":"ReadAction","target":["https:\/\/www.santanyi.net\/ca\/property\/casa-amb-llicencia-turistica-per-a-8-persones-a-santanyi-2\/"]}]},{"@type":"ImageObject","inLanguage":"ca","@id":"https:\/\/www.santanyi.net\/ca\/property\/casa-amb-llicencia-turistica-per-a-8-persones-a-santanyi-2\/#primaryimage","url":"https:\/\/www.santanyi.net\/wp-content\/uploads\/anaconda_property_media\/24620955-194282\/22-1.jpg","contentUrl":"https:\/\/www.santanyi.net\/wp-content\/uploads\/anaconda_property_media\/24620955-194282\/22-1.jpg","width":1920,"height":1280},{"@type":"BreadcrumbList","@id":"https:\/\/www.santanyi.net\/ca\/property\/casa-amb-llicencia-turistica-per-a-8-persones-a-santanyi-2\/#breadcrumb","itemListElement":[{"@type":"ListItem","position":1,"name":"Home","item":"https:\/\/www.santanyi.net\/ca\/"},{"@type":"ListItem","position":2,"name":"Properties","item":"https:\/\/www.santanyi.net\/ca\/property\/"},{"@type":"ListItem","position":3,"name":"Casa amb llic\u00e8ncia tur\u00edstica per a 8 persones a Santany\u00ed"}]},{"@type":"WebSite","@id":"https:\/\/www.santanyi.net\/ca\/#website","url":"https:\/\/www.santanyi.net\/ca\/","name":"RE\/MAX Drac","description":"","publisher":{"@id":"https:\/\/www.santanyi.net\/ca\/#organization"},"potentialAction":[{"@type":"SearchAction","target":{"@type":"EntryPoint","urlTemplate":"https:\/\/www.santanyi.net\/ca\/?s={search_term_string}"},"query-input":{"@type":"PropertyValueSpecification","valueRequired":true,"valueName":"search_term_string"}}],"inLanguage":"ca"},{"@type":"Organization","@id":"https:\/\/www.santanyi.net\/ca\/#organization","name":"RE\/MAX Drac","url":"https:\/\/www.santanyi.net\/ca\/","logo":{"@type":"ImageObject","inLanguage":"ca","@id":"https:\/\/www.santanyi.net\/ca\/#\/schema\/logo\/image\/","url":"https:\/\/www.santanyi.net\/wp-content\/uploads\/2025\/07\/logo-nuevo.png","contentUrl":"https:\/\/www.santanyi.net\/wp-content\/uploads\/2025\/07\/logo-nuevo.png","width":295,"height":165,"caption":"RE\/MAX Drac"},"image":{"@id":"https:\/\/www.santanyi.net\/ca\/#\/schema\/logo\/image\/"}}]}},"_links":{"self":[{"href":"https:\/\/www.santanyi.net\/ca\/wp-json\/wp\/v2\/properties\/194288","targetHints":{"allow":["GET"]}}],"collection":[{"href":"https:\/\/www.santanyi.net\/ca\/wp-json\/wp\/v2\/properties"}],"about":[{"href":"https:\/\/www.santanyi.net\/ca\/wp-json\/wp\/v2\/types\/property"}],"author":[{"embeddable":true,"href":"https:\/\/www.santanyi.net\/ca\/wp-json\/wp\/v2\/users\/1"}],"version-history":[{"count":2,"href":"https:\/\/www.santanyi.net\/ca\/wp-json\/wp\/v2\/properties\/194288\/revisions"}],"predecessor-version":[{"id":195772,"href":"https:\/\/www.santanyi.net\/ca\/wp-json\/wp\/v2\/properties\/194288\/revisions\/195772"}],"wp:featuredmedia":[{"embeddable":true,"href":"https:\/\/www.santanyi.net\/ca\/wp-json\/wp\/v2\/media\/194283"}],"wp:attachment":[{"href":"https:\/\/www.santanyi.net\/ca\/wp-json\/wp\/v2\/media?parent=194288"}],"wp:term":[{"taxonomy":"property_type","embeddable":true,"href":"https:\/\/www.santanyi.net\/ca\/wp-json\/wp\/v2\/property_type?post=194288"},{"taxonomy":"property_status","embeddable":true,"href":"https:\/\/www.santanyi.net\/ca\/wp-json\/wp\/v2\/property_status?post=194288"},{"taxonomy":"property_feature","embeddable":true,"href":"https:\/\/www.santanyi.net\/ca\/wp-json\/wp\/v2\/property_feature?post=194288"},{"taxonomy":"property_label","embeddable":true,"href":"https:\/\/www.santanyi.net\/ca\/wp-json\/wp\/v2\/property_label?post=194288"},{"taxonomy":"property_country","embeddable":true,"href":"https:\/\/www.santanyi.net\/ca\/wp-json\/wp\/v2\/property_country?post=194288"},{"taxonomy":"property_state","embeddable":true,"href":"https:\/\/www.santanyi.net\/ca\/wp-json\/wp\/v2\/property_state?post=194288"},{"taxonomy":"property_city","embeddable":true,"href":"https:\/\/www.santanyi.net\/ca\/wp-json\/wp\/v2\/property_city?post=194288"},{"taxonomy":"property_area","embeddable":true,"href":"https:\/\/www.santanyi.net\/ca\/wp-json\/wp\/v2\/property_area?post=194288"}],"curies":[{"name":"wp","href":"https:\/\/api.w.org\/{rel}","templated":true}]}}