
{"id":194232,"date":"2026-04-30T15:01:03","date_gmt":"2026-04-30T15:01:03","guid":{"rendered":"https:\/\/www.santanyi.net\/property\/encantador-pis-a-la-primera-planta-en-una-ubicacio-privilegiada-darrere-lesglesia-de-santanyi\/"},"modified":"2026-05-01T06:04:28","modified_gmt":"2026-05-01T06:04:28","slug":"encantador-pis-a-la-primera-planta-en-una-ubicacio-privilegiada-darrere-lesglesia-de-santanyi-3","status":"publish","type":"property","link":"https:\/\/www.santanyi.net\/ca\/property\/encantador-pis-a-la-primera-planta-en-una-ubicacio-privilegiada-darrere-lesglesia-de-santanyi-3\/","title":{"rendered":"Encantador pis a la primera planta en una ubicaci\u00f3 privilegiada, darrere l&#8217;esgl\u00e9sia de Santany\u00ed."},"content":{"rendered":"<p>Pis acollidor amb balc\u00f3 darrere l\u2019esgl\u00e9sia de Santany\u00ed<br \/>Pis amb molt d\u2019encant i detalls cuidats, situat en una primera planta en una zona tranquil\u00b7la darrere l\u2019esgl\u00e9sia de Santany\u00ed.<br \/>Disposa de terra radiant, aire condicionat fred\/calor i un balc\u00f3 amb vistes al ve\u00efnat, que ofereix un ambient de calma i tranquil\u00b7litat.<br \/>Distribuci\u00f3:<br \/>\t\u2022\tDormitori principal ampli amb aire condicionat fred\/calor, situat a l\u2019entrada del pis<br \/>\t\u2022\tCuina oberta al sal\u00f3-menjador, equipada amb nevera petita, vitrocer\u00e0mica i microones<br \/>\t\u2022\tSal\u00f3-menjador molt acollidor amb aire condicionat<br \/>\t\u2022\tSegona habitaci\u00f3 ideal com a despatx o dormitori auxiliar<br \/>\t\u2022\tBany amb dutxa i tovalloler el\u00e8ctric<br \/>\t\u2022\tRentadora situada en un petit traster exterior<br \/>Un pis c\u00f2mode, c\u00e0lid i ben distribu\u00eft, ideal per viure amb tranquil\u00b7litat al centre del poble.<br \/>Condicions:<br \/>\t\u2022\tUn mes de fian\u00e7a<br \/>\t\u2022\tUn mes addicional com a garantia<br \/>\t\u2022\tLes despeses d\u2019aigua, llum, fems i internet van a c\u00e0rrec del llogater<br \/>Abans de concertar visita, es demana informaci\u00f3 per correu electr\u00f2nic:<br \/>\t\u2022\tData prevista d\u2019entrada<br \/>\t\u2022\tDurada del lloguer<br \/>\t\u2022\tNombre de persones<br \/>\t\u2022\tSi hi ha infants i\/o mascotes<br \/>\t\u2022\tActivitat professional<\/p>\n","protected":false},"excerpt":{"rendered":"<p>Pis acollidor amb balc\u00f3 darrere l\u2019esgl\u00e9sia de Santany\u00edPis amb molt d\u2019encant i detalls cuidats, situat en una primera planta en una zona tranquil\u00b7la darrere l\u2019esgl\u00e9sia de Santany\u00ed.Disposa de terra radiant, aire condicionat fred\/calor i un balc\u00f3 amb vistes al ve\u00efnat, que ofereix un ambient de calma i tranquil\u00b7litat.Distribuci\u00f3: \u2022 Dormitori principal ampli amb aire condicionat [&hellip;]<\/p>\n","protected":false},"author":1,"featured_media":194227,"parent":0,"menu_order":0,"template":"","property_type":[2173],"property_status":[2135,2140],"property_feature":[1765,1799,1870,1853,1803,1960,1964,1872,1804,1805,1809],"property_label":[],"property_country":[],"property_state":[],"property_city":[635],"property_area":[636],"class_list":["post-194232","property","type-property","status-publish","has-post-thumbnail","hentry","property_type-piso-ca","property_status-alquilar","property_status-alquilar-ca","property_feature-aire_con","property_feature-aire_con-ca","property_feature-balcon-ca","property_feature-balcon","property_feature-calefaccion-ca","property_feature-centros_comerciales","property_feature-centros_comerciales-ca","property_feature-colegios-ca","property_feature-descalcificador-ca","property_feature-electro-ca","property_feature-muebles-ca","property_city-santanyi","property_area-santanyi"],"acf":[],"property_meta":{"_apg_property_user_edited":["1"],"fave_property_id":["DRAC-AA1530-YK"],"fave_property_location":["39.354515307997,3.1305880695895,15"],"houzez_geolocation_lat":["39.354515307997"],"houzez_geolocation_long":["3.1305880695895"],"fave_property_price":["1300"],"fave_property_rent_or_sale":["rent"],"fave_property_year":[null],"fave_property_size_prefix":["m2"],"fave_property_land_postfix":["m2"],"fave_property_size":["84"],"fave_property_bedrooms":["2"],"fave_property_bathrooms":["1"],"fave_property_map_address":["Santany\u00ed, 07650 Santany\u00ed"],"fave_property_address":[" , Santany\u00ed 07650"],"fave_property_zip":["07650"],"fave_property_postal_code":["07650"],"fave_property_map":["1"],"apg_is_using_remote_image_url":["1"],"apg_using_remote_image_urls":["[{\"multimedia_type\":\"Picture\",\"picture_url\":\"https:\/\/fotos15.inmovilla.com\/12732\/28236573\/18-1.jpg\",\"position\":1,\"picture_id\":1,\"media_id\":143235,\"post_id\":194226,\"id\":1,\"attachment_id\":0,\"url\":\"https:\/\/fotos15.inmovilla.com\/12732\/28236573\/18-1.jpg\",\"basename\":\"18-1.jpg\",\"created_date\":\"2026-04-30 15:01:04\",\"is_downloaded\":0,\"is_using_remote\":0},{\"multimedia_type\":\"Picture\",\"picture_url\":\"https:\/\/fotos15.inmovilla.com\/12732\/28236573\/18-2.jpg\",\"position\":2,\"picture_id\":2,\"media_id\":143236,\"post_id\":194226,\"id\":2,\"attachment_id\":0,\"url\":\"https:\/\/fotos15.inmovilla.com\/12732\/28236573\/18-2.jpg\",\"basename\":\"18-2.jpg\",\"created_date\":\"2026-04-30 15:01:04\",\"is_downloaded\":0,\"is_using_remote\":1},{\"multimedia_type\":\"Picture\",\"picture_url\":\"https:\/\/fotos15.inmovilla.com\/12732\/28236573\/18-3.jpg\",\"position\":3,\"picture_id\":3,\"media_id\":143237,\"post_id\":194226,\"id\":3,\"attachment_id\":0,\"url\":\"https:\/\/fotos15.inmovilla.com\/12732\/28236573\/18-3.jpg\",\"basename\":\"18-3.jpg\",\"created_date\":\"2026-04-30 15:01:04\",\"is_downloaded\":0,\"is_using_remote\":1},{\"multimedia_type\":\"Picture\",\"picture_url\":\"https:\/\/fotos15.inmovilla.com\/12732\/28236573\/18-4.jpg\",\"position\":4,\"picture_id\":4,\"media_id\":143238,\"post_id\":194226,\"id\":4,\"attachment_id\":0,\"url\":\"https:\/\/fotos15.inmovilla.com\/12732\/28236573\/18-4.jpg\",\"basename\":\"18-4.jpg\",\"created_date\":\"2026-04-30 15:01:04\",\"is_downloaded\":0,\"is_using_remote\":1},{\"multimedia_type\":\"Picture\",\"picture_url\":\"https:\/\/fotos15.inmovilla.com\/12732\/28236573\/18-5.jpg\",\"position\":5,\"picture_id\":5,\"media_id\":143239,\"post_id\":194226,\"id\":5,\"attachment_id\":0,\"url\":\"https:\/\/fotos15.inmovilla.com\/12732\/28236573\/18-5.jpg\",\"basename\":\"18-5.jpg\",\"created_date\":\"2026-04-30 15:01:04\",\"is_downloaded\":0,\"is_using_remote\":1},{\"multimedia_type\":\"Picture\",\"picture_url\":\"https:\/\/fotos15.inmovilla.com\/12732\/28236573\/18-6.jpg\",\"position\":6,\"picture_id\":6,\"media_id\":143240,\"post_id\":194226,\"id\":6,\"attachment_id\":0,\"url\":\"https:\/\/fotos15.inmovilla.com\/12732\/28236573\/18-6.jpg\",\"basename\":\"18-6.jpg\",\"created_date\":\"2026-04-30 15:01:04\",\"is_downloaded\":0,\"is_using_remote\":1},{\"multimedia_type\":\"Picture\",\"picture_url\":\"https:\/\/fotos15.inmovilla.com\/12732\/28236573\/18-7.jpg\",\"position\":7,\"picture_id\":7,\"media_id\":143241,\"post_id\":194226,\"id\":7,\"attachment_id\":0,\"url\":\"https:\/\/fotos15.inmovilla.com\/12732\/28236573\/18-7.jpg\",\"basename\":\"18-7.jpg\",\"created_date\":\"2026-04-30 15:01:04\",\"is_downloaded\":0,\"is_using_remote\":1},{\"multimedia_type\":\"Picture\",\"picture_url\":\"https:\/\/fotos15.inmovilla.com\/12732\/28236573\/18-8.jpg\",\"position\":8,\"picture_id\":8,\"media_id\":143242,\"post_id\":194226,\"id\":8,\"attachment_id\":0,\"url\":\"https:\/\/fotos15.inmovilla.com\/12732\/28236573\/18-8.jpg\",\"basename\":\"18-8.jpg\",\"created_date\":\"2026-04-30 15:01:04\",\"is_downloaded\":0,\"is_using_remote\":1},{\"multimedia_type\":\"Picture\",\"picture_url\":\"https:\/\/fotos15.inmovilla.com\/12732\/28236573\/18-9.jpg\",\"position\":9,\"picture_id\":9,\"media_id\":143243,\"post_id\":194226,\"id\":9,\"attachment_id\":0,\"url\":\"https:\/\/fotos15.inmovilla.com\/12732\/28236573\/18-9.jpg\",\"basename\":\"18-9.jpg\",\"created_date\":\"2026-04-30 15:01:04\",\"is_downloaded\":0,\"is_using_remote\":1},{\"multimedia_type\":\"Picture\",\"picture_url\":\"https:\/\/fotos15.inmovilla.com\/12732\/28236573\/18-10.jpg\",\"position\":10,\"picture_id\":10,\"media_id\":143244,\"post_id\":194226,\"id\":10,\"attachment_id\":0,\"url\":\"https:\/\/fotos15.inmovilla.com\/12732\/28236573\/18-10.jpg\",\"basename\":\"18-10.jpg\",\"created_date\":\"2026-04-30 15:01:04\",\"is_downloaded\":0,\"is_using_remote\":1},{\"multimedia_type\":\"Picture\",\"picture_url\":\"https:\/\/fotos15.inmovilla.com\/12732\/28236573\/18-11.jpg\",\"position\":11,\"picture_id\":11,\"media_id\":143245,\"post_id\":194226,\"id\":11,\"attachment_id\":0,\"url\":\"https:\/\/fotos15.inmovilla.com\/12732\/28236573\/18-11.jpg\",\"basename\":\"18-11.jpg\",\"created_date\":\"2026-04-30 15:01:04\",\"is_downloaded\":0,\"is_using_remote\":1},{\"multimedia_type\":\"Picture\",\"picture_url\":\"https:\/\/fotos15.inmovilla.com\/12732\/28236573\/18-12.jpg\",\"position\":12,\"picture_id\":12,\"media_id\":143246,\"post_id\":194226,\"id\":12,\"attachment_id\":0,\"url\":\"https:\/\/fotos15.inmovilla.com\/12732\/28236573\/18-12.jpg\",\"basename\":\"18-12.jpg\",\"created_date\":\"2026-04-30 15:01:04\",\"is_downloaded\":0,\"is_using_remote\":1},{\"multimedia_type\":\"Picture\",\"picture_url\":\"https:\/\/fotos15.inmovilla.com\/12732\/28236573\/18-13.jpg\",\"position\":13,\"picture_id\":13,\"media_id\":143247,\"post_id\":194226,\"id\":13,\"attachment_id\":0,\"url\":\"https:\/\/fotos15.inmovilla.com\/12732\/28236573\/18-13.jpg\",\"basename\":\"18-13.jpg\",\"created_date\":\"2026-04-30 15:01:04\",\"is_downloaded\":0,\"is_using_remote\":1},{\"multimedia_type\":\"Picture\",\"picture_url\":\"https:\/\/fotos15.inmovilla.com\/12732\/28236573\/18-14.jpg\",\"position\":14,\"picture_id\":14,\"media_id\":143248,\"post_id\":194226,\"id\":14,\"attachment_id\":0,\"url\":\"https:\/\/fotos15.inmovilla.com\/12732\/28236573\/18-14.jpg\",\"basename\":\"18-14.jpg\",\"created_date\":\"2026-04-30 15:01:04\",\"is_downloaded\":0,\"is_using_remote\":1},{\"multimedia_type\":\"Picture\",\"picture_url\":\"https:\/\/fotos15.inmovilla.com\/12732\/28236573\/18-15.jpg\",\"position\":15,\"picture_id\":15,\"media_id\":143249,\"post_id\":194226,\"id\":15,\"attachment_id\":0,\"url\":\"https:\/\/fotos15.inmovilla.com\/12732\/28236573\/18-15.jpg\",\"basename\":\"18-15.jpg\",\"created_date\":\"2026-04-30 15:01:04\",\"is_downloaded\":0,\"is_using_remote\":1},{\"multimedia_type\":\"Picture\",\"picture_url\":\"https:\/\/fotos15.inmovilla.com\/12732\/28236573\/18-16.jpg\",\"position\":16,\"picture_id\":16,\"media_id\":143250,\"post_id\":194226,\"id\":16,\"attachment_id\":0,\"url\":\"https:\/\/fotos15.inmovilla.com\/12732\/28236573\/18-16.jpg\",\"basename\":\"18-16.jpg\",\"created_date\":\"2026-04-30 15:01:04\",\"is_downloaded\":0,\"is_using_remote\":1},{\"multimedia_type\":\"Picture\",\"picture_url\":\"https:\/\/fotos15.inmovilla.com\/12732\/28236573\/18-17.jpg\",\"position\":17,\"picture_id\":17,\"media_id\":143251,\"post_id\":194226,\"id\":17,\"attachment_id\":0,\"url\":\"https:\/\/fotos15.inmovilla.com\/12732\/28236573\/18-17.jpg\",\"basename\":\"18-17.jpg\",\"created_date\":\"2026-04-30 15:01:04\",\"is_downloaded\":0,\"is_using_remote\":1},{\"multimedia_type\":\"Picture\",\"picture_url\":\"https:\/\/fotos15.inmovilla.com\/12732\/28236573\/18-18.jpg\",\"position\":18,\"picture_id\":18,\"media_id\":143252,\"post_id\":194226,\"id\":18,\"attachment_id\":0,\"url\":\"https:\/\/fotos15.inmovilla.com\/12732\/28236573\/18-18.jpg\",\"basename\":\"18-18.jpg\",\"created_date\":\"2026-04-30 15:01:04\",\"is_downloaded\":0,\"is_using_remote\":1},{\"multimedia_type\":\"Picture\",\"picture_url\":\"https:\/\/fotos15.inmovilla.com\/12732\/28236573\/18-19.jpg\",\"position\":19,\"picture_id\":19,\"media_id\":143253,\"post_id\":194226,\"id\":19,\"attachment_id\":0,\"url\":\"https:\/\/fotos15.inmovilla.com\/12732\/28236573\/18-19.jpg\",\"basename\":\"18-19.jpg\",\"created_date\":\"2026-04-30 15:01:04\",\"is_downloaded\":0,\"is_using_remote\":1},{\"multimedia_type\":\"Picture\",\"picture_url\":\"https:\/\/fotos15.inmovilla.com\/12732\/28236573\/18-20.jpg\",\"position\":20,\"picture_id\":20,\"media_id\":143254,\"post_id\":194226,\"id\":20,\"attachment_id\":0,\"url\":\"https:\/\/fotos15.inmovilla.com\/12732\/28236573\/18-20.jpg\",\"basename\":\"18-20.jpg\",\"created_date\":\"2026-04-30 15:01:04\",\"is_downloaded\":0,\"is_using_remote\":1},{\"multimedia_type\":\"Picture\",\"picture_url\":\"https:\/\/fotos15.inmovilla.com\/12732\/28236573\/18-21.jpg\",\"position\":21,\"picture_id\":21,\"media_id\":143255,\"post_id\":194226,\"id\":21,\"attachment_id\":0,\"url\":\"https:\/\/fotos15.inmovilla.com\/12732\/28236573\/18-21.jpg\",\"basename\":\"18-21.jpg\",\"created_date\":\"2026-04-30 15:01:04\",\"is_downloaded\":0,\"is_using_remote\":1},{\"multimedia_type\":\"Picture\",\"picture_url\":\"https:\/\/fotos15.inmovilla.com\/12732\/28236573\/18-22.jpg\",\"position\":22,\"picture_id\":22,\"media_id\":143256,\"post_id\":194226,\"id\":22,\"attachment_id\":0,\"url\":\"https:\/\/fotos15.inmovilla.com\/12732\/28236573\/18-22.jpg\",\"basename\":\"18-22.jpg\",\"created_date\":\"2026-04-30 15:01:04\",\"is_downloaded\":0,\"is_using_remote\":1},{\"multimedia_type\":\"Picture\",\"picture_url\":\"https:\/\/fotos15.inmovilla.com\/12732\/28236573\/18-23.jpg\",\"position\":23,\"picture_id\":23,\"media_id\":143257,\"post_id\":194226,\"id\":23,\"attachment_id\":0,\"url\":\"https:\/\/fotos15.inmovilla.com\/12732\/28236573\/18-23.jpg\",\"basename\":\"18-23.jpg\",\"created_date\":\"2026-04-30 15:01:04\",\"is_downloaded\":0,\"is_using_remote\":1},{\"multimedia_type\":\"Picture\",\"picture_url\":\"https:\/\/fotos15.inmovilla.com\/12732\/28236573\/18-24.jpg\",\"position\":24,\"picture_id\":24,\"media_id\":143258,\"post_id\":194226,\"id\":24,\"attachment_id\":0,\"url\":\"https:\/\/fotos15.inmovilla.com\/12732\/28236573\/18-24.jpg\",\"basename\":\"18-24.jpg\",\"created_date\":\"2026-04-30 15:01:04\",\"is_downloaded\":0,\"is_using_remote\":1},{\"multimedia_type\":\"Picture\",\"picture_url\":\"https:\/\/fotos15.inmovilla.com\/12732\/28236573\/18-25.jpg\",\"position\":25,\"picture_id\":25,\"media_id\":143259,\"post_id\":194226,\"id\":25,\"attachment_id\":0,\"url\":\"https:\/\/fotos15.inmovilla.com\/12732\/28236573\/18-25.jpg\",\"basename\":\"18-25.jpg\",\"created_date\":\"2026-04-30 15:01:04\",\"is_downloaded\":0,\"is_using_remote\":1},{\"multimedia_type\":\"Picture\",\"picture_url\":\"https:\/\/fotos15.inmovilla.com\/12732\/28236573\/18-26.jpg\",\"position\":26,\"picture_id\":26,\"media_id\":143260,\"post_id\":194226,\"id\":26,\"attachment_id\":0,\"url\":\"https:\/\/fotos15.inmovilla.com\/12732\/28236573\/18-26.jpg\",\"basename\":\"18-26.jpg\",\"created_date\":\"2026-04-30 15:01:04\",\"is_downloaded\":0,\"is_using_remote\":1}]"],"_thumbnail_id":["194227"],"fave_property_images":["194227"],"apg_property_id":["28236573"],"_wpml_word_count":["220"],"_eael_post_view_count":["4"],"houzez_recently_viewed":["2026-05-01 07:53:17"],"houzez_total_property_views":["4"],"houzez_views_by_date":["a:2:{s:10:\"04-30-2026\";i:1;s:10:\"05-01-2026\";i:3;}"],"_elementor_page_assets":["a:0:{}"]},"yoast_head":"<!-- This site is optimized with the Yoast SEO plugin v27.5 - https:\/\/yoast.com\/product\/yoast-seo-wordpress\/ -->\n<title>Encantador pis a la primera planta en una ubicaci\u00f3 privilegiada, darrere l&#039;esgl\u00e9sia de Santany\u00ed. - RE\/MAX Drac<\/title>\n<meta name=\"robots\" content=\"index, follow, max-snippet:-1, max-image-preview:large, max-video-preview:-1\" \/>\n<link rel=\"canonical\" href=\"https:\/\/www.santanyi.net\/ca\/property\/encantador-pis-a-la-primera-planta-en-una-ubicacio-privilegiada-darrere-lesglesia-de-santanyi-3\/\" \/>\n<meta property=\"og:locale\" content=\"ca_ES\" \/>\n<meta property=\"og:type\" content=\"article\" \/>\n<meta property=\"og:title\" content=\"Encantador pis a la primera planta en una ubicaci\u00f3 privilegiada, darrere l&#039;esgl\u00e9sia de Santany\u00ed. - RE\/MAX Drac\" \/>\n<meta property=\"og:description\" content=\"Pis acollidor amb balc\u00f3 darrere l\u2019esgl\u00e9sia de Santany\u00edPis amb molt d\u2019encant i detalls cuidats, situat en una primera planta en una zona tranquil\u00b7la darrere l\u2019esgl\u00e9sia de Santany\u00ed.Disposa de terra radiant, aire condicionat fred\/calor i un balc\u00f3 amb vistes al ve\u00efnat, que ofereix un ambient de calma i tranquil\u00b7litat.Distribuci\u00f3: \u2022 Dormitori principal ampli amb aire condicionat [&hellip;]\" \/>\n<meta property=\"og:url\" content=\"https:\/\/www.santanyi.net\/ca\/property\/encantador-pis-a-la-primera-planta-en-una-ubicacio-privilegiada-darrere-lesglesia-de-santanyi-3\/\" \/>\n<meta property=\"og:site_name\" content=\"RE\/MAX Drac\" \/>\n<meta property=\"article:modified_time\" content=\"2026-05-01T06:04:28+00:00\" \/>\n<meta property=\"og:image\" content=\"https:\/\/www.santanyi.net\/wp-content\/uploads\/anaconda_property_media\/28236573-194226\/18-1.jpg\" \/>\n\t<meta property=\"og:image:width\" content=\"1920\" \/>\n\t<meta property=\"og:image:height\" content=\"1439\" \/>\n\t<meta property=\"og:image:type\" content=\"image\/jpeg\" \/>\n<meta name=\"twitter:card\" content=\"summary_large_image\" \/>\n<meta name=\"twitter:label1\" content=\"Temps estimat de lectura\" \/>\n\t<meta name=\"twitter:data1\" content=\"1 minut\" \/>\n<script type=\"application\/ld+json\" class=\"yoast-schema-graph\">{\"@context\":\"https:\\\/\\\/schema.org\",\"@graph\":[{\"@type\":\"WebPage\",\"@id\":\"https:\\\/\\\/www.santanyi.net\\\/ca\\\/property\\\/encantador-pis-a-la-primera-planta-en-una-ubicacio-privilegiada-darrere-lesglesia-de-santanyi-3\\\/\",\"url\":\"https:\\\/\\\/www.santanyi.net\\\/ca\\\/property\\\/encantador-pis-a-la-primera-planta-en-una-ubicacio-privilegiada-darrere-lesglesia-de-santanyi-3\\\/\",\"name\":\"Encantador pis a la primera planta en una ubicaci\u00f3 privilegiada, darrere l'esgl\u00e9sia de Santany\u00ed. - RE\\\/MAX Drac\",\"isPartOf\":{\"@id\":\"https:\\\/\\\/www.santanyi.net\\\/ca\\\/#website\"},\"primaryImageOfPage\":{\"@id\":\"https:\\\/\\\/www.santanyi.net\\\/ca\\\/property\\\/encantador-pis-a-la-primera-planta-en-una-ubicacio-privilegiada-darrere-lesglesia-de-santanyi-3\\\/#primaryimage\"},\"image\":{\"@id\":\"https:\\\/\\\/www.santanyi.net\\\/ca\\\/property\\\/encantador-pis-a-la-primera-planta-en-una-ubicacio-privilegiada-darrere-lesglesia-de-santanyi-3\\\/#primaryimage\"},\"thumbnailUrl\":\"https:\\\/\\\/www.santanyi.net\\\/wp-content\\\/uploads\\\/anaconda_property_media\\\/28236573-194226\\\/18-1.jpg\",\"datePublished\":\"2026-04-30T15:01:03+00:00\",\"dateModified\":\"2026-05-01T06:04:28+00:00\",\"breadcrumb\":{\"@id\":\"https:\\\/\\\/www.santanyi.net\\\/ca\\\/property\\\/encantador-pis-a-la-primera-planta-en-una-ubicacio-privilegiada-darrere-lesglesia-de-santanyi-3\\\/#breadcrumb\"},\"inLanguage\":\"ca\",\"potentialAction\":[{\"@type\":\"ReadAction\",\"target\":[\"https:\\\/\\\/www.santanyi.net\\\/ca\\\/property\\\/encantador-pis-a-la-primera-planta-en-una-ubicacio-privilegiada-darrere-lesglesia-de-santanyi-3\\\/\"]}]},{\"@type\":\"ImageObject\",\"inLanguage\":\"ca\",\"@id\":\"https:\\\/\\\/www.santanyi.net\\\/ca\\\/property\\\/encantador-pis-a-la-primera-planta-en-una-ubicacio-privilegiada-darrere-lesglesia-de-santanyi-3\\\/#primaryimage\",\"url\":\"https:\\\/\\\/www.santanyi.net\\\/wp-content\\\/uploads\\\/anaconda_property_media\\\/28236573-194226\\\/18-1.jpg\",\"contentUrl\":\"https:\\\/\\\/www.santanyi.net\\\/wp-content\\\/uploads\\\/anaconda_property_media\\\/28236573-194226\\\/18-1.jpg\",\"width\":1920,\"height\":1439},{\"@type\":\"BreadcrumbList\",\"@id\":\"https:\\\/\\\/www.santanyi.net\\\/ca\\\/property\\\/encantador-pis-a-la-primera-planta-en-una-ubicacio-privilegiada-darrere-lesglesia-de-santanyi-3\\\/#breadcrumb\",\"itemListElement\":[{\"@type\":\"ListItem\",\"position\":1,\"name\":\"Home\",\"item\":\"https:\\\/\\\/www.santanyi.net\\\/ca\\\/\"},{\"@type\":\"ListItem\",\"position\":2,\"name\":\"Properties\",\"item\":\"https:\\\/\\\/www.santanyi.net\\\/ca\\\/property\\\/\"},{\"@type\":\"ListItem\",\"position\":3,\"name\":\"Encantador pis a la primera planta en una ubicaci\u00f3 privilegiada, darrere l&#8217;esgl\u00e9sia de Santany\u00ed.\"}]},{\"@type\":\"WebSite\",\"@id\":\"https:\\\/\\\/www.santanyi.net\\\/ca\\\/#website\",\"url\":\"https:\\\/\\\/www.santanyi.net\\\/ca\\\/\",\"name\":\"RE\\\/MAX Drac\",\"description\":\"\",\"publisher\":{\"@id\":\"https:\\\/\\\/www.santanyi.net\\\/ca\\\/#organization\"},\"potentialAction\":[{\"@type\":\"SearchAction\",\"target\":{\"@type\":\"EntryPoint\",\"urlTemplate\":\"https:\\\/\\\/www.santanyi.net\\\/ca\\\/?s={search_term_string}\"},\"query-input\":{\"@type\":\"PropertyValueSpecification\",\"valueRequired\":true,\"valueName\":\"search_term_string\"}}],\"inLanguage\":\"ca\"},{\"@type\":\"Organization\",\"@id\":\"https:\\\/\\\/www.santanyi.net\\\/ca\\\/#organization\",\"name\":\"RE\\\/MAX Drac\",\"url\":\"https:\\\/\\\/www.santanyi.net\\\/ca\\\/\",\"logo\":{\"@type\":\"ImageObject\",\"inLanguage\":\"ca\",\"@id\":\"https:\\\/\\\/www.santanyi.net\\\/ca\\\/#\\\/schema\\\/logo\\\/image\\\/\",\"url\":\"https:\\\/\\\/www.santanyi.net\\\/wp-content\\\/uploads\\\/2025\\\/07\\\/logo-nuevo.png\",\"contentUrl\":\"https:\\\/\\\/www.santanyi.net\\\/wp-content\\\/uploads\\\/2025\\\/07\\\/logo-nuevo.png\",\"width\":295,\"height\":165,\"caption\":\"RE\\\/MAX Drac\"},\"image\":{\"@id\":\"https:\\\/\\\/www.santanyi.net\\\/ca\\\/#\\\/schema\\\/logo\\\/image\\\/\"}}]}<\/script>\n<!-- \/ Yoast SEO plugin. -->","yoast_head_json":{"title":"Encantador pis a la primera planta en una ubicaci\u00f3 privilegiada, darrere l'esgl\u00e9sia de Santany\u00ed. - RE\/MAX Drac","robots":{"index":"index","follow":"follow","max-snippet":"max-snippet:-1","max-image-preview":"max-image-preview:large","max-video-preview":"max-video-preview:-1"},"canonical":"https:\/\/www.santanyi.net\/ca\/property\/encantador-pis-a-la-primera-planta-en-una-ubicacio-privilegiada-darrere-lesglesia-de-santanyi-3\/","og_locale":"ca_ES","og_type":"article","og_title":"Encantador pis a la primera planta en una ubicaci\u00f3 privilegiada, darrere l'esgl\u00e9sia de Santany\u00ed. - RE\/MAX Drac","og_description":"Pis acollidor amb balc\u00f3 darrere l\u2019esgl\u00e9sia de Santany\u00edPis amb molt d\u2019encant i detalls cuidats, situat en una primera planta en una zona tranquil\u00b7la darrere l\u2019esgl\u00e9sia de Santany\u00ed.Disposa de terra radiant, aire condicionat fred\/calor i un balc\u00f3 amb vistes al ve\u00efnat, que ofereix un ambient de calma i tranquil\u00b7litat.Distribuci\u00f3: \u2022 Dormitori principal ampli amb aire condicionat [&hellip;]","og_url":"https:\/\/www.santanyi.net\/ca\/property\/encantador-pis-a-la-primera-planta-en-una-ubicacio-privilegiada-darrere-lesglesia-de-santanyi-3\/","og_site_name":"RE\/MAX Drac","article_modified_time":"2026-05-01T06:04:28+00:00","og_image":[{"width":1920,"height":1439,"url":"https:\/\/www.santanyi.net\/wp-content\/uploads\/anaconda_property_media\/28236573-194226\/18-1.jpg","type":"image\/jpeg"}],"twitter_card":"summary_large_image","twitter_misc":{"Temps estimat de lectura":"1 minut"},"schema":{"@context":"https:\/\/schema.org","@graph":[{"@type":"WebPage","@id":"https:\/\/www.santanyi.net\/ca\/property\/encantador-pis-a-la-primera-planta-en-una-ubicacio-privilegiada-darrere-lesglesia-de-santanyi-3\/","url":"https:\/\/www.santanyi.net\/ca\/property\/encantador-pis-a-la-primera-planta-en-una-ubicacio-privilegiada-darrere-lesglesia-de-santanyi-3\/","name":"Encantador pis a la primera planta en una ubicaci\u00f3 privilegiada, darrere l'esgl\u00e9sia de Santany\u00ed. - RE\/MAX Drac","isPartOf":{"@id":"https:\/\/www.santanyi.net\/ca\/#website"},"primaryImageOfPage":{"@id":"https:\/\/www.santanyi.net\/ca\/property\/encantador-pis-a-la-primera-planta-en-una-ubicacio-privilegiada-darrere-lesglesia-de-santanyi-3\/#primaryimage"},"image":{"@id":"https:\/\/www.santanyi.net\/ca\/property\/encantador-pis-a-la-primera-planta-en-una-ubicacio-privilegiada-darrere-lesglesia-de-santanyi-3\/#primaryimage"},"thumbnailUrl":"https:\/\/www.santanyi.net\/wp-content\/uploads\/anaconda_property_media\/28236573-194226\/18-1.jpg","datePublished":"2026-04-30T15:01:03+00:00","dateModified":"2026-05-01T06:04:28+00:00","breadcrumb":{"@id":"https:\/\/www.santanyi.net\/ca\/property\/encantador-pis-a-la-primera-planta-en-una-ubicacio-privilegiada-darrere-lesglesia-de-santanyi-3\/#breadcrumb"},"inLanguage":"ca","potentialAction":[{"@type":"ReadAction","target":["https:\/\/www.santanyi.net\/ca\/property\/encantador-pis-a-la-primera-planta-en-una-ubicacio-privilegiada-darrere-lesglesia-de-santanyi-3\/"]}]},{"@type":"ImageObject","inLanguage":"ca","@id":"https:\/\/www.santanyi.net\/ca\/property\/encantador-pis-a-la-primera-planta-en-una-ubicacio-privilegiada-darrere-lesglesia-de-santanyi-3\/#primaryimage","url":"https:\/\/www.santanyi.net\/wp-content\/uploads\/anaconda_property_media\/28236573-194226\/18-1.jpg","contentUrl":"https:\/\/www.santanyi.net\/wp-content\/uploads\/anaconda_property_media\/28236573-194226\/18-1.jpg","width":1920,"height":1439},{"@type":"BreadcrumbList","@id":"https:\/\/www.santanyi.net\/ca\/property\/encantador-pis-a-la-primera-planta-en-una-ubicacio-privilegiada-darrere-lesglesia-de-santanyi-3\/#breadcrumb","itemListElement":[{"@type":"ListItem","position":1,"name":"Home","item":"https:\/\/www.santanyi.net\/ca\/"},{"@type":"ListItem","position":2,"name":"Properties","item":"https:\/\/www.santanyi.net\/ca\/property\/"},{"@type":"ListItem","position":3,"name":"Encantador pis a la primera planta en una ubicaci\u00f3 privilegiada, darrere l&#8217;esgl\u00e9sia de Santany\u00ed."}]},{"@type":"WebSite","@id":"https:\/\/www.santanyi.net\/ca\/#website","url":"https:\/\/www.santanyi.net\/ca\/","name":"RE\/MAX Drac","description":"","publisher":{"@id":"https:\/\/www.santanyi.net\/ca\/#organization"},"potentialAction":[{"@type":"SearchAction","target":{"@type":"EntryPoint","urlTemplate":"https:\/\/www.santanyi.net\/ca\/?s={search_term_string}"},"query-input":{"@type":"PropertyValueSpecification","valueRequired":true,"valueName":"search_term_string"}}],"inLanguage":"ca"},{"@type":"Organization","@id":"https:\/\/www.santanyi.net\/ca\/#organization","name":"RE\/MAX Drac","url":"https:\/\/www.santanyi.net\/ca\/","logo":{"@type":"ImageObject","inLanguage":"ca","@id":"https:\/\/www.santanyi.net\/ca\/#\/schema\/logo\/image\/","url":"https:\/\/www.santanyi.net\/wp-content\/uploads\/2025\/07\/logo-nuevo.png","contentUrl":"https:\/\/www.santanyi.net\/wp-content\/uploads\/2025\/07\/logo-nuevo.png","width":295,"height":165,"caption":"RE\/MAX Drac"},"image":{"@id":"https:\/\/www.santanyi.net\/ca\/#\/schema\/logo\/image\/"}}]}},"_links":{"self":[{"href":"https:\/\/www.santanyi.net\/ca\/wp-json\/wp\/v2\/properties\/194232","targetHints":{"allow":["GET"]}}],"collection":[{"href":"https:\/\/www.santanyi.net\/ca\/wp-json\/wp\/v2\/properties"}],"about":[{"href":"https:\/\/www.santanyi.net\/ca\/wp-json\/wp\/v2\/types\/property"}],"author":[{"embeddable":true,"href":"https:\/\/www.santanyi.net\/ca\/wp-json\/wp\/v2\/users\/1"}],"version-history":[{"count":2,"href":"https:\/\/www.santanyi.net\/ca\/wp-json\/wp\/v2\/properties\/194232\/revisions"}],"predecessor-version":[{"id":195812,"href":"https:\/\/www.santanyi.net\/ca\/wp-json\/wp\/v2\/properties\/194232\/revisions\/195812"}],"wp:featuredmedia":[{"embeddable":true,"href":"https:\/\/www.santanyi.net\/ca\/wp-json\/wp\/v2\/media\/194227"}],"wp:attachment":[{"href":"https:\/\/www.santanyi.net\/ca\/wp-json\/wp\/v2\/media?parent=194232"}],"wp:term":[{"taxonomy":"property_type","embeddable":true,"href":"https:\/\/www.santanyi.net\/ca\/wp-json\/wp\/v2\/property_type?post=194232"},{"taxonomy":"property_status","embeddable":true,"href":"https:\/\/www.santanyi.net\/ca\/wp-json\/wp\/v2\/property_status?post=194232"},{"taxonomy":"property_feature","embeddable":true,"href":"https:\/\/www.santanyi.net\/ca\/wp-json\/wp\/v2\/property_feature?post=194232"},{"taxonomy":"property_label","embeddable":true,"href":"https:\/\/www.santanyi.net\/ca\/wp-json\/wp\/v2\/property_label?post=194232"},{"taxonomy":"property_country","embeddable":true,"href":"https:\/\/www.santanyi.net\/ca\/wp-json\/wp\/v2\/property_country?post=194232"},{"taxonomy":"property_state","embeddable":true,"href":"https:\/\/www.santanyi.net\/ca\/wp-json\/wp\/v2\/property_state?post=194232"},{"taxonomy":"property_city","embeddable":true,"href":"https:\/\/www.santanyi.net\/ca\/wp-json\/wp\/v2\/property_city?post=194232"},{"taxonomy":"property_area","embeddable":true,"href":"https:\/\/www.santanyi.net\/ca\/wp-json\/wp\/v2\/property_area?post=194232"}],"curies":[{"name":"wp","href":"https:\/\/api.w.org\/{rel}","templated":true}]}}