
{"id":194216,"date":"2026-04-30T15:00:59","date_gmt":"2026-04-30T15:00:59","guid":{"rendered":"https:\/\/www.santanyi.net\/property\/a-partir-de-agost-2026-fins-a-abril-2027encantadora-casa-destil-mediterrani-amb-terrasses-jardi-a-prop-del-mar\/"},"modified":"2026-05-01T06:04:23","modified_gmt":"2026-05-01T06:04:23","slug":"a-partir-de-agost-2026-fins-a-abril-2027encantadora-casa-destil-mediterrani-amb-terrasses-jardi-a-prop-del-mar-3","status":"publish","type":"property","link":"https:\/\/www.santanyi.net\/ca\/property\/a-partir-de-agost-2026-fins-a-abril-2027encantadora-casa-destil-mediterrani-amb-terrasses-jardi-a-prop-del-mar-3\/","title":{"rendered":"A PARTIR DE AGOST 2026 FINS A ABRIL 2027!!!Encantadora casa d&#8217;estil mediterrani amb terrasses, jard\u00ed a prop del mar."},"content":{"rendered":"<p>A PARTIR DE AGOST 2026 FINS A ABRIL 2027!!! Encantadora casa d&#8217;estil mediterrani amb terrasses, jard\u00ed a prop de mar.<br \/>Aquesta preciosa casa mediterr\u00e0nia ofereix aproximadament 82 m\u00b2 d&#8217;espai habitable, tot en una sola planta.<br \/>A l&#8217;exterior, compta amb una terrassa coberta a l&#8217;entrada i una \u00e0mplia i assolellada terrassa a la part del darrere, moblada amb gandules, taula de menjador, taula de ping-pong, cuina exterior amb placa de gas i dutxa exterior. Tamb\u00e9 hi ha un traster petit i un terrat amb vista panor\u00e0mica sobre el mar.<br \/>A l&#8217;interior, la casa compta amb un llumin\u00f3s sal\u00f3-menjador amb llar de foc de llenya i aire condicionat (fred-calor). La lluminosa cuina americana ha estat recentment reformada i inclou frigor\u00edfic, placa de gas, forn i rentavaixelles. El bany amb dutxa tamb\u00e9 ha estat recentment reformat. Hi ha dos dormitoris, un amb un ampli armari encastat.<br \/>El jard\u00ed, dissenyat acuradament, que envolta la casa compta amb un sistema de reg autom\u00e0tic.<br \/>La casa es lloga completament moblada i totes les habitacions tenen aire condicionat (fred-calor).<br \/>La propietat te una superf\u00edcie aproximada de 386 m\u00b2, est\u00e0 enjardinada i completament tancada. \u00c9s a 1,5 km de la platja de S&#8217;Amarador ia 5 km de Santany\u00ed. <\/p>\n","protected":false},"excerpt":{"rendered":"<p>A PARTIR DE AGOST 2026 FINS A ABRIL 2027!!! Encantadora casa d&#8217;estil mediterrani amb terrasses, jard\u00ed a prop de mar.Aquesta preciosa casa mediterr\u00e0nia ofereix aproximadament 82 m\u00b2 d&#8217;espai habitable, tot en una sola planta.A l&#8217;exterior, compta amb una terrassa coberta a l&#8217;entrada i una \u00e0mplia i assolellada terrassa a la part del darrere, moblada amb [&hellip;]<\/p>\n","protected":false},"author":1,"featured_media":194211,"parent":0,"menu_order":0,"template":"","property_type":[2131],"property_status":[2135,2140],"property_feature":[1927,1911,1801,1867,1802,1975,1982,1803,1983,1972,1871,1805,1806,1807,1895,1930,1985,1973,1897,2004,2000,1934,1813],"property_label":[],"property_country":[],"property_state":[],"property_city":[635],"property_area":[637],"class_list":["post-194216","property","type-property","status-publish","has-post-thumbnail","hentry","property_type-casa-ca","property_status-alquilar","property_status-alquilar-ca","property_feature-airecentral-ca","property_feature-airecentral","property_feature-arboles-ca","property_feature-arma_empo-ca","property_feature-barbacoa-ca","property_feature-bombafriocalor","property_feature-bombafriocalor-ca","property_feature-calefaccion-ca","property_feature-chimenea-ca","property_feature-chimenea","property_feature-cocina_inde-ca","property_feature-electro-ca","property_feature-jardin-ca","property_feature-lavanderia-ca","property_feature-patio-ca","property_feature-pergola-ca","property_feature-solarium-ca","property_feature-solarium","property_feature-terraza-ca","property_feature-tv-ca","property_feature-tv","property_feature-urbanizacion-ca","property_feature-vallado-ca","property_city-santanyi","property_area-cala-figuera"],"acf":[],"property_meta":{"_apg_property_user_edited":["1"],"fave_property_id":["DRAC-AA1471-YK"],"fave_property_location":["39.340391036774,3.1808652997646,15"],"houzez_geolocation_lat":["39.340391036774"],"houzez_geolocation_long":["3.1808652997646"],"fave_property_price":["1550"],"fave_property_rent_or_sale":["rent"],"fave_property_year":[null],"fave_property_size_prefix":["m2"],"fave_property_land_postfix":["m2"],"fave_property_size":["77"],"fave_property_land":["362"],"fave_property_bedrooms":["2"],"fave_property_bathrooms":["1"],"fave_property_map_address":["Cala Figuera, 07690 Santany\u00ed"],"fave_property_address":[" , Santany\u00ed 07690"],"fave_property_zip":["07690"],"fave_property_postal_code":["07690"],"fave_property_map":["1"],"apg_is_using_remote_image_url":["1"],"apg_using_remote_image_urls":["[{\"multimedia_type\":\"Picture\",\"picture_url\":\"https:\/\/fotos15.inmovilla.com\/12732\/27074386\/27-1.jpg\",\"position\":1,\"picture_id\":1,\"media_id\":143168,\"post_id\":194210,\"id\":1,\"attachment_id\":0,\"url\":\"https:\/\/fotos15.inmovilla.com\/12732\/27074386\/27-1.jpg\",\"basename\":\"27-1.jpg\",\"created_date\":\"2026-04-30 15:01:00\",\"is_downloaded\":0,\"is_using_remote\":0},{\"multimedia_type\":\"Picture\",\"picture_url\":\"https:\/\/fotos15.inmovilla.com\/12732\/27074386\/27-2.jpg\",\"position\":2,\"picture_id\":2,\"media_id\":143169,\"post_id\":194210,\"id\":2,\"attachment_id\":0,\"url\":\"https:\/\/fotos15.inmovilla.com\/12732\/27074386\/27-2.jpg\",\"basename\":\"27-2.jpg\",\"created_date\":\"2026-04-30 15:01:00\",\"is_downloaded\":0,\"is_using_remote\":1},{\"multimedia_type\":\"Picture\",\"picture_url\":\"https:\/\/fotos15.inmovilla.com\/12732\/27074386\/27-3.jpg\",\"position\":3,\"picture_id\":3,\"media_id\":143170,\"post_id\":194210,\"id\":3,\"attachment_id\":0,\"url\":\"https:\/\/fotos15.inmovilla.com\/12732\/27074386\/27-3.jpg\",\"basename\":\"27-3.jpg\",\"created_date\":\"2026-04-30 15:01:00\",\"is_downloaded\":0,\"is_using_remote\":1},{\"multimedia_type\":\"Picture\",\"picture_url\":\"https:\/\/fotos15.inmovilla.com\/12732\/27074386\/27-4.jpg\",\"position\":4,\"picture_id\":4,\"media_id\":143171,\"post_id\":194210,\"id\":4,\"attachment_id\":0,\"url\":\"https:\/\/fotos15.inmovilla.com\/12732\/27074386\/27-4.jpg\",\"basename\":\"27-4.jpg\",\"created_date\":\"2026-04-30 15:01:00\",\"is_downloaded\":0,\"is_using_remote\":1},{\"multimedia_type\":\"Picture\",\"picture_url\":\"https:\/\/fotos15.inmovilla.com\/12732\/27074386\/27-5.jpg\",\"position\":5,\"picture_id\":5,\"media_id\":143172,\"post_id\":194210,\"id\":5,\"attachment_id\":0,\"url\":\"https:\/\/fotos15.inmovilla.com\/12732\/27074386\/27-5.jpg\",\"basename\":\"27-5.jpg\",\"created_date\":\"2026-04-30 15:01:00\",\"is_downloaded\":0,\"is_using_remote\":1},{\"multimedia_type\":\"Picture\",\"picture_url\":\"https:\/\/fotos15.inmovilla.com\/12732\/27074386\/27-6.jpg\",\"position\":6,\"picture_id\":6,\"media_id\":143173,\"post_id\":194210,\"id\":6,\"attachment_id\":0,\"url\":\"https:\/\/fotos15.inmovilla.com\/12732\/27074386\/27-6.jpg\",\"basename\":\"27-6.jpg\",\"created_date\":\"2026-04-30 15:01:00\",\"is_downloaded\":0,\"is_using_remote\":1},{\"multimedia_type\":\"Picture\",\"picture_url\":\"https:\/\/fotos15.inmovilla.com\/12732\/27074386\/27-7.jpg\",\"position\":7,\"picture_id\":7,\"media_id\":143174,\"post_id\":194210,\"id\":7,\"attachment_id\":0,\"url\":\"https:\/\/fotos15.inmovilla.com\/12732\/27074386\/27-7.jpg\",\"basename\":\"27-7.jpg\",\"created_date\":\"2026-04-30 15:01:00\",\"is_downloaded\":0,\"is_using_remote\":1},{\"multimedia_type\":\"Picture\",\"picture_url\":\"https:\/\/fotos15.inmovilla.com\/12732\/27074386\/27-8.jpg\",\"position\":8,\"picture_id\":8,\"media_id\":143175,\"post_id\":194210,\"id\":8,\"attachment_id\":0,\"url\":\"https:\/\/fotos15.inmovilla.com\/12732\/27074386\/27-8.jpg\",\"basename\":\"27-8.jpg\",\"created_date\":\"2026-04-30 15:01:00\",\"is_downloaded\":0,\"is_using_remote\":1},{\"multimedia_type\":\"Picture\",\"picture_url\":\"https:\/\/fotos15.inmovilla.com\/12732\/27074386\/27-9.jpg\",\"position\":9,\"picture_id\":9,\"media_id\":143176,\"post_id\":194210,\"id\":9,\"attachment_id\":0,\"url\":\"https:\/\/fotos15.inmovilla.com\/12732\/27074386\/27-9.jpg\",\"basename\":\"27-9.jpg\",\"created_date\":\"2026-04-30 15:01:00\",\"is_downloaded\":0,\"is_using_remote\":1},{\"multimedia_type\":\"Picture\",\"picture_url\":\"https:\/\/fotos15.inmovilla.com\/12732\/27074386\/27-10.jpg\",\"position\":10,\"picture_id\":10,\"media_id\":143177,\"post_id\":194210,\"id\":10,\"attachment_id\":0,\"url\":\"https:\/\/fotos15.inmovilla.com\/12732\/27074386\/27-10.jpg\",\"basename\":\"27-10.jpg\",\"created_date\":\"2026-04-30 15:01:00\",\"is_downloaded\":0,\"is_using_remote\":1},{\"multimedia_type\":\"Picture\",\"picture_url\":\"https:\/\/fotos15.inmovilla.com\/12732\/27074386\/27-11.jpg\",\"position\":11,\"picture_id\":11,\"media_id\":143178,\"post_id\":194210,\"id\":11,\"attachment_id\":0,\"url\":\"https:\/\/fotos15.inmovilla.com\/12732\/27074386\/27-11.jpg\",\"basename\":\"27-11.jpg\",\"created_date\":\"2026-04-30 15:01:00\",\"is_downloaded\":0,\"is_using_remote\":1},{\"multimedia_type\":\"Picture\",\"picture_url\":\"https:\/\/fotos15.inmovilla.com\/12732\/27074386\/27-12.jpg\",\"position\":12,\"picture_id\":12,\"media_id\":143179,\"post_id\":194210,\"id\":12,\"attachment_id\":0,\"url\":\"https:\/\/fotos15.inmovilla.com\/12732\/27074386\/27-12.jpg\",\"basename\":\"27-12.jpg\",\"created_date\":\"2026-04-30 15:01:00\",\"is_downloaded\":0,\"is_using_remote\":1},{\"multimedia_type\":\"Picture\",\"picture_url\":\"https:\/\/fotos15.inmovilla.com\/12732\/27074386\/27-13.jpg\",\"position\":13,\"picture_id\":13,\"media_id\":143180,\"post_id\":194210,\"id\":13,\"attachment_id\":0,\"url\":\"https:\/\/fotos15.inmovilla.com\/12732\/27074386\/27-13.jpg\",\"basename\":\"27-13.jpg\",\"created_date\":\"2026-04-30 15:01:00\",\"is_downloaded\":0,\"is_using_remote\":1},{\"multimedia_type\":\"Picture\",\"picture_url\":\"https:\/\/fotos15.inmovilla.com\/12732\/27074386\/27-14.jpg\",\"position\":14,\"picture_id\":14,\"media_id\":143181,\"post_id\":194210,\"id\":14,\"attachment_id\":0,\"url\":\"https:\/\/fotos15.inmovilla.com\/12732\/27074386\/27-14.jpg\",\"basename\":\"27-14.jpg\",\"created_date\":\"2026-04-30 15:01:00\",\"is_downloaded\":0,\"is_using_remote\":1},{\"multimedia_type\":\"Picture\",\"picture_url\":\"https:\/\/fotos15.inmovilla.com\/12732\/27074386\/27-15.jpg\",\"position\":15,\"picture_id\":15,\"media_id\":143182,\"post_id\":194210,\"id\":15,\"attachment_id\":0,\"url\":\"https:\/\/fotos15.inmovilla.com\/12732\/27074386\/27-15.jpg\",\"basename\":\"27-15.jpg\",\"created_date\":\"2026-04-30 15:01:00\",\"is_downloaded\":0,\"is_using_remote\":1},{\"multimedia_type\":\"Picture\",\"picture_url\":\"https:\/\/fotos15.inmovilla.com\/12732\/27074386\/27-16.jpg\",\"position\":16,\"picture_id\":16,\"media_id\":143183,\"post_id\":194210,\"id\":16,\"attachment_id\":0,\"url\":\"https:\/\/fotos15.inmovilla.com\/12732\/27074386\/27-16.jpg\",\"basename\":\"27-16.jpg\",\"created_date\":\"2026-04-30 15:01:00\",\"is_downloaded\":0,\"is_using_remote\":1},{\"multimedia_type\":\"Picture\",\"picture_url\":\"https:\/\/fotos15.inmovilla.com\/12732\/27074386\/27-17.jpg\",\"position\":17,\"picture_id\":17,\"media_id\":143184,\"post_id\":194210,\"id\":17,\"attachment_id\":0,\"url\":\"https:\/\/fotos15.inmovilla.com\/12732\/27074386\/27-17.jpg\",\"basename\":\"27-17.jpg\",\"created_date\":\"2026-04-30 15:01:00\",\"is_downloaded\":0,\"is_using_remote\":1},{\"multimedia_type\":\"Picture\",\"picture_url\":\"https:\/\/fotos15.inmovilla.com\/12732\/27074386\/27-18.jpg\",\"position\":18,\"picture_id\":18,\"media_id\":143185,\"post_id\":194210,\"id\":18,\"attachment_id\":0,\"url\":\"https:\/\/fotos15.inmovilla.com\/12732\/27074386\/27-18.jpg\",\"basename\":\"27-18.jpg\",\"created_date\":\"2026-04-30 15:01:00\",\"is_downloaded\":0,\"is_using_remote\":1},{\"multimedia_type\":\"Picture\",\"picture_url\":\"https:\/\/fotos15.inmovilla.com\/12732\/27074386\/27-19.jpg\",\"position\":19,\"picture_id\":19,\"media_id\":143186,\"post_id\":194210,\"id\":19,\"attachment_id\":0,\"url\":\"https:\/\/fotos15.inmovilla.com\/12732\/27074386\/27-19.jpg\",\"basename\":\"27-19.jpg\",\"created_date\":\"2026-04-30 15:01:00\",\"is_downloaded\":0,\"is_using_remote\":1},{\"multimedia_type\":\"Picture\",\"picture_url\":\"https:\/\/fotos15.inmovilla.com\/12732\/27074386\/27-20.jpg\",\"position\":20,\"picture_id\":20,\"media_id\":143187,\"post_id\":194210,\"id\":20,\"attachment_id\":0,\"url\":\"https:\/\/fotos15.inmovilla.com\/12732\/27074386\/27-20.jpg\",\"basename\":\"27-20.jpg\",\"created_date\":\"2026-04-30 15:01:00\",\"is_downloaded\":0,\"is_using_remote\":1},{\"multimedia_type\":\"Picture\",\"picture_url\":\"https:\/\/fotos15.inmovilla.com\/12732\/27074386\/27-21.jpg\",\"position\":21,\"picture_id\":21,\"media_id\":143188,\"post_id\":194210,\"id\":21,\"attachment_id\":0,\"url\":\"https:\/\/fotos15.inmovilla.com\/12732\/27074386\/27-21.jpg\",\"basename\":\"27-21.jpg\",\"created_date\":\"2026-04-30 15:01:00\",\"is_downloaded\":0,\"is_using_remote\":1},{\"multimedia_type\":\"Picture\",\"picture_url\":\"https:\/\/fotos15.inmovilla.com\/12732\/27074386\/27-22.jpg\",\"position\":22,\"picture_id\":22,\"media_id\":143189,\"post_id\":194210,\"id\":22,\"attachment_id\":0,\"url\":\"https:\/\/fotos15.inmovilla.com\/12732\/27074386\/27-22.jpg\",\"basename\":\"27-22.jpg\",\"created_date\":\"2026-04-30 15:01:00\",\"is_downloaded\":0,\"is_using_remote\":1},{\"multimedia_type\":\"Picture\",\"picture_url\":\"https:\/\/fotos15.inmovilla.com\/12732\/27074386\/27-23.jpg\",\"position\":23,\"picture_id\":23,\"media_id\":143190,\"post_id\":194210,\"id\":23,\"attachment_id\":0,\"url\":\"https:\/\/fotos15.inmovilla.com\/12732\/27074386\/27-23.jpg\",\"basename\":\"27-23.jpg\",\"created_date\":\"2026-04-30 15:01:00\",\"is_downloaded\":0,\"is_using_remote\":1},{\"multimedia_type\":\"Picture\",\"picture_url\":\"https:\/\/fotos15.inmovilla.com\/12732\/27074386\/27-24.jpg\",\"position\":24,\"picture_id\":24,\"media_id\":143191,\"post_id\":194210,\"id\":24,\"attachment_id\":0,\"url\":\"https:\/\/fotos15.inmovilla.com\/12732\/27074386\/27-24.jpg\",\"basename\":\"27-24.jpg\",\"created_date\":\"2026-04-30 15:01:00\",\"is_downloaded\":0,\"is_using_remote\":1},{\"multimedia_type\":\"Picture\",\"picture_url\":\"https:\/\/fotos15.inmovilla.com\/12732\/27074386\/27-25.jpg\",\"position\":25,\"picture_id\":25,\"media_id\":143192,\"post_id\":194210,\"id\":25,\"attachment_id\":0,\"url\":\"https:\/\/fotos15.inmovilla.com\/12732\/27074386\/27-25.jpg\",\"basename\":\"27-25.jpg\",\"created_date\":\"2026-04-30 15:01:00\",\"is_downloaded\":0,\"is_using_remote\":1},{\"multimedia_type\":\"Picture\",\"picture_url\":\"https:\/\/fotos15.inmovilla.com\/12732\/27074386\/27-26.jpg\",\"position\":26,\"picture_id\":26,\"media_id\":143193,\"post_id\":194210,\"id\":26,\"attachment_id\":0,\"url\":\"https:\/\/fotos15.inmovilla.com\/12732\/27074386\/27-26.jpg\",\"basename\":\"27-26.jpg\",\"created_date\":\"2026-04-30 15:01:00\",\"is_downloaded\":0,\"is_using_remote\":1},{\"multimedia_type\":\"Picture\",\"picture_url\":\"https:\/\/fotos15.inmovilla.com\/12732\/27074386\/27-27.jpg\",\"position\":27,\"picture_id\":27,\"media_id\":143194,\"post_id\":194210,\"id\":27,\"attachment_id\":0,\"url\":\"https:\/\/fotos15.inmovilla.com\/12732\/27074386\/27-27.jpg\",\"basename\":\"27-27.jpg\",\"created_date\":\"2026-04-30 15:01:00\",\"is_downloaded\":0,\"is_using_remote\":1},{\"multimedia_type\":\"Picture\",\"picture_url\":\"https:\/\/fotos15.inmovilla.com\/12732\/27074386\/27-28.jpg\",\"position\":28,\"picture_id\":28,\"media_id\":143195,\"post_id\":194210,\"id\":28,\"attachment_id\":0,\"url\":\"https:\/\/fotos15.inmovilla.com\/12732\/27074386\/27-28.jpg\",\"basename\":\"27-28.jpg\",\"created_date\":\"2026-04-30 15:01:00\",\"is_downloaded\":0,\"is_using_remote\":1},{\"multimedia_type\":\"Picture\",\"picture_url\":\"https:\/\/fotos15.inmovilla.com\/12732\/27074386\/27-29.jpg\",\"position\":29,\"picture_id\":29,\"media_id\":143196,\"post_id\":194210,\"id\":29,\"attachment_id\":0,\"url\":\"https:\/\/fotos15.inmovilla.com\/12732\/27074386\/27-29.jpg\",\"basename\":\"27-29.jpg\",\"created_date\":\"2026-04-30 15:01:00\",\"is_downloaded\":0,\"is_using_remote\":1},{\"multimedia_type\":\"Picture\",\"picture_url\":\"https:\/\/fotos15.inmovilla.com\/12732\/27074386\/27-30.jpg\",\"position\":30,\"picture_id\":30,\"media_id\":143197,\"post_id\":194210,\"id\":30,\"attachment_id\":0,\"url\":\"https:\/\/fotos15.inmovilla.com\/12732\/27074386\/27-30.jpg\",\"basename\":\"27-30.jpg\",\"created_date\":\"2026-04-30 15:01:00\",\"is_downloaded\":0,\"is_using_remote\":1},{\"multimedia_type\":\"Picture\",\"picture_url\":\"https:\/\/fotos15.inmovilla.com\/12732\/27074386\/27-31.jpg\",\"position\":31,\"picture_id\":31,\"media_id\":143198,\"post_id\":194210,\"id\":31,\"attachment_id\":0,\"url\":\"https:\/\/fotos15.inmovilla.com\/12732\/27074386\/27-31.jpg\",\"basename\":\"27-31.jpg\",\"created_date\":\"2026-04-30 15:01:00\",\"is_downloaded\":0,\"is_using_remote\":1},{\"multimedia_type\":\"Picture\",\"picture_url\":\"https:\/\/fotos15.inmovilla.com\/12732\/27074386\/27-32.jpg\",\"position\":32,\"picture_id\":32,\"media_id\":143199,\"post_id\":194210,\"id\":32,\"attachment_id\":0,\"url\":\"https:\/\/fotos15.inmovilla.com\/12732\/27074386\/27-32.jpg\",\"basename\":\"27-32.jpg\",\"created_date\":\"2026-04-30 15:01:00\",\"is_downloaded\":0,\"is_using_remote\":1},{\"multimedia_type\":\"Picture\",\"picture_url\":\"https:\/\/fotos15.inmovilla.com\/12732\/27074386\/27-33.jpg\",\"position\":33,\"picture_id\":33,\"media_id\":143200,\"post_id\":194210,\"id\":33,\"attachment_id\":0,\"url\":\"https:\/\/fotos15.inmovilla.com\/12732\/27074386\/27-33.jpg\",\"basename\":\"27-33.jpg\",\"created_date\":\"2026-04-30 15:01:00\",\"is_downloaded\":0,\"is_using_remote\":1},{\"multimedia_type\":\"Picture\",\"picture_url\":\"https:\/\/fotos15.inmovilla.com\/12732\/27074386\/27-34.jpg\",\"position\":34,\"picture_id\":34,\"media_id\":143201,\"post_id\":194210,\"id\":34,\"attachment_id\":0,\"url\":\"https:\/\/fotos15.inmovilla.com\/12732\/27074386\/27-34.jpg\",\"basename\":\"27-34.jpg\",\"created_date\":\"2026-04-30 15:01:00\",\"is_downloaded\":0,\"is_using_remote\":1},{\"multimedia_type\":\"Picture\",\"picture_url\":\"https:\/\/fotos15.inmovilla.com\/12732\/27074386\/27-35.jpg\",\"position\":35,\"picture_id\":35,\"media_id\":143202,\"post_id\":194210,\"id\":35,\"attachment_id\":0,\"url\":\"https:\/\/fotos15.inmovilla.com\/12732\/27074386\/27-35.jpg\",\"basename\":\"27-35.jpg\",\"created_date\":\"2026-04-30 15:01:00\",\"is_downloaded\":0,\"is_using_remote\":1},{\"multimedia_type\":\"Picture\",\"picture_url\":\"https:\/\/fotos15.inmovilla.com\/12732\/27074386\/27-36.jpg\",\"position\":36,\"picture_id\":36,\"media_id\":143203,\"post_id\":194210,\"id\":36,\"attachment_id\":0,\"url\":\"https:\/\/fotos15.inmovilla.com\/12732\/27074386\/27-36.jpg\",\"basename\":\"27-36.jpg\",\"created_date\":\"2026-04-30 15:01:00\",\"is_downloaded\":0,\"is_using_remote\":1},{\"multimedia_type\":\"Picture\",\"picture_url\":\"https:\/\/fotos15.inmovilla.com\/12732\/27074386\/27-37.jpg\",\"position\":37,\"picture_id\":37,\"media_id\":143204,\"post_id\":194210,\"id\":37,\"attachment_id\":0,\"url\":\"https:\/\/fotos15.inmovilla.com\/12732\/27074386\/27-37.jpg\",\"basename\":\"27-37.jpg\",\"created_date\":\"2026-04-30 15:01:00\",\"is_downloaded\":0,\"is_using_remote\":1}]"],"_thumbnail_id":["194211"],"fave_property_images":["194211"],"apg_property_id":["27074386"],"_wpml_word_count":["222"],"_eael_post_view_count":["7"],"houzez_recently_viewed":["2026-05-01 07:33:52"],"houzez_total_property_views":["7"],"houzez_views_by_date":["a:2:{s:10:\"04-30-2026\";i:4;s:10:\"05-01-2026\";i:3;}"],"_elementor_page_assets":["a:0:{}"]},"yoast_head":"<!-- This site is optimized with the Yoast SEO plugin v27.5 - https:\/\/yoast.com\/product\/yoast-seo-wordpress\/ -->\n<title>A PARTIR DE AGOST 2026 FINS A ABRIL 2027!!!Encantadora casa d&#039;estil mediterrani amb terrasses, jard\u00ed a prop del mar. - RE\/MAX Drac<\/title>\n<meta name=\"robots\" content=\"index, follow, max-snippet:-1, max-image-preview:large, max-video-preview:-1\" \/>\n<link rel=\"canonical\" href=\"https:\/\/www.santanyi.net\/ca\/property\/a-partir-de-agost-2026-fins-a-abril-2027encantadora-casa-destil-mediterrani-amb-terrasses-jardi-a-prop-del-mar-3\/\" \/>\n<meta property=\"og:locale\" content=\"ca_ES\" \/>\n<meta property=\"og:type\" content=\"article\" \/>\n<meta property=\"og:title\" content=\"A PARTIR DE AGOST 2026 FINS A ABRIL 2027!!!Encantadora casa d&#039;estil mediterrani amb terrasses, jard\u00ed a prop del mar. - RE\/MAX Drac\" \/>\n<meta property=\"og:description\" content=\"A PARTIR DE AGOST 2026 FINS A ABRIL 2027!!! Encantadora casa d&#8217;estil mediterrani amb terrasses, jard\u00ed a prop de mar.Aquesta preciosa casa mediterr\u00e0nia ofereix aproximadament 82 m\u00b2 d&#8217;espai habitable, tot en una sola planta.A l&#8217;exterior, compta amb una terrassa coberta a l&#8217;entrada i una \u00e0mplia i assolellada terrassa a la part del darrere, moblada amb [&hellip;]\" \/>\n<meta property=\"og:url\" content=\"https:\/\/www.santanyi.net\/ca\/property\/a-partir-de-agost-2026-fins-a-abril-2027encantadora-casa-destil-mediterrani-amb-terrasses-jardi-a-prop-del-mar-3\/\" \/>\n<meta property=\"og:site_name\" content=\"RE\/MAX Drac\" \/>\n<meta property=\"article:modified_time\" content=\"2026-05-01T06:04:23+00:00\" \/>\n<meta property=\"og:image\" content=\"https:\/\/www.santanyi.net\/wp-content\/uploads\/anaconda_property_media\/27074386-194210\/27-1.jpg\" \/>\n\t<meta property=\"og:image:width\" content=\"800\" \/>\n\t<meta property=\"og:image:height\" content=\"600\" \/>\n\t<meta property=\"og:image:type\" content=\"image\/jpeg\" \/>\n<meta name=\"twitter:card\" content=\"summary_large_image\" \/>\n<meta name=\"twitter:label1\" content=\"Temps estimat de lectura\" \/>\n\t<meta name=\"twitter:data1\" content=\"1 minut\" \/>\n<script type=\"application\/ld+json\" class=\"yoast-schema-graph\">{\"@context\":\"https:\\\/\\\/schema.org\",\"@graph\":[{\"@type\":\"WebPage\",\"@id\":\"https:\\\/\\\/www.santanyi.net\\\/ca\\\/property\\\/a-partir-de-agost-2026-fins-a-abril-2027encantadora-casa-destil-mediterrani-amb-terrasses-jardi-a-prop-del-mar-3\\\/\",\"url\":\"https:\\\/\\\/www.santanyi.net\\\/ca\\\/property\\\/a-partir-de-agost-2026-fins-a-abril-2027encantadora-casa-destil-mediterrani-amb-terrasses-jardi-a-prop-del-mar-3\\\/\",\"name\":\"A PARTIR DE AGOST 2026 FINS A ABRIL 2027!!!Encantadora casa d'estil mediterrani amb terrasses, jard\u00ed a prop del mar. - RE\\\/MAX Drac\",\"isPartOf\":{\"@id\":\"https:\\\/\\\/www.santanyi.net\\\/ca\\\/#website\"},\"primaryImageOfPage\":{\"@id\":\"https:\\\/\\\/www.santanyi.net\\\/ca\\\/property\\\/a-partir-de-agost-2026-fins-a-abril-2027encantadora-casa-destil-mediterrani-amb-terrasses-jardi-a-prop-del-mar-3\\\/#primaryimage\"},\"image\":{\"@id\":\"https:\\\/\\\/www.santanyi.net\\\/ca\\\/property\\\/a-partir-de-agost-2026-fins-a-abril-2027encantadora-casa-destil-mediterrani-amb-terrasses-jardi-a-prop-del-mar-3\\\/#primaryimage\"},\"thumbnailUrl\":\"https:\\\/\\\/www.santanyi.net\\\/wp-content\\\/uploads\\\/anaconda_property_media\\\/27074386-194210\\\/27-1.jpg\",\"datePublished\":\"2026-04-30T15:00:59+00:00\",\"dateModified\":\"2026-05-01T06:04:23+00:00\",\"breadcrumb\":{\"@id\":\"https:\\\/\\\/www.santanyi.net\\\/ca\\\/property\\\/a-partir-de-agost-2026-fins-a-abril-2027encantadora-casa-destil-mediterrani-amb-terrasses-jardi-a-prop-del-mar-3\\\/#breadcrumb\"},\"inLanguage\":\"ca\",\"potentialAction\":[{\"@type\":\"ReadAction\",\"target\":[\"https:\\\/\\\/www.santanyi.net\\\/ca\\\/property\\\/a-partir-de-agost-2026-fins-a-abril-2027encantadora-casa-destil-mediterrani-amb-terrasses-jardi-a-prop-del-mar-3\\\/\"]}]},{\"@type\":\"ImageObject\",\"inLanguage\":\"ca\",\"@id\":\"https:\\\/\\\/www.santanyi.net\\\/ca\\\/property\\\/a-partir-de-agost-2026-fins-a-abril-2027encantadora-casa-destil-mediterrani-amb-terrasses-jardi-a-prop-del-mar-3\\\/#primaryimage\",\"url\":\"https:\\\/\\\/www.santanyi.net\\\/wp-content\\\/uploads\\\/anaconda_property_media\\\/27074386-194210\\\/27-1.jpg\",\"contentUrl\":\"https:\\\/\\\/www.santanyi.net\\\/wp-content\\\/uploads\\\/anaconda_property_media\\\/27074386-194210\\\/27-1.jpg\",\"width\":800,\"height\":600},{\"@type\":\"BreadcrumbList\",\"@id\":\"https:\\\/\\\/www.santanyi.net\\\/ca\\\/property\\\/a-partir-de-agost-2026-fins-a-abril-2027encantadora-casa-destil-mediterrani-amb-terrasses-jardi-a-prop-del-mar-3\\\/#breadcrumb\",\"itemListElement\":[{\"@type\":\"ListItem\",\"position\":1,\"name\":\"Home\",\"item\":\"https:\\\/\\\/www.santanyi.net\\\/ca\\\/\"},{\"@type\":\"ListItem\",\"position\":2,\"name\":\"Properties\",\"item\":\"https:\\\/\\\/www.santanyi.net\\\/ca\\\/property\\\/\"},{\"@type\":\"ListItem\",\"position\":3,\"name\":\"A PARTIR DE AGOST 2026 FINS A ABRIL 2027!!!Encantadora casa d&#8217;estil mediterrani amb terrasses, jard\u00ed a prop del mar.\"}]},{\"@type\":\"WebSite\",\"@id\":\"https:\\\/\\\/www.santanyi.net\\\/ca\\\/#website\",\"url\":\"https:\\\/\\\/www.santanyi.net\\\/ca\\\/\",\"name\":\"RE\\\/MAX Drac\",\"description\":\"\",\"publisher\":{\"@id\":\"https:\\\/\\\/www.santanyi.net\\\/ca\\\/#organization\"},\"potentialAction\":[{\"@type\":\"SearchAction\",\"target\":{\"@type\":\"EntryPoint\",\"urlTemplate\":\"https:\\\/\\\/www.santanyi.net\\\/ca\\\/?s={search_term_string}\"},\"query-input\":{\"@type\":\"PropertyValueSpecification\",\"valueRequired\":true,\"valueName\":\"search_term_string\"}}],\"inLanguage\":\"ca\"},{\"@type\":\"Organization\",\"@id\":\"https:\\\/\\\/www.santanyi.net\\\/ca\\\/#organization\",\"name\":\"RE\\\/MAX Drac\",\"url\":\"https:\\\/\\\/www.santanyi.net\\\/ca\\\/\",\"logo\":{\"@type\":\"ImageObject\",\"inLanguage\":\"ca\",\"@id\":\"https:\\\/\\\/www.santanyi.net\\\/ca\\\/#\\\/schema\\\/logo\\\/image\\\/\",\"url\":\"https:\\\/\\\/www.santanyi.net\\\/wp-content\\\/uploads\\\/2025\\\/07\\\/logo-nuevo.png\",\"contentUrl\":\"https:\\\/\\\/www.santanyi.net\\\/wp-content\\\/uploads\\\/2025\\\/07\\\/logo-nuevo.png\",\"width\":295,\"height\":165,\"caption\":\"RE\\\/MAX Drac\"},\"image\":{\"@id\":\"https:\\\/\\\/www.santanyi.net\\\/ca\\\/#\\\/schema\\\/logo\\\/image\\\/\"}}]}<\/script>\n<!-- \/ Yoast SEO plugin. -->","yoast_head_json":{"title":"A PARTIR DE AGOST 2026 FINS A ABRIL 2027!!!Encantadora casa d'estil mediterrani amb terrasses, jard\u00ed a prop del mar. - RE\/MAX Drac","robots":{"index":"index","follow":"follow","max-snippet":"max-snippet:-1","max-image-preview":"max-image-preview:large","max-video-preview":"max-video-preview:-1"},"canonical":"https:\/\/www.santanyi.net\/ca\/property\/a-partir-de-agost-2026-fins-a-abril-2027encantadora-casa-destil-mediterrani-amb-terrasses-jardi-a-prop-del-mar-3\/","og_locale":"ca_ES","og_type":"article","og_title":"A PARTIR DE AGOST 2026 FINS A ABRIL 2027!!!Encantadora casa d'estil mediterrani amb terrasses, jard\u00ed a prop del mar. - RE\/MAX Drac","og_description":"A PARTIR DE AGOST 2026 FINS A ABRIL 2027!!! Encantadora casa d&#8217;estil mediterrani amb terrasses, jard\u00ed a prop de mar.Aquesta preciosa casa mediterr\u00e0nia ofereix aproximadament 82 m\u00b2 d&#8217;espai habitable, tot en una sola planta.A l&#8217;exterior, compta amb una terrassa coberta a l&#8217;entrada i una \u00e0mplia i assolellada terrassa a la part del darrere, moblada amb [&hellip;]","og_url":"https:\/\/www.santanyi.net\/ca\/property\/a-partir-de-agost-2026-fins-a-abril-2027encantadora-casa-destil-mediterrani-amb-terrasses-jardi-a-prop-del-mar-3\/","og_site_name":"RE\/MAX Drac","article_modified_time":"2026-05-01T06:04:23+00:00","og_image":[{"width":800,"height":600,"url":"https:\/\/www.santanyi.net\/wp-content\/uploads\/anaconda_property_media\/27074386-194210\/27-1.jpg","type":"image\/jpeg"}],"twitter_card":"summary_large_image","twitter_misc":{"Temps estimat de lectura":"1 minut"},"schema":{"@context":"https:\/\/schema.org","@graph":[{"@type":"WebPage","@id":"https:\/\/www.santanyi.net\/ca\/property\/a-partir-de-agost-2026-fins-a-abril-2027encantadora-casa-destil-mediterrani-amb-terrasses-jardi-a-prop-del-mar-3\/","url":"https:\/\/www.santanyi.net\/ca\/property\/a-partir-de-agost-2026-fins-a-abril-2027encantadora-casa-destil-mediterrani-amb-terrasses-jardi-a-prop-del-mar-3\/","name":"A PARTIR DE AGOST 2026 FINS A ABRIL 2027!!!Encantadora casa d'estil mediterrani amb terrasses, jard\u00ed a prop del mar. - RE\/MAX Drac","isPartOf":{"@id":"https:\/\/www.santanyi.net\/ca\/#website"},"primaryImageOfPage":{"@id":"https:\/\/www.santanyi.net\/ca\/property\/a-partir-de-agost-2026-fins-a-abril-2027encantadora-casa-destil-mediterrani-amb-terrasses-jardi-a-prop-del-mar-3\/#primaryimage"},"image":{"@id":"https:\/\/www.santanyi.net\/ca\/property\/a-partir-de-agost-2026-fins-a-abril-2027encantadora-casa-destil-mediterrani-amb-terrasses-jardi-a-prop-del-mar-3\/#primaryimage"},"thumbnailUrl":"https:\/\/www.santanyi.net\/wp-content\/uploads\/anaconda_property_media\/27074386-194210\/27-1.jpg","datePublished":"2026-04-30T15:00:59+00:00","dateModified":"2026-05-01T06:04:23+00:00","breadcrumb":{"@id":"https:\/\/www.santanyi.net\/ca\/property\/a-partir-de-agost-2026-fins-a-abril-2027encantadora-casa-destil-mediterrani-amb-terrasses-jardi-a-prop-del-mar-3\/#breadcrumb"},"inLanguage":"ca","potentialAction":[{"@type":"ReadAction","target":["https:\/\/www.santanyi.net\/ca\/property\/a-partir-de-agost-2026-fins-a-abril-2027encantadora-casa-destil-mediterrani-amb-terrasses-jardi-a-prop-del-mar-3\/"]}]},{"@type":"ImageObject","inLanguage":"ca","@id":"https:\/\/www.santanyi.net\/ca\/property\/a-partir-de-agost-2026-fins-a-abril-2027encantadora-casa-destil-mediterrani-amb-terrasses-jardi-a-prop-del-mar-3\/#primaryimage","url":"https:\/\/www.santanyi.net\/wp-content\/uploads\/anaconda_property_media\/27074386-194210\/27-1.jpg","contentUrl":"https:\/\/www.santanyi.net\/wp-content\/uploads\/anaconda_property_media\/27074386-194210\/27-1.jpg","width":800,"height":600},{"@type":"BreadcrumbList","@id":"https:\/\/www.santanyi.net\/ca\/property\/a-partir-de-agost-2026-fins-a-abril-2027encantadora-casa-destil-mediterrani-amb-terrasses-jardi-a-prop-del-mar-3\/#breadcrumb","itemListElement":[{"@type":"ListItem","position":1,"name":"Home","item":"https:\/\/www.santanyi.net\/ca\/"},{"@type":"ListItem","position":2,"name":"Properties","item":"https:\/\/www.santanyi.net\/ca\/property\/"},{"@type":"ListItem","position":3,"name":"A PARTIR DE AGOST 2026 FINS A ABRIL 2027!!!Encantadora casa d&#8217;estil mediterrani amb terrasses, jard\u00ed a prop del mar."}]},{"@type":"WebSite","@id":"https:\/\/www.santanyi.net\/ca\/#website","url":"https:\/\/www.santanyi.net\/ca\/","name":"RE\/MAX Drac","description":"","publisher":{"@id":"https:\/\/www.santanyi.net\/ca\/#organization"},"potentialAction":[{"@type":"SearchAction","target":{"@type":"EntryPoint","urlTemplate":"https:\/\/www.santanyi.net\/ca\/?s={search_term_string}"},"query-input":{"@type":"PropertyValueSpecification","valueRequired":true,"valueName":"search_term_string"}}],"inLanguage":"ca"},{"@type":"Organization","@id":"https:\/\/www.santanyi.net\/ca\/#organization","name":"RE\/MAX Drac","url":"https:\/\/www.santanyi.net\/ca\/","logo":{"@type":"ImageObject","inLanguage":"ca","@id":"https:\/\/www.santanyi.net\/ca\/#\/schema\/logo\/image\/","url":"https:\/\/www.santanyi.net\/wp-content\/uploads\/2025\/07\/logo-nuevo.png","contentUrl":"https:\/\/www.santanyi.net\/wp-content\/uploads\/2025\/07\/logo-nuevo.png","width":295,"height":165,"caption":"RE\/MAX Drac"},"image":{"@id":"https:\/\/www.santanyi.net\/ca\/#\/schema\/logo\/image\/"}}]}},"_links":{"self":[{"href":"https:\/\/www.santanyi.net\/ca\/wp-json\/wp\/v2\/properties\/194216","targetHints":{"allow":["GET"]}}],"collection":[{"href":"https:\/\/www.santanyi.net\/ca\/wp-json\/wp\/v2\/properties"}],"about":[{"href":"https:\/\/www.santanyi.net\/ca\/wp-json\/wp\/v2\/types\/property"}],"author":[{"embeddable":true,"href":"https:\/\/www.santanyi.net\/ca\/wp-json\/wp\/v2\/users\/1"}],"version-history":[{"count":2,"href":"https:\/\/www.santanyi.net\/ca\/wp-json\/wp\/v2\/properties\/194216\/revisions"}],"predecessor-version":[{"id":195803,"href":"https:\/\/www.santanyi.net\/ca\/wp-json\/wp\/v2\/properties\/194216\/revisions\/195803"}],"wp:featuredmedia":[{"embeddable":true,"href":"https:\/\/www.santanyi.net\/ca\/wp-json\/wp\/v2\/media\/194211"}],"wp:attachment":[{"href":"https:\/\/www.santanyi.net\/ca\/wp-json\/wp\/v2\/media?parent=194216"}],"wp:term":[{"taxonomy":"property_type","embeddable":true,"href":"https:\/\/www.santanyi.net\/ca\/wp-json\/wp\/v2\/property_type?post=194216"},{"taxonomy":"property_status","embeddable":true,"href":"https:\/\/www.santanyi.net\/ca\/wp-json\/wp\/v2\/property_status?post=194216"},{"taxonomy":"property_feature","embeddable":true,"href":"https:\/\/www.santanyi.net\/ca\/wp-json\/wp\/v2\/property_feature?post=194216"},{"taxonomy":"property_label","embeddable":true,"href":"https:\/\/www.santanyi.net\/ca\/wp-json\/wp\/v2\/property_label?post=194216"},{"taxonomy":"property_country","embeddable":true,"href":"https:\/\/www.santanyi.net\/ca\/wp-json\/wp\/v2\/property_country?post=194216"},{"taxonomy":"property_state","embeddable":true,"href":"https:\/\/www.santanyi.net\/ca\/wp-json\/wp\/v2\/property_state?post=194216"},{"taxonomy":"property_city","embeddable":true,"href":"https:\/\/www.santanyi.net\/ca\/wp-json\/wp\/v2\/property_city?post=194216"},{"taxonomy":"property_area","embeddable":true,"href":"https:\/\/www.santanyi.net\/ca\/wp-json\/wp\/v2\/property_area?post=194216"}],"curies":[{"name":"wp","href":"https:\/\/api.w.org\/{rel}","templated":true}]}}