
{"id":194176,"date":"2026-04-30T15:00:46","date_gmt":"2026-04-30T15:00:46","guid":{"rendered":"https:\/\/www.santanyi.net\/property\/venta-en-exclusiva-casa-de-pueblo-con-licencia-de-centro-medico-en-vigor-santanyi\/"},"modified":"2026-04-30T16:47:34","modified_gmt":"2026-04-30T16:47:34","slug":"venta-en-exclusiva-casa-de-pueblo-con-licencia-de-centro-medico-en-vigor-santanyi-2","status":"publish","type":"property","link":"https:\/\/www.santanyi.net\/ca\/property\/venta-en-exclusiva-casa-de-pueblo-con-licencia-de-centro-medico-en-vigor-santanyi-2\/","title":{"rendered":"&#8220;VENTA EN EXCLUSIVA&#8221;. Casa de pueblo con licencia de Centro Medico en vigor, Santany\u00ed"},"content":{"rendered":"<p>Casa de poble amb encant i llic\u00e8ncia de centre m\u00e8dic \u2013 Una oportunitat \u00fanica!Busques una propietat vers\u00e0til, amb car\u00e0cter i moltes possibilitats? Aquesta casa de poble de dues plantes ho t\u00e9 tot:&#x2714; 110 m\u00b2 a la planta baixa amb llic\u00e8ncia activa per a centre m\u00e8dic \u2013 ideal per a professionals sanitaris o per tenir un espai professional a casa.&#x2714; A la planta superior, trobar\u00e0s 3 dormitoris amplis, 2 banys complets i una distribuci\u00f3 lluminosa i c\u00f2moda \u2013 perfecta per a fam\u00edlies o per a lloguer vacacional.&#x2714; Gaudeix de l&#8217;exterior al pati privat, amb espai suficient per fer un jard\u00ed acollidor o instal\u00b7lar-hi una piscina \u2013 el teu oasi personal.&#x2714; Inclou garatge privat \u2013 un extra de comoditat i seguretat.Una propietat que uneix habitatge i negoci en un sol lloc, en una zona tranquil\u00b7la i ben comunicada. Perfecta per viure, invertir o ambdues coses! Contacta amb nosaltres i descobreix tot el potencial d\u2019aquesta casa \u00fanica!<\/p>\n","protected":false},"excerpt":{"rendered":"<p>Casa de poble amb encant i llic\u00e8ncia de centre m\u00e8dic \u2013 Una oportunitat \u00fanica!Busques una propietat vers\u00e0til, amb car\u00e0cter i moltes possibilitats? Aquesta casa de poble de dues plantes ho t\u00e9 tot:&#x2714; 110 m\u00b2 a la planta baixa amb llic\u00e8ncia activa per a centre m\u00e8dic \u2013 ideal per a professionals sanitaris o per tenir un [&hellip;]<\/p>\n","protected":false},"author":1,"featured_media":194171,"parent":0,"menu_order":0,"template":"","property_type":[2131],"property_status":[2096,2103],"property_feature":[1765,1799,1851,1867,1869,1803,1928,1912,1871,1872,1805,1806,1945,1953,1895],"property_label":[],"property_country":[],"property_state":[],"property_city":[635],"property_area":[636],"class_list":["post-194176","property","type-property","status-publish","has-post-thumbnail","hentry","property_type-casa-ca","property_status-venta","property_status-venta-ca","property_feature-aire_con","property_feature-aire_con-ca","property_feature-arma_empo","property_feature-arma_empo-ca","property_feature-autobuses-ca","property_feature-calefaccion-ca","property_feature-calefacentral-ca","property_feature-calefacentral","property_feature-cocina_inde-ca","property_feature-colegios-ca","property_feature-electro-ca","property_feature-jardin-ca","property_feature-linea_tlf","property_feature-linea_tlf-ca","property_feature-patio-ca","property_city-santanyi","property_area-santanyi"],"acf":[],"property_meta":{"_apg_property_user_edited":["1"],"fave_property_id":["DRAC-CP2300AD"],"fave_property_location":["39.35745013,3.12408903,15"],"houzez_geolocation_lat":["39.35745013"],"houzez_geolocation_long":["3.12408903"],"fave_property_price":["750000"],"fave_property_rent_or_sale":["sale"],"fave_property_year":[null],"fave_property_size_prefix":["m2"],"fave_property_land_postfix":["m2"],"fave_property_size":["230"],"fave_property_land":["183"],"fave_property_bedrooms":["3"],"fave_property_bathrooms":["2"],"fave_property_garage":["2"],"fave_property_map_address":["Santany\u00ed, 07650 Santany\u00ed"],"fave_property_address":[" , Santany\u00ed 07650"],"fave_property_zip":["07650"],"fave_property_postal_code":["07650"],"fave_property_map":["1"],"apg_is_using_remote_image_url":["1"],"apg_using_remote_image_urls":["[{\"multimedia_type\":\"Picture\",\"picture_url\":\"https:\/\/fotos15.inmovilla.com\/12732\/24621101\/6-1.jpg\",\"position\":1,\"picture_id\":1,\"media_id\":143080,\"post_id\":194170,\"id\":1,\"attachment_id\":0,\"url\":\"https:\/\/fotos15.inmovilla.com\/12732\/24621101\/6-1.jpg\",\"basename\":\"6-1.jpg\",\"created_date\":\"2026-04-30 15:00:46\",\"is_downloaded\":0,\"is_using_remote\":0},{\"multimedia_type\":\"Picture\",\"picture_url\":\"https:\/\/fotos15.inmovilla.com\/12732\/24621101\/6-2.jpg\",\"position\":2,\"picture_id\":2,\"media_id\":143081,\"post_id\":194170,\"id\":2,\"attachment_id\":0,\"url\":\"https:\/\/fotos15.inmovilla.com\/12732\/24621101\/6-2.jpg\",\"basename\":\"6-2.jpg\",\"created_date\":\"2026-04-30 15:00:46\",\"is_downloaded\":0,\"is_using_remote\":1},{\"multimedia_type\":\"Picture\",\"picture_url\":\"https:\/\/fotos15.inmovilla.com\/12732\/24621101\/6-3.jpg\",\"position\":3,\"picture_id\":3,\"media_id\":143082,\"post_id\":194170,\"id\":3,\"attachment_id\":0,\"url\":\"https:\/\/fotos15.inmovilla.com\/12732\/24621101\/6-3.jpg\",\"basename\":\"6-3.jpg\",\"created_date\":\"2026-04-30 15:00:46\",\"is_downloaded\":0,\"is_using_remote\":1},{\"multimedia_type\":\"Picture\",\"picture_url\":\"https:\/\/fotos15.inmovilla.com\/12732\/24621101\/6-4.jpg\",\"position\":4,\"picture_id\":4,\"media_id\":143083,\"post_id\":194170,\"id\":4,\"attachment_id\":0,\"url\":\"https:\/\/fotos15.inmovilla.com\/12732\/24621101\/6-4.jpg\",\"basename\":\"6-4.jpg\",\"created_date\":\"2026-04-30 15:00:46\",\"is_downloaded\":0,\"is_using_remote\":1},{\"multimedia_type\":\"Picture\",\"picture_url\":\"https:\/\/fotos15.inmovilla.com\/12732\/24621101\/6-5.jpg\",\"position\":5,\"picture_id\":5,\"media_id\":143084,\"post_id\":194170,\"id\":5,\"attachment_id\":0,\"url\":\"https:\/\/fotos15.inmovilla.com\/12732\/24621101\/6-5.jpg\",\"basename\":\"6-5.jpg\",\"created_date\":\"2026-04-30 15:00:46\",\"is_downloaded\":0,\"is_using_remote\":1},{\"multimedia_type\":\"Picture\",\"picture_url\":\"https:\/\/fotos15.inmovilla.com\/12732\/24621101\/6-6.jpg\",\"position\":6,\"picture_id\":6,\"media_id\":143085,\"post_id\":194170,\"id\":6,\"attachment_id\":0,\"url\":\"https:\/\/fotos15.inmovilla.com\/12732\/24621101\/6-6.jpg\",\"basename\":\"6-6.jpg\",\"created_date\":\"2026-04-30 15:00:46\",\"is_downloaded\":0,\"is_using_remote\":1},{\"multimedia_type\":\"Picture\",\"picture_url\":\"https:\/\/fotos15.inmovilla.com\/12732\/24621101\/6-7.jpg\",\"position\":7,\"picture_id\":7,\"media_id\":143086,\"post_id\":194170,\"id\":7,\"attachment_id\":0,\"url\":\"https:\/\/fotos15.inmovilla.com\/12732\/24621101\/6-7.jpg\",\"basename\":\"6-7.jpg\",\"created_date\":\"2026-04-30 15:00:46\",\"is_downloaded\":0,\"is_using_remote\":1},{\"multimedia_type\":\"Picture\",\"picture_url\":\"https:\/\/fotos15.inmovilla.com\/12732\/24621101\/6-8.jpg\",\"position\":8,\"picture_id\":8,\"media_id\":143087,\"post_id\":194170,\"id\":8,\"attachment_id\":0,\"url\":\"https:\/\/fotos15.inmovilla.com\/12732\/24621101\/6-8.jpg\",\"basename\":\"6-8.jpg\",\"created_date\":\"2026-04-30 15:00:46\",\"is_downloaded\":0,\"is_using_remote\":1},{\"multimedia_type\":\"Picture\",\"picture_url\":\"https:\/\/fotos15.inmovilla.com\/12732\/24621101\/6-9.jpg\",\"position\":9,\"picture_id\":9,\"media_id\":143088,\"post_id\":194170,\"id\":9,\"attachment_id\":0,\"url\":\"https:\/\/fotos15.inmovilla.com\/12732\/24621101\/6-9.jpg\",\"basename\":\"6-9.jpg\",\"created_date\":\"2026-04-30 15:00:46\",\"is_downloaded\":0,\"is_using_remote\":1},{\"multimedia_type\":\"Picture\",\"picture_url\":\"https:\/\/fotos15.inmovilla.com\/12732\/24621101\/6-10.jpg\",\"position\":10,\"picture_id\":10,\"media_id\":143089,\"post_id\":194170,\"id\":10,\"attachment_id\":0,\"url\":\"https:\/\/fotos15.inmovilla.com\/12732\/24621101\/6-10.jpg\",\"basename\":\"6-10.jpg\",\"created_date\":\"2026-04-30 15:00:46\",\"is_downloaded\":0,\"is_using_remote\":1},{\"multimedia_type\":\"Picture\",\"picture_url\":\"https:\/\/fotos15.inmovilla.com\/12732\/24621101\/6-11.jpg\",\"position\":11,\"picture_id\":11,\"media_id\":143090,\"post_id\":194170,\"id\":11,\"attachment_id\":0,\"url\":\"https:\/\/fotos15.inmovilla.com\/12732\/24621101\/6-11.jpg\",\"basename\":\"6-11.jpg\",\"created_date\":\"2026-04-30 15:00:46\",\"is_downloaded\":0,\"is_using_remote\":1},{\"multimedia_type\":\"Picture\",\"picture_url\":\"https:\/\/fotos15.inmovilla.com\/12732\/24621101\/6-12.jpg\",\"position\":12,\"picture_id\":12,\"media_id\":143091,\"post_id\":194170,\"id\":12,\"attachment_id\":0,\"url\":\"https:\/\/fotos15.inmovilla.com\/12732\/24621101\/6-12.jpg\",\"basename\":\"6-12.jpg\",\"created_date\":\"2026-04-30 15:00:46\",\"is_downloaded\":0,\"is_using_remote\":1},{\"multimedia_type\":\"Picture\",\"picture_url\":\"https:\/\/fotos15.inmovilla.com\/12732\/24621101\/6-13.jpg\",\"position\":13,\"picture_id\":13,\"media_id\":143092,\"post_id\":194170,\"id\":13,\"attachment_id\":0,\"url\":\"https:\/\/fotos15.inmovilla.com\/12732\/24621101\/6-13.jpg\",\"basename\":\"6-13.jpg\",\"created_date\":\"2026-04-30 15:00:46\",\"is_downloaded\":0,\"is_using_remote\":1}]"],"_thumbnail_id":["194171"],"fave_property_images":["194171"],"fave_property_sec_price":["947368"],"fave_featured":["1"],"apg_property_id":["24621101"],"_wpml_word_count":["175"],"houzez_featured_listing_date":["2026-04-30 16:47:33"],"_eael_post_view_count":["1"],"houzez_total_property_views":["1"],"houzez_views_by_date":["a:1:{s:10:\"04-30-2026\";i:1;}"],"houzez_recently_viewed":["2026-04-30 21:44:37"],"_elementor_page_assets":["a:0:{}"]},"yoast_head":"<!-- This site is optimized with the Yoast SEO plugin v27.5 - https:\/\/yoast.com\/product\/yoast-seo-wordpress\/ -->\n<title>&quot;VENTA EN EXCLUSIVA&quot;. Casa de pueblo con licencia de Centro Medico en vigor, Santany\u00ed - RE\/MAX Drac<\/title>\n<meta name=\"robots\" content=\"index, follow, max-snippet:-1, max-image-preview:large, max-video-preview:-1\" \/>\n<link rel=\"canonical\" href=\"https:\/\/www.santanyi.net\/ca\/property\/venta-en-exclusiva-casa-de-pueblo-con-licencia-de-centro-medico-en-vigor-santanyi-2\/\" \/>\n<meta property=\"og:locale\" content=\"ca_ES\" \/>\n<meta property=\"og:type\" content=\"article\" \/>\n<meta property=\"og:title\" content=\"&quot;VENTA EN EXCLUSIVA&quot;. Casa de pueblo con licencia de Centro Medico en vigor, Santany\u00ed - RE\/MAX Drac\" \/>\n<meta property=\"og:description\" content=\"Casa de poble amb encant i llic\u00e8ncia de centre m\u00e8dic \u2013 Una oportunitat \u00fanica!Busques una propietat vers\u00e0til, amb car\u00e0cter i moltes possibilitats? Aquesta casa de poble de dues plantes ho t\u00e9 tot:&#x2714; 110 m\u00b2 a la planta baixa amb llic\u00e8ncia activa per a centre m\u00e8dic \u2013 ideal per a professionals sanitaris o per tenir un [&hellip;]\" \/>\n<meta property=\"og:url\" content=\"https:\/\/www.santanyi.net\/ca\/property\/venta-en-exclusiva-casa-de-pueblo-con-licencia-de-centro-medico-en-vigor-santanyi-2\/\" \/>\n<meta property=\"og:site_name\" content=\"RE\/MAX Drac\" \/>\n<meta property=\"article:modified_time\" content=\"2026-04-30T16:47:34+00:00\" \/>\n<meta property=\"og:image\" content=\"https:\/\/www.santanyi.net\/wp-content\/uploads\/anaconda_property_media\/24621101-194170\/6-1.jpg\" \/>\n\t<meta property=\"og:image:width\" content=\"1920\" \/>\n\t<meta property=\"og:image:height\" content=\"1440\" \/>\n\t<meta property=\"og:image:type\" content=\"image\/jpeg\" \/>\n<meta name=\"twitter:card\" content=\"summary_large_image\" \/>\n<meta name=\"twitter:label1\" content=\"Temps estimat de lectura\" \/>\n\t<meta name=\"twitter:data1\" content=\"1 minut\" \/>\n<script type=\"application\/ld+json\" class=\"yoast-schema-graph\">{\"@context\":\"https:\\\/\\\/schema.org\",\"@graph\":[{\"@type\":\"WebPage\",\"@id\":\"https:\\\/\\\/www.santanyi.net\\\/ca\\\/property\\\/venta-en-exclusiva-casa-de-pueblo-con-licencia-de-centro-medico-en-vigor-santanyi-2\\\/\",\"url\":\"https:\\\/\\\/www.santanyi.net\\\/ca\\\/property\\\/venta-en-exclusiva-casa-de-pueblo-con-licencia-de-centro-medico-en-vigor-santanyi-2\\\/\",\"name\":\"\\\"VENTA EN EXCLUSIVA\\\". Casa de pueblo con licencia de Centro Medico en vigor, Santany\u00ed - RE\\\/MAX Drac\",\"isPartOf\":{\"@id\":\"https:\\\/\\\/www.santanyi.net\\\/ca\\\/#website\"},\"primaryImageOfPage\":{\"@id\":\"https:\\\/\\\/www.santanyi.net\\\/ca\\\/property\\\/venta-en-exclusiva-casa-de-pueblo-con-licencia-de-centro-medico-en-vigor-santanyi-2\\\/#primaryimage\"},\"image\":{\"@id\":\"https:\\\/\\\/www.santanyi.net\\\/ca\\\/property\\\/venta-en-exclusiva-casa-de-pueblo-con-licencia-de-centro-medico-en-vigor-santanyi-2\\\/#primaryimage\"},\"thumbnailUrl\":\"https:\\\/\\\/www.santanyi.net\\\/wp-content\\\/uploads\\\/anaconda_property_media\\\/24621101-194170\\\/6-1.jpg\",\"datePublished\":\"2026-04-30T15:00:46+00:00\",\"dateModified\":\"2026-04-30T16:47:34+00:00\",\"breadcrumb\":{\"@id\":\"https:\\\/\\\/www.santanyi.net\\\/ca\\\/property\\\/venta-en-exclusiva-casa-de-pueblo-con-licencia-de-centro-medico-en-vigor-santanyi-2\\\/#breadcrumb\"},\"inLanguage\":\"ca\",\"potentialAction\":[{\"@type\":\"ReadAction\",\"target\":[\"https:\\\/\\\/www.santanyi.net\\\/ca\\\/property\\\/venta-en-exclusiva-casa-de-pueblo-con-licencia-de-centro-medico-en-vigor-santanyi-2\\\/\"]}]},{\"@type\":\"ImageObject\",\"inLanguage\":\"ca\",\"@id\":\"https:\\\/\\\/www.santanyi.net\\\/ca\\\/property\\\/venta-en-exclusiva-casa-de-pueblo-con-licencia-de-centro-medico-en-vigor-santanyi-2\\\/#primaryimage\",\"url\":\"https:\\\/\\\/www.santanyi.net\\\/wp-content\\\/uploads\\\/anaconda_property_media\\\/24621101-194170\\\/6-1.jpg\",\"contentUrl\":\"https:\\\/\\\/www.santanyi.net\\\/wp-content\\\/uploads\\\/anaconda_property_media\\\/24621101-194170\\\/6-1.jpg\",\"width\":1920,\"height\":1440},{\"@type\":\"BreadcrumbList\",\"@id\":\"https:\\\/\\\/www.santanyi.net\\\/ca\\\/property\\\/venta-en-exclusiva-casa-de-pueblo-con-licencia-de-centro-medico-en-vigor-santanyi-2\\\/#breadcrumb\",\"itemListElement\":[{\"@type\":\"ListItem\",\"position\":1,\"name\":\"Home\",\"item\":\"https:\\\/\\\/www.santanyi.net\\\/ca\\\/\"},{\"@type\":\"ListItem\",\"position\":2,\"name\":\"Properties\",\"item\":\"https:\\\/\\\/www.santanyi.net\\\/ca\\\/property\\\/\"},{\"@type\":\"ListItem\",\"position\":3,\"name\":\"&#8220;VENTA EN EXCLUSIVA&#8221;. Casa de pueblo con licencia de Centro Medico en vigor, Santany\u00ed\"}]},{\"@type\":\"WebSite\",\"@id\":\"https:\\\/\\\/www.santanyi.net\\\/ca\\\/#website\",\"url\":\"https:\\\/\\\/www.santanyi.net\\\/ca\\\/\",\"name\":\"RE\\\/MAX Drac\",\"description\":\"\",\"publisher\":{\"@id\":\"https:\\\/\\\/www.santanyi.net\\\/ca\\\/#organization\"},\"potentialAction\":[{\"@type\":\"SearchAction\",\"target\":{\"@type\":\"EntryPoint\",\"urlTemplate\":\"https:\\\/\\\/www.santanyi.net\\\/ca\\\/?s={search_term_string}\"},\"query-input\":{\"@type\":\"PropertyValueSpecification\",\"valueRequired\":true,\"valueName\":\"search_term_string\"}}],\"inLanguage\":\"ca\"},{\"@type\":\"Organization\",\"@id\":\"https:\\\/\\\/www.santanyi.net\\\/ca\\\/#organization\",\"name\":\"RE\\\/MAX Drac\",\"url\":\"https:\\\/\\\/www.santanyi.net\\\/ca\\\/\",\"logo\":{\"@type\":\"ImageObject\",\"inLanguage\":\"ca\",\"@id\":\"https:\\\/\\\/www.santanyi.net\\\/ca\\\/#\\\/schema\\\/logo\\\/image\\\/\",\"url\":\"https:\\\/\\\/www.santanyi.net\\\/wp-content\\\/uploads\\\/2025\\\/07\\\/logo-nuevo.png\",\"contentUrl\":\"https:\\\/\\\/www.santanyi.net\\\/wp-content\\\/uploads\\\/2025\\\/07\\\/logo-nuevo.png\",\"width\":295,\"height\":165,\"caption\":\"RE\\\/MAX Drac\"},\"image\":{\"@id\":\"https:\\\/\\\/www.santanyi.net\\\/ca\\\/#\\\/schema\\\/logo\\\/image\\\/\"}}]}<\/script>\n<!-- \/ Yoast SEO plugin. -->","yoast_head_json":{"title":"\"VENTA EN EXCLUSIVA\". Casa de pueblo con licencia de Centro Medico en vigor, Santany\u00ed - RE\/MAX Drac","robots":{"index":"index","follow":"follow","max-snippet":"max-snippet:-1","max-image-preview":"max-image-preview:large","max-video-preview":"max-video-preview:-1"},"canonical":"https:\/\/www.santanyi.net\/ca\/property\/venta-en-exclusiva-casa-de-pueblo-con-licencia-de-centro-medico-en-vigor-santanyi-2\/","og_locale":"ca_ES","og_type":"article","og_title":"\"VENTA EN EXCLUSIVA\". Casa de pueblo con licencia de Centro Medico en vigor, Santany\u00ed - RE\/MAX Drac","og_description":"Casa de poble amb encant i llic\u00e8ncia de centre m\u00e8dic \u2013 Una oportunitat \u00fanica!Busques una propietat vers\u00e0til, amb car\u00e0cter i moltes possibilitats? Aquesta casa de poble de dues plantes ho t\u00e9 tot:&#x2714; 110 m\u00b2 a la planta baixa amb llic\u00e8ncia activa per a centre m\u00e8dic \u2013 ideal per a professionals sanitaris o per tenir un [&hellip;]","og_url":"https:\/\/www.santanyi.net\/ca\/property\/venta-en-exclusiva-casa-de-pueblo-con-licencia-de-centro-medico-en-vigor-santanyi-2\/","og_site_name":"RE\/MAX Drac","article_modified_time":"2026-04-30T16:47:34+00:00","og_image":[{"width":1920,"height":1440,"url":"https:\/\/www.santanyi.net\/wp-content\/uploads\/anaconda_property_media\/24621101-194170\/6-1.jpg","type":"image\/jpeg"}],"twitter_card":"summary_large_image","twitter_misc":{"Temps estimat de lectura":"1 minut"},"schema":{"@context":"https:\/\/schema.org","@graph":[{"@type":"WebPage","@id":"https:\/\/www.santanyi.net\/ca\/property\/venta-en-exclusiva-casa-de-pueblo-con-licencia-de-centro-medico-en-vigor-santanyi-2\/","url":"https:\/\/www.santanyi.net\/ca\/property\/venta-en-exclusiva-casa-de-pueblo-con-licencia-de-centro-medico-en-vigor-santanyi-2\/","name":"\"VENTA EN EXCLUSIVA\". Casa de pueblo con licencia de Centro Medico en vigor, Santany\u00ed - RE\/MAX Drac","isPartOf":{"@id":"https:\/\/www.santanyi.net\/ca\/#website"},"primaryImageOfPage":{"@id":"https:\/\/www.santanyi.net\/ca\/property\/venta-en-exclusiva-casa-de-pueblo-con-licencia-de-centro-medico-en-vigor-santanyi-2\/#primaryimage"},"image":{"@id":"https:\/\/www.santanyi.net\/ca\/property\/venta-en-exclusiva-casa-de-pueblo-con-licencia-de-centro-medico-en-vigor-santanyi-2\/#primaryimage"},"thumbnailUrl":"https:\/\/www.santanyi.net\/wp-content\/uploads\/anaconda_property_media\/24621101-194170\/6-1.jpg","datePublished":"2026-04-30T15:00:46+00:00","dateModified":"2026-04-30T16:47:34+00:00","breadcrumb":{"@id":"https:\/\/www.santanyi.net\/ca\/property\/venta-en-exclusiva-casa-de-pueblo-con-licencia-de-centro-medico-en-vigor-santanyi-2\/#breadcrumb"},"inLanguage":"ca","potentialAction":[{"@type":"ReadAction","target":["https:\/\/www.santanyi.net\/ca\/property\/venta-en-exclusiva-casa-de-pueblo-con-licencia-de-centro-medico-en-vigor-santanyi-2\/"]}]},{"@type":"ImageObject","inLanguage":"ca","@id":"https:\/\/www.santanyi.net\/ca\/property\/venta-en-exclusiva-casa-de-pueblo-con-licencia-de-centro-medico-en-vigor-santanyi-2\/#primaryimage","url":"https:\/\/www.santanyi.net\/wp-content\/uploads\/anaconda_property_media\/24621101-194170\/6-1.jpg","contentUrl":"https:\/\/www.santanyi.net\/wp-content\/uploads\/anaconda_property_media\/24621101-194170\/6-1.jpg","width":1920,"height":1440},{"@type":"BreadcrumbList","@id":"https:\/\/www.santanyi.net\/ca\/property\/venta-en-exclusiva-casa-de-pueblo-con-licencia-de-centro-medico-en-vigor-santanyi-2\/#breadcrumb","itemListElement":[{"@type":"ListItem","position":1,"name":"Home","item":"https:\/\/www.santanyi.net\/ca\/"},{"@type":"ListItem","position":2,"name":"Properties","item":"https:\/\/www.santanyi.net\/ca\/property\/"},{"@type":"ListItem","position":3,"name":"&#8220;VENTA EN EXCLUSIVA&#8221;. Casa de pueblo con licencia de Centro Medico en vigor, Santany\u00ed"}]},{"@type":"WebSite","@id":"https:\/\/www.santanyi.net\/ca\/#website","url":"https:\/\/www.santanyi.net\/ca\/","name":"RE\/MAX Drac","description":"","publisher":{"@id":"https:\/\/www.santanyi.net\/ca\/#organization"},"potentialAction":[{"@type":"SearchAction","target":{"@type":"EntryPoint","urlTemplate":"https:\/\/www.santanyi.net\/ca\/?s={search_term_string}"},"query-input":{"@type":"PropertyValueSpecification","valueRequired":true,"valueName":"search_term_string"}}],"inLanguage":"ca"},{"@type":"Organization","@id":"https:\/\/www.santanyi.net\/ca\/#organization","name":"RE\/MAX Drac","url":"https:\/\/www.santanyi.net\/ca\/","logo":{"@type":"ImageObject","inLanguage":"ca","@id":"https:\/\/www.santanyi.net\/ca\/#\/schema\/logo\/image\/","url":"https:\/\/www.santanyi.net\/wp-content\/uploads\/2025\/07\/logo-nuevo.png","contentUrl":"https:\/\/www.santanyi.net\/wp-content\/uploads\/2025\/07\/logo-nuevo.png","width":295,"height":165,"caption":"RE\/MAX Drac"},"image":{"@id":"https:\/\/www.santanyi.net\/ca\/#\/schema\/logo\/image\/"}}]}},"_links":{"self":[{"href":"https:\/\/www.santanyi.net\/ca\/wp-json\/wp\/v2\/properties\/194176","targetHints":{"allow":["GET"]}}],"collection":[{"href":"https:\/\/www.santanyi.net\/ca\/wp-json\/wp\/v2\/properties"}],"about":[{"href":"https:\/\/www.santanyi.net\/ca\/wp-json\/wp\/v2\/types\/property"}],"author":[{"embeddable":true,"href":"https:\/\/www.santanyi.net\/ca\/wp-json\/wp\/v2\/users\/1"}],"version-history":[{"count":1,"href":"https:\/\/www.santanyi.net\/ca\/wp-json\/wp\/v2\/properties\/194176\/revisions"}],"predecessor-version":[{"id":195216,"href":"https:\/\/www.santanyi.net\/ca\/wp-json\/wp\/v2\/properties\/194176\/revisions\/195216"}],"wp:featuredmedia":[{"embeddable":true,"href":"https:\/\/www.santanyi.net\/ca\/wp-json\/wp\/v2\/media\/194171"}],"wp:attachment":[{"href":"https:\/\/www.santanyi.net\/ca\/wp-json\/wp\/v2\/media?parent=194176"}],"wp:term":[{"taxonomy":"property_type","embeddable":true,"href":"https:\/\/www.santanyi.net\/ca\/wp-json\/wp\/v2\/property_type?post=194176"},{"taxonomy":"property_status","embeddable":true,"href":"https:\/\/www.santanyi.net\/ca\/wp-json\/wp\/v2\/property_status?post=194176"},{"taxonomy":"property_feature","embeddable":true,"href":"https:\/\/www.santanyi.net\/ca\/wp-json\/wp\/v2\/property_feature?post=194176"},{"taxonomy":"property_label","embeddable":true,"href":"https:\/\/www.santanyi.net\/ca\/wp-json\/wp\/v2\/property_label?post=194176"},{"taxonomy":"property_country","embeddable":true,"href":"https:\/\/www.santanyi.net\/ca\/wp-json\/wp\/v2\/property_country?post=194176"},{"taxonomy":"property_state","embeddable":true,"href":"https:\/\/www.santanyi.net\/ca\/wp-json\/wp\/v2\/property_state?post=194176"},{"taxonomy":"property_city","embeddable":true,"href":"https:\/\/www.santanyi.net\/ca\/wp-json\/wp\/v2\/property_city?post=194176"},{"taxonomy":"property_area","embeddable":true,"href":"https:\/\/www.santanyi.net\/ca\/wp-json\/wp\/v2\/property_area?post=194176"}],"curies":[{"name":"wp","href":"https:\/\/api.w.org\/{rel}","templated":true}]}}