
{"id":194144,"date":"2026-04-30T15:00:36","date_gmt":"2026-04-30T15:00:36","guid":{"rendered":"https:\/\/www.santanyi.net\/property\/comodo-piso-en-1aplanta-con-gran-terraza-en-zona-muy-tranquila-de-ses-salines\/"},"modified":"2026-05-01T06:04:05","modified_gmt":"2026-05-01T06:04:05","slug":"comodo-piso-en-1aplanta-con-gran-terraza-en-zona-muy-tranquila-de-ses-salines","status":"publish","type":"property","link":"https:\/\/www.santanyi.net\/ca\/property\/comodo-piso-en-1aplanta-con-gran-terraza-en-zona-muy-tranquila-de-ses-salines\/","title":{"rendered":"C\u00f3modo piso en 1\u00aaplanta con gran terraza en zona muy tranquila de Ses Salines"},"content":{"rendered":"<p>Pis Llumin\u00f3s a Ses Salines, Ideal per als Amants del Confort i la Tranquil\u00b7litatSituat en una zona molt tranquil\u00b7la, aquest pis ofereix la combinaci\u00f3 perfecta entre comoditat moderna i un entorn tranquil. A nom\u00e9s 10 minuts de les millors platges de Mallorca i del bonic poble de Santany\u00ed, i a 40 minuts de Palma.Detalls de l&#8217;Habitatge:Superf\u00edcie \u00fatil: 145 m\u00b2Superf\u00edcie de terrasses: 78 m\u00b2Superf\u00edcie total: 223 m\u00b2Distribuci\u00f3:Cuina oberta amb illa, ideal per als amants de la gastronomia, connectada al menjador.Menjador llumin\u00f3s amb acc\u00e9s directe a una terrassa \u00e0mplia, perfecta per gaudir de l&#8217;exterior durant tot l&#8217;any.Bany complet amb dutxa.Habitaci\u00f3 principal en suite, amb vest\u00edbul, armaris encastats i bany privat amb banyera.Habitaci\u00f3 addicional a l&#8217;altell amb terrassa pr\u00f2pia, ideal per a moments de relaxaci\u00f3.Segona terrassa \u00e0mplia equipada amb barbacoa, perfecta per a reunions a l&#8217;aire lliure.Equipament i acabats d&#8217;alta qualitat:Sistema de climatitzaci\u00f3 fred\/calor per conductes a totes les estances, assegurant el m\u00e0xim confort en qualsevol \u00e8poca de l&#8217;any.Estufa de p\u00e8l\u00b7let de gamma alta, que aporta un toc acollidor i ecol\u00f2gic.Sistema d&#8217;energia solar t\u00e8rmica (ACS), amb plaques solars al terrat, afavorint l&#8217;efici\u00e8ncia energ\u00e8tica.Terres de parquet de gran qualitat, que aporten calidesa i eleg\u00e0ncia.Bigues vistes als sostres, que realcen el car\u00e0cter mediterrani i r\u00fastic de la vivenda.Electrodom\u00e8stics de primeres marques, inclosos cuina d&#8217;inducci\u00f3, campana extractora, rentadora, assecadora, rentaplats, termo el\u00e8ctric i microones.Un entorn natural excepcional: Tot i que l&#8217;habitatge es troba al centre del poble, limita directament amb el camp, permetent gaudir de la tranquil\u00b7litat de l&#8217;entorn rural sense perdre la proximitat amb tots els serveis locals.<\/p>\n","protected":false},"excerpt":{"rendered":"<p>Pis Llumin\u00f3s a Ses Salines, Ideal per als Amants del Confort i la Tranquil\u00b7litatSituat en una zona molt tranquil\u00b7la, aquest pis ofereix la combinaci\u00f3 perfecta entre comoditat moderna i un entorn tranquil. A nom\u00e9s 10 minuts de les millors platges de Mallorca i del bonic poble de Santany\u00ed, i a 40 minuts de Palma.Detalls de [&hellip;]<\/p>\n","protected":false},"author":1,"featured_media":194139,"parent":0,"menu_order":0,"template":"","property_type":[2173],"property_status":[2135,2140],"property_feature":[1799,1765,1851,1867,1964,1972,1983,1871,1807,1809,1985,1973,1897,1954,2004,2000,1934],"property_label":[],"property_country":[],"property_state":[],"property_city":[650],"property_area":[651],"class_list":["post-194144","property","type-property","status-publish","has-post-thumbnail","hentry","property_type-piso-ca","property_status-alquilar","property_status-alquilar-ca","property_feature-aire_con-ca","property_feature-aire_con","property_feature-arma_empo","property_feature-arma_empo-ca","property_feature-centros_comerciales-ca","property_feature-chimenea","property_feature-chimenea-ca","property_feature-cocina_inde-ca","property_feature-lavanderia-ca","property_feature-muebles-ca","property_feature-solarium-ca","property_feature-solarium","property_feature-terraza-ca","property_feature-trastero-ca","property_feature-tv-ca","property_feature-tv","property_feature-urbanizacion-ca","property_city-ses-salines","property_area-ses-salines"],"acf":[],"property_meta":{"_apg_property_user_edited":["1"],"fave_property_id":["DRAC-AA1484YK"],"fave_property_location":["39.34043197,3.05561944,15"],"houzez_geolocation_lat":["39.34043197"],"houzez_geolocation_long":["3.05561944"],"fave_property_price":["1500"],"fave_property_rent_or_sale":["rent"],"fave_property_year":[null],"fave_property_size_prefix":["m2"],"fave_property_land_postfix":["m2"],"fave_property_size":["223"],"fave_property_bedrooms":["3"],"fave_property_bathrooms":["2"],"fave_property_map_address":["Ses salines, 07640 Ses Salines"],"fave_property_address":[" , Ses Salines 07640"],"fave_property_zip":["07640"],"fave_property_postal_code":["07640"],"fave_property_map":["1"],"apg_is_using_remote_image_url":["1"],"apg_using_remote_image_urls":["[{\"multimedia_type\":\"Picture\",\"picture_url\":\"https:\/\/fotos15.inmovilla.com\/12732\/24621051\/3-1.jpg\",\"position\":1,\"picture_id\":1,\"media_id\":142950,\"post_id\":194138,\"id\":1,\"attachment_id\":0,\"url\":\"https:\/\/fotos15.inmovilla.com\/12732\/24621051\/3-1.jpg\",\"basename\":\"3-1.jpg\",\"created_date\":\"2026-04-30 15:00:36\",\"is_downloaded\":0,\"is_using_remote\":0},{\"multimedia_type\":\"Picture\",\"picture_url\":\"https:\/\/fotos15.inmovilla.com\/12732\/24621051\/3-2.jpg\",\"position\":2,\"picture_id\":2,\"media_id\":142951,\"post_id\":194138,\"id\":2,\"attachment_id\":0,\"url\":\"https:\/\/fotos15.inmovilla.com\/12732\/24621051\/3-2.jpg\",\"basename\":\"3-2.jpg\",\"created_date\":\"2026-04-30 15:00:36\",\"is_downloaded\":0,\"is_using_remote\":1},{\"multimedia_type\":\"Picture\",\"picture_url\":\"https:\/\/fotos15.inmovilla.com\/12732\/24621051\/3-3.jpg\",\"position\":3,\"picture_id\":3,\"media_id\":142952,\"post_id\":194138,\"id\":3,\"attachment_id\":0,\"url\":\"https:\/\/fotos15.inmovilla.com\/12732\/24621051\/3-3.jpg\",\"basename\":\"3-3.jpg\",\"created_date\":\"2026-04-30 15:00:36\",\"is_downloaded\":0,\"is_using_remote\":1},{\"multimedia_type\":\"Picture\",\"picture_url\":\"https:\/\/fotos15.inmovilla.com\/12732\/24621051\/3-4.jpg\",\"position\":4,\"picture_id\":4,\"media_id\":142953,\"post_id\":194138,\"id\":4,\"attachment_id\":0,\"url\":\"https:\/\/fotos15.inmovilla.com\/12732\/24621051\/3-4.jpg\",\"basename\":\"3-4.jpg\",\"created_date\":\"2026-04-30 15:00:36\",\"is_downloaded\":0,\"is_using_remote\":1},{\"multimedia_type\":\"Picture\",\"picture_url\":\"https:\/\/fotos15.inmovilla.com\/12732\/24621051\/3-5.jpg\",\"position\":5,\"picture_id\":5,\"media_id\":142954,\"post_id\":194138,\"id\":5,\"attachment_id\":0,\"url\":\"https:\/\/fotos15.inmovilla.com\/12732\/24621051\/3-5.jpg\",\"basename\":\"3-5.jpg\",\"created_date\":\"2026-04-30 15:00:36\",\"is_downloaded\":0,\"is_using_remote\":1},{\"multimedia_type\":\"Picture\",\"picture_url\":\"https:\/\/fotos15.inmovilla.com\/12732\/24621051\/3-6.jpg\",\"position\":6,\"picture_id\":6,\"media_id\":142955,\"post_id\":194138,\"id\":6,\"attachment_id\":0,\"url\":\"https:\/\/fotos15.inmovilla.com\/12732\/24621051\/3-6.jpg\",\"basename\":\"3-6.jpg\",\"created_date\":\"2026-04-30 15:00:36\",\"is_downloaded\":0,\"is_using_remote\":1},{\"multimedia_type\":\"Picture\",\"picture_url\":\"https:\/\/fotos15.inmovilla.com\/12732\/24621051\/3-7.jpg\",\"position\":7,\"picture_id\":7,\"media_id\":142956,\"post_id\":194138,\"id\":7,\"attachment_id\":0,\"url\":\"https:\/\/fotos15.inmovilla.com\/12732\/24621051\/3-7.jpg\",\"basename\":\"3-7.jpg\",\"created_date\":\"2026-04-30 15:00:36\",\"is_downloaded\":0,\"is_using_remote\":1},{\"multimedia_type\":\"Picture\",\"picture_url\":\"https:\/\/fotos15.inmovilla.com\/12732\/24621051\/3-8.jpg\",\"position\":8,\"picture_id\":8,\"media_id\":142957,\"post_id\":194138,\"id\":8,\"attachment_id\":0,\"url\":\"https:\/\/fotos15.inmovilla.com\/12732\/24621051\/3-8.jpg\",\"basename\":\"3-8.jpg\",\"created_date\":\"2026-04-30 15:00:36\",\"is_downloaded\":0,\"is_using_remote\":1},{\"multimedia_type\":\"Picture\",\"picture_url\":\"https:\/\/fotos15.inmovilla.com\/12732\/24621051\/3-9.jpg\",\"position\":9,\"picture_id\":9,\"media_id\":142958,\"post_id\":194138,\"id\":9,\"attachment_id\":0,\"url\":\"https:\/\/fotos15.inmovilla.com\/12732\/24621051\/3-9.jpg\",\"basename\":\"3-9.jpg\",\"created_date\":\"2026-04-30 15:00:36\",\"is_downloaded\":0,\"is_using_remote\":1},{\"multimedia_type\":\"Picture\",\"picture_url\":\"https:\/\/fotos15.inmovilla.com\/12732\/24621051\/3-10.jpg\",\"position\":10,\"picture_id\":10,\"media_id\":142959,\"post_id\":194138,\"id\":10,\"attachment_id\":0,\"url\":\"https:\/\/fotos15.inmovilla.com\/12732\/24621051\/3-10.jpg\",\"basename\":\"3-10.jpg\",\"created_date\":\"2026-04-30 15:00:36\",\"is_downloaded\":0,\"is_using_remote\":1},{\"multimedia_type\":\"Picture\",\"picture_url\":\"https:\/\/fotos15.inmovilla.com\/12732\/24621051\/3-11.jpg\",\"position\":11,\"picture_id\":11,\"media_id\":142960,\"post_id\":194138,\"id\":11,\"attachment_id\":0,\"url\":\"https:\/\/fotos15.inmovilla.com\/12732\/24621051\/3-11.jpg\",\"basename\":\"3-11.jpg\",\"created_date\":\"2026-04-30 15:00:36\",\"is_downloaded\":0,\"is_using_remote\":1},{\"multimedia_type\":\"Picture\",\"picture_url\":\"https:\/\/fotos15.inmovilla.com\/12732\/24621051\/3-12.jpg\",\"position\":12,\"picture_id\":12,\"media_id\":142961,\"post_id\":194138,\"id\":12,\"attachment_id\":0,\"url\":\"https:\/\/fotos15.inmovilla.com\/12732\/24621051\/3-12.jpg\",\"basename\":\"3-12.jpg\",\"created_date\":\"2026-04-30 15:00:36\",\"is_downloaded\":0,\"is_using_remote\":1},{\"multimedia_type\":\"Picture\",\"picture_url\":\"https:\/\/fotos15.inmovilla.com\/12732\/24621051\/3-13.jpg\",\"position\":13,\"picture_id\":13,\"media_id\":142962,\"post_id\":194138,\"id\":13,\"attachment_id\":0,\"url\":\"https:\/\/fotos15.inmovilla.com\/12732\/24621051\/3-13.jpg\",\"basename\":\"3-13.jpg\",\"created_date\":\"2026-04-30 15:00:36\",\"is_downloaded\":0,\"is_using_remote\":1},{\"multimedia_type\":\"Picture\",\"picture_url\":\"https:\/\/fotos15.inmovilla.com\/12732\/24621051\/3-14.jpg\",\"position\":14,\"picture_id\":14,\"media_id\":142963,\"post_id\":194138,\"id\":14,\"attachment_id\":0,\"url\":\"https:\/\/fotos15.inmovilla.com\/12732\/24621051\/3-14.jpg\",\"basename\":\"3-14.jpg\",\"created_date\":\"2026-04-30 15:00:36\",\"is_downloaded\":0,\"is_using_remote\":1},{\"multimedia_type\":\"Picture\",\"picture_url\":\"https:\/\/fotos15.inmovilla.com\/12732\/24621051\/3-15.jpg\",\"position\":15,\"picture_id\":15,\"media_id\":142964,\"post_id\":194138,\"id\":15,\"attachment_id\":0,\"url\":\"https:\/\/fotos15.inmovilla.com\/12732\/24621051\/3-15.jpg\",\"basename\":\"3-15.jpg\",\"created_date\":\"2026-04-30 15:00:36\",\"is_downloaded\":0,\"is_using_remote\":1},{\"multimedia_type\":\"Picture\",\"picture_url\":\"https:\/\/fotos15.inmovilla.com\/12732\/24621051\/3-16.jpg\",\"position\":16,\"picture_id\":16,\"media_id\":142965,\"post_id\":194138,\"id\":16,\"attachment_id\":0,\"url\":\"https:\/\/fotos15.inmovilla.com\/12732\/24621051\/3-16.jpg\",\"basename\":\"3-16.jpg\",\"created_date\":\"2026-04-30 15:00:36\",\"is_downloaded\":0,\"is_using_remote\":1},{\"multimedia_type\":\"Picture\",\"picture_url\":\"https:\/\/fotos15.inmovilla.com\/12732\/24621051\/3-17.jpg\",\"position\":17,\"picture_id\":17,\"media_id\":142966,\"post_id\":194138,\"id\":17,\"attachment_id\":0,\"url\":\"https:\/\/fotos15.inmovilla.com\/12732\/24621051\/3-17.jpg\",\"basename\":\"3-17.jpg\",\"created_date\":\"2026-04-30 15:00:36\",\"is_downloaded\":0,\"is_using_remote\":1},{\"multimedia_type\":\"Picture\",\"picture_url\":\"https:\/\/fotos15.inmovilla.com\/12732\/24621051\/3-18.jpg\",\"position\":18,\"picture_id\":18,\"media_id\":142967,\"post_id\":194138,\"id\":18,\"attachment_id\":0,\"url\":\"https:\/\/fotos15.inmovilla.com\/12732\/24621051\/3-18.jpg\",\"basename\":\"3-18.jpg\",\"created_date\":\"2026-04-30 15:00:36\",\"is_downloaded\":0,\"is_using_remote\":1},{\"multimedia_type\":\"Picture\",\"picture_url\":\"https:\/\/fotos15.inmovilla.com\/12732\/24621051\/3-19.jpg\",\"position\":19,\"picture_id\":19,\"media_id\":142968,\"post_id\":194138,\"id\":19,\"attachment_id\":0,\"url\":\"https:\/\/fotos15.inmovilla.com\/12732\/24621051\/3-19.jpg\",\"basename\":\"3-19.jpg\",\"created_date\":\"2026-04-30 15:00:36\",\"is_downloaded\":0,\"is_using_remote\":1},{\"multimedia_type\":\"Picture\",\"picture_url\":\"https:\/\/fotos15.inmovilla.com\/12732\/24621051\/3-20.jpg\",\"position\":20,\"picture_id\":20,\"media_id\":142969,\"post_id\":194138,\"id\":20,\"attachment_id\":0,\"url\":\"https:\/\/fotos15.inmovilla.com\/12732\/24621051\/3-20.jpg\",\"basename\":\"3-20.jpg\",\"created_date\":\"2026-04-30 15:00:36\",\"is_downloaded\":0,\"is_using_remote\":1},{\"multimedia_type\":\"Picture\",\"picture_url\":\"https:\/\/fotos15.inmovilla.com\/12732\/24621051\/3-21.jpg\",\"position\":21,\"picture_id\":21,\"media_id\":142970,\"post_id\":194138,\"id\":21,\"attachment_id\":0,\"url\":\"https:\/\/fotos15.inmovilla.com\/12732\/24621051\/3-21.jpg\",\"basename\":\"3-21.jpg\",\"created_date\":\"2026-04-30 15:00:36\",\"is_downloaded\":0,\"is_using_remote\":1},{\"multimedia_type\":\"Picture\",\"picture_url\":\"https:\/\/fotos15.inmovilla.com\/12732\/24621051\/3-22.jpg\",\"position\":22,\"picture_id\":22,\"media_id\":142971,\"post_id\":194138,\"id\":22,\"attachment_id\":0,\"url\":\"https:\/\/fotos15.inmovilla.com\/12732\/24621051\/3-22.jpg\",\"basename\":\"3-22.jpg\",\"created_date\":\"2026-04-30 15:00:36\",\"is_downloaded\":0,\"is_using_remote\":1},{\"multimedia_type\":\"Picture\",\"picture_url\":\"https:\/\/fotos15.inmovilla.com\/12732\/24621051\/3-23.jpg\",\"position\":23,\"picture_id\":23,\"media_id\":142972,\"post_id\":194138,\"id\":23,\"attachment_id\":0,\"url\":\"https:\/\/fotos15.inmovilla.com\/12732\/24621051\/3-23.jpg\",\"basename\":\"3-23.jpg\",\"created_date\":\"2026-04-30 15:00:36\",\"is_downloaded\":0,\"is_using_remote\":1},{\"multimedia_type\":\"Picture\",\"picture_url\":\"https:\/\/fotos15.inmovilla.com\/12732\/24621051\/3-24.jpg\",\"position\":24,\"picture_id\":24,\"media_id\":142973,\"post_id\":194138,\"id\":24,\"attachment_id\":0,\"url\":\"https:\/\/fotos15.inmovilla.com\/12732\/24621051\/3-24.jpg\",\"basename\":\"3-24.jpg\",\"created_date\":\"2026-04-30 15:00:36\",\"is_downloaded\":0,\"is_using_remote\":1},{\"multimedia_type\":\"Picture\",\"picture_url\":\"https:\/\/fotos15.inmovilla.com\/12732\/24621051\/3-25.jpg\",\"position\":25,\"picture_id\":25,\"media_id\":142974,\"post_id\":194138,\"id\":25,\"attachment_id\":0,\"url\":\"https:\/\/fotos15.inmovilla.com\/12732\/24621051\/3-25.jpg\",\"basename\":\"3-25.jpg\",\"created_date\":\"2026-04-30 15:00:36\",\"is_downloaded\":0,\"is_using_remote\":1},{\"multimedia_type\":\"Picture\",\"picture_url\":\"https:\/\/fotos15.inmovilla.com\/12732\/24621051\/3-26.jpg\",\"position\":26,\"picture_id\":26,\"media_id\":142975,\"post_id\":194138,\"id\":26,\"attachment_id\":0,\"url\":\"https:\/\/fotos15.inmovilla.com\/12732\/24621051\/3-26.jpg\",\"basename\":\"3-26.jpg\",\"created_date\":\"2026-04-30 15:00:36\",\"is_downloaded\":0,\"is_using_remote\":1},{\"multimedia_type\":\"Picture\",\"picture_url\":\"https:\/\/fotos15.inmovilla.com\/12732\/24621051\/3-27.jpg\",\"position\":27,\"picture_id\":27,\"media_id\":142976,\"post_id\":194138,\"id\":27,\"attachment_id\":0,\"url\":\"https:\/\/fotos15.inmovilla.com\/12732\/24621051\/3-27.jpg\",\"basename\":\"3-27.jpg\",\"created_date\":\"2026-04-30 15:00:36\",\"is_downloaded\":0,\"is_using_remote\":1},{\"multimedia_type\":\"Picture\",\"picture_url\":\"https:\/\/fotos15.inmovilla.com\/12732\/24621051\/3-28.jpg\",\"position\":28,\"picture_id\":28,\"media_id\":142977,\"post_id\":194138,\"id\":28,\"attachment_id\":0,\"url\":\"https:\/\/fotos15.inmovilla.com\/12732\/24621051\/3-28.jpg\",\"basename\":\"3-28.jpg\",\"created_date\":\"2026-04-30 15:00:36\",\"is_downloaded\":0,\"is_using_remote\":1},{\"multimedia_type\":\"Picture\",\"picture_url\":\"https:\/\/fotos15.inmovilla.com\/12732\/24621051\/3-29.jpg\",\"position\":29,\"picture_id\":29,\"media_id\":142978,\"post_id\":194138,\"id\":29,\"attachment_id\":0,\"url\":\"https:\/\/fotos15.inmovilla.com\/12732\/24621051\/3-29.jpg\",\"basename\":\"3-29.jpg\",\"created_date\":\"2026-04-30 15:00:36\",\"is_downloaded\":0,\"is_using_remote\":1},{\"multimedia_type\":\"Picture\",\"picture_url\":\"https:\/\/fotos15.inmovilla.com\/12732\/24621051\/3-30.jpg\",\"position\":30,\"picture_id\":30,\"media_id\":142979,\"post_id\":194138,\"id\":30,\"attachment_id\":0,\"url\":\"https:\/\/fotos15.inmovilla.com\/12732\/24621051\/3-30.jpg\",\"basename\":\"3-30.jpg\",\"created_date\":\"2026-04-30 15:00:36\",\"is_downloaded\":0,\"is_using_remote\":1},{\"multimedia_type\":\"Picture\",\"picture_url\":\"https:\/\/fotos15.inmovilla.com\/12732\/24621051\/3-31.jpg\",\"position\":31,\"picture_id\":31,\"media_id\":142980,\"post_id\":194138,\"id\":31,\"attachment_id\":0,\"url\":\"https:\/\/fotos15.inmovilla.com\/12732\/24621051\/3-31.jpg\",\"basename\":\"3-31.jpg\",\"created_date\":\"2026-04-30 15:00:36\",\"is_downloaded\":0,\"is_using_remote\":1},{\"multimedia_type\":\"Picture\",\"picture_url\":\"https:\/\/fotos15.inmovilla.com\/12732\/24621051\/3-32.jpg\",\"position\":32,\"picture_id\":32,\"media_id\":142981,\"post_id\":194138,\"id\":32,\"attachment_id\":0,\"url\":\"https:\/\/fotos15.inmovilla.com\/12732\/24621051\/3-32.jpg\",\"basename\":\"3-32.jpg\",\"created_date\":\"2026-04-30 15:00:36\",\"is_downloaded\":0,\"is_using_remote\":1},{\"multimedia_type\":\"Picture\",\"picture_url\":\"https:\/\/fotos15.inmovilla.com\/12732\/24621051\/3-33.jpg\",\"position\":33,\"picture_id\":33,\"media_id\":142982,\"post_id\":194138,\"id\":33,\"attachment_id\":0,\"url\":\"https:\/\/fotos15.inmovilla.com\/12732\/24621051\/3-33.jpg\",\"basename\":\"3-33.jpg\",\"created_date\":\"2026-04-30 15:00:36\",\"is_downloaded\":0,\"is_using_remote\":1},{\"multimedia_type\":\"Picture\",\"picture_url\":\"https:\/\/fotos15.inmovilla.com\/12732\/24621051\/3-34.jpg\",\"position\":34,\"picture_id\":34,\"media_id\":142983,\"post_id\":194138,\"id\":34,\"attachment_id\":0,\"url\":\"https:\/\/fotos15.inmovilla.com\/12732\/24621051\/3-34.jpg\",\"basename\":\"3-34.jpg\",\"created_date\":\"2026-04-30 15:00:36\",\"is_downloaded\":0,\"is_using_remote\":1},{\"multimedia_type\":\"Picture\",\"picture_url\":\"https:\/\/fotos15.inmovilla.com\/12732\/24621051\/3-35.jpg\",\"position\":35,\"picture_id\":35,\"media_id\":142984,\"post_id\":194138,\"id\":35,\"attachment_id\":0,\"url\":\"https:\/\/fotos15.inmovilla.com\/12732\/24621051\/3-35.jpg\",\"basename\":\"3-35.jpg\",\"created_date\":\"2026-04-30 15:00:36\",\"is_downloaded\":0,\"is_using_remote\":1},{\"multimedia_type\":\"Picture\",\"picture_url\":\"https:\/\/fotos15.inmovilla.com\/12732\/24621051\/3-36.jpg\",\"position\":36,\"picture_id\":36,\"media_id\":142985,\"post_id\":194138,\"id\":36,\"attachment_id\":0,\"url\":\"https:\/\/fotos15.inmovilla.com\/12732\/24621051\/3-36.jpg\",\"basename\":\"3-36.jpg\",\"created_date\":\"2026-04-30 15:00:36\",\"is_downloaded\":0,\"is_using_remote\":1},{\"multimedia_type\":\"Picture\",\"picture_url\":\"https:\/\/fotos15.inmovilla.com\/12732\/24621051\/3-37.jpg\",\"position\":37,\"picture_id\":37,\"media_id\":142986,\"post_id\":194138,\"id\":37,\"attachment_id\":0,\"url\":\"https:\/\/fotos15.inmovilla.com\/12732\/24621051\/3-37.jpg\",\"basename\":\"3-37.jpg\",\"created_date\":\"2026-04-30 15:00:36\",\"is_downloaded\":0,\"is_using_remote\":1},{\"multimedia_type\":\"Picture\",\"picture_url\":\"https:\/\/fotos15.inmovilla.com\/12732\/24621051\/3-38.jpg\",\"position\":38,\"picture_id\":38,\"media_id\":142987,\"post_id\":194138,\"id\":38,\"attachment_id\":0,\"url\":\"https:\/\/fotos15.inmovilla.com\/12732\/24621051\/3-38.jpg\",\"basename\":\"3-38.jpg\",\"created_date\":\"2026-04-30 15:00:36\",\"is_downloaded\":0,\"is_using_remote\":1}]"],"_thumbnail_id":["194139"],"fave_property_images":["194139"],"apg_property_id":["24621051"],"_wpml_word_count":["322"],"_eael_post_view_count":["4"],"houzez_total_property_views":["4"],"houzez_recently_viewed":["2026-05-01 15:21:48"],"houzez_views_by_date":["a:2:{s:10:\"04-30-2026\";i:1;s:10:\"05-01-2026\";i:3;}"],"_elementor_page_assets":["a:0:{}"]},"yoast_head":"<!-- This site is optimized with the Yoast SEO plugin v27.5 - https:\/\/yoast.com\/product\/yoast-seo-wordpress\/ -->\n<title>C\u00f3modo piso en 1\u00aaplanta con gran terraza en zona muy tranquila de Ses Salines - RE\/MAX Drac<\/title>\n<meta name=\"robots\" content=\"index, follow, max-snippet:-1, max-image-preview:large, max-video-preview:-1\" \/>\n<link rel=\"canonical\" href=\"https:\/\/www.santanyi.net\/ca\/property\/comodo-piso-en-1aplanta-con-gran-terraza-en-zona-muy-tranquila-de-ses-salines\/\" \/>\n<meta property=\"og:locale\" content=\"ca_ES\" \/>\n<meta property=\"og:type\" content=\"article\" \/>\n<meta property=\"og:title\" content=\"C\u00f3modo piso en 1\u00aaplanta con gran terraza en zona muy tranquila de Ses Salines - RE\/MAX Drac\" \/>\n<meta property=\"og:description\" content=\"Pis Llumin\u00f3s a Ses Salines, Ideal per als Amants del Confort i la Tranquil\u00b7litatSituat en una zona molt tranquil\u00b7la, aquest pis ofereix la combinaci\u00f3 perfecta entre comoditat moderna i un entorn tranquil. A nom\u00e9s 10 minuts de les millors platges de Mallorca i del bonic poble de Santany\u00ed, i a 40 minuts de Palma.Detalls de [&hellip;]\" \/>\n<meta property=\"og:url\" content=\"https:\/\/www.santanyi.net\/ca\/property\/comodo-piso-en-1aplanta-con-gran-terraza-en-zona-muy-tranquila-de-ses-salines\/\" \/>\n<meta property=\"og:site_name\" content=\"RE\/MAX Drac\" \/>\n<meta property=\"article:modified_time\" content=\"2026-05-01T06:04:05+00:00\" \/>\n<meta property=\"og:image\" content=\"https:\/\/www.santanyi.net\/wp-content\/uploads\/anaconda_property_media\/24621051-194138\/3-1.jpg\" \/>\n\t<meta property=\"og:image:width\" content=\"800\" \/>\n\t<meta property=\"og:image:height\" content=\"450\" \/>\n\t<meta property=\"og:image:type\" content=\"image\/jpeg\" \/>\n<meta name=\"twitter:card\" content=\"summary_large_image\" \/>\n<meta name=\"twitter:label1\" content=\"Temps estimat de lectura\" \/>\n\t<meta name=\"twitter:data1\" content=\"1 minut\" \/>\n<script type=\"application\/ld+json\" class=\"yoast-schema-graph\">{\"@context\":\"https:\\\/\\\/schema.org\",\"@graph\":[{\"@type\":\"WebPage\",\"@id\":\"https:\\\/\\\/www.santanyi.net\\\/ca\\\/property\\\/comodo-piso-en-1aplanta-con-gran-terraza-en-zona-muy-tranquila-de-ses-salines\\\/\",\"url\":\"https:\\\/\\\/www.santanyi.net\\\/ca\\\/property\\\/comodo-piso-en-1aplanta-con-gran-terraza-en-zona-muy-tranquila-de-ses-salines\\\/\",\"name\":\"C\u00f3modo piso en 1\u00aaplanta con gran terraza en zona muy tranquila de Ses Salines - RE\\\/MAX Drac\",\"isPartOf\":{\"@id\":\"https:\\\/\\\/www.santanyi.net\\\/ca\\\/#website\"},\"primaryImageOfPage\":{\"@id\":\"https:\\\/\\\/www.santanyi.net\\\/ca\\\/property\\\/comodo-piso-en-1aplanta-con-gran-terraza-en-zona-muy-tranquila-de-ses-salines\\\/#primaryimage\"},\"image\":{\"@id\":\"https:\\\/\\\/www.santanyi.net\\\/ca\\\/property\\\/comodo-piso-en-1aplanta-con-gran-terraza-en-zona-muy-tranquila-de-ses-salines\\\/#primaryimage\"},\"thumbnailUrl\":\"https:\\\/\\\/www.santanyi.net\\\/wp-content\\\/uploads\\\/anaconda_property_media\\\/24621051-194138\\\/3-1.jpg\",\"datePublished\":\"2026-04-30T15:00:36+00:00\",\"dateModified\":\"2026-05-01T06:04:05+00:00\",\"breadcrumb\":{\"@id\":\"https:\\\/\\\/www.santanyi.net\\\/ca\\\/property\\\/comodo-piso-en-1aplanta-con-gran-terraza-en-zona-muy-tranquila-de-ses-salines\\\/#breadcrumb\"},\"inLanguage\":\"ca\",\"potentialAction\":[{\"@type\":\"ReadAction\",\"target\":[\"https:\\\/\\\/www.santanyi.net\\\/ca\\\/property\\\/comodo-piso-en-1aplanta-con-gran-terraza-en-zona-muy-tranquila-de-ses-salines\\\/\"]}]},{\"@type\":\"ImageObject\",\"inLanguage\":\"ca\",\"@id\":\"https:\\\/\\\/www.santanyi.net\\\/ca\\\/property\\\/comodo-piso-en-1aplanta-con-gran-terraza-en-zona-muy-tranquila-de-ses-salines\\\/#primaryimage\",\"url\":\"https:\\\/\\\/www.santanyi.net\\\/wp-content\\\/uploads\\\/anaconda_property_media\\\/24621051-194138\\\/3-1.jpg\",\"contentUrl\":\"https:\\\/\\\/www.santanyi.net\\\/wp-content\\\/uploads\\\/anaconda_property_media\\\/24621051-194138\\\/3-1.jpg\",\"width\":800,\"height\":450},{\"@type\":\"BreadcrumbList\",\"@id\":\"https:\\\/\\\/www.santanyi.net\\\/ca\\\/property\\\/comodo-piso-en-1aplanta-con-gran-terraza-en-zona-muy-tranquila-de-ses-salines\\\/#breadcrumb\",\"itemListElement\":[{\"@type\":\"ListItem\",\"position\":1,\"name\":\"Home\",\"item\":\"https:\\\/\\\/www.santanyi.net\\\/ca\\\/\"},{\"@type\":\"ListItem\",\"position\":2,\"name\":\"Properties\",\"item\":\"https:\\\/\\\/www.santanyi.net\\\/ca\\\/property\\\/\"},{\"@type\":\"ListItem\",\"position\":3,\"name\":\"C\u00f3modo piso en 1\u00aaplanta con gran terraza en zona muy tranquila de Ses Salines\"}]},{\"@type\":\"WebSite\",\"@id\":\"https:\\\/\\\/www.santanyi.net\\\/ca\\\/#website\",\"url\":\"https:\\\/\\\/www.santanyi.net\\\/ca\\\/\",\"name\":\"RE\\\/MAX Drac\",\"description\":\"\",\"publisher\":{\"@id\":\"https:\\\/\\\/www.santanyi.net\\\/ca\\\/#organization\"},\"potentialAction\":[{\"@type\":\"SearchAction\",\"target\":{\"@type\":\"EntryPoint\",\"urlTemplate\":\"https:\\\/\\\/www.santanyi.net\\\/ca\\\/?s={search_term_string}\"},\"query-input\":{\"@type\":\"PropertyValueSpecification\",\"valueRequired\":true,\"valueName\":\"search_term_string\"}}],\"inLanguage\":\"ca\"},{\"@type\":\"Organization\",\"@id\":\"https:\\\/\\\/www.santanyi.net\\\/ca\\\/#organization\",\"name\":\"RE\\\/MAX Drac\",\"url\":\"https:\\\/\\\/www.santanyi.net\\\/ca\\\/\",\"logo\":{\"@type\":\"ImageObject\",\"inLanguage\":\"ca\",\"@id\":\"https:\\\/\\\/www.santanyi.net\\\/ca\\\/#\\\/schema\\\/logo\\\/image\\\/\",\"url\":\"https:\\\/\\\/www.santanyi.net\\\/wp-content\\\/uploads\\\/2025\\\/07\\\/logo-nuevo.png\",\"contentUrl\":\"https:\\\/\\\/www.santanyi.net\\\/wp-content\\\/uploads\\\/2025\\\/07\\\/logo-nuevo.png\",\"width\":295,\"height\":165,\"caption\":\"RE\\\/MAX Drac\"},\"image\":{\"@id\":\"https:\\\/\\\/www.santanyi.net\\\/ca\\\/#\\\/schema\\\/logo\\\/image\\\/\"}}]}<\/script>\n<!-- \/ Yoast SEO plugin. -->","yoast_head_json":{"title":"C\u00f3modo piso en 1\u00aaplanta con gran terraza en zona muy tranquila de Ses Salines - RE\/MAX Drac","robots":{"index":"index","follow":"follow","max-snippet":"max-snippet:-1","max-image-preview":"max-image-preview:large","max-video-preview":"max-video-preview:-1"},"canonical":"https:\/\/www.santanyi.net\/ca\/property\/comodo-piso-en-1aplanta-con-gran-terraza-en-zona-muy-tranquila-de-ses-salines\/","og_locale":"ca_ES","og_type":"article","og_title":"C\u00f3modo piso en 1\u00aaplanta con gran terraza en zona muy tranquila de Ses Salines - RE\/MAX Drac","og_description":"Pis Llumin\u00f3s a Ses Salines, Ideal per als Amants del Confort i la Tranquil\u00b7litatSituat en una zona molt tranquil\u00b7la, aquest pis ofereix la combinaci\u00f3 perfecta entre comoditat moderna i un entorn tranquil. A nom\u00e9s 10 minuts de les millors platges de Mallorca i del bonic poble de Santany\u00ed, i a 40 minuts de Palma.Detalls de [&hellip;]","og_url":"https:\/\/www.santanyi.net\/ca\/property\/comodo-piso-en-1aplanta-con-gran-terraza-en-zona-muy-tranquila-de-ses-salines\/","og_site_name":"RE\/MAX Drac","article_modified_time":"2026-05-01T06:04:05+00:00","og_image":[{"width":800,"height":450,"url":"https:\/\/www.santanyi.net\/wp-content\/uploads\/anaconda_property_media\/24621051-194138\/3-1.jpg","type":"image\/jpeg"}],"twitter_card":"summary_large_image","twitter_misc":{"Temps estimat de lectura":"1 minut"},"schema":{"@context":"https:\/\/schema.org","@graph":[{"@type":"WebPage","@id":"https:\/\/www.santanyi.net\/ca\/property\/comodo-piso-en-1aplanta-con-gran-terraza-en-zona-muy-tranquila-de-ses-salines\/","url":"https:\/\/www.santanyi.net\/ca\/property\/comodo-piso-en-1aplanta-con-gran-terraza-en-zona-muy-tranquila-de-ses-salines\/","name":"C\u00f3modo piso en 1\u00aaplanta con gran terraza en zona muy tranquila de Ses Salines - RE\/MAX Drac","isPartOf":{"@id":"https:\/\/www.santanyi.net\/ca\/#website"},"primaryImageOfPage":{"@id":"https:\/\/www.santanyi.net\/ca\/property\/comodo-piso-en-1aplanta-con-gran-terraza-en-zona-muy-tranquila-de-ses-salines\/#primaryimage"},"image":{"@id":"https:\/\/www.santanyi.net\/ca\/property\/comodo-piso-en-1aplanta-con-gran-terraza-en-zona-muy-tranquila-de-ses-salines\/#primaryimage"},"thumbnailUrl":"https:\/\/www.santanyi.net\/wp-content\/uploads\/anaconda_property_media\/24621051-194138\/3-1.jpg","datePublished":"2026-04-30T15:00:36+00:00","dateModified":"2026-05-01T06:04:05+00:00","breadcrumb":{"@id":"https:\/\/www.santanyi.net\/ca\/property\/comodo-piso-en-1aplanta-con-gran-terraza-en-zona-muy-tranquila-de-ses-salines\/#breadcrumb"},"inLanguage":"ca","potentialAction":[{"@type":"ReadAction","target":["https:\/\/www.santanyi.net\/ca\/property\/comodo-piso-en-1aplanta-con-gran-terraza-en-zona-muy-tranquila-de-ses-salines\/"]}]},{"@type":"ImageObject","inLanguage":"ca","@id":"https:\/\/www.santanyi.net\/ca\/property\/comodo-piso-en-1aplanta-con-gran-terraza-en-zona-muy-tranquila-de-ses-salines\/#primaryimage","url":"https:\/\/www.santanyi.net\/wp-content\/uploads\/anaconda_property_media\/24621051-194138\/3-1.jpg","contentUrl":"https:\/\/www.santanyi.net\/wp-content\/uploads\/anaconda_property_media\/24621051-194138\/3-1.jpg","width":800,"height":450},{"@type":"BreadcrumbList","@id":"https:\/\/www.santanyi.net\/ca\/property\/comodo-piso-en-1aplanta-con-gran-terraza-en-zona-muy-tranquila-de-ses-salines\/#breadcrumb","itemListElement":[{"@type":"ListItem","position":1,"name":"Home","item":"https:\/\/www.santanyi.net\/ca\/"},{"@type":"ListItem","position":2,"name":"Properties","item":"https:\/\/www.santanyi.net\/ca\/property\/"},{"@type":"ListItem","position":3,"name":"C\u00f3modo piso en 1\u00aaplanta con gran terraza en zona muy tranquila de Ses Salines"}]},{"@type":"WebSite","@id":"https:\/\/www.santanyi.net\/ca\/#website","url":"https:\/\/www.santanyi.net\/ca\/","name":"RE\/MAX Drac","description":"","publisher":{"@id":"https:\/\/www.santanyi.net\/ca\/#organization"},"potentialAction":[{"@type":"SearchAction","target":{"@type":"EntryPoint","urlTemplate":"https:\/\/www.santanyi.net\/ca\/?s={search_term_string}"},"query-input":{"@type":"PropertyValueSpecification","valueRequired":true,"valueName":"search_term_string"}}],"inLanguage":"ca"},{"@type":"Organization","@id":"https:\/\/www.santanyi.net\/ca\/#organization","name":"RE\/MAX Drac","url":"https:\/\/www.santanyi.net\/ca\/","logo":{"@type":"ImageObject","inLanguage":"ca","@id":"https:\/\/www.santanyi.net\/ca\/#\/schema\/logo\/image\/","url":"https:\/\/www.santanyi.net\/wp-content\/uploads\/2025\/07\/logo-nuevo.png","contentUrl":"https:\/\/www.santanyi.net\/wp-content\/uploads\/2025\/07\/logo-nuevo.png","width":295,"height":165,"caption":"RE\/MAX Drac"},"image":{"@id":"https:\/\/www.santanyi.net\/ca\/#\/schema\/logo\/image\/"}}]}},"_links":{"self":[{"href":"https:\/\/www.santanyi.net\/ca\/wp-json\/wp\/v2\/properties\/194144","targetHints":{"allow":["GET"]}}],"collection":[{"href":"https:\/\/www.santanyi.net\/ca\/wp-json\/wp\/v2\/properties"}],"about":[{"href":"https:\/\/www.santanyi.net\/ca\/wp-json\/wp\/v2\/types\/property"}],"author":[{"embeddable":true,"href":"https:\/\/www.santanyi.net\/ca\/wp-json\/wp\/v2\/users\/1"}],"version-history":[{"count":1,"href":"https:\/\/www.santanyi.net\/ca\/wp-json\/wp\/v2\/properties\/194144\/revisions"}],"predecessor-version":[{"id":195200,"href":"https:\/\/www.santanyi.net\/ca\/wp-json\/wp\/v2\/properties\/194144\/revisions\/195200"}],"wp:featuredmedia":[{"embeddable":true,"href":"https:\/\/www.santanyi.net\/ca\/wp-json\/wp\/v2\/media\/194139"}],"wp:attachment":[{"href":"https:\/\/www.santanyi.net\/ca\/wp-json\/wp\/v2\/media?parent=194144"}],"wp:term":[{"taxonomy":"property_type","embeddable":true,"href":"https:\/\/www.santanyi.net\/ca\/wp-json\/wp\/v2\/property_type?post=194144"},{"taxonomy":"property_status","embeddable":true,"href":"https:\/\/www.santanyi.net\/ca\/wp-json\/wp\/v2\/property_status?post=194144"},{"taxonomy":"property_feature","embeddable":true,"href":"https:\/\/www.santanyi.net\/ca\/wp-json\/wp\/v2\/property_feature?post=194144"},{"taxonomy":"property_label","embeddable":true,"href":"https:\/\/www.santanyi.net\/ca\/wp-json\/wp\/v2\/property_label?post=194144"},{"taxonomy":"property_country","embeddable":true,"href":"https:\/\/www.santanyi.net\/ca\/wp-json\/wp\/v2\/property_country?post=194144"},{"taxonomy":"property_state","embeddable":true,"href":"https:\/\/www.santanyi.net\/ca\/wp-json\/wp\/v2\/property_state?post=194144"},{"taxonomy":"property_city","embeddable":true,"href":"https:\/\/www.santanyi.net\/ca\/wp-json\/wp\/v2\/property_city?post=194144"},{"taxonomy":"property_area","embeddable":true,"href":"https:\/\/www.santanyi.net\/ca\/wp-json\/wp\/v2\/property_area?post=194144"}],"curies":[{"name":"wp","href":"https:\/\/api.w.org\/{rel}","templated":true}]}}