
{"id":194136,"date":"2026-04-30T15:00:32","date_gmt":"2026-04-30T15:00:32","guid":{"rendered":"https:\/\/www.santanyi.net\/property\/preciosa-casa-adossada-lluminosa-i-sense-mobles-a-la-primera-planta-amb-4-habitacions-gran-terrassa-jardi-i-garatge-a-santanyi\/"},"modified":"2026-05-01T06:04:03","modified_gmt":"2026-05-01T06:04:03","slug":"preciosa-casa-adossada-lluminosa-i-sense-mobles-a-la-primera-planta-amb-4-habitacions-gran-terrassa-jardi-i-garatge-a-santanyi-2","status":"publish","type":"property","link":"https:\/\/www.santanyi.net\/ca\/property\/preciosa-casa-adossada-lluminosa-i-sense-mobles-a-la-primera-planta-amb-4-habitacions-gran-terrassa-jardi-i-garatge-a-santanyi-2\/","title":{"rendered":"Preciosa casa adossada, lluminosa i sense mobles, a la primera planta, amb 4 habitacions, gran terrassa, jard\u00ed i garatge a Santany\u00ed."},"content":{"rendered":"<p>Aquesta encantadora propietat al cor de Santany\u00ed \u00e9s un apartament a la primera planta amb una distribuci\u00f3 pr\u00e0ctica que compta amb tres habitacions dobles i una habitaci\u00f3 individual. Ofereix la comoditat d&#8217;un bany amb dutxa i una cuina totalment equipada (sense nevera) amb acc\u00e9s a una impressionant terrassa coberta amb vistes al barri i al jard\u00ed. Gr\u00e0cies a la seva orientaci\u00f3 \u00f2ptima, l&#8217;apartament est\u00e0 inundat de llum natural i tamb\u00e9 disposa d&#8217;aire condicionat. La zona exterior \u00e9s igualment atractiva: un jard\u00ed ben cuidat convida a relaxar-se, i l&#8217;espai\u00f3s garatge ofereix aparcament per a dos o tres vehicles, un luxe especialment valu\u00f3s els dies de mercat a Santany\u00ed. La planta baixa es pot llogar per 600 \u20ac addicionals al mes, cosa que us permet adaptar l&#8217;espai habitable a les vostres necessitats personals o familiars. Tingueu en compte, per\u00f2, que NOM\u00c9S EST\u00c0 DISPONIBLE COM A SEGONA RESIDEN\u00c7A I NO COM A RESID\u00c8NCIA PRINCIPAL! Per a la seva comoditat i per a m\u00e9s informaci\u00f3 sobre el lloguer, si us plau, contacti amb nosaltres exclusivament per correu electr\u00f2nic, especificant el per\u00edode de lloguer desitjat i el nombre total de persones, inclosos els nens i les mascotes. Gr\u00e0cies.<\/p>\n","protected":false},"excerpt":{"rendered":"<p>Aquesta encantadora propietat al cor de Santany\u00ed \u00e9s un apartament a la primera planta amb una distribuci\u00f3 pr\u00e0ctica que compta amb tres habitacions dobles i una habitaci\u00f3 individual. Ofereix la comoditat d&#8217;un bany amb dutxa i una cuina totalment equipada (sense nevera) amb acc\u00e9s a una impressionant terrassa coberta amb vistes al barri i al [&hellip;]<\/p>\n","protected":false},"author":1,"featured_media":194131,"parent":0,"menu_order":0,"template":"","property_type":[2173],"property_status":[2135,2140],"property_feature":[1765,1799,1801,1870,1853,1960,1964,1871,1872,1903,1905,1805,1806,1810,1895,1897],"property_label":[],"property_country":[],"property_state":[],"property_city":[635],"property_area":[636],"class_list":["post-194136","property","type-property","status-publish","has-post-thumbnail","hentry","property_type-piso-ca","property_status-alquilar","property_status-alquilar-ca","property_feature-aire_con","property_feature-aire_con-ca","property_feature-arboles-ca","property_feature-balcon-ca","property_feature-balcon","property_feature-centros_comerciales","property_feature-centros_comerciales-ca","property_feature-cocina_inde-ca","property_feature-colegios-ca","property_feature-despensa","property_feature-despensa-ca","property_feature-electro-ca","property_feature-jardin-ca","property_feature-parking-ca","property_feature-patio-ca","property_feature-terraza-ca","property_city-santanyi","property_area-santanyi"],"acf":[],"property_meta":{"_apg_property_user_edited":["1"],"fave_property_id":["AA1539YK"],"fave_property_location":["39.353489444757,3.1306646738908,15"],"houzez_geolocation_lat":["39.353489444757"],"houzez_geolocation_long":["3.1306646738908"],"fave_property_price":["1800"],"fave_property_rent_or_sale":["rent"],"fave_property_year":[null],"fave_property_size_prefix":["m2"],"fave_property_land_postfix":["m2"],"fave_property_size":["284"],"fave_property_bedrooms":["4"],"fave_property_bathrooms":["1"],"fave_property_garage":["2"],"fave_property_map_address":["Santany\u00ed, 07650 Santany\u00ed"],"fave_property_address":[" , Santany\u00ed 07650"],"fave_property_zip":["07650"],"fave_property_postal_code":["07650"],"fave_property_map":["1"],"apg_is_using_remote_image_url":["1"],"apg_using_remote_image_urls":["[{\"multimedia_type\":\"Picture\",\"picture_url\":\"https:\/\/fotos15.inmovilla.com\/12732\/28906424\/7-1.jpg\",\"position\":1,\"picture_id\":1,\"media_id\":142920,\"post_id\":194130,\"id\":1,\"attachment_id\":0,\"url\":\"https:\/\/fotos15.inmovilla.com\/12732\/28906424\/7-1.jpg\",\"basename\":\"7-1.jpg\",\"created_date\":\"2026-04-30 15:00:33\",\"is_downloaded\":0,\"is_using_remote\":0},{\"multimedia_type\":\"Picture\",\"picture_url\":\"https:\/\/fotos15.inmovilla.com\/12732\/28906424\/7-2.jpg\",\"position\":2,\"picture_id\":2,\"media_id\":142921,\"post_id\":194130,\"id\":2,\"attachment_id\":0,\"url\":\"https:\/\/fotos15.inmovilla.com\/12732\/28906424\/7-2.jpg\",\"basename\":\"7-2.jpg\",\"created_date\":\"2026-04-30 15:00:33\",\"is_downloaded\":0,\"is_using_remote\":1},{\"multimedia_type\":\"Picture\",\"picture_url\":\"https:\/\/fotos15.inmovilla.com\/12732\/28906424\/7-3.jpg\",\"position\":3,\"picture_id\":3,\"media_id\":142922,\"post_id\":194130,\"id\":3,\"attachment_id\":0,\"url\":\"https:\/\/fotos15.inmovilla.com\/12732\/28906424\/7-3.jpg\",\"basename\":\"7-3.jpg\",\"created_date\":\"2026-04-30 15:00:33\",\"is_downloaded\":0,\"is_using_remote\":1},{\"multimedia_type\":\"Picture\",\"picture_url\":\"https:\/\/fotos15.inmovilla.com\/12732\/28906424\/7-4.jpg\",\"position\":4,\"picture_id\":4,\"media_id\":142923,\"post_id\":194130,\"id\":4,\"attachment_id\":0,\"url\":\"https:\/\/fotos15.inmovilla.com\/12732\/28906424\/7-4.jpg\",\"basename\":\"7-4.jpg\",\"created_date\":\"2026-04-30 15:00:33\",\"is_downloaded\":0,\"is_using_remote\":1},{\"multimedia_type\":\"Picture\",\"picture_url\":\"https:\/\/fotos15.inmovilla.com\/12732\/28906424\/7-5.jpg\",\"position\":5,\"picture_id\":5,\"media_id\":142924,\"post_id\":194130,\"id\":5,\"attachment_id\":0,\"url\":\"https:\/\/fotos15.inmovilla.com\/12732\/28906424\/7-5.jpg\",\"basename\":\"7-5.jpg\",\"created_date\":\"2026-04-30 15:00:33\",\"is_downloaded\":0,\"is_using_remote\":1},{\"multimedia_type\":\"Picture\",\"picture_url\":\"https:\/\/fotos15.inmovilla.com\/12732\/28906424\/7-6.jpg\",\"position\":6,\"picture_id\":6,\"media_id\":142925,\"post_id\":194130,\"id\":6,\"attachment_id\":0,\"url\":\"https:\/\/fotos15.inmovilla.com\/12732\/28906424\/7-6.jpg\",\"basename\":\"7-6.jpg\",\"created_date\":\"2026-04-30 15:00:33\",\"is_downloaded\":0,\"is_using_remote\":1},{\"multimedia_type\":\"Picture\",\"picture_url\":\"https:\/\/fotos15.inmovilla.com\/12732\/28906424\/7-7.jpg\",\"position\":7,\"picture_id\":7,\"media_id\":142926,\"post_id\":194130,\"id\":7,\"attachment_id\":0,\"url\":\"https:\/\/fotos15.inmovilla.com\/12732\/28906424\/7-7.jpg\",\"basename\":\"7-7.jpg\",\"created_date\":\"2026-04-30 15:00:33\",\"is_downloaded\":0,\"is_using_remote\":1},{\"multimedia_type\":\"Picture\",\"picture_url\":\"https:\/\/fotos15.inmovilla.com\/12732\/28906424\/7-8.jpg\",\"position\":8,\"picture_id\":8,\"media_id\":142927,\"post_id\":194130,\"id\":8,\"attachment_id\":0,\"url\":\"https:\/\/fotos15.inmovilla.com\/12732\/28906424\/7-8.jpg\",\"basename\":\"7-8.jpg\",\"created_date\":\"2026-04-30 15:00:33\",\"is_downloaded\":0,\"is_using_remote\":1},{\"multimedia_type\":\"Picture\",\"picture_url\":\"https:\/\/fotos15.inmovilla.com\/12732\/28906424\/7-9.jpg\",\"position\":9,\"picture_id\":9,\"media_id\":142928,\"post_id\":194130,\"id\":9,\"attachment_id\":0,\"url\":\"https:\/\/fotos15.inmovilla.com\/12732\/28906424\/7-9.jpg\",\"basename\":\"7-9.jpg\",\"created_date\":\"2026-04-30 15:00:33\",\"is_downloaded\":0,\"is_using_remote\":1},{\"multimedia_type\":\"Picture\",\"picture_url\":\"https:\/\/fotos15.inmovilla.com\/12732\/28906424\/7-10.jpg\",\"position\":10,\"picture_id\":10,\"media_id\":142929,\"post_id\":194130,\"id\":10,\"attachment_id\":0,\"url\":\"https:\/\/fotos15.inmovilla.com\/12732\/28906424\/7-10.jpg\",\"basename\":\"7-10.jpg\",\"created_date\":\"2026-04-30 15:00:33\",\"is_downloaded\":0,\"is_using_remote\":1},{\"multimedia_type\":\"Picture\",\"picture_url\":\"https:\/\/fotos15.inmovilla.com\/12732\/28906424\/7-11.jpg\",\"position\":11,\"picture_id\":11,\"media_id\":142930,\"post_id\":194130,\"id\":11,\"attachment_id\":0,\"url\":\"https:\/\/fotos15.inmovilla.com\/12732\/28906424\/7-11.jpg\",\"basename\":\"7-11.jpg\",\"created_date\":\"2026-04-30 15:00:33\",\"is_downloaded\":0,\"is_using_remote\":1},{\"multimedia_type\":\"Picture\",\"picture_url\":\"https:\/\/fotos15.inmovilla.com\/12732\/28906424\/7-12.jpg\",\"position\":12,\"picture_id\":12,\"media_id\":142931,\"post_id\":194130,\"id\":12,\"attachment_id\":0,\"url\":\"https:\/\/fotos15.inmovilla.com\/12732\/28906424\/7-12.jpg\",\"basename\":\"7-12.jpg\",\"created_date\":\"2026-04-30 15:00:33\",\"is_downloaded\":0,\"is_using_remote\":1},{\"multimedia_type\":\"Picture\",\"picture_url\":\"https:\/\/fotos15.inmovilla.com\/12732\/28906424\/7-13.jpg\",\"position\":13,\"picture_id\":13,\"media_id\":142932,\"post_id\":194130,\"id\":13,\"attachment_id\":0,\"url\":\"https:\/\/fotos15.inmovilla.com\/12732\/28906424\/7-13.jpg\",\"basename\":\"7-13.jpg\",\"created_date\":\"2026-04-30 15:00:33\",\"is_downloaded\":0,\"is_using_remote\":1},{\"multimedia_type\":\"Picture\",\"picture_url\":\"https:\/\/fotos15.inmovilla.com\/12732\/28906424\/7-14.jpg\",\"position\":14,\"picture_id\":14,\"media_id\":142933,\"post_id\":194130,\"id\":14,\"attachment_id\":0,\"url\":\"https:\/\/fotos15.inmovilla.com\/12732\/28906424\/7-14.jpg\",\"basename\":\"7-14.jpg\",\"created_date\":\"2026-04-30 15:00:33\",\"is_downloaded\":0,\"is_using_remote\":1},{\"multimedia_type\":\"Picture\",\"picture_url\":\"https:\/\/fotos15.inmovilla.com\/12732\/28906424\/7-15.jpg\",\"position\":15,\"picture_id\":15,\"media_id\":142934,\"post_id\":194130,\"id\":15,\"attachment_id\":0,\"url\":\"https:\/\/fotos15.inmovilla.com\/12732\/28906424\/7-15.jpg\",\"basename\":\"7-15.jpg\",\"created_date\":\"2026-04-30 15:00:33\",\"is_downloaded\":0,\"is_using_remote\":1},{\"multimedia_type\":\"Picture\",\"picture_url\":\"https:\/\/fotos15.inmovilla.com\/12732\/28906424\/7-16.jpg\",\"position\":16,\"picture_id\":16,\"media_id\":142935,\"post_id\":194130,\"id\":16,\"attachment_id\":0,\"url\":\"https:\/\/fotos15.inmovilla.com\/12732\/28906424\/7-16.jpg\",\"basename\":\"7-16.jpg\",\"created_date\":\"2026-04-30 15:00:33\",\"is_downloaded\":0,\"is_using_remote\":1},{\"multimedia_type\":\"Picture\",\"picture_url\":\"https:\/\/fotos15.inmovilla.com\/12732\/28906424\/7-17.jpg\",\"position\":17,\"picture_id\":17,\"media_id\":142936,\"post_id\":194130,\"id\":17,\"attachment_id\":0,\"url\":\"https:\/\/fotos15.inmovilla.com\/12732\/28906424\/7-17.jpg\",\"basename\":\"7-17.jpg\",\"created_date\":\"2026-04-30 15:00:33\",\"is_downloaded\":0,\"is_using_remote\":1},{\"multimedia_type\":\"Picture\",\"picture_url\":\"https:\/\/fotos15.inmovilla.com\/12732\/28906424\/7-18.jpg\",\"position\":18,\"picture_id\":18,\"media_id\":142937,\"post_id\":194130,\"id\":18,\"attachment_id\":0,\"url\":\"https:\/\/fotos15.inmovilla.com\/12732\/28906424\/7-18.jpg\",\"basename\":\"7-18.jpg\",\"created_date\":\"2026-04-30 15:00:33\",\"is_downloaded\":0,\"is_using_remote\":1},{\"multimedia_type\":\"Picture\",\"picture_url\":\"https:\/\/fotos15.inmovilla.com\/12732\/28906424\/7-19.jpg\",\"position\":19,\"picture_id\":19,\"media_id\":142938,\"post_id\":194130,\"id\":19,\"attachment_id\":0,\"url\":\"https:\/\/fotos15.inmovilla.com\/12732\/28906424\/7-19.jpg\",\"basename\":\"7-19.jpg\",\"created_date\":\"2026-04-30 15:00:33\",\"is_downloaded\":0,\"is_using_remote\":1},{\"multimedia_type\":\"Picture\",\"picture_url\":\"https:\/\/fotos15.inmovilla.com\/12732\/28906424\/7-20.jpg\",\"position\":20,\"picture_id\":20,\"media_id\":142939,\"post_id\":194130,\"id\":20,\"attachment_id\":0,\"url\":\"https:\/\/fotos15.inmovilla.com\/12732\/28906424\/7-20.jpg\",\"basename\":\"7-20.jpg\",\"created_date\":\"2026-04-30 15:00:33\",\"is_downloaded\":0,\"is_using_remote\":1},{\"multimedia_type\":\"Picture\",\"picture_url\":\"https:\/\/fotos15.inmovilla.com\/12732\/28906424\/7-21.jpg\",\"position\":21,\"picture_id\":21,\"media_id\":142940,\"post_id\":194130,\"id\":21,\"attachment_id\":0,\"url\":\"https:\/\/fotos15.inmovilla.com\/12732\/28906424\/7-21.jpg\",\"basename\":\"7-21.jpg\",\"created_date\":\"2026-04-30 15:00:33\",\"is_downloaded\":0,\"is_using_remote\":1},{\"multimedia_type\":\"Picture\",\"picture_url\":\"https:\/\/fotos15.inmovilla.com\/12732\/28906424\/7-22.jpg\",\"position\":22,\"picture_id\":22,\"media_id\":142941,\"post_id\":194130,\"id\":22,\"attachment_id\":0,\"url\":\"https:\/\/fotos15.inmovilla.com\/12732\/28906424\/7-22.jpg\",\"basename\":\"7-22.jpg\",\"created_date\":\"2026-04-30 15:00:33\",\"is_downloaded\":0,\"is_using_remote\":1},{\"multimedia_type\":\"Picture\",\"picture_url\":\"https:\/\/fotos15.inmovilla.com\/12732\/28906424\/7-23.jpg\",\"position\":23,\"picture_id\":23,\"media_id\":142942,\"post_id\":194130,\"id\":23,\"attachment_id\":0,\"url\":\"https:\/\/fotos15.inmovilla.com\/12732\/28906424\/7-23.jpg\",\"basename\":\"7-23.jpg\",\"created_date\":\"2026-04-30 15:00:33\",\"is_downloaded\":0,\"is_using_remote\":1},{\"multimedia_type\":\"Picture\",\"picture_url\":\"https:\/\/fotos15.inmovilla.com\/12732\/28906424\/7-24.jpg\",\"position\":24,\"picture_id\":24,\"media_id\":142943,\"post_id\":194130,\"id\":24,\"attachment_id\":0,\"url\":\"https:\/\/fotos15.inmovilla.com\/12732\/28906424\/7-24.jpg\",\"basename\":\"7-24.jpg\",\"created_date\":\"2026-04-30 15:00:33\",\"is_downloaded\":0,\"is_using_remote\":1},{\"multimedia_type\":\"Picture\",\"picture_url\":\"https:\/\/fotos15.inmovilla.com\/12732\/28906424\/7-25.jpg\",\"position\":25,\"picture_id\":25,\"media_id\":142944,\"post_id\":194130,\"id\":25,\"attachment_id\":0,\"url\":\"https:\/\/fotos15.inmovilla.com\/12732\/28906424\/7-25.jpg\",\"basename\":\"7-25.jpg\",\"created_date\":\"2026-04-30 15:00:33\",\"is_downloaded\":0,\"is_using_remote\":1},{\"multimedia_type\":\"Picture\",\"picture_url\":\"https:\/\/fotos15.inmovilla.com\/12732\/28906424\/7-26.jpg\",\"position\":26,\"picture_id\":26,\"media_id\":142945,\"post_id\":194130,\"id\":26,\"attachment_id\":0,\"url\":\"https:\/\/fotos15.inmovilla.com\/12732\/28906424\/7-26.jpg\",\"basename\":\"7-26.jpg\",\"created_date\":\"2026-04-30 15:00:33\",\"is_downloaded\":0,\"is_using_remote\":1},{\"multimedia_type\":\"Picture\",\"picture_url\":\"https:\/\/fotos15.inmovilla.com\/12732\/28906424\/7-27.jpg\",\"position\":27,\"picture_id\":27,\"media_id\":142946,\"post_id\":194130,\"id\":27,\"attachment_id\":0,\"url\":\"https:\/\/fotos15.inmovilla.com\/12732\/28906424\/7-27.jpg\",\"basename\":\"7-27.jpg\",\"created_date\":\"2026-04-30 15:00:33\",\"is_downloaded\":0,\"is_using_remote\":1},{\"multimedia_type\":\"Picture\",\"picture_url\":\"https:\/\/fotos15.inmovilla.com\/12732\/28906424\/7-28.jpg\",\"position\":28,\"picture_id\":28,\"media_id\":142947,\"post_id\":194130,\"id\":28,\"attachment_id\":0,\"url\":\"https:\/\/fotos15.inmovilla.com\/12732\/28906424\/7-28.jpg\",\"basename\":\"7-28.jpg\",\"created_date\":\"2026-04-30 15:00:33\",\"is_downloaded\":0,\"is_using_remote\":1},{\"multimedia_type\":\"Picture\",\"picture_url\":\"https:\/\/fotos15.inmovilla.com\/12732\/28906424\/7-29.jpg\",\"position\":29,\"picture_id\":29,\"media_id\":142948,\"post_id\":194130,\"id\":29,\"attachment_id\":0,\"url\":\"https:\/\/fotos15.inmovilla.com\/12732\/28906424\/7-29.jpg\",\"basename\":\"7-29.jpg\",\"created_date\":\"2026-04-30 15:00:33\",\"is_downloaded\":0,\"is_using_remote\":1},{\"multimedia_type\":\"Picture\",\"picture_url\":\"https:\/\/fotos15.inmovilla.com\/12732\/28906424\/7-30.jpg\",\"position\":30,\"picture_id\":30,\"media_id\":142949,\"post_id\":194130,\"id\":30,\"attachment_id\":0,\"url\":\"https:\/\/fotos15.inmovilla.com\/12732\/28906424\/7-30.jpg\",\"basename\":\"7-30.jpg\",\"created_date\":\"2026-04-30 15:00:33\",\"is_downloaded\":0,\"is_using_remote\":1}]"],"_thumbnail_id":["194131"],"fave_property_images":["194131"],"apg_property_id":["28906424"],"_wpml_word_count":["227"],"_eael_post_view_count":["4"],"houzez_recently_viewed":["2026-05-01 13:33:06"],"houzez_total_property_views":["4"],"houzez_views_by_date":["a:2:{s:10:\"04-30-2026\";i:1;s:10:\"05-01-2026\";i:3;}"],"_elementor_page_assets":["a:0:{}"]},"yoast_head":"<!-- This site is optimized with the Yoast SEO plugin v27.5 - https:\/\/yoast.com\/product\/yoast-seo-wordpress\/ -->\n<title>Preciosa casa adossada, lluminosa i sense mobles, a la primera planta, amb 4 habitacions, gran terrassa, jard\u00ed i garatge a Santany\u00ed. - RE\/MAX Drac<\/title>\n<meta name=\"robots\" content=\"index, follow, max-snippet:-1, max-image-preview:large, max-video-preview:-1\" \/>\n<link rel=\"canonical\" href=\"https:\/\/www.santanyi.net\/ca\/property\/preciosa-casa-adossada-lluminosa-i-sense-mobles-a-la-primera-planta-amb-4-habitacions-gran-terrassa-jardi-i-garatge-a-santanyi-2\/\" \/>\n<meta property=\"og:locale\" content=\"ca_ES\" \/>\n<meta property=\"og:type\" content=\"article\" \/>\n<meta property=\"og:title\" content=\"Preciosa casa adossada, lluminosa i sense mobles, a la primera planta, amb 4 habitacions, gran terrassa, jard\u00ed i garatge a Santany\u00ed. - RE\/MAX Drac\" \/>\n<meta property=\"og:description\" content=\"Aquesta encantadora propietat al cor de Santany\u00ed \u00e9s un apartament a la primera planta amb una distribuci\u00f3 pr\u00e0ctica que compta amb tres habitacions dobles i una habitaci\u00f3 individual. Ofereix la comoditat d&#8217;un bany amb dutxa i una cuina totalment equipada (sense nevera) amb acc\u00e9s a una impressionant terrassa coberta amb vistes al barri i al [&hellip;]\" \/>\n<meta property=\"og:url\" content=\"https:\/\/www.santanyi.net\/ca\/property\/preciosa-casa-adossada-lluminosa-i-sense-mobles-a-la-primera-planta-amb-4-habitacions-gran-terrassa-jardi-i-garatge-a-santanyi-2\/\" \/>\n<meta property=\"og:site_name\" content=\"RE\/MAX Drac\" \/>\n<meta property=\"article:modified_time\" content=\"2026-05-01T06:04:03+00:00\" \/>\n<meta property=\"og:image\" content=\"https:\/\/www.santanyi.net\/wp-content\/uploads\/anaconda_property_media\/28906424-194130\/7-1.jpg\" \/>\n\t<meta property=\"og:image:width\" content=\"1920\" \/>\n\t<meta property=\"og:image:height\" content=\"1440\" \/>\n\t<meta property=\"og:image:type\" content=\"image\/jpeg\" \/>\n<meta name=\"twitter:card\" content=\"summary_large_image\" \/>\n<meta name=\"twitter:label1\" content=\"Temps estimat de lectura\" \/>\n\t<meta name=\"twitter:data1\" content=\"1 minut\" \/>\n<script type=\"application\/ld+json\" class=\"yoast-schema-graph\">{\"@context\":\"https:\\\/\\\/schema.org\",\"@graph\":[{\"@type\":\"WebPage\",\"@id\":\"https:\\\/\\\/www.santanyi.net\\\/ca\\\/property\\\/preciosa-casa-adossada-lluminosa-i-sense-mobles-a-la-primera-planta-amb-4-habitacions-gran-terrassa-jardi-i-garatge-a-santanyi-2\\\/\",\"url\":\"https:\\\/\\\/www.santanyi.net\\\/ca\\\/property\\\/preciosa-casa-adossada-lluminosa-i-sense-mobles-a-la-primera-planta-amb-4-habitacions-gran-terrassa-jardi-i-garatge-a-santanyi-2\\\/\",\"name\":\"Preciosa casa adossada, lluminosa i sense mobles, a la primera planta, amb 4 habitacions, gran terrassa, jard\u00ed i garatge a Santany\u00ed. - RE\\\/MAX Drac\",\"isPartOf\":{\"@id\":\"https:\\\/\\\/www.santanyi.net\\\/ca\\\/#website\"},\"primaryImageOfPage\":{\"@id\":\"https:\\\/\\\/www.santanyi.net\\\/ca\\\/property\\\/preciosa-casa-adossada-lluminosa-i-sense-mobles-a-la-primera-planta-amb-4-habitacions-gran-terrassa-jardi-i-garatge-a-santanyi-2\\\/#primaryimage\"},\"image\":{\"@id\":\"https:\\\/\\\/www.santanyi.net\\\/ca\\\/property\\\/preciosa-casa-adossada-lluminosa-i-sense-mobles-a-la-primera-planta-amb-4-habitacions-gran-terrassa-jardi-i-garatge-a-santanyi-2\\\/#primaryimage\"},\"thumbnailUrl\":\"https:\\\/\\\/www.santanyi.net\\\/wp-content\\\/uploads\\\/anaconda_property_media\\\/28906424-194130\\\/7-1.jpg\",\"datePublished\":\"2026-04-30T15:00:32+00:00\",\"dateModified\":\"2026-05-01T06:04:03+00:00\",\"breadcrumb\":{\"@id\":\"https:\\\/\\\/www.santanyi.net\\\/ca\\\/property\\\/preciosa-casa-adossada-lluminosa-i-sense-mobles-a-la-primera-planta-amb-4-habitacions-gran-terrassa-jardi-i-garatge-a-santanyi-2\\\/#breadcrumb\"},\"inLanguage\":\"ca\",\"potentialAction\":[{\"@type\":\"ReadAction\",\"target\":[\"https:\\\/\\\/www.santanyi.net\\\/ca\\\/property\\\/preciosa-casa-adossada-lluminosa-i-sense-mobles-a-la-primera-planta-amb-4-habitacions-gran-terrassa-jardi-i-garatge-a-santanyi-2\\\/\"]}]},{\"@type\":\"ImageObject\",\"inLanguage\":\"ca\",\"@id\":\"https:\\\/\\\/www.santanyi.net\\\/ca\\\/property\\\/preciosa-casa-adossada-lluminosa-i-sense-mobles-a-la-primera-planta-amb-4-habitacions-gran-terrassa-jardi-i-garatge-a-santanyi-2\\\/#primaryimage\",\"url\":\"https:\\\/\\\/www.santanyi.net\\\/wp-content\\\/uploads\\\/anaconda_property_media\\\/28906424-194130\\\/7-1.jpg\",\"contentUrl\":\"https:\\\/\\\/www.santanyi.net\\\/wp-content\\\/uploads\\\/anaconda_property_media\\\/28906424-194130\\\/7-1.jpg\",\"width\":1920,\"height\":1440},{\"@type\":\"BreadcrumbList\",\"@id\":\"https:\\\/\\\/www.santanyi.net\\\/ca\\\/property\\\/preciosa-casa-adossada-lluminosa-i-sense-mobles-a-la-primera-planta-amb-4-habitacions-gran-terrassa-jardi-i-garatge-a-santanyi-2\\\/#breadcrumb\",\"itemListElement\":[{\"@type\":\"ListItem\",\"position\":1,\"name\":\"Home\",\"item\":\"https:\\\/\\\/www.santanyi.net\\\/ca\\\/\"},{\"@type\":\"ListItem\",\"position\":2,\"name\":\"Properties\",\"item\":\"https:\\\/\\\/www.santanyi.net\\\/ca\\\/property\\\/\"},{\"@type\":\"ListItem\",\"position\":3,\"name\":\"Preciosa casa adossada, lluminosa i sense mobles, a la primera planta, amb 4 habitacions, gran terrassa, jard\u00ed i garatge a Santany\u00ed.\"}]},{\"@type\":\"WebSite\",\"@id\":\"https:\\\/\\\/www.santanyi.net\\\/ca\\\/#website\",\"url\":\"https:\\\/\\\/www.santanyi.net\\\/ca\\\/\",\"name\":\"RE\\\/MAX Drac\",\"description\":\"\",\"publisher\":{\"@id\":\"https:\\\/\\\/www.santanyi.net\\\/ca\\\/#organization\"},\"potentialAction\":[{\"@type\":\"SearchAction\",\"target\":{\"@type\":\"EntryPoint\",\"urlTemplate\":\"https:\\\/\\\/www.santanyi.net\\\/ca\\\/?s={search_term_string}\"},\"query-input\":{\"@type\":\"PropertyValueSpecification\",\"valueRequired\":true,\"valueName\":\"search_term_string\"}}],\"inLanguage\":\"ca\"},{\"@type\":\"Organization\",\"@id\":\"https:\\\/\\\/www.santanyi.net\\\/ca\\\/#organization\",\"name\":\"RE\\\/MAX Drac\",\"url\":\"https:\\\/\\\/www.santanyi.net\\\/ca\\\/\",\"logo\":{\"@type\":\"ImageObject\",\"inLanguage\":\"ca\",\"@id\":\"https:\\\/\\\/www.santanyi.net\\\/ca\\\/#\\\/schema\\\/logo\\\/image\\\/\",\"url\":\"https:\\\/\\\/www.santanyi.net\\\/wp-content\\\/uploads\\\/2025\\\/07\\\/logo-nuevo.png\",\"contentUrl\":\"https:\\\/\\\/www.santanyi.net\\\/wp-content\\\/uploads\\\/2025\\\/07\\\/logo-nuevo.png\",\"width\":295,\"height\":165,\"caption\":\"RE\\\/MAX Drac\"},\"image\":{\"@id\":\"https:\\\/\\\/www.santanyi.net\\\/ca\\\/#\\\/schema\\\/logo\\\/image\\\/\"}}]}<\/script>\n<!-- \/ Yoast SEO plugin. -->","yoast_head_json":{"title":"Preciosa casa adossada, lluminosa i sense mobles, a la primera planta, amb 4 habitacions, gran terrassa, jard\u00ed i garatge a Santany\u00ed. - RE\/MAX Drac","robots":{"index":"index","follow":"follow","max-snippet":"max-snippet:-1","max-image-preview":"max-image-preview:large","max-video-preview":"max-video-preview:-1"},"canonical":"https:\/\/www.santanyi.net\/ca\/property\/preciosa-casa-adossada-lluminosa-i-sense-mobles-a-la-primera-planta-amb-4-habitacions-gran-terrassa-jardi-i-garatge-a-santanyi-2\/","og_locale":"ca_ES","og_type":"article","og_title":"Preciosa casa adossada, lluminosa i sense mobles, a la primera planta, amb 4 habitacions, gran terrassa, jard\u00ed i garatge a Santany\u00ed. - RE\/MAX Drac","og_description":"Aquesta encantadora propietat al cor de Santany\u00ed \u00e9s un apartament a la primera planta amb una distribuci\u00f3 pr\u00e0ctica que compta amb tres habitacions dobles i una habitaci\u00f3 individual. Ofereix la comoditat d&#8217;un bany amb dutxa i una cuina totalment equipada (sense nevera) amb acc\u00e9s a una impressionant terrassa coberta amb vistes al barri i al [&hellip;]","og_url":"https:\/\/www.santanyi.net\/ca\/property\/preciosa-casa-adossada-lluminosa-i-sense-mobles-a-la-primera-planta-amb-4-habitacions-gran-terrassa-jardi-i-garatge-a-santanyi-2\/","og_site_name":"RE\/MAX Drac","article_modified_time":"2026-05-01T06:04:03+00:00","og_image":[{"width":1920,"height":1440,"url":"https:\/\/www.santanyi.net\/wp-content\/uploads\/anaconda_property_media\/28906424-194130\/7-1.jpg","type":"image\/jpeg"}],"twitter_card":"summary_large_image","twitter_misc":{"Temps estimat de lectura":"1 minut"},"schema":{"@context":"https:\/\/schema.org","@graph":[{"@type":"WebPage","@id":"https:\/\/www.santanyi.net\/ca\/property\/preciosa-casa-adossada-lluminosa-i-sense-mobles-a-la-primera-planta-amb-4-habitacions-gran-terrassa-jardi-i-garatge-a-santanyi-2\/","url":"https:\/\/www.santanyi.net\/ca\/property\/preciosa-casa-adossada-lluminosa-i-sense-mobles-a-la-primera-planta-amb-4-habitacions-gran-terrassa-jardi-i-garatge-a-santanyi-2\/","name":"Preciosa casa adossada, lluminosa i sense mobles, a la primera planta, amb 4 habitacions, gran terrassa, jard\u00ed i garatge a Santany\u00ed. - RE\/MAX Drac","isPartOf":{"@id":"https:\/\/www.santanyi.net\/ca\/#website"},"primaryImageOfPage":{"@id":"https:\/\/www.santanyi.net\/ca\/property\/preciosa-casa-adossada-lluminosa-i-sense-mobles-a-la-primera-planta-amb-4-habitacions-gran-terrassa-jardi-i-garatge-a-santanyi-2\/#primaryimage"},"image":{"@id":"https:\/\/www.santanyi.net\/ca\/property\/preciosa-casa-adossada-lluminosa-i-sense-mobles-a-la-primera-planta-amb-4-habitacions-gran-terrassa-jardi-i-garatge-a-santanyi-2\/#primaryimage"},"thumbnailUrl":"https:\/\/www.santanyi.net\/wp-content\/uploads\/anaconda_property_media\/28906424-194130\/7-1.jpg","datePublished":"2026-04-30T15:00:32+00:00","dateModified":"2026-05-01T06:04:03+00:00","breadcrumb":{"@id":"https:\/\/www.santanyi.net\/ca\/property\/preciosa-casa-adossada-lluminosa-i-sense-mobles-a-la-primera-planta-amb-4-habitacions-gran-terrassa-jardi-i-garatge-a-santanyi-2\/#breadcrumb"},"inLanguage":"ca","potentialAction":[{"@type":"ReadAction","target":["https:\/\/www.santanyi.net\/ca\/property\/preciosa-casa-adossada-lluminosa-i-sense-mobles-a-la-primera-planta-amb-4-habitacions-gran-terrassa-jardi-i-garatge-a-santanyi-2\/"]}]},{"@type":"ImageObject","inLanguage":"ca","@id":"https:\/\/www.santanyi.net\/ca\/property\/preciosa-casa-adossada-lluminosa-i-sense-mobles-a-la-primera-planta-amb-4-habitacions-gran-terrassa-jardi-i-garatge-a-santanyi-2\/#primaryimage","url":"https:\/\/www.santanyi.net\/wp-content\/uploads\/anaconda_property_media\/28906424-194130\/7-1.jpg","contentUrl":"https:\/\/www.santanyi.net\/wp-content\/uploads\/anaconda_property_media\/28906424-194130\/7-1.jpg","width":1920,"height":1440},{"@type":"BreadcrumbList","@id":"https:\/\/www.santanyi.net\/ca\/property\/preciosa-casa-adossada-lluminosa-i-sense-mobles-a-la-primera-planta-amb-4-habitacions-gran-terrassa-jardi-i-garatge-a-santanyi-2\/#breadcrumb","itemListElement":[{"@type":"ListItem","position":1,"name":"Home","item":"https:\/\/www.santanyi.net\/ca\/"},{"@type":"ListItem","position":2,"name":"Properties","item":"https:\/\/www.santanyi.net\/ca\/property\/"},{"@type":"ListItem","position":3,"name":"Preciosa casa adossada, lluminosa i sense mobles, a la primera planta, amb 4 habitacions, gran terrassa, jard\u00ed i garatge a Santany\u00ed."}]},{"@type":"WebSite","@id":"https:\/\/www.santanyi.net\/ca\/#website","url":"https:\/\/www.santanyi.net\/ca\/","name":"RE\/MAX Drac","description":"","publisher":{"@id":"https:\/\/www.santanyi.net\/ca\/#organization"},"potentialAction":[{"@type":"SearchAction","target":{"@type":"EntryPoint","urlTemplate":"https:\/\/www.santanyi.net\/ca\/?s={search_term_string}"},"query-input":{"@type":"PropertyValueSpecification","valueRequired":true,"valueName":"search_term_string"}}],"inLanguage":"ca"},{"@type":"Organization","@id":"https:\/\/www.santanyi.net\/ca\/#organization","name":"RE\/MAX Drac","url":"https:\/\/www.santanyi.net\/ca\/","logo":{"@type":"ImageObject","inLanguage":"ca","@id":"https:\/\/www.santanyi.net\/ca\/#\/schema\/logo\/image\/","url":"https:\/\/www.santanyi.net\/wp-content\/uploads\/2025\/07\/logo-nuevo.png","contentUrl":"https:\/\/www.santanyi.net\/wp-content\/uploads\/2025\/07\/logo-nuevo.png","width":295,"height":165,"caption":"RE\/MAX Drac"},"image":{"@id":"https:\/\/www.santanyi.net\/ca\/#\/schema\/logo\/image\/"}}]}},"_links":{"self":[{"href":"https:\/\/www.santanyi.net\/ca\/wp-json\/wp\/v2\/properties\/194136","targetHints":{"allow":["GET"]}}],"collection":[{"href":"https:\/\/www.santanyi.net\/ca\/wp-json\/wp\/v2\/properties"}],"about":[{"href":"https:\/\/www.santanyi.net\/ca\/wp-json\/wp\/v2\/types\/property"}],"author":[{"embeddable":true,"href":"https:\/\/www.santanyi.net\/ca\/wp-json\/wp\/v2\/users\/1"}],"version-history":[{"count":1,"href":"https:\/\/www.santanyi.net\/ca\/wp-json\/wp\/v2\/properties\/194136\/revisions"}],"predecessor-version":[{"id":195196,"href":"https:\/\/www.santanyi.net\/ca\/wp-json\/wp\/v2\/properties\/194136\/revisions\/195196"}],"wp:featuredmedia":[{"embeddable":true,"href":"https:\/\/www.santanyi.net\/ca\/wp-json\/wp\/v2\/media\/194131"}],"wp:attachment":[{"href":"https:\/\/www.santanyi.net\/ca\/wp-json\/wp\/v2\/media?parent=194136"}],"wp:term":[{"taxonomy":"property_type","embeddable":true,"href":"https:\/\/www.santanyi.net\/ca\/wp-json\/wp\/v2\/property_type?post=194136"},{"taxonomy":"property_status","embeddable":true,"href":"https:\/\/www.santanyi.net\/ca\/wp-json\/wp\/v2\/property_status?post=194136"},{"taxonomy":"property_feature","embeddable":true,"href":"https:\/\/www.santanyi.net\/ca\/wp-json\/wp\/v2\/property_feature?post=194136"},{"taxonomy":"property_label","embeddable":true,"href":"https:\/\/www.santanyi.net\/ca\/wp-json\/wp\/v2\/property_label?post=194136"},{"taxonomy":"property_country","embeddable":true,"href":"https:\/\/www.santanyi.net\/ca\/wp-json\/wp\/v2\/property_country?post=194136"},{"taxonomy":"property_state","embeddable":true,"href":"https:\/\/www.santanyi.net\/ca\/wp-json\/wp\/v2\/property_state?post=194136"},{"taxonomy":"property_city","embeddable":true,"href":"https:\/\/www.santanyi.net\/ca\/wp-json\/wp\/v2\/property_city?post=194136"},{"taxonomy":"property_area","embeddable":true,"href":"https:\/\/www.santanyi.net\/ca\/wp-json\/wp\/v2\/property_area?post=194136"}],"curies":[{"name":"wp","href":"https:\/\/api.w.org\/{rel}","templated":true}]}}