
{"id":194120,"date":"2026-04-30T15:00:27","date_gmt":"2026-04-30T15:00:27","guid":{"rendered":"https:\/\/www.santanyi.net\/property\/pis-molt-lluminos-amb-vistes-al-mar-y-piscina-comunitaria-en-porto-colom\/"},"modified":"2026-05-01T06:03:59","modified_gmt":"2026-05-01T06:03:59","slug":"pis-molt-lluminos-amb-vistes-al-mar-y-piscina-comunitaria-en-porto-colom-2","status":"publish","type":"property","link":"https:\/\/www.santanyi.net\/ca\/property\/pis-molt-lluminos-amb-vistes-al-mar-y-piscina-comunitaria-en-porto-colom-2\/","title":{"rendered":"Pis molt llumin\u00f2s amb vistes al mar y piscina comunitaria en Porto Colom"},"content":{"rendered":"<p>Disponible a partir se peptembre 2025. Durant 11 menos! Agost no disponible! El preu mensual \u00e9s de 1.900\u20ac per a un lloguer d&#8217;11 mesos. El preu mensual varia segons la durada del lloguer. \u00c9s un pis molt llumin\u00f3s amb les caracter\u00edstiques seg\u00fcents:4 habitacions3 banysGran sal\u00f3-menjador\u00c0mplia cuinaGran terrassa amb vistes al mar a m\u00e9s, compta amb una piscina comunit\u00e0ria i acc\u00e9s directe al mar. Ideal per passar l&#8217;estiu amb tota la fam\u00edlia i perfecte per a l&#8217;hivern ja que est\u00e0 equipat amb calefacci\u00f3.<\/p>\n","protected":false},"excerpt":{"rendered":"<p>Disponible a partir se peptembre 2025. Durant 11 menos! Agost no disponible! El preu mensual \u00e9s de 1.900\u20ac per a un lloguer d&#8217;11 mesos. El preu mensual varia segons la durada del lloguer. \u00c9s un pis molt llumin\u00f3s amb les caracter\u00edstiques seg\u00fcents:4 habitacions3 banysGran sal\u00f3-menjador\u00c0mplia cuinaGran terrassa amb vistes al mar a m\u00e9s, compta amb [&hellip;]<\/p>\n","protected":false},"author":1,"featured_media":194115,"parent":0,"menu_order":0,"template":"","property_type":[2173],"property_status":[2135,2140],"property_feature":[1867,1851,1870,1853,1871,1929,1805,1809,1810,1967,1969,1897,1934,1898],"property_label":[],"property_country":[],"property_state":[],"property_city":[653],"property_area":[673],"class_list":["post-194120","property","type-property","status-publish","has-post-thumbnail","hentry","property_type-piso-ca","property_status-alquilar","property_status-alquilar-ca","property_feature-arma_empo-ca","property_feature-arma_empo","property_feature-balcon-ca","property_feature-balcon","property_feature-cocina_inde-ca","property_feature-costa-ca","property_feature-electro-ca","property_feature-muebles-ca","property_feature-parking-ca","property_feature-piscina_com","property_feature-piscina_com-ca","property_feature-terraza-ca","property_feature-urbanizacion-ca","property_feature-vistasalmar-ca","property_city-felanitx","property_area-portocolom"],"acf":[],"property_meta":{"_apg_property_user_edited":["1"],"fave_property_id":["DRAC-AA1476YK"],"fave_property_location":["39.41573356,3.26560064,15"],"houzez_geolocation_lat":["39.41573356"],"houzez_geolocation_long":["3.26560064"],"fave_property_price":["1900"],"fave_property_rent_or_sale":["rent"],"fave_property_year":[null],"fave_property_size_prefix":["m2"],"fave_property_land_postfix":["m2"],"fave_property_size":["180"],"fave_property_bedrooms":["4"],"fave_property_bathrooms":["3"],"fave_property_garage":["2"],"fave_property_map_address":["Portocolom, 07670 Felanitx"],"fave_property_address":[" , Felanitx 07670"],"fave_property_zip":["07670"],"fave_property_postal_code":["07670"],"fave_property_map":["1"],"apg_is_using_remote_image_url":["1"],"apg_using_remote_image_urls":["[{\"multimedia_type\":\"Picture\",\"picture_url\":\"https:\/\/fotos15.inmovilla.com\/12732\/24621024\/4-1.jpg\",\"position\":1,\"picture_id\":1,\"media_id\":142869,\"post_id\":194114,\"id\":1,\"attachment_id\":0,\"url\":\"https:\/\/fotos15.inmovilla.com\/12732\/24621024\/4-1.jpg\",\"basename\":\"4-1.jpg\",\"created_date\":\"2026-04-30 15:00:28\",\"is_downloaded\":0,\"is_using_remote\":0},{\"multimedia_type\":\"Picture\",\"picture_url\":\"https:\/\/fotos15.inmovilla.com\/12732\/24621024\/4-2.jpg\",\"position\":2,\"picture_id\":2,\"media_id\":142870,\"post_id\":194114,\"id\":2,\"attachment_id\":0,\"url\":\"https:\/\/fotos15.inmovilla.com\/12732\/24621024\/4-2.jpg\",\"basename\":\"4-2.jpg\",\"created_date\":\"2026-04-30 15:00:28\",\"is_downloaded\":0,\"is_using_remote\":1},{\"multimedia_type\":\"Picture\",\"picture_url\":\"https:\/\/fotos15.inmovilla.com\/12732\/24621024\/4-3.jpg\",\"position\":3,\"picture_id\":3,\"media_id\":142871,\"post_id\":194114,\"id\":3,\"attachment_id\":0,\"url\":\"https:\/\/fotos15.inmovilla.com\/12732\/24621024\/4-3.jpg\",\"basename\":\"4-3.jpg\",\"created_date\":\"2026-04-30 15:00:28\",\"is_downloaded\":0,\"is_using_remote\":1},{\"multimedia_type\":\"Picture\",\"picture_url\":\"https:\/\/fotos15.inmovilla.com\/12732\/24621024\/4-4.jpg\",\"position\":4,\"picture_id\":4,\"media_id\":142872,\"post_id\":194114,\"id\":4,\"attachment_id\":0,\"url\":\"https:\/\/fotos15.inmovilla.com\/12732\/24621024\/4-4.jpg\",\"basename\":\"4-4.jpg\",\"created_date\":\"2026-04-30 15:00:28\",\"is_downloaded\":0,\"is_using_remote\":1},{\"multimedia_type\":\"Picture\",\"picture_url\":\"https:\/\/fotos15.inmovilla.com\/12732\/24621024\/4-5.jpg\",\"position\":5,\"picture_id\":5,\"media_id\":142873,\"post_id\":194114,\"id\":5,\"attachment_id\":0,\"url\":\"https:\/\/fotos15.inmovilla.com\/12732\/24621024\/4-5.jpg\",\"basename\":\"4-5.jpg\",\"created_date\":\"2026-04-30 15:00:28\",\"is_downloaded\":0,\"is_using_remote\":1},{\"multimedia_type\":\"Picture\",\"picture_url\":\"https:\/\/fotos15.inmovilla.com\/12732\/24621024\/4-6.jpg\",\"position\":6,\"picture_id\":6,\"media_id\":142874,\"post_id\":194114,\"id\":6,\"attachment_id\":0,\"url\":\"https:\/\/fotos15.inmovilla.com\/12732\/24621024\/4-6.jpg\",\"basename\":\"4-6.jpg\",\"created_date\":\"2026-04-30 15:00:28\",\"is_downloaded\":0,\"is_using_remote\":1},{\"multimedia_type\":\"Picture\",\"picture_url\":\"https:\/\/fotos15.inmovilla.com\/12732\/24621024\/4-7.jpg\",\"position\":7,\"picture_id\":7,\"media_id\":142875,\"post_id\":194114,\"id\":7,\"attachment_id\":0,\"url\":\"https:\/\/fotos15.inmovilla.com\/12732\/24621024\/4-7.jpg\",\"basename\":\"4-7.jpg\",\"created_date\":\"2026-04-30 15:00:28\",\"is_downloaded\":0,\"is_using_remote\":1},{\"multimedia_type\":\"Picture\",\"picture_url\":\"https:\/\/fotos15.inmovilla.com\/12732\/24621024\/4-8.jpg\",\"position\":8,\"picture_id\":8,\"media_id\":142876,\"post_id\":194114,\"id\":8,\"attachment_id\":0,\"url\":\"https:\/\/fotos15.inmovilla.com\/12732\/24621024\/4-8.jpg\",\"basename\":\"4-8.jpg\",\"created_date\":\"2026-04-30 15:00:28\",\"is_downloaded\":0,\"is_using_remote\":1},{\"multimedia_type\":\"Picture\",\"picture_url\":\"https:\/\/fotos15.inmovilla.com\/12732\/24621024\/4-9.jpg\",\"position\":9,\"picture_id\":9,\"media_id\":142877,\"post_id\":194114,\"id\":9,\"attachment_id\":0,\"url\":\"https:\/\/fotos15.inmovilla.com\/12732\/24621024\/4-9.jpg\",\"basename\":\"4-9.jpg\",\"created_date\":\"2026-04-30 15:00:28\",\"is_downloaded\":0,\"is_using_remote\":1},{\"multimedia_type\":\"Picture\",\"picture_url\":\"https:\/\/fotos15.inmovilla.com\/12732\/24621024\/4-10.jpg\",\"position\":10,\"picture_id\":10,\"media_id\":142878,\"post_id\":194114,\"id\":10,\"attachment_id\":0,\"url\":\"https:\/\/fotos15.inmovilla.com\/12732\/24621024\/4-10.jpg\",\"basename\":\"4-10.jpg\",\"created_date\":\"2026-04-30 15:00:28\",\"is_downloaded\":0,\"is_using_remote\":1},{\"multimedia_type\":\"Picture\",\"picture_url\":\"https:\/\/fotos15.inmovilla.com\/12732\/24621024\/4-11.jpg\",\"position\":11,\"picture_id\":11,\"media_id\":142879,\"post_id\":194114,\"id\":11,\"attachment_id\":0,\"url\":\"https:\/\/fotos15.inmovilla.com\/12732\/24621024\/4-11.jpg\",\"basename\":\"4-11.jpg\",\"created_date\":\"2026-04-30 15:00:28\",\"is_downloaded\":0,\"is_using_remote\":1},{\"multimedia_type\":\"Picture\",\"picture_url\":\"https:\/\/fotos15.inmovilla.com\/12732\/24621024\/4-12.jpg\",\"position\":12,\"picture_id\":12,\"media_id\":142880,\"post_id\":194114,\"id\":12,\"attachment_id\":0,\"url\":\"https:\/\/fotos15.inmovilla.com\/12732\/24621024\/4-12.jpg\",\"basename\":\"4-12.jpg\",\"created_date\":\"2026-04-30 15:00:28\",\"is_downloaded\":0,\"is_using_remote\":1},{\"multimedia_type\":\"Picture\",\"picture_url\":\"https:\/\/fotos15.inmovilla.com\/12732\/24621024\/4-13.jpg\",\"position\":13,\"picture_id\":13,\"media_id\":142881,\"post_id\":194114,\"id\":13,\"attachment_id\":0,\"url\":\"https:\/\/fotos15.inmovilla.com\/12732\/24621024\/4-13.jpg\",\"basename\":\"4-13.jpg\",\"created_date\":\"2026-04-30 15:00:28\",\"is_downloaded\":0,\"is_using_remote\":1}]"],"_thumbnail_id":["194115"],"fave_property_images":["194115"],"apg_property_id":["24621024"],"_wpml_word_count":["96"],"_eael_post_view_count":["4"],"houzez_recently_viewed":["2026-05-01 12:27:01"],"houzez_total_property_views":["4"],"houzez_views_by_date":["a:1:{s:10:\"05-01-2026\";i:4;}"],"_elementor_page_assets":["a:0:{}"]},"yoast_head":"<!-- This site is optimized with the Yoast SEO plugin v27.5 - https:\/\/yoast.com\/product\/yoast-seo-wordpress\/ -->\n<title>Pis molt llumin\u00f2s amb vistes al mar y piscina comunitaria en Porto Colom - RE\/MAX Drac<\/title>\n<meta name=\"robots\" content=\"index, follow, max-snippet:-1, max-image-preview:large, max-video-preview:-1\" \/>\n<link rel=\"canonical\" href=\"https:\/\/www.santanyi.net\/ca\/property\/pis-molt-lluminos-amb-vistes-al-mar-y-piscina-comunitaria-en-porto-colom-2\/\" \/>\n<meta property=\"og:locale\" content=\"ca_ES\" \/>\n<meta property=\"og:type\" content=\"article\" \/>\n<meta property=\"og:title\" content=\"Pis molt llumin\u00f2s amb vistes al mar y piscina comunitaria en Porto Colom - RE\/MAX Drac\" \/>\n<meta property=\"og:description\" content=\"Disponible a partir se peptembre 2025. Durant 11 menos! Agost no disponible! El preu mensual \u00e9s de 1.900\u20ac per a un lloguer d&#8217;11 mesos. El preu mensual varia segons la durada del lloguer. \u00c9s un pis molt llumin\u00f3s amb les caracter\u00edstiques seg\u00fcents:4 habitacions3 banysGran sal\u00f3-menjador\u00c0mplia cuinaGran terrassa amb vistes al mar a m\u00e9s, compta amb [&hellip;]\" \/>\n<meta property=\"og:url\" content=\"https:\/\/www.santanyi.net\/ca\/property\/pis-molt-lluminos-amb-vistes-al-mar-y-piscina-comunitaria-en-porto-colom-2\/\" \/>\n<meta property=\"og:site_name\" content=\"RE\/MAX Drac\" \/>\n<meta property=\"article:modified_time\" content=\"2026-05-01T06:03:59+00:00\" \/>\n<meta property=\"og:image\" content=\"https:\/\/www.santanyi.net\/wp-content\/uploads\/anaconda_property_media\/24621024-194114\/4-1.jpg\" \/>\n\t<meta property=\"og:image:width\" content=\"800\" \/>\n\t<meta property=\"og:image:height\" content=\"600\" \/>\n\t<meta property=\"og:image:type\" content=\"image\/jpeg\" \/>\n<meta name=\"twitter:card\" content=\"summary_large_image\" \/>\n<script type=\"application\/ld+json\" class=\"yoast-schema-graph\">{\"@context\":\"https:\\\/\\\/schema.org\",\"@graph\":[{\"@type\":\"WebPage\",\"@id\":\"https:\\\/\\\/www.santanyi.net\\\/ca\\\/property\\\/pis-molt-lluminos-amb-vistes-al-mar-y-piscina-comunitaria-en-porto-colom-2\\\/\",\"url\":\"https:\\\/\\\/www.santanyi.net\\\/ca\\\/property\\\/pis-molt-lluminos-amb-vistes-al-mar-y-piscina-comunitaria-en-porto-colom-2\\\/\",\"name\":\"Pis molt llumin\u00f2s amb vistes al mar y piscina comunitaria en Porto Colom - RE\\\/MAX Drac\",\"isPartOf\":{\"@id\":\"https:\\\/\\\/www.santanyi.net\\\/ca\\\/#website\"},\"primaryImageOfPage\":{\"@id\":\"https:\\\/\\\/www.santanyi.net\\\/ca\\\/property\\\/pis-molt-lluminos-amb-vistes-al-mar-y-piscina-comunitaria-en-porto-colom-2\\\/#primaryimage\"},\"image\":{\"@id\":\"https:\\\/\\\/www.santanyi.net\\\/ca\\\/property\\\/pis-molt-lluminos-amb-vistes-al-mar-y-piscina-comunitaria-en-porto-colom-2\\\/#primaryimage\"},\"thumbnailUrl\":\"https:\\\/\\\/www.santanyi.net\\\/wp-content\\\/uploads\\\/anaconda_property_media\\\/24621024-194114\\\/4-1.jpg\",\"datePublished\":\"2026-04-30T15:00:27+00:00\",\"dateModified\":\"2026-05-01T06:03:59+00:00\",\"breadcrumb\":{\"@id\":\"https:\\\/\\\/www.santanyi.net\\\/ca\\\/property\\\/pis-molt-lluminos-amb-vistes-al-mar-y-piscina-comunitaria-en-porto-colom-2\\\/#breadcrumb\"},\"inLanguage\":\"ca\",\"potentialAction\":[{\"@type\":\"ReadAction\",\"target\":[\"https:\\\/\\\/www.santanyi.net\\\/ca\\\/property\\\/pis-molt-lluminos-amb-vistes-al-mar-y-piscina-comunitaria-en-porto-colom-2\\\/\"]}]},{\"@type\":\"ImageObject\",\"inLanguage\":\"ca\",\"@id\":\"https:\\\/\\\/www.santanyi.net\\\/ca\\\/property\\\/pis-molt-lluminos-amb-vistes-al-mar-y-piscina-comunitaria-en-porto-colom-2\\\/#primaryimage\",\"url\":\"https:\\\/\\\/www.santanyi.net\\\/wp-content\\\/uploads\\\/anaconda_property_media\\\/24621024-194114\\\/4-1.jpg\",\"contentUrl\":\"https:\\\/\\\/www.santanyi.net\\\/wp-content\\\/uploads\\\/anaconda_property_media\\\/24621024-194114\\\/4-1.jpg\",\"width\":800,\"height\":600},{\"@type\":\"BreadcrumbList\",\"@id\":\"https:\\\/\\\/www.santanyi.net\\\/ca\\\/property\\\/pis-molt-lluminos-amb-vistes-al-mar-y-piscina-comunitaria-en-porto-colom-2\\\/#breadcrumb\",\"itemListElement\":[{\"@type\":\"ListItem\",\"position\":1,\"name\":\"Home\",\"item\":\"https:\\\/\\\/www.santanyi.net\\\/ca\\\/\"},{\"@type\":\"ListItem\",\"position\":2,\"name\":\"Properties\",\"item\":\"https:\\\/\\\/www.santanyi.net\\\/ca\\\/property\\\/\"},{\"@type\":\"ListItem\",\"position\":3,\"name\":\"Pis molt llumin\u00f2s amb vistes al mar y piscina comunitaria en Porto Colom\"}]},{\"@type\":\"WebSite\",\"@id\":\"https:\\\/\\\/www.santanyi.net\\\/ca\\\/#website\",\"url\":\"https:\\\/\\\/www.santanyi.net\\\/ca\\\/\",\"name\":\"RE\\\/MAX Drac\",\"description\":\"\",\"publisher\":{\"@id\":\"https:\\\/\\\/www.santanyi.net\\\/ca\\\/#organization\"},\"potentialAction\":[{\"@type\":\"SearchAction\",\"target\":{\"@type\":\"EntryPoint\",\"urlTemplate\":\"https:\\\/\\\/www.santanyi.net\\\/ca\\\/?s={search_term_string}\"},\"query-input\":{\"@type\":\"PropertyValueSpecification\",\"valueRequired\":true,\"valueName\":\"search_term_string\"}}],\"inLanguage\":\"ca\"},{\"@type\":\"Organization\",\"@id\":\"https:\\\/\\\/www.santanyi.net\\\/ca\\\/#organization\",\"name\":\"RE\\\/MAX Drac\",\"url\":\"https:\\\/\\\/www.santanyi.net\\\/ca\\\/\",\"logo\":{\"@type\":\"ImageObject\",\"inLanguage\":\"ca\",\"@id\":\"https:\\\/\\\/www.santanyi.net\\\/ca\\\/#\\\/schema\\\/logo\\\/image\\\/\",\"url\":\"https:\\\/\\\/www.santanyi.net\\\/wp-content\\\/uploads\\\/2025\\\/07\\\/logo-nuevo.png\",\"contentUrl\":\"https:\\\/\\\/www.santanyi.net\\\/wp-content\\\/uploads\\\/2025\\\/07\\\/logo-nuevo.png\",\"width\":295,\"height\":165,\"caption\":\"RE\\\/MAX Drac\"},\"image\":{\"@id\":\"https:\\\/\\\/www.santanyi.net\\\/ca\\\/#\\\/schema\\\/logo\\\/image\\\/\"}}]}<\/script>\n<!-- \/ Yoast SEO plugin. -->","yoast_head_json":{"title":"Pis molt llumin\u00f2s amb vistes al mar y piscina comunitaria en Porto Colom - RE\/MAX Drac","robots":{"index":"index","follow":"follow","max-snippet":"max-snippet:-1","max-image-preview":"max-image-preview:large","max-video-preview":"max-video-preview:-1"},"canonical":"https:\/\/www.santanyi.net\/ca\/property\/pis-molt-lluminos-amb-vistes-al-mar-y-piscina-comunitaria-en-porto-colom-2\/","og_locale":"ca_ES","og_type":"article","og_title":"Pis molt llumin\u00f2s amb vistes al mar y piscina comunitaria en Porto Colom - RE\/MAX Drac","og_description":"Disponible a partir se peptembre 2025. Durant 11 menos! Agost no disponible! El preu mensual \u00e9s de 1.900\u20ac per a un lloguer d&#8217;11 mesos. El preu mensual varia segons la durada del lloguer. \u00c9s un pis molt llumin\u00f3s amb les caracter\u00edstiques seg\u00fcents:4 habitacions3 banysGran sal\u00f3-menjador\u00c0mplia cuinaGran terrassa amb vistes al mar a m\u00e9s, compta amb [&hellip;]","og_url":"https:\/\/www.santanyi.net\/ca\/property\/pis-molt-lluminos-amb-vistes-al-mar-y-piscina-comunitaria-en-porto-colom-2\/","og_site_name":"RE\/MAX Drac","article_modified_time":"2026-05-01T06:03:59+00:00","og_image":[{"width":800,"height":600,"url":"https:\/\/www.santanyi.net\/wp-content\/uploads\/anaconda_property_media\/24621024-194114\/4-1.jpg","type":"image\/jpeg"}],"twitter_card":"summary_large_image","schema":{"@context":"https:\/\/schema.org","@graph":[{"@type":"WebPage","@id":"https:\/\/www.santanyi.net\/ca\/property\/pis-molt-lluminos-amb-vistes-al-mar-y-piscina-comunitaria-en-porto-colom-2\/","url":"https:\/\/www.santanyi.net\/ca\/property\/pis-molt-lluminos-amb-vistes-al-mar-y-piscina-comunitaria-en-porto-colom-2\/","name":"Pis molt llumin\u00f2s amb vistes al mar y piscina comunitaria en Porto Colom - RE\/MAX Drac","isPartOf":{"@id":"https:\/\/www.santanyi.net\/ca\/#website"},"primaryImageOfPage":{"@id":"https:\/\/www.santanyi.net\/ca\/property\/pis-molt-lluminos-amb-vistes-al-mar-y-piscina-comunitaria-en-porto-colom-2\/#primaryimage"},"image":{"@id":"https:\/\/www.santanyi.net\/ca\/property\/pis-molt-lluminos-amb-vistes-al-mar-y-piscina-comunitaria-en-porto-colom-2\/#primaryimage"},"thumbnailUrl":"https:\/\/www.santanyi.net\/wp-content\/uploads\/anaconda_property_media\/24621024-194114\/4-1.jpg","datePublished":"2026-04-30T15:00:27+00:00","dateModified":"2026-05-01T06:03:59+00:00","breadcrumb":{"@id":"https:\/\/www.santanyi.net\/ca\/property\/pis-molt-lluminos-amb-vistes-al-mar-y-piscina-comunitaria-en-porto-colom-2\/#breadcrumb"},"inLanguage":"ca","potentialAction":[{"@type":"ReadAction","target":["https:\/\/www.santanyi.net\/ca\/property\/pis-molt-lluminos-amb-vistes-al-mar-y-piscina-comunitaria-en-porto-colom-2\/"]}]},{"@type":"ImageObject","inLanguage":"ca","@id":"https:\/\/www.santanyi.net\/ca\/property\/pis-molt-lluminos-amb-vistes-al-mar-y-piscina-comunitaria-en-porto-colom-2\/#primaryimage","url":"https:\/\/www.santanyi.net\/wp-content\/uploads\/anaconda_property_media\/24621024-194114\/4-1.jpg","contentUrl":"https:\/\/www.santanyi.net\/wp-content\/uploads\/anaconda_property_media\/24621024-194114\/4-1.jpg","width":800,"height":600},{"@type":"BreadcrumbList","@id":"https:\/\/www.santanyi.net\/ca\/property\/pis-molt-lluminos-amb-vistes-al-mar-y-piscina-comunitaria-en-porto-colom-2\/#breadcrumb","itemListElement":[{"@type":"ListItem","position":1,"name":"Home","item":"https:\/\/www.santanyi.net\/ca\/"},{"@type":"ListItem","position":2,"name":"Properties","item":"https:\/\/www.santanyi.net\/ca\/property\/"},{"@type":"ListItem","position":3,"name":"Pis molt llumin\u00f2s amb vistes al mar y piscina comunitaria en Porto Colom"}]},{"@type":"WebSite","@id":"https:\/\/www.santanyi.net\/ca\/#website","url":"https:\/\/www.santanyi.net\/ca\/","name":"RE\/MAX Drac","description":"","publisher":{"@id":"https:\/\/www.santanyi.net\/ca\/#organization"},"potentialAction":[{"@type":"SearchAction","target":{"@type":"EntryPoint","urlTemplate":"https:\/\/www.santanyi.net\/ca\/?s={search_term_string}"},"query-input":{"@type":"PropertyValueSpecification","valueRequired":true,"valueName":"search_term_string"}}],"inLanguage":"ca"},{"@type":"Organization","@id":"https:\/\/www.santanyi.net\/ca\/#organization","name":"RE\/MAX Drac","url":"https:\/\/www.santanyi.net\/ca\/","logo":{"@type":"ImageObject","inLanguage":"ca","@id":"https:\/\/www.santanyi.net\/ca\/#\/schema\/logo\/image\/","url":"https:\/\/www.santanyi.net\/wp-content\/uploads\/2025\/07\/logo-nuevo.png","contentUrl":"https:\/\/www.santanyi.net\/wp-content\/uploads\/2025\/07\/logo-nuevo.png","width":295,"height":165,"caption":"RE\/MAX Drac"},"image":{"@id":"https:\/\/www.santanyi.net\/ca\/#\/schema\/logo\/image\/"}}]}},"_links":{"self":[{"href":"https:\/\/www.santanyi.net\/ca\/wp-json\/wp\/v2\/properties\/194120","targetHints":{"allow":["GET"]}}],"collection":[{"href":"https:\/\/www.santanyi.net\/ca\/wp-json\/wp\/v2\/properties"}],"about":[{"href":"https:\/\/www.santanyi.net\/ca\/wp-json\/wp\/v2\/types\/property"}],"author":[{"embeddable":true,"href":"https:\/\/www.santanyi.net\/ca\/wp-json\/wp\/v2\/users\/1"}],"version-history":[{"count":1,"href":"https:\/\/www.santanyi.net\/ca\/wp-json\/wp\/v2\/properties\/194120\/revisions"}],"predecessor-version":[{"id":195188,"href":"https:\/\/www.santanyi.net\/ca\/wp-json\/wp\/v2\/properties\/194120\/revisions\/195188"}],"wp:featuredmedia":[{"embeddable":true,"href":"https:\/\/www.santanyi.net\/ca\/wp-json\/wp\/v2\/media\/194115"}],"wp:attachment":[{"href":"https:\/\/www.santanyi.net\/ca\/wp-json\/wp\/v2\/media?parent=194120"}],"wp:term":[{"taxonomy":"property_type","embeddable":true,"href":"https:\/\/www.santanyi.net\/ca\/wp-json\/wp\/v2\/property_type?post=194120"},{"taxonomy":"property_status","embeddable":true,"href":"https:\/\/www.santanyi.net\/ca\/wp-json\/wp\/v2\/property_status?post=194120"},{"taxonomy":"property_feature","embeddable":true,"href":"https:\/\/www.santanyi.net\/ca\/wp-json\/wp\/v2\/property_feature?post=194120"},{"taxonomy":"property_label","embeddable":true,"href":"https:\/\/www.santanyi.net\/ca\/wp-json\/wp\/v2\/property_label?post=194120"},{"taxonomy":"property_country","embeddable":true,"href":"https:\/\/www.santanyi.net\/ca\/wp-json\/wp\/v2\/property_country?post=194120"},{"taxonomy":"property_state","embeddable":true,"href":"https:\/\/www.santanyi.net\/ca\/wp-json\/wp\/v2\/property_state?post=194120"},{"taxonomy":"property_city","embeddable":true,"href":"https:\/\/www.santanyi.net\/ca\/wp-json\/wp\/v2\/property_city?post=194120"},{"taxonomy":"property_area","embeddable":true,"href":"https:\/\/www.santanyi.net\/ca\/wp-json\/wp\/v2\/property_area?post=194120"}],"curies":[{"name":"wp","href":"https:\/\/api.w.org\/{rel}","templated":true}]}}