
{"id":193815,"date":"2026-04-30T02:05:58","date_gmt":"2026-04-30T02:05:58","guid":{"rendered":"https:\/\/www.santanyi.net\/property\/casa-de-poble-amb-gran-potencial-dinversio-i-reforma-santanyi\/"},"modified":"2026-05-01T04:50:25","modified_gmt":"2026-05-01T04:50:25","slug":"casa-de-poble-amb-gran-potencial-dinversio-i-reforma-santanyi","status":"publish","type":"property","link":"https:\/\/www.santanyi.net\/ca\/property\/casa-de-poble-amb-gran-potencial-dinversio-i-reforma-santanyi\/","title":{"rendered":"Casa de poble amb gran potencial d\u2019inversi\u00f3 i reforma, Santany\u00ed"},"content":{"rendered":"<p>Casa de poble amb gran potencial d\u2019inversi\u00f3 i reforma, situada al centre hist\u00f2ric de Santany\u00ed, un dels pobles amb m\u00e9s encant del sud-est de Mallorca. En una ubicaci\u00f3 privilegiada, envoltada de carrers amb car\u00e0cter, restaurants, comer\u00e7os i tots els serveis, combina autenticitat amb un entorn excel\u00b7lent.<\/p>\n<p>La propietat conserva una preciosa fa\u00e7ana de pedra original, element t\u00edpic de l\u2019arquitectura mallorquina, ideal per mantenir l\u2019ess\u00e8ncia tradicional i crear una llar \u00fanica.<\/p>\n<p>Actualment es distribueix en planta baixa m\u00e9s dues altures, amb 3 habitacions, oferint m\u00faltiples possibilitats de reforma o redistribuci\u00f3 dels espais.<\/p>\n<p>A m\u00e9s, disposa de projecte d\u2019enderroc i obra nova per construir un espectacular habitatge de 186 m\u00b2, dissenyat per gaudir d\u2019espais amplis, lluminosos i moderns, sense renunciar a l\u2019encant de l\u2019entorn hist\u00f2ric.<\/p>\n<p>Una oportunitat excepcional tant per a qui vulgui crear la casa dels seus somnis a Santany\u00ed, com per a inversors que desitgin desenvolupar una propietat en una de les zones m\u00e9s demandades de Mallorca.<\/p>\n<p>&#x1f4cd; Viu o inverteix al cor de Santany\u00ed i crea una llar exclusiva en un entorn \u00fanic.<\/p>\n","protected":false},"excerpt":{"rendered":"<p>Casa de poble amb gran potencial d\u2019inversi\u00f3 i reforma, situada al centre hist\u00f2ric de Santany\u00ed, un dels pobles amb m\u00e9s encant del sud-est de Mallorca. En una ubicaci\u00f3 privilegiada, envoltada de carrers amb car\u00e0cter, restaurants, comer\u00e7os i tots els serveis, combina autenticitat amb un entorn excel\u00b7lent. La propietat conserva una preciosa fa\u00e7ana de pedra original, [&hellip;]<\/p>\n","protected":false},"author":0,"featured_media":193810,"parent":0,"menu_order":0,"template":"","property_type":[2131],"property_status":[2103,2127,2132],"property_feature":[],"property_label":[],"property_country":[],"property_state":[],"property_city":[635],"property_area":[636],"class_list":["post-193815","property","type-property","status-publish","has-post-thumbnail","hentry","property_type-casa-ca","property_status-venta-ca","property_status-para-reformar","property_status-para-reformar-ca","property_city-santanyi","property_area-santanyi"],"acf":[],"property_meta":{"_apg_property_user_edited":["1"],"fave_property_agency":["86"],"fave_agent_display_option":["agent_info"],"fave_agents":["139302"],"fave_property_id":["DRAC-CP2314AD"],"fave_property_location":["39.358475276,3.132667941,15"],"houzez_geolocation_lat":["39.358475276"],"houzez_geolocation_long":["3.132667941"],"fave_property_price":["550000"],"fave_property_rent_or_sale":["sale"],"fave_property_year":[null],"fave_property_size_prefix":["m2"],"fave_property_land_postfix":["m2"],"fave_property_size":["123.00"],"fave_property_land":["182"],"fave_property_bedrooms":["3"],"fave_property_bathrooms":["3"],"fave_property_garage":["2"],"fave_property_map_address":["Santany\u00ed, 07650 Santany\u00ed, BALEARES"],"fave_property_address":[" , Santany\u00ed 07650"],"fave_property_zip":["07650"],"fave_property_postal_code":["07650"],"fave_property_map":["1"],"_thumbnail_id":["193810"],"apg_property_id":["28848641"],"_wpml_word_count":["208"],"_eael_post_view_count":["6"],"houzez_recently_viewed":["2026-05-01 07:08:57"],"houzez_total_property_views":["6"],"houzez_views_by_date":["a:2:{s:10:\"04-30-2026\";i:4;s:10:\"05-01-2026\";i:2;}"],"fave_property_images":["193810","194009","193949","193989","194041","194057","193997"],"_elementor_page_assets":["a:0:{}"]},"yoast_head":"<!-- This site is optimized with the Yoast SEO plugin v27.5 - https:\/\/yoast.com\/product\/yoast-seo-wordpress\/ -->\n<title>Casa de poble amb gran potencial d\u2019inversi\u00f3 i reforma, Santany\u00ed - RE\/MAX Drac<\/title>\n<meta name=\"robots\" content=\"index, follow, max-snippet:-1, max-image-preview:large, max-video-preview:-1\" \/>\n<link rel=\"canonical\" href=\"https:\/\/www.santanyi.net\/ca\/property\/casa-de-poble-amb-gran-potencial-dinversio-i-reforma-santanyi\/\" \/>\n<meta property=\"og:locale\" content=\"ca_ES\" \/>\n<meta property=\"og:type\" content=\"article\" \/>\n<meta property=\"og:title\" content=\"Casa de poble amb gran potencial d\u2019inversi\u00f3 i reforma, Santany\u00ed - RE\/MAX Drac\" \/>\n<meta property=\"og:description\" content=\"Casa de poble amb gran potencial d\u2019inversi\u00f3 i reforma, situada al centre hist\u00f2ric de Santany\u00ed, un dels pobles amb m\u00e9s encant del sud-est de Mallorca. En una ubicaci\u00f3 privilegiada, envoltada de carrers amb car\u00e0cter, restaurants, comer\u00e7os i tots els serveis, combina autenticitat amb un entorn excel\u00b7lent. La propietat conserva una preciosa fa\u00e7ana de pedra original, [&hellip;]\" \/>\n<meta property=\"og:url\" content=\"https:\/\/www.santanyi.net\/ca\/property\/casa-de-poble-amb-gran-potencial-dinversio-i-reforma-santanyi\/\" \/>\n<meta property=\"og:site_name\" content=\"RE\/MAX Drac\" \/>\n<meta property=\"article:modified_time\" content=\"2026-05-01T04:50:25+00:00\" \/>\n<meta property=\"og:image\" content=\"https:\/\/www.santanyi.net\/wp-content\/uploads\/anaconda_property_media\/28848641-193809\/7-1.jpg\" \/>\n\t<meta property=\"og:image:width\" content=\"1920\" \/>\n\t<meta property=\"og:image:height\" content=\"1440\" \/>\n\t<meta property=\"og:image:type\" content=\"image\/jpeg\" \/>\n<meta name=\"twitter:card\" content=\"summary_large_image\" \/>\n<meta name=\"twitter:label1\" content=\"Temps estimat de lectura\" \/>\n\t<meta name=\"twitter:data1\" content=\"1 minut\" \/>\n<script type=\"application\/ld+json\" class=\"yoast-schema-graph\">{\"@context\":\"https:\\\/\\\/schema.org\",\"@graph\":[{\"@type\":\"WebPage\",\"@id\":\"https:\\\/\\\/www.santanyi.net\\\/ca\\\/property\\\/casa-de-poble-amb-gran-potencial-dinversio-i-reforma-santanyi\\\/\",\"url\":\"https:\\\/\\\/www.santanyi.net\\\/ca\\\/property\\\/casa-de-poble-amb-gran-potencial-dinversio-i-reforma-santanyi\\\/\",\"name\":\"Casa de poble amb gran potencial d\u2019inversi\u00f3 i reforma, Santany\u00ed - RE\\\/MAX Drac\",\"isPartOf\":{\"@id\":\"https:\\\/\\\/www.santanyi.net\\\/ca\\\/#website\"},\"primaryImageOfPage\":{\"@id\":\"https:\\\/\\\/www.santanyi.net\\\/ca\\\/property\\\/casa-de-poble-amb-gran-potencial-dinversio-i-reforma-santanyi\\\/#primaryimage\"},\"image\":{\"@id\":\"https:\\\/\\\/www.santanyi.net\\\/ca\\\/property\\\/casa-de-poble-amb-gran-potencial-dinversio-i-reforma-santanyi\\\/#primaryimage\"},\"thumbnailUrl\":\"https:\\\/\\\/www.santanyi.net\\\/wp-content\\\/uploads\\\/anaconda_property_media\\\/28848641-193809\\\/7-1.jpg\",\"datePublished\":\"2026-04-30T02:05:58+00:00\",\"dateModified\":\"2026-05-01T04:50:25+00:00\",\"breadcrumb\":{\"@id\":\"https:\\\/\\\/www.santanyi.net\\\/ca\\\/property\\\/casa-de-poble-amb-gran-potencial-dinversio-i-reforma-santanyi\\\/#breadcrumb\"},\"inLanguage\":\"ca\",\"potentialAction\":[{\"@type\":\"ReadAction\",\"target\":[\"https:\\\/\\\/www.santanyi.net\\\/ca\\\/property\\\/casa-de-poble-amb-gran-potencial-dinversio-i-reforma-santanyi\\\/\"]}]},{\"@type\":\"ImageObject\",\"inLanguage\":\"ca\",\"@id\":\"https:\\\/\\\/www.santanyi.net\\\/ca\\\/property\\\/casa-de-poble-amb-gran-potencial-dinversio-i-reforma-santanyi\\\/#primaryimage\",\"url\":\"https:\\\/\\\/www.santanyi.net\\\/wp-content\\\/uploads\\\/anaconda_property_media\\\/28848641-193809\\\/7-1.jpg\",\"contentUrl\":\"https:\\\/\\\/www.santanyi.net\\\/wp-content\\\/uploads\\\/anaconda_property_media\\\/28848641-193809\\\/7-1.jpg\",\"width\":1920,\"height\":1440},{\"@type\":\"BreadcrumbList\",\"@id\":\"https:\\\/\\\/www.santanyi.net\\\/ca\\\/property\\\/casa-de-poble-amb-gran-potencial-dinversio-i-reforma-santanyi\\\/#breadcrumb\",\"itemListElement\":[{\"@type\":\"ListItem\",\"position\":1,\"name\":\"Home\",\"item\":\"https:\\\/\\\/www.santanyi.net\\\/ca\\\/\"},{\"@type\":\"ListItem\",\"position\":2,\"name\":\"Properties\",\"item\":\"https:\\\/\\\/www.santanyi.net\\\/ca\\\/property\\\/\"},{\"@type\":\"ListItem\",\"position\":3,\"name\":\"Casa de poble amb gran potencial d\u2019inversi\u00f3 i reforma, Santany\u00ed\"}]},{\"@type\":\"WebSite\",\"@id\":\"https:\\\/\\\/www.santanyi.net\\\/ca\\\/#website\",\"url\":\"https:\\\/\\\/www.santanyi.net\\\/ca\\\/\",\"name\":\"RE\\\/MAX Drac\",\"description\":\"\",\"publisher\":{\"@id\":\"https:\\\/\\\/www.santanyi.net\\\/ca\\\/#organization\"},\"potentialAction\":[{\"@type\":\"SearchAction\",\"target\":{\"@type\":\"EntryPoint\",\"urlTemplate\":\"https:\\\/\\\/www.santanyi.net\\\/ca\\\/?s={search_term_string}\"},\"query-input\":{\"@type\":\"PropertyValueSpecification\",\"valueRequired\":true,\"valueName\":\"search_term_string\"}}],\"inLanguage\":\"ca\"},{\"@type\":\"Organization\",\"@id\":\"https:\\\/\\\/www.santanyi.net\\\/ca\\\/#organization\",\"name\":\"RE\\\/MAX Drac\",\"url\":\"https:\\\/\\\/www.santanyi.net\\\/ca\\\/\",\"logo\":{\"@type\":\"ImageObject\",\"inLanguage\":\"ca\",\"@id\":\"https:\\\/\\\/www.santanyi.net\\\/ca\\\/#\\\/schema\\\/logo\\\/image\\\/\",\"url\":\"https:\\\/\\\/www.santanyi.net\\\/wp-content\\\/uploads\\\/2025\\\/07\\\/logo-nuevo.png\",\"contentUrl\":\"https:\\\/\\\/www.santanyi.net\\\/wp-content\\\/uploads\\\/2025\\\/07\\\/logo-nuevo.png\",\"width\":295,\"height\":165,\"caption\":\"RE\\\/MAX Drac\"},\"image\":{\"@id\":\"https:\\\/\\\/www.santanyi.net\\\/ca\\\/#\\\/schema\\\/logo\\\/image\\\/\"}}]}<\/script>\n<!-- \/ Yoast SEO plugin. -->","yoast_head_json":{"title":"Casa de poble amb gran potencial d\u2019inversi\u00f3 i reforma, Santany\u00ed - RE\/MAX Drac","robots":{"index":"index","follow":"follow","max-snippet":"max-snippet:-1","max-image-preview":"max-image-preview:large","max-video-preview":"max-video-preview:-1"},"canonical":"https:\/\/www.santanyi.net\/ca\/property\/casa-de-poble-amb-gran-potencial-dinversio-i-reforma-santanyi\/","og_locale":"ca_ES","og_type":"article","og_title":"Casa de poble amb gran potencial d\u2019inversi\u00f3 i reforma, Santany\u00ed - RE\/MAX Drac","og_description":"Casa de poble amb gran potencial d\u2019inversi\u00f3 i reforma, situada al centre hist\u00f2ric de Santany\u00ed, un dels pobles amb m\u00e9s encant del sud-est de Mallorca. En una ubicaci\u00f3 privilegiada, envoltada de carrers amb car\u00e0cter, restaurants, comer\u00e7os i tots els serveis, combina autenticitat amb un entorn excel\u00b7lent. La propietat conserva una preciosa fa\u00e7ana de pedra original, [&hellip;]","og_url":"https:\/\/www.santanyi.net\/ca\/property\/casa-de-poble-amb-gran-potencial-dinversio-i-reforma-santanyi\/","og_site_name":"RE\/MAX Drac","article_modified_time":"2026-05-01T04:50:25+00:00","og_image":[{"width":1920,"height":1440,"url":"https:\/\/www.santanyi.net\/wp-content\/uploads\/anaconda_property_media\/28848641-193809\/7-1.jpg","type":"image\/jpeg"}],"twitter_card":"summary_large_image","twitter_misc":{"Temps estimat de lectura":"1 minut"},"schema":{"@context":"https:\/\/schema.org","@graph":[{"@type":"WebPage","@id":"https:\/\/www.santanyi.net\/ca\/property\/casa-de-poble-amb-gran-potencial-dinversio-i-reforma-santanyi\/","url":"https:\/\/www.santanyi.net\/ca\/property\/casa-de-poble-amb-gran-potencial-dinversio-i-reforma-santanyi\/","name":"Casa de poble amb gran potencial d\u2019inversi\u00f3 i reforma, Santany\u00ed - RE\/MAX Drac","isPartOf":{"@id":"https:\/\/www.santanyi.net\/ca\/#website"},"primaryImageOfPage":{"@id":"https:\/\/www.santanyi.net\/ca\/property\/casa-de-poble-amb-gran-potencial-dinversio-i-reforma-santanyi\/#primaryimage"},"image":{"@id":"https:\/\/www.santanyi.net\/ca\/property\/casa-de-poble-amb-gran-potencial-dinversio-i-reforma-santanyi\/#primaryimage"},"thumbnailUrl":"https:\/\/www.santanyi.net\/wp-content\/uploads\/anaconda_property_media\/28848641-193809\/7-1.jpg","datePublished":"2026-04-30T02:05:58+00:00","dateModified":"2026-05-01T04:50:25+00:00","breadcrumb":{"@id":"https:\/\/www.santanyi.net\/ca\/property\/casa-de-poble-amb-gran-potencial-dinversio-i-reforma-santanyi\/#breadcrumb"},"inLanguage":"ca","potentialAction":[{"@type":"ReadAction","target":["https:\/\/www.santanyi.net\/ca\/property\/casa-de-poble-amb-gran-potencial-dinversio-i-reforma-santanyi\/"]}]},{"@type":"ImageObject","inLanguage":"ca","@id":"https:\/\/www.santanyi.net\/ca\/property\/casa-de-poble-amb-gran-potencial-dinversio-i-reforma-santanyi\/#primaryimage","url":"https:\/\/www.santanyi.net\/wp-content\/uploads\/anaconda_property_media\/28848641-193809\/7-1.jpg","contentUrl":"https:\/\/www.santanyi.net\/wp-content\/uploads\/anaconda_property_media\/28848641-193809\/7-1.jpg","width":1920,"height":1440},{"@type":"BreadcrumbList","@id":"https:\/\/www.santanyi.net\/ca\/property\/casa-de-poble-amb-gran-potencial-dinversio-i-reforma-santanyi\/#breadcrumb","itemListElement":[{"@type":"ListItem","position":1,"name":"Home","item":"https:\/\/www.santanyi.net\/ca\/"},{"@type":"ListItem","position":2,"name":"Properties","item":"https:\/\/www.santanyi.net\/ca\/property\/"},{"@type":"ListItem","position":3,"name":"Casa de poble amb gran potencial d\u2019inversi\u00f3 i reforma, Santany\u00ed"}]},{"@type":"WebSite","@id":"https:\/\/www.santanyi.net\/ca\/#website","url":"https:\/\/www.santanyi.net\/ca\/","name":"RE\/MAX Drac","description":"","publisher":{"@id":"https:\/\/www.santanyi.net\/ca\/#organization"},"potentialAction":[{"@type":"SearchAction","target":{"@type":"EntryPoint","urlTemplate":"https:\/\/www.santanyi.net\/ca\/?s={search_term_string}"},"query-input":{"@type":"PropertyValueSpecification","valueRequired":true,"valueName":"search_term_string"}}],"inLanguage":"ca"},{"@type":"Organization","@id":"https:\/\/www.santanyi.net\/ca\/#organization","name":"RE\/MAX Drac","url":"https:\/\/www.santanyi.net\/ca\/","logo":{"@type":"ImageObject","inLanguage":"ca","@id":"https:\/\/www.santanyi.net\/ca\/#\/schema\/logo\/image\/","url":"https:\/\/www.santanyi.net\/wp-content\/uploads\/2025\/07\/logo-nuevo.png","contentUrl":"https:\/\/www.santanyi.net\/wp-content\/uploads\/2025\/07\/logo-nuevo.png","width":295,"height":165,"caption":"RE\/MAX Drac"},"image":{"@id":"https:\/\/www.santanyi.net\/ca\/#\/schema\/logo\/image\/"}}]}},"_links":{"self":[{"href":"https:\/\/www.santanyi.net\/ca\/wp-json\/wp\/v2\/properties\/193815","targetHints":{"allow":["GET"]}}],"collection":[{"href":"https:\/\/www.santanyi.net\/ca\/wp-json\/wp\/v2\/properties"}],"about":[{"href":"https:\/\/www.santanyi.net\/ca\/wp-json\/wp\/v2\/types\/property"}],"version-history":[{"count":1,"href":"https:\/\/www.santanyi.net\/ca\/wp-json\/wp\/v2\/properties\/193815\/revisions"}],"predecessor-version":[{"id":193931,"href":"https:\/\/www.santanyi.net\/ca\/wp-json\/wp\/v2\/properties\/193815\/revisions\/193931"}],"wp:featuredmedia":[{"embeddable":true,"href":"https:\/\/www.santanyi.net\/ca\/wp-json\/wp\/v2\/media\/193810"}],"wp:attachment":[{"href":"https:\/\/www.santanyi.net\/ca\/wp-json\/wp\/v2\/media?parent=193815"}],"wp:term":[{"taxonomy":"property_type","embeddable":true,"href":"https:\/\/www.santanyi.net\/ca\/wp-json\/wp\/v2\/property_type?post=193815"},{"taxonomy":"property_status","embeddable":true,"href":"https:\/\/www.santanyi.net\/ca\/wp-json\/wp\/v2\/property_status?post=193815"},{"taxonomy":"property_feature","embeddable":true,"href":"https:\/\/www.santanyi.net\/ca\/wp-json\/wp\/v2\/property_feature?post=193815"},{"taxonomy":"property_label","embeddable":true,"href":"https:\/\/www.santanyi.net\/ca\/wp-json\/wp\/v2\/property_label?post=193815"},{"taxonomy":"property_country","embeddable":true,"href":"https:\/\/www.santanyi.net\/ca\/wp-json\/wp\/v2\/property_country?post=193815"},{"taxonomy":"property_state","embeddable":true,"href":"https:\/\/www.santanyi.net\/ca\/wp-json\/wp\/v2\/property_state?post=193815"},{"taxonomy":"property_city","embeddable":true,"href":"https:\/\/www.santanyi.net\/ca\/wp-json\/wp\/v2\/property_city?post=193815"},{"taxonomy":"property_area","embeddable":true,"href":"https:\/\/www.santanyi.net\/ca\/wp-json\/wp\/v2\/property_area?post=193815"}],"curies":[{"name":"wp","href":"https:\/\/api.w.org\/{rel}","templated":true}]}}