
{"id":189768,"date":"2026-04-25T04:45:45","date_gmt":"2026-04-25T04:45:45","guid":{"rendered":"https:\/\/www.santanyi.net\/property\/encantador-pis-a-la-primera-planta-en-una-ubicacio-privilegiada-darrere-lesglesia-de-santanyi\/"},"modified":"2026-04-30T04:48:54","modified_gmt":"2026-04-30T04:48:54","slug":"encantador-pis-a-la-primera-planta-en-una-ubicacio-privilegiada-darrere-lesglesia-de-santanyi-2","status":"publish","type":"property","link":"https:\/\/www.santanyi.net\/ca\/property\/encantador-pis-a-la-primera-planta-en-una-ubicacio-privilegiada-darrere-lesglesia-de-santanyi-2\/","title":{"rendered":"Encantador pis a la primera planta en una ubicaci\u00f3 privilegiada, darrere l&#8217;esgl\u00e9sia de Santany\u00ed."},"content":{"rendered":"<p>Pis acollidor amb balc\u00f3 darrere l\u2019esgl\u00e9sia de Santany\u00ed<br \/>Pis amb molt d\u2019encant i detalls cuidats, situat en una primera planta en una zona tranquil\u00b7la darrere l\u2019esgl\u00e9sia de Santany\u00ed.<br \/>Disposa de terra radiant, aire condicionat fred\/calor i un balc\u00f3 amb vistes al ve\u00efnat, que ofereix un ambient de calma i tranquil\u00b7litat.<br \/>Distribuci\u00f3:<br \/>\u2022Dormitori principal ampli amb aire condicionat fred\/calor, situat a l\u2019entrada del pis<br \/>\u2022Cuina oberta al sal\u00f3-menjador, equipada amb nevera petita, vitrocer\u00e0mica i microones<br \/>\u2022Sal\u00f3-menjador molt acollidor amb aire condicionat<br \/>\u2022Segona habitaci\u00f3 ideal com a despatx o dormitori auxiliar<br \/>\u2022Bany amb dutxa i tovalloler el\u00e8ctric<br \/>\u2022Rentadora situada en un petit traster exterior<br \/>Un pis c\u00f2mode, c\u00e0lid i ben distribu\u00eft, ideal per viure amb tranquil\u00b7litat al centre del poble.<br \/>Condicions:<br \/>\u2022Un mes de fian\u00e7a<br \/>\u2022Un mes addicional com a garantia<br \/>\u2022Les despeses d\u2019aigua, llum, fems i internet van a c\u00e0rrec del llogater<br \/>Abans de concertar visita, es demana informaci\u00f3 per correu electr\u00f2nic:<br \/>\u2022Data prevista d\u2019entrada<br \/>\u2022Durada del lloguer<br \/>\u2022Nombre de persones<br \/>\u2022Si hi ha infants i\/o mascotes<br \/>\u2022Activitat professional<\/p>\n","protected":false},"excerpt":{"rendered":"<p>Pis acollidor amb balc\u00f3 darrere l\u2019esgl\u00e9sia de Santany\u00edPis amb molt d\u2019encant i detalls cuidats, situat en una primera planta en una zona tranquil\u00b7la darrere l\u2019esgl\u00e9sia de Santany\u00ed.Disposa de terra radiant, aire condicionat fred\/calor i un balc\u00f3 amb vistes al ve\u00efnat, que ofereix un ambient de calma i tranquil\u00b7litat.Distribuci\u00f3:\u2022Dormitori principal ampli amb aire condicionat fred\/calor, situat [&hellip;]<\/p>\n","protected":false},"author":0,"featured_media":189763,"parent":0,"menu_order":0,"template":"","property_type":[2173],"property_status":[2140,2187,2189],"property_feature":[1765,1799,1870,1853,1803,1964,1960,1872,1804,1805,1809],"property_label":[],"property_country":[],"property_state":[],"property_city":[635],"property_area":[636],"class_list":["post-189768","property","type-property","status-publish","has-post-thumbnail","hentry","property_type-piso-ca","property_status-alquilar-ca","property_status-reformado","property_status-reformado-ca","property_feature-aire_con","property_feature-aire_con-ca","property_feature-balcon-ca","property_feature-balcon","property_feature-calefaccion-ca","property_feature-centros_comerciales-ca","property_feature-centros_comerciales","property_feature-colegios-ca","property_feature-descalcificador-ca","property_feature-electro-ca","property_feature-muebles-ca","property_city-santanyi","property_area-santanyi"],"acf":[],"property_meta":{"_apg_property_user_edited":["1"],"fave_property_agency":["86"],"fave_agent_display_option":["agent_info"],"fave_agents":["1610"],"fave_property_id":["DRAC-AA1530-YK"],"fave_property_location":["39.354515307997,3.1305880695895,15"],"houzez_geolocation_lat":["39.354515307997"],"houzez_geolocation_long":["3.1305880695895"],"fave_property_price":["1300"],"fave_property_rent_or_sale":["rent"],"fave_property_year":[null],"fave_property_size_prefix":["m2"],"fave_property_land_postfix":["m2"],"fave_property_size":["84.00"],"fave_property_bedrooms":["2"],"fave_property_bathrooms":["1"],"fave_property_map_address":["Santany\u00ed, 07650 Santany\u00ed, BALEARES"],"fave_property_address":[" , Santany\u00ed 07650"],"fave_property_zip":["07650"],"fave_property_postal_code":["07650"],"fave_property_map":["1"],"_thumbnail_id":["189763"],"apg_property_id":["28236573"],"_wpml_word_count":["220"],"_eael_post_view_count":["16"],"houzez_recently_viewed":["2026-04-30 12:37:20"],"houzez_total_property_views":["16"],"houzez_views_by_date":["a:6:{s:10:\"04-25-2026\";i:2;s:10:\"04-26-2026\";i:1;s:10:\"04-27-2026\";i:2;s:10:\"04-28-2026\";i:2;s:10:\"04-29-2026\";i:1;s:10:\"04-30-2026\";i:8;}"],"fave_property_images":["189763","190674","190498","190438","190690","190478","190762","190322","190446","190374","190602","190982","190542","190810","190778","190666","190866","190362","190854","190882","190670","190658","190946","190578","190338","191026"],"_elementor_page_assets":["a:0:{}"]},"yoast_head":"<!-- This site is optimized with the Yoast SEO plugin v27.5 - https:\/\/yoast.com\/product\/yoast-seo-wordpress\/ -->\n<title>Encantador pis a la primera planta en una ubicaci\u00f3 privilegiada, darrere l&#039;esgl\u00e9sia de Santany\u00ed. - RE\/MAX Drac<\/title>\n<meta name=\"robots\" content=\"index, follow, max-snippet:-1, max-image-preview:large, max-video-preview:-1\" \/>\n<link rel=\"canonical\" href=\"https:\/\/www.santanyi.net\/ca\/property\/encantador-pis-a-la-primera-planta-en-una-ubicacio-privilegiada-darrere-lesglesia-de-santanyi-2\/\" \/>\n<meta property=\"og:locale\" content=\"ca_ES\" \/>\n<meta property=\"og:type\" content=\"article\" \/>\n<meta property=\"og:title\" content=\"Encantador pis a la primera planta en una ubicaci\u00f3 privilegiada, darrere l&#039;esgl\u00e9sia de Santany\u00ed. - RE\/MAX Drac\" \/>\n<meta property=\"og:description\" content=\"Pis acollidor amb balc\u00f3 darrere l\u2019esgl\u00e9sia de Santany\u00edPis amb molt d\u2019encant i detalls cuidats, situat en una primera planta en una zona tranquil\u00b7la darrere l\u2019esgl\u00e9sia de Santany\u00ed.Disposa de terra radiant, aire condicionat fred\/calor i un balc\u00f3 amb vistes al ve\u00efnat, que ofereix un ambient de calma i tranquil\u00b7litat.Distribuci\u00f3:\u2022Dormitori principal ampli amb aire condicionat fred\/calor, situat [&hellip;]\" \/>\n<meta property=\"og:url\" content=\"https:\/\/www.santanyi.net\/ca\/property\/encantador-pis-a-la-primera-planta-en-una-ubicacio-privilegiada-darrere-lesglesia-de-santanyi-2\/\" \/>\n<meta property=\"og:site_name\" content=\"RE\/MAX Drac\" \/>\n<meta property=\"article:modified_time\" content=\"2026-04-30T04:48:54+00:00\" \/>\n<meta property=\"og:image\" content=\"https:\/\/www.santanyi.net\/wp-content\/uploads\/anaconda_property_media\/28236573-189762\/18-1.jpg\" \/>\n\t<meta property=\"og:image:width\" content=\"1920\" \/>\n\t<meta property=\"og:image:height\" content=\"1439\" \/>\n\t<meta property=\"og:image:type\" content=\"image\/jpeg\" \/>\n<meta name=\"twitter:card\" content=\"summary_large_image\" \/>\n<meta name=\"twitter:label1\" content=\"Temps estimat de lectura\" \/>\n\t<meta name=\"twitter:data1\" content=\"1 minut\" \/>\n<script type=\"application\/ld+json\" class=\"yoast-schema-graph\">{\"@context\":\"https:\\\/\\\/schema.org\",\"@graph\":[{\"@type\":\"WebPage\",\"@id\":\"https:\\\/\\\/www.santanyi.net\\\/ca\\\/property\\\/encantador-pis-a-la-primera-planta-en-una-ubicacio-privilegiada-darrere-lesglesia-de-santanyi-2\\\/\",\"url\":\"https:\\\/\\\/www.santanyi.net\\\/ca\\\/property\\\/encantador-pis-a-la-primera-planta-en-una-ubicacio-privilegiada-darrere-lesglesia-de-santanyi-2\\\/\",\"name\":\"Encantador pis a la primera planta en una ubicaci\u00f3 privilegiada, darrere l'esgl\u00e9sia de Santany\u00ed. - RE\\\/MAX Drac\",\"isPartOf\":{\"@id\":\"https:\\\/\\\/www.santanyi.net\\\/ca\\\/#website\"},\"primaryImageOfPage\":{\"@id\":\"https:\\\/\\\/www.santanyi.net\\\/ca\\\/property\\\/encantador-pis-a-la-primera-planta-en-una-ubicacio-privilegiada-darrere-lesglesia-de-santanyi-2\\\/#primaryimage\"},\"image\":{\"@id\":\"https:\\\/\\\/www.santanyi.net\\\/ca\\\/property\\\/encantador-pis-a-la-primera-planta-en-una-ubicacio-privilegiada-darrere-lesglesia-de-santanyi-2\\\/#primaryimage\"},\"thumbnailUrl\":\"https:\\\/\\\/www.santanyi.net\\\/wp-content\\\/uploads\\\/anaconda_property_media\\\/28236573-189762\\\/18-1.jpg\",\"datePublished\":\"2026-04-25T04:45:45+00:00\",\"dateModified\":\"2026-04-30T04:48:54+00:00\",\"breadcrumb\":{\"@id\":\"https:\\\/\\\/www.santanyi.net\\\/ca\\\/property\\\/encantador-pis-a-la-primera-planta-en-una-ubicacio-privilegiada-darrere-lesglesia-de-santanyi-2\\\/#breadcrumb\"},\"inLanguage\":\"ca\",\"potentialAction\":[{\"@type\":\"ReadAction\",\"target\":[\"https:\\\/\\\/www.santanyi.net\\\/ca\\\/property\\\/encantador-pis-a-la-primera-planta-en-una-ubicacio-privilegiada-darrere-lesglesia-de-santanyi-2\\\/\"]}]},{\"@type\":\"ImageObject\",\"inLanguage\":\"ca\",\"@id\":\"https:\\\/\\\/www.santanyi.net\\\/ca\\\/property\\\/encantador-pis-a-la-primera-planta-en-una-ubicacio-privilegiada-darrere-lesglesia-de-santanyi-2\\\/#primaryimage\",\"url\":\"https:\\\/\\\/www.santanyi.net\\\/wp-content\\\/uploads\\\/anaconda_property_media\\\/28236573-189762\\\/18-1.jpg\",\"contentUrl\":\"https:\\\/\\\/www.santanyi.net\\\/wp-content\\\/uploads\\\/anaconda_property_media\\\/28236573-189762\\\/18-1.jpg\",\"width\":1920,\"height\":1439},{\"@type\":\"BreadcrumbList\",\"@id\":\"https:\\\/\\\/www.santanyi.net\\\/ca\\\/property\\\/encantador-pis-a-la-primera-planta-en-una-ubicacio-privilegiada-darrere-lesglesia-de-santanyi-2\\\/#breadcrumb\",\"itemListElement\":[{\"@type\":\"ListItem\",\"position\":1,\"name\":\"Home\",\"item\":\"https:\\\/\\\/www.santanyi.net\\\/ca\\\/\"},{\"@type\":\"ListItem\",\"position\":2,\"name\":\"Properties\",\"item\":\"https:\\\/\\\/www.santanyi.net\\\/ca\\\/property\\\/\"},{\"@type\":\"ListItem\",\"position\":3,\"name\":\"Encantador pis a la primera planta en una ubicaci\u00f3 privilegiada, darrere l&#8217;esgl\u00e9sia de Santany\u00ed.\"}]},{\"@type\":\"WebSite\",\"@id\":\"https:\\\/\\\/www.santanyi.net\\\/ca\\\/#website\",\"url\":\"https:\\\/\\\/www.santanyi.net\\\/ca\\\/\",\"name\":\"RE\\\/MAX Drac\",\"description\":\"\",\"publisher\":{\"@id\":\"https:\\\/\\\/www.santanyi.net\\\/ca\\\/#organization\"},\"potentialAction\":[{\"@type\":\"SearchAction\",\"target\":{\"@type\":\"EntryPoint\",\"urlTemplate\":\"https:\\\/\\\/www.santanyi.net\\\/ca\\\/?s={search_term_string}\"},\"query-input\":{\"@type\":\"PropertyValueSpecification\",\"valueRequired\":true,\"valueName\":\"search_term_string\"}}],\"inLanguage\":\"ca\"},{\"@type\":\"Organization\",\"@id\":\"https:\\\/\\\/www.santanyi.net\\\/ca\\\/#organization\",\"name\":\"RE\\\/MAX Drac\",\"url\":\"https:\\\/\\\/www.santanyi.net\\\/ca\\\/\",\"logo\":{\"@type\":\"ImageObject\",\"inLanguage\":\"ca\",\"@id\":\"https:\\\/\\\/www.santanyi.net\\\/ca\\\/#\\\/schema\\\/logo\\\/image\\\/\",\"url\":\"https:\\\/\\\/www.santanyi.net\\\/wp-content\\\/uploads\\\/2025\\\/07\\\/logo-nuevo.png\",\"contentUrl\":\"https:\\\/\\\/www.santanyi.net\\\/wp-content\\\/uploads\\\/2025\\\/07\\\/logo-nuevo.png\",\"width\":295,\"height\":165,\"caption\":\"RE\\\/MAX Drac\"},\"image\":{\"@id\":\"https:\\\/\\\/www.santanyi.net\\\/ca\\\/#\\\/schema\\\/logo\\\/image\\\/\"}}]}<\/script>\n<!-- \/ Yoast SEO plugin. -->","yoast_head_json":{"title":"Encantador pis a la primera planta en una ubicaci\u00f3 privilegiada, darrere l'esgl\u00e9sia de Santany\u00ed. - RE\/MAX Drac","robots":{"index":"index","follow":"follow","max-snippet":"max-snippet:-1","max-image-preview":"max-image-preview:large","max-video-preview":"max-video-preview:-1"},"canonical":"https:\/\/www.santanyi.net\/ca\/property\/encantador-pis-a-la-primera-planta-en-una-ubicacio-privilegiada-darrere-lesglesia-de-santanyi-2\/","og_locale":"ca_ES","og_type":"article","og_title":"Encantador pis a la primera planta en una ubicaci\u00f3 privilegiada, darrere l'esgl\u00e9sia de Santany\u00ed. - RE\/MAX Drac","og_description":"Pis acollidor amb balc\u00f3 darrere l\u2019esgl\u00e9sia de Santany\u00edPis amb molt d\u2019encant i detalls cuidats, situat en una primera planta en una zona tranquil\u00b7la darrere l\u2019esgl\u00e9sia de Santany\u00ed.Disposa de terra radiant, aire condicionat fred\/calor i un balc\u00f3 amb vistes al ve\u00efnat, que ofereix un ambient de calma i tranquil\u00b7litat.Distribuci\u00f3:\u2022Dormitori principal ampli amb aire condicionat fred\/calor, situat [&hellip;]","og_url":"https:\/\/www.santanyi.net\/ca\/property\/encantador-pis-a-la-primera-planta-en-una-ubicacio-privilegiada-darrere-lesglesia-de-santanyi-2\/","og_site_name":"RE\/MAX Drac","article_modified_time":"2026-04-30T04:48:54+00:00","og_image":[{"width":1920,"height":1439,"url":"https:\/\/www.santanyi.net\/wp-content\/uploads\/anaconda_property_media\/28236573-189762\/18-1.jpg","type":"image\/jpeg"}],"twitter_card":"summary_large_image","twitter_misc":{"Temps estimat de lectura":"1 minut"},"schema":{"@context":"https:\/\/schema.org","@graph":[{"@type":"WebPage","@id":"https:\/\/www.santanyi.net\/ca\/property\/encantador-pis-a-la-primera-planta-en-una-ubicacio-privilegiada-darrere-lesglesia-de-santanyi-2\/","url":"https:\/\/www.santanyi.net\/ca\/property\/encantador-pis-a-la-primera-planta-en-una-ubicacio-privilegiada-darrere-lesglesia-de-santanyi-2\/","name":"Encantador pis a la primera planta en una ubicaci\u00f3 privilegiada, darrere l'esgl\u00e9sia de Santany\u00ed. - RE\/MAX Drac","isPartOf":{"@id":"https:\/\/www.santanyi.net\/ca\/#website"},"primaryImageOfPage":{"@id":"https:\/\/www.santanyi.net\/ca\/property\/encantador-pis-a-la-primera-planta-en-una-ubicacio-privilegiada-darrere-lesglesia-de-santanyi-2\/#primaryimage"},"image":{"@id":"https:\/\/www.santanyi.net\/ca\/property\/encantador-pis-a-la-primera-planta-en-una-ubicacio-privilegiada-darrere-lesglesia-de-santanyi-2\/#primaryimage"},"thumbnailUrl":"https:\/\/www.santanyi.net\/wp-content\/uploads\/anaconda_property_media\/28236573-189762\/18-1.jpg","datePublished":"2026-04-25T04:45:45+00:00","dateModified":"2026-04-30T04:48:54+00:00","breadcrumb":{"@id":"https:\/\/www.santanyi.net\/ca\/property\/encantador-pis-a-la-primera-planta-en-una-ubicacio-privilegiada-darrere-lesglesia-de-santanyi-2\/#breadcrumb"},"inLanguage":"ca","potentialAction":[{"@type":"ReadAction","target":["https:\/\/www.santanyi.net\/ca\/property\/encantador-pis-a-la-primera-planta-en-una-ubicacio-privilegiada-darrere-lesglesia-de-santanyi-2\/"]}]},{"@type":"ImageObject","inLanguage":"ca","@id":"https:\/\/www.santanyi.net\/ca\/property\/encantador-pis-a-la-primera-planta-en-una-ubicacio-privilegiada-darrere-lesglesia-de-santanyi-2\/#primaryimage","url":"https:\/\/www.santanyi.net\/wp-content\/uploads\/anaconda_property_media\/28236573-189762\/18-1.jpg","contentUrl":"https:\/\/www.santanyi.net\/wp-content\/uploads\/anaconda_property_media\/28236573-189762\/18-1.jpg","width":1920,"height":1439},{"@type":"BreadcrumbList","@id":"https:\/\/www.santanyi.net\/ca\/property\/encantador-pis-a-la-primera-planta-en-una-ubicacio-privilegiada-darrere-lesglesia-de-santanyi-2\/#breadcrumb","itemListElement":[{"@type":"ListItem","position":1,"name":"Home","item":"https:\/\/www.santanyi.net\/ca\/"},{"@type":"ListItem","position":2,"name":"Properties","item":"https:\/\/www.santanyi.net\/ca\/property\/"},{"@type":"ListItem","position":3,"name":"Encantador pis a la primera planta en una ubicaci\u00f3 privilegiada, darrere l&#8217;esgl\u00e9sia de Santany\u00ed."}]},{"@type":"WebSite","@id":"https:\/\/www.santanyi.net\/ca\/#website","url":"https:\/\/www.santanyi.net\/ca\/","name":"RE\/MAX Drac","description":"","publisher":{"@id":"https:\/\/www.santanyi.net\/ca\/#organization"},"potentialAction":[{"@type":"SearchAction","target":{"@type":"EntryPoint","urlTemplate":"https:\/\/www.santanyi.net\/ca\/?s={search_term_string}"},"query-input":{"@type":"PropertyValueSpecification","valueRequired":true,"valueName":"search_term_string"}}],"inLanguage":"ca"},{"@type":"Organization","@id":"https:\/\/www.santanyi.net\/ca\/#organization","name":"RE\/MAX Drac","url":"https:\/\/www.santanyi.net\/ca\/","logo":{"@type":"ImageObject","inLanguage":"ca","@id":"https:\/\/www.santanyi.net\/ca\/#\/schema\/logo\/image\/","url":"https:\/\/www.santanyi.net\/wp-content\/uploads\/2025\/07\/logo-nuevo.png","contentUrl":"https:\/\/www.santanyi.net\/wp-content\/uploads\/2025\/07\/logo-nuevo.png","width":295,"height":165,"caption":"RE\/MAX Drac"},"image":{"@id":"https:\/\/www.santanyi.net\/ca\/#\/schema\/logo\/image\/"}}]}},"_links":{"self":[{"href":"https:\/\/www.santanyi.net\/ca\/wp-json\/wp\/v2\/properties\/189768","targetHints":{"allow":["GET"]}}],"collection":[{"href":"https:\/\/www.santanyi.net\/ca\/wp-json\/wp\/v2\/properties"}],"about":[{"href":"https:\/\/www.santanyi.net\/ca\/wp-json\/wp\/v2\/types\/property"}],"version-history":[{"count":3,"href":"https:\/\/www.santanyi.net\/ca\/wp-json\/wp\/v2\/properties\/189768\/revisions"}],"predecessor-version":[{"id":193743,"href":"https:\/\/www.santanyi.net\/ca\/wp-json\/wp\/v2\/properties\/189768\/revisions\/193743"}],"wp:featuredmedia":[{"embeddable":true,"href":"https:\/\/www.santanyi.net\/ca\/wp-json\/wp\/v2\/media\/189763"}],"wp:attachment":[{"href":"https:\/\/www.santanyi.net\/ca\/wp-json\/wp\/v2\/media?parent=189768"}],"wp:term":[{"taxonomy":"property_type","embeddable":true,"href":"https:\/\/www.santanyi.net\/ca\/wp-json\/wp\/v2\/property_type?post=189768"},{"taxonomy":"property_status","embeddable":true,"href":"https:\/\/www.santanyi.net\/ca\/wp-json\/wp\/v2\/property_status?post=189768"},{"taxonomy":"property_feature","embeddable":true,"href":"https:\/\/www.santanyi.net\/ca\/wp-json\/wp\/v2\/property_feature?post=189768"},{"taxonomy":"property_label","embeddable":true,"href":"https:\/\/www.santanyi.net\/ca\/wp-json\/wp\/v2\/property_label?post=189768"},{"taxonomy":"property_country","embeddable":true,"href":"https:\/\/www.santanyi.net\/ca\/wp-json\/wp\/v2\/property_country?post=189768"},{"taxonomy":"property_state","embeddable":true,"href":"https:\/\/www.santanyi.net\/ca\/wp-json\/wp\/v2\/property_state?post=189768"},{"taxonomy":"property_city","embeddable":true,"href":"https:\/\/www.santanyi.net\/ca\/wp-json\/wp\/v2\/property_city?post=189768"},{"taxonomy":"property_area","embeddable":true,"href":"https:\/\/www.santanyi.net\/ca\/wp-json\/wp\/v2\/property_area?post=189768"}],"curies":[{"name":"wp","href":"https:\/\/api.w.org\/{rel}","templated":true}]}}