
{"id":188549,"date":"2026-04-24T04:40:24","date_gmt":"2026-04-24T04:40:24","guid":{"rendered":"https:\/\/www.santanyi.net\/property\/nomes-per-correu-electronic-acollidor-petit-apartament-a-la-2a-planta-sense-ascensor-sense-moblar-amb-una-bonica-i-espaiosa-terrassa-a-santanyi\/"},"modified":"2026-05-01T04:50:27","modified_gmt":"2026-05-01T04:50:27","slug":"nomes-per-correu-electronic-acollidor-petit-apartament-a-la-2a-planta-sense-ascensor-sense-moblar-amb-una-bonica-i-espaiosa-terrassa-a-santanyi","status":"publish","type":"property","link":"https:\/\/www.santanyi.net\/ca\/property\/nomes-per-correu-electronic-acollidor-petit-apartament-a-la-2a-planta-sense-ascensor-sense-moblar-amb-una-bonica-i-espaiosa-terrassa-a-santanyi\/","title":{"rendered":"NOM\u00c9S PER CORREU ELECTR\u00d2NIC!!! Acollidor petit apartament a la 2a planta (sense ascensor), sense moblar, amb una bonica i espaiosa terrassa a Santany\u00ed"},"content":{"rendered":"<p>NOM\u00c9S PER A SEGONA RESIDEN\u00c7A!!! Encantador apartament al cor de Santany\u00ed. Amb una superf\u00edcie habitable d&#8217;aproximadament 70 m\u00b2, aquesta propietat es caracteritza per la seva lluminositat i confort. Situat a la 2a planta (sense ascensor), disposa de dues habitacions amb acc\u00e9s a un balc\u00f3 privat. El bany t\u00e9 dutxa i totes les habitacions disposen d&#8217;aire condicionat (fred\/calor). La cuina\/menjador de planta oberta ofereix electrodom\u00e8stics com ara microones, rentaplats, forn i vitrocer\u00e0mica, ideals per passar estones acollidores cuinant o compartint \u00e0pats amb familiars i amics. Relaxeu-vos a l&#8217;espaiosa terrassa parcialment coberta, que ofereix el lloc perfecte per desconnectar despr\u00e9s d&#8217;un llarg dia. L&#8217;apartament tamb\u00e9 inclou un \u00e0tic addicional gran. Botigues i escoles es troben a les rodalies. Disponible nom\u00e9s com a segona resid\u00e8ncia (no com a resid\u00e8ncia principal). Les persones interessades han de contactar-nos exclusivament per correu electr\u00f2nic i proporcionar informaci\u00f3 sobre el per\u00edode de lloguer desitjat, el nombre total de persones, inclosos els nens i les mascotes, i les seves activitats professionals. Moltes gr\u00e0cies.<\/p>\n","protected":false},"excerpt":{"rendered":"<p>NOM\u00c9S PER A SEGONA RESIDEN\u00c7A!!! Encantador apartament al cor de Santany\u00ed. Amb una superf\u00edcie habitable d&#8217;aproximadament 70 m\u00b2, aquesta propietat es caracteritza per la seva lluminositat i confort. Situat a la 2a planta (sense ascensor), disposa de dues habitacions amb acc\u00e9s a un balc\u00f3 privat. El bany t\u00e9 dutxa i totes les habitacions disposen d&#8217;aire [&hellip;]<\/p>\n","protected":false},"author":0,"featured_media":188538,"parent":0,"menu_order":0,"template":"","property_type":[2139],"property_status":[2181,2179,2140],"property_feature":[1765,1799,1853,1870,1982,1975,1964,1871,1872,1805,1807,1945,1953,1895,1930,1897,1954],"property_label":[],"property_country":[],"property_state":[],"property_city":[635],"property_area":[636],"class_list":["post-188549","property","type-property","status-publish","has-post-thumbnail","hentry","property_type-apartamento-ca","property_status-entrar-a-vivir-ca","property_status-entrar-a-vivir","property_status-alquilar-ca","property_feature-aire_con","property_feature-aire_con-ca","property_feature-balcon","property_feature-balcon-ca","property_feature-bombafriocalor-ca","property_feature-bombafriocalor","property_feature-centros_comerciales-ca","property_feature-cocina_inde-ca","property_feature-colegios-ca","property_feature-electro-ca","property_feature-lavanderia-ca","property_feature-linea_tlf","property_feature-linea_tlf-ca","property_feature-patio-ca","property_feature-pergola-ca","property_feature-terraza-ca","property_feature-trastero-ca","property_city-santanyi","property_area-santanyi"],"acf":[],"property_meta":{"_apg_property_user_edited":["1"],"fave_property_agency":["86"],"fave_agent_display_option":["agent_info"],"fave_agents":["1610"],"fave_property_id":["AA1538YK"],"fave_property_location":["39.352389656134,3.1274358019338,15"],"houzez_geolocation_lat":["39.352389656134"],"houzez_geolocation_long":["3.1274358019338"],"fave_property_price":["1400"],"fave_property_rent_or_sale":["rent"],"fave_property_year":[null],"fave_property_size_prefix":["m2"],"fave_property_land_postfix":["m2"],"fave_property_size":["173.00"],"fave_property_bedrooms":["2"],"fave_property_bathrooms":["1"],"fave_property_map_address":["Santany\u00ed, 07650 Santany\u00ed, BALEARES"],"fave_property_address":[" , Santany\u00ed 07650"],"fave_property_zip":["07650"],"fave_property_postal_code":["07650"],"fave_property_map":["1"],"_thumbnail_id":["188538"],"apg_property_id":["28857396"],"_wpml_word_count":["224"],"_eael_post_view_count":["23"],"houzez_recently_viewed":["2026-05-01 07:53:44"],"houzez_total_property_views":["23"],"houzez_views_by_date":["a:7:{s:10:\"04-24-2026\";i:3;s:10:\"04-26-2026\";i:3;s:10:\"04-27-2026\";i:1;s:10:\"04-28-2026\";i:4;s:10:\"04-29-2026\";i:1;s:10:\"04-30-2026\";i:8;s:10:\"05-01-2026\";i:3;}"],"fave_property_images":["188538","189654","189486","189662","189450","189262","189294","189114","189518","189074","189242","189330","189222","189690","189686","189286","189538","189542","189494","189530","189510","189554","189182","189458"],"_elementor_page_assets":["a:0:{}"]},"yoast_head":"<!-- This site is optimized with the Yoast SEO plugin v27.5 - https:\/\/yoast.com\/product\/yoast-seo-wordpress\/ -->\n<title>NOM\u00c9S PER CORREU ELECTR\u00d2NIC!!! Acollidor petit apartament a la 2a planta (sense ascensor), sense moblar, amb una bonica i espaiosa terrassa a Santany\u00ed - RE\/MAX Drac<\/title>\n<meta name=\"robots\" content=\"index, follow, max-snippet:-1, max-image-preview:large, max-video-preview:-1\" \/>\n<link rel=\"canonical\" href=\"https:\/\/www.santanyi.net\/ca\/property\/nomes-per-correu-electronic-acollidor-petit-apartament-a-la-2a-planta-sense-ascensor-sense-moblar-amb-una-bonica-i-espaiosa-terrassa-a-santanyi\/\" \/>\n<meta property=\"og:locale\" content=\"ca_ES\" \/>\n<meta property=\"og:type\" content=\"article\" \/>\n<meta property=\"og:title\" content=\"NOM\u00c9S PER CORREU ELECTR\u00d2NIC!!! Acollidor petit apartament a la 2a planta (sense ascensor), sense moblar, amb una bonica i espaiosa terrassa a Santany\u00ed - RE\/MAX Drac\" \/>\n<meta property=\"og:description\" content=\"NOM\u00c9S PER A SEGONA RESIDEN\u00c7A!!! Encantador apartament al cor de Santany\u00ed. Amb una superf\u00edcie habitable d&#8217;aproximadament 70 m\u00b2, aquesta propietat es caracteritza per la seva lluminositat i confort. Situat a la 2a planta (sense ascensor), disposa de dues habitacions amb acc\u00e9s a un balc\u00f3 privat. El bany t\u00e9 dutxa i totes les habitacions disposen d&#8217;aire [&hellip;]\" \/>\n<meta property=\"og:url\" content=\"https:\/\/www.santanyi.net\/ca\/property\/nomes-per-correu-electronic-acollidor-petit-apartament-a-la-2a-planta-sense-ascensor-sense-moblar-amb-una-bonica-i-espaiosa-terrassa-a-santanyi\/\" \/>\n<meta property=\"og:site_name\" content=\"RE\/MAX Drac\" \/>\n<meta property=\"article:modified_time\" content=\"2026-05-01T04:50:27+00:00\" \/>\n<meta property=\"og:image\" content=\"https:\/\/www.santanyi.net\/wp-content\/uploads\/anaconda_property_media\/28857396-188537\/10-1.jpg\" \/>\n\t<meta property=\"og:image:width\" content=\"1920\" \/>\n\t<meta property=\"og:image:height\" content=\"1439\" \/>\n\t<meta property=\"og:image:type\" content=\"image\/jpeg\" \/>\n<meta name=\"twitter:card\" content=\"summary_large_image\" \/>\n<meta name=\"twitter:label1\" content=\"Temps estimat de lectura\" \/>\n\t<meta name=\"twitter:data1\" content=\"1 minut\" \/>\n<script type=\"application\/ld+json\" class=\"yoast-schema-graph\">{\"@context\":\"https:\\\/\\\/schema.org\",\"@graph\":[{\"@type\":\"WebPage\",\"@id\":\"https:\\\/\\\/www.santanyi.net\\\/ca\\\/property\\\/nomes-per-correu-electronic-acollidor-petit-apartament-a-la-2a-planta-sense-ascensor-sense-moblar-amb-una-bonica-i-espaiosa-terrassa-a-santanyi\\\/\",\"url\":\"https:\\\/\\\/www.santanyi.net\\\/ca\\\/property\\\/nomes-per-correu-electronic-acollidor-petit-apartament-a-la-2a-planta-sense-ascensor-sense-moblar-amb-una-bonica-i-espaiosa-terrassa-a-santanyi\\\/\",\"name\":\"NOM\u00c9S PER CORREU ELECTR\u00d2NIC!!! Acollidor petit apartament a la 2a planta (sense ascensor), sense moblar, amb una bonica i espaiosa terrassa a Santany\u00ed - RE\\\/MAX Drac\",\"isPartOf\":{\"@id\":\"https:\\\/\\\/www.santanyi.net\\\/ca\\\/#website\"},\"primaryImageOfPage\":{\"@id\":\"https:\\\/\\\/www.santanyi.net\\\/ca\\\/property\\\/nomes-per-correu-electronic-acollidor-petit-apartament-a-la-2a-planta-sense-ascensor-sense-moblar-amb-una-bonica-i-espaiosa-terrassa-a-santanyi\\\/#primaryimage\"},\"image\":{\"@id\":\"https:\\\/\\\/www.santanyi.net\\\/ca\\\/property\\\/nomes-per-correu-electronic-acollidor-petit-apartament-a-la-2a-planta-sense-ascensor-sense-moblar-amb-una-bonica-i-espaiosa-terrassa-a-santanyi\\\/#primaryimage\"},\"thumbnailUrl\":\"https:\\\/\\\/www.santanyi.net\\\/wp-content\\\/uploads\\\/anaconda_property_media\\\/28857396-188537\\\/10-1.jpg\",\"datePublished\":\"2026-04-24T04:40:24+00:00\",\"dateModified\":\"2026-05-01T04:50:27+00:00\",\"breadcrumb\":{\"@id\":\"https:\\\/\\\/www.santanyi.net\\\/ca\\\/property\\\/nomes-per-correu-electronic-acollidor-petit-apartament-a-la-2a-planta-sense-ascensor-sense-moblar-amb-una-bonica-i-espaiosa-terrassa-a-santanyi\\\/#breadcrumb\"},\"inLanguage\":\"ca\",\"potentialAction\":[{\"@type\":\"ReadAction\",\"target\":[\"https:\\\/\\\/www.santanyi.net\\\/ca\\\/property\\\/nomes-per-correu-electronic-acollidor-petit-apartament-a-la-2a-planta-sense-ascensor-sense-moblar-amb-una-bonica-i-espaiosa-terrassa-a-santanyi\\\/\"]}]},{\"@type\":\"ImageObject\",\"inLanguage\":\"ca\",\"@id\":\"https:\\\/\\\/www.santanyi.net\\\/ca\\\/property\\\/nomes-per-correu-electronic-acollidor-petit-apartament-a-la-2a-planta-sense-ascensor-sense-moblar-amb-una-bonica-i-espaiosa-terrassa-a-santanyi\\\/#primaryimage\",\"url\":\"https:\\\/\\\/www.santanyi.net\\\/wp-content\\\/uploads\\\/anaconda_property_media\\\/28857396-188537\\\/10-1.jpg\",\"contentUrl\":\"https:\\\/\\\/www.santanyi.net\\\/wp-content\\\/uploads\\\/anaconda_property_media\\\/28857396-188537\\\/10-1.jpg\",\"width\":1920,\"height\":1439},{\"@type\":\"BreadcrumbList\",\"@id\":\"https:\\\/\\\/www.santanyi.net\\\/ca\\\/property\\\/nomes-per-correu-electronic-acollidor-petit-apartament-a-la-2a-planta-sense-ascensor-sense-moblar-amb-una-bonica-i-espaiosa-terrassa-a-santanyi\\\/#breadcrumb\",\"itemListElement\":[{\"@type\":\"ListItem\",\"position\":1,\"name\":\"Home\",\"item\":\"https:\\\/\\\/www.santanyi.net\\\/ca\\\/\"},{\"@type\":\"ListItem\",\"position\":2,\"name\":\"Properties\",\"item\":\"https:\\\/\\\/www.santanyi.net\\\/ca\\\/property\\\/\"},{\"@type\":\"ListItem\",\"position\":3,\"name\":\"NOM\u00c9S PER CORREU ELECTR\u00d2NIC!!! Acollidor petit apartament a la 2a planta (sense ascensor), sense moblar, amb una bonica i espaiosa terrassa a Santany\u00ed\"}]},{\"@type\":\"WebSite\",\"@id\":\"https:\\\/\\\/www.santanyi.net\\\/ca\\\/#website\",\"url\":\"https:\\\/\\\/www.santanyi.net\\\/ca\\\/\",\"name\":\"RE\\\/MAX Drac\",\"description\":\"\",\"publisher\":{\"@id\":\"https:\\\/\\\/www.santanyi.net\\\/ca\\\/#organization\"},\"potentialAction\":[{\"@type\":\"SearchAction\",\"target\":{\"@type\":\"EntryPoint\",\"urlTemplate\":\"https:\\\/\\\/www.santanyi.net\\\/ca\\\/?s={search_term_string}\"},\"query-input\":{\"@type\":\"PropertyValueSpecification\",\"valueRequired\":true,\"valueName\":\"search_term_string\"}}],\"inLanguage\":\"ca\"},{\"@type\":\"Organization\",\"@id\":\"https:\\\/\\\/www.santanyi.net\\\/ca\\\/#organization\",\"name\":\"RE\\\/MAX Drac\",\"url\":\"https:\\\/\\\/www.santanyi.net\\\/ca\\\/\",\"logo\":{\"@type\":\"ImageObject\",\"inLanguage\":\"ca\",\"@id\":\"https:\\\/\\\/www.santanyi.net\\\/ca\\\/#\\\/schema\\\/logo\\\/image\\\/\",\"url\":\"https:\\\/\\\/www.santanyi.net\\\/wp-content\\\/uploads\\\/2025\\\/07\\\/logo-nuevo.png\",\"contentUrl\":\"https:\\\/\\\/www.santanyi.net\\\/wp-content\\\/uploads\\\/2025\\\/07\\\/logo-nuevo.png\",\"width\":295,\"height\":165,\"caption\":\"RE\\\/MAX Drac\"},\"image\":{\"@id\":\"https:\\\/\\\/www.santanyi.net\\\/ca\\\/#\\\/schema\\\/logo\\\/image\\\/\"}}]}<\/script>\n<!-- \/ Yoast SEO plugin. -->","yoast_head_json":{"title":"NOM\u00c9S PER CORREU ELECTR\u00d2NIC!!! Acollidor petit apartament a la 2a planta (sense ascensor), sense moblar, amb una bonica i espaiosa terrassa a Santany\u00ed - RE\/MAX Drac","robots":{"index":"index","follow":"follow","max-snippet":"max-snippet:-1","max-image-preview":"max-image-preview:large","max-video-preview":"max-video-preview:-1"},"canonical":"https:\/\/www.santanyi.net\/ca\/property\/nomes-per-correu-electronic-acollidor-petit-apartament-a-la-2a-planta-sense-ascensor-sense-moblar-amb-una-bonica-i-espaiosa-terrassa-a-santanyi\/","og_locale":"ca_ES","og_type":"article","og_title":"NOM\u00c9S PER CORREU ELECTR\u00d2NIC!!! Acollidor petit apartament a la 2a planta (sense ascensor), sense moblar, amb una bonica i espaiosa terrassa a Santany\u00ed - RE\/MAX Drac","og_description":"NOM\u00c9S PER A SEGONA RESIDEN\u00c7A!!! Encantador apartament al cor de Santany\u00ed. Amb una superf\u00edcie habitable d&#8217;aproximadament 70 m\u00b2, aquesta propietat es caracteritza per la seva lluminositat i confort. Situat a la 2a planta (sense ascensor), disposa de dues habitacions amb acc\u00e9s a un balc\u00f3 privat. El bany t\u00e9 dutxa i totes les habitacions disposen d&#8217;aire [&hellip;]","og_url":"https:\/\/www.santanyi.net\/ca\/property\/nomes-per-correu-electronic-acollidor-petit-apartament-a-la-2a-planta-sense-ascensor-sense-moblar-amb-una-bonica-i-espaiosa-terrassa-a-santanyi\/","og_site_name":"RE\/MAX Drac","article_modified_time":"2026-05-01T04:50:27+00:00","og_image":[{"width":1920,"height":1439,"url":"https:\/\/www.santanyi.net\/wp-content\/uploads\/anaconda_property_media\/28857396-188537\/10-1.jpg","type":"image\/jpeg"}],"twitter_card":"summary_large_image","twitter_misc":{"Temps estimat de lectura":"1 minut"},"schema":{"@context":"https:\/\/schema.org","@graph":[{"@type":"WebPage","@id":"https:\/\/www.santanyi.net\/ca\/property\/nomes-per-correu-electronic-acollidor-petit-apartament-a-la-2a-planta-sense-ascensor-sense-moblar-amb-una-bonica-i-espaiosa-terrassa-a-santanyi\/","url":"https:\/\/www.santanyi.net\/ca\/property\/nomes-per-correu-electronic-acollidor-petit-apartament-a-la-2a-planta-sense-ascensor-sense-moblar-amb-una-bonica-i-espaiosa-terrassa-a-santanyi\/","name":"NOM\u00c9S PER CORREU ELECTR\u00d2NIC!!! Acollidor petit apartament a la 2a planta (sense ascensor), sense moblar, amb una bonica i espaiosa terrassa a Santany\u00ed - RE\/MAX Drac","isPartOf":{"@id":"https:\/\/www.santanyi.net\/ca\/#website"},"primaryImageOfPage":{"@id":"https:\/\/www.santanyi.net\/ca\/property\/nomes-per-correu-electronic-acollidor-petit-apartament-a-la-2a-planta-sense-ascensor-sense-moblar-amb-una-bonica-i-espaiosa-terrassa-a-santanyi\/#primaryimage"},"image":{"@id":"https:\/\/www.santanyi.net\/ca\/property\/nomes-per-correu-electronic-acollidor-petit-apartament-a-la-2a-planta-sense-ascensor-sense-moblar-amb-una-bonica-i-espaiosa-terrassa-a-santanyi\/#primaryimage"},"thumbnailUrl":"https:\/\/www.santanyi.net\/wp-content\/uploads\/anaconda_property_media\/28857396-188537\/10-1.jpg","datePublished":"2026-04-24T04:40:24+00:00","dateModified":"2026-05-01T04:50:27+00:00","breadcrumb":{"@id":"https:\/\/www.santanyi.net\/ca\/property\/nomes-per-correu-electronic-acollidor-petit-apartament-a-la-2a-planta-sense-ascensor-sense-moblar-amb-una-bonica-i-espaiosa-terrassa-a-santanyi\/#breadcrumb"},"inLanguage":"ca","potentialAction":[{"@type":"ReadAction","target":["https:\/\/www.santanyi.net\/ca\/property\/nomes-per-correu-electronic-acollidor-petit-apartament-a-la-2a-planta-sense-ascensor-sense-moblar-amb-una-bonica-i-espaiosa-terrassa-a-santanyi\/"]}]},{"@type":"ImageObject","inLanguage":"ca","@id":"https:\/\/www.santanyi.net\/ca\/property\/nomes-per-correu-electronic-acollidor-petit-apartament-a-la-2a-planta-sense-ascensor-sense-moblar-amb-una-bonica-i-espaiosa-terrassa-a-santanyi\/#primaryimage","url":"https:\/\/www.santanyi.net\/wp-content\/uploads\/anaconda_property_media\/28857396-188537\/10-1.jpg","contentUrl":"https:\/\/www.santanyi.net\/wp-content\/uploads\/anaconda_property_media\/28857396-188537\/10-1.jpg","width":1920,"height":1439},{"@type":"BreadcrumbList","@id":"https:\/\/www.santanyi.net\/ca\/property\/nomes-per-correu-electronic-acollidor-petit-apartament-a-la-2a-planta-sense-ascensor-sense-moblar-amb-una-bonica-i-espaiosa-terrassa-a-santanyi\/#breadcrumb","itemListElement":[{"@type":"ListItem","position":1,"name":"Home","item":"https:\/\/www.santanyi.net\/ca\/"},{"@type":"ListItem","position":2,"name":"Properties","item":"https:\/\/www.santanyi.net\/ca\/property\/"},{"@type":"ListItem","position":3,"name":"NOM\u00c9S PER CORREU ELECTR\u00d2NIC!!! Acollidor petit apartament a la 2a planta (sense ascensor), sense moblar, amb una bonica i espaiosa terrassa a Santany\u00ed"}]},{"@type":"WebSite","@id":"https:\/\/www.santanyi.net\/ca\/#website","url":"https:\/\/www.santanyi.net\/ca\/","name":"RE\/MAX Drac","description":"","publisher":{"@id":"https:\/\/www.santanyi.net\/ca\/#organization"},"potentialAction":[{"@type":"SearchAction","target":{"@type":"EntryPoint","urlTemplate":"https:\/\/www.santanyi.net\/ca\/?s={search_term_string}"},"query-input":{"@type":"PropertyValueSpecification","valueRequired":true,"valueName":"search_term_string"}}],"inLanguage":"ca"},{"@type":"Organization","@id":"https:\/\/www.santanyi.net\/ca\/#organization","name":"RE\/MAX Drac","url":"https:\/\/www.santanyi.net\/ca\/","logo":{"@type":"ImageObject","inLanguage":"ca","@id":"https:\/\/www.santanyi.net\/ca\/#\/schema\/logo\/image\/","url":"https:\/\/www.santanyi.net\/wp-content\/uploads\/2025\/07\/logo-nuevo.png","contentUrl":"https:\/\/www.santanyi.net\/wp-content\/uploads\/2025\/07\/logo-nuevo.png","width":295,"height":165,"caption":"RE\/MAX Drac"},"image":{"@id":"https:\/\/www.santanyi.net\/ca\/#\/schema\/logo\/image\/"}}]}},"_links":{"self":[{"href":"https:\/\/www.santanyi.net\/ca\/wp-json\/wp\/v2\/properties\/188549","targetHints":{"allow":["GET"]}}],"collection":[{"href":"https:\/\/www.santanyi.net\/ca\/wp-json\/wp\/v2\/properties"}],"about":[{"href":"https:\/\/www.santanyi.net\/ca\/wp-json\/wp\/v2\/types\/property"}],"version-history":[{"count":3,"href":"https:\/\/www.santanyi.net\/ca\/wp-json\/wp\/v2\/properties\/188549\/revisions"}],"predecessor-version":[{"id":193819,"href":"https:\/\/www.santanyi.net\/ca\/wp-json\/wp\/v2\/properties\/188549\/revisions\/193819"}],"wp:featuredmedia":[{"embeddable":true,"href":"https:\/\/www.santanyi.net\/ca\/wp-json\/wp\/v2\/media\/188538"}],"wp:attachment":[{"href":"https:\/\/www.santanyi.net\/ca\/wp-json\/wp\/v2\/media?parent=188549"}],"wp:term":[{"taxonomy":"property_type","embeddable":true,"href":"https:\/\/www.santanyi.net\/ca\/wp-json\/wp\/v2\/property_type?post=188549"},{"taxonomy":"property_status","embeddable":true,"href":"https:\/\/www.santanyi.net\/ca\/wp-json\/wp\/v2\/property_status?post=188549"},{"taxonomy":"property_feature","embeddable":true,"href":"https:\/\/www.santanyi.net\/ca\/wp-json\/wp\/v2\/property_feature?post=188549"},{"taxonomy":"property_label","embeddable":true,"href":"https:\/\/www.santanyi.net\/ca\/wp-json\/wp\/v2\/property_label?post=188549"},{"taxonomy":"property_country","embeddable":true,"href":"https:\/\/www.santanyi.net\/ca\/wp-json\/wp\/v2\/property_country?post=188549"},{"taxonomy":"property_state","embeddable":true,"href":"https:\/\/www.santanyi.net\/ca\/wp-json\/wp\/v2\/property_state?post=188549"},{"taxonomy":"property_city","embeddable":true,"href":"https:\/\/www.santanyi.net\/ca\/wp-json\/wp\/v2\/property_city?post=188549"},{"taxonomy":"property_area","embeddable":true,"href":"https:\/\/www.santanyi.net\/ca\/wp-json\/wp\/v2\/property_area?post=188549"}],"curies":[{"name":"wp","href":"https:\/\/api.w.org\/{rel}","templated":true}]}}