
{"id":188499,"date":"2026-04-24T04:40:08","date_gmt":"2026-04-24T04:40:08","guid":{"rendered":"https:\/\/www.santanyi.net\/property\/xalet-amb-vistes-infinites-al-mar-llicencia-de-lloguer-vacacional-i-piscina-a-cala-figuera\/"},"modified":"2026-04-29T08:08:40","modified_gmt":"2026-04-29T08:08:40","slug":"xalet-amb-vistes-infinites-al-mar-llicencia-de-lloguer-vacacional-i-piscina-a-cala-figuera-2","status":"publish","type":"property","link":"https:\/\/www.santanyi.net\/ca\/property\/xalet-amb-vistes-infinites-al-mar-llicencia-de-lloguer-vacacional-i-piscina-a-cala-figuera-2\/","title":{"rendered":"Xalet amb vistes infinites al mar, llic\u00e8ncia de lloguer vacacional i piscina a Cala Figuera"},"content":{"rendered":"<p>Descobreixi l&#8217;aut\u00e8ntica ess\u00e8ncia del Mediterrani en aquest exclusiu xalet situat en primera l\u00ednia de mar a Cala Figuera. Ubicada al final d&#8217;un carrer tranquil sense sortida, directament sobre els penya-segats. A tan sols 10 metres de l&#8217;habitatge, neix una ruta costanera on podr\u00e0 gaudir de les postes de sol m\u00e9s espectaculars de Mallorca.<br \/>Vistes i Orientaci\u00f3: Orientaci\u00f3 sud-oest que garanteix sol tot el dia. Gaudeixi de vistes panor\u00e0miques al mar des de la seva espectacular terrassa al terrat.<\/p>\n<p>Inversi\u00f3 Assegurada: La propietat compta amb Llic\u00e8ncia de Lloguer Vacacional (ETV) activa per a 4 persones.<\/p>\n<p>Distribuci\u00f3: Casa principal de 116 m\u00b2 i un annex de 30 m\u00b2 (actualment casa de convidats amb dormitori i bany, possible garatge).<\/p>\n<p>Interior: Sal\u00f3-menjador amb llar de foc i grans vidrieres amb vistes al mar. Cuina \u00e0mplia amb rebost i acc\u00e9s a terrasses. 2 dormitoris dobles amb armaris encastats, m\u00e9s una estan\u00e7a ideal com a estudi. 2 banys complets + bany a la zona de piscina.<br \/>Casa de convidats: 1 dormitori i 1 bany;<\/p>\n<p>Exterior: Piscina d&#8217;aigua salada (3x8m) i diverses terrasses de pedra natural.<\/p>\n<p>Qualitat: Calefacci\u00f3 per infrarojos al sostre, instal\u00b7laci\u00f3 el\u00e8ctrica nova i finestres de teca amb doble vidre.<\/p>\n<p>Ubicaci\u00f3: Cala Figuera \u00e9s el port pesquer m\u00e9s bonic de Mallorca, a 10 minuts de Santany\u00ed.<\/p>\n","protected":false},"excerpt":{"rendered":"<p>Descobreixi l&#8217;aut\u00e8ntica ess\u00e8ncia del Mediterrani en aquest exclusiu xalet situat en primera l\u00ednia de mar a Cala Figuera. Ubicada al final d&#8217;un carrer tranquil sense sortida, directament sobre els penya-segats. A tan sols 10 metres de l&#8217;habitatge, neix una ruta costanera on podr\u00e0 gaudir de les postes de sol m\u00e9s espectaculars de Mallorca.Vistes i Orientaci\u00f3: [&hellip;]<\/p>\n","protected":false},"author":0,"featured_media":188494,"parent":0,"menu_order":0,"template":"","property_type":[2131],"property_status":[2102,2095,2103,2096],"property_feature":[1851,1867,1869,1972,1983,1871,1905,1805,1806,1809,1895,1811,1896,1897,1954,2004,2000,1934,1813,1898],"property_label":[],"property_country":[],"property_state":[],"property_city":[635],"property_area":[637],"class_list":["post-188499","property","type-property","status-publish","has-post-thumbnail","hentry","property_type-casa-ca","property_status-buen-estado-ca","property_status-buen-estado","property_status-venta-ca","property_status-venta","property_feature-arma_empo","property_feature-arma_empo-ca","property_feature-autobuses-ca","property_feature-chimenea","property_feature-chimenea-ca","property_feature-cocina_inde-ca","property_feature-despensa-ca","property_feature-electro-ca","property_feature-jardin-ca","property_feature-muebles-ca","property_feature-patio-ca","property_feature-piscina_prop-ca","property_feature-primera_line-ca","property_feature-terraza-ca","property_feature-trastero-ca","property_feature-tv-ca","property_feature-tv","property_feature-urbanizacion-ca","property_feature-vallado-ca","property_feature-vistasalmar-ca","property_city-santanyi","property_area-cala-figuera"],"acf":[],"property_meta":{"_apg_property_user_edited":["1"],"fave_property_agency":["86"],"fave_agent_display_option":["agent_info"],"fave_agents":["1611"],"fave_property_id":["DRAC-CV1563GE"],"fave_property_location":["39.326925085299,3.1673928301868,15"],"houzez_geolocation_lat":["39.326925085299"],"houzez_geolocation_long":["3.1673928301868"],"fave_property_price":["1195000"],"fave_property_rent_or_sale":["sale"],"fave_property_year":[null],"fave_property_size_prefix":["m2"],"fave_property_land_postfix":["m2"],"fave_property_size":["146.00"],"fave_property_land":["396"],"fave_property_garage":["2"],"fave_property_map_address":["Cala Figuera, 07659 Santany\u00ed, BALEARES"],"fave_property_address":[" , Santany\u00ed 07659"],"fave_property_zip":["07659"],"fave_property_postal_code":["07659"],"fave_property_map":["1"],"_thumbnail_id":["188494"],"fave_property_sec_price":["1285000"],"fave_featured":["1"],"apg_property_id":["27503144"],"_wpml_word_count":["236"],"_eael_post_view_count":["20"],"houzez_recently_viewed":["2026-04-29 13:14:54"],"houzez_total_property_views":["18"],"houzez_views_by_date":["a:6:{s:10:\"04-24-2026\";i:1;s:10:\"04-25-2026\";i:2;s:10:\"04-26-2026\";i:2;s:10:\"04-27-2026\";i:3;s:10:\"04-28-2026\";i:4;s:10:\"04-29-2026\";i:6;}"],"fave_property_bedrooms":["4"],"fave_property_bathrooms":["3"],"houzez_featured_listing_date":["2026-04-29 08:08:39"],"_elementor_page_assets":["a:0:{}"],"_wp_trash_meta_status":["publish"],"_wp_trash_meta_time":["1777449805"],"fave_property_images":["188494","189270","189078","189066","189610","189134","189618","189110","189326","189314","189238","189446","189366","189658","189578","189670","189190","189178","189622","189590","189706","189082","189322","189398","189730","189694","189126","189302","189734","189218","189174","189250","189550","189170","189594","189106","189582","189206"]},"yoast_head":"<!-- This site is optimized with the Yoast SEO plugin v27.5 - https:\/\/yoast.com\/product\/yoast-seo-wordpress\/ -->\n<title>Xalet amb vistes infinites al mar, llic\u00e8ncia de lloguer vacacional i piscina a Cala Figuera - RE\/MAX Drac<\/title>\n<meta name=\"robots\" content=\"index, follow, max-snippet:-1, max-image-preview:large, max-video-preview:-1\" \/>\n<link rel=\"canonical\" href=\"https:\/\/www.santanyi.net\/ca\/property\/xalet-amb-vistes-infinites-al-mar-llicencia-de-lloguer-vacacional-i-piscina-a-cala-figuera-2\/\" \/>\n<meta property=\"og:locale\" content=\"ca_ES\" \/>\n<meta property=\"og:type\" content=\"article\" \/>\n<meta property=\"og:title\" content=\"Xalet amb vistes infinites al mar, llic\u00e8ncia de lloguer vacacional i piscina a Cala Figuera - RE\/MAX Drac\" \/>\n<meta property=\"og:description\" content=\"Descobreixi l&#8217;aut\u00e8ntica ess\u00e8ncia del Mediterrani en aquest exclusiu xalet situat en primera l\u00ednia de mar a Cala Figuera. Ubicada al final d&#8217;un carrer tranquil sense sortida, directament sobre els penya-segats. A tan sols 10 metres de l&#8217;habitatge, neix una ruta costanera on podr\u00e0 gaudir de les postes de sol m\u00e9s espectaculars de Mallorca.Vistes i Orientaci\u00f3: [&hellip;]\" \/>\n<meta property=\"og:url\" content=\"https:\/\/www.santanyi.net\/ca\/property\/xalet-amb-vistes-infinites-al-mar-llicencia-de-lloguer-vacacional-i-piscina-a-cala-figuera-2\/\" \/>\n<meta property=\"og:site_name\" content=\"RE\/MAX Drac\" \/>\n<meta property=\"article:modified_time\" content=\"2026-04-29T08:08:40+00:00\" \/>\n<meta property=\"og:image\" content=\"https:\/\/www.santanyi.net\/wp-content\/uploads\/anaconda_property_media\/27503144-188493\/17-1.jpg\" \/>\n\t<meta property=\"og:image:width\" content=\"1920\" \/>\n\t<meta property=\"og:image:height\" content=\"1440\" \/>\n\t<meta property=\"og:image:type\" content=\"image\/jpeg\" \/>\n<meta name=\"twitter:card\" content=\"summary_large_image\" \/>\n<meta name=\"twitter:label1\" content=\"Temps estimat de lectura\" \/>\n\t<meta name=\"twitter:data1\" content=\"1 minut\" \/>\n<script type=\"application\/ld+json\" class=\"yoast-schema-graph\">{\"@context\":\"https:\\\/\\\/schema.org\",\"@graph\":[{\"@type\":\"WebPage\",\"@id\":\"https:\\\/\\\/www.santanyi.net\\\/ca\\\/property\\\/xalet-amb-vistes-infinites-al-mar-llicencia-de-lloguer-vacacional-i-piscina-a-cala-figuera-2\\\/\",\"url\":\"https:\\\/\\\/www.santanyi.net\\\/ca\\\/property\\\/xalet-amb-vistes-infinites-al-mar-llicencia-de-lloguer-vacacional-i-piscina-a-cala-figuera-2\\\/\",\"name\":\"Xalet amb vistes infinites al mar, llic\u00e8ncia de lloguer vacacional i piscina a Cala Figuera - RE\\\/MAX Drac\",\"isPartOf\":{\"@id\":\"https:\\\/\\\/www.santanyi.net\\\/ca\\\/#website\"},\"primaryImageOfPage\":{\"@id\":\"https:\\\/\\\/www.santanyi.net\\\/ca\\\/property\\\/xalet-amb-vistes-infinites-al-mar-llicencia-de-lloguer-vacacional-i-piscina-a-cala-figuera-2\\\/#primaryimage\"},\"image\":{\"@id\":\"https:\\\/\\\/www.santanyi.net\\\/ca\\\/property\\\/xalet-amb-vistes-infinites-al-mar-llicencia-de-lloguer-vacacional-i-piscina-a-cala-figuera-2\\\/#primaryimage\"},\"thumbnailUrl\":\"https:\\\/\\\/www.santanyi.net\\\/wp-content\\\/uploads\\\/anaconda_property_media\\\/27503144-188493\\\/17-1.jpg\",\"datePublished\":\"2026-04-24T04:40:08+00:00\",\"dateModified\":\"2026-04-29T08:08:40+00:00\",\"breadcrumb\":{\"@id\":\"https:\\\/\\\/www.santanyi.net\\\/ca\\\/property\\\/xalet-amb-vistes-infinites-al-mar-llicencia-de-lloguer-vacacional-i-piscina-a-cala-figuera-2\\\/#breadcrumb\"},\"inLanguage\":\"ca\",\"potentialAction\":[{\"@type\":\"ReadAction\",\"target\":[\"https:\\\/\\\/www.santanyi.net\\\/ca\\\/property\\\/xalet-amb-vistes-infinites-al-mar-llicencia-de-lloguer-vacacional-i-piscina-a-cala-figuera-2\\\/\"]}]},{\"@type\":\"ImageObject\",\"inLanguage\":\"ca\",\"@id\":\"https:\\\/\\\/www.santanyi.net\\\/ca\\\/property\\\/xalet-amb-vistes-infinites-al-mar-llicencia-de-lloguer-vacacional-i-piscina-a-cala-figuera-2\\\/#primaryimage\",\"url\":\"https:\\\/\\\/www.santanyi.net\\\/wp-content\\\/uploads\\\/anaconda_property_media\\\/27503144-188493\\\/17-1.jpg\",\"contentUrl\":\"https:\\\/\\\/www.santanyi.net\\\/wp-content\\\/uploads\\\/anaconda_property_media\\\/27503144-188493\\\/17-1.jpg\",\"width\":1920,\"height\":1440},{\"@type\":\"BreadcrumbList\",\"@id\":\"https:\\\/\\\/www.santanyi.net\\\/ca\\\/property\\\/xalet-amb-vistes-infinites-al-mar-llicencia-de-lloguer-vacacional-i-piscina-a-cala-figuera-2\\\/#breadcrumb\",\"itemListElement\":[{\"@type\":\"ListItem\",\"position\":1,\"name\":\"Home\",\"item\":\"https:\\\/\\\/www.santanyi.net\\\/ca\\\/\"},{\"@type\":\"ListItem\",\"position\":2,\"name\":\"Properties\",\"item\":\"https:\\\/\\\/www.santanyi.net\\\/ca\\\/property\\\/\"},{\"@type\":\"ListItem\",\"position\":3,\"name\":\"Xalet amb vistes infinites al mar, llic\u00e8ncia de lloguer vacacional i piscina a Cala Figuera\"}]},{\"@type\":\"WebSite\",\"@id\":\"https:\\\/\\\/www.santanyi.net\\\/ca\\\/#website\",\"url\":\"https:\\\/\\\/www.santanyi.net\\\/ca\\\/\",\"name\":\"RE\\\/MAX Drac\",\"description\":\"\",\"publisher\":{\"@id\":\"https:\\\/\\\/www.santanyi.net\\\/ca\\\/#organization\"},\"potentialAction\":[{\"@type\":\"SearchAction\",\"target\":{\"@type\":\"EntryPoint\",\"urlTemplate\":\"https:\\\/\\\/www.santanyi.net\\\/ca\\\/?s={search_term_string}\"},\"query-input\":{\"@type\":\"PropertyValueSpecification\",\"valueRequired\":true,\"valueName\":\"search_term_string\"}}],\"inLanguage\":\"ca\"},{\"@type\":\"Organization\",\"@id\":\"https:\\\/\\\/www.santanyi.net\\\/ca\\\/#organization\",\"name\":\"RE\\\/MAX Drac\",\"url\":\"https:\\\/\\\/www.santanyi.net\\\/ca\\\/\",\"logo\":{\"@type\":\"ImageObject\",\"inLanguage\":\"ca\",\"@id\":\"https:\\\/\\\/www.santanyi.net\\\/ca\\\/#\\\/schema\\\/logo\\\/image\\\/\",\"url\":\"https:\\\/\\\/www.santanyi.net\\\/wp-content\\\/uploads\\\/2025\\\/07\\\/logo-nuevo.png\",\"contentUrl\":\"https:\\\/\\\/www.santanyi.net\\\/wp-content\\\/uploads\\\/2025\\\/07\\\/logo-nuevo.png\",\"width\":295,\"height\":165,\"caption\":\"RE\\\/MAX Drac\"},\"image\":{\"@id\":\"https:\\\/\\\/www.santanyi.net\\\/ca\\\/#\\\/schema\\\/logo\\\/image\\\/\"}}]}<\/script>\n<!-- \/ Yoast SEO plugin. -->","yoast_head_json":{"title":"Xalet amb vistes infinites al mar, llic\u00e8ncia de lloguer vacacional i piscina a Cala Figuera - RE\/MAX Drac","robots":{"index":"index","follow":"follow","max-snippet":"max-snippet:-1","max-image-preview":"max-image-preview:large","max-video-preview":"max-video-preview:-1"},"canonical":"https:\/\/www.santanyi.net\/ca\/property\/xalet-amb-vistes-infinites-al-mar-llicencia-de-lloguer-vacacional-i-piscina-a-cala-figuera-2\/","og_locale":"ca_ES","og_type":"article","og_title":"Xalet amb vistes infinites al mar, llic\u00e8ncia de lloguer vacacional i piscina a Cala Figuera - RE\/MAX Drac","og_description":"Descobreixi l&#8217;aut\u00e8ntica ess\u00e8ncia del Mediterrani en aquest exclusiu xalet situat en primera l\u00ednia de mar a Cala Figuera. Ubicada al final d&#8217;un carrer tranquil sense sortida, directament sobre els penya-segats. A tan sols 10 metres de l&#8217;habitatge, neix una ruta costanera on podr\u00e0 gaudir de les postes de sol m\u00e9s espectaculars de Mallorca.Vistes i Orientaci\u00f3: [&hellip;]","og_url":"https:\/\/www.santanyi.net\/ca\/property\/xalet-amb-vistes-infinites-al-mar-llicencia-de-lloguer-vacacional-i-piscina-a-cala-figuera-2\/","og_site_name":"RE\/MAX Drac","article_modified_time":"2026-04-29T08:08:40+00:00","og_image":[{"width":1920,"height":1440,"url":"https:\/\/www.santanyi.net\/wp-content\/uploads\/anaconda_property_media\/27503144-188493\/17-1.jpg","type":"image\/jpeg"}],"twitter_card":"summary_large_image","twitter_misc":{"Temps estimat de lectura":"1 minut"},"schema":{"@context":"https:\/\/schema.org","@graph":[{"@type":"WebPage","@id":"https:\/\/www.santanyi.net\/ca\/property\/xalet-amb-vistes-infinites-al-mar-llicencia-de-lloguer-vacacional-i-piscina-a-cala-figuera-2\/","url":"https:\/\/www.santanyi.net\/ca\/property\/xalet-amb-vistes-infinites-al-mar-llicencia-de-lloguer-vacacional-i-piscina-a-cala-figuera-2\/","name":"Xalet amb vistes infinites al mar, llic\u00e8ncia de lloguer vacacional i piscina a Cala Figuera - RE\/MAX Drac","isPartOf":{"@id":"https:\/\/www.santanyi.net\/ca\/#website"},"primaryImageOfPage":{"@id":"https:\/\/www.santanyi.net\/ca\/property\/xalet-amb-vistes-infinites-al-mar-llicencia-de-lloguer-vacacional-i-piscina-a-cala-figuera-2\/#primaryimage"},"image":{"@id":"https:\/\/www.santanyi.net\/ca\/property\/xalet-amb-vistes-infinites-al-mar-llicencia-de-lloguer-vacacional-i-piscina-a-cala-figuera-2\/#primaryimage"},"thumbnailUrl":"https:\/\/www.santanyi.net\/wp-content\/uploads\/anaconda_property_media\/27503144-188493\/17-1.jpg","datePublished":"2026-04-24T04:40:08+00:00","dateModified":"2026-04-29T08:08:40+00:00","breadcrumb":{"@id":"https:\/\/www.santanyi.net\/ca\/property\/xalet-amb-vistes-infinites-al-mar-llicencia-de-lloguer-vacacional-i-piscina-a-cala-figuera-2\/#breadcrumb"},"inLanguage":"ca","potentialAction":[{"@type":"ReadAction","target":["https:\/\/www.santanyi.net\/ca\/property\/xalet-amb-vistes-infinites-al-mar-llicencia-de-lloguer-vacacional-i-piscina-a-cala-figuera-2\/"]}]},{"@type":"ImageObject","inLanguage":"ca","@id":"https:\/\/www.santanyi.net\/ca\/property\/xalet-amb-vistes-infinites-al-mar-llicencia-de-lloguer-vacacional-i-piscina-a-cala-figuera-2\/#primaryimage","url":"https:\/\/www.santanyi.net\/wp-content\/uploads\/anaconda_property_media\/27503144-188493\/17-1.jpg","contentUrl":"https:\/\/www.santanyi.net\/wp-content\/uploads\/anaconda_property_media\/27503144-188493\/17-1.jpg","width":1920,"height":1440},{"@type":"BreadcrumbList","@id":"https:\/\/www.santanyi.net\/ca\/property\/xalet-amb-vistes-infinites-al-mar-llicencia-de-lloguer-vacacional-i-piscina-a-cala-figuera-2\/#breadcrumb","itemListElement":[{"@type":"ListItem","position":1,"name":"Home","item":"https:\/\/www.santanyi.net\/ca\/"},{"@type":"ListItem","position":2,"name":"Properties","item":"https:\/\/www.santanyi.net\/ca\/property\/"},{"@type":"ListItem","position":3,"name":"Xalet amb vistes infinites al mar, llic\u00e8ncia de lloguer vacacional i piscina a Cala Figuera"}]},{"@type":"WebSite","@id":"https:\/\/www.santanyi.net\/ca\/#website","url":"https:\/\/www.santanyi.net\/ca\/","name":"RE\/MAX Drac","description":"","publisher":{"@id":"https:\/\/www.santanyi.net\/ca\/#organization"},"potentialAction":[{"@type":"SearchAction","target":{"@type":"EntryPoint","urlTemplate":"https:\/\/www.santanyi.net\/ca\/?s={search_term_string}"},"query-input":{"@type":"PropertyValueSpecification","valueRequired":true,"valueName":"search_term_string"}}],"inLanguage":"ca"},{"@type":"Organization","@id":"https:\/\/www.santanyi.net\/ca\/#organization","name":"RE\/MAX Drac","url":"https:\/\/www.santanyi.net\/ca\/","logo":{"@type":"ImageObject","inLanguage":"ca","@id":"https:\/\/www.santanyi.net\/ca\/#\/schema\/logo\/image\/","url":"https:\/\/www.santanyi.net\/wp-content\/uploads\/2025\/07\/logo-nuevo.png","contentUrl":"https:\/\/www.santanyi.net\/wp-content\/uploads\/2025\/07\/logo-nuevo.png","width":295,"height":165,"caption":"RE\/MAX Drac"},"image":{"@id":"https:\/\/www.santanyi.net\/ca\/#\/schema\/logo\/image\/"}}]}},"_links":{"self":[{"href":"https:\/\/www.santanyi.net\/ca\/wp-json\/wp\/v2\/properties\/188499","targetHints":{"allow":["GET"]}}],"collection":[{"href":"https:\/\/www.santanyi.net\/ca\/wp-json\/wp\/v2\/properties"}],"about":[{"href":"https:\/\/www.santanyi.net\/ca\/wp-json\/wp\/v2\/types\/property"}],"version-history":[{"count":2,"href":"https:\/\/www.santanyi.net\/ca\/wp-json\/wp\/v2\/properties\/188499\/revisions"}],"predecessor-version":[{"id":193126,"href":"https:\/\/www.santanyi.net\/ca\/wp-json\/wp\/v2\/properties\/188499\/revisions\/193126"}],"wp:featuredmedia":[{"embeddable":true,"href":"https:\/\/www.santanyi.net\/ca\/wp-json\/wp\/v2\/media\/188494"}],"wp:attachment":[{"href":"https:\/\/www.santanyi.net\/ca\/wp-json\/wp\/v2\/media?parent=188499"}],"wp:term":[{"taxonomy":"property_type","embeddable":true,"href":"https:\/\/www.santanyi.net\/ca\/wp-json\/wp\/v2\/property_type?post=188499"},{"taxonomy":"property_status","embeddable":true,"href":"https:\/\/www.santanyi.net\/ca\/wp-json\/wp\/v2\/property_status?post=188499"},{"taxonomy":"property_feature","embeddable":true,"href":"https:\/\/www.santanyi.net\/ca\/wp-json\/wp\/v2\/property_feature?post=188499"},{"taxonomy":"property_label","embeddable":true,"href":"https:\/\/www.santanyi.net\/ca\/wp-json\/wp\/v2\/property_label?post=188499"},{"taxonomy":"property_country","embeddable":true,"href":"https:\/\/www.santanyi.net\/ca\/wp-json\/wp\/v2\/property_country?post=188499"},{"taxonomy":"property_state","embeddable":true,"href":"https:\/\/www.santanyi.net\/ca\/wp-json\/wp\/v2\/property_state?post=188499"},{"taxonomy":"property_city","embeddable":true,"href":"https:\/\/www.santanyi.net\/ca\/wp-json\/wp\/v2\/property_city?post=188499"},{"taxonomy":"property_area","embeddable":true,"href":"https:\/\/www.santanyi.net\/ca\/wp-json\/wp\/v2\/property_area?post=188499"}],"curies":[{"name":"wp","href":"https:\/\/api.w.org\/{rel}","templated":true}]}}