
{"id":188491,"date":"2026-04-24T04:40:04","date_gmt":"2026-04-24T04:40:04","guid":{"rendered":"https:\/\/www.santanyi.net\/property\/inversio-estrategica-a-santanyi-solar-per-a-projectes-comunitaris-a-la-tranquil%c2%b7la-cala-dor\/"},"modified":"2026-05-01T04:49:38","modified_gmt":"2026-05-01T04:49:38","slug":"inversio-estrategica-a-santanyi-solar-per-a-projectes-comunitaris-a-la-tranquil%c2%b7la-cala-dor-2","status":"publish","type":"property","link":"https:\/\/www.santanyi.net\/ca\/property\/inversio-estrategica-a-santanyi-solar-per-a-projectes-comunitaris-a-la-tranquil%c2%b7la-cala-dor-2\/","title":{"rendered":"Inversi\u00f3 Estrat\u00e8gica a Santany\u00ed: Solar per a Projectes Comunitaris a la Tranquil\u00b7la Cala d&#8217;Or"},"content":{"rendered":"<p>El Llen\u00e7 del seu Pr\u00f2xim Gran Projecte a Cala d&#8217;Or<br \/>Imagineu un entorn de serenitat mediterr\u00e0nia, allunyat del bullici per\u00f2 perfectament connectat. Us presentem una oportunitat d&#8217;inversi\u00f3 excepcional a Cala d&#8217;Or (Santany\u00ed), on la tranquil\u00b7litat s&#8217;uneix a la infraestructura per donar vida a la vostra visi\u00f3.<\/p>\n<p>Aquest solar urb\u00e0 de 452 m\u00b2 no \u00e9s nom\u00e9s terreny; \u00e9s la base per a un projecte de gran abast social i comunitari. La seva classificaci\u00f3 com a Equipament Social us obre les portes a una extensa gamma d&#8217;usos: des de la construcci\u00f3 de centres sanitaris o assistencials d&#8217;avantguarda, fins al desenvolupament de locals comercials, botigues, bars, o fins i tot edificis p\u00fablics i educatius. La versatilitat d&#8217;aquest s\u00f2l assegura que la vostra inversi\u00f3 tingui un impacte durador a la zona.<\/p>\n<p>La ubicaci\u00f3 \u00e9s immillorable: en una zona residencial pl\u00e0cida, amb l&#8217;avantatge de tenir tots els serveis essencials \u2014com escoles, escoletes i comer\u00e7os\u2014 a un breu passeig. La parcel\u00b7la ofereix la comoditat de tots els subministraments a peu de carrer i una excel\u00b7lent facilitat d&#8217;aparcament, factors crucials que garanteixen la viabilitat i l&#8217;\u00e8xit de qualsevol negoci o servei que decidiu establir-hi.<\/p>\n<p>Assegureu el vostre futur en una de les zones m\u00e9s valorades de Mallorca. Un solar amb un potencial d&#8217;\u00fas tan ampli i una ubicaci\u00f3 tan estrat\u00e8gica a Cala d&#8217;Or \u00e9s una joia que espera ser descoberta.<\/p>\n","protected":false},"excerpt":{"rendered":"<p>El Llen\u00e7 del seu Pr\u00f2xim Gran Projecte a Cala d&#8217;OrImagineu un entorn de serenitat mediterr\u00e0nia, allunyat del bullici per\u00f2 perfectament connectat. Us presentem una oportunitat d&#8217;inversi\u00f3 excepcional a Cala d&#8217;Or (Santany\u00ed), on la tranquil\u00b7litat s&#8217;uneix a la infraestructura per donar vida a la vostra visi\u00f3. Aquest solar urb\u00e0 de 452 m\u00b2 no \u00e9s nom\u00e9s terreny; [&hellip;]<\/p>\n","protected":false},"author":0,"featured_media":188486,"parent":0,"menu_order":0,"template":"","property_type":[2111],"property_status":[2112,2103,2107],"property_feature":[],"property_label":[],"property_country":[],"property_state":[],"property_city":[635],"property_area":[645],"class_list":["post-188491","property","type-property","status-publish","has-post-thumbnail","hentry","property_type-solar-ca","property_status-ninguno-ca","property_status-venta-ca","property_status-ninguno","property_city-santanyi","property_area-cala-dor"],"acf":[],"property_meta":{"_apg_property_user_edited":["1"],"fave_property_exclusive":["1"],"fave_property_agency":["86"],"fave_agent_display_option":["agent_info"],"fave_agents":["1611"],"fave_property_id":["DRAC-UR2053GE"],"fave_property_location":["39.379853338,3.230925667,15"],"houzez_geolocation_lat":["39.379853338"],"houzez_geolocation_long":["3.230925667"],"fave_property_price":["170000"],"fave_property_rent_or_sale":["sale"],"fave_property_year":[null],"fave_property_size_prefix":["m2"],"fave_property_land_postfix":["m2"],"fave_property_size":["452"],"fave_property_land":["452"],"fave_property_map_address":["Cala dOr, 07660 Santany\u00ed, BALEARES"],"fave_property_address":[" , Santany\u00ed 07660"],"fave_property_zip":["07660"],"fave_property_postal_code":["07660"],"fave_property_map":["1"],"_thumbnail_id":["188486"],"apg_property_id":["27465897"],"_wpml_word_count":["255"],"_eael_post_view_count":["9"],"houzez_recently_viewed":["2026-05-01 07:09:42"],"houzez_total_property_views":["9"],"houzez_views_by_date":["a:5:{s:10:\"04-24-2026\";i:2;s:10:\"04-25-2026\";i:2;s:10:\"04-27-2026\";i:2;s:10:\"04-29-2026\";i:1;s:10:\"05-01-2026\";i:2;}"],"fave_property_images":["188486","189502","189318","189118","189722","189306","189094"],"_elementor_page_assets":["a:0:{}"]},"yoast_head":"<!-- This site is optimized with the Yoast SEO plugin v27.5 - https:\/\/yoast.com\/product\/yoast-seo-wordpress\/ -->\n<title>Inversi\u00f3 Estrat\u00e8gica a Santany\u00ed: Solar per a Projectes Comunitaris a la Tranquil\u00b7la Cala d&#039;Or - RE\/MAX Drac<\/title>\n<meta name=\"robots\" content=\"index, follow, max-snippet:-1, max-image-preview:large, max-video-preview:-1\" \/>\n<link rel=\"canonical\" href=\"https:\/\/www.santanyi.net\/ca\/property\/inversio-estrategica-a-santanyi-solar-per-a-projectes-comunitaris-a-la-tranquil%c2%b7la-cala-dor-2\/\" \/>\n<meta property=\"og:locale\" content=\"ca_ES\" \/>\n<meta property=\"og:type\" content=\"article\" \/>\n<meta property=\"og:title\" content=\"Inversi\u00f3 Estrat\u00e8gica a Santany\u00ed: Solar per a Projectes Comunitaris a la Tranquil\u00b7la Cala d&#039;Or - RE\/MAX Drac\" \/>\n<meta property=\"og:description\" content=\"El Llen\u00e7 del seu Pr\u00f2xim Gran Projecte a Cala d&#8217;OrImagineu un entorn de serenitat mediterr\u00e0nia, allunyat del bullici per\u00f2 perfectament connectat. Us presentem una oportunitat d&#8217;inversi\u00f3 excepcional a Cala d&#8217;Or (Santany\u00ed), on la tranquil\u00b7litat s&#8217;uneix a la infraestructura per donar vida a la vostra visi\u00f3. Aquest solar urb\u00e0 de 452 m\u00b2 no \u00e9s nom\u00e9s terreny; [&hellip;]\" \/>\n<meta property=\"og:url\" content=\"https:\/\/www.santanyi.net\/ca\/property\/inversio-estrategica-a-santanyi-solar-per-a-projectes-comunitaris-a-la-tranquil%c2%b7la-cala-dor-2\/\" \/>\n<meta property=\"og:site_name\" content=\"RE\/MAX Drac\" \/>\n<meta property=\"article:modified_time\" content=\"2026-05-01T04:49:38+00:00\" \/>\n<meta property=\"og:image\" content=\"https:\/\/www.santanyi.net\/wp-content\/uploads\/anaconda_property_media\/27465897-188485\/1-1.jpg\" \/>\n\t<meta property=\"og:image:width\" content=\"1920\" \/>\n\t<meta property=\"og:image:height\" content=\"1270\" \/>\n\t<meta property=\"og:image:type\" content=\"image\/jpeg\" \/>\n<meta name=\"twitter:card\" content=\"summary_large_image\" \/>\n<meta name=\"twitter:label1\" content=\"Temps estimat de lectura\" \/>\n\t<meta name=\"twitter:data1\" content=\"1 minut\" \/>\n<script type=\"application\/ld+json\" class=\"yoast-schema-graph\">{\"@context\":\"https:\\\/\\\/schema.org\",\"@graph\":[{\"@type\":\"WebPage\",\"@id\":\"https:\\\/\\\/www.santanyi.net\\\/ca\\\/property\\\/inversio-estrategica-a-santanyi-solar-per-a-projectes-comunitaris-a-la-tranquil%c2%b7la-cala-dor-2\\\/\",\"url\":\"https:\\\/\\\/www.santanyi.net\\\/ca\\\/property\\\/inversio-estrategica-a-santanyi-solar-per-a-projectes-comunitaris-a-la-tranquil%c2%b7la-cala-dor-2\\\/\",\"name\":\"Inversi\u00f3 Estrat\u00e8gica a Santany\u00ed: Solar per a Projectes Comunitaris a la Tranquil\u00b7la Cala d'Or - RE\\\/MAX Drac\",\"isPartOf\":{\"@id\":\"https:\\\/\\\/www.santanyi.net\\\/ca\\\/#website\"},\"primaryImageOfPage\":{\"@id\":\"https:\\\/\\\/www.santanyi.net\\\/ca\\\/property\\\/inversio-estrategica-a-santanyi-solar-per-a-projectes-comunitaris-a-la-tranquil%c2%b7la-cala-dor-2\\\/#primaryimage\"},\"image\":{\"@id\":\"https:\\\/\\\/www.santanyi.net\\\/ca\\\/property\\\/inversio-estrategica-a-santanyi-solar-per-a-projectes-comunitaris-a-la-tranquil%c2%b7la-cala-dor-2\\\/#primaryimage\"},\"thumbnailUrl\":\"https:\\\/\\\/www.santanyi.net\\\/wp-content\\\/uploads\\\/anaconda_property_media\\\/27465897-188485\\\/1-1.jpg\",\"datePublished\":\"2026-04-24T04:40:04+00:00\",\"dateModified\":\"2026-05-01T04:49:38+00:00\",\"breadcrumb\":{\"@id\":\"https:\\\/\\\/www.santanyi.net\\\/ca\\\/property\\\/inversio-estrategica-a-santanyi-solar-per-a-projectes-comunitaris-a-la-tranquil%c2%b7la-cala-dor-2\\\/#breadcrumb\"},\"inLanguage\":\"ca\",\"potentialAction\":[{\"@type\":\"ReadAction\",\"target\":[\"https:\\\/\\\/www.santanyi.net\\\/ca\\\/property\\\/inversio-estrategica-a-santanyi-solar-per-a-projectes-comunitaris-a-la-tranquil%c2%b7la-cala-dor-2\\\/\"]}]},{\"@type\":\"ImageObject\",\"inLanguage\":\"ca\",\"@id\":\"https:\\\/\\\/www.santanyi.net\\\/ca\\\/property\\\/inversio-estrategica-a-santanyi-solar-per-a-projectes-comunitaris-a-la-tranquil%c2%b7la-cala-dor-2\\\/#primaryimage\",\"url\":\"https:\\\/\\\/www.santanyi.net\\\/wp-content\\\/uploads\\\/anaconda_property_media\\\/27465897-188485\\\/1-1.jpg\",\"contentUrl\":\"https:\\\/\\\/www.santanyi.net\\\/wp-content\\\/uploads\\\/anaconda_property_media\\\/27465897-188485\\\/1-1.jpg\",\"width\":1920,\"height\":1270},{\"@type\":\"BreadcrumbList\",\"@id\":\"https:\\\/\\\/www.santanyi.net\\\/ca\\\/property\\\/inversio-estrategica-a-santanyi-solar-per-a-projectes-comunitaris-a-la-tranquil%c2%b7la-cala-dor-2\\\/#breadcrumb\",\"itemListElement\":[{\"@type\":\"ListItem\",\"position\":1,\"name\":\"Home\",\"item\":\"https:\\\/\\\/www.santanyi.net\\\/ca\\\/\"},{\"@type\":\"ListItem\",\"position\":2,\"name\":\"Properties\",\"item\":\"https:\\\/\\\/www.santanyi.net\\\/ca\\\/property\\\/\"},{\"@type\":\"ListItem\",\"position\":3,\"name\":\"Inversi\u00f3 Estrat\u00e8gica a Santany\u00ed: Solar per a Projectes Comunitaris a la Tranquil\u00b7la Cala d&#8217;Or\"}]},{\"@type\":\"WebSite\",\"@id\":\"https:\\\/\\\/www.santanyi.net\\\/ca\\\/#website\",\"url\":\"https:\\\/\\\/www.santanyi.net\\\/ca\\\/\",\"name\":\"RE\\\/MAX Drac\",\"description\":\"\",\"publisher\":{\"@id\":\"https:\\\/\\\/www.santanyi.net\\\/ca\\\/#organization\"},\"potentialAction\":[{\"@type\":\"SearchAction\",\"target\":{\"@type\":\"EntryPoint\",\"urlTemplate\":\"https:\\\/\\\/www.santanyi.net\\\/ca\\\/?s={search_term_string}\"},\"query-input\":{\"@type\":\"PropertyValueSpecification\",\"valueRequired\":true,\"valueName\":\"search_term_string\"}}],\"inLanguage\":\"ca\"},{\"@type\":\"Organization\",\"@id\":\"https:\\\/\\\/www.santanyi.net\\\/ca\\\/#organization\",\"name\":\"RE\\\/MAX Drac\",\"url\":\"https:\\\/\\\/www.santanyi.net\\\/ca\\\/\",\"logo\":{\"@type\":\"ImageObject\",\"inLanguage\":\"ca\",\"@id\":\"https:\\\/\\\/www.santanyi.net\\\/ca\\\/#\\\/schema\\\/logo\\\/image\\\/\",\"url\":\"https:\\\/\\\/www.santanyi.net\\\/wp-content\\\/uploads\\\/2025\\\/07\\\/logo-nuevo.png\",\"contentUrl\":\"https:\\\/\\\/www.santanyi.net\\\/wp-content\\\/uploads\\\/2025\\\/07\\\/logo-nuevo.png\",\"width\":295,\"height\":165,\"caption\":\"RE\\\/MAX Drac\"},\"image\":{\"@id\":\"https:\\\/\\\/www.santanyi.net\\\/ca\\\/#\\\/schema\\\/logo\\\/image\\\/\"}}]}<\/script>\n<!-- \/ Yoast SEO plugin. -->","yoast_head_json":{"title":"Inversi\u00f3 Estrat\u00e8gica a Santany\u00ed: Solar per a Projectes Comunitaris a la Tranquil\u00b7la Cala d'Or - RE\/MAX Drac","robots":{"index":"index","follow":"follow","max-snippet":"max-snippet:-1","max-image-preview":"max-image-preview:large","max-video-preview":"max-video-preview:-1"},"canonical":"https:\/\/www.santanyi.net\/ca\/property\/inversio-estrategica-a-santanyi-solar-per-a-projectes-comunitaris-a-la-tranquil%c2%b7la-cala-dor-2\/","og_locale":"ca_ES","og_type":"article","og_title":"Inversi\u00f3 Estrat\u00e8gica a Santany\u00ed: Solar per a Projectes Comunitaris a la Tranquil\u00b7la Cala d'Or - RE\/MAX Drac","og_description":"El Llen\u00e7 del seu Pr\u00f2xim Gran Projecte a Cala d&#8217;OrImagineu un entorn de serenitat mediterr\u00e0nia, allunyat del bullici per\u00f2 perfectament connectat. Us presentem una oportunitat d&#8217;inversi\u00f3 excepcional a Cala d&#8217;Or (Santany\u00ed), on la tranquil\u00b7litat s&#8217;uneix a la infraestructura per donar vida a la vostra visi\u00f3. Aquest solar urb\u00e0 de 452 m\u00b2 no \u00e9s nom\u00e9s terreny; [&hellip;]","og_url":"https:\/\/www.santanyi.net\/ca\/property\/inversio-estrategica-a-santanyi-solar-per-a-projectes-comunitaris-a-la-tranquil%c2%b7la-cala-dor-2\/","og_site_name":"RE\/MAX Drac","article_modified_time":"2026-05-01T04:49:38+00:00","og_image":[{"width":1920,"height":1270,"url":"https:\/\/www.santanyi.net\/wp-content\/uploads\/anaconda_property_media\/27465897-188485\/1-1.jpg","type":"image\/jpeg"}],"twitter_card":"summary_large_image","twitter_misc":{"Temps estimat de lectura":"1 minut"},"schema":{"@context":"https:\/\/schema.org","@graph":[{"@type":"WebPage","@id":"https:\/\/www.santanyi.net\/ca\/property\/inversio-estrategica-a-santanyi-solar-per-a-projectes-comunitaris-a-la-tranquil%c2%b7la-cala-dor-2\/","url":"https:\/\/www.santanyi.net\/ca\/property\/inversio-estrategica-a-santanyi-solar-per-a-projectes-comunitaris-a-la-tranquil%c2%b7la-cala-dor-2\/","name":"Inversi\u00f3 Estrat\u00e8gica a Santany\u00ed: Solar per a Projectes Comunitaris a la Tranquil\u00b7la Cala d'Or - RE\/MAX Drac","isPartOf":{"@id":"https:\/\/www.santanyi.net\/ca\/#website"},"primaryImageOfPage":{"@id":"https:\/\/www.santanyi.net\/ca\/property\/inversio-estrategica-a-santanyi-solar-per-a-projectes-comunitaris-a-la-tranquil%c2%b7la-cala-dor-2\/#primaryimage"},"image":{"@id":"https:\/\/www.santanyi.net\/ca\/property\/inversio-estrategica-a-santanyi-solar-per-a-projectes-comunitaris-a-la-tranquil%c2%b7la-cala-dor-2\/#primaryimage"},"thumbnailUrl":"https:\/\/www.santanyi.net\/wp-content\/uploads\/anaconda_property_media\/27465897-188485\/1-1.jpg","datePublished":"2026-04-24T04:40:04+00:00","dateModified":"2026-05-01T04:49:38+00:00","breadcrumb":{"@id":"https:\/\/www.santanyi.net\/ca\/property\/inversio-estrategica-a-santanyi-solar-per-a-projectes-comunitaris-a-la-tranquil%c2%b7la-cala-dor-2\/#breadcrumb"},"inLanguage":"ca","potentialAction":[{"@type":"ReadAction","target":["https:\/\/www.santanyi.net\/ca\/property\/inversio-estrategica-a-santanyi-solar-per-a-projectes-comunitaris-a-la-tranquil%c2%b7la-cala-dor-2\/"]}]},{"@type":"ImageObject","inLanguage":"ca","@id":"https:\/\/www.santanyi.net\/ca\/property\/inversio-estrategica-a-santanyi-solar-per-a-projectes-comunitaris-a-la-tranquil%c2%b7la-cala-dor-2\/#primaryimage","url":"https:\/\/www.santanyi.net\/wp-content\/uploads\/anaconda_property_media\/27465897-188485\/1-1.jpg","contentUrl":"https:\/\/www.santanyi.net\/wp-content\/uploads\/anaconda_property_media\/27465897-188485\/1-1.jpg","width":1920,"height":1270},{"@type":"BreadcrumbList","@id":"https:\/\/www.santanyi.net\/ca\/property\/inversio-estrategica-a-santanyi-solar-per-a-projectes-comunitaris-a-la-tranquil%c2%b7la-cala-dor-2\/#breadcrumb","itemListElement":[{"@type":"ListItem","position":1,"name":"Home","item":"https:\/\/www.santanyi.net\/ca\/"},{"@type":"ListItem","position":2,"name":"Properties","item":"https:\/\/www.santanyi.net\/ca\/property\/"},{"@type":"ListItem","position":3,"name":"Inversi\u00f3 Estrat\u00e8gica a Santany\u00ed: Solar per a Projectes Comunitaris a la Tranquil\u00b7la Cala d&#8217;Or"}]},{"@type":"WebSite","@id":"https:\/\/www.santanyi.net\/ca\/#website","url":"https:\/\/www.santanyi.net\/ca\/","name":"RE\/MAX Drac","description":"","publisher":{"@id":"https:\/\/www.santanyi.net\/ca\/#organization"},"potentialAction":[{"@type":"SearchAction","target":{"@type":"EntryPoint","urlTemplate":"https:\/\/www.santanyi.net\/ca\/?s={search_term_string}"},"query-input":{"@type":"PropertyValueSpecification","valueRequired":true,"valueName":"search_term_string"}}],"inLanguage":"ca"},{"@type":"Organization","@id":"https:\/\/www.santanyi.net\/ca\/#organization","name":"RE\/MAX Drac","url":"https:\/\/www.santanyi.net\/ca\/","logo":{"@type":"ImageObject","inLanguage":"ca","@id":"https:\/\/www.santanyi.net\/ca\/#\/schema\/logo\/image\/","url":"https:\/\/www.santanyi.net\/wp-content\/uploads\/2025\/07\/logo-nuevo.png","contentUrl":"https:\/\/www.santanyi.net\/wp-content\/uploads\/2025\/07\/logo-nuevo.png","width":295,"height":165,"caption":"RE\/MAX Drac"},"image":{"@id":"https:\/\/www.santanyi.net\/ca\/#\/schema\/logo\/image\/"}}]}},"_links":{"self":[{"href":"https:\/\/www.santanyi.net\/ca\/wp-json\/wp\/v2\/properties\/188491","targetHints":{"allow":["GET"]}}],"collection":[{"href":"https:\/\/www.santanyi.net\/ca\/wp-json\/wp\/v2\/properties"}],"about":[{"href":"https:\/\/www.santanyi.net\/ca\/wp-json\/wp\/v2\/types\/property"}],"version-history":[{"count":3,"href":"https:\/\/www.santanyi.net\/ca\/wp-json\/wp\/v2\/properties\/188491\/revisions"}],"predecessor-version":[{"id":193680,"href":"https:\/\/www.santanyi.net\/ca\/wp-json\/wp\/v2\/properties\/188491\/revisions\/193680"}],"wp:featuredmedia":[{"embeddable":true,"href":"https:\/\/www.santanyi.net\/ca\/wp-json\/wp\/v2\/media\/188486"}],"wp:attachment":[{"href":"https:\/\/www.santanyi.net\/ca\/wp-json\/wp\/v2\/media?parent=188491"}],"wp:term":[{"taxonomy":"property_type","embeddable":true,"href":"https:\/\/www.santanyi.net\/ca\/wp-json\/wp\/v2\/property_type?post=188491"},{"taxonomy":"property_status","embeddable":true,"href":"https:\/\/www.santanyi.net\/ca\/wp-json\/wp\/v2\/property_status?post=188491"},{"taxonomy":"property_feature","embeddable":true,"href":"https:\/\/www.santanyi.net\/ca\/wp-json\/wp\/v2\/property_feature?post=188491"},{"taxonomy":"property_label","embeddable":true,"href":"https:\/\/www.santanyi.net\/ca\/wp-json\/wp\/v2\/property_label?post=188491"},{"taxonomy":"property_country","embeddable":true,"href":"https:\/\/www.santanyi.net\/ca\/wp-json\/wp\/v2\/property_country?post=188491"},{"taxonomy":"property_state","embeddable":true,"href":"https:\/\/www.santanyi.net\/ca\/wp-json\/wp\/v2\/property_state?post=188491"},{"taxonomy":"property_city","embeddable":true,"href":"https:\/\/www.santanyi.net\/ca\/wp-json\/wp\/v2\/property_city?post=188491"},{"taxonomy":"property_area","embeddable":true,"href":"https:\/\/www.santanyi.net\/ca\/wp-json\/wp\/v2\/property_area?post=188491"}],"curies":[{"name":"wp","href":"https:\/\/api.w.org\/{rel}","templated":true}]}}