
{"id":185790,"date":"2026-04-23T04:40:44","date_gmt":"2026-04-23T04:40:44","guid":{"rendered":"https:\/\/www.santanyi.net\/property\/precios-pis-a-la-primera-planta-amb-garatge-sense-balco-sense-mobles-amb-2-dormitoris-i-2-banys-en-una-ubicacio-centrica-a-santanyi\/"},"modified":"2026-04-30T04:48:49","modified_gmt":"2026-04-30T04:48:49","slug":"precios-pis-a-la-primera-planta-amb-garatge-sense-balco-sense-mobles-amb-2-dormitoris-i-2-banys-en-una-ubicacio-centrica-a-santanyi","status":"publish","type":"property","link":"https:\/\/www.santanyi.net\/ca\/property\/precios-pis-a-la-primera-planta-amb-garatge-sense-balco-sense-mobles-amb-2-dormitoris-i-2-banys-en-una-ubicacio-centrica-a-santanyi\/","title":{"rendered":"Preci\u00f3s pis a la primera planta amb garatge, sense balc\u00f3, sense mobles, amb 2 dormitoris i 2 banys en una ubicaci\u00f3 c\u00e8ntrica a Santany\u00ed."},"content":{"rendered":"<p>Aquest encantador pis est\u00e0 situat a la primera planta al cor de Santany\u00ed. Amb una superf\u00edcie habitable de 103 m\u00b2, est\u00e0 llest per a la seva ocupaci\u00f3 immediata. El pis disposa de dos dormitoris amb armaris encastats i dos banys amb dutxes. El llumin\u00f3s menjador ofereix acc\u00e9s directe al garatge privat i est\u00e0 equipat amb una llar de foc, que proporciona una calidesa acollidora durant els mesos m\u00e9s freds. La cuina americana est\u00e0 equipada amb tots els electrodom\u00e8stics essencials: nevera, microones, forn, vitrocer\u00e0mica i rentaplats. Les finestres oscil\u00b7lobatibles permeten l&#8217;entrada de molta llum natural, creant un ambient agradable durant tot el dia. Totes les habitacions tamb\u00e9 estan equipades amb aire condicionat. Per a m\u00e9s informaci\u00f3 o per organitzar una visita a aquest preci\u00f3s pis, envieu la vostra consulta per correu electr\u00f2nic, incloent-hi detalls com el nombre total de persones (inclosos nens o mascotes), el per\u00edode de lloguer desitjat i la vostra ocupaci\u00f3 actual.<\/p>\n","protected":false},"excerpt":{"rendered":"<p>Aquest encantador pis est\u00e0 situat a la primera planta al cor de Santany\u00ed. Amb una superf\u00edcie habitable de 103 m\u00b2, est\u00e0 llest per a la seva ocupaci\u00f3 immediata. El pis disposa de dos dormitoris amb armaris encastats i dos banys amb dutxes. El llumin\u00f3s menjador ofereix acc\u00e9s directe al garatge privat i est\u00e0 equipat amb [&hellip;]<\/p>\n","protected":false},"author":0,"featured_media":185785,"parent":0,"menu_order":0,"template":"","property_type":[2173],"property_status":[2181,2179,2140],"property_feature":[1799,1765,1851,1867,1869,1982,2031,2033,1983,1871,1872,1805,1953],"property_label":[],"property_country":[],"property_state":[],"property_city":[635],"property_area":[636],"class_list":["post-185790","property","type-property","status-publish","has-post-thumbnail","hentry","property_type-piso-ca","property_status-entrar-a-vivir-ca","property_status-entrar-a-vivir","property_status-alquilar-ca","property_feature-aire_con-ca","property_feature-aire_con","property_feature-arma_empo","property_feature-arma_empo-ca","property_feature-autobuses-ca","property_feature-bombafriocalor-ca","property_feature-cajafuerte","property_feature-cajafuerte-ca","property_feature-chimenea-ca","property_feature-cocina_inde-ca","property_feature-colegios-ca","property_feature-electro-ca","property_feature-linea_tlf-ca","property_city-santanyi","property_area-santanyi"],"acf":[],"property_meta":{"_apg_property_user_edited":["1"],"fave_property_agency":["86"],"fave_agent_display_option":["agent_info"],"fave_agents":["1610"],"fave_property_id":["AA1537YK"],"fave_property_location":["39.35236520309,3.1273501864891,15"],"houzez_geolocation_lat":["39.35236520309"],"houzez_geolocation_long":["3.1273501864891"],"fave_property_price":["1400"],"fave_property_rent_or_sale":["rent"],"fave_property_year":[null],"fave_property_size_prefix":["m2"],"fave_property_land_postfix":["m2"],"fave_property_size":["103.00"],"fave_property_bedrooms":["2"],"fave_property_bathrooms":["2"],"fave_property_garage":["2"],"fave_property_map_address":["Santany\u00ed, 07650 Santany\u00ed, BALEARES"],"fave_property_address":[" , Santany\u00ed 07650"],"fave_property_zip":["07650"],"fave_property_postal_code":["07650"],"fave_property_map":["1"],"_thumbnail_id":["185785"],"apg_property_id":["28845495"],"_wpml_word_count":["191"],"_eael_post_view_count":["30"],"houzez_recently_viewed":["2026-04-30 23:35:22"],"houzez_total_property_views":["30"],"houzez_views_by_date":["a:8:{s:10:\"04-23-2026\";i:4;s:10:\"04-24-2026\";i:4;s:10:\"04-25-2026\";i:3;s:10:\"04-26-2026\";i:2;s:10:\"04-27-2026\";i:3;s:10:\"04-28-2026\";i:3;s:10:\"04-29-2026\";i:1;s:10:\"04-30-2026\";i:10;}"],"fave_property_images":["185785","188110","188237","187569","187581","187926","187161","187257","187045","188249","186953","187053","188325","187469","187761","188054","187461","187489","187777","187533","187317","187729","188405","187069","187585","187505","187829"],"_elementor_page_assets":["a:0:{}"]},"yoast_head":"<!-- This site is optimized with the Yoast SEO plugin v27.5 - https:\/\/yoast.com\/product\/yoast-seo-wordpress\/ -->\n<title>Preci\u00f3s pis a la primera planta amb garatge, sense balc\u00f3, sense mobles, amb 2 dormitoris i 2 banys en una ubicaci\u00f3 c\u00e8ntrica a Santany\u00ed. - RE\/MAX Drac<\/title>\n<meta name=\"robots\" content=\"index, follow, max-snippet:-1, max-image-preview:large, max-video-preview:-1\" \/>\n<link rel=\"canonical\" href=\"https:\/\/www.santanyi.net\/ca\/property\/precios-pis-a-la-primera-planta-amb-garatge-sense-balco-sense-mobles-amb-2-dormitoris-i-2-banys-en-una-ubicacio-centrica-a-santanyi\/\" \/>\n<meta property=\"og:locale\" content=\"ca_ES\" \/>\n<meta property=\"og:type\" content=\"article\" \/>\n<meta property=\"og:title\" content=\"Preci\u00f3s pis a la primera planta amb garatge, sense balc\u00f3, sense mobles, amb 2 dormitoris i 2 banys en una ubicaci\u00f3 c\u00e8ntrica a Santany\u00ed. - RE\/MAX Drac\" \/>\n<meta property=\"og:description\" content=\"Aquest encantador pis est\u00e0 situat a la primera planta al cor de Santany\u00ed. Amb una superf\u00edcie habitable de 103 m\u00b2, est\u00e0 llest per a la seva ocupaci\u00f3 immediata. El pis disposa de dos dormitoris amb armaris encastats i dos banys amb dutxes. El llumin\u00f3s menjador ofereix acc\u00e9s directe al garatge privat i est\u00e0 equipat amb [&hellip;]\" \/>\n<meta property=\"og:url\" content=\"https:\/\/www.santanyi.net\/ca\/property\/precios-pis-a-la-primera-planta-amb-garatge-sense-balco-sense-mobles-amb-2-dormitoris-i-2-banys-en-una-ubicacio-centrica-a-santanyi\/\" \/>\n<meta property=\"og:site_name\" content=\"RE\/MAX Drac\" \/>\n<meta property=\"article:modified_time\" content=\"2026-04-30T04:48:49+00:00\" \/>\n<meta property=\"og:image\" content=\"https:\/\/www.santanyi.net\/wp-content\/uploads\/anaconda_property_media\/28845495-185784\/5-1.jpg\" \/>\n\t<meta property=\"og:image:width\" content=\"1024\" \/>\n\t<meta property=\"og:image:height\" content=\"768\" \/>\n\t<meta property=\"og:image:type\" content=\"image\/jpeg\" \/>\n<meta name=\"twitter:card\" content=\"summary_large_image\" \/>\n<meta name=\"twitter:label1\" content=\"Temps estimat de lectura\" \/>\n\t<meta name=\"twitter:data1\" content=\"1 minut\" \/>\n<script type=\"application\/ld+json\" class=\"yoast-schema-graph\">{\"@context\":\"https:\\\/\\\/schema.org\",\"@graph\":[{\"@type\":\"WebPage\",\"@id\":\"https:\\\/\\\/www.santanyi.net\\\/ca\\\/property\\\/precios-pis-a-la-primera-planta-amb-garatge-sense-balco-sense-mobles-amb-2-dormitoris-i-2-banys-en-una-ubicacio-centrica-a-santanyi\\\/\",\"url\":\"https:\\\/\\\/www.santanyi.net\\\/ca\\\/property\\\/precios-pis-a-la-primera-planta-amb-garatge-sense-balco-sense-mobles-amb-2-dormitoris-i-2-banys-en-una-ubicacio-centrica-a-santanyi\\\/\",\"name\":\"Preci\u00f3s pis a la primera planta amb garatge, sense balc\u00f3, sense mobles, amb 2 dormitoris i 2 banys en una ubicaci\u00f3 c\u00e8ntrica a Santany\u00ed. - RE\\\/MAX Drac\",\"isPartOf\":{\"@id\":\"https:\\\/\\\/www.santanyi.net\\\/ca\\\/#website\"},\"primaryImageOfPage\":{\"@id\":\"https:\\\/\\\/www.santanyi.net\\\/ca\\\/property\\\/precios-pis-a-la-primera-planta-amb-garatge-sense-balco-sense-mobles-amb-2-dormitoris-i-2-banys-en-una-ubicacio-centrica-a-santanyi\\\/#primaryimage\"},\"image\":{\"@id\":\"https:\\\/\\\/www.santanyi.net\\\/ca\\\/property\\\/precios-pis-a-la-primera-planta-amb-garatge-sense-balco-sense-mobles-amb-2-dormitoris-i-2-banys-en-una-ubicacio-centrica-a-santanyi\\\/#primaryimage\"},\"thumbnailUrl\":\"https:\\\/\\\/www.santanyi.net\\\/wp-content\\\/uploads\\\/anaconda_property_media\\\/28845495-185784\\\/5-1.jpg\",\"datePublished\":\"2026-04-23T04:40:44+00:00\",\"dateModified\":\"2026-04-30T04:48:49+00:00\",\"breadcrumb\":{\"@id\":\"https:\\\/\\\/www.santanyi.net\\\/ca\\\/property\\\/precios-pis-a-la-primera-planta-amb-garatge-sense-balco-sense-mobles-amb-2-dormitoris-i-2-banys-en-una-ubicacio-centrica-a-santanyi\\\/#breadcrumb\"},\"inLanguage\":\"ca\",\"potentialAction\":[{\"@type\":\"ReadAction\",\"target\":[\"https:\\\/\\\/www.santanyi.net\\\/ca\\\/property\\\/precios-pis-a-la-primera-planta-amb-garatge-sense-balco-sense-mobles-amb-2-dormitoris-i-2-banys-en-una-ubicacio-centrica-a-santanyi\\\/\"]}]},{\"@type\":\"ImageObject\",\"inLanguage\":\"ca\",\"@id\":\"https:\\\/\\\/www.santanyi.net\\\/ca\\\/property\\\/precios-pis-a-la-primera-planta-amb-garatge-sense-balco-sense-mobles-amb-2-dormitoris-i-2-banys-en-una-ubicacio-centrica-a-santanyi\\\/#primaryimage\",\"url\":\"https:\\\/\\\/www.santanyi.net\\\/wp-content\\\/uploads\\\/anaconda_property_media\\\/28845495-185784\\\/5-1.jpg\",\"contentUrl\":\"https:\\\/\\\/www.santanyi.net\\\/wp-content\\\/uploads\\\/anaconda_property_media\\\/28845495-185784\\\/5-1.jpg\",\"width\":1024,\"height\":768},{\"@type\":\"BreadcrumbList\",\"@id\":\"https:\\\/\\\/www.santanyi.net\\\/ca\\\/property\\\/precios-pis-a-la-primera-planta-amb-garatge-sense-balco-sense-mobles-amb-2-dormitoris-i-2-banys-en-una-ubicacio-centrica-a-santanyi\\\/#breadcrumb\",\"itemListElement\":[{\"@type\":\"ListItem\",\"position\":1,\"name\":\"Home\",\"item\":\"https:\\\/\\\/www.santanyi.net\\\/ca\\\/\"},{\"@type\":\"ListItem\",\"position\":2,\"name\":\"Properties\",\"item\":\"https:\\\/\\\/www.santanyi.net\\\/ca\\\/property\\\/\"},{\"@type\":\"ListItem\",\"position\":3,\"name\":\"Preci\u00f3s pis a la primera planta amb garatge, sense balc\u00f3, sense mobles, amb 2 dormitoris i 2 banys en una ubicaci\u00f3 c\u00e8ntrica a Santany\u00ed.\"}]},{\"@type\":\"WebSite\",\"@id\":\"https:\\\/\\\/www.santanyi.net\\\/ca\\\/#website\",\"url\":\"https:\\\/\\\/www.santanyi.net\\\/ca\\\/\",\"name\":\"RE\\\/MAX Drac\",\"description\":\"\",\"publisher\":{\"@id\":\"https:\\\/\\\/www.santanyi.net\\\/ca\\\/#organization\"},\"potentialAction\":[{\"@type\":\"SearchAction\",\"target\":{\"@type\":\"EntryPoint\",\"urlTemplate\":\"https:\\\/\\\/www.santanyi.net\\\/ca\\\/?s={search_term_string}\"},\"query-input\":{\"@type\":\"PropertyValueSpecification\",\"valueRequired\":true,\"valueName\":\"search_term_string\"}}],\"inLanguage\":\"ca\"},{\"@type\":\"Organization\",\"@id\":\"https:\\\/\\\/www.santanyi.net\\\/ca\\\/#organization\",\"name\":\"RE\\\/MAX Drac\",\"url\":\"https:\\\/\\\/www.santanyi.net\\\/ca\\\/\",\"logo\":{\"@type\":\"ImageObject\",\"inLanguage\":\"ca\",\"@id\":\"https:\\\/\\\/www.santanyi.net\\\/ca\\\/#\\\/schema\\\/logo\\\/image\\\/\",\"url\":\"https:\\\/\\\/www.santanyi.net\\\/wp-content\\\/uploads\\\/2025\\\/07\\\/logo-nuevo.png\",\"contentUrl\":\"https:\\\/\\\/www.santanyi.net\\\/wp-content\\\/uploads\\\/2025\\\/07\\\/logo-nuevo.png\",\"width\":295,\"height\":165,\"caption\":\"RE\\\/MAX Drac\"},\"image\":{\"@id\":\"https:\\\/\\\/www.santanyi.net\\\/ca\\\/#\\\/schema\\\/logo\\\/image\\\/\"}}]}<\/script>\n<!-- \/ Yoast SEO plugin. -->","yoast_head_json":{"title":"Preci\u00f3s pis a la primera planta amb garatge, sense balc\u00f3, sense mobles, amb 2 dormitoris i 2 banys en una ubicaci\u00f3 c\u00e8ntrica a Santany\u00ed. - RE\/MAX Drac","robots":{"index":"index","follow":"follow","max-snippet":"max-snippet:-1","max-image-preview":"max-image-preview:large","max-video-preview":"max-video-preview:-1"},"canonical":"https:\/\/www.santanyi.net\/ca\/property\/precios-pis-a-la-primera-planta-amb-garatge-sense-balco-sense-mobles-amb-2-dormitoris-i-2-banys-en-una-ubicacio-centrica-a-santanyi\/","og_locale":"ca_ES","og_type":"article","og_title":"Preci\u00f3s pis a la primera planta amb garatge, sense balc\u00f3, sense mobles, amb 2 dormitoris i 2 banys en una ubicaci\u00f3 c\u00e8ntrica a Santany\u00ed. - RE\/MAX Drac","og_description":"Aquest encantador pis est\u00e0 situat a la primera planta al cor de Santany\u00ed. Amb una superf\u00edcie habitable de 103 m\u00b2, est\u00e0 llest per a la seva ocupaci\u00f3 immediata. El pis disposa de dos dormitoris amb armaris encastats i dos banys amb dutxes. El llumin\u00f3s menjador ofereix acc\u00e9s directe al garatge privat i est\u00e0 equipat amb [&hellip;]","og_url":"https:\/\/www.santanyi.net\/ca\/property\/precios-pis-a-la-primera-planta-amb-garatge-sense-balco-sense-mobles-amb-2-dormitoris-i-2-banys-en-una-ubicacio-centrica-a-santanyi\/","og_site_name":"RE\/MAX Drac","article_modified_time":"2026-04-30T04:48:49+00:00","og_image":[{"width":1024,"height":768,"url":"https:\/\/www.santanyi.net\/wp-content\/uploads\/anaconda_property_media\/28845495-185784\/5-1.jpg","type":"image\/jpeg"}],"twitter_card":"summary_large_image","twitter_misc":{"Temps estimat de lectura":"1 minut"},"schema":{"@context":"https:\/\/schema.org","@graph":[{"@type":"WebPage","@id":"https:\/\/www.santanyi.net\/ca\/property\/precios-pis-a-la-primera-planta-amb-garatge-sense-balco-sense-mobles-amb-2-dormitoris-i-2-banys-en-una-ubicacio-centrica-a-santanyi\/","url":"https:\/\/www.santanyi.net\/ca\/property\/precios-pis-a-la-primera-planta-amb-garatge-sense-balco-sense-mobles-amb-2-dormitoris-i-2-banys-en-una-ubicacio-centrica-a-santanyi\/","name":"Preci\u00f3s pis a la primera planta amb garatge, sense balc\u00f3, sense mobles, amb 2 dormitoris i 2 banys en una ubicaci\u00f3 c\u00e8ntrica a Santany\u00ed. - RE\/MAX Drac","isPartOf":{"@id":"https:\/\/www.santanyi.net\/ca\/#website"},"primaryImageOfPage":{"@id":"https:\/\/www.santanyi.net\/ca\/property\/precios-pis-a-la-primera-planta-amb-garatge-sense-balco-sense-mobles-amb-2-dormitoris-i-2-banys-en-una-ubicacio-centrica-a-santanyi\/#primaryimage"},"image":{"@id":"https:\/\/www.santanyi.net\/ca\/property\/precios-pis-a-la-primera-planta-amb-garatge-sense-balco-sense-mobles-amb-2-dormitoris-i-2-banys-en-una-ubicacio-centrica-a-santanyi\/#primaryimage"},"thumbnailUrl":"https:\/\/www.santanyi.net\/wp-content\/uploads\/anaconda_property_media\/28845495-185784\/5-1.jpg","datePublished":"2026-04-23T04:40:44+00:00","dateModified":"2026-04-30T04:48:49+00:00","breadcrumb":{"@id":"https:\/\/www.santanyi.net\/ca\/property\/precios-pis-a-la-primera-planta-amb-garatge-sense-balco-sense-mobles-amb-2-dormitoris-i-2-banys-en-una-ubicacio-centrica-a-santanyi\/#breadcrumb"},"inLanguage":"ca","potentialAction":[{"@type":"ReadAction","target":["https:\/\/www.santanyi.net\/ca\/property\/precios-pis-a-la-primera-planta-amb-garatge-sense-balco-sense-mobles-amb-2-dormitoris-i-2-banys-en-una-ubicacio-centrica-a-santanyi\/"]}]},{"@type":"ImageObject","inLanguage":"ca","@id":"https:\/\/www.santanyi.net\/ca\/property\/precios-pis-a-la-primera-planta-amb-garatge-sense-balco-sense-mobles-amb-2-dormitoris-i-2-banys-en-una-ubicacio-centrica-a-santanyi\/#primaryimage","url":"https:\/\/www.santanyi.net\/wp-content\/uploads\/anaconda_property_media\/28845495-185784\/5-1.jpg","contentUrl":"https:\/\/www.santanyi.net\/wp-content\/uploads\/anaconda_property_media\/28845495-185784\/5-1.jpg","width":1024,"height":768},{"@type":"BreadcrumbList","@id":"https:\/\/www.santanyi.net\/ca\/property\/precios-pis-a-la-primera-planta-amb-garatge-sense-balco-sense-mobles-amb-2-dormitoris-i-2-banys-en-una-ubicacio-centrica-a-santanyi\/#breadcrumb","itemListElement":[{"@type":"ListItem","position":1,"name":"Home","item":"https:\/\/www.santanyi.net\/ca\/"},{"@type":"ListItem","position":2,"name":"Properties","item":"https:\/\/www.santanyi.net\/ca\/property\/"},{"@type":"ListItem","position":3,"name":"Preci\u00f3s pis a la primera planta amb garatge, sense balc\u00f3, sense mobles, amb 2 dormitoris i 2 banys en una ubicaci\u00f3 c\u00e8ntrica a Santany\u00ed."}]},{"@type":"WebSite","@id":"https:\/\/www.santanyi.net\/ca\/#website","url":"https:\/\/www.santanyi.net\/ca\/","name":"RE\/MAX Drac","description":"","publisher":{"@id":"https:\/\/www.santanyi.net\/ca\/#organization"},"potentialAction":[{"@type":"SearchAction","target":{"@type":"EntryPoint","urlTemplate":"https:\/\/www.santanyi.net\/ca\/?s={search_term_string}"},"query-input":{"@type":"PropertyValueSpecification","valueRequired":true,"valueName":"search_term_string"}}],"inLanguage":"ca"},{"@type":"Organization","@id":"https:\/\/www.santanyi.net\/ca\/#organization","name":"RE\/MAX Drac","url":"https:\/\/www.santanyi.net\/ca\/","logo":{"@type":"ImageObject","inLanguage":"ca","@id":"https:\/\/www.santanyi.net\/ca\/#\/schema\/logo\/image\/","url":"https:\/\/www.santanyi.net\/wp-content\/uploads\/2025\/07\/logo-nuevo.png","contentUrl":"https:\/\/www.santanyi.net\/wp-content\/uploads\/2025\/07\/logo-nuevo.png","width":295,"height":165,"caption":"RE\/MAX Drac"},"image":{"@id":"https:\/\/www.santanyi.net\/ca\/#\/schema\/logo\/image\/"}}]}},"_links":{"self":[{"href":"https:\/\/www.santanyi.net\/ca\/wp-json\/wp\/v2\/properties\/185790","targetHints":{"allow":["GET"]}}],"collection":[{"href":"https:\/\/www.santanyi.net\/ca\/wp-json\/wp\/v2\/properties"}],"about":[{"href":"https:\/\/www.santanyi.net\/ca\/wp-json\/wp\/v2\/types\/property"}],"version-history":[{"count":3,"href":"https:\/\/www.santanyi.net\/ca\/wp-json\/wp\/v2\/properties\/185790\/revisions"}],"predecessor-version":[{"id":193805,"href":"https:\/\/www.santanyi.net\/ca\/wp-json\/wp\/v2\/properties\/185790\/revisions\/193805"}],"wp:featuredmedia":[{"embeddable":true,"href":"https:\/\/www.santanyi.net\/ca\/wp-json\/wp\/v2\/media\/185785"}],"wp:attachment":[{"href":"https:\/\/www.santanyi.net\/ca\/wp-json\/wp\/v2\/media?parent=185790"}],"wp:term":[{"taxonomy":"property_type","embeddable":true,"href":"https:\/\/www.santanyi.net\/ca\/wp-json\/wp\/v2\/property_type?post=185790"},{"taxonomy":"property_status","embeddable":true,"href":"https:\/\/www.santanyi.net\/ca\/wp-json\/wp\/v2\/property_status?post=185790"},{"taxonomy":"property_feature","embeddable":true,"href":"https:\/\/www.santanyi.net\/ca\/wp-json\/wp\/v2\/property_feature?post=185790"},{"taxonomy":"property_label","embeddable":true,"href":"https:\/\/www.santanyi.net\/ca\/wp-json\/wp\/v2\/property_label?post=185790"},{"taxonomy":"property_country","embeddable":true,"href":"https:\/\/www.santanyi.net\/ca\/wp-json\/wp\/v2\/property_country?post=185790"},{"taxonomy":"property_state","embeddable":true,"href":"https:\/\/www.santanyi.net\/ca\/wp-json\/wp\/v2\/property_state?post=185790"},{"taxonomy":"property_city","embeddable":true,"href":"https:\/\/www.santanyi.net\/ca\/wp-json\/wp\/v2\/property_city?post=185790"},{"taxonomy":"property_area","embeddable":true,"href":"https:\/\/www.santanyi.net\/ca\/wp-json\/wp\/v2\/property_area?post=185790"}],"curies":[{"name":"wp","href":"https:\/\/api.w.org\/{rel}","templated":true}]}}