
{"id":185778,"date":"2026-04-23T04:40:39","date_gmt":"2026-04-23T04:40:39","guid":{"rendered":"https:\/\/www.santanyi.net\/property\/lluminos-apartament-de-3-habitacions-moblat-amb-2-banys-balco-terrassa-i-placa-daparcament-a-la-primera-planta-amb-vistes-al-mar-a-cala-figuera\/"},"modified":"2026-05-01T04:50:16","modified_gmt":"2026-05-01T04:50:16","slug":"lluminos-apartament-de-3-habitacions-moblat-amb-2-banys-balco-terrassa-i-placa-daparcament-a-la-primera-planta-amb-vistes-al-mar-a-cala-figuera-2","status":"publish","type":"property","link":"https:\/\/www.santanyi.net\/ca\/property\/lluminos-apartament-de-3-habitacions-moblat-amb-2-banys-balco-terrassa-i-placa-daparcament-a-la-primera-planta-amb-vistes-al-mar-a-cala-figuera-2\/","title":{"rendered":"Llumin\u00f3s apartament de 3 habitacions, moblat, amb 2 banys, balc\u00f3, terrassa i pla\u00e7a d&#8217;aparcament a la primera planta amb vistes al mar a Cala Figuera."},"content":{"rendered":"<p>Aquest bonic i llumin\u00f3s apartament es troba a la primera planta d&#8217;un edifici ben cuidat, a pocs passos del port de Cala Figuera. Amb una superf\u00edcie habitable de 115 m\u00b2, disposa de tres habitacions dobles i dos banys amb dutxes; un dels quals inclou rentadora. Gr\u00e0cies a la seva orientaci\u00f3, l&#8217;apartament est\u00e0 inundat de llum natural i us convida a gaudir del balc\u00f3, la terrassa i les vistes al mar des de la cuina. Tamb\u00e9 hi ha aparcament disponible. Situat a nom\u00e9s cinc minuts de l&#8217;encantadora ciutat de Santany\u00ed i molt a prop de la bonica platja de Cala Santany\u00ed, hi ha un petit supermercat per a les vostres necessitats di\u00e0ries just davant de l&#8217;apartament. En aquesta ubicaci\u00f3 tranquil\u00b7la, trobareu tot el que necessiteu per a una segona resid\u00e8ncia reeixida (no s&#8217;admeten mascotes). El contracte de lloguer inclou una fian\u00e7a de dos mesos de lloguer.<\/p>\n","protected":false},"excerpt":{"rendered":"<p>Aquest bonic i llumin\u00f3s apartament es troba a la primera planta d&#8217;un edifici ben cuidat, a pocs passos del port de Cala Figuera. Amb una superf\u00edcie habitable de 115 m\u00b2, disposa de tres habitacions dobles i dos banys amb dutxes; un dels quals inclou rentadora. Gr\u00e0cies a la seva orientaci\u00f3, l&#8217;apartament est\u00e0 inundat de llum [&hellip;]<\/p>\n","protected":false},"author":0,"featured_media":185773,"parent":0,"menu_order":0,"template":"","property_type":[2173],"property_status":[2181,2179,2140],"property_feature":[1765,1799,1867,1851,1870,1853,1871,1929,1903,1905,1805,1809,1810,1973,1985,1898],"property_label":[],"property_country":[],"property_state":[],"property_city":[635],"property_area":[637],"class_list":["post-185778","property","type-property","status-publish","has-post-thumbnail","hentry","property_type-piso-ca","property_status-entrar-a-vivir-ca","property_status-entrar-a-vivir","property_status-alquilar-ca","property_feature-aire_con","property_feature-aire_con-ca","property_feature-arma_empo-ca","property_feature-arma_empo","property_feature-balcon-ca","property_feature-balcon","property_feature-cocina_inde-ca","property_feature-costa-ca","property_feature-despensa","property_feature-despensa-ca","property_feature-electro-ca","property_feature-muebles-ca","property_feature-parking-ca","property_feature-solarium","property_feature-solarium-ca","property_feature-vistasalmar-ca","property_city-santanyi","property_area-cala-figuera"],"acf":[],"property_meta":{"_apg_property_user_edited":["1"],"fave_property_agency":["86"],"fave_agent_display_option":["agent_info"],"fave_agents":["1610"],"fave_property_id":["AA1536"],"fave_property_location":["39.330528224418,3.1691694043678,15"],"houzez_geolocation_lat":["39.330528224418"],"houzez_geolocation_long":["3.1691694043678"],"fave_property_price":["1400"],"fave_property_rent_or_sale":["rent"],"fave_property_year":[null],"fave_property_size_prefix":["m2"],"fave_property_land_postfix":["m2"],"fave_property_size":["118.00"],"fave_property_bedrooms":["3"],"fave_property_bathrooms":["2"],"fave_property_map_address":["Cala Figuera, 07659 Santany\u00ed, BALEARES"],"fave_property_address":[" , Santany\u00ed 07659"],"fave_property_zip":["07659"],"fave_property_postal_code":["07659"],"fave_property_map":["1"],"_thumbnail_id":["185773"],"apg_property_id":["28732311"],"_wpml_word_count":["169"],"_eael_post_view_count":["27"],"houzez_recently_viewed":["2026-05-01 11:37:42"],"houzez_total_property_views":["27"],"houzez_views_by_date":["a:8:{s:10:\"04-23-2026\";i:3;s:10:\"04-24-2026\";i:2;s:10:\"04-25-2026\";i:3;s:10:\"04-27-2026\";i:1;s:10:\"04-28-2026\";i:3;s:10:\"04-29-2026\";i:2;s:10:\"04-30-2026\";i:10;s:10:\"05-01-2026\";i:3;}"],"fave_property_images":["185773","187393","187605","187389","188122","188181","188285","187893","188229","187305","186913","187373","187561","187633","188393","188225","187901","188381","188074","187297","187313","187753","187229","188213","188349","187938","187017","187821","187637","187649"],"_elementor_page_assets":["a:0:{}"]},"yoast_head":"<!-- This site is optimized with the Yoast SEO plugin v27.5 - https:\/\/yoast.com\/product\/yoast-seo-wordpress\/ -->\n<title>Llumin\u00f3s apartament de 3 habitacions, moblat, amb 2 banys, balc\u00f3, terrassa i pla\u00e7a d&#039;aparcament a la primera planta amb vistes al mar a Cala Figuera. - RE\/MAX Drac<\/title>\n<meta name=\"robots\" content=\"index, follow, max-snippet:-1, max-image-preview:large, max-video-preview:-1\" \/>\n<link rel=\"canonical\" href=\"https:\/\/www.santanyi.net\/ca\/property\/lluminos-apartament-de-3-habitacions-moblat-amb-2-banys-balco-terrassa-i-placa-daparcament-a-la-primera-planta-amb-vistes-al-mar-a-cala-figuera-2\/\" \/>\n<meta property=\"og:locale\" content=\"ca_ES\" \/>\n<meta property=\"og:type\" content=\"article\" \/>\n<meta property=\"og:title\" content=\"Llumin\u00f3s apartament de 3 habitacions, moblat, amb 2 banys, balc\u00f3, terrassa i pla\u00e7a d&#039;aparcament a la primera planta amb vistes al mar a Cala Figuera. - RE\/MAX Drac\" \/>\n<meta property=\"og:description\" content=\"Aquest bonic i llumin\u00f3s apartament es troba a la primera planta d&#8217;un edifici ben cuidat, a pocs passos del port de Cala Figuera. Amb una superf\u00edcie habitable de 115 m\u00b2, disposa de tres habitacions dobles i dos banys amb dutxes; un dels quals inclou rentadora. Gr\u00e0cies a la seva orientaci\u00f3, l&#8217;apartament est\u00e0 inundat de llum [&hellip;]\" \/>\n<meta property=\"og:url\" content=\"https:\/\/www.santanyi.net\/ca\/property\/lluminos-apartament-de-3-habitacions-moblat-amb-2-banys-balco-terrassa-i-placa-daparcament-a-la-primera-planta-amb-vistes-al-mar-a-cala-figuera-2\/\" \/>\n<meta property=\"og:site_name\" content=\"RE\/MAX Drac\" \/>\n<meta property=\"article:modified_time\" content=\"2026-05-01T04:50:16+00:00\" \/>\n<meta property=\"og:image\" content=\"https:\/\/www.santanyi.net\/wp-content\/uploads\/anaconda_property_media\/28732311-185772\/10-1.jpg\" \/>\n\t<meta property=\"og:image:width\" content=\"1024\" \/>\n\t<meta property=\"og:image:height\" content=\"768\" \/>\n\t<meta property=\"og:image:type\" content=\"image\/jpeg\" \/>\n<meta name=\"twitter:card\" content=\"summary_large_image\" \/>\n<meta name=\"twitter:label1\" content=\"Temps estimat de lectura\" \/>\n\t<meta name=\"twitter:data1\" content=\"1 minut\" \/>\n<script type=\"application\/ld+json\" class=\"yoast-schema-graph\">{\"@context\":\"https:\\\/\\\/schema.org\",\"@graph\":[{\"@type\":\"WebPage\",\"@id\":\"https:\\\/\\\/www.santanyi.net\\\/ca\\\/property\\\/lluminos-apartament-de-3-habitacions-moblat-amb-2-banys-balco-terrassa-i-placa-daparcament-a-la-primera-planta-amb-vistes-al-mar-a-cala-figuera-2\\\/\",\"url\":\"https:\\\/\\\/www.santanyi.net\\\/ca\\\/property\\\/lluminos-apartament-de-3-habitacions-moblat-amb-2-banys-balco-terrassa-i-placa-daparcament-a-la-primera-planta-amb-vistes-al-mar-a-cala-figuera-2\\\/\",\"name\":\"Llumin\u00f3s apartament de 3 habitacions, moblat, amb 2 banys, balc\u00f3, terrassa i pla\u00e7a d'aparcament a la primera planta amb vistes al mar a Cala Figuera. - RE\\\/MAX Drac\",\"isPartOf\":{\"@id\":\"https:\\\/\\\/www.santanyi.net\\\/ca\\\/#website\"},\"primaryImageOfPage\":{\"@id\":\"https:\\\/\\\/www.santanyi.net\\\/ca\\\/property\\\/lluminos-apartament-de-3-habitacions-moblat-amb-2-banys-balco-terrassa-i-placa-daparcament-a-la-primera-planta-amb-vistes-al-mar-a-cala-figuera-2\\\/#primaryimage\"},\"image\":{\"@id\":\"https:\\\/\\\/www.santanyi.net\\\/ca\\\/property\\\/lluminos-apartament-de-3-habitacions-moblat-amb-2-banys-balco-terrassa-i-placa-daparcament-a-la-primera-planta-amb-vistes-al-mar-a-cala-figuera-2\\\/#primaryimage\"},\"thumbnailUrl\":\"https:\\\/\\\/www.santanyi.net\\\/wp-content\\\/uploads\\\/anaconda_property_media\\\/28732311-185772\\\/10-1.jpg\",\"datePublished\":\"2026-04-23T04:40:39+00:00\",\"dateModified\":\"2026-05-01T04:50:16+00:00\",\"breadcrumb\":{\"@id\":\"https:\\\/\\\/www.santanyi.net\\\/ca\\\/property\\\/lluminos-apartament-de-3-habitacions-moblat-amb-2-banys-balco-terrassa-i-placa-daparcament-a-la-primera-planta-amb-vistes-al-mar-a-cala-figuera-2\\\/#breadcrumb\"},\"inLanguage\":\"ca\",\"potentialAction\":[{\"@type\":\"ReadAction\",\"target\":[\"https:\\\/\\\/www.santanyi.net\\\/ca\\\/property\\\/lluminos-apartament-de-3-habitacions-moblat-amb-2-banys-balco-terrassa-i-placa-daparcament-a-la-primera-planta-amb-vistes-al-mar-a-cala-figuera-2\\\/\"]}]},{\"@type\":\"ImageObject\",\"inLanguage\":\"ca\",\"@id\":\"https:\\\/\\\/www.santanyi.net\\\/ca\\\/property\\\/lluminos-apartament-de-3-habitacions-moblat-amb-2-banys-balco-terrassa-i-placa-daparcament-a-la-primera-planta-amb-vistes-al-mar-a-cala-figuera-2\\\/#primaryimage\",\"url\":\"https:\\\/\\\/www.santanyi.net\\\/wp-content\\\/uploads\\\/anaconda_property_media\\\/28732311-185772\\\/10-1.jpg\",\"contentUrl\":\"https:\\\/\\\/www.santanyi.net\\\/wp-content\\\/uploads\\\/anaconda_property_media\\\/28732311-185772\\\/10-1.jpg\",\"width\":1024,\"height\":768},{\"@type\":\"BreadcrumbList\",\"@id\":\"https:\\\/\\\/www.santanyi.net\\\/ca\\\/property\\\/lluminos-apartament-de-3-habitacions-moblat-amb-2-banys-balco-terrassa-i-placa-daparcament-a-la-primera-planta-amb-vistes-al-mar-a-cala-figuera-2\\\/#breadcrumb\",\"itemListElement\":[{\"@type\":\"ListItem\",\"position\":1,\"name\":\"Home\",\"item\":\"https:\\\/\\\/www.santanyi.net\\\/ca\\\/\"},{\"@type\":\"ListItem\",\"position\":2,\"name\":\"Properties\",\"item\":\"https:\\\/\\\/www.santanyi.net\\\/ca\\\/property\\\/\"},{\"@type\":\"ListItem\",\"position\":3,\"name\":\"Llumin\u00f3s apartament de 3 habitacions, moblat, amb 2 banys, balc\u00f3, terrassa i pla\u00e7a d&#8217;aparcament a la primera planta amb vistes al mar a Cala Figuera.\"}]},{\"@type\":\"WebSite\",\"@id\":\"https:\\\/\\\/www.santanyi.net\\\/ca\\\/#website\",\"url\":\"https:\\\/\\\/www.santanyi.net\\\/ca\\\/\",\"name\":\"RE\\\/MAX Drac\",\"description\":\"\",\"publisher\":{\"@id\":\"https:\\\/\\\/www.santanyi.net\\\/ca\\\/#organization\"},\"potentialAction\":[{\"@type\":\"SearchAction\",\"target\":{\"@type\":\"EntryPoint\",\"urlTemplate\":\"https:\\\/\\\/www.santanyi.net\\\/ca\\\/?s={search_term_string}\"},\"query-input\":{\"@type\":\"PropertyValueSpecification\",\"valueRequired\":true,\"valueName\":\"search_term_string\"}}],\"inLanguage\":\"ca\"},{\"@type\":\"Organization\",\"@id\":\"https:\\\/\\\/www.santanyi.net\\\/ca\\\/#organization\",\"name\":\"RE\\\/MAX Drac\",\"url\":\"https:\\\/\\\/www.santanyi.net\\\/ca\\\/\",\"logo\":{\"@type\":\"ImageObject\",\"inLanguage\":\"ca\",\"@id\":\"https:\\\/\\\/www.santanyi.net\\\/ca\\\/#\\\/schema\\\/logo\\\/image\\\/\",\"url\":\"https:\\\/\\\/www.santanyi.net\\\/wp-content\\\/uploads\\\/2025\\\/07\\\/logo-nuevo.png\",\"contentUrl\":\"https:\\\/\\\/www.santanyi.net\\\/wp-content\\\/uploads\\\/2025\\\/07\\\/logo-nuevo.png\",\"width\":295,\"height\":165,\"caption\":\"RE\\\/MAX Drac\"},\"image\":{\"@id\":\"https:\\\/\\\/www.santanyi.net\\\/ca\\\/#\\\/schema\\\/logo\\\/image\\\/\"}}]}<\/script>\n<!-- \/ Yoast SEO plugin. -->","yoast_head_json":{"title":"Llumin\u00f3s apartament de 3 habitacions, moblat, amb 2 banys, balc\u00f3, terrassa i pla\u00e7a d'aparcament a la primera planta amb vistes al mar a Cala Figuera. - RE\/MAX Drac","robots":{"index":"index","follow":"follow","max-snippet":"max-snippet:-1","max-image-preview":"max-image-preview:large","max-video-preview":"max-video-preview:-1"},"canonical":"https:\/\/www.santanyi.net\/ca\/property\/lluminos-apartament-de-3-habitacions-moblat-amb-2-banys-balco-terrassa-i-placa-daparcament-a-la-primera-planta-amb-vistes-al-mar-a-cala-figuera-2\/","og_locale":"ca_ES","og_type":"article","og_title":"Llumin\u00f3s apartament de 3 habitacions, moblat, amb 2 banys, balc\u00f3, terrassa i pla\u00e7a d'aparcament a la primera planta amb vistes al mar a Cala Figuera. - RE\/MAX Drac","og_description":"Aquest bonic i llumin\u00f3s apartament es troba a la primera planta d&#8217;un edifici ben cuidat, a pocs passos del port de Cala Figuera. Amb una superf\u00edcie habitable de 115 m\u00b2, disposa de tres habitacions dobles i dos banys amb dutxes; un dels quals inclou rentadora. Gr\u00e0cies a la seva orientaci\u00f3, l&#8217;apartament est\u00e0 inundat de llum [&hellip;]","og_url":"https:\/\/www.santanyi.net\/ca\/property\/lluminos-apartament-de-3-habitacions-moblat-amb-2-banys-balco-terrassa-i-placa-daparcament-a-la-primera-planta-amb-vistes-al-mar-a-cala-figuera-2\/","og_site_name":"RE\/MAX Drac","article_modified_time":"2026-05-01T04:50:16+00:00","og_image":[{"width":1024,"height":768,"url":"https:\/\/www.santanyi.net\/wp-content\/uploads\/anaconda_property_media\/28732311-185772\/10-1.jpg","type":"image\/jpeg"}],"twitter_card":"summary_large_image","twitter_misc":{"Temps estimat de lectura":"1 minut"},"schema":{"@context":"https:\/\/schema.org","@graph":[{"@type":"WebPage","@id":"https:\/\/www.santanyi.net\/ca\/property\/lluminos-apartament-de-3-habitacions-moblat-amb-2-banys-balco-terrassa-i-placa-daparcament-a-la-primera-planta-amb-vistes-al-mar-a-cala-figuera-2\/","url":"https:\/\/www.santanyi.net\/ca\/property\/lluminos-apartament-de-3-habitacions-moblat-amb-2-banys-balco-terrassa-i-placa-daparcament-a-la-primera-planta-amb-vistes-al-mar-a-cala-figuera-2\/","name":"Llumin\u00f3s apartament de 3 habitacions, moblat, amb 2 banys, balc\u00f3, terrassa i pla\u00e7a d'aparcament a la primera planta amb vistes al mar a Cala Figuera. - RE\/MAX Drac","isPartOf":{"@id":"https:\/\/www.santanyi.net\/ca\/#website"},"primaryImageOfPage":{"@id":"https:\/\/www.santanyi.net\/ca\/property\/lluminos-apartament-de-3-habitacions-moblat-amb-2-banys-balco-terrassa-i-placa-daparcament-a-la-primera-planta-amb-vistes-al-mar-a-cala-figuera-2\/#primaryimage"},"image":{"@id":"https:\/\/www.santanyi.net\/ca\/property\/lluminos-apartament-de-3-habitacions-moblat-amb-2-banys-balco-terrassa-i-placa-daparcament-a-la-primera-planta-amb-vistes-al-mar-a-cala-figuera-2\/#primaryimage"},"thumbnailUrl":"https:\/\/www.santanyi.net\/wp-content\/uploads\/anaconda_property_media\/28732311-185772\/10-1.jpg","datePublished":"2026-04-23T04:40:39+00:00","dateModified":"2026-05-01T04:50:16+00:00","breadcrumb":{"@id":"https:\/\/www.santanyi.net\/ca\/property\/lluminos-apartament-de-3-habitacions-moblat-amb-2-banys-balco-terrassa-i-placa-daparcament-a-la-primera-planta-amb-vistes-al-mar-a-cala-figuera-2\/#breadcrumb"},"inLanguage":"ca","potentialAction":[{"@type":"ReadAction","target":["https:\/\/www.santanyi.net\/ca\/property\/lluminos-apartament-de-3-habitacions-moblat-amb-2-banys-balco-terrassa-i-placa-daparcament-a-la-primera-planta-amb-vistes-al-mar-a-cala-figuera-2\/"]}]},{"@type":"ImageObject","inLanguage":"ca","@id":"https:\/\/www.santanyi.net\/ca\/property\/lluminos-apartament-de-3-habitacions-moblat-amb-2-banys-balco-terrassa-i-placa-daparcament-a-la-primera-planta-amb-vistes-al-mar-a-cala-figuera-2\/#primaryimage","url":"https:\/\/www.santanyi.net\/wp-content\/uploads\/anaconda_property_media\/28732311-185772\/10-1.jpg","contentUrl":"https:\/\/www.santanyi.net\/wp-content\/uploads\/anaconda_property_media\/28732311-185772\/10-1.jpg","width":1024,"height":768},{"@type":"BreadcrumbList","@id":"https:\/\/www.santanyi.net\/ca\/property\/lluminos-apartament-de-3-habitacions-moblat-amb-2-banys-balco-terrassa-i-placa-daparcament-a-la-primera-planta-amb-vistes-al-mar-a-cala-figuera-2\/#breadcrumb","itemListElement":[{"@type":"ListItem","position":1,"name":"Home","item":"https:\/\/www.santanyi.net\/ca\/"},{"@type":"ListItem","position":2,"name":"Properties","item":"https:\/\/www.santanyi.net\/ca\/property\/"},{"@type":"ListItem","position":3,"name":"Llumin\u00f3s apartament de 3 habitacions, moblat, amb 2 banys, balc\u00f3, terrassa i pla\u00e7a d&#8217;aparcament a la primera planta amb vistes al mar a Cala Figuera."}]},{"@type":"WebSite","@id":"https:\/\/www.santanyi.net\/ca\/#website","url":"https:\/\/www.santanyi.net\/ca\/","name":"RE\/MAX Drac","description":"","publisher":{"@id":"https:\/\/www.santanyi.net\/ca\/#organization"},"potentialAction":[{"@type":"SearchAction","target":{"@type":"EntryPoint","urlTemplate":"https:\/\/www.santanyi.net\/ca\/?s={search_term_string}"},"query-input":{"@type":"PropertyValueSpecification","valueRequired":true,"valueName":"search_term_string"}}],"inLanguage":"ca"},{"@type":"Organization","@id":"https:\/\/www.santanyi.net\/ca\/#organization","name":"RE\/MAX Drac","url":"https:\/\/www.santanyi.net\/ca\/","logo":{"@type":"ImageObject","inLanguage":"ca","@id":"https:\/\/www.santanyi.net\/ca\/#\/schema\/logo\/image\/","url":"https:\/\/www.santanyi.net\/wp-content\/uploads\/2025\/07\/logo-nuevo.png","contentUrl":"https:\/\/www.santanyi.net\/wp-content\/uploads\/2025\/07\/logo-nuevo.png","width":295,"height":165,"caption":"RE\/MAX Drac"},"image":{"@id":"https:\/\/www.santanyi.net\/ca\/#\/schema\/logo\/image\/"}}]}},"_links":{"self":[{"href":"https:\/\/www.santanyi.net\/ca\/wp-json\/wp\/v2\/properties\/185778","targetHints":{"allow":["GET"]}}],"collection":[{"href":"https:\/\/www.santanyi.net\/ca\/wp-json\/wp\/v2\/properties"}],"about":[{"href":"https:\/\/www.santanyi.net\/ca\/wp-json\/wp\/v2\/types\/property"}],"version-history":[{"count":3,"href":"https:\/\/www.santanyi.net\/ca\/wp-json\/wp\/v2\/properties\/185778\/revisions"}],"predecessor-version":[{"id":193783,"href":"https:\/\/www.santanyi.net\/ca\/wp-json\/wp\/v2\/properties\/185778\/revisions\/193783"}],"wp:featuredmedia":[{"embeddable":true,"href":"https:\/\/www.santanyi.net\/ca\/wp-json\/wp\/v2\/media\/185773"}],"wp:attachment":[{"href":"https:\/\/www.santanyi.net\/ca\/wp-json\/wp\/v2\/media?parent=185778"}],"wp:term":[{"taxonomy":"property_type","embeddable":true,"href":"https:\/\/www.santanyi.net\/ca\/wp-json\/wp\/v2\/property_type?post=185778"},{"taxonomy":"property_status","embeddable":true,"href":"https:\/\/www.santanyi.net\/ca\/wp-json\/wp\/v2\/property_status?post=185778"},{"taxonomy":"property_feature","embeddable":true,"href":"https:\/\/www.santanyi.net\/ca\/wp-json\/wp\/v2\/property_feature?post=185778"},{"taxonomy":"property_label","embeddable":true,"href":"https:\/\/www.santanyi.net\/ca\/wp-json\/wp\/v2\/property_label?post=185778"},{"taxonomy":"property_country","embeddable":true,"href":"https:\/\/www.santanyi.net\/ca\/wp-json\/wp\/v2\/property_country?post=185778"},{"taxonomy":"property_state","embeddable":true,"href":"https:\/\/www.santanyi.net\/ca\/wp-json\/wp\/v2\/property_state?post=185778"},{"taxonomy":"property_city","embeddable":true,"href":"https:\/\/www.santanyi.net\/ca\/wp-json\/wp\/v2\/property_city?post=185778"},{"taxonomy":"property_area","embeddable":true,"href":"https:\/\/www.santanyi.net\/ca\/wp-json\/wp\/v2\/property_area?post=185778"}],"curies":[{"name":"wp","href":"https:\/\/api.w.org\/{rel}","templated":true}]}}