
{"id":140990,"date":"2026-03-02T02:31:21","date_gmt":"2026-03-02T02:31:21","guid":{"rendered":"https:\/\/www.santanyi.net\/property\/un-llenc-en-blanc-amb-potencial-casa-amb-estudi-independent-per-renovar-en-parcel%c2%b7la-rustica\/"},"modified":"2026-03-02T02:31:21","modified_gmt":"2026-03-02T02:31:21","slug":"un-llenc-en-blanc-amb-potencial-casa-amb-estudi-independent-per-renovar-en-parcel%c2%b7la-rustica","status":"publish","type":"property","link":"https:\/\/www.santanyi.net\/ca\/property\/un-llenc-en-blanc-amb-potencial-casa-amb-estudi-independent-per-renovar-en-parcel%c2%b7la-rustica\/","title":{"rendered":"Un llen\u00e7 en blanc amb potencial: Casa amb estudi independent per renovar en parcel\u00b7la r\u00fastica"},"content":{"rendered":"<p>Descobreixi el potencial d&#8217;aquesta propietat \u00fanica en una parcel\u00b7la r\u00fastica de 559 m\u00b2, una oportunitat excepcional per a aquells que busquen un projecte de renovaci\u00f3 amb una base s\u00f2lida. Amb 87 m\u00b2 constru\u00efts, l&#8217;habitatge principal, edificat el 1976, es distribueix en una sola planta, oferint un llen\u00e7 en blanc per crear la llar dels seus somnis.~~Distribuci\u00f3 i caracter\u00edstiques~La casa principal compta amb una distribuci\u00f3 funcional que inclou dues acollidores habitacions, un bany, una cuina, un menjador i una lluminosa sala d&#8217;estar. Un aspecte destacable \u00e9s l&#8217;estudi independent situat sota la terrassa, amb la seva pr\u00f2pia entrada. Aquest espai vers\u00e0til, que consta d&#8217;una habitaci\u00f3 i un bany, t\u00e9 la possibilitat d&#8217;integrar una petita cuina-menjador, la qual cosa el converteix en un allotjament ideal per a convidats, un estudi de treball o una font d&#8217;ingressos extra.~~Espais exteriors i entorn~L&#8217;exterior de la propietat \u00e9s igualment prometedor. El terreny, amb un lleuger desnivell, ofereix diferents nivells per gaudir. Unes escales des del carrer condueixen a l&#8217;entrada de l&#8217;estudi i, pujant m\u00e9s, s&#8217;arriba a la planta principal de la casa. A la part posterior, trobar\u00e0 un pr\u00e0ctic banc d&#8217;obra i una zona de barbacoa, perfectes per a reunions a l&#8217;aire lliure. El jard\u00ed, amb plantes i arbres aut\u00f2ctons, proporciona ombra natural durant els calorosos mesos d&#8217;estiu, creant un ambient fresc i agradable. A m\u00e9s, un annex per a l&#8217;emmagatzematge amb acc\u00e9s des de l&#8217;exterior ofereix espai addicional per guardar eines o estris.~~Oportunitat d&#8217;inversi\u00f3~Tot i que la casa necessita una actualitzaci\u00f3 integral, la seva estructura i fonamentaci\u00f3 estan en bon estat, la qual cosa garanteix una renovaci\u00f3 segura. La propietat disposa de tots els serveis essencials, amb subministraments d&#8217;aigua i llum municipals contractats.~~Aquesta \u00e9s l&#8217;oportunitat perfecta per a inversors o fam\u00edlies que desitgin personalitzar cada detall del seu futur habitatge i convertir-lo en una llar plena de car\u00e0cter. No deixi escapar aquesta joia per polir i posi&#8217;s en contacte per programar una visita!~<\/p>\n","protected":false},"excerpt":{"rendered":"<p>Descobreixi el potencial d&#8217;aquesta propietat \u00fanica en una parcel\u00b7la r\u00fastica de 559 m\u00b2, una oportunitat excepcional per a aquells que busquen un projecte de renovaci\u00f3 amb una base s\u00f2lida. Amb 87 m\u00b2 constru\u00efts, l&#8217;habitatge principal, edificat el 1976, es distribueix en una sola planta, oferint un llen\u00e7 en blanc per crear la llar dels seus [&hellip;]<\/p>\n","protected":false},"author":0,"featured_media":0,"parent":0,"menu_order":0,"template":"","property_type":[],"property_status":[],"property_feature":[1801,1867,1802,1871,1929,1806,1809,1897,1954,1813],"property_label":[],"property_country":[],"property_state":[],"property_city":[],"property_area":[],"class_list":["post-140990","property","type-property","status-publish","hentry","property_feature-arboles-ca","property_feature-arma_empo-ca","property_feature-barbacoa-ca","property_feature-cocina_inde-ca","property_feature-costa-ca","property_feature-jardin-ca","property_feature-muebles-ca","property_feature-terraza-ca","property_feature-trastero-ca","property_feature-vallado-ca"],"acf":[],"property_meta":{"_apg_property_user_edited":["1"],"fave_property_images":["140978"],"apg_property_id":["26652866"],"_wpml_word_count":["373"],"_eael_post_view_count":["131"],"houzez_total_property_views":["129"],"houzez_views_by_date":["a:59:{s:10:\"03-02-2026\";i:2;s:10:\"03-03-2026\";i:2;s:10:\"03-04-2026\";i:2;s:10:\"03-05-2026\";i:3;s:10:\"03-06-2026\";i:2;s:10:\"03-07-2026\";i:1;s:10:\"03-08-2026\";i:3;s:10:\"03-09-2026\";i:1;s:10:\"03-10-2026\";i:4;s:10:\"03-11-2026\";i:2;s:10:\"03-12-2026\";i:2;s:10:\"03-13-2026\";i:3;s:10:\"03-14-2026\";i:2;s:10:\"03-15-2026\";i:1;s:10:\"03-16-2026\";i:2;s:10:\"03-17-2026\";i:3;s:10:\"03-18-2026\";i:2;s:10:\"03-19-2026\";i:3;s:10:\"03-20-2026\";i:3;s:10:\"03-21-2026\";i:2;s:10:\"03-22-2026\";i:1;s:10:\"03-23-2026\";i:2;s:10:\"03-24-2026\";i:2;s:10:\"03-25-2026\";i:3;s:10:\"03-26-2026\";i:2;s:10:\"03-27-2026\";i:1;s:10:\"03-28-2026\";i:3;s:10:\"03-29-2026\";i:3;s:10:\"03-30-2026\";i:2;s:10:\"03-31-2026\";i:5;s:10:\"04-01-2026\";i:2;s:10:\"04-02-2026\";i:2;s:10:\"04-03-2026\";i:1;s:10:\"04-04-2026\";i:2;s:10:\"04-05-2026\";i:1;s:10:\"04-06-2026\";i:3;s:10:\"04-07-2026\";i:1;s:10:\"04-08-2026\";i:1;s:10:\"04-09-2026\";i:4;s:10:\"04-10-2026\";i:1;s:10:\"04-11-2026\";i:2;s:10:\"04-12-2026\";i:1;s:10:\"04-13-2026\";i:3;s:10:\"04-15-2026\";i:4;s:10:\"04-16-2026\";i:1;s:10:\"04-17-2026\";i:2;s:10:\"04-18-2026\";i:1;s:10:\"04-19-2026\";i:2;s:10:\"04-20-2026\";i:1;s:10:\"04-21-2026\";i:4;s:10:\"04-22-2026\";i:2;s:10:\"04-23-2026\";i:2;s:10:\"04-24-2026\";i:3;s:10:\"04-25-2026\";i:1;s:10:\"04-26-2026\";i:3;s:10:\"04-27-2026\";i:1;s:10:\"04-28-2026\";i:4;s:10:\"04-29-2026\";i:1;s:10:\"04-30-2026\";i:4;}"],"houzez_recently_viewed":["2026-04-30 20:22:26"],"_elementor_page_assets":["a:0:{}"]},"yoast_head":"<!-- This site is optimized with the Yoast SEO plugin v27.5 - https:\/\/yoast.com\/product\/yoast-seo-wordpress\/ -->\n<title>Un llen\u00e7 en blanc amb potencial: Casa amb estudi independent per renovar en parcel\u00b7la r\u00fastica - RE\/MAX Drac<\/title>\n<meta name=\"robots\" content=\"index, follow, max-snippet:-1, max-image-preview:large, max-video-preview:-1\" \/>\n<link rel=\"canonical\" href=\"https:\/\/www.santanyi.net\/ca\/property\/un-llenc-en-blanc-amb-potencial-casa-amb-estudi-independent-per-renovar-en-parcel%c2%b7la-rustica\/\" \/>\n<meta property=\"og:locale\" content=\"ca_ES\" \/>\n<meta property=\"og:type\" content=\"article\" \/>\n<meta property=\"og:title\" content=\"Un llen\u00e7 en blanc amb potencial: Casa amb estudi independent per renovar en parcel\u00b7la r\u00fastica - RE\/MAX Drac\" \/>\n<meta property=\"og:description\" content=\"Descobreixi el potencial d&#8217;aquesta propietat \u00fanica en una parcel\u00b7la r\u00fastica de 559 m\u00b2, una oportunitat excepcional per a aquells que busquen un projecte de renovaci\u00f3 amb una base s\u00f2lida. Amb 87 m\u00b2 constru\u00efts, l&#8217;habitatge principal, edificat el 1976, es distribueix en una sola planta, oferint un llen\u00e7 en blanc per crear la llar dels seus [&hellip;]\" \/>\n<meta property=\"og:url\" content=\"https:\/\/www.santanyi.net\/ca\/property\/un-llenc-en-blanc-amb-potencial-casa-amb-estudi-independent-per-renovar-en-parcel%c2%b7la-rustica\/\" \/>\n<meta property=\"og:site_name\" content=\"RE\/MAX Drac\" \/>\n<meta name=\"twitter:card\" content=\"summary_large_image\" \/>\n<meta name=\"twitter:label1\" content=\"Temps estimat de lectura\" \/>\n\t<meta name=\"twitter:data1\" content=\"2 minuts\" \/>\n<script type=\"application\/ld+json\" class=\"yoast-schema-graph\">{\"@context\":\"https:\\\/\\\/schema.org\",\"@graph\":[{\"@type\":\"WebPage\",\"@id\":\"https:\\\/\\\/www.santanyi.net\\\/ca\\\/property\\\/un-llenc-en-blanc-amb-potencial-casa-amb-estudi-independent-per-renovar-en-parcel%c2%b7la-rustica\\\/\",\"url\":\"https:\\\/\\\/www.santanyi.net\\\/ca\\\/property\\\/un-llenc-en-blanc-amb-potencial-casa-amb-estudi-independent-per-renovar-en-parcel%c2%b7la-rustica\\\/\",\"name\":\"Un llen\u00e7 en blanc amb potencial: Casa amb estudi independent per renovar en parcel\u00b7la r\u00fastica - RE\\\/MAX Drac\",\"isPartOf\":{\"@id\":\"https:\\\/\\\/www.santanyi.net\\\/ca\\\/#website\"},\"datePublished\":\"2026-03-02T02:31:21+00:00\",\"breadcrumb\":{\"@id\":\"https:\\\/\\\/www.santanyi.net\\\/ca\\\/property\\\/un-llenc-en-blanc-amb-potencial-casa-amb-estudi-independent-per-renovar-en-parcel%c2%b7la-rustica\\\/#breadcrumb\"},\"inLanguage\":\"ca\",\"potentialAction\":[{\"@type\":\"ReadAction\",\"target\":[\"https:\\\/\\\/www.santanyi.net\\\/ca\\\/property\\\/un-llenc-en-blanc-amb-potencial-casa-amb-estudi-independent-per-renovar-en-parcel%c2%b7la-rustica\\\/\"]}]},{\"@type\":\"BreadcrumbList\",\"@id\":\"https:\\\/\\\/www.santanyi.net\\\/ca\\\/property\\\/un-llenc-en-blanc-amb-potencial-casa-amb-estudi-independent-per-renovar-en-parcel%c2%b7la-rustica\\\/#breadcrumb\",\"itemListElement\":[{\"@type\":\"ListItem\",\"position\":1,\"name\":\"Home\",\"item\":\"https:\\\/\\\/www.santanyi.net\\\/ca\\\/\"},{\"@type\":\"ListItem\",\"position\":2,\"name\":\"Properties\",\"item\":\"https:\\\/\\\/www.santanyi.net\\\/ca\\\/property\\\/\"},{\"@type\":\"ListItem\",\"position\":3,\"name\":\"Un llen\u00e7 en blanc amb potencial: Casa amb estudi independent per renovar en parcel\u00b7la r\u00fastica\"}]},{\"@type\":\"WebSite\",\"@id\":\"https:\\\/\\\/www.santanyi.net\\\/ca\\\/#website\",\"url\":\"https:\\\/\\\/www.santanyi.net\\\/ca\\\/\",\"name\":\"RE\\\/MAX Drac\",\"description\":\"\",\"publisher\":{\"@id\":\"https:\\\/\\\/www.santanyi.net\\\/ca\\\/#organization\"},\"potentialAction\":[{\"@type\":\"SearchAction\",\"target\":{\"@type\":\"EntryPoint\",\"urlTemplate\":\"https:\\\/\\\/www.santanyi.net\\\/ca\\\/?s={search_term_string}\"},\"query-input\":{\"@type\":\"PropertyValueSpecification\",\"valueRequired\":true,\"valueName\":\"search_term_string\"}}],\"inLanguage\":\"ca\"},{\"@type\":\"Organization\",\"@id\":\"https:\\\/\\\/www.santanyi.net\\\/ca\\\/#organization\",\"name\":\"RE\\\/MAX Drac\",\"url\":\"https:\\\/\\\/www.santanyi.net\\\/ca\\\/\",\"logo\":{\"@type\":\"ImageObject\",\"inLanguage\":\"ca\",\"@id\":\"https:\\\/\\\/www.santanyi.net\\\/ca\\\/#\\\/schema\\\/logo\\\/image\\\/\",\"url\":\"https:\\\/\\\/www.santanyi.net\\\/wp-content\\\/uploads\\\/2025\\\/07\\\/logo-nuevo.png\",\"contentUrl\":\"https:\\\/\\\/www.santanyi.net\\\/wp-content\\\/uploads\\\/2025\\\/07\\\/logo-nuevo.png\",\"width\":295,\"height\":165,\"caption\":\"RE\\\/MAX Drac\"},\"image\":{\"@id\":\"https:\\\/\\\/www.santanyi.net\\\/ca\\\/#\\\/schema\\\/logo\\\/image\\\/\"}}]}<\/script>\n<!-- \/ Yoast SEO plugin. -->","yoast_head_json":{"title":"Un llen\u00e7 en blanc amb potencial: Casa amb estudi independent per renovar en parcel\u00b7la r\u00fastica - RE\/MAX Drac","robots":{"index":"index","follow":"follow","max-snippet":"max-snippet:-1","max-image-preview":"max-image-preview:large","max-video-preview":"max-video-preview:-1"},"canonical":"https:\/\/www.santanyi.net\/ca\/property\/un-llenc-en-blanc-amb-potencial-casa-amb-estudi-independent-per-renovar-en-parcel%c2%b7la-rustica\/","og_locale":"ca_ES","og_type":"article","og_title":"Un llen\u00e7 en blanc amb potencial: Casa amb estudi independent per renovar en parcel\u00b7la r\u00fastica - RE\/MAX Drac","og_description":"Descobreixi el potencial d&#8217;aquesta propietat \u00fanica en una parcel\u00b7la r\u00fastica de 559 m\u00b2, una oportunitat excepcional per a aquells que busquen un projecte de renovaci\u00f3 amb una base s\u00f2lida. Amb 87 m\u00b2 constru\u00efts, l&#8217;habitatge principal, edificat el 1976, es distribueix en una sola planta, oferint un llen\u00e7 en blanc per crear la llar dels seus [&hellip;]","og_url":"https:\/\/www.santanyi.net\/ca\/property\/un-llenc-en-blanc-amb-potencial-casa-amb-estudi-independent-per-renovar-en-parcel%c2%b7la-rustica\/","og_site_name":"RE\/MAX Drac","twitter_card":"summary_large_image","twitter_misc":{"Temps estimat de lectura":"2 minuts"},"schema":{"@context":"https:\/\/schema.org","@graph":[{"@type":"WebPage","@id":"https:\/\/www.santanyi.net\/ca\/property\/un-llenc-en-blanc-amb-potencial-casa-amb-estudi-independent-per-renovar-en-parcel%c2%b7la-rustica\/","url":"https:\/\/www.santanyi.net\/ca\/property\/un-llenc-en-blanc-amb-potencial-casa-amb-estudi-independent-per-renovar-en-parcel%c2%b7la-rustica\/","name":"Un llen\u00e7 en blanc amb potencial: Casa amb estudi independent per renovar en parcel\u00b7la r\u00fastica - RE\/MAX Drac","isPartOf":{"@id":"https:\/\/www.santanyi.net\/ca\/#website"},"datePublished":"2026-03-02T02:31:21+00:00","breadcrumb":{"@id":"https:\/\/www.santanyi.net\/ca\/property\/un-llenc-en-blanc-amb-potencial-casa-amb-estudi-independent-per-renovar-en-parcel%c2%b7la-rustica\/#breadcrumb"},"inLanguage":"ca","potentialAction":[{"@type":"ReadAction","target":["https:\/\/www.santanyi.net\/ca\/property\/un-llenc-en-blanc-amb-potencial-casa-amb-estudi-independent-per-renovar-en-parcel%c2%b7la-rustica\/"]}]},{"@type":"BreadcrumbList","@id":"https:\/\/www.santanyi.net\/ca\/property\/un-llenc-en-blanc-amb-potencial-casa-amb-estudi-independent-per-renovar-en-parcel%c2%b7la-rustica\/#breadcrumb","itemListElement":[{"@type":"ListItem","position":1,"name":"Home","item":"https:\/\/www.santanyi.net\/ca\/"},{"@type":"ListItem","position":2,"name":"Properties","item":"https:\/\/www.santanyi.net\/ca\/property\/"},{"@type":"ListItem","position":3,"name":"Un llen\u00e7 en blanc amb potencial: Casa amb estudi independent per renovar en parcel\u00b7la r\u00fastica"}]},{"@type":"WebSite","@id":"https:\/\/www.santanyi.net\/ca\/#website","url":"https:\/\/www.santanyi.net\/ca\/","name":"RE\/MAX Drac","description":"","publisher":{"@id":"https:\/\/www.santanyi.net\/ca\/#organization"},"potentialAction":[{"@type":"SearchAction","target":{"@type":"EntryPoint","urlTemplate":"https:\/\/www.santanyi.net\/ca\/?s={search_term_string}"},"query-input":{"@type":"PropertyValueSpecification","valueRequired":true,"valueName":"search_term_string"}}],"inLanguage":"ca"},{"@type":"Organization","@id":"https:\/\/www.santanyi.net\/ca\/#organization","name":"RE\/MAX Drac","url":"https:\/\/www.santanyi.net\/ca\/","logo":{"@type":"ImageObject","inLanguage":"ca","@id":"https:\/\/www.santanyi.net\/ca\/#\/schema\/logo\/image\/","url":"https:\/\/www.santanyi.net\/wp-content\/uploads\/2025\/07\/logo-nuevo.png","contentUrl":"https:\/\/www.santanyi.net\/wp-content\/uploads\/2025\/07\/logo-nuevo.png","width":295,"height":165,"caption":"RE\/MAX Drac"},"image":{"@id":"https:\/\/www.santanyi.net\/ca\/#\/schema\/logo\/image\/"}}]}},"_links":{"self":[{"href":"https:\/\/www.santanyi.net\/ca\/wp-json\/wp\/v2\/properties\/140990","targetHints":{"allow":["GET"]}}],"collection":[{"href":"https:\/\/www.santanyi.net\/ca\/wp-json\/wp\/v2\/properties"}],"about":[{"href":"https:\/\/www.santanyi.net\/ca\/wp-json\/wp\/v2\/types\/property"}],"version-history":[{"count":0,"href":"https:\/\/www.santanyi.net\/ca\/wp-json\/wp\/v2\/properties\/140990\/revisions"}],"wp:attachment":[{"href":"https:\/\/www.santanyi.net\/ca\/wp-json\/wp\/v2\/media?parent=140990"}],"wp:term":[{"taxonomy":"property_type","embeddable":true,"href":"https:\/\/www.santanyi.net\/ca\/wp-json\/wp\/v2\/property_type?post=140990"},{"taxonomy":"property_status","embeddable":true,"href":"https:\/\/www.santanyi.net\/ca\/wp-json\/wp\/v2\/property_status?post=140990"},{"taxonomy":"property_feature","embeddable":true,"href":"https:\/\/www.santanyi.net\/ca\/wp-json\/wp\/v2\/property_feature?post=140990"},{"taxonomy":"property_label","embeddable":true,"href":"https:\/\/www.santanyi.net\/ca\/wp-json\/wp\/v2\/property_label?post=140990"},{"taxonomy":"property_country","embeddable":true,"href":"https:\/\/www.santanyi.net\/ca\/wp-json\/wp\/v2\/property_country?post=140990"},{"taxonomy":"property_state","embeddable":true,"href":"https:\/\/www.santanyi.net\/ca\/wp-json\/wp\/v2\/property_state?post=140990"},{"taxonomy":"property_city","embeddable":true,"href":"https:\/\/www.santanyi.net\/ca\/wp-json\/wp\/v2\/property_city?post=140990"},{"taxonomy":"property_area","embeddable":true,"href":"https:\/\/www.santanyi.net\/ca\/wp-json\/wp\/v2\/property_area?post=140990"}],"curies":[{"name":"wp","href":"https:\/\/api.w.org\/{rel}","templated":true}]}}