
{"id":137567,"date":"2026-02-22T02:25:06","date_gmt":"2026-02-22T02:25:06","guid":{"rendered":"https:\/\/www.santanyi.net\/property\/finca-minimalista-contemporania-vida-eco-luxe-i-tecnologia-per-a-la-llar-intel%c2%b7ligent-al-parc-natural-de-mondrago\/"},"modified":"2026-02-22T02:25:06","modified_gmt":"2026-02-22T02:25:06","slug":"finca-minimalista-contemporania-vida-eco-luxe-i-tecnologia-per-a-la-llar-intel%c2%b7ligent-al-parc-natural-de-mondrago","status":"publish","type":"property","link":"https:\/\/www.santanyi.net\/ca\/property\/finca-minimalista-contemporania-vida-eco-luxe-i-tecnologia-per-a-la-llar-intel%c2%b7ligent-al-parc-natural-de-mondrago\/","title":{"rendered":"Finca Minimalista Contempor\u00e0nia \u2014 Vida Eco-Luxe i Tecnologia per a la Llar Intel\u00b7ligent al Parc Natural de Mondrag\u00f3"},"content":{"rendered":"<p>Presentem una finca de nova construcci\u00f3 amb un disseny minimalista que combina l&#8217;arquitectura contempor\u00e0nia amb l\u00ednies netes i un entorn natural id\u00edl\u00b7lic. Estrat\u00e8gicament situada entre Santany\u00ed i s&#8217;Alqueria Blanca, la propietat es troba a nom\u00e9s 200 metres del prestigi\u00f3s Parc Natural de Mondrag\u00f3, garantint una atmosfera inigualable de pau i proximitat a les platges m\u00e9s verges de la costa sud-est de Mallorca.~La parcel\u00b7la t\u00e9 una superf\u00edcie de 18.379 m\u00b2 amb una topografia suau, adornada amb vegetaci\u00f3 aut\u00f2ctona.~La resid\u00e8ncia es distribueix en dues plantes m\u00e9s un soterrani, amb una superf\u00edcie total constru\u00efda de 648 m\u00b2 i una distribuci\u00f3 funcional per\u00f2 luxosa.~A la planta principal, amb la seva impressionant entrada a doble al\u00e7ada, hi ha una sala d&#8217;estar i menjador de 65 m\u00b2 amb acc\u00e9s directe al porxo cobert de 37 m\u00b2, una cuina de 33 m\u00b2, un despatx-sala de lectura, una habitaci\u00f3 doble i dos banys complets.~La planta inferior disposa de tres habitacions dobles, dues de les quals tenen acc\u00e9s a terrasses privades que sumen un total de 70 m\u00b2, i tres banys complets.~El soterrani de 152 m\u00b2 \u00e9s un espai vers\u00e0til per al benestar i el servei, que inclou una sala de m\u00e0quines, sala de fitness, sala de jocs, celler, traster i bany.~L&#8217;exterior \u00e9s un oasi dissenyat per a l&#8217;oci i el gaudi, amb una piscina de 15 x 4,5 metres que s&#8217;integra perfectament en el paisatge, i una caseta de piscina de 40 m\u00b2 amb porxo, cuina d&#8217;estiu totalment equipada i bany-dutxa, ideal per a l&#8217;entreteniment.~Finalment, hi ha un garatge cobert de 60 m\u00b2 amb capacitat per a dos vehicles.~Aquesta propietat destaca pel seu equipament d&#8217;avantguarda i l&#8217;enfocament en l&#8217;efici\u00e8ncia:~Calefacci\u00f3 per terra radiant i aire condicionat a totes les habitacions, incl\u00f2s el soterrani, alimentat per una bomba de calor eficient.~Sistema dom\u00f2tic avan\u00e7at amb una configuraci\u00f3 KNX completa per a la gesti\u00f3 centralitzada de la il\u00b7luminaci\u00f3, el clima i la seguretat.~Instal\u00b7laci\u00f3 el\u00e8ctrica connectada a Gesa Endesa, complementada per un sistema de panells solars (25 kWh).~Aigua&#8230;~<\/p>\n","protected":false},"excerpt":{"rendered":"<p>Presentem una finca de nova construcci\u00f3 amb un disseny minimalista que combina l&#8217;arquitectura contempor\u00e0nia amb l\u00ednies netes i un entorn natural id\u00edl\u00b7lic. Estrat\u00e8gicament situada entre Santany\u00ed i s&#8217;Alqueria Blanca, la propietat es troba a nom\u00e9s 200 metres del prestigi\u00f3s Parc Natural de Mondrag\u00f3, garantint una atmosfera inigualable de pau i proximitat a les platges m\u00e9s [&hellip;]<\/p>\n","protected":false},"author":0,"featured_media":0,"parent":0,"menu_order":0,"template":"","property_type":[],"property_status":[],"property_feature":[1810],"property_label":[],"property_country":[],"property_state":[],"property_city":[],"property_area":[],"class_list":["post-137567","property","type-property","status-publish","hentry","property_feature-parking-ca"],"acf":[],"property_meta":{"_apg_property_user_edited":["1"],"_wpml_word_count":["368"],"_eael_post_view_count":["114"],"houzez_total_property_views":["112"],"houzez_views_by_date":["a:61:{s:10:\"03-01-2026\";i:3;s:10:\"03-02-2026\";i:1;s:10:\"03-03-2026\";i:1;s:10:\"03-04-2026\";i:2;s:10:\"03-05-2026\";i:1;s:10:\"03-06-2026\";i:2;s:10:\"03-07-2026\";i:1;s:10:\"03-08-2026\";i:2;s:10:\"03-09-2026\";i:2;s:10:\"03-10-2026\";i:2;s:10:\"03-11-2026\";i:1;s:10:\"03-12-2026\";i:2;s:10:\"03-13-2026\";i:1;s:10:\"03-14-2026\";i:2;s:10:\"03-15-2026\";i:2;s:10:\"03-16-2026\";i:2;s:10:\"03-17-2026\";i:1;s:10:\"03-18-2026\";i:3;s:10:\"03-19-2026\";i:1;s:10:\"03-20-2026\";i:2;s:10:\"03-21-2026\";i:1;s:10:\"03-22-2026\";i:1;s:10:\"03-23-2026\";i:2;s:10:\"03-24-2026\";i:1;s:10:\"03-25-2026\";i:2;s:10:\"03-26-2026\";i:2;s:10:\"03-27-2026\";i:1;s:10:\"03-28-2026\";i:1;s:10:\"03-29-2026\";i:2;s:10:\"03-30-2026\";i:1;s:10:\"03-31-2026\";i:2;s:10:\"04-01-2026\";i:1;s:10:\"04-02-2026\";i:2;s:10:\"04-03-2026\";i:1;s:10:\"04-04-2026\";i:2;s:10:\"04-05-2026\";i:1;s:10:\"04-06-2026\";i:3;s:10:\"04-07-2026\";i:1;s:10:\"04-08-2026\";i:2;s:10:\"04-09-2026\";i:1;s:10:\"04-10-2026\";i:1;s:10:\"04-11-2026\";i:2;s:10:\"04-12-2026\";i:1;s:10:\"04-13-2026\";i:1;s:10:\"04-15-2026\";i:2;s:10:\"04-16-2026\";i:1;s:10:\"04-17-2026\";i:4;s:10:\"04-18-2026\";i:2;s:10:\"04-19-2026\";i:2;s:10:\"04-20-2026\";i:1;s:10:\"04-21-2026\";i:5;s:10:\"04-22-2026\";i:1;s:10:\"04-23-2026\";i:2;s:10:\"04-24-2026\";i:1;s:10:\"04-25-2026\";i:1;s:10:\"04-26-2026\";i:3;s:10:\"04-27-2026\";i:1;s:10:\"04-28-2026\";i:2;s:10:\"04-29-2026\";i:1;s:10:\"04-30-2026\";i:3;s:10:\"05-01-2026\";i:1;}"],"houzez_recently_viewed":["2026-05-01 13:00:37"],"_elementor_page_assets":["a:0:{}"]},"yoast_head":"<!-- This site is optimized with the Yoast SEO plugin v27.5 - https:\/\/yoast.com\/product\/yoast-seo-wordpress\/ -->\n<title>Finca Minimalista Contempor\u00e0nia \u2014 Vida Eco-Luxe i Tecnologia per a la Llar Intel\u00b7ligent al Parc Natural de Mondrag\u00f3 - RE\/MAX Drac<\/title>\n<meta name=\"robots\" content=\"index, follow, max-snippet:-1, max-image-preview:large, max-video-preview:-1\" \/>\n<link rel=\"canonical\" href=\"https:\/\/www.santanyi.net\/ca\/property\/finca-minimalista-contemporania-vida-eco-luxe-i-tecnologia-per-a-la-llar-intel%c2%b7ligent-al-parc-natural-de-mondrago\/\" \/>\n<meta property=\"og:locale\" content=\"ca_ES\" \/>\n<meta property=\"og:type\" content=\"article\" \/>\n<meta property=\"og:title\" content=\"Finca Minimalista Contempor\u00e0nia \u2014 Vida Eco-Luxe i Tecnologia per a la Llar Intel\u00b7ligent al Parc Natural de Mondrag\u00f3 - RE\/MAX Drac\" \/>\n<meta property=\"og:description\" content=\"Presentem una finca de nova construcci\u00f3 amb un disseny minimalista que combina l&#8217;arquitectura contempor\u00e0nia amb l\u00ednies netes i un entorn natural id\u00edl\u00b7lic. Estrat\u00e8gicament situada entre Santany\u00ed i s&#8217;Alqueria Blanca, la propietat es troba a nom\u00e9s 200 metres del prestigi\u00f3s Parc Natural de Mondrag\u00f3, garantint una atmosfera inigualable de pau i proximitat a les platges m\u00e9s [&hellip;]\" \/>\n<meta property=\"og:url\" content=\"https:\/\/www.santanyi.net\/ca\/property\/finca-minimalista-contemporania-vida-eco-luxe-i-tecnologia-per-a-la-llar-intel%c2%b7ligent-al-parc-natural-de-mondrago\/\" \/>\n<meta property=\"og:site_name\" content=\"RE\/MAX Drac\" \/>\n<meta name=\"twitter:card\" content=\"summary_large_image\" \/>\n<meta name=\"twitter:label1\" content=\"Temps estimat de lectura\" \/>\n\t<meta name=\"twitter:data1\" content=\"2 minuts\" \/>\n<script type=\"application\/ld+json\" class=\"yoast-schema-graph\">{\"@context\":\"https:\\\/\\\/schema.org\",\"@graph\":[{\"@type\":\"WebPage\",\"@id\":\"https:\\\/\\\/www.santanyi.net\\\/ca\\\/property\\\/finca-minimalista-contemporania-vida-eco-luxe-i-tecnologia-per-a-la-llar-intel%c2%b7ligent-al-parc-natural-de-mondrago\\\/\",\"url\":\"https:\\\/\\\/www.santanyi.net\\\/ca\\\/property\\\/finca-minimalista-contemporania-vida-eco-luxe-i-tecnologia-per-a-la-llar-intel%c2%b7ligent-al-parc-natural-de-mondrago\\\/\",\"name\":\"Finca Minimalista Contempor\u00e0nia \u2014 Vida Eco-Luxe i Tecnologia per a la Llar Intel\u00b7ligent al Parc Natural de Mondrag\u00f3 - RE\\\/MAX Drac\",\"isPartOf\":{\"@id\":\"https:\\\/\\\/www.santanyi.net\\\/ca\\\/#website\"},\"datePublished\":\"2026-02-22T02:25:06+00:00\",\"breadcrumb\":{\"@id\":\"https:\\\/\\\/www.santanyi.net\\\/ca\\\/property\\\/finca-minimalista-contemporania-vida-eco-luxe-i-tecnologia-per-a-la-llar-intel%c2%b7ligent-al-parc-natural-de-mondrago\\\/#breadcrumb\"},\"inLanguage\":\"ca\",\"potentialAction\":[{\"@type\":\"ReadAction\",\"target\":[\"https:\\\/\\\/www.santanyi.net\\\/ca\\\/property\\\/finca-minimalista-contemporania-vida-eco-luxe-i-tecnologia-per-a-la-llar-intel%c2%b7ligent-al-parc-natural-de-mondrago\\\/\"]}]},{\"@type\":\"BreadcrumbList\",\"@id\":\"https:\\\/\\\/www.santanyi.net\\\/ca\\\/property\\\/finca-minimalista-contemporania-vida-eco-luxe-i-tecnologia-per-a-la-llar-intel%c2%b7ligent-al-parc-natural-de-mondrago\\\/#breadcrumb\",\"itemListElement\":[{\"@type\":\"ListItem\",\"position\":1,\"name\":\"Home\",\"item\":\"https:\\\/\\\/www.santanyi.net\\\/ca\\\/\"},{\"@type\":\"ListItem\",\"position\":2,\"name\":\"Properties\",\"item\":\"https:\\\/\\\/www.santanyi.net\\\/ca\\\/property\\\/\"},{\"@type\":\"ListItem\",\"position\":3,\"name\":\"Finca Minimalista Contempor\u00e0nia \u2014 Vida Eco-Luxe i Tecnologia per a la Llar Intel\u00b7ligent al Parc Natural de Mondrag\u00f3\"}]},{\"@type\":\"WebSite\",\"@id\":\"https:\\\/\\\/www.santanyi.net\\\/ca\\\/#website\",\"url\":\"https:\\\/\\\/www.santanyi.net\\\/ca\\\/\",\"name\":\"RE\\\/MAX Drac\",\"description\":\"\",\"publisher\":{\"@id\":\"https:\\\/\\\/www.santanyi.net\\\/ca\\\/#organization\"},\"potentialAction\":[{\"@type\":\"SearchAction\",\"target\":{\"@type\":\"EntryPoint\",\"urlTemplate\":\"https:\\\/\\\/www.santanyi.net\\\/ca\\\/?s={search_term_string}\"},\"query-input\":{\"@type\":\"PropertyValueSpecification\",\"valueRequired\":true,\"valueName\":\"search_term_string\"}}],\"inLanguage\":\"ca\"},{\"@type\":\"Organization\",\"@id\":\"https:\\\/\\\/www.santanyi.net\\\/ca\\\/#organization\",\"name\":\"RE\\\/MAX Drac\",\"url\":\"https:\\\/\\\/www.santanyi.net\\\/ca\\\/\",\"logo\":{\"@type\":\"ImageObject\",\"inLanguage\":\"ca\",\"@id\":\"https:\\\/\\\/www.santanyi.net\\\/ca\\\/#\\\/schema\\\/logo\\\/image\\\/\",\"url\":\"https:\\\/\\\/www.santanyi.net\\\/wp-content\\\/uploads\\\/2025\\\/07\\\/logo-nuevo.png\",\"contentUrl\":\"https:\\\/\\\/www.santanyi.net\\\/wp-content\\\/uploads\\\/2025\\\/07\\\/logo-nuevo.png\",\"width\":295,\"height\":165,\"caption\":\"RE\\\/MAX Drac\"},\"image\":{\"@id\":\"https:\\\/\\\/www.santanyi.net\\\/ca\\\/#\\\/schema\\\/logo\\\/image\\\/\"}}]}<\/script>\n<!-- \/ Yoast SEO plugin. -->","yoast_head_json":{"title":"Finca Minimalista Contempor\u00e0nia \u2014 Vida Eco-Luxe i Tecnologia per a la Llar Intel\u00b7ligent al Parc Natural de Mondrag\u00f3 - RE\/MAX Drac","robots":{"index":"index","follow":"follow","max-snippet":"max-snippet:-1","max-image-preview":"max-image-preview:large","max-video-preview":"max-video-preview:-1"},"canonical":"https:\/\/www.santanyi.net\/ca\/property\/finca-minimalista-contemporania-vida-eco-luxe-i-tecnologia-per-a-la-llar-intel%c2%b7ligent-al-parc-natural-de-mondrago\/","og_locale":"ca_ES","og_type":"article","og_title":"Finca Minimalista Contempor\u00e0nia \u2014 Vida Eco-Luxe i Tecnologia per a la Llar Intel\u00b7ligent al Parc Natural de Mondrag\u00f3 - RE\/MAX Drac","og_description":"Presentem una finca de nova construcci\u00f3 amb un disseny minimalista que combina l&#8217;arquitectura contempor\u00e0nia amb l\u00ednies netes i un entorn natural id\u00edl\u00b7lic. Estrat\u00e8gicament situada entre Santany\u00ed i s&#8217;Alqueria Blanca, la propietat es troba a nom\u00e9s 200 metres del prestigi\u00f3s Parc Natural de Mondrag\u00f3, garantint una atmosfera inigualable de pau i proximitat a les platges m\u00e9s [&hellip;]","og_url":"https:\/\/www.santanyi.net\/ca\/property\/finca-minimalista-contemporania-vida-eco-luxe-i-tecnologia-per-a-la-llar-intel%c2%b7ligent-al-parc-natural-de-mondrago\/","og_site_name":"RE\/MAX Drac","twitter_card":"summary_large_image","twitter_misc":{"Temps estimat de lectura":"2 minuts"},"schema":{"@context":"https:\/\/schema.org","@graph":[{"@type":"WebPage","@id":"https:\/\/www.santanyi.net\/ca\/property\/finca-minimalista-contemporania-vida-eco-luxe-i-tecnologia-per-a-la-llar-intel%c2%b7ligent-al-parc-natural-de-mondrago\/","url":"https:\/\/www.santanyi.net\/ca\/property\/finca-minimalista-contemporania-vida-eco-luxe-i-tecnologia-per-a-la-llar-intel%c2%b7ligent-al-parc-natural-de-mondrago\/","name":"Finca Minimalista Contempor\u00e0nia \u2014 Vida Eco-Luxe i Tecnologia per a la Llar Intel\u00b7ligent al Parc Natural de Mondrag\u00f3 - RE\/MAX Drac","isPartOf":{"@id":"https:\/\/www.santanyi.net\/ca\/#website"},"datePublished":"2026-02-22T02:25:06+00:00","breadcrumb":{"@id":"https:\/\/www.santanyi.net\/ca\/property\/finca-minimalista-contemporania-vida-eco-luxe-i-tecnologia-per-a-la-llar-intel%c2%b7ligent-al-parc-natural-de-mondrago\/#breadcrumb"},"inLanguage":"ca","potentialAction":[{"@type":"ReadAction","target":["https:\/\/www.santanyi.net\/ca\/property\/finca-minimalista-contemporania-vida-eco-luxe-i-tecnologia-per-a-la-llar-intel%c2%b7ligent-al-parc-natural-de-mondrago\/"]}]},{"@type":"BreadcrumbList","@id":"https:\/\/www.santanyi.net\/ca\/property\/finca-minimalista-contemporania-vida-eco-luxe-i-tecnologia-per-a-la-llar-intel%c2%b7ligent-al-parc-natural-de-mondrago\/#breadcrumb","itemListElement":[{"@type":"ListItem","position":1,"name":"Home","item":"https:\/\/www.santanyi.net\/ca\/"},{"@type":"ListItem","position":2,"name":"Properties","item":"https:\/\/www.santanyi.net\/ca\/property\/"},{"@type":"ListItem","position":3,"name":"Finca Minimalista Contempor\u00e0nia \u2014 Vida Eco-Luxe i Tecnologia per a la Llar Intel\u00b7ligent al Parc Natural de Mondrag\u00f3"}]},{"@type":"WebSite","@id":"https:\/\/www.santanyi.net\/ca\/#website","url":"https:\/\/www.santanyi.net\/ca\/","name":"RE\/MAX Drac","description":"","publisher":{"@id":"https:\/\/www.santanyi.net\/ca\/#organization"},"potentialAction":[{"@type":"SearchAction","target":{"@type":"EntryPoint","urlTemplate":"https:\/\/www.santanyi.net\/ca\/?s={search_term_string}"},"query-input":{"@type":"PropertyValueSpecification","valueRequired":true,"valueName":"search_term_string"}}],"inLanguage":"ca"},{"@type":"Organization","@id":"https:\/\/www.santanyi.net\/ca\/#organization","name":"RE\/MAX Drac","url":"https:\/\/www.santanyi.net\/ca\/","logo":{"@type":"ImageObject","inLanguage":"ca","@id":"https:\/\/www.santanyi.net\/ca\/#\/schema\/logo\/image\/","url":"https:\/\/www.santanyi.net\/wp-content\/uploads\/2025\/07\/logo-nuevo.png","contentUrl":"https:\/\/www.santanyi.net\/wp-content\/uploads\/2025\/07\/logo-nuevo.png","width":295,"height":165,"caption":"RE\/MAX Drac"},"image":{"@id":"https:\/\/www.santanyi.net\/ca\/#\/schema\/logo\/image\/"}}]}},"_links":{"self":[{"href":"https:\/\/www.santanyi.net\/ca\/wp-json\/wp\/v2\/properties\/137567","targetHints":{"allow":["GET"]}}],"collection":[{"href":"https:\/\/www.santanyi.net\/ca\/wp-json\/wp\/v2\/properties"}],"about":[{"href":"https:\/\/www.santanyi.net\/ca\/wp-json\/wp\/v2\/types\/property"}],"version-history":[{"count":0,"href":"https:\/\/www.santanyi.net\/ca\/wp-json\/wp\/v2\/properties\/137567\/revisions"}],"wp:attachment":[{"href":"https:\/\/www.santanyi.net\/ca\/wp-json\/wp\/v2\/media?parent=137567"}],"wp:term":[{"taxonomy":"property_type","embeddable":true,"href":"https:\/\/www.santanyi.net\/ca\/wp-json\/wp\/v2\/property_type?post=137567"},{"taxonomy":"property_status","embeddable":true,"href":"https:\/\/www.santanyi.net\/ca\/wp-json\/wp\/v2\/property_status?post=137567"},{"taxonomy":"property_feature","embeddable":true,"href":"https:\/\/www.santanyi.net\/ca\/wp-json\/wp\/v2\/property_feature?post=137567"},{"taxonomy":"property_label","embeddable":true,"href":"https:\/\/www.santanyi.net\/ca\/wp-json\/wp\/v2\/property_label?post=137567"},{"taxonomy":"property_country","embeddable":true,"href":"https:\/\/www.santanyi.net\/ca\/wp-json\/wp\/v2\/property_country?post=137567"},{"taxonomy":"property_state","embeddable":true,"href":"https:\/\/www.santanyi.net\/ca\/wp-json\/wp\/v2\/property_state?post=137567"},{"taxonomy":"property_city","embeddable":true,"href":"https:\/\/www.santanyi.net\/ca\/wp-json\/wp\/v2\/property_city?post=137567"},{"taxonomy":"property_area","embeddable":true,"href":"https:\/\/www.santanyi.net\/ca\/wp-json\/wp\/v2\/property_area?post=137567"}],"curies":[{"name":"wp","href":"https:\/\/api.w.org\/{rel}","templated":true}]}}