
{"id":8109,"date":"2025-08-21T07:41:51","date_gmt":"2025-08-21T07:41:51","guid":{"rendered":"https:\/\/www.santanyi.net\/comprar\/solars\/"},"modified":"2025-11-19T11:34:08","modified_gmt":"2025-11-19T11:34:08","slug":"solars","status":"publish","type":"page","link":"https:\/\/www.santanyi.net\/ca\/comprar\/solars\/","title":{"rendered":"Solars Urbans"},"content":{"rendered":"\t\t<div data-elementor-type=\"wp-page\" data-elementor-id=\"8109\" class=\"elementor elementor-8109 elementor-8097\" data-elementor-post-type=\"page\">\n\t\t\t\t<div data-particle_enable=\"false\" data-particle-mobile-disabled=\"false\" class=\"elementor-element elementor-element-9a593e5 e-con-full e-flex e-con e-parent\" data-id=\"9a593e5\" data-element_type=\"container\" data-e-type=\"container\">\n\t\t\t\t<div class=\"elementor-element elementor-element-c09a0ac elementor-widget elementor-widget-houzez_properties_osm_map\" data-id=\"c09a0ac\" data-element_type=\"widget\" data-e-type=\"widget\" data-widget_type=\"houzez_properties_osm_map.default\">\n\t\t\t\t<div class=\"elementor-widget-container\">\n\t\t\t\t\t \r\n         <div class=\"houzez-elementor-map-wrap\">\r\n         \r\n                     <div class=\"map-arrows-actions\">\r\n             <button id=\"listing-mapzoomin\" class=\"map-btn\"><i class=\"houzez-icon icon-add\"><\/i><\/button>\r\n             <button id=\"listing-mapzoomout\" class=\"map-btn\"><i class=\"houzez-icon icon-subtract\"><\/i><\/button>\r\n         <\/div><!-- map-arrows-actions -->\r\n         <div class=\"map-next-prev-actions\">\r\n             \r\n             <button id=\"houzez-gmap-prev\" class=\"map-btn\"><i class=\"houzez-icon icon-arrow-left-1 me-1\"><\/i> <span>Prev<\/span><\/button>\r\n             <button id=\"houzez-gmap-next\" class=\"map-btn\"><span>Next<\/span> <i class=\"houzez-icon icon-arrow-right-1 ms-1\"><\/i><\/button>\r\n         <\/div><!-- map-next-prev-actions -->\r\n         \r\n             <div id=\"houzez-properties-map\" class=\"h-properties-map-for-elementor\" data-map='{&quot;properties&quot;:[{&quot;title&quot;:&quot;Inversi\\u00f3 Estrat\\u00e8gica a Santany\\u00ed: Solar per a Projectes Comunitaris a la Tranquil\\u00b7la Cala d&#8217;Or&quot;,&quot;url&quot;:&quot;https:\\\/\\\/www.santanyi.net\\\/ca\\\/property\\\/inversio-estrategica-a-santanyi-solar-per-a-projectes-comunitaris-a-la-tranquil%c2%b7la-cala-dor-3\\\/&quot;,&quot;link_target&quot;:&quot;_self&quot;,&quot;price&quot;:&quot; 170.000\\u20ac&quot;,&quot;property_id&quot;:194852,&quot;latitude&quot;:&quot;39.379853338&quot;,&quot;longitude&quot;:&quot;3.230925667&quot;,&quot;address&quot;:&quot;&lt;div class=\\&quot;info-window-address-info text-truncate\\&quot;&gt;&lt;i class=\\&quot;houzez-icon icon-pin\\&quot; aria-hidden=\\&quot;true\\&quot;&gt;&lt;\\\/i&gt; Cala dOr, 07660 Santany\\u00ed&lt;\\\/div&gt;&quot;,&quot;property_type&quot;:&quot;Solar&quot;,&quot;marker&quot;:&quot;https:\\\/\\\/www.santanyi.net\\\/wp-content\\\/themes\\\/houzez\\\/img\\\/map\\\/pin-single-family.png&quot;,&quot;retinaMarker&quot;:&quot;https:\\\/\\\/www.santanyi.net\\\/wp-content\\\/themes\\\/houzez\\\/img\\\/map\\\/pin-single-family.png&quot;,&quot;pricePin&quot;:&quot;170K\\u20ac&quot;,&quot;term_id&quot;:2111,&quot;marker_color&quot;:&quot;&quot;,&quot;thumbnail&quot;:&quot;https:\\\/\\\/www.santanyi.net\\\/wp-content\\\/uploads\\\/anaconda_property_media\\\/27465897-194846\\\/1-1-584x438.jpg&quot;,&quot;featured_label&quot;:&quot;&quot;,&quot;meta&quot;:&quot;&lt;div class=\\&quot;info-window-info-details\\&quot;&gt;&lt;span class=\\&quot;info-window-meta-item ms-2\\&quot;&gt;&lt;i class=\\&quot;houzez-icon icon-ruler-triangle me-1\\&quot;&gt;&lt;\\\/i&gt; 452 m2&lt;\\\/span&gt;&lt;\\\/div&gt;&quot;},{&quot;title&quot;:&quot;Solar \\u00fanico a un minuto de la playa de Cala Santany\\u00ed&quot;,&quot;url&quot;:&quot;https:\\\/\\\/www.santanyi.net\\\/ca\\\/property\\\/solar-unico-a-un-minuto-de-la-playa-de-cala-santanyi\\\/&quot;,&quot;link_target&quot;:&quot;_self&quot;,&quot;price&quot;:&quot; 300.000\\u20ac&quot;,&quot;property_id&quot;:194780,&quot;latitude&quot;:&quot;39.33194659132&quot;,&quot;longitude&quot;:&quot;3.1478684346732&quot;,&quot;address&quot;:&quot;&lt;div class=\\&quot;info-window-address-info text-truncate\\&quot;&gt;&lt;i class=\\&quot;houzez-icon icon-pin\\&quot; aria-hidden=\\&quot;true\\&quot;&gt;&lt;\\\/i&gt; Cala Santany\\u00ed, 07659 Santany\\u00ed&lt;\\\/div&gt;&quot;,&quot;property_type&quot;:&quot;Solar&quot;,&quot;marker&quot;:&quot;https:\\\/\\\/www.santanyi.net\\\/wp-content\\\/themes\\\/houzez\\\/img\\\/map\\\/pin-single-family.png&quot;,&quot;retinaMarker&quot;:&quot;https:\\\/\\\/www.santanyi.net\\\/wp-content\\\/themes\\\/houzez\\\/img\\\/map\\\/pin-single-family.png&quot;,&quot;pricePin&quot;:&quot;300K\\u20ac&quot;,&quot;term_id&quot;:2111,&quot;marker_color&quot;:&quot;&quot;,&quot;thumbnail&quot;:&quot;https:\\\/\\\/www.santanyi.net\\\/wp-content\\\/uploads\\\/anaconda_property_media\\\/24621076-194774\\\/7-1-584x438.jpg&quot;,&quot;featured_label&quot;:&quot;&quot;,&quot;meta&quot;:&quot;&lt;div class=\\&quot;info-window-info-details\\&quot;&gt;&lt;span class=\\&quot;info-window-meta-item ms-2\\&quot;&gt;&lt;i class=\\&quot;houzez-icon icon-ruler-triangle me-1\\&quot;&gt;&lt;\\\/i&gt; 336 m2&lt;\\\/span&gt;&lt;\\\/div&gt;&quot;},{&quot;title&quot;:&quot;Solar urbano en Santany\\u00ed&quot;,&quot;url&quot;:&quot;https:\\\/\\\/www.santanyi.net\\\/ca\\\/property\\\/solar-urbano-en-santanyi\\\/&quot;,&quot;link_target&quot;:&quot;_self&quot;,&quot;price&quot;:&quot; 760.000\\u20ac&quot;,&quot;property_id&quot;:194748,&quot;latitude&quot;:&quot;39.353209933&quot;,&quot;longitude&quot;:&quot;3.131715727&quot;,&quot;address&quot;:&quot;&lt;div class=\\&quot;info-window-address-info text-truncate\\&quot;&gt;&lt;i class=\\&quot;houzez-icon icon-pin\\&quot; aria-hidden=\\&quot;true\\&quot;&gt;&lt;\\\/i&gt; Santany\\u00ed, 07650 Santany\\u00ed&lt;\\\/div&gt;&quot;,&quot;property_type&quot;:&quot;Solar&quot;,&quot;marker&quot;:&quot;https:\\\/\\\/www.santanyi.net\\\/wp-content\\\/themes\\\/houzez\\\/img\\\/map\\\/pin-single-family.png&quot;,&quot;retinaMarker&quot;:&quot;https:\\\/\\\/www.santanyi.net\\\/wp-content\\\/themes\\\/houzez\\\/img\\\/map\\\/pin-single-family.png&quot;,&quot;pricePin&quot;:&quot;760K\\u20ac&quot;,&quot;term_id&quot;:2111,&quot;marker_color&quot;:&quot;&quot;,&quot;thumbnail&quot;:&quot;https:\\\/\\\/www.santanyi.net\\\/wp-content\\\/uploads\\\/anaconda_property_media\\\/24620908-194742\\\/1-1-584x438.jpg&quot;,&quot;featured_label&quot;:&quot;&quot;,&quot;meta&quot;:&quot;&lt;div class=\\&quot;info-window-info-details\\&quot;&gt;&lt;span class=\\&quot;info-window-meta-item ms-2\\&quot;&gt;&lt;i class=\\&quot;houzez-icon icon-ruler-triangle me-1\\&quot;&gt;&lt;\\\/i&gt; 710 m2&lt;\\\/span&gt;&lt;\\\/div&gt;&quot;},{&quot;title&quot;:&quot;Solar con Licencia y Estructura iniciada en Portocolom&quot;,&quot;url&quot;:&quot;https:\\\/\\\/www.santanyi.net\\\/ca\\\/property\\\/solar-con-licencia-y-estructura-iniciada-en-portocolom\\\/&quot;,&quot;link_target&quot;:&quot;_self&quot;,&quot;price&quot;:&quot; 400.000\\u20ac&quot;,&quot;property_id&quot;:194668,&quot;latitude&quot;:&quot;39.46875313&quot;,&quot;longitude&quot;:&quot;3.14802015&quot;,&quot;address&quot;:&quot;&lt;div class=\\&quot;info-window-address-info text-truncate\\&quot;&gt;&lt;i class=\\&quot;houzez-icon icon-pin\\&quot; aria-hidden=\\&quot;true\\&quot;&gt;&lt;\\\/i&gt; Portocolom, 07670 Portocolom&lt;\\\/div&gt;&quot;,&quot;property_type&quot;:&quot;Solar&quot;,&quot;marker&quot;:&quot;https:\\\/\\\/www.santanyi.net\\\/wp-content\\\/themes\\\/houzez\\\/img\\\/map\\\/pin-single-family.png&quot;,&quot;retinaMarker&quot;:&quot;https:\\\/\\\/www.santanyi.net\\\/wp-content\\\/themes\\\/houzez\\\/img\\\/map\\\/pin-single-family.png&quot;,&quot;pricePin&quot;:&quot;400K\\u20ac&quot;,&quot;term_id&quot;:2111,&quot;marker_color&quot;:&quot;&quot;,&quot;thumbnail&quot;:&quot;https:\\\/\\\/www.santanyi.net\\\/wp-content\\\/uploads\\\/anaconda_property_media\\\/24621066-194662\\\/6-1-584x438.jpg&quot;,&quot;featured_label&quot;:&quot;&quot;,&quot;meta&quot;:&quot;&lt;div class=\\&quot;info-window-info-details\\&quot;&gt;&lt;span class=\\&quot;info-window-meta-item ms-2\\&quot;&gt;&lt;i class=\\&quot;houzez-icon icon-ruler-triangle me-1\\&quot;&gt;&lt;\\\/i&gt; 390 m2&lt;\\\/span&gt;&lt;\\\/div&gt;&quot;},{&quot;title&quot;:&quot;Gran  solar urbano en zona tranquila Es Llombards&quot;,&quot;url&quot;:&quot;https:\\\/\\\/www.santanyi.net\\\/ca\\\/property\\\/gran-solar-urbano-en-zona-tranquila-es-llombards\\\/&quot;,&quot;link_target&quot;:&quot;_self&quot;,&quot;price&quot;:&quot; 990.000\\u20ac&quot;,&quot;property_id&quot;:194628,&quot;latitude&quot;:&quot;39.344019598018&quot;,&quot;longitude&quot;:&quot;3.09282475598&quot;,&quot;address&quot;:&quot;&lt;div class=\\&quot;info-window-address-info text-truncate\\&quot;&gt;&lt;i class=\\&quot;houzez-icon icon-pin\\&quot; aria-hidden=\\&quot;true\\&quot;&gt;&lt;\\\/i&gt; Es llombards, 07650 Santany\\u00ed&lt;\\\/div&gt;&quot;,&quot;property_type&quot;:&quot;Solar&quot;,&quot;marker&quot;:&quot;https:\\\/\\\/www.santanyi.net\\\/wp-content\\\/themes\\\/houzez\\\/img\\\/map\\\/pin-single-family.png&quot;,&quot;retinaMarker&quot;:&quot;https:\\\/\\\/www.santanyi.net\\\/wp-content\\\/themes\\\/houzez\\\/img\\\/map\\\/pin-single-family.png&quot;,&quot;pricePin&quot;:&quot;990K\\u20ac&quot;,&quot;term_id&quot;:2111,&quot;marker_color&quot;:&quot;&quot;,&quot;thumbnail&quot;:&quot;https:\\\/\\\/www.santanyi.net\\\/wp-content\\\/uploads\\\/anaconda_property_media\\\/24621044-194622\\\/2-1-584x438.jpg&quot;,&quot;featured_label&quot;:&quot;&quot;,&quot;meta&quot;:&quot;&lt;div class=\\&quot;info-window-info-details\\&quot;&gt;&lt;span class=\\&quot;info-window-meta-item ms-2\\&quot;&gt;&lt;i class=\\&quot;houzez-icon icon-ruler-triangle me-1\\&quot;&gt;&lt;\\\/i&gt; 1816 m2&lt;\\\/span&gt;&lt;\\\/div&gt;&quot;},{&quot;title&quot;:&quot;Gran Solar urbano en Ses salines con vista al mar en la lejan\\u00eda&quot;,&quot;url&quot;:&quot;https:\\\/\\\/www.santanyi.net\\\/ca\\\/property\\\/gran-solar-urbano-en-ses-salines-con-vista-al-mar-en-la-lejania\\\/&quot;,&quot;link_target&quot;:&quot;_self&quot;,&quot;price&quot;:&quot; 2.100.000\\u20ac&quot;,&quot;property_id&quot;:194604,&quot;latitude&quot;:&quot;39.339183959883&quot;,&quot;longitude&quot;:&quot;3.0473392106381&quot;,&quot;address&quot;:&quot;&lt;div class=\\&quot;info-window-address-info text-truncate\\&quot;&gt;&lt;i class=\\&quot;houzez-icon icon-pin\\&quot; aria-hidden=\\&quot;true\\&quot;&gt;&lt;\\\/i&gt; Ses Salines (Mallorca), 07640 Ses Salines&lt;\\\/div&gt;&quot;,&quot;property_type&quot;:&quot;Solar&quot;,&quot;marker&quot;:&quot;https:\\\/\\\/www.santanyi.net\\\/wp-content\\\/themes\\\/houzez\\\/img\\\/map\\\/pin-single-family.png&quot;,&quot;retinaMarker&quot;:&quot;https:\\\/\\\/www.santanyi.net\\\/wp-content\\\/themes\\\/houzez\\\/img\\\/map\\\/pin-single-family.png&quot;,&quot;pricePin&quot;:&quot;2.1M\\u20ac&quot;,&quot;term_id&quot;:2111,&quot;marker_color&quot;:&quot;&quot;,&quot;thumbnail&quot;:&quot;https:\\\/\\\/www.santanyi.net\\\/wp-content\\\/uploads\\\/anaconda_property_media\\\/24620967-194598\\\/3-1-584x438.jpg&quot;,&quot;featured_label&quot;:&quot;&quot;,&quot;meta&quot;:&quot;&lt;div class=\\&quot;info-window-info-details\\&quot;&gt;&lt;span class=\\&quot;info-window-meta-item ms-2\\&quot;&gt;&lt;i class=\\&quot;houzez-icon icon-ruler-triangle me-1\\&quot;&gt;&lt;\\\/i&gt; 495 m2&lt;\\\/span&gt;&lt;\\\/div&gt;&quot;},{&quot;title&quot;:&quot;Solar amb gran potencial a Santany\\u00ed: El llen\\u00e7 perfecte per a la teva llar&quot;,&quot;url&quot;:&quot;https:\\\/\\\/www.santanyi.net\\\/ca\\\/property\\\/solar-amb-gran-potencial-a-santanyi-el-llenc-perfecte-per-a-la-teva-llar-2\\\/&quot;,&quot;link_target&quot;:&quot;_self&quot;,&quot;price&quot;:&quot; 490.000\\u20ac&quot;,&quot;property_id&quot;:194548,&quot;latitude&quot;:&quot;39.357158701394&quot;,&quot;longitude&quot;:&quot;3.1265297928482&quot;,&quot;address&quot;:&quot;&lt;div class=\\&quot;info-window-address-info text-truncate\\&quot;&gt;&lt;i class=\\&quot;houzez-icon icon-pin\\&quot; aria-hidden=\\&quot;true\\&quot;&gt;&lt;\\\/i&gt; Santany\\u00ed, 07650 Santany\\u00ed&lt;\\\/div&gt;&quot;,&quot;property_type&quot;:&quot;Solar&quot;,&quot;marker&quot;:&quot;https:\\\/\\\/www.santanyi.net\\\/wp-content\\\/themes\\\/houzez\\\/img\\\/map\\\/pin-single-family.png&quot;,&quot;retinaMarker&quot;:&quot;https:\\\/\\\/www.santanyi.net\\\/wp-content\\\/themes\\\/houzez\\\/img\\\/map\\\/pin-single-family.png&quot;,&quot;pricePin&quot;:&quot;490K\\u20ac&quot;,&quot;term_id&quot;:2111,&quot;marker_color&quot;:&quot;&quot;,&quot;thumbnail&quot;:&quot;https:\\\/\\\/www.santanyi.net\\\/wp-content\\\/uploads\\\/anaconda_property_media\\\/27824465-194542\\\/2-1-584x438.jpg&quot;,&quot;featured_label&quot;:&quot;&quot;,&quot;meta&quot;:&quot;&lt;div class=\\&quot;info-window-info-details\\&quot;&gt;&lt;span class=\\&quot;info-window-meta-item ms-2\\&quot;&gt;&lt;i class=\\&quot;houzez-icon icon-ruler-triangle me-1\\&quot;&gt;&lt;\\\/i&gt; 331 m2&lt;\\\/span&gt;&lt;\\\/div&gt;&quot;},{&quot;title&quot;:&quot;PRECIOSO SOLAR URBANO PARA CONSTRUIR 4 VIVIENDAS EN LlOMBARDS&quot;,&quot;url&quot;:&quot;https:\\\/\\\/www.santanyi.net\\\/ca\\\/property\\\/precioso-solar-urbano-para-construir-4-viviendas-en-llombards\\\/&quot;,&quot;link_target&quot;:&quot;_self&quot;,&quot;price&quot;:&quot; 395.000\\u20ac&quot;,&quot;property_id&quot;:194396,&quot;latitude&quot;:&quot;39.339992509&quot;,&quot;longitude&quot;:&quot;3.097211437&quot;,&quot;address&quot;:&quot;&lt;div class=\\&quot;info-window-address-info text-truncate\\&quot;&gt;&lt;i class=\\&quot;houzez-icon icon-pin\\&quot; aria-hidden=\\&quot;true\\&quot;&gt;&lt;\\\/i&gt; Es llombards, 07690 Santany\\u00ed&lt;\\\/div&gt;&quot;,&quot;property_type&quot;:&quot;Solar&quot;,&quot;marker&quot;:&quot;https:\\\/\\\/www.santanyi.net\\\/wp-content\\\/themes\\\/houzez\\\/img\\\/map\\\/pin-single-family.png&quot;,&quot;retinaMarker&quot;:&quot;https:\\\/\\\/www.santanyi.net\\\/wp-content\\\/themes\\\/houzez\\\/img\\\/map\\\/pin-single-family.png&quot;,&quot;pricePin&quot;:&quot;395K\\u20ac&quot;,&quot;term_id&quot;:2111,&quot;marker_color&quot;:&quot;&quot;,&quot;thumbnail&quot;:&quot;https:\\\/\\\/www.santanyi.net\\\/wp-content\\\/uploads\\\/anaconda_property_media\\\/25711507-194386\\\/2-1-584x438.jpg&quot;,&quot;featured_label&quot;:&quot;&quot;,&quot;meta&quot;:&quot;&lt;div class=\\&quot;info-window-info-details\\&quot;&gt;&lt;span class=\\&quot;info-window-meta-item ms-2\\&quot;&gt;&lt;i class=\\&quot;houzez-icon icon-ruler-triangle me-1\\&quot;&gt;&lt;\\\/i&gt; 400 m2&lt;\\\/span&gt;&lt;\\\/div&gt;&quot;},{&quot;title&quot;:&quot;Gran solar urb\\u00e0 a prop de s&#8217;Amarador amb projecte i llic\\u00e8ncia&quot;,&quot;url&quot;:&quot;https:\\\/\\\/www.santanyi.net\\\/ca\\\/property\\\/gran-solar-urba-a-prop-de-samarador-amb-projecte-i-llicencia\\\/&quot;,&quot;link_target&quot;:&quot;_self&quot;,&quot;price&quot;:&quot; 690.000\\u20ac&quot;,&quot;property_id&quot;:194296,&quot;latitude&quot;:&quot;39.341621833333&quot;,&quot;longitude&quot;:&quot;3.1850434964447&quot;,&quot;address&quot;:&quot;&lt;div class=\\&quot;info-window-address-info text-truncate\\&quot;&gt;&lt;i class=\\&quot;houzez-icon icon-pin\\&quot; aria-hidden=\\&quot;true\\&quot;&gt;&lt;\\\/i&gt; Cala Figuera, 07690 Santany\\u00ed&lt;\\\/div&gt;&quot;,&quot;property_type&quot;:&quot;Solar&quot;,&quot;marker&quot;:&quot;https:\\\/\\\/www.santanyi.net\\\/wp-content\\\/themes\\\/houzez\\\/img\\\/map\\\/pin-single-family.png&quot;,&quot;retinaMarker&quot;:&quot;https:\\\/\\\/www.santanyi.net\\\/wp-content\\\/themes\\\/houzez\\\/img\\\/map\\\/pin-single-family.png&quot;,&quot;pricePin&quot;:&quot;690K\\u20ac&quot;,&quot;term_id&quot;:2111,&quot;marker_color&quot;:&quot;&quot;,&quot;thumbnail&quot;:&quot;https:\\\/\\\/www.santanyi.net\\\/wp-content\\\/uploads\\\/anaconda_property_media\\\/24621059-194290\\\/6-1-584x438.jpg&quot;,&quot;featured_label&quot;:&quot;&lt;div class=\\&quot;info-window-label label-featured\\&quot;&gt;Destacat&lt;\\\/div&gt;&quot;,&quot;meta&quot;:&quot;&lt;div class=\\&quot;info-window-info-details\\&quot;&gt;&lt;span class=\\&quot;info-window-meta-item ms-2\\&quot;&gt;&lt;i class=\\&quot;houzez-icon icon-ruler-triangle me-1\\&quot;&gt;&lt;\\\/i&gt; 760 m2&lt;\\\/span&gt;&lt;\\\/div&gt;&quot;},{&quot;title&quot;:&quot;Obra mestra d&#8217;originalitat a Cala Santany\\u00ed&quot;,&quot;url&quot;:&quot;https:\\\/\\\/www.santanyi.net\\\/ca\\\/property\\\/obra-mestra-doriginalitat-a-cala-santanyi-3\\\/&quot;,&quot;link_target&quot;:&quot;_self&quot;,&quot;price&quot;:&quot; 535.000\\u20ac&quot;,&quot;property_id&quot;:194184,&quot;latitude&quot;:&quot;39.333218911&quot;,&quot;longitude&quot;:&quot;3.14796625&quot;,&quot;address&quot;:&quot;&lt;div class=\\&quot;info-window-address-info text-truncate\\&quot;&gt;&lt;i class=\\&quot;houzez-icon icon-pin\\&quot; aria-hidden=\\&quot;true\\&quot;&gt;&lt;\\\/i&gt; Cala Santany\\u00ed, 07659 Santany\\u00ed&lt;\\\/div&gt;&quot;,&quot;property_type&quot;:&quot;Solar&quot;,&quot;marker&quot;:&quot;https:\\\/\\\/www.santanyi.net\\\/wp-content\\\/themes\\\/houzez\\\/img\\\/map\\\/pin-single-family.png&quot;,&quot;retinaMarker&quot;:&quot;https:\\\/\\\/www.santanyi.net\\\/wp-content\\\/themes\\\/houzez\\\/img\\\/map\\\/pin-single-family.png&quot;,&quot;pricePin&quot;:&quot;535K\\u20ac&quot;,&quot;term_id&quot;:2111,&quot;marker_color&quot;:&quot;&quot;,&quot;thumbnail&quot;:&quot;https:\\\/\\\/www.santanyi.net\\\/wp-content\\\/uploads\\\/anaconda_property_media\\\/27825081-194178\\\/9-1-584x438.jpg&quot;,&quot;featured_label&quot;:&quot;&lt;div class=\\&quot;info-window-label label-featured\\&quot;&gt;Destacat&lt;\\\/div&gt;&quot;,&quot;meta&quot;:&quot;&lt;div class=\\&quot;info-window-info-details\\&quot;&gt;&lt;span class=\\&quot;info-window-meta-item ms-2\\&quot;&gt;&lt;i class=\\&quot;houzez-icon icon-ruler-triangle me-1\\&quot;&gt;&lt;\\\/i&gt; 337 m2&lt;\\\/span&gt;&lt;\\\/div&gt;&quot;},{&quot;title&quot;:&quot;Inversi\\u00f3 Estrat\\u00e8gica a Santany\\u00ed: Solar per a Projectes Comunitaris a la Tranquil\\u00b7la Cala d&#8217;Or&quot;,&quot;url&quot;:&quot;https:\\\/\\\/www.santanyi.net\\\/ca\\\/property\\\/inversio-estrategica-a-santanyi-solar-per-a-projectes-comunitaris-a-la-tranquil%c2%b7la-cala-dor-2\\\/&quot;,&quot;link_target&quot;:&quot;_self&quot;,&quot;price&quot;:&quot; 170.000\\u20ac&quot;,&quot;property_id&quot;:188491,&quot;latitude&quot;:&quot;39.379853338&quot;,&quot;longitude&quot;:&quot;3.230925667&quot;,&quot;address&quot;:&quot;&lt;div class=\\&quot;info-window-address-info text-truncate\\&quot;&gt;&lt;i class=\\&quot;houzez-icon icon-pin\\&quot; aria-hidden=\\&quot;true\\&quot;&gt;&lt;\\\/i&gt; Cala dOr, 07660 Santany\\u00ed, BALEARES&lt;\\\/div&gt;&quot;,&quot;property_type&quot;:&quot;Solar&quot;,&quot;marker&quot;:&quot;https:\\\/\\\/www.santanyi.net\\\/wp-content\\\/themes\\\/houzez\\\/img\\\/map\\\/pin-single-family.png&quot;,&quot;retinaMarker&quot;:&quot;https:\\\/\\\/www.santanyi.net\\\/wp-content\\\/themes\\\/houzez\\\/img\\\/map\\\/pin-single-family.png&quot;,&quot;pricePin&quot;:&quot;170K\\u20ac&quot;,&quot;term_id&quot;:2111,&quot;marker_color&quot;:&quot;&quot;,&quot;thumbnail&quot;:&quot;https:\\\/\\\/www.santanyi.net\\\/wp-content\\\/uploads\\\/anaconda_property_media\\\/27465897-188485\\\/1-1-584x438.jpg&quot;,&quot;featured_label&quot;:&quot;&quot;,&quot;meta&quot;:&quot;&lt;div class=\\&quot;info-window-info-details\\&quot;&gt;&lt;span class=\\&quot;info-window-meta-item ms-2\\&quot;&gt;&lt;i class=\\&quot;houzez-icon icon-ruler-triangle me-1\\&quot;&gt;&lt;\\\/i&gt; 452 m2&lt;\\\/span&gt;&lt;\\\/div&gt;&quot;},{&quot;title&quot;:&quot;Obra mestra d&#8217;originalitat a Cala Santany\\u00ed&quot;,&quot;url&quot;:&quot;https:\\\/\\\/www.santanyi.net\\\/ca\\\/property\\\/obra-mestra-doriginalitat-a-cala-santanyi\\\/&quot;,&quot;link_target&quot;:&quot;_self&quot;,&quot;price&quot;:&quot; 535.000\\u20ac&quot;,&quot;property_id&quot;:185823,&quot;latitude&quot;:&quot;39.333218911&quot;,&quot;longitude&quot;:&quot;3.14796625&quot;,&quot;address&quot;:&quot;&lt;div class=\\&quot;info-window-address-info text-truncate\\&quot;&gt;&lt;i class=\\&quot;houzez-icon icon-pin\\&quot; aria-hidden=\\&quot;true\\&quot;&gt;&lt;\\\/i&gt; Cala Santany\\u00ed, 07659 Santany\\u00ed, BALEARES&lt;\\\/div&gt;&quot;,&quot;property_type&quot;:&quot;Solar&quot;,&quot;marker&quot;:&quot;https:\\\/\\\/www.santanyi.net\\\/wp-content\\\/themes\\\/houzez\\\/img\\\/map\\\/pin-single-family.png&quot;,&quot;retinaMarker&quot;:&quot;https:\\\/\\\/www.santanyi.net\\\/wp-content\\\/themes\\\/houzez\\\/img\\\/map\\\/pin-single-family.png&quot;,&quot;pricePin&quot;:&quot;535K\\u20ac&quot;,&quot;term_id&quot;:2111,&quot;marker_color&quot;:&quot;&quot;,&quot;thumbnail&quot;:&quot;https:\\\/\\\/www.santanyi.net\\\/wp-content\\\/uploads\\\/anaconda_property_media\\\/27825081-185817\\\/9-1-584x438.jpg&quot;,&quot;featured_label&quot;:&quot;&lt;div class=\\&quot;info-window-label label-featured\\&quot;&gt;Destacat&lt;\\\/div&gt;&quot;,&quot;meta&quot;:&quot;&lt;div class=\\&quot;info-window-info-details\\&quot;&gt;&lt;span class=\\&quot;info-window-meta-item ms-2\\&quot;&gt;&lt;i class=\\&quot;houzez-icon icon-ruler-triangle me-1\\&quot;&gt;&lt;\\\/i&gt; 337.00 m2&lt;\\\/span&gt;&lt;\\\/div&gt;&quot;},{&quot;title&quot;:&quot;Solar amb gran potencial a Santany\\u00ed: El llen\\u00e7 perfecte per a la teva llar&quot;,&quot;url&quot;:&quot;https:\\\/\\\/www.santanyi.net\\\/ca\\\/property\\\/solar-amb-gran-potencial-a-santanyi-el-llenc-perfecte-per-a-la-teva-llar\\\/&quot;,&quot;link_target&quot;:&quot;_self&quot;,&quot;price&quot;:&quot; 490.000\\u20ac&quot;,&quot;property_id&quot;:185815,&quot;latitude&quot;:&quot;39.357158701394&quot;,&quot;longitude&quot;:&quot;3.1265297928482&quot;,&quot;address&quot;:&quot;&lt;div class=\\&quot;info-window-address-info text-truncate\\&quot;&gt;&lt;i class=\\&quot;houzez-icon icon-pin\\&quot; aria-hidden=\\&quot;true\\&quot;&gt;&lt;\\\/i&gt; Santany\\u00ed, 07650 Santany\\u00ed, BALEARES&lt;\\\/div&gt;&quot;,&quot;property_type&quot;:&quot;Solar&quot;,&quot;marker&quot;:&quot;https:\\\/\\\/www.santanyi.net\\\/wp-content\\\/themes\\\/houzez\\\/img\\\/map\\\/pin-single-family.png&quot;,&quot;retinaMarker&quot;:&quot;https:\\\/\\\/www.santanyi.net\\\/wp-content\\\/themes\\\/houzez\\\/img\\\/map\\\/pin-single-family.png&quot;,&quot;pricePin&quot;:&quot;490K\\u20ac&quot;,&quot;term_id&quot;:2111,&quot;marker_color&quot;:&quot;&quot;,&quot;thumbnail&quot;:&quot;https:\\\/\\\/www.santanyi.net\\\/wp-content\\\/uploads\\\/anaconda_property_media\\\/27824465-185809\\\/2-1-584x438.jpg&quot;,&quot;featured_label&quot;:&quot;&quot;,&quot;meta&quot;:&quot;&lt;div class=\\&quot;info-window-info-details\\&quot;&gt;&lt;span class=\\&quot;info-window-meta-item ms-2\\&quot;&gt;&lt;i class=\\&quot;houzez-icon icon-ruler-triangle me-1\\&quot;&gt;&lt;\\\/i&gt; 331.00 m2&lt;\\\/span&gt;&lt;\\\/div&gt;&quot;},{&quot;title&quot;:&quot;PRECIOSO SOLAR URBANO PARA CONSTRUIR 4 VIVIENDAS EN LlOMBARDS&quot;,&quot;url&quot;:&quot;https:\\\/\\\/www.santanyi.net\\\/ca\\\/property\\\/precioso-solar-urbano-para-construir-4-viviendas-en-llombards-2\\\/&quot;,&quot;link_target&quot;:&quot;_self&quot;,&quot;price&quot;:&quot; 395.000\\u20ac&quot;,&quot;property_id&quot;:126128,&quot;latitude&quot;:&quot;39.339992509&quot;,&quot;longitude&quot;:&quot;3.097211437&quot;,&quot;address&quot;:&quot;&lt;div class=\\&quot;info-window-address-info text-truncate\\&quot;&gt;&lt;i class=\\&quot;houzez-icon icon-pin\\&quot; aria-hidden=\\&quot;true\\&quot;&gt;&lt;\\\/i&gt; Es llombards, 07690 Santany\\u00ed, BALEARES&lt;\\\/div&gt;&quot;,&quot;property_type&quot;:&quot;Solar&quot;,&quot;marker&quot;:&quot;https:\\\/\\\/www.santanyi.net\\\/wp-content\\\/themes\\\/houzez\\\/img\\\/map\\\/pin-single-family.png&quot;,&quot;retinaMarker&quot;:&quot;https:\\\/\\\/www.santanyi.net\\\/wp-content\\\/themes\\\/houzez\\\/img\\\/map\\\/pin-single-family.png&quot;,&quot;pricePin&quot;:&quot;395K\\u20ac&quot;,&quot;term_id&quot;:2111,&quot;marker_color&quot;:&quot;&quot;,&quot;thumbnail&quot;:&quot;https:\\\/\\\/www.santanyi.net\\\/wp-content\\\/uploads\\\/anaconda_property_media\\\/25711507-126122\\\/2-1-584x438.jpg&quot;,&quot;featured_label&quot;:&quot;&quot;,&quot;meta&quot;:&quot;&lt;div class=\\&quot;info-window-info-details\\&quot;&gt;&lt;span class=\\&quot;info-window-meta-item ms-2\\&quot;&gt;&lt;i class=\\&quot;houzez-icon icon-ruler-triangle me-1\\&quot;&gt;&lt;\\\/i&gt; 400 m2&lt;\\\/span&gt;&lt;\\\/div&gt;&quot;},{&quot;title&quot;:&quot;Solar \\u00fanico a un minuto de la playa de Cala Santany\\u00ed&quot;,&quot;url&quot;:&quot;https:\\\/\\\/www.santanyi.net\\\/ca\\\/property\\\/solar-unico-a-un-minuto-de-la-playa-de-cala-santanyi-2\\\/&quot;,&quot;link_target&quot;:&quot;_self&quot;,&quot;price&quot;:&quot; 300.000\\u20ac&quot;,&quot;property_id&quot;:107012,&quot;latitude&quot;:&quot;39.33194659132&quot;,&quot;longitude&quot;:&quot;3.1478684346732&quot;,&quot;address&quot;:&quot;&lt;div class=\\&quot;info-window-address-info text-truncate\\&quot;&gt;&lt;i class=\\&quot;houzez-icon icon-pin\\&quot; aria-hidden=\\&quot;true\\&quot;&gt;&lt;\\\/i&gt; Cala Santany\\u00ed, 07659 Santany\\u00ed, BALEARES&lt;\\\/div&gt;&quot;,&quot;property_type&quot;:&quot;Solar&quot;,&quot;marker&quot;:&quot;https:\\\/\\\/www.santanyi.net\\\/wp-content\\\/themes\\\/houzez\\\/img\\\/map\\\/pin-single-family.png&quot;,&quot;retinaMarker&quot;:&quot;https:\\\/\\\/www.santanyi.net\\\/wp-content\\\/themes\\\/houzez\\\/img\\\/map\\\/pin-single-family.png&quot;,&quot;pricePin&quot;:&quot;300K\\u20ac&quot;,&quot;term_id&quot;:2111,&quot;marker_color&quot;:&quot;&quot;,&quot;thumbnail&quot;:&quot;https:\\\/\\\/www.santanyi.net\\\/wp-content\\\/uploads\\\/anaconda_property_media\\\/24621076-107006\\\/7-1-584x438.jpg&quot;,&quot;featured_label&quot;:&quot;&quot;,&quot;meta&quot;:&quot;&lt;div class=\\&quot;info-window-info-details\\&quot;&gt;&lt;span class=\\&quot;info-window-meta-item ms-2\\&quot;&gt;&lt;i class=\\&quot;houzez-icon icon-ruler-triangle me-1\\&quot;&gt;&lt;\\\/i&gt; 336.00 m2&lt;\\\/span&gt;&lt;\\\/div&gt;&quot;},{&quot;title&quot;:&quot;Gran  solar urbano en zona tranquila Es Llombards&quot;,&quot;url&quot;:&quot;https:\\\/\\\/www.santanyi.net\\\/ca\\\/property\\\/gran-solar-urbano-en-zona-tranquila-es-llombards-2\\\/&quot;,&quot;link_target&quot;:&quot;_self&quot;,&quot;price&quot;:&quot; 990.000\\u20ac&quot;,&quot;property_id&quot;:106996,&quot;latitude&quot;:&quot;39.344019598018&quot;,&quot;longitude&quot;:&quot;3.09282475598&quot;,&quot;address&quot;:&quot;&lt;div class=\\&quot;info-window-address-info text-truncate\\&quot;&gt;&lt;i class=\\&quot;houzez-icon icon-pin\\&quot; aria-hidden=\\&quot;true\\&quot;&gt;&lt;\\\/i&gt; Es llombards, 07650 Santany\\u00ed, BALEARES&lt;\\\/div&gt;&quot;,&quot;property_type&quot;:&quot;Solar&quot;,&quot;marker&quot;:&quot;https:\\\/\\\/www.santanyi.net\\\/wp-content\\\/themes\\\/houzez\\\/img\\\/map\\\/pin-single-family.png&quot;,&quot;retinaMarker&quot;:&quot;https:\\\/\\\/www.santanyi.net\\\/wp-content\\\/themes\\\/houzez\\\/img\\\/map\\\/pin-single-family.png&quot;,&quot;pricePin&quot;:&quot;990K\\u20ac&quot;,&quot;term_id&quot;:2111,&quot;marker_color&quot;:&quot;&quot;,&quot;thumbnail&quot;:&quot;https:\\\/\\\/www.santanyi.net\\\/wp-content\\\/uploads\\\/anaconda_property_media\\\/24621044-106990\\\/2-1-584x438.jpg&quot;,&quot;featured_label&quot;:&quot;&quot;,&quot;meta&quot;:&quot;&lt;div class=\\&quot;info-window-info-details\\&quot;&gt;&lt;span class=\\&quot;info-window-meta-item ms-2\\&quot;&gt;&lt;i class=\\&quot;houzez-icon icon-ruler-triangle me-1\\&quot;&gt;&lt;\\\/i&gt; 1816 m2&lt;\\\/span&gt;&lt;\\\/div&gt;&quot;},{&quot;title&quot;:&quot;Solar con Licencia y Estructura iniciada en Portocolom&quot;,&quot;url&quot;:&quot;https:\\\/\\\/www.santanyi.net\\\/ca\\\/property\\\/solar-con-licencia-y-estructura-iniciada-en-portocolom-2\\\/&quot;,&quot;link_target&quot;:&quot;_self&quot;,&quot;price&quot;:&quot; 400.000\\u20ac&quot;,&quot;property_id&quot;:65988,&quot;latitude&quot;:&quot;39.46875313&quot;,&quot;longitude&quot;:&quot;3.14802015&quot;,&quot;address&quot;:&quot;&lt;div class=\\&quot;info-window-address-info text-truncate\\&quot;&gt;&lt;i class=\\&quot;houzez-icon icon-pin\\&quot; aria-hidden=\\&quot;true\\&quot;&gt;&lt;\\\/i&gt; Portocolom, 07670 Portocolom, BALEARES&lt;\\\/div&gt;&quot;,&quot;property_type&quot;:&quot;Solar&quot;,&quot;marker&quot;:&quot;https:\\\/\\\/www.santanyi.net\\\/wp-content\\\/themes\\\/houzez\\\/img\\\/map\\\/pin-single-family.png&quot;,&quot;retinaMarker&quot;:&quot;https:\\\/\\\/www.santanyi.net\\\/wp-content\\\/themes\\\/houzez\\\/img\\\/map\\\/pin-single-family.png&quot;,&quot;pricePin&quot;:&quot;400K\\u20ac&quot;,&quot;term_id&quot;:2111,&quot;marker_color&quot;:&quot;&quot;,&quot;thumbnail&quot;:&quot;https:\\\/\\\/www.santanyi.net\\\/wp-content\\\/uploads\\\/anaconda_property_media\\\/24621066-65974\\\/6-1-584x438.jpg&quot;,&quot;featured_label&quot;:&quot;&quot;,&quot;meta&quot;:&quot;&lt;div class=\\&quot;info-window-info-details\\&quot;&gt;&lt;span class=\\&quot;info-window-meta-item ms-2\\&quot;&gt;&lt;i class=\\&quot;houzez-icon icon-ruler-triangle me-1\\&quot;&gt;&lt;\\\/i&gt; 390 m2&lt;\\\/span&gt;&lt;\\\/div&gt;&quot;},{&quot;title&quot;:&quot;Solar Urbano en Cala Egos, Cala d\\u2019Or \\u2013 Oportunidad \\u00danica&quot;,&quot;url&quot;:&quot;https:\\\/\\\/www.santanyi.net\\\/ca\\\/property\\\/solar-urbano-en-cala-egos-cala-dor-oportunidad-unica-2\\\/&quot;,&quot;link_target&quot;:&quot;_self&quot;,&quot;price&quot;:&quot; 2.864.000\\u20ac&quot;,&quot;property_id&quot;:65972,&quot;latitude&quot;:&quot;39.36871888&quot;,&quot;longitude&quot;:&quot;3.2174689&quot;,&quot;address&quot;:&quot;&lt;div class=\\&quot;info-window-address-info text-truncate\\&quot;&gt;&lt;i class=\\&quot;houzez-icon icon-pin\\&quot; aria-hidden=\\&quot;true\\&quot;&gt;&lt;\\\/i&gt; Cala dOr, 07691 Santany\\u00ed, BALEARES&lt;\\\/div&gt;&quot;,&quot;property_type&quot;:&quot;Solar&quot;,&quot;marker&quot;:&quot;https:\\\/\\\/www.santanyi.net\\\/wp-content\\\/themes\\\/houzez\\\/img\\\/map\\\/pin-single-family.png&quot;,&quot;retinaMarker&quot;:&quot;https:\\\/\\\/www.santanyi.net\\\/wp-content\\\/themes\\\/houzez\\\/img\\\/map\\\/pin-single-family.png&quot;,&quot;pricePin&quot;:&quot;2.9M\\u20ac&quot;,&quot;term_id&quot;:2111,&quot;marker_color&quot;:&quot;&quot;,&quot;thumbnail&quot;:&quot;https:\\\/\\\/www.santanyi.net\\\/wp-content\\\/uploads\\\/anaconda_property_media\\\/24621065-65962\\\/1-1-584x438.jpg&quot;,&quot;featured_label&quot;:&quot;&quot;,&quot;meta&quot;:&quot;&lt;div class=\\&quot;info-window-info-details\\&quot;&gt;&lt;span class=\\&quot;info-window-meta-item ms-2\\&quot;&gt;&lt;i class=\\&quot;houzez-icon icon-ruler-triangle me-1\\&quot;&gt;&lt;\\\/i&gt; 5621 m2&lt;\\\/span&gt;&lt;\\\/div&gt;&quot;},{&quot;title&quot;:&quot;Gran solar urb\\u00e0 a prop de s&#8217;Amarador amb projecte i llic\\u00e8ncia&quot;,&quot;url&quot;:&quot;https:\\\/\\\/www.santanyi.net\\\/ca\\\/property\\\/gran-solar-urbano-cerca-de-s-amarador-con-proyecto-2\\\/&quot;,&quot;link_target&quot;:&quot;_self&quot;,&quot;price&quot;:&quot; 690.000\\u20ac&quot;,&quot;property_id&quot;:65932,&quot;latitude&quot;:&quot;39.341621833333&quot;,&quot;longitude&quot;:&quot;3.1850434964447&quot;,&quot;address&quot;:&quot;&lt;div class=\\&quot;info-window-address-info text-truncate\\&quot;&gt;&lt;i class=\\&quot;houzez-icon icon-pin\\&quot; aria-hidden=\\&quot;true\\&quot;&gt;&lt;\\\/i&gt; Cala Figuera, 07690 Santany\\u00ed, BALEARES&lt;\\\/div&gt;&quot;,&quot;property_type&quot;:&quot;Solar&quot;,&quot;marker&quot;:&quot;https:\\\/\\\/www.santanyi.net\\\/wp-content\\\/themes\\\/houzez\\\/img\\\/map\\\/pin-single-family.png&quot;,&quot;retinaMarker&quot;:&quot;https:\\\/\\\/www.santanyi.net\\\/wp-content\\\/themes\\\/houzez\\\/img\\\/map\\\/pin-single-family.png&quot;,&quot;pricePin&quot;:&quot;690K\\u20ac&quot;,&quot;term_id&quot;:2111,&quot;marker_color&quot;:&quot;&quot;,&quot;thumbnail&quot;:&quot;https:\\\/\\\/www.santanyi.net\\\/wp-content\\\/uploads\\\/anaconda_property_media\\\/24621059-65922\\\/6-1-584x438.jpg&quot;,&quot;featured_label&quot;:&quot;&lt;div class=\\&quot;info-window-label label-featured\\&quot;&gt;Destacat&lt;\\\/div&gt;&quot;,&quot;meta&quot;:&quot;&lt;div class=\\&quot;info-window-info-details\\&quot;&gt;&lt;span class=\\&quot;info-window-meta-item ms-2\\&quot;&gt;&lt;i class=\\&quot;houzez-icon icon-ruler-triangle me-1\\&quot;&gt;&lt;\\\/i&gt; 760 m2&lt;\\\/span&gt;&lt;\\\/div&gt;&quot;},{&quot;title&quot;:&quot;Gran Solar urbano en Ses salines con vista al mar en la lejan\\u00eda&quot;,&quot;url&quot;:&quot;https:\\\/\\\/www.santanyi.net\\\/ca\\\/property\\\/gran-solar-urbano-en-ses-salines-con-vista-al-mar-en-la-lejania-2\\\/&quot;,&quot;link_target&quot;:&quot;_self&quot;,&quot;price&quot;:&quot; 2.100.000\\u20ac&quot;,&quot;property_id&quot;:65696,&quot;latitude&quot;:&quot;39.339183959883&quot;,&quot;longitude&quot;:&quot;3.0473392106381&quot;,&quot;address&quot;:&quot;&lt;div class=\\&quot;info-window-address-info text-truncate\\&quot;&gt;&lt;i class=\\&quot;houzez-icon icon-pin\\&quot; aria-hidden=\\&quot;true\\&quot;&gt;&lt;\\\/i&gt; Ses Salines (Mallorca), 07640 Ses Salines, BALEARES&lt;\\\/div&gt;&quot;,&quot;property_type&quot;:&quot;Solar&quot;,&quot;marker&quot;:&quot;https:\\\/\\\/www.santanyi.net\\\/wp-content\\\/themes\\\/houzez\\\/img\\\/map\\\/pin-single-family.png&quot;,&quot;retinaMarker&quot;:&quot;https:\\\/\\\/www.santanyi.net\\\/wp-content\\\/themes\\\/houzez\\\/img\\\/map\\\/pin-single-family.png&quot;,&quot;pricePin&quot;:&quot;2.1M\\u20ac&quot;,&quot;term_id&quot;:2111,&quot;marker_color&quot;:&quot;&quot;,&quot;thumbnail&quot;:&quot;https:\\\/\\\/www.santanyi.net\\\/wp-content\\\/uploads\\\/anaconda_property_media\\\/24620967-65690\\\/3-1-584x438.jpg&quot;,&quot;featured_label&quot;:&quot;&quot;,&quot;meta&quot;:&quot;&lt;div class=\\&quot;info-window-info-details\\&quot;&gt;&lt;span class=\\&quot;info-window-meta-item ms-2\\&quot;&gt;&lt;i class=\\&quot;houzez-icon icon-ruler-triangle me-1\\&quot;&gt;&lt;\\\/i&gt; 495.00 m2&lt;\\\/span&gt;&lt;\\\/div&gt;&quot;},{&quot;title&quot;:&quot;Solar urbano de 1.000 m2 en Cala Egos&quot;,&quot;url&quot;:&quot;https:\\\/\\\/www.santanyi.net\\\/ca\\\/property\\\/solar-urbano-de-1-000-m2-en-cala-egos-2\\\/&quot;,&quot;link_target&quot;:&quot;_self&quot;,&quot;price&quot;:&quot; 330.000\\u20ac&quot;,&quot;property_id&quot;:65632,&quot;latitude&quot;:&quot;39.381160205865854&quot;,&quot;longitude&quot;:&quot;3.2365712833285443&quot;,&quot;address&quot;:&quot;&lt;div class=\\&quot;info-window-address-info text-truncate\\&quot;&gt;&lt;i class=\\&quot;houzez-icon icon-pin\\&quot; aria-hidden=\\&quot;true\\&quot;&gt;&lt;\\\/i&gt; CALA EGOS, 07660 Santany\\u00ed, BALEARES&lt;\\\/div&gt;&quot;,&quot;property_type&quot;:&quot;Solar&quot;,&quot;marker&quot;:&quot;https:\\\/\\\/www.santanyi.net\\\/wp-content\\\/themes\\\/houzez\\\/img\\\/map\\\/pin-single-family.png&quot;,&quot;retinaMarker&quot;:&quot;https:\\\/\\\/www.santanyi.net\\\/wp-content\\\/themes\\\/houzez\\\/img\\\/map\\\/pin-single-family.png&quot;,&quot;pricePin&quot;:&quot;330K\\u20ac&quot;,&quot;term_id&quot;:2111,&quot;marker_color&quot;:&quot;&quot;,&quot;thumbnail&quot;:&quot;https:\\\/\\\/www.santanyi.net\\\/wp-content\\\/uploads\\\/anaconda_property_media\\\/24620929-65626\\\/1-1-584x438.jpg&quot;,&quot;featured_label&quot;:&quot;&quot;,&quot;meta&quot;:&quot;&lt;div class=\\&quot;info-window-info-details\\&quot;&gt;&lt;span class=\\&quot;info-window-meta-item ms-2\\&quot;&gt;&lt;i class=\\&quot;houzez-icon icon-ruler-triangle me-1\\&quot;&gt;&lt;\\\/i&gt; 1000 m2&lt;\\\/span&gt;&lt;\\\/div&gt;&quot;},{&quot;title&quot;:&quot;Solar urbano en Santany\\u00ed&quot;,&quot;url&quot;:&quot;https:\\\/\\\/www.santanyi.net\\\/ca\\\/property\\\/solar-urbano-en-santanyi-2\\\/&quot;,&quot;link_target&quot;:&quot;_self&quot;,&quot;price&quot;:&quot; 760.000\\u20ac&quot;,&quot;property_id&quot;:65568,&quot;latitude&quot;:&quot;39.353209933&quot;,&quot;longitude&quot;:&quot;3.131715727&quot;,&quot;address&quot;:&quot;&lt;div class=\\&quot;info-window-address-info text-truncate\\&quot;&gt;&lt;i class=\\&quot;houzez-icon icon-pin\\&quot; aria-hidden=\\&quot;true\\&quot;&gt;&lt;\\\/i&gt; Santany\\u00ed, 07650 Santany\\u00ed, BALEARES&lt;\\\/div&gt;&quot;,&quot;property_type&quot;:&quot;Solar&quot;,&quot;marker&quot;:&quot;https:\\\/\\\/www.santanyi.net\\\/wp-content\\\/themes\\\/houzez\\\/img\\\/map\\\/pin-single-family.png&quot;,&quot;retinaMarker&quot;:&quot;https:\\\/\\\/www.santanyi.net\\\/wp-content\\\/themes\\\/houzez\\\/img\\\/map\\\/pin-single-family.png&quot;,&quot;pricePin&quot;:&quot;760K\\u20ac&quot;,&quot;term_id&quot;:2111,&quot;marker_color&quot;:&quot;&quot;,&quot;thumbnail&quot;:&quot;https:\\\/\\\/www.santanyi.net\\\/wp-content\\\/uploads\\\/anaconda_property_media\\\/24620908-65562\\\/1-1-584x438.jpg&quot;,&quot;featured_label&quot;:&quot;&quot;,&quot;meta&quot;:&quot;&lt;div class=\\&quot;info-window-info-details\\&quot;&gt;&lt;span class=\\&quot;info-window-meta-item ms-2\\&quot;&gt;&lt;i class=\\&quot;houzez-icon icon-ruler-triangle me-1\\&quot;&gt;&lt;\\\/i&gt; 710 m2&lt;\\\/span&gt;&lt;\\\/div&gt;&quot;},{&quot;title&quot;:&quot;Solar urbano con una nave industrial en el precioso pueblo de Ses Salinas&quot;,&quot;url&quot;:&quot;https:\\\/\\\/www.santanyi.net\\\/ca\\\/property\\\/solar-urbano-con-una-nave-industrial-en-el-precioso-pueblo-de-ses-salinas-2\\\/&quot;,&quot;link_target&quot;:&quot;_self&quot;,&quot;price&quot;:&quot; 550.000\\u20ac&quot;,&quot;property_id&quot;:65560,&quot;latitude&quot;:&quot;39.35434672&quot;,&quot;longitude&quot;:&quot;3.12870637&quot;,&quot;address&quot;:&quot;&lt;div class=\\&quot;info-window-address-info text-truncate\\&quot;&gt;&lt;i class=\\&quot;houzez-icon icon-pin\\&quot; aria-hidden=\\&quot;true\\&quot;&gt;&lt;\\\/i&gt; Santany\\u00ed, 07650 Santany\\u00ed, BALEARES&lt;\\\/div&gt;&quot;,&quot;property_type&quot;:&quot;Solar&quot;,&quot;marker&quot;:&quot;https:\\\/\\\/www.santanyi.net\\\/wp-content\\\/themes\\\/houzez\\\/img\\\/map\\\/pin-single-family.png&quot;,&quot;retinaMarker&quot;:&quot;https:\\\/\\\/www.santanyi.net\\\/wp-content\\\/themes\\\/houzez\\\/img\\\/map\\\/pin-single-family.png&quot;,&quot;pricePin&quot;:&quot;550K\\u20ac&quot;,&quot;term_id&quot;:2111,&quot;marker_color&quot;:&quot;&quot;,&quot;thumbnail&quot;:&quot;https:\\\/\\\/www.santanyi.net\\\/wp-content\\\/uploads\\\/anaconda_property_media\\\/24620903-65554\\\/1-1-584x438.jpg&quot;,&quot;featured_label&quot;:&quot;&quot;,&quot;meta&quot;:&quot;&lt;div class=\\&quot;info-window-info-details\\&quot;&gt;&lt;span class=\\&quot;info-window-meta-item ms-2\\&quot;&gt;&lt;i class=\\&quot;houzez-icon icon-ruler-triangle me-1\\&quot;&gt;&lt;\\\/i&gt; 436.00 m2&lt;\\\/span&gt;&lt;\\\/div&gt;&quot;},{&quot;title&quot;:&quot;Solar Urbano en el precioso pueblo de Ses Salinas&quot;,&quot;url&quot;:&quot;https:\\\/\\\/www.santanyi.net\\\/ca\\\/property\\\/solar-urbano-en-el-precioso-pueblo-de-ses-salinas-2\\\/&quot;,&quot;link_target&quot;:&quot;_self&quot;,&quot;price&quot;:&quot; 550.000\\u20ac&quot;,&quot;property_id&quot;:65552,&quot;latitude&quot;:&quot;39.33888339&quot;,&quot;longitude&quot;:&quot;3.05690403&quot;,&quot;address&quot;:&quot;&lt;div class=\\&quot;info-window-address-info text-truncate\\&quot;&gt;&lt;i class=\\&quot;houzez-icon icon-pin\\&quot; aria-hidden=\\&quot;true\\&quot;&gt;&lt;\\\/i&gt; Ses salines, 07640 Ses Salines, BALEARES&lt;\\\/div&gt;&quot;,&quot;property_type&quot;:&quot;Solar&quot;,&quot;marker&quot;:&quot;https:\\\/\\\/www.santanyi.net\\\/wp-content\\\/themes\\\/houzez\\\/img\\\/map\\\/pin-single-family.png&quot;,&quot;retinaMarker&quot;:&quot;https:\\\/\\\/www.santanyi.net\\\/wp-content\\\/themes\\\/houzez\\\/img\\\/map\\\/pin-single-family.png&quot;,&quot;pricePin&quot;:&quot;550K\\u20ac&quot;,&quot;term_id&quot;:2111,&quot;marker_color&quot;:&quot;&quot;,&quot;thumbnail&quot;:&quot;https:\\\/\\\/www.santanyi.net\\\/wp-content\\\/uploads\\\/anaconda_property_media\\\/24620902-65546\\\/1-1-584x438.jpg&quot;,&quot;featured_label&quot;:&quot;&quot;,&quot;meta&quot;:&quot;&lt;div class=\\&quot;info-window-info-details\\&quot;&gt;&lt;span class=\\&quot;info-window-meta-item ms-2\\&quot;&gt;&lt;i class=\\&quot;houzez-icon icon-ruler-triangle me-1\\&quot;&gt;&lt;\\\/i&gt; 968 m2&lt;\\\/span&gt;&lt;\\\/div&gt;&quot;}]}' data-options='{&quot;default_lat&quot;:&quot;39.56939&quot;,&quot;default_lng&quot;:&quot;2.65024&quot;,&quot;markerPricePins&quot;:&quot;no&quot;,&quot;single_map_zoom&quot;:&quot;14&quot;,&quot;default_zoom&quot;:12,&quot;max_zoom&quot;:&quot;18&quot;,&quot;clusterer_zoom&quot;:&quot;12&quot;,&quot;map_cluster_enable&quot;:&quot;0&quot;,&quot;map_type&quot;:&quot;roadmap&quot;,&quot;mapbox_style&quot;:&quot;mapbox:\\\/\\\/styles\\\/mapbox\\\/streets-v11&quot;,&quot;mapbox_access_token&quot;:&quot;&quot;,&quot;map_pin_type&quot;:&quot;marker&quot;,&quot;closeIcon&quot;:&quot;https:\\\/\\\/www.santanyi.net\\\/wp-content\\\/themes\\\/houzez\\\/img\\\/map\\\/close.png&quot;,&quot;infoWindowPlac&quot;:&quot;https:\\\/\\\/www.santanyi.net\\\/wp-content\\\/themes\\\/houzez\\\/img\\\/pixel.gif&quot;,&quot;mapId&quot;:&quot;HOUZEZ_MAP_ID&quot;,&quot;clusterIcon&quot;:&quot;https:\\\/\\\/drac.fxdw.dev\\\/wp-content\\\/themes\\\/houzez\\\/img\\\/map\\\/cluster-icon.png&quot;}'><\/div>\r\n         <\/div>\r\n         \t\t\t\t<\/div>\n\t\t\t\t<\/div>\n\t\t\t\t<\/div>\n\t\t<div data-particle_enable=\"false\" data-particle-mobile-disabled=\"false\" class=\"elementor-element elementor-element-1e68a6f e-flex e-con-boxed e-con e-parent\" data-id=\"1e68a6f\" data-element_type=\"container\" data-e-type=\"container\" data-settings=\"{&quot;background_background&quot;:&quot;classic&quot;}\">\n\t\t\t\t\t<div class=\"e-con-inner\">\n\t\t\t\t<div class=\"elementor-element elementor-element-b5f0e0a elementor-button-align-stretch elementor-widget elementor-widget-houzez_elementor_search_builder\" data-id=\"b5f0e0a\" data-element_type=\"widget\" data-e-type=\"widget\" data-widget_type=\"houzez_elementor_search_builder.default\">\n\t\t\t\t<div class=\"elementor-widget-container\">\n\t\t\t\t\t\r\n        <form class=\"houzez-search-form-js houzez-search-builder-form-js\" id=\"houzez-search-b5f0e0a\" method=\"get\" action=\"https:\/\/www.santanyi.net\/ca\/cerca\/\" >\r\n\r\n            \r\n            <div class=\"houzez-search-builder-wrapper\">\r\n\r\n                <div class=\"houzez-ele-search-form-wrapper elementor-form-fields-wrapper elementor-labels-above\">\r\n\r\n                                            <div class=\"elementor-field-group elementor-column form-group elementor-field-group-field-cities elementor-col-20\">\r\n                    <label for=\"form-field-field-cities\" class=\"elementor-field-label elementor-screen-only\">Localitat<\/label>        <div class=\"elementor-field elementor-select-wrapper form-group\">\r\n            <select data-size=\"5\" name=\"location[]\" id=\"form-field-field-cities\" class=\"selectpicker bs-select-hidden houzez-field-textual form-control elementor-size-sm houzezSelectFilter houzezCityFilter houzezThirdList houzez-city-js\" data-none-results-text=\"Cap resultat no coincideix {0}\" data-target=\"houzezFourthList\">\r\n                <option value=\"\">Localitat<\/option><option data-ref=\"arta\" data-belong=\"\" data-subtext=\"\" value=\"arta\">Arta<\/option><option data-ref=\"cala-millor\" data-belong=\"\" data-subtext=\"\" value=\"cala-millor\">Cala Millor<\/option><option data-ref=\"calvia\" data-belong=\"\" data-subtext=\"\" value=\"calvia\">Calvi\u00e0<\/option><option data-ref=\"campos\" data-belong=\"\" data-subtext=\"\" value=\"campos\">Campos<\/option><option data-ref=\"colonia-de-sant-jordi\" data-belong=\"\" data-subtext=\"\" value=\"colonia-de-sant-jordi\">Col\u00f2nia de Sant Jordi<\/option><option data-ref=\"felanitx\" data-belong=\"\" data-subtext=\"\" value=\"felanitx\">Felanitx<\/option><option data-ref=\"laujar-de-andarax\" data-belong=\"\" data-subtext=\"\" value=\"laujar-de-andarax\">Laujar De Andarax<\/option><option data-ref=\"llucmajor\" data-belong=\"\" data-subtext=\"\" value=\"llucmajor\">Llucmajor<\/option><option data-ref=\"manacor\" data-belong=\"\" data-subtext=\"\" value=\"manacor\">Manacor<\/option><option data-ref=\"montuiri\" data-belong=\"\" data-subtext=\"\" value=\"montuiri\">Montu\u00efri<\/option><option data-ref=\"palma-de-mallorca\" data-belong=\"\" data-subtext=\"\" value=\"palma-de-mallorca\">Palma de Mallorca<\/option><option data-ref=\"pollenca\" data-belong=\"\" data-subtext=\"\" value=\"pollenca\">Pollen\u00e7a<\/option><option data-ref=\"portocolom\" data-belong=\"\" data-subtext=\"\" value=\"portocolom\">Portocolom<\/option><option data-ref=\"santa-maria-del-cami\" data-belong=\"\" data-subtext=\"\" value=\"santa-maria-del-cami\">Santa Maria Del Cami<\/option><option data-ref=\"santanyi\" data-belong=\"\" data-subtext=\"\" value=\"santanyi\">Santany\u00ed<\/option><option data-ref=\"sencelles\" data-belong=\"\" data-subtext=\"\" value=\"sencelles\">Sencelles<\/option><option data-ref=\"ses-salines\" data-belong=\"\" data-subtext=\"\" value=\"ses-salines\">Ses Salines<\/option>            <\/select>\r\n        <\/div>\r\n                            <\/div>\r\n                                <div class=\"elementor-field-group elementor-column form-group elementor-field-group-field-types elementor-col-20 elementor-sm-50\">\r\n                    <label for=\"form-field-field-types\" class=\"elementor-field-label elementor-screen-only\">Tipus<\/label>        <div class=\"elementor-field elementor-select-wrapper form-group\">\r\n            <select multiple=\"multiple\" title=\"Tipus\" data-selected-text-format=\"count &gt; 1\" data-count-selected-text=\"{0} types selected\" data-size=\"5\" name=\"type[]\" id=\"form-field-field-types\" class=\"selectpicker bs-select-hidden houzez-field-textual form-control elementor-size-sm \" data-none-results-text=\"Cap resultat no coincideix {0}\">\r\n                <option data-ref=\"apartaments-pisos\"   value=\"apartaments-pisos\">Apartament \/ Pis<\/option><option data-ref=\"apartamento-ca\"  value=\"apartamento-ca\"> - Apartament<\/option><option data-ref=\"duplex-ca\"  value=\"duplex-ca\"> - D\u00faplex<\/option><option data-ref=\"garage-ca\"  value=\"garage-ca\"> - Garatge<\/option><option data-ref=\"piso-ca\"  value=\"piso-ca\"> - Pis<\/option><option data-ref=\"flat-ca\"  value=\"flat-ca\"> - Piso<\/option><option data-ref=\"planta-baja-ca\"  value=\"planta-baja-ca\"> - Planta baixa<\/option><option data-ref=\"storage-room-ca\"  value=\"storage-room-ca\"> - Traster<\/option><option data-ref=\"villa-de-lujo-ca\"  value=\"villa-de-lujo-ca\"> - Vila de Luxe<\/option><option data-ref=\"casa-xalet\"   value=\"casa-xalet\">Casa \/ Xalet<\/option><option data-ref=\"adosado-ca\"  value=\"adosado-ca\"> - Adossat<\/option><option data-ref=\"casa-ca\"  value=\"casa-ca\"> - Casa<\/option><option data-ref=\"house-detached-house-ca\"  value=\"house-detached-house-ca\"> - Casa \/ Casa unifamiliar<\/option><option data-ref=\"casa-de-campo-ca\"  value=\"casa-de-campo-ca\"> - Casa de camp<\/option><option data-ref=\"casa-de-pueblo-ca\"  value=\"casa-de-pueblo-ca\"> - Casa de Poble<\/option><option data-ref=\"pareado-ca\"  value=\"pareado-ca\"> - Pareado<\/option><option data-ref=\"villa-ca\"  value=\"villa-ca\"> - Villa<\/option><option data-ref=\"chalet-ca\"  value=\"chalet-ca\"> - Xalet<\/option><option data-ref=\"finca-rustica-ca\"   value=\"finca-rustica-ca\">Finca R\u00fastica<\/option><option data-ref=\"negocis\"   value=\"negocis\">Negocis<\/option><option data-ref=\"building-ca\"  value=\"building-ca\"> - Edifici<\/option><option data-ref=\"edificio-ca\"  value=\"edificio-ca\"> - Edifici<\/option><option data-ref=\"retail-space-ca\"  value=\"retail-space-ca\"> - Espai comercial<\/option><option data-ref=\"local-comercial-ca\"  value=\"local-comercial-ca\"> - Local comercial<\/option><option data-ref=\"office-ca\"  value=\"office-ca\"> - Office<\/option><option data-ref=\"industrial-unit-ca\"  value=\"industrial-unit-ca\"> - Unitat Industrial<\/option><option data-ref=\"venue-ca\"  value=\"venue-ca\"> - Venue<\/option><option data-ref=\"terreno-urbano-ca\"   value=\"terreno-urbano-ca\">Terreno Urbano<\/option><option data-ref=\"terrenys\"   value=\"terrenys\">Terrenys<\/option><option data-ref=\"parcela-ca\"  value=\"parcela-ca\"> - Parcel\u00b7la<\/option><option data-ref=\"rustic-ca\"  value=\"rustic-ca\"> - R\u00fastic<\/option><option data-ref=\"solar-ca\"  value=\"solar-ca\"> - Solar<\/option><option data-ref=\"terrain-ca\"  value=\"terrain-ca\"> - Terrain<\/option><option data-ref=\"terreno-rustico-ca\"  value=\"terreno-rustico-ca\"> - Terreno R\u00fastico<\/option><option data-ref=\"terreno-rural-ca\"  value=\"terreno-rural-ca\"> - Terreny rural<\/option><option data-ref=\"terreno-urbanizable-ca\"  value=\"terreno-urbanizable-ca\"> - Terreny urbanitzable<\/option>            <\/select>\r\n        <\/div>\r\n                            <\/div>\r\n                                <div class=\"elementor-field-group elementor-column form-group elementor-field-group-field-status elementor-col-20 elementor-sm-50\">\r\n                    <label for=\"form-field-field-status\" class=\"elementor-field-label elementor-screen-only\">Estat<\/label>        <div class=\"elementor-field elementor-select-wrapper form-group\">\r\n            <select multiple=\"multiple\" title=\"Estat\" data-selected-text-format=\"count &gt; 1\" data-count-selected-text=\"{0} status selected\" data-size=\"5\" name=\"status[]\" id=\"form-field-field-status\" class=\"selectpicker bs-select-hidden houzez-field-textual form-control elementor-size-sm status-js\" data-none-results-text=\"Cap resultat no coincideix {0}\">\r\n                <option data-ref=\"10-ca\"   value=\"10-ca\">10<\/option><option data-ref=\"100-ca\"   value=\"100-ca\">100<\/option><option data-ref=\"15-ca\"   value=\"15-ca\">15<\/option><option data-ref=\"20-ca\"   value=\"20-ca\">20<\/option><option data-ref=\"30-ca\"   value=\"30-ca\">30<\/option><option data-ref=\"5-ca\"   value=\"5-ca\">5<\/option><option data-ref=\"50-ca\"   value=\"50-ca\">50<\/option><option data-ref=\"70-ca\"   value=\"70-ca\">70<\/option><option data-ref=\"80-ca\"   value=\"80-ca\">80<\/option><option data-ref=\"90-ca\"   value=\"90-ca\">90<\/option><option data-ref=\"buen-estado-ca\"   value=\"buen-estado-ca\">Bon estat<\/option><option data-ref=\"ninguno-ca\"   value=\"ninguno-ca\">Cap<\/option><option data-ref=\"venta-ca\"   value=\"venta-ca\">Comprar<\/option><option data-ref=\"de-origen-ca\"   value=\"de-origen-ca\">De Origen<\/option><option data-ref=\"en-construccion-ca\"   value=\"en-construccion-ca\">En construcci\u00f3<\/option><option data-ref=\"en-proyecto-ca\"   value=\"en-proyecto-ca\">En projecte<\/option><option data-ref=\"entrar-a-vivir-ca\"   value=\"entrar-a-vivir-ca\">Entrar a viure<\/option><option data-ref=\"alquilar-ca\"   value=\"alquilar-ca\">Llogar<\/option><option data-ref=\"nuevo-ca\"   value=\"nuevo-ca\">Nou<\/option><option data-ref=\"obra-nueva-ca\"   value=\"obra-nueva-ca\">Obra Nova<\/option><option data-ref=\"para-reformar-ca\"   value=\"para-reformar-ca\">Per reformar<\/option><option data-ref=\"reformar-parcialmente-ca\"   value=\"reformar-parcialmente-ca\">Reformar Parcialment<\/option><option data-ref=\"reformado-ca\"   value=\"reformado-ca\">Reformat<\/option><option data-ref=\"seminuevo-ca\"   value=\"seminuevo-ca\">Seminou<\/option><option data-ref=\"semireformado-ca\"   value=\"semireformado-ca\">Semireformat<\/option>            <\/select>\r\n        <\/div>\r\n                            <\/div>\r\n                                <div class=\"elementor-field-group elementor-column elementor-col-20\">\r\n                            \r\n                                                        <a class=\"elementor-button advanced-search-btn elementor-size-sm w-100 d-block text-center\" data-bs-toggle=\"collapse\" href=\"#advanced-search-filters-b5f0e0a\">\r\n                                <i class=\"houzez-icon icon-cog me-1\"><\/i> Avanzado                            <\/a>\r\n                                                    <\/div>\r\n                                                <div class=\"elementor-field-group elementor-column elementor-field-type-submit elementor-col-20\">\r\n                                <button type=\"submit\" class=\"houzez-search-button btn-primary elementor-button elementor-size-sm\">\r\n                                                                            CERCAR                                                                    <\/button>\r\n                            <\/div>\r\n                            \r\n                <\/div><!-- End main wrapper-->\r\n\r\n                                <div id=\"advanced-search-filters-b5f0e0a\" class=\"collapse \">\r\n                    <div class=\"elementor-form-fields-wrapper elementor-labels-above advanced-search-filters\">\r\n                                                <div class=\"elementor-field-group elementor-column form-group elementor-field-group-field-beds elementor-col-20 elementor-sm-50\">\r\n                    <label for=\"form-field-field-beds\" class=\"elementor-field-label elementor-screen-only\">Dormitoris<\/label>        <div class=\"elementor-field elementor-select-wrapper\">\r\n            <select data-size=\"5\" name=\"bedrooms\" id=\"form-field-field-beds\" class=\"selectpicker bs-select-hidden houzez-field-textual form-control elementor-size-sm\">\r\n                <option value=\"\">Dormitoris<\/option><option value=\"1\">1<\/option><option value=\"2\">2<\/option><option value=\"3\">3<\/option><option value=\"4\">4<\/option><option value=\"5\">5<\/option><option value=\"6\">6<\/option><option value=\"7\">7<\/option><option value=\"8\">8<\/option><option value=\"9\">9<\/option><option value=\"10\">10<\/option><option value=\"any\">Alguna<\/option>            <\/select>\r\n        <\/div>\r\n                            <\/div>\r\n                                <div class=\"elementor-field-group elementor-column form-group elementor-field-group-field-baths elementor-col-20 elementor-sm-50\">\r\n                    <label for=\"form-field-field-baths\" class=\"elementor-field-label elementor-screen-only\">Banys<\/label>        <div class=\"elementor-field elementor-select-wrapper\">\r\n            <select data-size=\"5\" name=\"bedrooms\" id=\"form-field-field-baths\" class=\"selectpicker bs-select-hidden houzez-field-textual form-control elementor-size-sm\">\r\n                <option value=\"\">Banys<\/option><option value=\"1\">1<\/option><option value=\"2\">2<\/option><option value=\"3\">3<\/option><option value=\"4\">4<\/option><option value=\"5\">5<\/option><option value=\"6\">6<\/option><option value=\"7\">7<\/option><option value=\"8\">8<\/option><option value=\"9\">9<\/option><option value=\"10\">10<\/option><option value=\"any\">Alguna<\/option>            <\/select>\r\n        <\/div>\r\n                            <\/div>\r\n                                <div class=\"elementor-field-group elementor-column form-group elementor-field-group-field-min-price elementor-col-16 elementor-sm-50\">\r\n                    <label for=\"form-field-field-min-price\" class=\"elementor-field-label elementor-screen-only\">Preu M\u00ednim<\/label>            <div class=\"prices-for-all elementor-field elementor-select-wrapper\">\r\n                <select data-size=\"5\" name=\"min-price\" id=\"form-field-field-min-price\" class=\"selectpicker bs-select-hidden houzez-field-textual form-control elementor-size-sm\">\r\n                    <option value=\"\">Preu M\u00ednim<\/option><option value=\"any\">Alguna<\/option><option value=\"1000\">1.000\u20ac<\/option><option value=\"5000\">5.000\u20ac<\/option><option value=\"10000\">10.000\u20ac<\/option><option value=\"20000\">20.000\u20ac<\/option><option value=\"30000\">30.000\u20ac<\/option><option value=\"40000\">40.000\u20ac<\/option><option value=\"50000\">50.000\u20ac<\/option><option value=\"60000\">60.000\u20ac<\/option><option value=\"70000\">70.000\u20ac<\/option><option value=\"80000\">80.000\u20ac<\/option><option value=\"90000\">90.000\u20ac<\/option><option value=\"100000\">100.000\u20ac<\/option><option value=\"110000\">110.000\u20ac<\/option><option value=\"120000\">120.000\u20ac<\/option><option value=\"130000\">130.000\u20ac<\/option><option value=\"140000\">140.000\u20ac<\/option><option value=\"150000\">150.000\u20ac<\/option><option value=\"160000\">160.000\u20ac<\/option><option value=\"180000\">180.000\u20ac<\/option><option value=\"190000\">190.000\u20ac<\/option><option value=\"200000\">200.000\u20ac<\/option><option value=\"210000\">210.000\u20ac<\/option><option value=\"220000\">220.000\u20ac<\/option><option value=\"230000\">230.000\u20ac<\/option><option value=\"240000\">240.000\u20ac<\/option><option value=\"250000\">250.000\u20ac<\/option><option value=\"260000\">260.000\u20ac<\/option><option value=\"270000\">270.000\u20ac<\/option><option value=\"280000\">280.000\u20ac<\/option><option value=\"290000\">290.000\u20ac<\/option><option value=\"300000\">300.000\u20ac<\/option><option value=\"310000\">310.000\u20ac<\/option><option value=\"320000\">320.000\u20ac<\/option><option value=\"330000\">330.000\u20ac<\/option><option value=\"340000\">340.000\u20ac<\/option><option value=\"350000\">350.000\u20ac<\/option><option value=\"360000\">360.000\u20ac<\/option><option value=\"370000\">370.000\u20ac<\/option><option value=\"380000\">380.000\u20ac<\/option><option value=\"390000\">390.000\u20ac<\/option><option value=\"400000\">400.000\u20ac<\/option><option value=\"410000\">410.000\u20ac<\/option><option value=\"420000\">420.000\u20ac<\/option><option value=\"430000\">430.000\u20ac<\/option><option value=\"440000\">440.000\u20ac<\/option><option value=\"450000\">450.000\u20ac<\/option><option value=\"460000\">460.000\u20ac<\/option><option value=\"470000\">470.000\u20ac<\/option><option value=\"480000\">480.000\u20ac<\/option><option value=\"490000\">490.000\u20ac<\/option><option value=\"500000\">500.000\u20ac<\/option><option value=\"600000\">600.000\u20ac<\/option><option value=\"700000\">700.000\u20ac<\/option><option value=\"800000\">800.000\u20ac<\/option><option value=\"900000\">900.000\u20ac<\/option><option value=\"1000000\">1.000.000\u20ac<\/option><option value=\"1500000\">1.500.000\u20ac<\/option><option value=\"2000000\">2.000.000\u20ac<\/option><option value=\"2500000\">2.500.000\u20ac<\/option><option value=\"3000000\">3.000.000\u20ac<\/option><option value=\"3500000\">3.500.000\u20ac<\/option><option value=\"4000000\">4.000.000\u20ac<\/option><option value=\"4500000\">4.500.000\u20ac<\/option><option value=\"5000000\">5.000.000\u20ac<\/option><option value=\"6000000\">6.000.000\u20ac<\/option><option value=\"6500000\">6.500.000\u20ac<\/option><option value=\"7000000\">7.000.000\u20ac<\/option><option value=\"7500000\">7.500.000\u20ac<\/option><option value=\"8000000\">8.000.000\u20ac<\/option><option value=\"8500000\">8.500.000\u20ac<\/option><option value=\"9000000\">9.000.000\u20ac<\/option><option value=\"9500000\">9.500.000\u20ac<\/option><option value=\"10000000\">10.000.000\u20ac<\/option>\r\n                <\/select><!-- selectpicker -->\r\n            <\/div><!-- form-group -->\r\n\r\n            <div class=\"hide prices-only-for-rent elementor-field elementor-select-wrapper\">\r\n                <select data-size=\"5\" name=\"min-price\" id=\"form-field-field-min-price\" class=\"selectpicker bs-select-hidden houzez-field-textual form-control elementor-size-sm\">\r\n                    <option value=\"\">Preu M\u00ednim<\/option><option value=\"any\">Alguna<\/option><option value=\"100\">100\u20ac<\/option><option value=\"150\">150\u20ac<\/option><option value=\"200\">200\u20ac<\/option><option value=\"250\">250\u20ac<\/option><option value=\"300\">300\u20ac<\/option><option value=\"400\">400\u20ac<\/option><option value=\"500\">500\u20ac<\/option><option value=\"600\">600\u20ac<\/option><option value=\"700\">700\u20ac<\/option><option value=\"1000\">1.000\u20ac<\/option><option value=\"1500\">1.500\u20ac<\/option><option value=\"2000\">2.000\u20ac<\/option><option value=\"2500\">2.500\u20ac<\/option><option value=\"3000\">3.000\u20ac<\/option><option value=\"4000\">4.000\u20ac<\/option><option value=\"5000\">5.000\u20ac<\/option><option value=\"7500\">7.500\u20ac<\/option><option value=\"10000\">10.000\u20ac<\/option><option value=\"15000\">15.000\u20ac<\/option><option value=\"20000\">20.000\u20ac<\/option><option value=\"25000\">25.000\u20ac<\/option><option value=\"30000\">30.000\u20ac<\/option><option value=\"40000\">40.000\u20ac<\/option><option value=\"50000\">50.000\u20ac<\/option><option value=\"75000\">75.000\u20ac<\/option><option value=\"100000\">100.000\u20ac<\/option>\r\n                <\/select><!-- selectpicker -->\r\n            <\/div><!-- form-group -->\r\n\r\n                            <\/div>\r\n                                <div class=\"elementor-field-group elementor-column form-group elementor-field-group-field-max-price elementor-col-16 elementor-sm-50\">\r\n                    <label for=\"form-field-field-max-price\" class=\"elementor-field-label elementor-screen-only\">Preu M\u00e0xim<\/label>        <div class=\"prices-for-all elementor-field elementor-select-wrapper\">\r\n            <select data-size=\"5\" name=\"max-price\" id=\"form-field-field-max-price\" class=\"selectpicker bs-select-hidden houzez-field-textual form-control elementor-size-sm\">\r\n                <option value=\"\">Preu M\u00e0xim<\/option><option value=\"any\">Alguna<\/option><option value=\"5000\">5.000\u20ac<\/option><option value=\"10000\">10.000\u20ac<\/option><option value=\"20000\">20.000\u20ac<\/option><option value=\"30000\">30.000\u20ac<\/option><option value=\"40000\">40.000\u20ac<\/option><option value=\"50000\">50.000\u20ac<\/option><option value=\"60000\">60.000\u20ac<\/option><option value=\"70000\">70.000\u20ac<\/option><option value=\"80000\">80.000\u20ac<\/option><option value=\"90000\">90.000\u20ac<\/option><option value=\"100000\">100.000\u20ac<\/option><option value=\"110000\">110.000\u20ac<\/option><option value=\"120000\">120.000\u20ac<\/option><option value=\"130000\">130.000\u20ac<\/option><option value=\"140000\">140.000\u20ac<\/option><option value=\"150000\">150.000\u20ac<\/option><option value=\"160000\">160.000\u20ac<\/option><option value=\"180000\">180.000\u20ac<\/option><option value=\"190000\">190.000\u20ac<\/option><option value=\"200000\">200.000\u20ac<\/option><option value=\"210000\">210.000\u20ac<\/option><option value=\"220000\">220.000\u20ac<\/option><option value=\"230000\">230.000\u20ac<\/option><option value=\"240000\">240.000\u20ac<\/option><option value=\"250000\">250.000\u20ac<\/option><option value=\"260000\">260.000\u20ac<\/option><option value=\"270000\">270.000\u20ac<\/option><option value=\"280000\">280.000\u20ac<\/option><option value=\"290000\">290.000\u20ac<\/option><option value=\"300000\">300.000\u20ac<\/option><option value=\"310000\">310.000\u20ac<\/option><option value=\"320000\">320.000\u20ac<\/option><option value=\"330000\">330.000\u20ac<\/option><option value=\"340000\">340.000\u20ac<\/option><option value=\"350000\">350.000\u20ac<\/option><option value=\"360000\">360.000\u20ac<\/option><option value=\"370000\">370.000\u20ac<\/option><option value=\"380000\">380.000\u20ac<\/option><option value=\"390000\">390.000\u20ac<\/option><option value=\"400000\">400.000\u20ac<\/option><option value=\"410000\">410.000\u20ac<\/option><option value=\"420000\">420.000\u20ac<\/option><option value=\"430000\">430.000\u20ac<\/option><option value=\"440000\">440.000\u20ac<\/option><option value=\"450000\">450.000\u20ac<\/option><option value=\"460000\">460.000\u20ac<\/option><option value=\"470000\">470.000\u20ac<\/option><option value=\"480000\">480.000\u20ac<\/option><option value=\"490000\">490.000\u20ac<\/option><option value=\"500000\">500.000\u20ac<\/option><option value=\"600000\">600.000\u20ac<\/option><option value=\"700000\">700.000\u20ac<\/option><option value=\"800000\">800.000\u20ac<\/option><option value=\"900000\">900.000\u20ac<\/option><option value=\"1000000\">1.000.000\u20ac<\/option><option value=\"1500000\">1.500.000\u20ac<\/option><option value=\"2000000\">2.000.000\u20ac<\/option><option value=\"2500000\">2.500.000\u20ac<\/option><option value=\"3000000\">3.000.000\u20ac<\/option><option value=\"3500000\">3.500.000\u20ac<\/option><option value=\"4000000\">4.000.000\u20ac<\/option><option value=\"4500000\">4.500.000\u20ac<\/option><option value=\"5000000\">5.000.000\u20ac<\/option><option value=\"6000000\">6.000.000\u20ac<\/option><option value=\"6500000\">6.500.000\u20ac<\/option><option value=\"7000000\">7.000.000\u20ac<\/option><option value=\"7500000\">7.500.000\u20ac<\/option><option value=\"8000000\">8.000.000\u20ac<\/option><option value=\"8500000\">8.500.000\u20ac<\/option><option value=\"9000000\">9.000.000\u20ac<\/option><option value=\"9500000\">9.500.000\u20ac<\/option><option value=\"10000000\">10.000.000\u20ac<\/option>\r\n            <\/select><!-- selectpicker -->\r\n        <\/div><!-- form-group -->\r\n\r\n        <div class=\"hide prices-only-for-rent elementor-field elementor-select-wrapper\">\r\n            <select data-size=\"5\" name=\"max-price\" id=\"form-field-field-max-price\" class=\"selectpicker bs-select-hidden houzez-field-textual form-control elementor-size-sm\">\r\n                <option value=\"\">Preu M\u00e0xim<\/option><option value=\"any\">Alguna<\/option><option value=\"1000\">1.000\u20ac<\/option><option value=\"1500\">1.500\u20ac<\/option><option value=\"2000\">2.000\u20ac<\/option><option value=\"2500\">2.500\u20ac<\/option><option value=\"3000\">3.000\u20ac<\/option><option value=\"4000\">4.000\u20ac<\/option><option value=\"5000\">5.000\u20ac<\/option><option value=\"7500\">7.500\u20ac<\/option><option value=\"10000\">10.000\u20ac<\/option><option value=\"15000\">15.000\u20ac<\/option><option value=\"20000\">20.000\u20ac<\/option><option value=\"25000\">25.000\u20ac<\/option><option value=\"30000\">30.000\u20ac<\/option><option value=\"40000\">40.000\u20ac<\/option><option value=\"50000\">50.000\u20ac<\/option><option value=\"75000\">75.000\u20ac<\/option><option value=\"100000\">100.000\u20ac<\/option><option value=\"150000\">150.000\u20ac<\/option>\r\n            <\/select><!-- selectpicker -->\r\n        <\/div><!-- form-group -->\r\n                            <\/div>\r\n                                <div class=\"elementor-field-group elementor-column form-group elementor-field-group-field-min-area elementor-col-16 elementor-sm-50\">\r\n                    <label for=\"form-field-field-min-area\" class=\"elementor-field-label elementor-screen-only\">Min. \u00c0rea <\/label><input type=\"number\" size=\"1\" name=\"min-area\" id=\"form-field-field-min-area\" value=\"\" class=\"elementor-field form-control elementor-size-sm elementor-field-textual\" placeholder=\"Min. \u00c0rea \">                    <\/div>\r\n                                <div class=\"elementor-field-group elementor-column form-group elementor-field-group-field-max-area elementor-col-16 elementor-sm-50\">\r\n                    <label for=\"form-field-field-max-area\" class=\"elementor-field-label elementor-screen-only\">Max. \u00c0rea <\/label><input type=\"number\" size=\"1\" name=\"max-area\" id=\"form-field-field-max-area\" value=\"\" class=\"elementor-field form-control elementor-size-sm elementor-field-textual\" placeholder=\"Max. \u00c0rea \">                    <\/div>\r\n                                <div class=\"elementor-field-group elementor-column form-group elementor-field-group-field-property_id elementor-col-16\">\r\n                    <label for=\"form-field-field-property_id\" class=\"elementor-field-label elementor-screen-only\">ID Propietat<\/label><input type=\"text\" size=\"1\" name=\"property_id\" id=\"form-field-field-property_id\" value=\"\" class=\"elementor-field form-control elementor-size-sm elementor-field-textual\" placeholder=\"ID Propietat\">                    <\/div>\r\n                            <\/div>\r\n                <\/div>\r\n                            <\/div> <!-- End houzez-search-builder-wrapper -->\r\n        <\/form>\r\n\r\n        \t\t\t\t<\/div>\n\t\t\t\t<\/div>\n\t\t\t\t\t<\/div>\n\t\t\t\t<\/div>\n\t\t<div data-particle_enable=\"false\" data-particle-mobile-disabled=\"false\" class=\"elementor-element elementor-element-c7952e3 e-con-full e-flex e-con e-parent\" data-id=\"c7952e3\" data-element_type=\"container\" data-e-type=\"container\">\n\t\t\t\t<div class=\"elementor-element elementor-element-58d8600 elementor-widget elementor-widget-heading\" data-id=\"58d8600\" data-element_type=\"widget\" data-e-type=\"widget\" data-widget_type=\"heading.default\">\n\t\t\t\t<div class=\"elementor-widget-container\">\n\t\t\t\t\t<h2 class=\"elementor-heading-title elementor-size-default\">Llistat de solars urbans<\/h2>\t\t\t\t<\/div>\n\t\t\t\t<\/div>\n\t\t\t\t<div class=\"elementor-element elementor-element-b5b6500 elementor-widget elementor-widget-houzez_elementor_property-card-v5\" data-id=\"b5b6500\" data-element_type=\"widget\" data-e-type=\"widget\" data-widget_type=\"houzez_elementor_property-card-v5.default\">\n\t\t\t\t<div class=\"elementor-widget-container\">\n\t\t\t\t\t    <div id=\"properties_module_section\" class=\"property-cards-module property-cards-module-v5 property-cards-module-col-3\">\r\n        <div id=\"module_properties\" class=\"listing-view grid-view row row-cols-1 row-cols-md-2 row-cols-lg-3 gy-4 gx-4\">\r\n            <div class=\"item-listing-wrap hz-item-gallery-js item-wrap-v5 hz-map-trigger\" data-hz-id=\"194852\" \r\n\r\ndata-images=\"[{&quot;0&quot;:[],&quot;image&quot;:&quot;https:\\\/\\\/fotos15.inmovilla.com\\\/12732\\\/27465897\\\/1-1.jpg&quot;,&quot;alt&quot;:&quot;&quot;,&quot;width&quot;:592,&quot;height&quot;:444},{&quot;0&quot;:[],&quot;image&quot;:&quot;https:\\\/\\\/fotos15.inmovilla.com\\\/12732\\\/27465897\\\/1-2.jpg&quot;,&quot;alt&quot;:&quot;&quot;,&quot;width&quot;:592,&quot;height&quot;:444,&quot;1&quot;:[]},{&quot;0&quot;:[],&quot;image&quot;:&quot;https:\\\/\\\/fotos15.inmovilla.com\\\/12732\\\/27465897\\\/1-3.jpg&quot;,&quot;alt&quot;:&quot;&quot;,&quot;width&quot;:592,&quot;height&quot;:444,&quot;1&quot;:[],&quot;2&quot;:[]},{&quot;0&quot;:[],&quot;image&quot;:&quot;https:\\\/\\\/fotos15.inmovilla.com\\\/12732\\\/27465897\\\/1-4.jpg&quot;,&quot;alt&quot;:&quot;&quot;,&quot;width&quot;:592,&quot;height&quot;:444,&quot;1&quot;:[],&quot;2&quot;:[],&quot;3&quot;:[]},{&quot;0&quot;:[],&quot;image&quot;:&quot;https:\\\/\\\/fotos15.inmovilla.com\\\/12732\\\/27465897\\\/1-5.jpg&quot;,&quot;alt&quot;:&quot;&quot;,&quot;width&quot;:592,&quot;height&quot;:444,&quot;1&quot;:[],&quot;2&quot;:[],&quot;3&quot;:[],&quot;4&quot;:[]},{&quot;0&quot;:[],&quot;image&quot;:&quot;https:\\\/\\\/fotos15.inmovilla.com\\\/12732\\\/27465897\\\/1-6.jpg&quot;,&quot;alt&quot;:&quot;&quot;,&quot;width&quot;:592,&quot;height&quot;:444,&quot;1&quot;:[],&quot;2&quot;:[],&quot;3&quot;:[],&quot;4&quot;:[],&quot;5&quot;:[]},{&quot;0&quot;:[],&quot;image&quot;:&quot;https:\\\/\\\/fotos15.inmovilla.com\\\/12732\\\/27465897\\\/1-7.jpg&quot;,&quot;alt&quot;:&quot;&quot;,&quot;width&quot;:592,&quot;height&quot;:444,&quot;1&quot;:[],&quot;2&quot;:[],&quot;3&quot;:[],&quot;4&quot;:[],&quot;5&quot;:[],&quot;6&quot;:[]}]\">\r\n\t<div class=\"item-wrap h-100\">\r\n\t\t<div class=\"d-flex flex-column align-items-center h-100\">\r\n\t\t\t<div class=\"item-header\">\r\n\t\t\t\t\t\t\t\t<div class=\"labels-wrap d-flex align-items-center gap-1\" role=\"group\"> \r\n\r\n\t<a href=\"https:\/\/www.santanyi.net\/status\/venta\/\" class=\"label-status label status-color-2096\">\r\n\t\t\t\t\tComprar\r\n\t\t\t\t<\/a><a href=\"https:\/\/www.santanyi.net\/ca\/status\/venta-ca\/\" class=\"label-status label status-color-2103\">\r\n\t\t\t\t\tComprar\r\n\t\t\t\t<\/a>       \r\n\r\n<\/div>\r\n\t\t\t\t<ul class=\"item-tools d-flex align-items-center justify-content-center gap-1\">\r\n        <li class=\"item-tool item-preview\">\r\n        <span class=\"hz-show-lightbox-js item-tool-preview text-center\" data-listid=\"194852\">\r\n            <span data-bs-toggle=\"tooltip\" data-bs-placement=\"top\" title=\"Vista pr\u00e8via\">\r\n                <i class=\"houzez-icon icon-expand-3\"><\/i>   \r\n            <\/span>\r\n        <\/span><!-- item-tool-favorite -->\r\n    <\/li><!-- item-tool -->\r\n        \r\n        <li class=\"item-tool item-favorite\">\r\n        <span class=\"add-favorite-js item-tool-favorite text-center\" data-bs-toggle=\"tooltip\" data-bs-placement=\"top\" title=\"Preferit\" data-listid=\"194852\">\r\n            <i class=\"houzez-icon icon-love-it \"><\/i>\r\n        <\/span><!-- item-tool-favorite -->\r\n    <\/li><!-- item-tool -->\r\n    \r\n        <li class=\"item-tool item-compare\">\r\n        <span class=\"houzez_compare compare-194852 item-tool-compare text-center\" data-bs-toggle=\"tooltip\" data-bs-placement=\"top\" title=\"Afegir per comparar\" data-listing_id=\"194852\" data-listing_image=\"https:\/\/www.santanyi.net\/wp-content\/uploads\/anaconda_property_media\/27465897-194846\/1-1-584x438.jpg\">\r\n            <i class=\"houzez-icon icon-add-circle\"><\/i>\r\n            <!-- <i class=\"houzez-icon icon-subtract-circle\"><\/i> -->\r\n        <\/span><!-- item-tool-compare -->\r\n    <\/li><!-- item-tool -->\r\n    <\/ul><!-- item-tools -->\r\n\t\t\t\t<div class=\"listing-image-wrap\">\r\n\t<div class=\"listing-thumb\">\r\n\t\t<a target=\"_self\" href=\"https:\/\/www.santanyi.net\/ca\/property\/inversio-estrategica-a-santanyi-solar-per-a-projectes-comunitaris-a-la-tranquil%c2%b7la-cala-dor-3\/\" class=\"listing-featured-thumb hover-effect image-wrap\" role=\"link\">\r\n\t\t\t<img fetchpriority=\"high\" decoding=\"async\" width=\"584\" height=\"438\" src=\"https:\/\/www.santanyi.net\/wp-content\/uploads\/anaconda_property_media\/27465897-194846\/1-1-584x438.jpg\" class=\"img-fluid wp-post-image\" alt=\"\" \/>\t\t<\/a><!-- hover-effect -->\r\n\t<\/div>\r\n<\/div>\t\t\t\t<div class=\"preview_loader\"><\/div>\r\n\t\t\t<\/div>\r\n\t\t\t<div class=\"item-body w-100 d-flex flex-column flex-fill align-items-center\">\r\n\t\t\t\t<h2 class=\"item-title mb-2 \">\r\n\t<a target=\"_self\" href=\"https:\/\/www.santanyi.net\/ca\/property\/inversio-estrategica-a-santanyi-solar-per-a-projectes-comunitaris-a-la-tranquil%c2%b7la-cala-dor-3\/\" role=\"link\">Inversi\u00f3 Estrat\u00e8gica a Santany\u00ed: Solar per a Projectes Comunitaris a la Tranquil\u00b7la Cala d&#8217;Or<\/a>\r\n<\/h2><!-- item-title -->\t\t\t\t<div class=\"item-v5-price mb-1\">\r\n\t\t\t\t\t 170.000\u20ac\t\t\t\t<\/div>\r\n\t\t\t\t\t\t\t\t<div class=\"item-v5-type d-flex flex-grow-1 text-center mb-3\">\r\n\t\t\t\t\tSolar\t\t\t\t<\/div>\r\n\t\t\t\t\t\t\t\t<ul class=\"item-amenities item-amenities-with-icons d-flex flex-wrap align-items-center gap-2 justify-content-center\" role=\"list\">\r\n\t<li class=\"h-area d-flex align-items-center me-1\"><i class=\"houzez-icon icon-ruler-triangle me-2\"><\/i><span class=\"hz-figure me-1\">452<\/span> <span class=\"hz-figure area_postfix\">m2<\/span><\/li>\t\r\n\t\r\n\t\r\n<\/ul>\r\n\r\n<div class=\"property_ref_bottom\" style=\"display:none\">\r\n\tDRAC-UR2053GE<\/div>\r\n\r\n\r\n\r\n\r\n\r\n\r\n \r\n \t\t\t<\/div>\r\n\t\t<\/div>\r\n\t<\/div>\r\n<\/div><div class=\"item-listing-wrap hz-item-gallery-js item-wrap-v5 hz-map-trigger\" data-hz-id=\"194780\" \r\n\r\ndata-images=\"[{&quot;0&quot;:[],&quot;image&quot;:&quot;https:\\\/\\\/fotos15.inmovilla.com\\\/12732\\\/24621076\\\/7-1.jpg&quot;,&quot;alt&quot;:&quot;&quot;,&quot;width&quot;:592,&quot;height&quot;:444},{&quot;0&quot;:[],&quot;image&quot;:&quot;https:\\\/\\\/fotos15.inmovilla.com\\\/12732\\\/24621076\\\/7-2.jpg&quot;,&quot;alt&quot;:&quot;&quot;,&quot;width&quot;:592,&quot;height&quot;:444,&quot;1&quot;:[]},{&quot;0&quot;:[],&quot;image&quot;:&quot;https:\\\/\\\/fotos15.inmovilla.com\\\/12732\\\/24621076\\\/7-3.jpg&quot;,&quot;alt&quot;:&quot;&quot;,&quot;width&quot;:592,&quot;height&quot;:444,&quot;1&quot;:[],&quot;2&quot;:[]},{&quot;0&quot;:[],&quot;image&quot;:&quot;https:\\\/\\\/fotos15.inmovilla.com\\\/12732\\\/24621076\\\/7-4.jpg&quot;,&quot;alt&quot;:&quot;&quot;,&quot;width&quot;:592,&quot;height&quot;:444,&quot;1&quot;:[],&quot;2&quot;:[],&quot;3&quot;:[]},{&quot;0&quot;:[],&quot;image&quot;:&quot;https:\\\/\\\/fotos15.inmovilla.com\\\/12732\\\/24621076\\\/7-5.jpg&quot;,&quot;alt&quot;:&quot;&quot;,&quot;width&quot;:592,&quot;height&quot;:444,&quot;1&quot;:[],&quot;2&quot;:[],&quot;3&quot;:[],&quot;4&quot;:[]},{&quot;0&quot;:[],&quot;image&quot;:&quot;https:\\\/\\\/fotos15.inmovilla.com\\\/12732\\\/24621076\\\/7-6.jpg&quot;,&quot;alt&quot;:&quot;&quot;,&quot;width&quot;:592,&quot;height&quot;:444,&quot;1&quot;:[],&quot;2&quot;:[],&quot;3&quot;:[],&quot;4&quot;:[],&quot;5&quot;:[]},{&quot;0&quot;:[],&quot;image&quot;:&quot;https:\\\/\\\/fotos15.inmovilla.com\\\/12732\\\/24621076\\\/7-7.jpg&quot;,&quot;alt&quot;:&quot;&quot;,&quot;width&quot;:592,&quot;height&quot;:444,&quot;1&quot;:[],&quot;2&quot;:[],&quot;3&quot;:[],&quot;4&quot;:[],&quot;5&quot;:[],&quot;6&quot;:[]}]\">\r\n\t<div class=\"item-wrap h-100\">\r\n\t\t<div class=\"d-flex flex-column align-items-center h-100\">\r\n\t\t\t<div class=\"item-header\">\r\n\t\t\t\t\t\t\t\t<div class=\"labels-wrap d-flex align-items-center gap-1\" role=\"group\"> \r\n\r\n\t<a href=\"https:\/\/www.santanyi.net\/status\/venta\/\" class=\"label-status label status-color-2096\">\r\n\t\t\t\t\tComprar\r\n\t\t\t\t<\/a><a href=\"https:\/\/www.santanyi.net\/ca\/status\/venta-ca\/\" class=\"label-status label status-color-2103\">\r\n\t\t\t\t\tComprar\r\n\t\t\t\t<\/a>       \r\n\r\n<\/div>\r\n\t\t\t\t<ul class=\"item-tools d-flex align-items-center justify-content-center gap-1\">\r\n        <li class=\"item-tool item-preview\">\r\n        <span class=\"hz-show-lightbox-js item-tool-preview text-center\" data-listid=\"194780\">\r\n            <span data-bs-toggle=\"tooltip\" data-bs-placement=\"top\" title=\"Vista pr\u00e8via\">\r\n                <i class=\"houzez-icon icon-expand-3\"><\/i>   \r\n            <\/span>\r\n        <\/span><!-- item-tool-favorite -->\r\n    <\/li><!-- item-tool -->\r\n        \r\n        <li class=\"item-tool item-favorite\">\r\n        <span class=\"add-favorite-js item-tool-favorite text-center\" data-bs-toggle=\"tooltip\" data-bs-placement=\"top\" title=\"Preferit\" data-listid=\"194780\">\r\n            <i class=\"houzez-icon icon-love-it \"><\/i>\r\n        <\/span><!-- item-tool-favorite -->\r\n    <\/li><!-- item-tool -->\r\n    \r\n        <li class=\"item-tool item-compare\">\r\n        <span class=\"houzez_compare compare-194780 item-tool-compare text-center\" data-bs-toggle=\"tooltip\" data-bs-placement=\"top\" title=\"Afegir per comparar\" data-listing_id=\"194780\" data-listing_image=\"https:\/\/www.santanyi.net\/wp-content\/uploads\/anaconda_property_media\/24621076-194774\/7-1-584x438.jpg\">\r\n            <i class=\"houzez-icon icon-add-circle\"><\/i>\r\n            <!-- <i class=\"houzez-icon icon-subtract-circle\"><\/i> -->\r\n        <\/span><!-- item-tool-compare -->\r\n    <\/li><!-- item-tool -->\r\n    <\/ul><!-- item-tools -->\r\n\t\t\t\t<div class=\"listing-image-wrap\">\r\n\t<div class=\"listing-thumb\">\r\n\t\t<a target=\"_self\" href=\"https:\/\/www.santanyi.net\/ca\/property\/solar-unico-a-un-minuto-de-la-playa-de-cala-santanyi\/\" class=\"listing-featured-thumb hover-effect image-wrap\" role=\"link\">\r\n\t\t\t<img decoding=\"async\" width=\"584\" height=\"438\" src=\"https:\/\/www.santanyi.net\/wp-content\/uploads\/anaconda_property_media\/24621076-194774\/7-1-584x438.jpg\" class=\"img-fluid wp-post-image\" alt=\"\" \/>\t\t<\/a><!-- hover-effect -->\r\n\t<\/div>\r\n<\/div>\t\t\t\t<div class=\"preview_loader\"><\/div>\r\n\t\t\t<\/div>\r\n\t\t\t<div class=\"item-body w-100 d-flex flex-column flex-fill align-items-center\">\r\n\t\t\t\t<h2 class=\"item-title mb-2 \">\r\n\t<a target=\"_self\" href=\"https:\/\/www.santanyi.net\/ca\/property\/solar-unico-a-un-minuto-de-la-playa-de-cala-santanyi\/\" role=\"link\">Solar \u00fanico a un minuto de la playa de Cala Santany\u00ed<\/a>\r\n<\/h2><!-- item-title -->\t\t\t\t<div class=\"item-v5-price mb-1\">\r\n\t\t\t\t\t 300.000\u20ac\t\t\t\t<\/div>\r\n\t\t\t\t\t\t\t\t<div class=\"item-v5-type d-flex flex-grow-1 text-center mb-3\">\r\n\t\t\t\t\tSolar\t\t\t\t<\/div>\r\n\t\t\t\t\t\t\t\t<ul class=\"item-amenities item-amenities-with-icons d-flex flex-wrap align-items-center gap-2 justify-content-center\" role=\"list\">\r\n\t<li class=\"h-area d-flex align-items-center me-1\"><i class=\"houzez-icon icon-ruler-triangle me-2\"><\/i><span class=\"hz-figure me-1\">336<\/span> <span class=\"hz-figure area_postfix\">m2<\/span><\/li>\t\r\n\t\r\n\t\r\n<\/ul>\r\n\r\n<div class=\"property_ref_bottom\" style=\"display:none\">\r\n\tDRAC-UR2047GE<\/div>\r\n\r\n\r\n\r\n\r\n\r\n\r\n \r\n \t\t\t<\/div>\r\n\t\t<\/div>\r\n\t<\/div>\r\n<\/div><div class=\"item-listing-wrap hz-item-gallery-js item-wrap-v5 hz-map-trigger\" data-hz-id=\"194748\" \r\n\r\ndata-images=\"[{&quot;0&quot;:[],&quot;image&quot;:&quot;https:\\\/\\\/fotos15.inmovilla.com\\\/12732\\\/24620908\\\/1-1.jpg&quot;,&quot;alt&quot;:&quot;&quot;,&quot;width&quot;:592,&quot;height&quot;:444},{&quot;0&quot;:[],&quot;image&quot;:&quot;https:\\\/\\\/fotos15.inmovilla.com\\\/12732\\\/24620908\\\/1-2.jpg&quot;,&quot;alt&quot;:&quot;&quot;,&quot;width&quot;:592,&quot;height&quot;:444,&quot;1&quot;:[]},{&quot;0&quot;:[],&quot;image&quot;:&quot;https:\\\/\\\/fotos15.inmovilla.com\\\/12732\\\/24620908\\\/1-3.jpg&quot;,&quot;alt&quot;:&quot;&quot;,&quot;width&quot;:592,&quot;height&quot;:444,&quot;1&quot;:[],&quot;2&quot;:[]},{&quot;0&quot;:[],&quot;image&quot;:&quot;https:\\\/\\\/fotos15.inmovilla.com\\\/12732\\\/24620908\\\/1-4.jpg&quot;,&quot;alt&quot;:&quot;&quot;,&quot;width&quot;:592,&quot;height&quot;:444,&quot;1&quot;:[],&quot;2&quot;:[],&quot;3&quot;:[]},{&quot;0&quot;:[],&quot;image&quot;:&quot;https:\\\/\\\/fotos15.inmovilla.com\\\/12732\\\/24620908\\\/1-5.jpg&quot;,&quot;alt&quot;:&quot;&quot;,&quot;width&quot;:592,&quot;height&quot;:444,&quot;1&quot;:[],&quot;2&quot;:[],&quot;3&quot;:[],&quot;4&quot;:[]},{&quot;0&quot;:[],&quot;image&quot;:&quot;https:\\\/\\\/fotos15.inmovilla.com\\\/12732\\\/24620908\\\/1-6.jpg&quot;,&quot;alt&quot;:&quot;&quot;,&quot;width&quot;:592,&quot;height&quot;:444,&quot;1&quot;:[],&quot;2&quot;:[],&quot;3&quot;:[],&quot;4&quot;:[],&quot;5&quot;:[]},{&quot;0&quot;:[],&quot;image&quot;:&quot;https:\\\/\\\/fotos15.inmovilla.com\\\/12732\\\/24620908\\\/1-7.jpg&quot;,&quot;alt&quot;:&quot;&quot;,&quot;width&quot;:592,&quot;height&quot;:444,&quot;1&quot;:[],&quot;2&quot;:[],&quot;3&quot;:[],&quot;4&quot;:[],&quot;5&quot;:[],&quot;6&quot;:[]}]\">\r\n\t<div class=\"item-wrap h-100\">\r\n\t\t<div class=\"d-flex flex-column align-items-center h-100\">\r\n\t\t\t<div class=\"item-header\">\r\n\t\t\t\t\t\t\t\t<div class=\"labels-wrap d-flex align-items-center gap-1\" role=\"group\"> \r\n\r\n\t<a href=\"https:\/\/www.santanyi.net\/status\/venta\/\" class=\"label-status label status-color-2096\">\r\n\t\t\t\t\tComprar\r\n\t\t\t\t<\/a><a href=\"https:\/\/www.santanyi.net\/ca\/status\/venta-ca\/\" class=\"label-status label status-color-2103\">\r\n\t\t\t\t\tComprar\r\n\t\t\t\t<\/a>       \r\n\r\n<\/div>\r\n\t\t\t\t<ul class=\"item-tools d-flex align-items-center justify-content-center gap-1\">\r\n        <li class=\"item-tool item-preview\">\r\n        <span class=\"hz-show-lightbox-js item-tool-preview text-center\" data-listid=\"194748\">\r\n            <span data-bs-toggle=\"tooltip\" data-bs-placement=\"top\" title=\"Vista pr\u00e8via\">\r\n                <i class=\"houzez-icon icon-expand-3\"><\/i>   \r\n            <\/span>\r\n        <\/span><!-- item-tool-favorite -->\r\n    <\/li><!-- item-tool -->\r\n        \r\n        <li class=\"item-tool item-favorite\">\r\n        <span class=\"add-favorite-js item-tool-favorite text-center\" data-bs-toggle=\"tooltip\" data-bs-placement=\"top\" title=\"Preferit\" data-listid=\"194748\">\r\n            <i class=\"houzez-icon icon-love-it \"><\/i>\r\n        <\/span><!-- item-tool-favorite -->\r\n    <\/li><!-- item-tool -->\r\n    \r\n        <li class=\"item-tool item-compare\">\r\n        <span class=\"houzez_compare compare-194748 item-tool-compare text-center\" data-bs-toggle=\"tooltip\" data-bs-placement=\"top\" title=\"Afegir per comparar\" data-listing_id=\"194748\" data-listing_image=\"https:\/\/www.santanyi.net\/wp-content\/uploads\/anaconda_property_media\/24620908-194742\/1-1-584x438.jpg\">\r\n            <i class=\"houzez-icon icon-add-circle\"><\/i>\r\n            <!-- <i class=\"houzez-icon icon-subtract-circle\"><\/i> -->\r\n        <\/span><!-- item-tool-compare -->\r\n    <\/li><!-- item-tool -->\r\n    <\/ul><!-- item-tools -->\r\n\t\t\t\t<div class=\"listing-image-wrap\">\r\n\t<div class=\"listing-thumb\">\r\n\t\t<a target=\"_self\" href=\"https:\/\/www.santanyi.net\/ca\/property\/solar-urbano-en-santanyi\/\" class=\"listing-featured-thumb hover-effect image-wrap\" role=\"link\">\r\n\t\t\t<img decoding=\"async\" width=\"584\" height=\"438\" src=\"https:\/\/www.santanyi.net\/wp-content\/uploads\/anaconda_property_media\/24620908-194742\/1-1-584x438.jpg\" class=\"img-fluid wp-post-image\" alt=\"\" \/>\t\t<\/a><!-- hover-effect -->\r\n\t<\/div>\r\n<\/div>\t\t\t\t<div class=\"preview_loader\"><\/div>\r\n\t\t\t<\/div>\r\n\t\t\t<div class=\"item-body w-100 d-flex flex-column flex-fill align-items-center\">\r\n\t\t\t\t<h2 class=\"item-title mb-2 \">\r\n\t<a target=\"_self\" href=\"https:\/\/www.santanyi.net\/ca\/property\/solar-urbano-en-santanyi\/\" role=\"link\">Solar urbano en Santany\u00ed<\/a>\r\n<\/h2><!-- item-title -->\t\t\t\t<div class=\"item-v5-price mb-1\">\r\n\t\t\t\t\t 760.000\u20ac\t\t\t\t<\/div>\r\n\t\t\t\t\t\t\t\t<div class=\"item-v5-type d-flex flex-grow-1 text-center mb-3\">\r\n\t\t\t\t\tSolar\t\t\t\t<\/div>\r\n\t\t\t\t\t\t\t\t<ul class=\"item-amenities item-amenities-with-icons d-flex flex-wrap align-items-center gap-2 justify-content-center\" role=\"list\">\r\n\t<li class=\"h-area d-flex align-items-center me-1\"><i class=\"houzez-icon icon-ruler-triangle me-2\"><\/i><span class=\"hz-figure me-1\">710<\/span> <span class=\"hz-figure area_postfix\">m2<\/span><\/li>\t\r\n\t\r\n\t\r\n<\/ul>\r\n\r\n<div class=\"property_ref_bottom\" style=\"display:none\">\r\n\tDRAC-UR2027GE<\/div>\r\n\r\n\r\n\r\n\r\n\r\n\r\n \r\n \t\t\t<\/div>\r\n\t\t<\/div>\r\n\t<\/div>\r\n<\/div><div class=\"item-listing-wrap hz-item-gallery-js item-wrap-v5 hz-map-trigger\" data-hz-id=\"194668\" \r\n\r\ndata-images=\"[{&quot;0&quot;:[],&quot;image&quot;:&quot;https:\\\/\\\/fotos15.inmovilla.com\\\/12732\\\/24621066\\\/6-1.jpg&quot;,&quot;alt&quot;:&quot;&quot;,&quot;width&quot;:592,&quot;height&quot;:444},{&quot;0&quot;:[],&quot;image&quot;:&quot;https:\\\/\\\/fotos15.inmovilla.com\\\/12732\\\/24621066\\\/6-2.jpg&quot;,&quot;alt&quot;:&quot;&quot;,&quot;width&quot;:592,&quot;height&quot;:444,&quot;1&quot;:[]},{&quot;0&quot;:[],&quot;image&quot;:&quot;https:\\\/\\\/fotos15.inmovilla.com\\\/12732\\\/24621066\\\/6-3.jpg&quot;,&quot;alt&quot;:&quot;&quot;,&quot;width&quot;:592,&quot;height&quot;:444,&quot;1&quot;:[],&quot;2&quot;:[]},{&quot;0&quot;:[],&quot;image&quot;:&quot;https:\\\/\\\/fotos15.inmovilla.com\\\/12732\\\/24621066\\\/6-4.jpg&quot;,&quot;alt&quot;:&quot;&quot;,&quot;width&quot;:592,&quot;height&quot;:444,&quot;1&quot;:[],&quot;2&quot;:[],&quot;3&quot;:[]},{&quot;0&quot;:[],&quot;image&quot;:&quot;https:\\\/\\\/fotos15.inmovilla.com\\\/12732\\\/24621066\\\/6-5.jpg&quot;,&quot;alt&quot;:&quot;&quot;,&quot;width&quot;:592,&quot;height&quot;:444,&quot;1&quot;:[],&quot;2&quot;:[],&quot;3&quot;:[],&quot;4&quot;:[]},{&quot;0&quot;:[],&quot;image&quot;:&quot;https:\\\/\\\/fotos15.inmovilla.com\\\/12732\\\/24621066\\\/6-6.jpg&quot;,&quot;alt&quot;:&quot;&quot;,&quot;width&quot;:592,&quot;height&quot;:444,&quot;1&quot;:[],&quot;2&quot;:[],&quot;3&quot;:[],&quot;4&quot;:[],&quot;5&quot;:[]},{&quot;0&quot;:[],&quot;image&quot;:&quot;https:\\\/\\\/fotos15.inmovilla.com\\\/12732\\\/24621066\\\/6-7.jpg&quot;,&quot;alt&quot;:&quot;&quot;,&quot;width&quot;:592,&quot;height&quot;:444,&quot;1&quot;:[],&quot;2&quot;:[],&quot;3&quot;:[],&quot;4&quot;:[],&quot;5&quot;:[],&quot;6&quot;:[]},{&quot;0&quot;:[],&quot;image&quot;:&quot;https:\\\/\\\/fotos15.inmovilla.com\\\/12732\\\/24621066\\\/6-8.jpg&quot;,&quot;alt&quot;:&quot;&quot;,&quot;width&quot;:592,&quot;height&quot;:444,&quot;1&quot;:[],&quot;2&quot;:[],&quot;3&quot;:[],&quot;4&quot;:[],&quot;5&quot;:[],&quot;6&quot;:[],&quot;7&quot;:[]},{&quot;0&quot;:[],&quot;image&quot;:&quot;https:\\\/\\\/fotos15.inmovilla.com\\\/12732\\\/24621066\\\/6-9.jpg&quot;,&quot;alt&quot;:&quot;&quot;,&quot;width&quot;:592,&quot;height&quot;:444,&quot;1&quot;:[],&quot;2&quot;:[],&quot;3&quot;:[],&quot;4&quot;:[],&quot;5&quot;:[],&quot;6&quot;:[],&quot;7&quot;:[],&quot;8&quot;:[]},{&quot;0&quot;:[],&quot;image&quot;:&quot;https:\\\/\\\/fotos15.inmovilla.com\\\/12732\\\/24621066\\\/6-10.jpg&quot;,&quot;alt&quot;:&quot;&quot;,&quot;width&quot;:592,&quot;height&quot;:444,&quot;1&quot;:[],&quot;2&quot;:[],&quot;3&quot;:[],&quot;4&quot;:[],&quot;5&quot;:[],&quot;6&quot;:[],&quot;7&quot;:[],&quot;8&quot;:[],&quot;9&quot;:[]},{&quot;0&quot;:[],&quot;image&quot;:&quot;https:\\\/\\\/fotos15.inmovilla.com\\\/12732\\\/24621066\\\/6-11.jpg&quot;,&quot;alt&quot;:&quot;&quot;,&quot;width&quot;:592,&quot;height&quot;:444,&quot;1&quot;:[],&quot;2&quot;:[],&quot;3&quot;:[],&quot;4&quot;:[],&quot;5&quot;:[],&quot;6&quot;:[],&quot;7&quot;:[],&quot;8&quot;:[],&quot;9&quot;:[],&quot;10&quot;:[]},{&quot;0&quot;:[],&quot;image&quot;:&quot;https:\\\/\\\/fotos15.inmovilla.com\\\/12732\\\/24621066\\\/6-12.jpg&quot;,&quot;alt&quot;:&quot;&quot;,&quot;width&quot;:592,&quot;height&quot;:444,&quot;1&quot;:[],&quot;2&quot;:[],&quot;3&quot;:[],&quot;4&quot;:[],&quot;5&quot;:[],&quot;6&quot;:[],&quot;7&quot;:[],&quot;8&quot;:[],&quot;9&quot;:[],&quot;10&quot;:[],&quot;11&quot;:[]}]\">\r\n\t<div class=\"item-wrap h-100\">\r\n\t\t<div class=\"d-flex flex-column align-items-center h-100\">\r\n\t\t\t<div class=\"item-header\">\r\n\t\t\t\t\t\t\t\t<div class=\"labels-wrap d-flex align-items-center gap-1\" role=\"group\"> \r\n\r\n\t<a href=\"https:\/\/www.santanyi.net\/status\/venta\/\" class=\"label-status label status-color-2096\">\r\n\t\t\t\t\tComprar\r\n\t\t\t\t<\/a><a href=\"https:\/\/www.santanyi.net\/ca\/status\/venta-ca\/\" class=\"label-status label status-color-2103\">\r\n\t\t\t\t\tComprar\r\n\t\t\t\t<\/a>       \r\n\r\n<\/div>\r\n\t\t\t\t<ul class=\"item-tools d-flex align-items-center justify-content-center gap-1\">\r\n        <li class=\"item-tool item-preview\">\r\n        <span class=\"hz-show-lightbox-js item-tool-preview text-center\" data-listid=\"194668\">\r\n            <span data-bs-toggle=\"tooltip\" data-bs-placement=\"top\" title=\"Vista pr\u00e8via\">\r\n                <i class=\"houzez-icon icon-expand-3\"><\/i>   \r\n            <\/span>\r\n        <\/span><!-- item-tool-favorite -->\r\n    <\/li><!-- item-tool -->\r\n        \r\n        <li class=\"item-tool item-favorite\">\r\n        <span class=\"add-favorite-js item-tool-favorite text-center\" data-bs-toggle=\"tooltip\" data-bs-placement=\"top\" title=\"Preferit\" data-listid=\"194668\">\r\n            <i class=\"houzez-icon icon-love-it \"><\/i>\r\n        <\/span><!-- item-tool-favorite -->\r\n    <\/li><!-- item-tool -->\r\n    \r\n        <li class=\"item-tool item-compare\">\r\n        <span class=\"houzez_compare compare-194668 item-tool-compare text-center\" data-bs-toggle=\"tooltip\" data-bs-placement=\"top\" title=\"Afegir per comparar\" data-listing_id=\"194668\" data-listing_image=\"https:\/\/www.santanyi.net\/wp-content\/uploads\/anaconda_property_media\/24621066-194662\/6-1-584x438.jpg\">\r\n            <i class=\"houzez-icon icon-add-circle\"><\/i>\r\n            <!-- <i class=\"houzez-icon icon-subtract-circle\"><\/i> -->\r\n        <\/span><!-- item-tool-compare -->\r\n    <\/li><!-- item-tool -->\r\n    <\/ul><!-- item-tools -->\r\n\t\t\t\t<div class=\"listing-image-wrap\">\r\n\t<div class=\"listing-thumb\">\r\n\t\t<a target=\"_self\" href=\"https:\/\/www.santanyi.net\/ca\/property\/solar-con-licencia-y-estructura-iniciada-en-portocolom\/\" class=\"listing-featured-thumb hover-effect image-wrap\" role=\"link\">\r\n\t\t\t<img loading=\"lazy\" decoding=\"async\" width=\"584\" height=\"438\" src=\"https:\/\/www.santanyi.net\/wp-content\/uploads\/anaconda_property_media\/24621066-194662\/6-1-584x438.jpg\" class=\"img-fluid wp-post-image\" alt=\"\" \/>\t\t<\/a><!-- hover-effect -->\r\n\t<\/div>\r\n<\/div>\t\t\t\t<div class=\"preview_loader\"><\/div>\r\n\t\t\t<\/div>\r\n\t\t\t<div class=\"item-body w-100 d-flex flex-column flex-fill align-items-center\">\r\n\t\t\t\t<h2 class=\"item-title mb-2 \">\r\n\t<a target=\"_self\" href=\"https:\/\/www.santanyi.net\/ca\/property\/solar-con-licencia-y-estructura-iniciada-en-portocolom\/\" role=\"link\">Solar con Licencia y Estructura iniciada en Portocolom<\/a>\r\n<\/h2><!-- item-title -->\t\t\t\t<div class=\"item-v5-price mb-1\">\r\n\t\t\t\t\t 400.000\u20ac\t\t\t\t<\/div>\r\n\t\t\t\t\t\t\t\t<div class=\"item-v5-type d-flex flex-grow-1 text-center mb-3\">\r\n\t\t\t\t\tSolar\t\t\t\t<\/div>\r\n\t\t\t\t\t\t\t\t<ul class=\"item-amenities item-amenities-with-icons d-flex flex-wrap align-items-center gap-2 justify-content-center\" role=\"list\">\r\n\t<li class=\"h-area d-flex align-items-center me-1\"><i class=\"houzez-icon icon-ruler-triangle me-2\"><\/i><span class=\"hz-figure me-1\">390<\/span> <span class=\"hz-figure area_postfix\">m2<\/span><\/li>\t\r\n\t\r\n\t\r\n<\/ul>\r\n\r\n<div class=\"property_ref_bottom\" style=\"display:none\">\r\n\tDRAC-UR2044GE<\/div>\r\n\r\n\r\n\r\n\r\n\r\n\r\n \r\n \t\t\t<\/div>\r\n\t\t<\/div>\r\n\t<\/div>\r\n<\/div><div class=\"item-listing-wrap hz-item-gallery-js item-wrap-v5 hz-map-trigger\" data-hz-id=\"194628\" \r\n\r\ndata-images=\"[{&quot;0&quot;:[],&quot;image&quot;:&quot;https:\\\/\\\/fotos15.inmovilla.com\\\/12732\\\/24621044\\\/2-1.jpg&quot;,&quot;alt&quot;:&quot;&quot;,&quot;width&quot;:592,&quot;height&quot;:444},{&quot;0&quot;:[],&quot;image&quot;:&quot;https:\\\/\\\/fotos15.inmovilla.com\\\/12732\\\/24621044\\\/2-2.jpg&quot;,&quot;alt&quot;:&quot;&quot;,&quot;width&quot;:592,&quot;height&quot;:444,&quot;1&quot;:[]},{&quot;0&quot;:[],&quot;image&quot;:&quot;https:\\\/\\\/fotos15.inmovilla.com\\\/12732\\\/24621044\\\/2-3.jpg&quot;,&quot;alt&quot;:&quot;&quot;,&quot;width&quot;:592,&quot;height&quot;:444,&quot;1&quot;:[],&quot;2&quot;:[]},{&quot;0&quot;:[],&quot;image&quot;:&quot;https:\\\/\\\/fotos15.inmovilla.com\\\/12732\\\/24621044\\\/2-4.jpg&quot;,&quot;alt&quot;:&quot;&quot;,&quot;width&quot;:592,&quot;height&quot;:444,&quot;1&quot;:[],&quot;2&quot;:[],&quot;3&quot;:[]},{&quot;0&quot;:[],&quot;image&quot;:&quot;https:\\\/\\\/fotos15.inmovilla.com\\\/12732\\\/24621044\\\/2-5.jpg&quot;,&quot;alt&quot;:&quot;&quot;,&quot;width&quot;:592,&quot;height&quot;:444,&quot;1&quot;:[],&quot;2&quot;:[],&quot;3&quot;:[],&quot;4&quot;:[]}]\">\r\n\t<div class=\"item-wrap h-100\">\r\n\t\t<div class=\"d-flex flex-column align-items-center h-100\">\r\n\t\t\t<div class=\"item-header\">\r\n\t\t\t\t\t\t\t\t<div class=\"labels-wrap d-flex align-items-center gap-1\" role=\"group\"> \r\n\r\n\t<a href=\"https:\/\/www.santanyi.net\/status\/venta\/\" class=\"label-status label status-color-2096\">\r\n\t\t\t\t\tComprar\r\n\t\t\t\t<\/a><a href=\"https:\/\/www.santanyi.net\/ca\/status\/venta-ca\/\" class=\"label-status label status-color-2103\">\r\n\t\t\t\t\tComprar\r\n\t\t\t\t<\/a>       \r\n\r\n<\/div>\r\n\t\t\t\t<ul class=\"item-tools d-flex align-items-center justify-content-center gap-1\">\r\n        <li class=\"item-tool item-preview\">\r\n        <span class=\"hz-show-lightbox-js item-tool-preview text-center\" data-listid=\"194628\">\r\n            <span data-bs-toggle=\"tooltip\" data-bs-placement=\"top\" title=\"Vista pr\u00e8via\">\r\n                <i class=\"houzez-icon icon-expand-3\"><\/i>   \r\n            <\/span>\r\n        <\/span><!-- item-tool-favorite -->\r\n    <\/li><!-- item-tool -->\r\n        \r\n        <li class=\"item-tool item-favorite\">\r\n        <span class=\"add-favorite-js item-tool-favorite text-center\" data-bs-toggle=\"tooltip\" data-bs-placement=\"top\" title=\"Preferit\" data-listid=\"194628\">\r\n            <i class=\"houzez-icon icon-love-it \"><\/i>\r\n        <\/span><!-- item-tool-favorite -->\r\n    <\/li><!-- item-tool -->\r\n    \r\n        <li class=\"item-tool item-compare\">\r\n        <span class=\"houzez_compare compare-194628 item-tool-compare text-center\" data-bs-toggle=\"tooltip\" data-bs-placement=\"top\" title=\"Afegir per comparar\" data-listing_id=\"194628\" data-listing_image=\"https:\/\/www.santanyi.net\/wp-content\/uploads\/anaconda_property_media\/24621044-194622\/2-1-584x438.jpg\">\r\n            <i class=\"houzez-icon icon-add-circle\"><\/i>\r\n            <!-- <i class=\"houzez-icon icon-subtract-circle\"><\/i> -->\r\n        <\/span><!-- item-tool-compare -->\r\n    <\/li><!-- item-tool -->\r\n    <\/ul><!-- item-tools -->\r\n\t\t\t\t<div class=\"listing-image-wrap\">\r\n\t<div class=\"listing-thumb\">\r\n\t\t<a target=\"_self\" href=\"https:\/\/www.santanyi.net\/ca\/property\/gran-solar-urbano-en-zona-tranquila-es-llombards\/\" class=\"listing-featured-thumb hover-effect image-wrap\" role=\"link\">\r\n\t\t\t<img loading=\"lazy\" decoding=\"async\" width=\"584\" height=\"438\" src=\"https:\/\/www.santanyi.net\/wp-content\/uploads\/anaconda_property_media\/24621044-194622\/2-1-584x438.jpg\" class=\"img-fluid wp-post-image\" alt=\"\" \/>\t\t<\/a><!-- hover-effect -->\r\n\t<\/div>\r\n<\/div>\t\t\t\t<div class=\"preview_loader\"><\/div>\r\n\t\t\t<\/div>\r\n\t\t\t<div class=\"item-body w-100 d-flex flex-column flex-fill align-items-center\">\r\n\t\t\t\t<h2 class=\"item-title mb-2 \">\r\n\t<a target=\"_self\" href=\"https:\/\/www.santanyi.net\/ca\/property\/gran-solar-urbano-en-zona-tranquila-es-llombards\/\" role=\"link\">Gran  solar urbano en zona tranquila Es Llombards<\/a>\r\n<\/h2><!-- item-title -->\t\t\t\t<div class=\"item-v5-price mb-1\">\r\n\t\t\t\t\t 990.000\u20ac\t\t\t\t<\/div>\r\n\t\t\t\t\t\t\t\t<div class=\"item-v5-type d-flex flex-grow-1 text-center mb-3\">\r\n\t\t\t\t\tSolar\t\t\t\t<\/div>\r\n\t\t\t\t\t\t\t\t<ul class=\"item-amenities item-amenities-with-icons d-flex flex-wrap align-items-center gap-2 justify-content-center\" role=\"list\">\r\n\t<li class=\"h-area d-flex align-items-center me-1\"><i class=\"houzez-icon icon-ruler-triangle me-2\"><\/i><span class=\"hz-figure me-1\">1816<\/span> <span class=\"hz-figure area_postfix\">m2<\/span><\/li>\t\r\n\t\r\n\t\r\n<\/ul>\r\n\r\n<div class=\"property_ref_bottom\" style=\"display:none\">\r\n\tDRAC-UR2040DB<\/div>\r\n\r\n\r\n\r\n\r\n\r\n\r\n \r\n \t\t\t<\/div>\r\n\t\t<\/div>\r\n\t<\/div>\r\n<\/div><div class=\"item-listing-wrap hz-item-gallery-js item-wrap-v5 hz-map-trigger\" data-hz-id=\"194604\" \r\n\r\ndata-images=\"[{&quot;0&quot;:[],&quot;image&quot;:&quot;https:\\\/\\\/fotos15.inmovilla.com\\\/12732\\\/24620967\\\/3-1.jpg&quot;,&quot;alt&quot;:&quot;&quot;,&quot;width&quot;:592,&quot;height&quot;:444}]\">\r\n\t<div class=\"item-wrap h-100\">\r\n\t\t<div class=\"d-flex flex-column align-items-center h-100\">\r\n\t\t\t<div class=\"item-header\">\r\n\t\t\t\t\t\t\t\t<div class=\"labels-wrap d-flex align-items-center gap-1\" role=\"group\"> \r\n\r\n\t<a href=\"https:\/\/www.santanyi.net\/status\/venta\/\" class=\"label-status label status-color-2096\">\r\n\t\t\t\t\tComprar\r\n\t\t\t\t<\/a><a href=\"https:\/\/www.santanyi.net\/ca\/status\/venta-ca\/\" class=\"label-status label status-color-2103\">\r\n\t\t\t\t\tComprar\r\n\t\t\t\t<\/a>       \r\n\r\n<\/div>\r\n\t\t\t\t<ul class=\"item-tools d-flex align-items-center justify-content-center gap-1\">\r\n        <li class=\"item-tool item-preview\">\r\n        <span class=\"hz-show-lightbox-js item-tool-preview text-center\" data-listid=\"194604\">\r\n            <span data-bs-toggle=\"tooltip\" data-bs-placement=\"top\" title=\"Vista pr\u00e8via\">\r\n                <i class=\"houzez-icon icon-expand-3\"><\/i>   \r\n            <\/span>\r\n        <\/span><!-- item-tool-favorite -->\r\n    <\/li><!-- item-tool -->\r\n        \r\n        <li class=\"item-tool item-favorite\">\r\n        <span class=\"add-favorite-js item-tool-favorite text-center\" data-bs-toggle=\"tooltip\" data-bs-placement=\"top\" title=\"Preferit\" data-listid=\"194604\">\r\n            <i class=\"houzez-icon icon-love-it \"><\/i>\r\n        <\/span><!-- item-tool-favorite -->\r\n    <\/li><!-- item-tool -->\r\n    \r\n        <li class=\"item-tool item-compare\">\r\n        <span class=\"houzez_compare compare-194604 item-tool-compare text-center\" data-bs-toggle=\"tooltip\" data-bs-placement=\"top\" title=\"Afegir per comparar\" data-listing_id=\"194604\" data-listing_image=\"https:\/\/www.santanyi.net\/wp-content\/uploads\/anaconda_property_media\/24620967-194598\/3-1-584x438.jpg\">\r\n            <i class=\"houzez-icon icon-add-circle\"><\/i>\r\n            <!-- <i class=\"houzez-icon icon-subtract-circle\"><\/i> -->\r\n        <\/span><!-- item-tool-compare -->\r\n    <\/li><!-- item-tool -->\r\n    <\/ul><!-- item-tools -->\r\n\t\t\t\t<div class=\"listing-image-wrap\">\r\n\t<div class=\"listing-thumb\">\r\n\t\t<a target=\"_self\" href=\"https:\/\/www.santanyi.net\/ca\/property\/gran-solar-urbano-en-ses-salines-con-vista-al-mar-en-la-lejania\/\" class=\"listing-featured-thumb hover-effect image-wrap\" role=\"link\">\r\n\t\t\t<img loading=\"lazy\" decoding=\"async\" width=\"584\" height=\"438\" src=\"https:\/\/www.santanyi.net\/wp-content\/uploads\/anaconda_property_media\/24620967-194598\/3-1-584x438.jpg\" class=\"img-fluid wp-post-image\" alt=\"\" \/>\t\t<\/a><!-- hover-effect -->\r\n\t<\/div>\r\n<\/div>\t\t\t\t<div class=\"preview_loader\"><\/div>\r\n\t\t\t<\/div>\r\n\t\t\t<div class=\"item-body w-100 d-flex flex-column flex-fill align-items-center\">\r\n\t\t\t\t<h2 class=\"item-title mb-2 \">\r\n\t<a target=\"_self\" href=\"https:\/\/www.santanyi.net\/ca\/property\/gran-solar-urbano-en-ses-salines-con-vista-al-mar-en-la-lejania\/\" role=\"link\">Gran Solar urbano en Ses salines con vista al mar en la lejan\u00eda<\/a>\r\n<\/h2><!-- item-title -->\t\t\t\t<div class=\"item-v5-price mb-1\">\r\n\t\t\t\t\t 2.100.000\u20ac\t\t\t\t<\/div>\r\n\t\t\t\t\t\t\t\t<div class=\"item-v5-type d-flex flex-grow-1 text-center mb-3\">\r\n\t\t\t\t\tSolar\t\t\t\t<\/div>\r\n\t\t\t\t\t\t\t\t<ul class=\"item-amenities item-amenities-with-icons d-flex flex-wrap align-items-center gap-2 justify-content-center\" role=\"list\">\r\n\t<li class=\"h-area d-flex align-items-center me-1\"><i class=\"houzez-icon icon-ruler-triangle me-2\"><\/i><span class=\"hz-figure me-1\">495<\/span> <span class=\"hz-figure area_postfix\">m2<\/span><\/li>\t\r\n\t\r\n\t\r\n<\/ul>\r\n\r\n<div class=\"property_ref_bottom\" style=\"display:none\">\r\n\tDRAC-UR2033GE<\/div>\r\n\r\n\r\n\r\n\r\n\r\n\r\n \r\n \t\t\t<\/div>\r\n\t\t<\/div>\r\n\t<\/div>\r\n<\/div><div class=\"item-listing-wrap hz-item-gallery-js item-wrap-v5 hz-map-trigger\" data-hz-id=\"194548\" \r\n\r\ndata-images=\"[{&quot;0&quot;:[],&quot;image&quot;:&quot;https:\\\/\\\/fotos15.inmovilla.com\\\/12732\\\/27824465\\\/2-1.jpg&quot;,&quot;alt&quot;:&quot;&quot;,&quot;width&quot;:592,&quot;height&quot;:444},{&quot;0&quot;:[],&quot;image&quot;:&quot;https:\\\/\\\/fotos15.inmovilla.com\\\/12732\\\/27824465\\\/2-2.jpg&quot;,&quot;alt&quot;:&quot;&quot;,&quot;width&quot;:592,&quot;height&quot;:444,&quot;1&quot;:[]},{&quot;0&quot;:[],&quot;image&quot;:&quot;https:\\\/\\\/fotos15.inmovilla.com\\\/12732\\\/27824465\\\/2-3.jpg&quot;,&quot;alt&quot;:&quot;&quot;,&quot;width&quot;:592,&quot;height&quot;:444,&quot;1&quot;:[],&quot;2&quot;:[]},{&quot;0&quot;:[],&quot;image&quot;:&quot;https:\\\/\\\/fotos15.inmovilla.com\\\/12732\\\/27824465\\\/2-4.jpg&quot;,&quot;alt&quot;:&quot;&quot;,&quot;width&quot;:592,&quot;height&quot;:444,&quot;1&quot;:[],&quot;2&quot;:[],&quot;3&quot;:[]},{&quot;0&quot;:[],&quot;image&quot;:&quot;https:\\\/\\\/fotos15.inmovilla.com\\\/12732\\\/27824465\\\/2-5.jpg&quot;,&quot;alt&quot;:&quot;&quot;,&quot;width&quot;:592,&quot;height&quot;:444,&quot;1&quot;:[],&quot;2&quot;:[],&quot;3&quot;:[],&quot;4&quot;:[]},{&quot;0&quot;:[],&quot;image&quot;:&quot;https:\\\/\\\/fotos15.inmovilla.com\\\/12732\\\/27824465\\\/2-6.jpg&quot;,&quot;alt&quot;:&quot;&quot;,&quot;width&quot;:592,&quot;height&quot;:444,&quot;1&quot;:[],&quot;2&quot;:[],&quot;3&quot;:[],&quot;4&quot;:[],&quot;5&quot;:[]},{&quot;0&quot;:[],&quot;image&quot;:&quot;https:\\\/\\\/fotos15.inmovilla.com\\\/12732\\\/27824465\\\/2-7.jpg&quot;,&quot;alt&quot;:&quot;&quot;,&quot;width&quot;:592,&quot;height&quot;:444,&quot;1&quot;:[],&quot;2&quot;:[],&quot;3&quot;:[],&quot;4&quot;:[],&quot;5&quot;:[],&quot;6&quot;:[]}]\">\r\n\t<div class=\"item-wrap h-100\">\r\n\t\t<div class=\"d-flex flex-column align-items-center h-100\">\r\n\t\t\t<div class=\"item-header\">\r\n\t\t\t\t\t\t\t\t<div class=\"labels-wrap d-flex align-items-center gap-1\" role=\"group\"> \r\n\r\n\t<a href=\"https:\/\/www.santanyi.net\/status\/venta\/\" class=\"label-status label status-color-2096\">\r\n\t\t\t\t\tComprar\r\n\t\t\t\t<\/a><a href=\"https:\/\/www.santanyi.net\/ca\/status\/venta-ca\/\" class=\"label-status label status-color-2103\">\r\n\t\t\t\t\tComprar\r\n\t\t\t\t<\/a>       \r\n\r\n<\/div>\r\n\t\t\t\t<ul class=\"item-tools d-flex align-items-center justify-content-center gap-1\">\r\n        <li class=\"item-tool item-preview\">\r\n        <span class=\"hz-show-lightbox-js item-tool-preview text-center\" data-listid=\"194548\">\r\n            <span data-bs-toggle=\"tooltip\" data-bs-placement=\"top\" title=\"Vista pr\u00e8via\">\r\n                <i class=\"houzez-icon icon-expand-3\"><\/i>   \r\n            <\/span>\r\n        <\/span><!-- item-tool-favorite -->\r\n    <\/li><!-- item-tool -->\r\n        \r\n        <li class=\"item-tool item-favorite\">\r\n        <span class=\"add-favorite-js item-tool-favorite text-center\" data-bs-toggle=\"tooltip\" data-bs-placement=\"top\" title=\"Preferit\" data-listid=\"194548\">\r\n            <i class=\"houzez-icon icon-love-it \"><\/i>\r\n        <\/span><!-- item-tool-favorite -->\r\n    <\/li><!-- item-tool -->\r\n    \r\n        <li class=\"item-tool item-compare\">\r\n        <span class=\"houzez_compare compare-194548 item-tool-compare text-center\" data-bs-toggle=\"tooltip\" data-bs-placement=\"top\" title=\"Afegir per comparar\" data-listing_id=\"194548\" data-listing_image=\"https:\/\/www.santanyi.net\/wp-content\/uploads\/anaconda_property_media\/27824465-194542\/2-1-584x438.jpg\">\r\n            <i class=\"houzez-icon icon-add-circle\"><\/i>\r\n            <!-- <i class=\"houzez-icon icon-subtract-circle\"><\/i> -->\r\n        <\/span><!-- item-tool-compare -->\r\n    <\/li><!-- item-tool -->\r\n    <\/ul><!-- item-tools -->\r\n\t\t\t\t<div class=\"listing-image-wrap\">\r\n\t<div class=\"listing-thumb\">\r\n\t\t<a target=\"_self\" href=\"https:\/\/www.santanyi.net\/ca\/property\/solar-amb-gran-potencial-a-santanyi-el-llenc-perfecte-per-a-la-teva-llar-2\/\" class=\"listing-featured-thumb hover-effect image-wrap\" role=\"link\">\r\n\t\t\t<img loading=\"lazy\" decoding=\"async\" width=\"584\" height=\"438\" src=\"https:\/\/www.santanyi.net\/wp-content\/uploads\/anaconda_property_media\/27824465-194542\/2-1-584x438.jpg\" class=\"img-fluid wp-post-image\" alt=\"\" srcset=\"https:\/\/www.santanyi.net\/wp-content\/uploads\/anaconda_property_media\/27824465-194542\/2-1-584x438.jpg 584w, https:\/\/www.santanyi.net\/wp-content\/uploads\/anaconda_property_media\/27824465-194542\/2-1-1536x1152.jpg 1536w, https:\/\/www.santanyi.net\/wp-content\/uploads\/anaconda_property_media\/27824465-194542\/2-1.jpg 1920w\" sizes=\"(max-width: 584px) 100vw, 584px\" \/>\t\t<\/a><!-- hover-effect -->\r\n\t<\/div>\r\n<\/div>\t\t\t\t<div class=\"preview_loader\"><\/div>\r\n\t\t\t<\/div>\r\n\t\t\t<div class=\"item-body w-100 d-flex flex-column flex-fill align-items-center\">\r\n\t\t\t\t<h2 class=\"item-title mb-2 \">\r\n\t<a target=\"_self\" href=\"https:\/\/www.santanyi.net\/ca\/property\/solar-amb-gran-potencial-a-santanyi-el-llenc-perfecte-per-a-la-teva-llar-2\/\" role=\"link\">Solar amb gran potencial a Santany\u00ed: El llen\u00e7 perfecte per a la teva llar<\/a>\r\n<\/h2><!-- item-title -->\t\t\t\t<div class=\"item-v5-price mb-1\">\r\n\t\t\t\t\t 490.000\u20ac\t\t\t\t<\/div>\r\n\t\t\t\t\t\t\t\t<div class=\"item-v5-type d-flex flex-grow-1 text-center mb-3\">\r\n\t\t\t\t\tSolar\t\t\t\t<\/div>\r\n\t\t\t\t\t\t\t\t<ul class=\"item-amenities item-amenities-with-icons d-flex flex-wrap align-items-center gap-2 justify-content-center\" role=\"list\">\r\n\t<li class=\"h-area d-flex align-items-center me-1\"><i class=\"houzez-icon icon-ruler-triangle me-2\"><\/i><span class=\"hz-figure me-1\">331<\/span> <span class=\"hz-figure area_postfix\">m2<\/span><\/li>\t\r\n\t\r\n\t\r\n<\/ul>\r\n\r\n<div class=\"property_ref_bottom\" style=\"display:none\">\r\n\tDRAC-UR2054GE<\/div>\r\n\r\n\r\n\r\n\r\n\r\n\r\n \r\n \t\t\t<\/div>\r\n\t\t<\/div>\r\n\t<\/div>\r\n<\/div><div class=\"item-listing-wrap hz-item-gallery-js item-wrap-v5 hz-map-trigger\" data-hz-id=\"194396\" \r\n\r\ndata-images=\"[{&quot;0&quot;:[],&quot;image&quot;:&quot;https:\\\/\\\/fotos15.inmovilla.com\\\/12732\\\/25711507\\\/2-1.jpg&quot;,&quot;alt&quot;:&quot;&quot;,&quot;width&quot;:592,&quot;height&quot;:444},{&quot;0&quot;:[],&quot;image&quot;:&quot;https:\\\/\\\/fotos15.inmovilla.com\\\/12732\\\/25711507\\\/2-2.jpg&quot;,&quot;alt&quot;:&quot;&quot;,&quot;width&quot;:592,&quot;height&quot;:444,&quot;1&quot;:[]},{&quot;0&quot;:[],&quot;image&quot;:&quot;https:\\\/\\\/fotos15.inmovilla.com\\\/12732\\\/25711507\\\/2-3.jpg&quot;,&quot;alt&quot;:&quot;&quot;,&quot;width&quot;:592,&quot;height&quot;:444,&quot;1&quot;:[],&quot;2&quot;:[]},{&quot;0&quot;:[],&quot;image&quot;:&quot;https:\\\/\\\/fotos15.inmovilla.com\\\/12732\\\/25711507\\\/2-4.jpg&quot;,&quot;alt&quot;:&quot;&quot;,&quot;width&quot;:592,&quot;height&quot;:444,&quot;1&quot;:[],&quot;2&quot;:[],&quot;3&quot;:[]}]\">\r\n\t<div class=\"item-wrap h-100\">\r\n\t\t<div class=\"d-flex flex-column align-items-center h-100\">\r\n\t\t\t<div class=\"item-header\">\r\n\t\t\t\t\t\t\t\t<div class=\"labels-wrap d-flex align-items-center gap-1\" role=\"group\"> \r\n\r\n\t<a href=\"https:\/\/www.santanyi.net\/status\/venta\/\" class=\"label-status label status-color-2096\">\r\n\t\t\t\t\tComprar\r\n\t\t\t\t<\/a><a href=\"https:\/\/www.santanyi.net\/ca\/status\/venta-ca\/\" class=\"label-status label status-color-2103\">\r\n\t\t\t\t\tComprar\r\n\t\t\t\t<\/a>       \r\n\r\n<\/div>\r\n\t\t\t\t<ul class=\"item-tools d-flex align-items-center justify-content-center gap-1\">\r\n        <li class=\"item-tool item-preview\">\r\n        <span class=\"hz-show-lightbox-js item-tool-preview text-center\" data-listid=\"194396\">\r\n            <span data-bs-toggle=\"tooltip\" data-bs-placement=\"top\" title=\"Vista pr\u00e8via\">\r\n                <i class=\"houzez-icon icon-expand-3\"><\/i>   \r\n            <\/span>\r\n        <\/span><!-- item-tool-favorite -->\r\n    <\/li><!-- item-tool -->\r\n        \r\n        <li class=\"item-tool item-favorite\">\r\n        <span class=\"add-favorite-js item-tool-favorite text-center\" data-bs-toggle=\"tooltip\" data-bs-placement=\"top\" title=\"Preferit\" data-listid=\"194396\">\r\n            <i class=\"houzez-icon icon-love-it \"><\/i>\r\n        <\/span><!-- item-tool-favorite -->\r\n    <\/li><!-- item-tool -->\r\n    \r\n        <li class=\"item-tool item-compare\">\r\n        <span class=\"houzez_compare compare-194396 item-tool-compare text-center\" data-bs-toggle=\"tooltip\" data-bs-placement=\"top\" title=\"Afegir per comparar\" data-listing_id=\"194396\" data-listing_image=\"https:\/\/www.santanyi.net\/wp-content\/uploads\/anaconda_property_media\/25711507-194386\/2-1-584x438.jpg\">\r\n            <i class=\"houzez-icon icon-add-circle\"><\/i>\r\n            <!-- <i class=\"houzez-icon icon-subtract-circle\"><\/i> -->\r\n        <\/span><!-- item-tool-compare -->\r\n    <\/li><!-- item-tool -->\r\n    <\/ul><!-- item-tools -->\r\n\t\t\t\t<div class=\"listing-image-wrap\">\r\n\t<div class=\"listing-thumb\">\r\n\t\t<a target=\"_self\" href=\"https:\/\/www.santanyi.net\/ca\/property\/precioso-solar-urbano-para-construir-4-viviendas-en-llombards\/\" class=\"listing-featured-thumb hover-effect image-wrap\" role=\"link\">\r\n\t\t\t<img loading=\"lazy\" decoding=\"async\" width=\"584\" height=\"438\" src=\"https:\/\/www.santanyi.net\/wp-content\/uploads\/anaconda_property_media\/25711507-194386\/2-1-584x438.jpg\" class=\"img-fluid wp-post-image\" alt=\"\" srcset=\"https:\/\/www.santanyi.net\/wp-content\/uploads\/anaconda_property_media\/25711507-194386\/2-1-584x438.jpg 584w, https:\/\/www.santanyi.net\/wp-content\/uploads\/anaconda_property_media\/25711507-194386\/2-1-1536x1152.jpg 1536w, https:\/\/www.santanyi.net\/wp-content\/uploads\/anaconda_property_media\/25711507-194386\/2-1.jpg 1920w\" sizes=\"(max-width: 584px) 100vw, 584px\" \/>\t\t<\/a><!-- hover-effect -->\r\n\t<\/div>\r\n<\/div>\t\t\t\t<div class=\"preview_loader\"><\/div>\r\n\t\t\t<\/div>\r\n\t\t\t<div class=\"item-body w-100 d-flex flex-column flex-fill align-items-center\">\r\n\t\t\t\t<h2 class=\"item-title mb-2 \">\r\n\t<a target=\"_self\" href=\"https:\/\/www.santanyi.net\/ca\/property\/precioso-solar-urbano-para-construir-4-viviendas-en-llombards\/\" role=\"link\">PRECIOSO SOLAR URBANO PARA CONSTRUIR 4 VIVIENDAS EN LlOMBARDS<\/a>\r\n<\/h2><!-- item-title -->\t\t\t\t<div class=\"item-v5-price mb-1\">\r\n\t\t\t\t\t 395.000\u20ac\t\t\t\t<\/div>\r\n\t\t\t\t\t\t\t\t<div class=\"item-v5-type d-flex flex-grow-1 text-center mb-3\">\r\n\t\t\t\t\tSolar\t\t\t\t<\/div>\r\n\t\t\t\t\t\t\t\t<ul class=\"item-amenities item-amenities-with-icons d-flex flex-wrap align-items-center gap-2 justify-content-center\" role=\"list\">\r\n\t<li class=\"h-area d-flex align-items-center me-1\"><i class=\"houzez-icon icon-ruler-triangle me-2\"><\/i><span class=\"hz-figure me-1\">400<\/span> <span class=\"hz-figure area_postfix\">m2<\/span><\/li>\t\r\n\t\r\n\t\r\n<\/ul>\r\n\r\n<div class=\"property_ref_bottom\" style=\"display:none\">\r\n\tDRAC-UR2048GE<\/div>\r\n\r\n\r\n\r\n\r\n\r\n\r\n \r\n \t\t\t<\/div>\r\n\t\t<\/div>\r\n\t<\/div>\r\n<\/div><div class=\"item-listing-wrap hz-item-gallery-js item-wrap-v5 hz-map-trigger\" data-hz-id=\"194296\" \r\n\r\ndata-images=\"[{&quot;0&quot;:[],&quot;image&quot;:&quot;https:\\\/\\\/fotos15.inmovilla.com\\\/12732\\\/24621059\\\/6-1.jpg&quot;,&quot;alt&quot;:&quot;&quot;,&quot;width&quot;:592,&quot;height&quot;:444},{&quot;0&quot;:[],&quot;image&quot;:&quot;https:\\\/\\\/fotos15.inmovilla.com\\\/12732\\\/24621059\\\/6-2.jpg&quot;,&quot;alt&quot;:&quot;&quot;,&quot;width&quot;:592,&quot;height&quot;:444,&quot;1&quot;:[]},{&quot;0&quot;:[],&quot;image&quot;:&quot;https:\\\/\\\/fotos15.inmovilla.com\\\/12732\\\/24621059\\\/6-3.jpg&quot;,&quot;alt&quot;:&quot;&quot;,&quot;width&quot;:592,&quot;height&quot;:444,&quot;1&quot;:[],&quot;2&quot;:[]},{&quot;0&quot;:[],&quot;image&quot;:&quot;https:\\\/\\\/fotos15.inmovilla.com\\\/12732\\\/24621059\\\/6-4.jpg&quot;,&quot;alt&quot;:&quot;&quot;,&quot;width&quot;:592,&quot;height&quot;:444,&quot;1&quot;:[],&quot;2&quot;:[],&quot;3&quot;:[]},{&quot;0&quot;:[],&quot;image&quot;:&quot;https:\\\/\\\/fotos15.inmovilla.com\\\/12732\\\/24621059\\\/6-5.jpg&quot;,&quot;alt&quot;:&quot;&quot;,&quot;width&quot;:592,&quot;height&quot;:444,&quot;1&quot;:[],&quot;2&quot;:[],&quot;3&quot;:[],&quot;4&quot;:[]},{&quot;0&quot;:[],&quot;image&quot;:&quot;https:\\\/\\\/fotos15.inmovilla.com\\\/12732\\\/24621059\\\/6-6.jpg&quot;,&quot;alt&quot;:&quot;&quot;,&quot;width&quot;:592,&quot;height&quot;:444,&quot;1&quot;:[],&quot;2&quot;:[],&quot;3&quot;:[],&quot;4&quot;:[],&quot;5&quot;:[]},{&quot;0&quot;:[],&quot;image&quot;:&quot;https:\\\/\\\/fotos15.inmovilla.com\\\/12732\\\/24621059\\\/6-7.jpg&quot;,&quot;alt&quot;:&quot;&quot;,&quot;width&quot;:592,&quot;height&quot;:444,&quot;1&quot;:[],&quot;2&quot;:[],&quot;3&quot;:[],&quot;4&quot;:[],&quot;5&quot;:[],&quot;6&quot;:[]},{&quot;0&quot;:[],&quot;image&quot;:&quot;https:\\\/\\\/fotos15.inmovilla.com\\\/12732\\\/24621059\\\/6-8.jpg&quot;,&quot;alt&quot;:&quot;&quot;,&quot;width&quot;:592,&quot;height&quot;:444,&quot;1&quot;:[],&quot;2&quot;:[],&quot;3&quot;:[],&quot;4&quot;:[],&quot;5&quot;:[],&quot;6&quot;:[],&quot;7&quot;:[]},{&quot;0&quot;:[],&quot;image&quot;:&quot;https:\\\/\\\/fotos15.inmovilla.com\\\/12732\\\/24621059\\\/6-9.jpg&quot;,&quot;alt&quot;:&quot;&quot;,&quot;width&quot;:592,&quot;height&quot;:444,&quot;1&quot;:[],&quot;2&quot;:[],&quot;3&quot;:[],&quot;4&quot;:[],&quot;5&quot;:[],&quot;6&quot;:[],&quot;7&quot;:[],&quot;8&quot;:[]},{&quot;0&quot;:[],&quot;image&quot;:&quot;https:\\\/\\\/fotos15.inmovilla.com\\\/12732\\\/24621059\\\/6-10.jpg&quot;,&quot;alt&quot;:&quot;&quot;,&quot;width&quot;:592,&quot;height&quot;:444,&quot;1&quot;:[],&quot;2&quot;:[],&quot;3&quot;:[],&quot;4&quot;:[],&quot;5&quot;:[],&quot;6&quot;:[],&quot;7&quot;:[],&quot;8&quot;:[],&quot;9&quot;:[]}]\">\r\n\t<div class=\"item-wrap h-100\">\r\n\t\t<div class=\"d-flex flex-column align-items-center h-100\">\r\n\t\t\t<div class=\"item-header\">\r\n\t\t\t\t<span class=\"label-featured label me-1 \" role=\"status\">Destacat<\/span>\t\t\t\t<div class=\"labels-wrap d-flex align-items-center gap-1\" role=\"group\"> \r\n\r\n\t<a href=\"https:\/\/www.santanyi.net\/status\/venta\/\" class=\"label-status label status-color-2096\">\r\n\t\t\t\t\tComprar\r\n\t\t\t\t<\/a><a href=\"https:\/\/www.santanyi.net\/ca\/status\/venta-ca\/\" class=\"label-status label status-color-2103\">\r\n\t\t\t\t\tComprar\r\n\t\t\t\t<\/a>       \r\n\r\n<\/div>\r\n\t\t\t\t<ul class=\"item-tools d-flex align-items-center justify-content-center gap-1\">\r\n        <li class=\"item-tool item-preview\">\r\n        <span class=\"hz-show-lightbox-js item-tool-preview text-center\" data-listid=\"194296\">\r\n            <span data-bs-toggle=\"tooltip\" data-bs-placement=\"top\" title=\"Vista pr\u00e8via\">\r\n                <i class=\"houzez-icon icon-expand-3\"><\/i>   \r\n            <\/span>\r\n        <\/span><!-- item-tool-favorite -->\r\n    <\/li><!-- item-tool -->\r\n        \r\n        <li class=\"item-tool item-favorite\">\r\n        <span class=\"add-favorite-js item-tool-favorite text-center\" data-bs-toggle=\"tooltip\" data-bs-placement=\"top\" title=\"Preferit\" data-listid=\"194296\">\r\n            <i class=\"houzez-icon icon-love-it \"><\/i>\r\n        <\/span><!-- item-tool-favorite -->\r\n    <\/li><!-- item-tool -->\r\n    \r\n        <li class=\"item-tool item-compare\">\r\n        <span class=\"houzez_compare compare-194296 item-tool-compare text-center\" data-bs-toggle=\"tooltip\" data-bs-placement=\"top\" title=\"Afegir per comparar\" data-listing_id=\"194296\" data-listing_image=\"https:\/\/www.santanyi.net\/wp-content\/uploads\/anaconda_property_media\/24621059-194290\/6-1-584x438.jpg\">\r\n            <i class=\"houzez-icon icon-add-circle\"><\/i>\r\n            <!-- <i class=\"houzez-icon icon-subtract-circle\"><\/i> -->\r\n        <\/span><!-- item-tool-compare -->\r\n    <\/li><!-- item-tool -->\r\n    <\/ul><!-- item-tools -->\r\n\t\t\t\t<div class=\"listing-image-wrap\">\r\n\t<div class=\"listing-thumb\">\r\n\t\t<a target=\"_self\" href=\"https:\/\/www.santanyi.net\/ca\/property\/gran-solar-urba-a-prop-de-samarador-amb-projecte-i-llicencia\/\" class=\"listing-featured-thumb hover-effect image-wrap\" role=\"link\">\r\n\t\t\t<img loading=\"lazy\" decoding=\"async\" width=\"584\" height=\"438\" src=\"https:\/\/www.santanyi.net\/wp-content\/uploads\/anaconda_property_media\/24621059-194290\/6-1-584x438.jpg\" class=\"img-fluid wp-post-image\" alt=\"\" \/>\t\t<\/a><!-- hover-effect -->\r\n\t<\/div>\r\n<\/div>\t\t\t\t<div class=\"preview_loader\"><\/div>\r\n\t\t\t<\/div>\r\n\t\t\t<div class=\"item-body w-100 d-flex flex-column flex-fill align-items-center\">\r\n\t\t\t\t<h2 class=\"item-title mb-2 \">\r\n\t<a target=\"_self\" href=\"https:\/\/www.santanyi.net\/ca\/property\/gran-solar-urba-a-prop-de-samarador-amb-projecte-i-llicencia\/\" role=\"link\">Gran solar urb\u00e0 a prop de s&#8217;Amarador amb projecte i llic\u00e8ncia<\/a>\r\n<\/h2><!-- item-title -->\t\t\t\t<div class=\"item-v5-price mb-1\">\r\n\t\t\t\t\t 690.000\u20ac\t\t\t\t<\/div>\r\n\t\t\t\t\t\t\t\t<div class=\"item-v5-type d-flex flex-grow-1 text-center mb-3\">\r\n\t\t\t\t\tSolar\t\t\t\t<\/div>\r\n\t\t\t\t\t\t\t\t<ul class=\"item-amenities item-amenities-with-icons d-flex flex-wrap align-items-center gap-2 justify-content-center\" role=\"list\">\r\n\t<li class=\"h-area d-flex align-items-center me-1\"><i class=\"houzez-icon icon-ruler-triangle me-2\"><\/i><span class=\"hz-figure me-1\">760<\/span> <span class=\"hz-figure area_postfix\">m2<\/span><\/li>\t\r\n\t\r\n\t\r\n<\/ul>\r\n\r\n<div class=\"property_ref_bottom\" style=\"display:none\">\r\n\tDRAC-UR2043AD<\/div>\r\n\r\n\r\n\r\n\r\n\r\n\r\n \r\n \t\t\t<\/div>\r\n\t\t<\/div>\r\n\t<\/div>\r\n<\/div>        <\/div><!-- listing-view -->\r\n\r\n                <div id=\"fave-pagination-loadmore\" class=\"load-more-wrap mb-4 fave-load-more\">\r\n            <a class=\"btn btn-load-more btn-primary-outlined\"\r\n               data-pagination_type=\"loadmore\"\r\n               data-paged=\"2\" \r\n               data-posts_limit=\"9\" \r\n               data-card=\"v5\" \r\n               data-property_type=\"solar\" data-property_status=\"\" data-property_country=\"\" data-property_state=\"\" data-property_city=\"\" data-property_area=\"\" data-property_label=\"\" data-property_ids=\"\" data-property_id=\"\" data-houzez_user_role=\"\" data-featured_prop=\"\" data-sort_by=\"\" data-offset=\"\" data-post_status=\"all\" data-min_price=\"\" data-max_price=\"\" data-min_beds=\"\" data-max_beds=\"\" data-min_baths=\"\" data-max_baths=\"\" data-properties_by_agents=\"\" data-properties_by_agencies=\"\" data-hide_date=\"1\" data-nav_position=\"\"             >\r\n            <span class=\"houzez-loader-js houzez-hidden spinner-border spinner-border-sm\" aria-hidden=\"true\"><\/span>Load More \r\n            <\/a>\r\n        <\/div>\r\n            <\/div><!-- property-grid-module -->\r\n    \t\t\t\t<\/div>\n\t\t\t\t<\/div>\n\t\t\t\t<\/div>\n\t\t\t\t<\/div>\n\t\t","protected":false},"excerpt":{"rendered":"<p>Prev Next Localitat LocalitatCala MillorCamposCol\u00f2nia de Sant JordiFelanitxLlucmajorManacorMontu\u00efriPalma de MallorcaPollen\u00e7aPortocolomSantany\u00edSes SalinesVilafranca de Bonany Tipus Apartamentos \/ Pisos &#8211; Apartamento &#8211; D\u00faplex &#8211; Piso &#8211; Planta bajaCasas\/Chalets &#8211; Adosado &#8211; Casa &#8211; Casa de campo &#8211; Casa de Pueblo &#8211; ChaletNegocios &#8211; Edificio &#8211; Local comercialParcelaSolarTerrenos &#8211; Terreno rural &#8211; Terreno urbanizableVilla de Lujo Estat AlquilarBuen [&hellip;]<\/p>\n","protected":false},"author":4,"featured_media":3511,"parent":3661,"menu_order":0,"comment_status":"closed","ping_status":"closed","template":"elementor_header_footer","meta":{"_acf_changed":false,"_joinchat":[],"footnotes":""},"class_list":["post-8109","page","type-page","status-publish","has-post-thumbnail","hentry"],"acf":[],"yoast_head":"<!-- This site is optimized with the Yoast SEO plugin v27.5 - https:\/\/yoast.com\/product\/yoast-seo-wordpress\/ -->\n<title>Solars urbans a Mallorca | REMAX Drac<\/title>\n<meta name=\"description\" content=\"Troba solars urbans a Mallorca. Terrenys i parcel\u00b7les urbanes edificables a Santany\u00ed i rodalies per construir la casa dels teus somnis\" \/>\n<meta name=\"robots\" content=\"index, follow, max-snippet:-1, max-image-preview:large, max-video-preview:-1\" \/>\n<link rel=\"canonical\" href=\"https:\/\/www.santanyi.net\/ca\/comprar\/solars\/\" \/>\n<meta property=\"og:locale\" content=\"ca_ES\" \/>\n<meta property=\"og:type\" content=\"article\" \/>\n<meta property=\"og:title\" content=\"Solars urbans a Mallorca | REMAX Drac\" \/>\n<meta property=\"og:description\" content=\"Troba solars urbans a Mallorca. Terrenys i parcel\u00b7les urbanes edificables a Santany\u00ed i rodalies per construir la casa dels teus somnis\" \/>\n<meta property=\"og:url\" content=\"https:\/\/www.santanyi.net\/ca\/comprar\/solars\/\" \/>\n<meta property=\"og:site_name\" content=\"RE\/MAX Drac\" \/>\n<meta property=\"article:modified_time\" content=\"2025-11-19T11:34:08+00:00\" \/>\n<meta property=\"og:image\" content=\"https:\/\/www.santanyi.net\/wp-content\/uploads\/2025\/07\/HOME_Cat_Terreno.jpg\" \/>\n\t<meta property=\"og:image:width\" content=\"1200\" \/>\n\t<meta property=\"og:image:height\" content=\"807\" \/>\n\t<meta property=\"og:image:type\" content=\"image\/jpeg\" \/>\n<meta name=\"twitter:card\" content=\"summary_large_image\" \/>\n<meta name=\"twitter:label1\" content=\"Temps estimat de lectura\" \/>\n\t<meta name=\"twitter:data1\" content=\"1 minut\" \/>\n<script type=\"application\/ld+json\" class=\"yoast-schema-graph\">{\"@context\":\"https:\\\/\\\/schema.org\",\"@graph\":[{\"@type\":\"WebPage\",\"@id\":\"https:\\\/\\\/www.santanyi.net\\\/ca\\\/comprar\\\/solars\\\/\",\"url\":\"https:\\\/\\\/www.santanyi.net\\\/ca\\\/comprar\\\/solars\\\/\",\"name\":\"Solars urbans a Mallorca | REMAX Drac\",\"isPartOf\":{\"@id\":\"https:\\\/\\\/www.santanyi.net\\\/ca\\\/#website\"},\"primaryImageOfPage\":{\"@id\":\"https:\\\/\\\/www.santanyi.net\\\/ca\\\/comprar\\\/solars\\\/#primaryimage\"},\"image\":{\"@id\":\"https:\\\/\\\/www.santanyi.net\\\/ca\\\/comprar\\\/solars\\\/#primaryimage\"},\"thumbnailUrl\":\"https:\\\/\\\/www.santanyi.net\\\/wp-content\\\/uploads\\\/2025\\\/07\\\/HOME_Cat_Terreno.jpg\",\"datePublished\":\"2025-08-21T07:41:51+00:00\",\"dateModified\":\"2025-11-19T11:34:08+00:00\",\"description\":\"Troba solars urbans a Mallorca. Terrenys i parcel\u00b7les urbanes edificables a Santany\u00ed i rodalies per construir la casa dels teus somnis\",\"breadcrumb\":{\"@id\":\"https:\\\/\\\/www.santanyi.net\\\/ca\\\/comprar\\\/solars\\\/#breadcrumb\"},\"inLanguage\":\"ca\",\"potentialAction\":[{\"@type\":\"ReadAction\",\"target\":[\"https:\\\/\\\/www.santanyi.net\\\/ca\\\/comprar\\\/solars\\\/\"]}]},{\"@type\":\"ImageObject\",\"inLanguage\":\"ca\",\"@id\":\"https:\\\/\\\/www.santanyi.net\\\/ca\\\/comprar\\\/solars\\\/#primaryimage\",\"url\":\"https:\\\/\\\/www.santanyi.net\\\/wp-content\\\/uploads\\\/2025\\\/07\\\/HOME_Cat_Terreno.jpg\",\"contentUrl\":\"https:\\\/\\\/www.santanyi.net\\\/wp-content\\\/uploads\\\/2025\\\/07\\\/HOME_Cat_Terreno.jpg\",\"width\":1200,\"height\":807},{\"@type\":\"BreadcrumbList\",\"@id\":\"https:\\\/\\\/www.santanyi.net\\\/ca\\\/comprar\\\/solars\\\/#breadcrumb\",\"itemListElement\":[{\"@type\":\"ListItem\",\"position\":1,\"name\":\"Home\",\"item\":\"https:\\\/\\\/www.santanyi.net\\\/ca\\\/\"},{\"@type\":\"ListItem\",\"position\":2,\"name\":\"Comprar\",\"item\":\"https:\\\/\\\/www.santanyi.net\\\/ca\\\/comprar\\\/\"},{\"@type\":\"ListItem\",\"position\":3,\"name\":\"Solars Urbans\"}]},{\"@type\":\"WebSite\",\"@id\":\"https:\\\/\\\/www.santanyi.net\\\/ca\\\/#website\",\"url\":\"https:\\\/\\\/www.santanyi.net\\\/ca\\\/\",\"name\":\"RE\\\/MAX Drac\",\"description\":\"\",\"publisher\":{\"@id\":\"https:\\\/\\\/www.santanyi.net\\\/ca\\\/#organization\"},\"potentialAction\":[{\"@type\":\"SearchAction\",\"target\":{\"@type\":\"EntryPoint\",\"urlTemplate\":\"https:\\\/\\\/www.santanyi.net\\\/ca\\\/?s={search_term_string}\"},\"query-input\":{\"@type\":\"PropertyValueSpecification\",\"valueRequired\":true,\"valueName\":\"search_term_string\"}}],\"inLanguage\":\"ca\"},{\"@type\":\"Organization\",\"@id\":\"https:\\\/\\\/www.santanyi.net\\\/ca\\\/#organization\",\"name\":\"RE\\\/MAX Drac\",\"url\":\"https:\\\/\\\/www.santanyi.net\\\/ca\\\/\",\"logo\":{\"@type\":\"ImageObject\",\"inLanguage\":\"ca\",\"@id\":\"https:\\\/\\\/www.santanyi.net\\\/ca\\\/#\\\/schema\\\/logo\\\/image\\\/\",\"url\":\"https:\\\/\\\/www.santanyi.net\\\/wp-content\\\/uploads\\\/2025\\\/07\\\/logo-nuevo.png\",\"contentUrl\":\"https:\\\/\\\/www.santanyi.net\\\/wp-content\\\/uploads\\\/2025\\\/07\\\/logo-nuevo.png\",\"width\":295,\"height\":165,\"caption\":\"RE\\\/MAX Drac\"},\"image\":{\"@id\":\"https:\\\/\\\/www.santanyi.net\\\/ca\\\/#\\\/schema\\\/logo\\\/image\\\/\"}}]}<\/script>\n<!-- \/ Yoast SEO plugin. -->","yoast_head_json":{"title":"Solars urbans a Mallorca | REMAX Drac","description":"Troba solars urbans a Mallorca. Terrenys i parcel\u00b7les urbanes edificables a Santany\u00ed i rodalies per construir la casa dels teus somnis","robots":{"index":"index","follow":"follow","max-snippet":"max-snippet:-1","max-image-preview":"max-image-preview:large","max-video-preview":"max-video-preview:-1"},"canonical":"https:\/\/www.santanyi.net\/ca\/comprar\/solars\/","og_locale":"ca_ES","og_type":"article","og_title":"Solars urbans a Mallorca | REMAX Drac","og_description":"Troba solars urbans a Mallorca. Terrenys i parcel\u00b7les urbanes edificables a Santany\u00ed i rodalies per construir la casa dels teus somnis","og_url":"https:\/\/www.santanyi.net\/ca\/comprar\/solars\/","og_site_name":"RE\/MAX Drac","article_modified_time":"2025-11-19T11:34:08+00:00","og_image":[{"width":1200,"height":807,"url":"https:\/\/www.santanyi.net\/wp-content\/uploads\/2025\/07\/HOME_Cat_Terreno.jpg","type":"image\/jpeg"}],"twitter_card":"summary_large_image","twitter_misc":{"Temps estimat de lectura":"1 minut"},"schema":{"@context":"https:\/\/schema.org","@graph":[{"@type":"WebPage","@id":"https:\/\/www.santanyi.net\/ca\/comprar\/solars\/","url":"https:\/\/www.santanyi.net\/ca\/comprar\/solars\/","name":"Solars urbans a Mallorca | REMAX Drac","isPartOf":{"@id":"https:\/\/www.santanyi.net\/ca\/#website"},"primaryImageOfPage":{"@id":"https:\/\/www.santanyi.net\/ca\/comprar\/solars\/#primaryimage"},"image":{"@id":"https:\/\/www.santanyi.net\/ca\/comprar\/solars\/#primaryimage"},"thumbnailUrl":"https:\/\/www.santanyi.net\/wp-content\/uploads\/2025\/07\/HOME_Cat_Terreno.jpg","datePublished":"2025-08-21T07:41:51+00:00","dateModified":"2025-11-19T11:34:08+00:00","description":"Troba solars urbans a Mallorca. Terrenys i parcel\u00b7les urbanes edificables a Santany\u00ed i rodalies per construir la casa dels teus somnis","breadcrumb":{"@id":"https:\/\/www.santanyi.net\/ca\/comprar\/solars\/#breadcrumb"},"inLanguage":"ca","potentialAction":[{"@type":"ReadAction","target":["https:\/\/www.santanyi.net\/ca\/comprar\/solars\/"]}]},{"@type":"ImageObject","inLanguage":"ca","@id":"https:\/\/www.santanyi.net\/ca\/comprar\/solars\/#primaryimage","url":"https:\/\/www.santanyi.net\/wp-content\/uploads\/2025\/07\/HOME_Cat_Terreno.jpg","contentUrl":"https:\/\/www.santanyi.net\/wp-content\/uploads\/2025\/07\/HOME_Cat_Terreno.jpg","width":1200,"height":807},{"@type":"BreadcrumbList","@id":"https:\/\/www.santanyi.net\/ca\/comprar\/solars\/#breadcrumb","itemListElement":[{"@type":"ListItem","position":1,"name":"Home","item":"https:\/\/www.santanyi.net\/ca\/"},{"@type":"ListItem","position":2,"name":"Comprar","item":"https:\/\/www.santanyi.net\/ca\/comprar\/"},{"@type":"ListItem","position":3,"name":"Solars Urbans"}]},{"@type":"WebSite","@id":"https:\/\/www.santanyi.net\/ca\/#website","url":"https:\/\/www.santanyi.net\/ca\/","name":"RE\/MAX Drac","description":"","publisher":{"@id":"https:\/\/www.santanyi.net\/ca\/#organization"},"potentialAction":[{"@type":"SearchAction","target":{"@type":"EntryPoint","urlTemplate":"https:\/\/www.santanyi.net\/ca\/?s={search_term_string}"},"query-input":{"@type":"PropertyValueSpecification","valueRequired":true,"valueName":"search_term_string"}}],"inLanguage":"ca"},{"@type":"Organization","@id":"https:\/\/www.santanyi.net\/ca\/#organization","name":"RE\/MAX Drac","url":"https:\/\/www.santanyi.net\/ca\/","logo":{"@type":"ImageObject","inLanguage":"ca","@id":"https:\/\/www.santanyi.net\/ca\/#\/schema\/logo\/image\/","url":"https:\/\/www.santanyi.net\/wp-content\/uploads\/2025\/07\/logo-nuevo.png","contentUrl":"https:\/\/www.santanyi.net\/wp-content\/uploads\/2025\/07\/logo-nuevo.png","width":295,"height":165,"caption":"RE\/MAX Drac"},"image":{"@id":"https:\/\/www.santanyi.net\/ca\/#\/schema\/logo\/image\/"}}]}},"_links":{"self":[{"href":"https:\/\/www.santanyi.net\/ca\/wp-json\/wp\/v2\/pages\/8109","targetHints":{"allow":["GET"]}}],"collection":[{"href":"https:\/\/www.santanyi.net\/ca\/wp-json\/wp\/v2\/pages"}],"about":[{"href":"https:\/\/www.santanyi.net\/ca\/wp-json\/wp\/v2\/types\/page"}],"author":[{"embeddable":true,"href":"https:\/\/www.santanyi.net\/ca\/wp-json\/wp\/v2\/users\/4"}],"replies":[{"embeddable":true,"href":"https:\/\/www.santanyi.net\/ca\/wp-json\/wp\/v2\/comments?post=8109"}],"version-history":[{"count":0,"href":"https:\/\/www.santanyi.net\/ca\/wp-json\/wp\/v2\/pages\/8109\/revisions"}],"up":[{"embeddable":true,"href":"https:\/\/www.santanyi.net\/ca\/wp-json\/wp\/v2\/pages\/3661"}],"wp:featuredmedia":[{"embeddable":true,"href":"https:\/\/www.santanyi.net\/ca\/wp-json\/wp\/v2\/media\/3511"}],"wp:attachment":[{"href":"https:\/\/www.santanyi.net\/ca\/wp-json\/wp\/v2\/media?parent=8109"}],"curies":[{"name":"wp","href":"https:\/\/api.w.org\/{rel}","templated":true}]}}